{"version":"1.0","provider_name":"Action Project","provider_url":"https:\/\/www.actionproject.es\/en_gb","title":"Relevo generacional de \u00e9xito al profesionalizar la empresa - Action Project","type":"rich","width":600,"height":338,"html":"<blockquote class=\"wp-embedded-content\" data-secret=\"Iw43lITN3G\"><a href=\"https:\/\/www.actionproject.es\/en_gb\/blog\/relevo-generacional-profesionalizar-empresa\/\">Relevo generacional de \u00e9xito al profesionalizar la empresa<\/a><\/blockquote><iframe sandbox=\"allow-scripts\" security=\"restricted\" src=\"https:\/\/www.actionproject.es\/en_gb\/blog\/relevo-generacional-profesionalizar-empresa\/embed\/#?secret=Iw43lITN3G\" width=\"600\" height=\"338\" title=\"&#8220;Relevo generacional de \u00e9xito al profesionalizar la empresa&#8221; &#8212; Action Project\" data-secret=\"Iw43lITN3G\" frameborder=\"0\" marginwidth=\"0\" marginheight=\"0\" scrolling=\"no\" class=\"wp-embedded-content\"><\/iframe><script>\n\/*! This file is auto-generated *\/\n!function(d,l){\"use strict\";l.querySelector&&d.addEventListener&&\"undefined\"!=typeof URL&&(d.wp=d.wp||{},d.wp.receiveEmbedMessage||(d.wp.receiveEmbedMessage=function(e){var t=e.data;if((t||t.secret||t.message||t.value)&&!\/[^a-zA-Z0-9]\/.test(t.secret)){for(var s,r,n,a=l.querySelectorAll('iframe[data-secret=\"'+t.secret+'\"]'),o=l.querySelectorAll('blockquote[data-secret=\"'+t.secret+'\"]'),c=new RegExp(\"^https?:$\",\"i\"),i=0;i<o.length;i++)o[i].style.display=\"none\";for(i=0;i<a.length;i++)s=a[i],e.source===s.contentWindow&&(s.removeAttribute(\"style\"),\"height\"===t.message?(1e3<(r=parseInt(t.value,10))?r=1e3:~~r<200&&(r=200),s.height=r):\"link\"===t.message&&(r=new URL(s.getAttribute(\"src\")),n=new URL(t.value),c.test(n.protocol))&&n.host===r.host&&l.activeElement===s&&(d.top.location.href=t.value))}},d.addEventListener(\"message\",d.wp.receiveEmbedMessage,!1),l.addEventListener(\"DOMContentLoaded\",function(){for(var e,t,s=l.querySelectorAll(\"iframe.wp-embedded-content\"),r=0;r<s.length;r++)(t=(e=s[r]).getAttribute(\"data-secret\"))||(t=Math.random().toString(36).substring(2,12),e.src+=\"#?secret=\"+t,e.setAttribute(\"data-secret\",t)),e.contentWindow.postMessage({message:\"ready\",secret:t},\"*\")},!1)))}(window,document);\n\/\/# sourceURL=https:\/\/www.actionproject.es\/wp-includes\/js\/wp-embed.min.js\n<\/script>","thumbnail_url":"https:\/\/www.actionproject.es\/wp-content\/uploads\/2025\/07\/relevo-generacional-empresa.jpg","thumbnail_width":1200,"thumbnail_height":800,"description":"El relevo generacional de una empresa, en ocasiones, es un cambio forzoso y, en otras, una previsi\u00f3n necesaria del cambio. En cualquier caso, es importante que el negocio haya trabajado en la profesionalizaci\u00f3n empresarial para alcanzar el \u00e9xito en esta sucesi\u00f3n de empresa."}