{"id":153,"date":"2025-01-29T09:36:57","date_gmt":"2025-01-29T08:36:57","guid":{"rendered":"https:\/\/jumpers.work\/actionproject\/?page_id=153"},"modified":"2026-04-01T09:01:19","modified_gmt":"2026-04-01T07:01:19","slug":"blog","status":"publish","type":"page","link":"https:\/\/www.actionproject.es\/en_gb\/blog\/","title":{"rendered":"Blog"},"content":{"rendered":"<div data-elementor-type=\"wp-page\" data-elementor-id=\"153\" class=\"elementor elementor-153\" data-elementor-post-type=\"page\">\n\t\t\t\t<div class=\"elementor-element elementor-element-a2c2e4f e-con-full e-flex e-con e-parent\" data-id=\"a2c2e4f\" data-element_type=\"container\" data-e-type=\"container\" data-settings=\"{&quot;background_background&quot;:&quot;classic&quot;}\">\n\t\t<div class=\"elementor-element elementor-element-06624c0 e-con-full e-flex e-con e-child\" data-id=\"06624c0\" data-element_type=\"container\" data-e-type=\"container\" data-settings=\"{&quot;background_background&quot;:&quot;classic&quot;}\">\n\t\t\t\t<div class=\"elementor-element elementor-element-b785654 elementor-widget elementor-widget-heading\" data-id=\"b785654\" data-element_type=\"widget\" data-e-type=\"widget\" data-widget_type=\"heading.default\">\n\t\t\t\t<div class=\"elementor-widget-container\">\n\t\t\t\t\t<h2 class=\"elementor-heading-title elementor-size-default\">Blog<\/h2>\t\t\t\t<\/div>\n\t\t\t\t<\/div>\n\t\t\t\t<\/div>\n\t\t\t\t<\/div>\n\t\t<div class=\"elementor-element elementor-element-4e0b91f elementor-hidden-tablet elementor-hidden-mobile e-flex e-con-boxed e-con e-parent\" data-id=\"4e0b91f\" data-element_type=\"container\" data-e-type=\"container\">\n\t\t\t\t\t<div class=\"e-con-inner\">\n\t\t<div class=\"elementor-element elementor-element-a188ac1 e-con-full e-flex e-con e-child\" data-id=\"a188ac1\" data-element_type=\"container\" data-e-type=\"container\">\n\t\t\t\t<div class=\"elementor-element elementor-element-888e54f elementor-grid-3 elementor-grid-tablet-2 elementor-grid-mobile-1 elementor-posts--thumbnail-top elementor-card-shadow-yes elementor-posts__hover-gradient elementor-widget elementor-widget-posts\" data-id=\"888e54f\" data-element_type=\"widget\" data-e-type=\"widget\" data-settings=\"{&quot;cards_row_gap&quot;:{&quot;unit&quot;:&quot;px&quot;,&quot;size&quot;:10,&quot;sizes&quot;:[]},&quot;cards_columns&quot;:&quot;3&quot;,&quot;cards_columns_tablet&quot;:&quot;2&quot;,&quot;cards_columns_mobile&quot;:&quot;1&quot;,&quot;cards_row_gap_tablet&quot;:{&quot;unit&quot;:&quot;px&quot;,&quot;size&quot;:&quot;&quot;,&quot;sizes&quot;:[]},&quot;cards_row_gap_mobile&quot;:{&quot;unit&quot;:&quot;px&quot;,&quot;size&quot;:&quot;&quot;,&quot;sizes&quot;:[]}}\" data-widget_type=\"posts.cards\">\n\t\t\t\t<div class=\"elementor-widget-container\">\n\t\t\t\t\t\t\t<div class=\"elementor-posts-container elementor-posts elementor-posts--skin-cards elementor-grid\" role=\"list\">\n\t\t\t\t<article class=\"elementor-post elementor-grid-item post-2189 post type-post status-publish format-standard has-post-thumbnail hentry category-estrategia-empresarial tag-acompanamiento-directivo tag-consultoria-estrategica tag-crecimiento-sostenible tag-direccion-por-objetivos tag-gestion-de-proyectos tag-gestion-empresarial tag-ionproject tag-kpi tag-liderazgo tag-productividad tag-profesionalizacion tag-pyme tag-resultados\" role=\"listitem\">\n\t\t\t<div class=\"elementor-post__card\">\n\t\t\t\t<a class=\"elementor-post__thumbnail__link\" href=\"https:\/\/www.actionproject.es\/en_gb\/blog\/siete-anos-construyendo-empresas-mas-solidas-el-camino-de-actionproject\/\" tabindex=\"-1\" ><div class=\"elementor-post__thumbnail\"><img fetchpriority=\"high\" decoding=\"async\" width=\"1920\" height=\"1080\" src=\"https:\/\/www.actionproject.es\/wp-content\/uploads\/2025\/12\/Siete-anos-construyendo-empresas.png\" class=\"attachment-full size-full wp-image-2190\" alt=\"\" srcset=\"https:\/\/www.actionproject.es\/wp-content\/uploads\/2025\/12\/Siete-anos-construyendo-empresas.png 1920w, https:\/\/www.actionproject.es\/wp-content\/uploads\/2025\/12\/Siete-anos-construyendo-empresas-300x169.png 300w, https:\/\/www.actionproject.es\/wp-content\/uploads\/2025\/12\/Siete-anos-construyendo-empresas-1024x576.png 1024w, https:\/\/www.actionproject.es\/wp-content\/uploads\/2025\/12\/Siete-anos-construyendo-empresas-768x432.png 768w, https:\/\/www.actionproject.es\/wp-content\/uploads\/2025\/12\/Siete-anos-construyendo-empresas-1536x864.png 1536w, https:\/\/www.actionproject.es\/wp-content\/uploads\/2025\/12\/Siete-anos-construyendo-empresas-18x10.png 18w\" sizes=\"(max-width: 1920px) 100vw, 1920px\" \/><\/div><\/a>\n\t\t\t\t<div class=\"elementor-post__badge\">Business strategy<\/div>\n\t\t\t\t<div class=\"elementor-post__text\">\n\t\t\t\t<h3 class=\"elementor-post__title\">\n\t\t\t<a href=\"https:\/\/www.actionproject.es\/en_gb\/blog\/siete-anos-construyendo-empresas-mas-solidas-el-camino-de-actionproject\/\" >\n\t\t\t\tActionProject, Consultor\u00eda de empresas en Sevilla: Lo que aprendimos tras 7 a\u00f1os impulsando PYMEs\t\t\t<\/a>\n\t\t<\/h3>\n\t\t\n\t\t<a class=\"elementor-post__read-more\" href=\"https:\/\/www.actionproject.es\/en_gb\/blog\/siete-anos-construyendo-empresas-mas-solidas-el-camino-de-actionproject\/\" aria-label=\"Read more about ActionProject, Consultor\u00eda de empresas en Sevilla: Lo que aprendimos tras 7 a\u00f1os impulsando PYMEs\" tabindex=\"-1\" >\n\t\t\tRead more &#034;\t\t<\/a>\n\n\t\t\t\t<\/div>\n\t\t\t\t<div class=\"elementor-post__meta-data\">\n\t\t\t\t\t<span class=\"elementor-post-date\">\n\t\t\t2 de December de 2025\t\t<\/span>\n\t\t\t\t<\/div>\n\t\t\t\t\t<\/div>\n\t\t<\/article>\n\t\t\t\t<article class=\"elementor-post elementor-grid-item post-2619 post type-post status-publish format-standard has-post-thumbnail hentry category-estrategia-empresarial tag-clima-laboral tag-delegacion tag-desarrollo-directivo tag-gestion-de-personas tag-habilidades-directivas tag-liderazgo tag-motivacion-de-equipos tag-pyme tag-retencion-de-talento\" role=\"listitem\">\n\t\t\t<div class=\"elementor-post__card\">\n\t\t\t\t<a class=\"elementor-post__thumbnail__link\" href=\"https:\/\/www.actionproject.es\/en_gb\/blog\/liderazgo-que-inspira-motivar-equipo-pyme\/\" tabindex=\"-1\" ><div class=\"elementor-post__thumbnail\"><img decoding=\"async\" width=\"1920\" height=\"1080\" data-src=\"https:\/\/www.actionproject.es\/wp-content\/uploads\/2026\/04\/liderazgo-.jpg\" class=\"attachment-full size-full wp-image-2620 lazyload\" alt=\"\" data-srcset=\"https:\/\/www.actionproject.es\/wp-content\/uploads\/2026\/04\/liderazgo-.jpg 1920w, https:\/\/www.actionproject.es\/wp-content\/uploads\/2026\/04\/liderazgo--300x169.jpg 300w, https:\/\/www.actionproject.es\/wp-content\/uploads\/2026\/04\/liderazgo--1024x576.jpg 1024w, https:\/\/www.actionproject.es\/wp-content\/uploads\/2026\/04\/liderazgo--768x432.jpg 768w, https:\/\/www.actionproject.es\/wp-content\/uploads\/2026\/04\/liderazgo--1536x864.jpg 1536w, https:\/\/www.actionproject.es\/wp-content\/uploads\/2026\/04\/liderazgo--18x10.jpg 18w\" data-sizes=\"(max-width: 1920px) 100vw, 1920px\" src=\"data:image\/svg+xml;base64,PHN2ZyB3aWR0aD0iMSIgaGVpZ2h0PSIxIiB4bWxucz0iaHR0cDovL3d3dy53My5vcmcvMjAwMC9zdmciPjwvc3ZnPg==\" style=\"--smush-placeholder-width: 1920px; --smush-placeholder-aspect-ratio: 1920\/1080;\" \/><\/div><\/a>\n\t\t\t\t<div class=\"elementor-post__badge\">Business strategy<\/div>\n\t\t\t\t<div class=\"elementor-post__text\">\n\t\t\t\t<h3 class=\"elementor-post__title\">\n\t\t\t<a href=\"https:\/\/www.actionproject.es\/en_gb\/blog\/liderazgo-que-inspira-motivar-equipo-pyme\/\" >\n\t\t\t\tLiderazgo que inspira: c\u00f3mo lograr que tu equipo d\u00e9 lo mejor\t\t\t<\/a>\n\t\t<\/h3>\n\t\t\n\t\t<a class=\"elementor-post__read-more\" href=\"https:\/\/www.actionproject.es\/en_gb\/blog\/liderazgo-que-inspira-motivar-equipo-pyme\/\" aria-label=\"Read more about Liderazgo que inspira: c\u00f3mo lograr que tu equipo d\u00e9 lo mejor\" tabindex=\"-1\" >\n\t\t\tRead more &#034;\t\t<\/a>\n\n\t\t\t\t<\/div>\n\t\t\t\t<div class=\"elementor-post__meta-data\">\n\t\t\t\t\t<span class=\"elementor-post-date\">\n\t\t\t26 de April de 2026\t\t<\/span>\n\t\t\t\t<\/div>\n\t\t\t\t\t<\/div>\n\t\t<\/article>\n\t\t\t\t<article class=\"elementor-post elementor-grid-item post-2615 post type-post status-publish format-standard has-post-thumbnail hentry category-actualidad tag-automatizacion tag-consultoria-estrategica tag-digitalizacion tag-gestion-del-cambio tag-inteligencia-artificial tag-kpis tag-pyme tag-transformacion-digital\" role=\"listitem\">\n\t\t\t<div class=\"elementor-post__card\">\n\t\t\t\t<a class=\"elementor-post__thumbnail__link\" href=\"https:\/\/www.actionproject.es\/en_gb\/blog\/transformacion-digital-pyme-2026-por-donde-empezar\/\" tabindex=\"-1\" ><div class=\"elementor-post__thumbnail\"><img decoding=\"async\" width=\"1920\" height=\"1080\" data-src=\"https:\/\/www.actionproject.es\/wp-content\/uploads\/2026\/04\/transfor.jpg\" class=\"attachment-full size-full wp-image-2616 lazyload\" alt=\"\" data-srcset=\"https:\/\/www.actionproject.es\/wp-content\/uploads\/2026\/04\/transfor.jpg 1920w, https:\/\/www.actionproject.es\/wp-content\/uploads\/2026\/04\/transfor-300x169.jpg 300w, https:\/\/www.actionproject.es\/wp-content\/uploads\/2026\/04\/transfor-1024x576.jpg 1024w, https:\/\/www.actionproject.es\/wp-content\/uploads\/2026\/04\/transfor-768x432.jpg 768w, https:\/\/www.actionproject.es\/wp-content\/uploads\/2026\/04\/transfor-1536x864.jpg 1536w, https:\/\/www.actionproject.es\/wp-content\/uploads\/2026\/04\/transfor-18x10.jpg 18w\" data-sizes=\"(max-width: 1920px) 100vw, 1920px\" src=\"data:image\/svg+xml;base64,PHN2ZyB3aWR0aD0iMSIgaGVpZ2h0PSIxIiB4bWxucz0iaHR0cDovL3d3dy53My5vcmcvMjAwMC9zdmciPjwvc3ZnPg==\" style=\"--smush-placeholder-width: 1920px; --smush-placeholder-aspect-ratio: 1920\/1080;\" \/><\/div><\/a>\n\t\t\t\t<div class=\"elementor-post__badge\">Actualidad<\/div>\n\t\t\t\t<div class=\"elementor-post__text\">\n\t\t\t\t<h3 class=\"elementor-post__title\">\n\t\t\t<a href=\"https:\/\/www.actionproject.es\/en_gb\/blog\/transformacion-digital-pyme-2026-por-donde-empezar\/\" >\n\t\t\t\tTransformaci\u00f3n digital en 2026: Por d\u00f3nde empezar si eres una PYME\t\t\t<\/a>\n\t\t<\/h3>\n\t\t\n\t\t<a class=\"elementor-post__read-more\" href=\"https:\/\/www.actionproject.es\/en_gb\/blog\/transformacion-digital-pyme-2026-por-donde-empezar\/\" aria-label=\"Read more about Transformaci\u00f3n digital en 2026: Por d\u00f3nde empezar si eres una PYME\" tabindex=\"-1\" >\n\t\t\tRead more &#034;\t\t<\/a>\n\n\t\t\t\t<\/div>\n\t\t\t\t<div class=\"elementor-post__meta-data\">\n\t\t\t\t\t<span class=\"elementor-post-date\">\n\t\t\t25 de April de 2026\t\t<\/span>\n\t\t\t\t<\/div>\n\t\t\t\t\t<\/div>\n\t\t<\/article>\n\t\t\t\t<article class=\"elementor-post elementor-grid-item post-2454 post type-post status-publish format-standard has-post-thumbnail hentry category-estrategia-empresarial tag-asignacion-de-roles tag-conflictos-laborales tag-distribucion-de-tareas tag-gestion-de-equipos tag-liderazgo tag-organizacion-del-trabajo tag-productividad-pyme\" role=\"listitem\">\n\t\t\t<div class=\"elementor-post__card\">\n\t\t\t\t<a class=\"elementor-post__thumbnail__link\" href=\"https:\/\/www.actionproject.es\/en_gb\/blog\/asignar-roles-tareas-sin-conflictos-en-equipo\/\" tabindex=\"-1\" ><div class=\"elementor-post__thumbnail\"><img decoding=\"async\" width=\"1920\" height=\"1080\" data-src=\"https:\/\/www.actionproject.es\/wp-content\/uploads\/2026\/03\/roles-empresa.png\" class=\"attachment-full size-full wp-image-2455 lazyload\" alt=\"asignar roles y tareas sin conflictos\" data-srcset=\"https:\/\/www.actionproject.es\/wp-content\/uploads\/2026\/03\/roles-empresa.png 1920w, https:\/\/www.actionproject.es\/wp-content\/uploads\/2026\/03\/roles-empresa-300x169.png 300w, https:\/\/www.actionproject.es\/wp-content\/uploads\/2026\/03\/roles-empresa-1024x576.png 1024w, https:\/\/www.actionproject.es\/wp-content\/uploads\/2026\/03\/roles-empresa-768x432.png 768w, https:\/\/www.actionproject.es\/wp-content\/uploads\/2026\/03\/roles-empresa-1536x864.png 1536w, https:\/\/www.actionproject.es\/wp-content\/uploads\/2026\/03\/roles-empresa-18x10.png 18w\" data-sizes=\"(max-width: 1920px) 100vw, 1920px\" src=\"data:image\/svg+xml;base64,PHN2ZyB3aWR0aD0iMSIgaGVpZ2h0PSIxIiB4bWxucz0iaHR0cDovL3d3dy53My5vcmcvMjAwMC9zdmciPjwvc3ZnPg==\" style=\"--smush-placeholder-width: 1920px; --smush-placeholder-aspect-ratio: 1920\/1080;\" \/><\/div><\/a>\n\t\t\t\t<div class=\"elementor-post__badge\">Business strategy<\/div>\n\t\t\t\t<div class=\"elementor-post__text\">\n\t\t\t\t<h3 class=\"elementor-post__title\">\n\t\t\t<a href=\"https:\/\/www.actionproject.es\/en_gb\/blog\/asignar-roles-tareas-sin-conflictos-en-equipo\/\" >\n\t\t\t\tC\u00f3mo asignar roles y tareas sin generar conflictos internos en tu equipo\t\t\t<\/a>\n\t\t<\/h3>\n\t\t\n\t\t<a class=\"elementor-post__read-more\" href=\"https:\/\/www.actionproject.es\/en_gb\/blog\/asignar-roles-tareas-sin-conflictos-en-equipo\/\" aria-label=\"Read more about C\u00f3mo asignar roles y tareas sin generar conflictos internos en tu equipo\" tabindex=\"-1\" >\n\t\t\tRead more &#034;\t\t<\/a>\n\n\t\t\t\t<\/div>\n\t\t\t\t<div class=\"elementor-post__meta-data\">\n\t\t\t\t\t<span class=\"elementor-post-date\">\n\t\t\t28 de March de 2026\t\t<\/span>\n\t\t\t\t<\/div>\n\t\t\t\t\t<\/div>\n\t\t<\/article>\n\t\t\t\t<article class=\"elementor-post elementor-grid-item post-2451 post type-post status-publish format-standard has-post-thumbnail hentry category-sin-categoria tag-consultoria-de-empresa tag-consultoria-estrategica tag-direccion-estrategica tag-gestion-de-proyectos tag-gestion-empresarial tag-interim-management tag-interim-manager tag-liderazgo tag-pyme tag-transformacion-empresarial\" role=\"listitem\">\n\t\t\t<div class=\"elementor-post__card\">\n\t\t\t\t<a class=\"elementor-post__thumbnail__link\" href=\"https:\/\/www.actionproject.es\/en_gb\/blog\/interim-management-vs-consultoria-tradicional-pyme\/\" tabindex=\"-1\" ><div class=\"elementor-post__thumbnail\"><img decoding=\"async\" width=\"1920\" height=\"1080\" data-src=\"https:\/\/www.actionproject.es\/wp-content\/uploads\/2026\/03\/management.jpg\" class=\"attachment-full size-full wp-image-2445 lazyload\" alt=\"\" data-srcset=\"https:\/\/www.actionproject.es\/wp-content\/uploads\/2026\/03\/management.jpg 1920w, https:\/\/www.actionproject.es\/wp-content\/uploads\/2026\/03\/management-300x169.jpg 300w, https:\/\/www.actionproject.es\/wp-content\/uploads\/2026\/03\/management-1024x576.jpg 1024w, https:\/\/www.actionproject.es\/wp-content\/uploads\/2026\/03\/management-768x432.jpg 768w, https:\/\/www.actionproject.es\/wp-content\/uploads\/2026\/03\/management-1536x864.jpg 1536w, https:\/\/www.actionproject.es\/wp-content\/uploads\/2026\/03\/management-18x10.jpg 18w\" data-sizes=\"(max-width: 1920px) 100vw, 1920px\" src=\"data:image\/svg+xml;base64,PHN2ZyB3aWR0aD0iMSIgaGVpZ2h0PSIxIiB4bWxucz0iaHR0cDovL3d3dy53My5vcmcvMjAwMC9zdmciPjwvc3ZnPg==\" style=\"--smush-placeholder-width: 1920px; --smush-placeholder-aspect-ratio: 1920\/1080;\" \/><\/div><\/a>\n\t\t\t\t<div class=\"elementor-post__badge\">Without category<\/div>\n\t\t\t\t<div class=\"elementor-post__text\">\n\t\t\t\t<h3 class=\"elementor-post__title\">\n\t\t\t<a href=\"https:\/\/www.actionproject.es\/en_gb\/blog\/interim-management-vs-consultoria-tradicional-pyme\/\" >\n\t\t\t\tInterim Management vs Consultor\u00eda tradicional: Qu\u00e9 necesita realmente tu PYME\t\t\t<\/a>\n\t\t<\/h3>\n\t\t\n\t\t<a class=\"elementor-post__read-more\" href=\"https:\/\/www.actionproject.es\/en_gb\/blog\/interim-management-vs-consultoria-tradicional-pyme\/\" aria-label=\"Read more about Interim Management vs Consultor\u00eda tradicional: Qu\u00e9 necesita realmente tu PYME\" tabindex=\"-1\" >\n\t\t\tRead more &#034;\t\t<\/a>\n\n\t\t\t\t<\/div>\n\t\t\t\t<div class=\"elementor-post__meta-data\">\n\t\t\t\t\t<span class=\"elementor-post-date\">\n\t\t\t20 de March de 2026\t\t<\/span>\n\t\t\t\t<\/div>\n\t\t\t\t\t<\/div>\n\t\t<\/article>\n\t\t\t\t<article class=\"elementor-post elementor-grid-item post-2444 post type-post status-publish format-standard has-post-thumbnail hentry category-estrategia-empresarial tag-cultura-empresarial tag-desarrollo-profesional tag-gestion-de-equipos tag-gestion-empresarial tag-liderazgo tag-recursos-humanos-pyme tag-retencion-de-talento tag-rotacion-de-personal\" role=\"listitem\">\n\t\t\t<div class=\"elementor-post__card\">\n\t\t\t\t<a class=\"elementor-post__thumbnail__link\" href=\"https:\/\/www.actionproject.es\/en_gb\/blog\/como-retener-talento-pyme\/\" tabindex=\"-1\" ><div class=\"elementor-post__thumbnail\"><img decoding=\"async\" width=\"1920\" height=\"1080\" data-src=\"https:\/\/www.actionproject.es\/wp-content\/uploads\/2026\/03\/talento.jpg\" class=\"attachment-full size-full wp-image-2446 lazyload\" alt=\"\" data-srcset=\"https:\/\/www.actionproject.es\/wp-content\/uploads\/2026\/03\/talento.jpg 1920w, https:\/\/www.actionproject.es\/wp-content\/uploads\/2026\/03\/talento-300x169.jpg 300w, https:\/\/www.actionproject.es\/wp-content\/uploads\/2026\/03\/talento-1024x576.jpg 1024w, https:\/\/www.actionproject.es\/wp-content\/uploads\/2026\/03\/talento-768x432.jpg 768w, https:\/\/www.actionproject.es\/wp-content\/uploads\/2026\/03\/talento-1536x864.jpg 1536w, https:\/\/www.actionproject.es\/wp-content\/uploads\/2026\/03\/talento-18x10.jpg 18w\" data-sizes=\"(max-width: 1920px) 100vw, 1920px\" src=\"data:image\/svg+xml;base64,PHN2ZyB3aWR0aD0iMSIgaGVpZ2h0PSIxIiB4bWxucz0iaHR0cDovL3d3dy53My5vcmcvMjAwMC9zdmciPjwvc3ZnPg==\" style=\"--smush-placeholder-width: 1920px; --smush-placeholder-aspect-ratio: 1920\/1080;\" \/><\/div><\/a>\n\t\t\t\t<div class=\"elementor-post__badge\">Business strategy<\/div>\n\t\t\t\t<div class=\"elementor-post__text\">\n\t\t\t\t<h3 class=\"elementor-post__title\">\n\t\t\t<a href=\"https:\/\/www.actionproject.es\/en_gb\/blog\/como-retener-talento-pyme\/\" >\n\t\t\t\tC\u00f3mo retener talento en una PYME: estrategias m\u00e1s all\u00e1 del salario\t\t\t<\/a>\n\t\t<\/h3>\n\t\t\n\t\t<a class=\"elementor-post__read-more\" href=\"https:\/\/www.actionproject.es\/en_gb\/blog\/como-retener-talento-pyme\/\" aria-label=\"Read more about C\u00f3mo retener talento en una PYME: estrategias m\u00e1s all\u00e1 del salario\" tabindex=\"-1\" >\n\t\t\tRead more &#034;\t\t<\/a>\n\n\t\t\t\t<\/div>\n\t\t\t\t<div class=\"elementor-post__meta-data\">\n\t\t\t\t\t<span class=\"elementor-post-date\">\n\t\t\t20 de March de 2026\t\t<\/span>\n\t\t\t\t<\/div>\n\t\t\t\t\t<\/div>\n\t\t<\/article>\n\t\t\t\t<article class=\"elementor-post elementor-grid-item post-2391 post type-post status-publish format-standard has-post-thumbnail hentry category-estrategia-empresarial tag-consultoria-de-empresa tag-cultura-empresarial tag-direccion-estrategica tag-estrategia-empresarial tag-gestion-empresarial tag-identidad-corporativa tag-mision-empresarial tag-planificacion-estrategica tag-pyme tag-valores-empresariales\" role=\"listitem\">\n\t\t\t<div class=\"elementor-post__card\">\n\t\t\t\t<a class=\"elementor-post__thumbnail__link\" href=\"https:\/\/www.actionproject.es\/en_gb\/blog\/importancia-mision-empresarial\/\" tabindex=\"-1\" ><div class=\"elementor-post__thumbnail\"><img decoding=\"async\" width=\"1920\" height=\"1080\" data-src=\"https:\/\/www.actionproject.es\/wp-content\/uploads\/2026\/03\/brujula.png\" class=\"attachment-full size-full wp-image-2392 lazyload\" alt=\"\" data-srcset=\"https:\/\/www.actionproject.es\/wp-content\/uploads\/2026\/03\/brujula.png 1920w, https:\/\/www.actionproject.es\/wp-content\/uploads\/2026\/03\/brujula-300x169.png 300w, https:\/\/www.actionproject.es\/wp-content\/uploads\/2026\/03\/brujula-1024x576.png 1024w, https:\/\/www.actionproject.es\/wp-content\/uploads\/2026\/03\/brujula-768x432.png 768w, https:\/\/www.actionproject.es\/wp-content\/uploads\/2026\/03\/brujula-1536x864.png 1536w, https:\/\/www.actionproject.es\/wp-content\/uploads\/2026\/03\/brujula-18x10.png 18w\" data-sizes=\"(max-width: 1920px) 100vw, 1920px\" src=\"data:image\/svg+xml;base64,PHN2ZyB3aWR0aD0iMSIgaGVpZ2h0PSIxIiB4bWxucz0iaHR0cDovL3d3dy53My5vcmcvMjAwMC9zdmciPjwvc3ZnPg==\" style=\"--smush-placeholder-width: 1920px; --smush-placeholder-aspect-ratio: 1920\/1080;\" \/><\/div><\/a>\n\t\t\t\t<div class=\"elementor-post__badge\">Business strategy<\/div>\n\t\t\t\t<div class=\"elementor-post__text\">\n\t\t\t\t<h3 class=\"elementor-post__title\">\n\t\t\t<a href=\"https:\/\/www.actionproject.es\/en_gb\/blog\/importancia-mision-empresarial\/\" >\n\t\t\t\tPor qu\u00e9 una misi\u00f3n empresarial bien definida cambia el rumbo de tu empresa\t\t\t<\/a>\n\t\t<\/h3>\n\t\t\n\t\t<a class=\"elementor-post__read-more\" href=\"https:\/\/www.actionproject.es\/en_gb\/blog\/importancia-mision-empresarial\/\" aria-label=\"Read more about Por qu\u00e9 una misi\u00f3n empresarial bien definida cambia el rumbo de tu empresa\" tabindex=\"-1\" >\n\t\t\tRead more &#034;\t\t<\/a>\n\n\t\t\t\t<\/div>\n\t\t\t\t<div class=\"elementor-post__meta-data\">\n\t\t\t\t\t<span class=\"elementor-post-date\">\n\t\t\t6 de March de 2026\t\t<\/span>\n\t\t\t\t<\/div>\n\t\t\t\t\t<\/div>\n\t\t<\/article>\n\t\t\t\t<article class=\"elementor-post elementor-grid-item post-2387 post type-post status-publish format-standard has-post-thumbnail hentry category-estrategia-empresarial tag-consultoria tag-estrategia-comercial tag-flujo-de-caja tag-gestion-de-crisis tag-liderazgo-empresarial tag-negocio tag-pequena-empresa tag-pyme tag-reactivacion-comercial tag-ventas\" role=\"listitem\">\n\t\t\t<div class=\"elementor-post__card\">\n\t\t\t\t<a class=\"elementor-post__thumbnail__link\" href=\"https:\/\/www.actionproject.es\/en_gb\/blog\/que-hacer-cuando-bajan-las-ventas\/\" tabindex=\"-1\" ><div class=\"elementor-post__thumbnail\"><img decoding=\"async\" width=\"1920\" height=\"1080\" data-src=\"https:\/\/www.actionproject.es\/wp-content\/uploads\/2026\/02\/andslkfja.png\" class=\"attachment-full size-full wp-image-2388 lazyload\" alt=\"\" data-srcset=\"https:\/\/www.actionproject.es\/wp-content\/uploads\/2026\/02\/andslkfja.png 1920w, https:\/\/www.actionproject.es\/wp-content\/uploads\/2026\/02\/andslkfja-300x169.png 300w, https:\/\/www.actionproject.es\/wp-content\/uploads\/2026\/02\/andslkfja-1024x576.png 1024w, https:\/\/www.actionproject.es\/wp-content\/uploads\/2026\/02\/andslkfja-768x432.png 768w, https:\/\/www.actionproject.es\/wp-content\/uploads\/2026\/02\/andslkfja-1536x864.png 1536w, https:\/\/www.actionproject.es\/wp-content\/uploads\/2026\/02\/andslkfja-18x10.png 18w\" data-sizes=\"(max-width: 1920px) 100vw, 1920px\" src=\"data:image\/svg+xml;base64,PHN2ZyB3aWR0aD0iMSIgaGVpZ2h0PSIxIiB4bWxucz0iaHR0cDovL3d3dy53My5vcmcvMjAwMC9zdmciPjwvc3ZnPg==\" style=\"--smush-placeholder-width: 1920px; --smush-placeholder-aspect-ratio: 1920\/1080;\" \/><\/div><\/a>\n\t\t\t\t<div class=\"elementor-post__badge\">Business strategy<\/div>\n\t\t\t\t<div class=\"elementor-post__text\">\n\t\t\t\t<h3 class=\"elementor-post__title\">\n\t\t\t<a href=\"https:\/\/www.actionproject.es\/en_gb\/blog\/que-hacer-cuando-bajan-las-ventas\/\" >\n\t\t\t\tQu\u00e9 hacer cuando las ventas bajan: 5 acciones urgentes para reactivar ingresos\t\t\t<\/a>\n\t\t<\/h3>\n\t\t\n\t\t<a class=\"elementor-post__read-more\" href=\"https:\/\/www.actionproject.es\/en_gb\/blog\/que-hacer-cuando-bajan-las-ventas\/\" aria-label=\"Read more about Qu\u00e9 hacer cuando las ventas bajan: 5 acciones urgentes para reactivar ingresos\" tabindex=\"-1\" >\n\t\t\tRead more &#034;\t\t<\/a>\n\n\t\t\t\t<\/div>\n\t\t\t\t<div class=\"elementor-post__meta-data\">\n\t\t\t\t\t<span class=\"elementor-post-date\">\n\t\t\t27 de February de 2026\t\t<\/span>\n\t\t\t\t<\/div>\n\t\t\t\t\t<\/div>\n\t\t<\/article>\n\t\t\t\t<article class=\"elementor-post elementor-grid-item post-2384 post type-post status-publish format-standard has-post-thumbnail hentry category-estrategia-empresarial tag-actionproject tag-consultoria-de-negocio tag-crecimiento-empresarial tag-estrategia-de-negocio tag-gestion-empresarial tag-kpis tag-objetivos-estrategicos tag-planificacion-empresarial tag-pymes tag-revision-estrategica\" role=\"listitem\">\n\t\t\t<div class=\"elementor-post__card\">\n\t\t\t\t<a class=\"elementor-post__thumbnail__link\" href=\"https:\/\/www.actionproject.es\/en_gb\/blog\/revision-estrategia-negocio-plan-anual\/\" tabindex=\"-1\" ><div class=\"elementor-post__thumbnail\"><img decoding=\"async\" width=\"1920\" height=\"1080\" data-src=\"https:\/\/www.actionproject.es\/wp-content\/uploads\/2026\/02\/business-plan.png\" class=\"attachment-full size-full wp-image-2385 lazyload\" alt=\"\" data-srcset=\"https:\/\/www.actionproject.es\/wp-content\/uploads\/2026\/02\/business-plan.png 1920w, https:\/\/www.actionproject.es\/wp-content\/uploads\/2026\/02\/business-plan-300x169.png 300w, https:\/\/www.actionproject.es\/wp-content\/uploads\/2026\/02\/business-plan-1024x576.png 1024w, https:\/\/www.actionproject.es\/wp-content\/uploads\/2026\/02\/business-plan-768x432.png 768w, https:\/\/www.actionproject.es\/wp-content\/uploads\/2026\/02\/business-plan-1536x864.png 1536w, https:\/\/www.actionproject.es\/wp-content\/uploads\/2026\/02\/business-plan-18x10.png 18w\" data-sizes=\"(max-width: 1920px) 100vw, 1920px\" src=\"data:image\/svg+xml;base64,PHN2ZyB3aWR0aD0iMSIgaGVpZ2h0PSIxIiB4bWxucz0iaHR0cDovL3d3dy53My5vcmcvMjAwMC9zdmciPjwvc3ZnPg==\" style=\"--smush-placeholder-width: 1920px; --smush-placeholder-aspect-ratio: 1920\/1080;\" \/><\/div><\/a>\n\t\t\t\t<div class=\"elementor-post__badge\">Business strategy<\/div>\n\t\t\t\t<div class=\"elementor-post__text\">\n\t\t\t\t<h3 class=\"elementor-post__title\">\n\t\t\t<a href=\"https:\/\/www.actionproject.es\/en_gb\/blog\/revision-estrategia-negocio-plan-anual\/\" >\n\t\t\t\tEstrategia de negocio: c\u00f3mo saber si tu plan sigue siendo v\u00e1lido\t\t\t<\/a>\n\t\t<\/h3>\n\t\t\n\t\t<a class=\"elementor-post__read-more\" href=\"https:\/\/www.actionproject.es\/en_gb\/blog\/revision-estrategia-negocio-plan-anual\/\" aria-label=\"Read more about Estrategia de negocio: c\u00f3mo saber si tu plan sigue siendo v\u00e1lido\" tabindex=\"-1\" >\n\t\t\tRead more &#034;\t\t<\/a>\n\n\t\t\t\t<\/div>\n\t\t\t\t<div class=\"elementor-post__meta-data\">\n\t\t\t\t\t<span class=\"elementor-post-date\">\n\t\t\t24 de February de 2026\t\t<\/span>\n\t\t\t\t<\/div>\n\t\t\t\t\t<\/div>\n\t\t<\/article>\n\t\t\t\t<article class=\"elementor-post elementor-grid-item post-2379 post type-post status-publish format-standard has-post-thumbnail hentry category-sin-categoria tag-delegacion tag-gerencia tag-gestion-de-equipos tag-gestion-operativa tag-liderazgo tag-optimizacion-de-tiempo tag-productividad-empresarial tag-pyme\" role=\"listitem\">\n\t\t\t<div class=\"elementor-post__card\">\n\t\t\t\t<a class=\"elementor-post__thumbnail__link\" href=\"https:\/\/www.actionproject.es\/en_gb\/blog\/delegar-gerencia-sin-perder-control\/\" tabindex=\"-1\" ><div class=\"elementor-post__thumbnail\"><img decoding=\"async\" width=\"1920\" height=\"1080\" data-src=\"https:\/\/www.actionproject.es\/wp-content\/uploads\/2026\/02\/delegar.png\" class=\"attachment-full size-full wp-image-2380 lazyload\" alt=\"\" data-srcset=\"https:\/\/www.actionproject.es\/wp-content\/uploads\/2026\/02\/delegar.png 1920w, https:\/\/www.actionproject.es\/wp-content\/uploads\/2026\/02\/delegar-300x169.png 300w, https:\/\/www.actionproject.es\/wp-content\/uploads\/2026\/02\/delegar-1024x576.png 1024w, https:\/\/www.actionproject.es\/wp-content\/uploads\/2026\/02\/delegar-768x432.png 768w, https:\/\/www.actionproject.es\/wp-content\/uploads\/2026\/02\/delegar-1536x864.png 1536w, https:\/\/www.actionproject.es\/wp-content\/uploads\/2026\/02\/delegar-18x10.png 18w\" data-sizes=\"(max-width: 1920px) 100vw, 1920px\" src=\"data:image\/svg+xml;base64,PHN2ZyB3aWR0aD0iMSIgaGVpZ2h0PSIxIiB4bWxucz0iaHR0cDovL3d3dy53My5vcmcvMjAwMC9zdmciPjwvc3ZnPg==\" style=\"--smush-placeholder-width: 1920px; --smush-placeholder-aspect-ratio: 1920\/1080;\" \/><\/div><\/a>\n\t\t\t\t<div class=\"elementor-post__badge\">Without category<\/div>\n\t\t\t\t<div class=\"elementor-post__text\">\n\t\t\t\t<h3 class=\"elementor-post__title\">\n\t\t\t<a href=\"https:\/\/www.actionproject.es\/en_gb\/blog\/delegar-gerencia-sin-perder-control\/\" >\n\t\t\t\tDelegar desde gerencia: c\u00f3mo no perder el control y ganar tiempo\t\t\t<\/a>\n\t\t<\/h3>\n\t\t\n\t\t<a class=\"elementor-post__read-more\" href=\"https:\/\/www.actionproject.es\/en_gb\/blog\/delegar-gerencia-sin-perder-control\/\" aria-label=\"Read more about Delegar desde gerencia: c\u00f3mo no perder el control y ganar tiempo\" tabindex=\"-1\" >\n\t\t\tRead more &#034;\t\t<\/a>\n\n\t\t\t\t<\/div>\n\t\t\t\t<div class=\"elementor-post__meta-data\">\n\t\t\t\t\t<span class=\"elementor-post-date\">\n\t\t\t19 de February de 2026\t\t<\/span>\n\t\t\t\t<\/div>\n\t\t\t\t\t<\/div>\n\t\t<\/article>\n\t\t\t\t<article class=\"elementor-post elementor-grid-item post-2374 post type-post status-publish format-standard has-post-thumbnail hentry category-estrategia-empresarial tag-consultoria-pymes tag-crecimiento-empresarial tag-escalabilidad tag-gestion-del-crecimiento tag-hoja-de-ruta tag-objetivos-empresariales tag-plan-de-accion tag-planificacion-estrategica tag-pymes tag-riesgos-de-crecimiento\" role=\"listitem\">\n\t\t\t<div class=\"elementor-post__card\">\n\t\t\t\t<a class=\"elementor-post__thumbnail__link\" href=\"https:\/\/www.actionproject.es\/en_gb\/blog\/plan-accion-crecimiento-pymes\/\" tabindex=\"-1\" ><div class=\"elementor-post__thumbnail\"><img decoding=\"async\" width=\"1920\" height=\"1080\" data-src=\"https:\/\/www.actionproject.es\/wp-content\/uploads\/2026\/02\/plan-de-accion.png\" class=\"attachment-full size-full wp-image-2375 lazyload\" alt=\"\" data-srcset=\"https:\/\/www.actionproject.es\/wp-content\/uploads\/2026\/02\/plan-de-accion.png 1920w, https:\/\/www.actionproject.es\/wp-content\/uploads\/2026\/02\/plan-de-accion-300x169.png 300w, https:\/\/www.actionproject.es\/wp-content\/uploads\/2026\/02\/plan-de-accion-1024x576.png 1024w, https:\/\/www.actionproject.es\/wp-content\/uploads\/2026\/02\/plan-de-accion-768x432.png 768w, https:\/\/www.actionproject.es\/wp-content\/uploads\/2026\/02\/plan-de-accion-1536x864.png 1536w, https:\/\/www.actionproject.es\/wp-content\/uploads\/2026\/02\/plan-de-accion-18x10.png 18w\" data-sizes=\"(max-width: 1920px) 100vw, 1920px\" src=\"data:image\/svg+xml;base64,PHN2ZyB3aWR0aD0iMSIgaGVpZ2h0PSIxIiB4bWxucz0iaHR0cDovL3d3dy53My5vcmcvMjAwMC9zdmciPjwvc3ZnPg==\" style=\"--smush-placeholder-width: 1920px; --smush-placeholder-aspect-ratio: 1920\/1080;\" \/><\/div><\/a>\n\t\t\t\t<div class=\"elementor-post__badge\">Business strategy<\/div>\n\t\t\t\t<div class=\"elementor-post__text\">\n\t\t\t\t<h3 class=\"elementor-post__title\">\n\t\t\t<a href=\"https:\/\/www.actionproject.es\/en_gb\/blog\/plan-accion-crecimiento-pymes\/\" >\n\t\t\t\tEl gran error de muchas pymes: crecer sin plan de acci\u00f3n\t\t\t<\/a>\n\t\t<\/h3>\n\t\t\n\t\t<a class=\"elementor-post__read-more\" href=\"https:\/\/www.actionproject.es\/en_gb\/blog\/plan-accion-crecimiento-pymes\/\" aria-label=\"Read more about El gran error de muchas pymes: crecer sin plan de acci\u00f3n\" tabindex=\"-1\" >\n\t\t\tRead more &#034;\t\t<\/a>\n\n\t\t\t\t<\/div>\n\t\t\t\t<div class=\"elementor-post__meta-data\">\n\t\t\t\t\t<span class=\"elementor-post-date\">\n\t\t\t16 de February de 2026\t\t<\/span>\n\t\t\t\t<\/div>\n\t\t\t\t\t<\/div>\n\t\t<\/article>\n\t\t\t\t<article class=\"elementor-post elementor-grid-item post-2282 post type-post status-publish format-standard has-post-thumbnail hentry category-estrategia-empresarial tag-asignacion-de-tareas tag-conflictos-laborales tag-gestion-de-equipos tag-liderazgo tag-organizacion-interna tag-productividad tag-roles-en-pyme tag-trabajo-en-equipo\" role=\"listitem\">\n\t\t\t<div class=\"elementor-post__card\">\n\t\t\t\t<a class=\"elementor-post__thumbnail__link\" href=\"https:\/\/www.actionproject.es\/en_gb\/blog\/asignar-roles-tareas-sin-conflictos\/\" tabindex=\"-1\" ><div class=\"elementor-post__thumbnail\"><img decoding=\"async\" width=\"1920\" height=\"1080\" data-src=\"https:\/\/www.actionproject.es\/wp-content\/uploads\/2026\/01\/Roles.png\" class=\"attachment-full size-full wp-image-2283 lazyload\" alt=\"\" data-srcset=\"https:\/\/www.actionproject.es\/wp-content\/uploads\/2026\/01\/Roles.png 1920w, https:\/\/www.actionproject.es\/wp-content\/uploads\/2026\/01\/Roles-300x169.png 300w, https:\/\/www.actionproject.es\/wp-content\/uploads\/2026\/01\/Roles-1024x576.png 1024w, https:\/\/www.actionproject.es\/wp-content\/uploads\/2026\/01\/Roles-768x432.png 768w, https:\/\/www.actionproject.es\/wp-content\/uploads\/2026\/01\/Roles-1536x864.png 1536w, https:\/\/www.actionproject.es\/wp-content\/uploads\/2026\/01\/Roles-18x10.png 18w\" data-sizes=\"(max-width: 1920px) 100vw, 1920px\" src=\"data:image\/svg+xml;base64,PHN2ZyB3aWR0aD0iMSIgaGVpZ2h0PSIxIiB4bWxucz0iaHR0cDovL3d3dy53My5vcmcvMjAwMC9zdmciPjwvc3ZnPg==\" style=\"--smush-placeholder-width: 1920px; --smush-placeholder-aspect-ratio: 1920\/1080;\" \/><\/div><\/a>\n\t\t\t\t<div class=\"elementor-post__badge\">Business strategy<\/div>\n\t\t\t\t<div class=\"elementor-post__text\">\n\t\t\t\t<h3 class=\"elementor-post__title\">\n\t\t\t<a href=\"https:\/\/www.actionproject.es\/en_gb\/blog\/asignar-roles-tareas-sin-conflictos\/\" >\n\t\t\t\tC\u00f3mo asignar roles y tareas sin generar conflictos internos en tu equipo\t\t\t<\/a>\n\t\t<\/h3>\n\t\t\n\t\t<a class=\"elementor-post__read-more\" href=\"https:\/\/www.actionproject.es\/en_gb\/blog\/asignar-roles-tareas-sin-conflictos\/\" aria-label=\"Read more about C\u00f3mo asignar roles y tareas sin generar conflictos internos en tu equipo\" tabindex=\"-1\" >\n\t\t\tRead more &#034;\t\t<\/a>\n\n\t\t\t\t<\/div>\n\t\t\t\t<div class=\"elementor-post__meta-data\">\n\t\t\t\t\t<span class=\"elementor-post-date\">\n\t\t\t30 de January de 2026\t\t<\/span>\n\t\t\t\t<\/div>\n\t\t\t\t\t<\/div>\n\t\t<\/article>\n\t\t\t\t<article class=\"elementor-post elementor-grid-item post-2272 post type-post status-publish format-standard has-post-thumbnail hentry category-estrategia-empresarial tag-crecimiento-empresarial tag-flujo-de-caja tag-gestion-financiera tag-indicadores-de-gestion tag-kpis tag-metricas-de-negocio tag-productividad tag-pyme tag-retencion-de-clientes\" role=\"listitem\">\n\t\t\t<div class=\"elementor-post__card\">\n\t\t\t\t<a class=\"elementor-post__thumbnail__link\" href=\"https:\/\/www.actionproject.es\/en_gb\/blog\/https-www-actionproject-es-blog-borrador-automatico\/\" tabindex=\"-1\" ><div class=\"elementor-post__thumbnail\"><img decoding=\"async\" width=\"1920\" height=\"1080\" data-src=\"https:\/\/www.actionproject.es\/wp-content\/uploads\/2026\/01\/monitorizacion.png\" class=\"attachment-full size-full wp-image-2273 lazyload\" alt=\"\" data-srcset=\"https:\/\/www.actionproject.es\/wp-content\/uploads\/2026\/01\/monitorizacion.png 1920w, https:\/\/www.actionproject.es\/wp-content\/uploads\/2026\/01\/monitorizacion-300x169.png 300w, https:\/\/www.actionproject.es\/wp-content\/uploads\/2026\/01\/monitorizacion-1024x576.png 1024w, https:\/\/www.actionproject.es\/wp-content\/uploads\/2026\/01\/monitorizacion-768x432.png 768w, https:\/\/www.actionproject.es\/wp-content\/uploads\/2026\/01\/monitorizacion-1536x864.png 1536w, https:\/\/www.actionproject.es\/wp-content\/uploads\/2026\/01\/monitorizacion-18x10.png 18w\" data-sizes=\"(max-width: 1920px) 100vw, 1920px\" src=\"data:image\/svg+xml;base64,PHN2ZyB3aWR0aD0iMSIgaGVpZ2h0PSIxIiB4bWxucz0iaHR0cDovL3d3dy53My5vcmcvMjAwMC9zdmciPjwvc3ZnPg==\" style=\"--smush-placeholder-width: 1920px; --smush-placeholder-aspect-ratio: 1920\/1080;\" \/><\/div><\/a>\n\t\t\t\t<div class=\"elementor-post__badge\">Business strategy<\/div>\n\t\t\t\t<div class=\"elementor-post__text\">\n\t\t\t\t<h3 class=\"elementor-post__title\">\n\t\t\t<a href=\"https:\/\/www.actionproject.es\/en_gb\/blog\/https-www-actionproject-es-blog-borrador-automatico\/\" >\n\t\t\t\tLos 7 indicadores clave que toda PYME debe monitorizar para crecer de forma sostenible\t\t\t<\/a>\n\t\t<\/h3>\n\t\t\n\t\t<a class=\"elementor-post__read-more\" href=\"https:\/\/www.actionproject.es\/en_gb\/blog\/https-www-actionproject-es-blog-borrador-automatico\/\" aria-label=\"Read more about Los 7 indicadores clave que toda PYME debe monitorizar para crecer de forma sostenible\" tabindex=\"-1\" >\n\t\t\tRead more &#034;\t\t<\/a>\n\n\t\t\t\t<\/div>\n\t\t\t\t<div class=\"elementor-post__meta-data\">\n\t\t\t\t\t<span class=\"elementor-post-date\">\n\t\t\t26 de January de 2026\t\t<\/span>\n\t\t\t\t<\/div>\n\t\t\t\t\t<\/div>\n\t\t<\/article>\n\t\t\t\t<article class=\"elementor-post elementor-grid-item post-2266 post type-post status-publish format-standard has-post-thumbnail hentry category-estrategia-empresarial tag-eficiencia-operativa tag-gestion-de-proyectos tag-herramientas-de-gestion tag-mejora-continua tag-productividad-pyme tag-project-management tag-tiempos-muertos\" role=\"listitem\">\n\t\t\t<div class=\"elementor-post__card\">\n\t\t\t\t<a class=\"elementor-post__thumbnail__link\" href=\"https:\/\/www.actionproject.es\/en_gb\/blog\/como-reducir-un-30-los-tiempos-muertos-en-tu-pyme-mediante-project-management\/\" tabindex=\"-1\" ><div class=\"elementor-post__thumbnail\"><img decoding=\"async\" width=\"1920\" height=\"1080\" data-src=\"https:\/\/www.actionproject.es\/wp-content\/uploads\/2026\/01\/productividad.png\" class=\"attachment-full size-full wp-image-2267 lazyload\" alt=\"\" data-srcset=\"https:\/\/www.actionproject.es\/wp-content\/uploads\/2026\/01\/productividad.png 1920w, https:\/\/www.actionproject.es\/wp-content\/uploads\/2026\/01\/productividad-300x169.png 300w, https:\/\/www.actionproject.es\/wp-content\/uploads\/2026\/01\/productividad-1024x576.png 1024w, https:\/\/www.actionproject.es\/wp-content\/uploads\/2026\/01\/productividad-768x432.png 768w, https:\/\/www.actionproject.es\/wp-content\/uploads\/2026\/01\/productividad-1536x864.png 1536w, https:\/\/www.actionproject.es\/wp-content\/uploads\/2026\/01\/productividad-18x10.png 18w\" data-sizes=\"(max-width: 1920px) 100vw, 1920px\" src=\"data:image\/svg+xml;base64,PHN2ZyB3aWR0aD0iMSIgaGVpZ2h0PSIxIiB4bWxucz0iaHR0cDovL3d3dy53My5vcmcvMjAwMC9zdmciPjwvc3ZnPg==\" style=\"--smush-placeholder-width: 1920px; --smush-placeholder-aspect-ratio: 1920\/1080;\" \/><\/div><\/a>\n\t\t\t\t<div class=\"elementor-post__badge\">Business strategy<\/div>\n\t\t\t\t<div class=\"elementor-post__text\">\n\t\t\t\t<h3 class=\"elementor-post__title\">\n\t\t\t<a href=\"https:\/\/www.actionproject.es\/en_gb\/blog\/como-reducir-un-30-los-tiempos-muertos-en-tu-pyme-mediante-project-management\/\" >\n\t\t\t\tC\u00f3mo reducir un 30% los tiempos muertos en tu PYME mediante Project Management\t\t\t<\/a>\n\t\t<\/h3>\n\t\t\n\t\t<a class=\"elementor-post__read-more\" href=\"https:\/\/www.actionproject.es\/en_gb\/blog\/como-reducir-un-30-los-tiempos-muertos-en-tu-pyme-mediante-project-management\/\" aria-label=\"Read more about C\u00f3mo reducir un 30% los tiempos muertos en tu PYME mediante Project Management\" tabindex=\"-1\" >\n\t\t\tRead more &#034;\t\t<\/a>\n\n\t\t\t\t<\/div>\n\t\t\t\t<div class=\"elementor-post__meta-data\">\n\t\t\t\t\t<span class=\"elementor-post-date\">\n\t\t\t15 de January de 2026\t\t<\/span>\n\t\t\t\t<\/div>\n\t\t\t\t\t<\/div>\n\t\t<\/article>\n\t\t\t\t<article class=\"elementor-post elementor-grid-item post-2254 post type-post status-publish format-standard has-post-thumbnail hentry category-estrategia-empresarial tag-equipos-de-trabajo tag-gestion-de-proyectos tag-kanban tag-mejora-continua tag-metodologias-agiles tag-organizacion-empresarial tag-productividad-pyme tag-scrum\" role=\"listitem\">\n\t\t\t<div class=\"elementor-post__card\">\n\t\t\t\t<a class=\"elementor-post__thumbnail__link\" href=\"https:\/\/www.actionproject.es\/en_gb\/blog\/metodologias-agiles-pymes-scrum-kanban\/\" tabindex=\"-1\" ><div class=\"elementor-post__thumbnail\"><img decoding=\"async\" width=\"1640\" height=\"924\" data-src=\"https:\/\/www.actionproject.es\/wp-content\/uploads\/2025\/12\/metodogias-agiles.png\" class=\"attachment-full size-full wp-image-2255 lazyload\" alt=\"\" data-srcset=\"https:\/\/www.actionproject.es\/wp-content\/uploads\/2025\/12\/metodogias-agiles.png 1640w, https:\/\/www.actionproject.es\/wp-content\/uploads\/2025\/12\/metodogias-agiles-300x169.png 300w, https:\/\/www.actionproject.es\/wp-content\/uploads\/2025\/12\/metodogias-agiles-1024x577.png 1024w, https:\/\/www.actionproject.es\/wp-content\/uploads\/2025\/12\/metodogias-agiles-768x433.png 768w, https:\/\/www.actionproject.es\/wp-content\/uploads\/2025\/12\/metodogias-agiles-1536x865.png 1536w, https:\/\/www.actionproject.es\/wp-content\/uploads\/2025\/12\/metodogias-agiles-18x10.png 18w\" data-sizes=\"(max-width: 1640px) 100vw, 1640px\" src=\"data:image\/svg+xml;base64,PHN2ZyB3aWR0aD0iMSIgaGVpZ2h0PSIxIiB4bWxucz0iaHR0cDovL3d3dy53My5vcmcvMjAwMC9zdmciPjwvc3ZnPg==\" style=\"--smush-placeholder-width: 1640px; --smush-placeholder-aspect-ratio: 1640\/924;\" \/><\/div><\/a>\n\t\t\t\t<div class=\"elementor-post__badge\">Business strategy<\/div>\n\t\t\t\t<div class=\"elementor-post__text\">\n\t\t\t\t<h3 class=\"elementor-post__title\">\n\t\t\t<a href=\"https:\/\/www.actionproject.es\/en_gb\/blog\/metodologias-agiles-pymes-scrum-kanban\/\" >\n\t\t\t\tMetodolog\u00edas \u00e1giles adaptadas a PYMEs: Scrum y Kanban simplificados\t\t\t<\/a>\n\t\t<\/h3>\n\t\t\n\t\t<a class=\"elementor-post__read-more\" href=\"https:\/\/www.actionproject.es\/en_gb\/blog\/metodologias-agiles-pymes-scrum-kanban\/\" aria-label=\"Read more about Metodolog\u00edas \u00e1giles adaptadas a PYMEs: Scrum y Kanban simplificados\" tabindex=\"-1\" >\n\t\t\tRead more &#034;\t\t<\/a>\n\n\t\t\t\t<\/div>\n\t\t\t\t<div class=\"elementor-post__meta-data\">\n\t\t\t\t\t<span class=\"elementor-post-date\">\n\t\t\t30 de December de 2025\t\t<\/span>\n\t\t\t\t<\/div>\n\t\t\t\t\t<\/div>\n\t\t<\/article>\n\t\t\t\t<article class=\"elementor-post elementor-grid-item post-2246 post type-post status-publish format-standard has-post-thumbnail hentry category-estrategia-empresarial\" role=\"listitem\">\n\t\t\t<div class=\"elementor-post__card\">\n\t\t\t\t<a class=\"elementor-post__thumbnail__link\" href=\"https:\/\/www.actionproject.es\/en_gb\/blog\/analisis-datos-pymes-decisiones-informacion\/\" tabindex=\"-1\" ><div class=\"elementor-post__thumbnail\"><img decoding=\"async\" width=\"1920\" height=\"1080\" data-src=\"https:\/\/www.actionproject.es\/wp-content\/uploads\/2025\/12\/analisis-de-datos.png\" class=\"attachment-full size-full wp-image-2250 lazyload\" alt=\"\" data-srcset=\"https:\/\/www.actionproject.es\/wp-content\/uploads\/2025\/12\/analisis-de-datos.png 1920w, https:\/\/www.actionproject.es\/wp-content\/uploads\/2025\/12\/analisis-de-datos-300x169.png 300w, https:\/\/www.actionproject.es\/wp-content\/uploads\/2025\/12\/analisis-de-datos-1024x576.png 1024w, https:\/\/www.actionproject.es\/wp-content\/uploads\/2025\/12\/analisis-de-datos-768x432.png 768w, https:\/\/www.actionproject.es\/wp-content\/uploads\/2025\/12\/analisis-de-datos-1536x864.png 1536w, https:\/\/www.actionproject.es\/wp-content\/uploads\/2025\/12\/analisis-de-datos-18x10.png 18w\" data-sizes=\"(max-width: 1920px) 100vw, 1920px\" src=\"data:image\/svg+xml;base64,PHN2ZyB3aWR0aD0iMSIgaGVpZ2h0PSIxIiB4bWxucz0iaHR0cDovL3d3dy53My5vcmcvMjAwMC9zdmciPjwvc3ZnPg==\" style=\"--smush-placeholder-width: 1920px; --smush-placeholder-aspect-ratio: 1920\/1080;\" \/><\/div><\/a>\n\t\t\t\t<div class=\"elementor-post__badge\">Business strategy<\/div>\n\t\t\t\t<div class=\"elementor-post__text\">\n\t\t\t\t<h3 class=\"elementor-post__title\">\n\t\t\t<a href=\"https:\/\/www.actionproject.es\/en_gb\/blog\/analisis-datos-pymes-decisiones-informacion\/\" >\n\t\t\t\tAn\u00e1lisis de datos para PYMEs: C\u00f3mo tomar decisiones basadas en informaci\u00f3n real\t\t\t<\/a>\n\t\t<\/h3>\n\t\t\n\t\t<a class=\"elementor-post__read-more\" href=\"https:\/\/www.actionproject.es\/en_gb\/blog\/analisis-datos-pymes-decisiones-informacion\/\" aria-label=\"Read more about An\u00e1lisis de datos para PYMEs: C\u00f3mo tomar decisiones basadas en informaci\u00f3n real\" tabindex=\"-1\" >\n\t\t\tRead more &#034;\t\t<\/a>\n\n\t\t\t\t<\/div>\n\t\t\t\t<div class=\"elementor-post__meta-data\">\n\t\t\t\t\t<span class=\"elementor-post-date\">\n\t\t\t22 de December de 2025\t\t<\/span>\n\t\t\t\t<\/div>\n\t\t\t\t\t<\/div>\n\t\t<\/article>\n\t\t\t\t<article class=\"elementor-post elementor-grid-item post-2235 post type-post status-publish format-standard has-post-thumbnail hentry category-estrategia-empresarial tag-consultoria-estrategica tag-crecimiento-estrategico tag-cultura-corporativa tag-desarrollo-empresarial tag-escalabilidad tag-gestion-empresarial tag-profesionalizacion-pyme tag-transformacion-organizacional\" role=\"listitem\">\n\t\t\t<div class=\"elementor-post__card\">\n\t\t\t\t<a class=\"elementor-post__thumbnail__link\" href=\"https:\/\/www.actionproject.es\/en_gb\/blog\/profesionalizar-pyme-sin-perder-esencia\/\" tabindex=\"-1\" ><div class=\"elementor-post__thumbnail\"><img decoding=\"async\" width=\"1920\" height=\"1080\" data-src=\"https:\/\/www.actionproject.es\/wp-content\/uploads\/2025\/12\/ljhglk.lj_.png\" class=\"attachment-full size-full wp-image-2236 lazyload\" alt=\"\" data-srcset=\"https:\/\/www.actionproject.es\/wp-content\/uploads\/2025\/12\/ljhglk.lj_.png 1920w, https:\/\/www.actionproject.es\/wp-content\/uploads\/2025\/12\/ljhglk.lj_-300x169.png 300w, https:\/\/www.actionproject.es\/wp-content\/uploads\/2025\/12\/ljhglk.lj_-1024x576.png 1024w, https:\/\/www.actionproject.es\/wp-content\/uploads\/2025\/12\/ljhglk.lj_-768x432.png 768w, https:\/\/www.actionproject.es\/wp-content\/uploads\/2025\/12\/ljhglk.lj_-1536x864.png 1536w, https:\/\/www.actionproject.es\/wp-content\/uploads\/2025\/12\/ljhglk.lj_-18x10.png 18w\" data-sizes=\"(max-width: 1920px) 100vw, 1920px\" src=\"data:image\/svg+xml;base64,PHN2ZyB3aWR0aD0iMSIgaGVpZ2h0PSIxIiB4bWxucz0iaHR0cDovL3d3dy53My5vcmcvMjAwMC9zdmciPjwvc3ZnPg==\" style=\"--smush-placeholder-width: 1920px; --smush-placeholder-aspect-ratio: 1920\/1080;\" \/><\/div><\/a>\n\t\t\t\t<div class=\"elementor-post__badge\">Business strategy<\/div>\n\t\t\t\t<div class=\"elementor-post__text\">\n\t\t\t\t<h3 class=\"elementor-post__title\">\n\t\t\t<a href=\"https:\/\/www.actionproject.es\/en_gb\/blog\/profesionalizar-pyme-sin-perder-esencia\/\" >\n\t\t\t\tC\u00f3mo Profesionalizar una PYME sin Perder su Esencia: Gu\u00eda Pr\u00e1ctica en 5 Pasos\t\t\t<\/a>\n\t\t<\/h3>\n\t\t\n\t\t<a class=\"elementor-post__read-more\" href=\"https:\/\/www.actionproject.es\/en_gb\/blog\/profesionalizar-pyme-sin-perder-esencia\/\" aria-label=\"Read more about C\u00f3mo Profesionalizar una PYME sin Perder su Esencia: Gu\u00eda Pr\u00e1ctica en 5 Pasos\" tabindex=\"-1\" >\n\t\t\tRead more &#034;\t\t<\/a>\n\n\t\t\t\t<\/div>\n\t\t\t\t<div class=\"elementor-post__meta-data\">\n\t\t\t\t\t<span class=\"elementor-post-date\">\n\t\t\t17 de December de 2025\t\t<\/span>\n\t\t\t\t<\/div>\n\t\t\t\t\t<\/div>\n\t\t<\/article>\n\t\t\t\t<article class=\"elementor-post elementor-grid-item post-1988 post type-post status-publish format-standard has-post-thumbnail hentry category-estrategia-empresarial tag-circulo-dorado tag-comunicacion-efectiva tag-cultura-organizativa tag-diferenciacion-de-marca tag-engagement tag-estrategia-de-negocio tag-gestion-empresarial tag-lealtad-de-clientes tag-liderazgo-inspirador tag-porque tag-proposito-empresarial tag-pymes tag-simon-sinek tag-valores-empresariales tag-vision-empresarial\" role=\"listitem\">\n\t\t\t<div class=\"elementor-post__card\">\n\t\t\t\t<a class=\"elementor-post__thumbnail__link\" href=\"https:\/\/www.actionproject.es\/en_gb\/blog\/empieza-con-el-por-que-el-circulo-dorado-de-simon-sinek-aplicado-a-tu-negocio\/\" tabindex=\"-1\" ><div class=\"elementor-post__thumbnail\"><img decoding=\"async\" width=\"1920\" height=\"1080\" data-src=\"https:\/\/www.actionproject.es\/wp-content\/uploads\/2025\/09\/nlkasjdlkfaj.jpg\" class=\"attachment-full size-full wp-image-2007 lazyload\" alt=\"\" data-srcset=\"https:\/\/www.actionproject.es\/wp-content\/uploads\/2025\/09\/nlkasjdlkfaj.jpg 1920w, https:\/\/www.actionproject.es\/wp-content\/uploads\/2025\/09\/nlkasjdlkfaj-300x169.jpg 300w, https:\/\/www.actionproject.es\/wp-content\/uploads\/2025\/09\/nlkasjdlkfaj-1024x576.jpg 1024w, https:\/\/www.actionproject.es\/wp-content\/uploads\/2025\/09\/nlkasjdlkfaj-768x432.jpg 768w, https:\/\/www.actionproject.es\/wp-content\/uploads\/2025\/09\/nlkasjdlkfaj-1536x864.jpg 1536w, https:\/\/www.actionproject.es\/wp-content\/uploads\/2025\/09\/nlkasjdlkfaj-18x10.jpg 18w\" data-sizes=\"(max-width: 1920px) 100vw, 1920px\" src=\"data:image\/svg+xml;base64,PHN2ZyB3aWR0aD0iMSIgaGVpZ2h0PSIxIiB4bWxucz0iaHR0cDovL3d3dy53My5vcmcvMjAwMC9zdmciPjwvc3ZnPg==\" style=\"--smush-placeholder-width: 1920px; --smush-placeholder-aspect-ratio: 1920\/1080;\" \/><\/div><\/a>\n\t\t\t\t<div class=\"elementor-post__badge\">Business strategy<\/div>\n\t\t\t\t<div class=\"elementor-post__text\">\n\t\t\t\t<h3 class=\"elementor-post__title\">\n\t\t\t<a href=\"https:\/\/www.actionproject.es\/en_gb\/blog\/empieza-con-el-por-que-el-circulo-dorado-de-simon-sinek-aplicado-a-tu-negocio\/\" >\n\t\t\t\tEmpieza con el por qu\u00e9: el C\u00edrculo Dorado de Simon Sinek aplicado a tu negocio\t\t\t<\/a>\n\t\t<\/h3>\n\t\t\n\t\t<a class=\"elementor-post__read-more\" href=\"https:\/\/www.actionproject.es\/en_gb\/blog\/empieza-con-el-por-que-el-circulo-dorado-de-simon-sinek-aplicado-a-tu-negocio\/\" aria-label=\"Read more about Empieza con el por qu\u00e9: el C\u00edrculo Dorado de Simon Sinek aplicado a tu negocio\" tabindex=\"-1\" >\n\t\t\tRead more &#034;\t\t<\/a>\n\n\t\t\t\t<\/div>\n\t\t\t\t<div class=\"elementor-post__meta-data\">\n\t\t\t\t\t<span class=\"elementor-post-date\">\n\t\t\t30 de September de 2025\t\t<\/span>\n\t\t\t\t<\/div>\n\t\t\t\t\t<\/div>\n\t\t<\/article>\n\t\t\t\t<article class=\"elementor-post elementor-grid-item post-1941 post type-post status-publish format-standard has-post-thumbnail hentry category-estrategia-empresarial tag-analisis-de-mercado tag-buyer-persona tag-cliente-ideal tag-conversion-de-clientes tag-estrategia-comercial tag-marketing-estrategico tag-optimizacion-comercial tag-perfil-de-cliente tag-propuesta-de-valor tag-segmentacion-de-clientes tag-targeting-empresarial tag-ventas-efectivas\" role=\"listitem\">\n\t\t\t<div class=\"elementor-post__card\">\n\t\t\t\t<a class=\"elementor-post__thumbnail__link\" href=\"https:\/\/www.actionproject.es\/en_gb\/blog\/como-definir-a-tu-cliente-ideal-sin-complicarte-la-vida\/\" tabindex=\"-1\" ><div class=\"elementor-post__thumbnail\"><img decoding=\"async\" width=\"2240\" height=\"1260\" data-src=\"https:\/\/www.actionproject.es\/wp-content\/uploads\/2025\/09\/Cliente-Ideal.jpg\" class=\"attachment-full size-full wp-image-1942 lazyload\" alt=\"\" data-srcset=\"https:\/\/www.actionproject.es\/wp-content\/uploads\/2025\/09\/Cliente-Ideal.jpg 2240w, https:\/\/www.actionproject.es\/wp-content\/uploads\/2025\/09\/Cliente-Ideal-300x169.jpg 300w, https:\/\/www.actionproject.es\/wp-content\/uploads\/2025\/09\/Cliente-Ideal-1024x576.jpg 1024w, https:\/\/www.actionproject.es\/wp-content\/uploads\/2025\/09\/Cliente-Ideal-768x432.jpg 768w, https:\/\/www.actionproject.es\/wp-content\/uploads\/2025\/09\/Cliente-Ideal-1536x864.jpg 1536w, https:\/\/www.actionproject.es\/wp-content\/uploads\/2025\/09\/Cliente-Ideal-2048x1152.jpg 2048w, https:\/\/www.actionproject.es\/wp-content\/uploads\/2025\/09\/Cliente-Ideal-18x10.jpg 18w\" data-sizes=\"(max-width: 2240px) 100vw, 2240px\" src=\"data:image\/svg+xml;base64,PHN2ZyB3aWR0aD0iMSIgaGVpZ2h0PSIxIiB4bWxucz0iaHR0cDovL3d3dy53My5vcmcvMjAwMC9zdmciPjwvc3ZnPg==\" style=\"--smush-placeholder-width: 2240px; --smush-placeholder-aspect-ratio: 2240\/1260;\" \/><\/div><\/a>\n\t\t\t\t<div class=\"elementor-post__badge\">Business strategy<\/div>\n\t\t\t\t<div class=\"elementor-post__text\">\n\t\t\t\t<h3 class=\"elementor-post__title\">\n\t\t\t<a href=\"https:\/\/www.actionproject.es\/en_gb\/blog\/como-definir-a-tu-cliente-ideal-sin-complicarte-la-vida\/\" >\n\t\t\t\tC\u00f3mo definir a tu cliente ideal sin complicarte la vida\t\t\t<\/a>\n\t\t<\/h3>\n\t\t\n\t\t<a class=\"elementor-post__read-more\" href=\"https:\/\/www.actionproject.es\/en_gb\/blog\/como-definir-a-tu-cliente-ideal-sin-complicarte-la-vida\/\" aria-label=\"Read more about C\u00f3mo definir a tu cliente ideal sin complicarte la vida\" tabindex=\"-1\" >\n\t\t\tRead more &#034;\t\t<\/a>\n\n\t\t\t\t<\/div>\n\t\t\t\t<div class=\"elementor-post__meta-data\">\n\t\t\t\t\t<span class=\"elementor-post-date\">\n\t\t\t15 de September de 2025\t\t<\/span>\n\t\t\t\t<\/div>\n\t\t\t\t\t<\/div>\n\t\t<\/article>\n\t\t\t\t<article class=\"elementor-post elementor-grid-item post-1823 post type-post status-publish format-standard has-post-thumbnail hentry category-estrategia-empresarial tag-actionproject tag-comunicacion-efectiva tag-consultoria-empresarial tag-delegacion-efectiva tag-desarrollo-directivo tag-equipos-de-alto-rendimiento tag-feedback-constructivo tag-gestion-de-equipos tag-gestion-empresarial tag-liderazgo-empresarial tag-management tag-metodologia-de-trabajo tag-motivacion-de-equipos tag-optimizacion-de-recursos tag-organizacion-semanal tag-pequenas-y-medianas-empresas tag-planificacion-estrategica tag-productividad-laboral tag-profesionalizacion-empresarial tag-pymes tag-rendimiento-de-equipos tag-responsabilidades-laborales tag-retrospectiva-semanal tag-satisfaccion-laboral tag-supervision-inteligente\" role=\"listitem\">\n\t\t\t<div class=\"elementor-post__card\">\n\t\t\t\t<a class=\"elementor-post__thumbnail__link\" href=\"https:\/\/www.actionproject.es\/en_gb\/blog\/como-organizar-mejor-a-tu-equipo-para-que-rinda-mas-cada-semana\/\" tabindex=\"-1\" ><div class=\"elementor-post__thumbnail\"><img decoding=\"async\" width=\"2240\" height=\"1260\" data-src=\"https:\/\/www.actionproject.es\/wp-content\/uploads\/2025\/09\/ActionProject-Blog-3.jpg\" class=\"attachment-full size-full wp-image-1825 lazyload\" alt=\"C\u00f3mo Organizar Mejor a tu Equipo para que Rinda M\u00e1s Cada Semana\" data-srcset=\"https:\/\/www.actionproject.es\/wp-content\/uploads\/2025\/09\/ActionProject-Blog-3.jpg 2240w, https:\/\/www.actionproject.es\/wp-content\/uploads\/2025\/09\/ActionProject-Blog-3-300x169.jpg 300w, https:\/\/www.actionproject.es\/wp-content\/uploads\/2025\/09\/ActionProject-Blog-3-1024x576.jpg 1024w, https:\/\/www.actionproject.es\/wp-content\/uploads\/2025\/09\/ActionProject-Blog-3-768x432.jpg 768w, https:\/\/www.actionproject.es\/wp-content\/uploads\/2025\/09\/ActionProject-Blog-3-1536x864.jpg 1536w, https:\/\/www.actionproject.es\/wp-content\/uploads\/2025\/09\/ActionProject-Blog-3-2048x1152.jpg 2048w, https:\/\/www.actionproject.es\/wp-content\/uploads\/2025\/09\/ActionProject-Blog-3-18x10.jpg 18w\" data-sizes=\"(max-width: 2240px) 100vw, 2240px\" src=\"data:image\/svg+xml;base64,PHN2ZyB3aWR0aD0iMSIgaGVpZ2h0PSIxIiB4bWxucz0iaHR0cDovL3d3dy53My5vcmcvMjAwMC9zdmciPjwvc3ZnPg==\" style=\"--smush-placeholder-width: 2240px; --smush-placeholder-aspect-ratio: 2240\/1260;\" \/><\/div><\/a>\n\t\t\t\t<div class=\"elementor-post__badge\">Business strategy<\/div>\n\t\t\t\t<div class=\"elementor-post__text\">\n\t\t\t\t<h3 class=\"elementor-post__title\">\n\t\t\t<a href=\"https:\/\/www.actionproject.es\/en_gb\/blog\/como-organizar-mejor-a-tu-equipo-para-que-rinda-mas-cada-semana\/\" >\n\t\t\t\tC\u00f3mo organizar mejor a tu equipo para que rinda m\u00e1s cada semana\t\t\t<\/a>\n\t\t<\/h3>\n\t\t\n\t\t<a class=\"elementor-post__read-more\" href=\"https:\/\/www.actionproject.es\/en_gb\/blog\/como-organizar-mejor-a-tu-equipo-para-que-rinda-mas-cada-semana\/\" aria-label=\"Read more about C\u00f3mo organizar mejor a tu equipo para que rinda m\u00e1s cada semana\" tabindex=\"-1\" >\n\t\t\tRead more &#034;\t\t<\/a>\n\n\t\t\t\t<\/div>\n\t\t\t\t<div class=\"elementor-post__meta-data\">\n\t\t\t\t\t<span class=\"elementor-post-date\">\n\t\t\t10 de September de 2025\t\t<\/span>\n\t\t\t\t<\/div>\n\t\t\t\t\t<\/div>\n\t\t<\/article>\n\t\t\t\t<article class=\"elementor-post elementor-grid-item post-1800 post type-post status-publish format-standard has-post-thumbnail hentry category-estrategia-empresarial category-sin-categoria tag-automatizacion tag-chatbots tag-gestion-financiera tag-innovacion tag-inteligencia-artificial tag-marketing-digital tag-productividad tag-pymes tag-tecnologia tag-transformacion-digital\" role=\"listitem\">\n\t\t\t<div class=\"elementor-post__card\">\n\t\t\t\t<a class=\"elementor-post__thumbnail__link\" href=\"https:\/\/www.actionproject.es\/en_gb\/blog\/inteligencia-artificial-para-pymes-aplicaciones-practicas-sin-grandes-inversiones\/\" tabindex=\"-1\" ><div class=\"elementor-post__thumbnail\"><img decoding=\"async\" width=\"2240\" height=\"1260\" data-src=\"https:\/\/www.actionproject.es\/wp-content\/uploads\/2025\/08\/Inteligencia-Artificial-para-PYMEs-Aplicaciones-Practicas-sin-Grandes-Inversiones.png\" class=\"attachment-full size-full wp-image-1802 lazyload\" alt=\"Inteligencia Artificial para PYMEs: Aplicaciones Pr\u00e1cticas sin Grandes Inversiones\" data-srcset=\"https:\/\/www.actionproject.es\/wp-content\/uploads\/2025\/08\/Inteligencia-Artificial-para-PYMEs-Aplicaciones-Practicas-sin-Grandes-Inversiones.png 2240w, https:\/\/www.actionproject.es\/wp-content\/uploads\/2025\/08\/Inteligencia-Artificial-para-PYMEs-Aplicaciones-Practicas-sin-Grandes-Inversiones-300x169.png 300w, https:\/\/www.actionproject.es\/wp-content\/uploads\/2025\/08\/Inteligencia-Artificial-para-PYMEs-Aplicaciones-Practicas-sin-Grandes-Inversiones-1024x576.png 1024w, https:\/\/www.actionproject.es\/wp-content\/uploads\/2025\/08\/Inteligencia-Artificial-para-PYMEs-Aplicaciones-Practicas-sin-Grandes-Inversiones-768x432.png 768w, https:\/\/www.actionproject.es\/wp-content\/uploads\/2025\/08\/Inteligencia-Artificial-para-PYMEs-Aplicaciones-Practicas-sin-Grandes-Inversiones-1536x864.png 1536w, https:\/\/www.actionproject.es\/wp-content\/uploads\/2025\/08\/Inteligencia-Artificial-para-PYMEs-Aplicaciones-Practicas-sin-Grandes-Inversiones-2048x1152.png 2048w, https:\/\/www.actionproject.es\/wp-content\/uploads\/2025\/08\/Inteligencia-Artificial-para-PYMEs-Aplicaciones-Practicas-sin-Grandes-Inversiones-18x10.png 18w\" data-sizes=\"(max-width: 2240px) 100vw, 2240px\" src=\"data:image\/svg+xml;base64,PHN2ZyB3aWR0aD0iMSIgaGVpZ2h0PSIxIiB4bWxucz0iaHR0cDovL3d3dy53My5vcmcvMjAwMC9zdmciPjwvc3ZnPg==\" style=\"--smush-placeholder-width: 2240px; --smush-placeholder-aspect-ratio: 2240\/1260;\" \/><\/div><\/a>\n\t\t\t\t<div class=\"elementor-post__badge\">Business strategy<\/div>\n\t\t\t\t<div class=\"elementor-post__text\">\n\t\t\t\t<h3 class=\"elementor-post__title\">\n\t\t\t<a href=\"https:\/\/www.actionproject.es\/en_gb\/blog\/inteligencia-artificial-para-pymes-aplicaciones-practicas-sin-grandes-inversiones\/\" >\n\t\t\t\tInteligencia artificial para PYMEs: aplicaciones pr\u00e1cticas sin grandes inversiones\t\t\t<\/a>\n\t\t<\/h3>\n\t\t\n\t\t<a class=\"elementor-post__read-more\" href=\"https:\/\/www.actionproject.es\/en_gb\/blog\/inteligencia-artificial-para-pymes-aplicaciones-practicas-sin-grandes-inversiones\/\" aria-label=\"Read more about Inteligencia artificial para PYMEs: aplicaciones pr\u00e1cticas sin grandes inversiones\" tabindex=\"-1\" >\n\t\t\tRead more &#034;\t\t<\/a>\n\n\t\t\t\t<\/div>\n\t\t\t\t<div class=\"elementor-post__meta-data\">\n\t\t\t\t\t<span class=\"elementor-post-date\">\n\t\t\t25 de August de 2025\t\t<\/span>\n\t\t\t\t<\/div>\n\t\t\t\t\t<\/div>\n\t\t<\/article>\n\t\t\t\t<article class=\"elementor-post elementor-grid-item post-1780 post type-post status-publish format-standard has-post-thumbnail hentry category-estrategia-empresarial tag-analisis tag-consejos tag-consultoria tag-crecimiento tag-desarrollo tag-emprendimiento tag-estrategia tag-finanzas tag-gestion tag-guias tag-innovacion tag-liderazgo tag-marketing tag-negocios tag-noticias tag-opinion tag-productividad tag-tecnologia tag-tendencias tag-tutoriales\" role=\"listitem\">\n\t\t\t<div class=\"elementor-post__card\">\n\t\t\t\t<a class=\"elementor-post__thumbnail__link\" href=\"https:\/\/www.actionproject.es\/en_gb\/blog\/de-verdad-el-talento-es-la-clave-del-exito\/\" tabindex=\"-1\" ><div class=\"elementor-post__thumbnail\"><img decoding=\"async\" width=\"2240\" height=\"1260\" data-src=\"https:\/\/www.actionproject.es\/wp-content\/uploads\/2025\/07\/Que-es-la-disciplina.jpg\" class=\"attachment-full size-full wp-image-1781 lazyload\" alt=\"\u00bfQu\u00e9 es la disciplina (y por qu\u00e9 supera al talento)?\" data-srcset=\"https:\/\/www.actionproject.es\/wp-content\/uploads\/2025\/07\/Que-es-la-disciplina.jpg 2240w, https:\/\/www.actionproject.es\/wp-content\/uploads\/2025\/07\/Que-es-la-disciplina-300x169.jpg 300w, https:\/\/www.actionproject.es\/wp-content\/uploads\/2025\/07\/Que-es-la-disciplina-1024x576.jpg 1024w, https:\/\/www.actionproject.es\/wp-content\/uploads\/2025\/07\/Que-es-la-disciplina-768x432.jpg 768w, https:\/\/www.actionproject.es\/wp-content\/uploads\/2025\/07\/Que-es-la-disciplina-1536x864.jpg 1536w, https:\/\/www.actionproject.es\/wp-content\/uploads\/2025\/07\/Que-es-la-disciplina-2048x1152.jpg 2048w, https:\/\/www.actionproject.es\/wp-content\/uploads\/2025\/07\/Que-es-la-disciplina-18x10.jpg 18w\" data-sizes=\"(max-width: 2240px) 100vw, 2240px\" src=\"data:image\/svg+xml;base64,PHN2ZyB3aWR0aD0iMSIgaGVpZ2h0PSIxIiB4bWxucz0iaHR0cDovL3d3dy53My5vcmcvMjAwMC9zdmciPjwvc3ZnPg==\" style=\"--smush-placeholder-width: 2240px; --smush-placeholder-aspect-ratio: 2240\/1260;\" \/><\/div><\/a>\n\t\t\t\t<div class=\"elementor-post__badge\">Business strategy<\/div>\n\t\t\t\t<div class=\"elementor-post__text\">\n\t\t\t\t<h3 class=\"elementor-post__title\">\n\t\t\t<a href=\"https:\/\/www.actionproject.es\/en_gb\/blog\/de-verdad-el-talento-es-la-clave-del-exito\/\" >\n\t\t\t\t\u00bfDe verdad el\u00a0talento\u00a0es la clave del \u00e9xito?\t\t\t<\/a>\n\t\t<\/h3>\n\t\t\n\t\t<a class=\"elementor-post__read-more\" href=\"https:\/\/www.actionproject.es\/en_gb\/blog\/de-verdad-el-talento-es-la-clave-del-exito\/\" aria-label=\"Read more about \u00bfDe verdad el\u00a0talento\u00a0es la clave del \u00e9xito?\" tabindex=\"-1\" >\n\t\t\tRead more &#034;\t\t<\/a>\n\n\t\t\t\t<\/div>\n\t\t\t\t<div class=\"elementor-post__meta-data\">\n\t\t\t\t\t<span class=\"elementor-post-date\">\n\t\t\t29 de July de 2025\t\t<\/span>\n\t\t\t\t<\/div>\n\t\t\t\t\t<\/div>\n\t\t<\/article>\n\t\t\t\t<article class=\"elementor-post elementor-grid-item post-1393 post type-post status-publish format-standard has-post-thumbnail hentry category-estrategia-empresarial tag-crecimiento-de-negocio tag-crecimiento-personal tag-motivacion\" role=\"listitem\">\n\t\t\t<div class=\"elementor-post__card\">\n\t\t\t\t<a class=\"elementor-post__thumbnail__link\" href=\"https:\/\/www.actionproject.es\/en_gb\/blog\/crecimiento-personal-en-la-empresa\/\" tabindex=\"-1\" ><div class=\"elementor-post__thumbnail\"><img decoding=\"async\" width=\"1200\" height=\"801\" data-src=\"https:\/\/www.actionproject.es\/wp-content\/uploads\/2025\/07\/crecimiento-personal-en-la-empresa.jpg\" class=\"attachment-full size-full wp-image-1424 lazyload\" alt=\"\" data-srcset=\"https:\/\/www.actionproject.es\/wp-content\/uploads\/2025\/07\/crecimiento-personal-en-la-empresa.jpg 1200w, https:\/\/www.actionproject.es\/wp-content\/uploads\/2025\/07\/crecimiento-personal-en-la-empresa-300x200.jpg 300w, https:\/\/www.actionproject.es\/wp-content\/uploads\/2025\/07\/crecimiento-personal-en-la-empresa-1024x684.jpg 1024w, https:\/\/www.actionproject.es\/wp-content\/uploads\/2025\/07\/crecimiento-personal-en-la-empresa-768x513.jpg 768w, https:\/\/www.actionproject.es\/wp-content\/uploads\/2025\/07\/crecimiento-personal-en-la-empresa-18x12.jpg 18w\" data-sizes=\"(max-width: 1200px) 100vw, 1200px\" src=\"data:image\/svg+xml;base64,PHN2ZyB3aWR0aD0iMSIgaGVpZ2h0PSIxIiB4bWxucz0iaHR0cDovL3d3dy53My5vcmcvMjAwMC9zdmciPjwvc3ZnPg==\" style=\"--smush-placeholder-width: 1200px; --smush-placeholder-aspect-ratio: 1200\/801;\" \/><\/div><\/a>\n\t\t\t\t<div class=\"elementor-post__badge\">Business strategy<\/div>\n\t\t\t\t<div class=\"elementor-post__text\">\n\t\t\t\t<h3 class=\"elementor-post__title\">\n\t\t\t<a href=\"https:\/\/www.actionproject.es\/en_gb\/blog\/crecimiento-personal-en-la-empresa\/\" >\n\t\t\t\tCrecimiento personal: qu\u00e9 es y c\u00f3mo aplicarlo en tu empresa\t\t\t<\/a>\n\t\t<\/h3>\n\t\t\n\t\t<a class=\"elementor-post__read-more\" href=\"https:\/\/www.actionproject.es\/en_gb\/blog\/crecimiento-personal-en-la-empresa\/\" aria-label=\"Read more about Crecimiento personal: qu\u00e9 es y c\u00f3mo aplicarlo en tu empresa\" tabindex=\"-1\" >\n\t\t\tRead more &#034;\t\t<\/a>\n\n\t\t\t\t<\/div>\n\t\t\t\t<div class=\"elementor-post__meta-data\">\n\t\t\t\t\t<span class=\"elementor-post-date\">\n\t\t\t22 de October de 2024\t\t<\/span>\n\t\t\t\t<\/div>\n\t\t\t\t\t<\/div>\n\t\t<\/article>\n\t\t\t\t<article class=\"elementor-post elementor-grid-item post-1392 post type-post status-publish format-standard has-post-thumbnail hentry category-estrategia-empresarial tag-gestion-del-tiempo tag-organizacion-de-empresa tag-productividad tag-productividad-de-empresa\" role=\"listitem\">\n\t\t\t<div class=\"elementor-post__card\">\n\t\t\t\t<a class=\"elementor-post__thumbnail__link\" href=\"https:\/\/www.actionproject.es\/en_gb\/blog\/gestion-del-tiempo-en-la-empresa\/\" tabindex=\"-1\" ><div class=\"elementor-post__thumbnail\"><img decoding=\"async\" width=\"1200\" height=\"800\" data-src=\"https:\/\/www.actionproject.es\/wp-content\/uploads\/2025\/07\/gestion-del-tiempo-en-las-empresas.jpg\" class=\"attachment-full size-full wp-image-1452 lazyload\" alt=\"\" data-srcset=\"https:\/\/www.actionproject.es\/wp-content\/uploads\/2025\/07\/gestion-del-tiempo-en-las-empresas.jpg 1200w, https:\/\/www.actionproject.es\/wp-content\/uploads\/2025\/07\/gestion-del-tiempo-en-las-empresas-300x200.jpg 300w, https:\/\/www.actionproject.es\/wp-content\/uploads\/2025\/07\/gestion-del-tiempo-en-las-empresas-1024x683.jpg 1024w, https:\/\/www.actionproject.es\/wp-content\/uploads\/2025\/07\/gestion-del-tiempo-en-las-empresas-768x512.jpg 768w, https:\/\/www.actionproject.es\/wp-content\/uploads\/2025\/07\/gestion-del-tiempo-en-las-empresas-18x12.jpg 18w\" data-sizes=\"(max-width: 1200px) 100vw, 1200px\" src=\"data:image\/svg+xml;base64,PHN2ZyB3aWR0aD0iMSIgaGVpZ2h0PSIxIiB4bWxucz0iaHR0cDovL3d3dy53My5vcmcvMjAwMC9zdmciPjwvc3ZnPg==\" style=\"--smush-placeholder-width: 1200px; --smush-placeholder-aspect-ratio: 1200\/800;\" \/><\/div><\/a>\n\t\t\t\t<div class=\"elementor-post__badge\">Business strategy<\/div>\n\t\t\t\t<div class=\"elementor-post__text\">\n\t\t\t\t<h3 class=\"elementor-post__title\">\n\t\t\t<a href=\"https:\/\/www.actionproject.es\/en_gb\/blog\/gestion-del-tiempo-en-la-empresa\/\" >\n\t\t\t\t\u00bfC\u00f3mo mantener una buena gesti\u00f3n del tiempo en la empresa?\t\t\t<\/a>\n\t\t<\/h3>\n\t\t\n\t\t<a class=\"elementor-post__read-more\" href=\"https:\/\/www.actionproject.es\/en_gb\/blog\/gestion-del-tiempo-en-la-empresa\/\" aria-label=\"Read more about \u00bfC\u00f3mo mantener una buena gesti\u00f3n del tiempo en la empresa?\" tabindex=\"-1\" >\n\t\t\tRead more &#034;\t\t<\/a>\n\n\t\t\t\t<\/div>\n\t\t\t\t<div class=\"elementor-post__meta-data\">\n\t\t\t\t\t<span class=\"elementor-post-date\">\n\t\t\t8 de October de 2024\t\t<\/span>\n\t\t\t\t<\/div>\n\t\t\t\t\t<\/div>\n\t\t<\/article>\n\t\t\t\t<article class=\"elementor-post elementor-grid-item post-1391 post type-post status-publish format-standard has-post-thumbnail hentry category-estrategia-empresarial tag-organizacion-de-empresa\" role=\"listitem\">\n\t\t\t<div class=\"elementor-post__card\">\n\t\t\t\t<a class=\"elementor-post__thumbnail__link\" href=\"https:\/\/www.actionproject.es\/en_gb\/blog\/como-organizar-las-tareas-de-una-empresa\/\" tabindex=\"-1\" ><div class=\"elementor-post__thumbnail\"><img decoding=\"async\" width=\"1200\" height=\"800\" data-src=\"https:\/\/www.actionproject.es\/wp-content\/uploads\/2025\/07\/organizacin-de-tareas-en-una-empresa.jpg\" class=\"attachment-full size-full wp-image-1500 lazyload\" alt=\"\" data-srcset=\"https:\/\/www.actionproject.es\/wp-content\/uploads\/2025\/07\/organizacin-de-tareas-en-una-empresa.jpg 1200w, https:\/\/www.actionproject.es\/wp-content\/uploads\/2025\/07\/organizacin-de-tareas-en-una-empresa-300x200.jpg 300w, https:\/\/www.actionproject.es\/wp-content\/uploads\/2025\/07\/organizacin-de-tareas-en-una-empresa-1024x683.jpg 1024w, https:\/\/www.actionproject.es\/wp-content\/uploads\/2025\/07\/organizacin-de-tareas-en-una-empresa-768x512.jpg 768w, https:\/\/www.actionproject.es\/wp-content\/uploads\/2025\/07\/organizacin-de-tareas-en-una-empresa-18x12.jpg 18w\" data-sizes=\"(max-width: 1200px) 100vw, 1200px\" src=\"data:image\/svg+xml;base64,PHN2ZyB3aWR0aD0iMSIgaGVpZ2h0PSIxIiB4bWxucz0iaHR0cDovL3d3dy53My5vcmcvMjAwMC9zdmciPjwvc3ZnPg==\" style=\"--smush-placeholder-width: 1200px; --smush-placeholder-aspect-ratio: 1200\/800;\" \/><\/div><\/a>\n\t\t\t\t<div class=\"elementor-post__badge\">Business strategy<\/div>\n\t\t\t\t<div class=\"elementor-post__text\">\n\t\t\t\t<h3 class=\"elementor-post__title\">\n\t\t\t<a href=\"https:\/\/www.actionproject.es\/en_gb\/blog\/como-organizar-las-tareas-de-una-empresa\/\" >\n\t\t\t\t\u00bfC\u00f3mo organizar las tareas de una empresa?\t\t\t<\/a>\n\t\t<\/h3>\n\t\t\n\t\t<a class=\"elementor-post__read-more\" href=\"https:\/\/www.actionproject.es\/en_gb\/blog\/como-organizar-las-tareas-de-una-empresa\/\" aria-label=\"Read more about \u00bfC\u00f3mo organizar las tareas de una empresa?\" tabindex=\"-1\" >\n\t\t\tRead more &#034;\t\t<\/a>\n\n\t\t\t\t<\/div>\n\t\t\t\t<div class=\"elementor-post__meta-data\">\n\t\t\t\t\t<span class=\"elementor-post-date\">\n\t\t\t17 de September de 2024\t\t<\/span>\n\t\t\t\t<\/div>\n\t\t\t\t\t<\/div>\n\t\t<\/article>\n\t\t\t\t<article class=\"elementor-post elementor-grid-item post-1390 post type-post status-publish format-standard has-post-thumbnail hentry category-estrategia-empresarial tag-liderar-un-equipo tag-liderazgo tag-liderazgo-de-equipo tag-liderazgo-directivo tag-liderazgo-transformador\" role=\"listitem\">\n\t\t\t<div class=\"elementor-post__card\">\n\t\t\t\t<a class=\"elementor-post__thumbnail__link\" href=\"https:\/\/www.actionproject.es\/en_gb\/blog\/liderazgo-transformacional\/\" tabindex=\"-1\" ><div class=\"elementor-post__thumbnail\"><img decoding=\"async\" width=\"1200\" height=\"673\" data-src=\"https:\/\/www.actionproject.es\/wp-content\/uploads\/2025\/07\/liderazgo-transformacional.jpg\" class=\"attachment-full size-full wp-image-1484 lazyload\" alt=\"\" data-srcset=\"https:\/\/www.actionproject.es\/wp-content\/uploads\/2025\/07\/liderazgo-transformacional.jpg 1200w, https:\/\/www.actionproject.es\/wp-content\/uploads\/2025\/07\/liderazgo-transformacional-300x168.jpg 300w, https:\/\/www.actionproject.es\/wp-content\/uploads\/2025\/07\/liderazgo-transformacional-1024x574.jpg 1024w, https:\/\/www.actionproject.es\/wp-content\/uploads\/2025\/07\/liderazgo-transformacional-768x431.jpg 768w, https:\/\/www.actionproject.es\/wp-content\/uploads\/2025\/07\/liderazgo-transformacional-18x10.jpg 18w\" data-sizes=\"(max-width: 1200px) 100vw, 1200px\" src=\"data:image\/svg+xml;base64,PHN2ZyB3aWR0aD0iMSIgaGVpZ2h0PSIxIiB4bWxucz0iaHR0cDovL3d3dy53My5vcmcvMjAwMC9zdmciPjwvc3ZnPg==\" style=\"--smush-placeholder-width: 1200px; --smush-placeholder-aspect-ratio: 1200\/673;\" \/><\/div><\/a>\n\t\t\t\t<div class=\"elementor-post__badge\">Business strategy<\/div>\n\t\t\t\t<div class=\"elementor-post__text\">\n\t\t\t\t<h3 class=\"elementor-post__title\">\n\t\t\t<a href=\"https:\/\/www.actionproject.es\/en_gb\/blog\/liderazgo-transformacional\/\" >\n\t\t\t\tC\u00f3mo el liderazgo transformacional puede ayudar a tu negocio\t\t\t<\/a>\n\t\t<\/h3>\n\t\t\n\t\t<a class=\"elementor-post__read-more\" href=\"https:\/\/www.actionproject.es\/en_gb\/blog\/liderazgo-transformacional\/\" aria-label=\"Read more about C\u00f3mo el liderazgo transformacional puede ayudar a tu negocio\" tabindex=\"-1\" >\n\t\t\tRead more &#034;\t\t<\/a>\n\n\t\t\t\t<\/div>\n\t\t\t\t<div class=\"elementor-post__meta-data\">\n\t\t\t\t\t<span class=\"elementor-post-date\">\n\t\t\t3 de September de 2024\t\t<\/span>\n\t\t\t\t<\/div>\n\t\t\t\t\t<\/div>\n\t\t<\/article>\n\t\t\t\t<article class=\"elementor-post elementor-grid-item post-1389 post type-post status-publish format-standard has-post-thumbnail hentry category-estrategia-empresarial\" role=\"listitem\">\n\t\t\t<div class=\"elementor-post__card\">\n\t\t\t\t<a class=\"elementor-post__thumbnail__link\" href=\"https:\/\/www.actionproject.es\/en_gb\/blog\/tecnicas-de-management\/\" tabindex=\"-1\" ><div class=\"elementor-post__thumbnail\"><img decoding=\"async\" width=\"1200\" height=\"800\" data-src=\"https:\/\/www.actionproject.es\/wp-content\/uploads\/2025\/07\/tecnicas-de-management.jpg\" class=\"attachment-full size-full wp-image-1523 lazyload\" alt=\"\" data-srcset=\"https:\/\/www.actionproject.es\/wp-content\/uploads\/2025\/07\/tecnicas-de-management.jpg 1200w, https:\/\/www.actionproject.es\/wp-content\/uploads\/2025\/07\/tecnicas-de-management-300x200.jpg 300w, https:\/\/www.actionproject.es\/wp-content\/uploads\/2025\/07\/tecnicas-de-management-1024x683.jpg 1024w, https:\/\/www.actionproject.es\/wp-content\/uploads\/2025\/07\/tecnicas-de-management-768x512.jpg 768w, https:\/\/www.actionproject.es\/wp-content\/uploads\/2025\/07\/tecnicas-de-management-18x12.jpg 18w\" data-sizes=\"(max-width: 1200px) 100vw, 1200px\" src=\"data:image\/svg+xml;base64,PHN2ZyB3aWR0aD0iMSIgaGVpZ2h0PSIxIiB4bWxucz0iaHR0cDovL3d3dy53My5vcmcvMjAwMC9zdmciPjwvc3ZnPg==\" style=\"--smush-placeholder-width: 1200px; --smush-placeholder-aspect-ratio: 1200\/800;\" \/><\/div><\/a>\n\t\t\t\t<div class=\"elementor-post__badge\">Business strategy<\/div>\n\t\t\t\t<div class=\"elementor-post__text\">\n\t\t\t\t<h3 class=\"elementor-post__title\">\n\t\t\t<a href=\"https:\/\/www.actionproject.es\/en_gb\/blog\/tecnicas-de-management\/\" >\n\t\t\t\t\u00bfCu\u00e1les son las t\u00e9cnicas de \u2018management\u2019 para liderar un equipo?\t\t\t<\/a>\n\t\t<\/h3>\n\t\t\n\t\t<a class=\"elementor-post__read-more\" href=\"https:\/\/www.actionproject.es\/en_gb\/blog\/tecnicas-de-management\/\" aria-label=\"Read more about \u00bfCu\u00e1les son las t\u00e9cnicas de \u2018management\u2019 para liderar un equipo?\" tabindex=\"-1\" >\n\t\t\tRead more &#034;\t\t<\/a>\n\n\t\t\t\t<\/div>\n\t\t\t\t<div class=\"elementor-post__meta-data\">\n\t\t\t\t\t<span class=\"elementor-post-date\">\n\t\t\t20 de August de 2024\t\t<\/span>\n\t\t\t\t<\/div>\n\t\t\t\t\t<\/div>\n\t\t<\/article>\n\t\t\t\t<article class=\"elementor-post elementor-grid-item post-829 post type-post status-publish format-standard has-post-thumbnail hentry category-estrategia-empresarial\" role=\"listitem\">\n\t\t\t<div class=\"elementor-post__card\">\n\t\t\t\t<a class=\"elementor-post__thumbnail__link\" href=\"https:\/\/www.actionproject.es\/en_gb\/blog\/autogestion-personal\/\" tabindex=\"-1\" ><div class=\"elementor-post__thumbnail\"><img decoding=\"async\" width=\"1200\" height=\"800\" data-src=\"https:\/\/www.actionproject.es\/wp-content\/uploads\/2025\/07\/autogestion-personal.jpg\" class=\"attachment-full size-full wp-image-1403 lazyload\" alt=\"\" data-srcset=\"https:\/\/www.actionproject.es\/wp-content\/uploads\/2025\/07\/autogestion-personal.jpg 1200w, https:\/\/www.actionproject.es\/wp-content\/uploads\/2025\/07\/autogestion-personal-300x200.jpg 300w, https:\/\/www.actionproject.es\/wp-content\/uploads\/2025\/07\/autogestion-personal-1024x683.jpg 1024w, https:\/\/www.actionproject.es\/wp-content\/uploads\/2025\/07\/autogestion-personal-768x512.jpg 768w, https:\/\/www.actionproject.es\/wp-content\/uploads\/2025\/07\/autogestion-personal-18x12.jpg 18w\" data-sizes=\"(max-width: 1200px) 100vw, 1200px\" src=\"data:image\/svg+xml;base64,PHN2ZyB3aWR0aD0iMSIgaGVpZ2h0PSIxIiB4bWxucz0iaHR0cDovL3d3dy53My5vcmcvMjAwMC9zdmciPjwvc3ZnPg==\" style=\"--smush-placeholder-width: 1200px; --smush-placeholder-aspect-ratio: 1200\/800;\" \/><\/div><\/a>\n\t\t\t\t<div class=\"elementor-post__badge\">Business strategy<\/div>\n\t\t\t\t<div class=\"elementor-post__text\">\n\t\t\t\t<h3 class=\"elementor-post__title\">\n\t\t\t<a href=\"https:\/\/www.actionproject.es\/en_gb\/blog\/autogestion-personal\/\" >\n\t\t\t\tWhen we talk about self-management staff?\t\t\t<\/a>\n\t\t<\/h3>\n\t\t\n\t\t<a class=\"elementor-post__read-more\" href=\"https:\/\/www.actionproject.es\/en_gb\/blog\/autogestion-personal\/\" aria-label=\"Read more about \u00bfCu\u00e1ndo hablamos de autogesti\u00f3n personal?\" tabindex=\"-1\" >\n\t\t\tRead more &#034;\t\t<\/a>\n\n\t\t\t\t<\/div>\n\t\t\t\t<div class=\"elementor-post__meta-data\">\n\t\t\t\t\t<span class=\"elementor-post-date\">\n\t\t\tAugust 6, 2024\t\t<\/span>\n\t\t\t\t<\/div>\n\t\t\t\t\t<\/div>\n\t\t<\/article>\n\t\t\t\t<article class=\"elementor-post elementor-grid-item post-826 post type-post status-publish format-standard has-post-thumbnail hentry category-estrategia-empresarial tag-ambiente-laboral tag-clima-laboral tag-cultura-de-empresa\" role=\"listitem\">\n\t\t\t<div class=\"elementor-post__card\">\n\t\t\t\t<a class=\"elementor-post__thumbnail__link\" href=\"https:\/\/www.actionproject.es\/en_gb\/blog\/cultura-empresarial\/\" tabindex=\"-1\" ><div class=\"elementor-post__thumbnail\"><img decoding=\"async\" width=\"1200\" height=\"800\" data-src=\"https:\/\/www.actionproject.es\/wp-content\/uploads\/2025\/07\/cultura-empresarial.jpg\" class=\"attachment-full size-full wp-image-1428 lazyload\" alt=\"\" data-srcset=\"https:\/\/www.actionproject.es\/wp-content\/uploads\/2025\/07\/cultura-empresarial.jpg 1200w, https:\/\/www.actionproject.es\/wp-content\/uploads\/2025\/07\/cultura-empresarial-300x200.jpg 300w, https:\/\/www.actionproject.es\/wp-content\/uploads\/2025\/07\/cultura-empresarial-1024x683.jpg 1024w, https:\/\/www.actionproject.es\/wp-content\/uploads\/2025\/07\/cultura-empresarial-768x512.jpg 768w, https:\/\/www.actionproject.es\/wp-content\/uploads\/2025\/07\/cultura-empresarial-18x12.jpg 18w\" data-sizes=\"(max-width: 1200px) 100vw, 1200px\" src=\"data:image\/svg+xml;base64,PHN2ZyB3aWR0aD0iMSIgaGVpZ2h0PSIxIiB4bWxucz0iaHR0cDovL3d3dy53My5vcmcvMjAwMC9zdmciPjwvc3ZnPg==\" style=\"--smush-placeholder-width: 1200px; --smush-placeholder-aspect-ratio: 1200\/800;\" \/><\/div><\/a>\n\t\t\t\t<div class=\"elementor-post__badge\">Business strategy<\/div>\n\t\t\t\t<div class=\"elementor-post__text\">\n\t\t\t\t<h3 class=\"elementor-post__title\">\n\t\t\t<a href=\"https:\/\/www.actionproject.es\/en_gb\/blog\/cultura-empresarial\/\" >\n\t\t\t\tWhat is the business culture and how it affects?\t\t\t<\/a>\n\t\t<\/h3>\n\t\t\n\t\t<a class=\"elementor-post__read-more\" href=\"https:\/\/www.actionproject.es\/en_gb\/blog\/cultura-empresarial\/\" aria-label=\"Read more about \u00bfQu\u00e9 es la cultura empresarial y c\u00f3mo afecta?\" tabindex=\"-1\" >\n\t\t\tRead more &#034;\t\t<\/a>\n\n\t\t\t\t<\/div>\n\t\t\t\t<div class=\"elementor-post__meta-data\">\n\t\t\t\t\t<span class=\"elementor-post-date\">\n\t\t\t23 July 2024\t\t<\/span>\n\t\t\t\t<\/div>\n\t\t\t\t\t<\/div>\n\t\t<\/article>\n\t\t\t\t<article class=\"elementor-post elementor-grid-item post-823 post type-post status-publish format-standard has-post-thumbnail hentry category-estrategia-empresarial\" role=\"listitem\">\n\t\t\t<div class=\"elementor-post__card\">\n\t\t\t\t<a class=\"elementor-post__thumbnail__link\" href=\"https:\/\/www.actionproject.es\/en_gb\/blog\/liderazgo-inclusivo\/\" tabindex=\"-1\" ><div class=\"elementor-post__thumbnail\"><img decoding=\"async\" width=\"1200\" height=\"800\" data-src=\"https:\/\/www.actionproject.es\/wp-content\/uploads\/2025\/07\/liderazgo-inclusivo.jpg\" class=\"attachment-full size-full wp-image-1482 lazyload\" alt=\"\" data-srcset=\"https:\/\/www.actionproject.es\/wp-content\/uploads\/2025\/07\/liderazgo-inclusivo.jpg 1200w, https:\/\/www.actionproject.es\/wp-content\/uploads\/2025\/07\/liderazgo-inclusivo-300x200.jpg 300w, https:\/\/www.actionproject.es\/wp-content\/uploads\/2025\/07\/liderazgo-inclusivo-1024x683.jpg 1024w, https:\/\/www.actionproject.es\/wp-content\/uploads\/2025\/07\/liderazgo-inclusivo-768x512.jpg 768w, https:\/\/www.actionproject.es\/wp-content\/uploads\/2025\/07\/liderazgo-inclusivo-18x12.jpg 18w\" data-sizes=\"(max-width: 1200px) 100vw, 1200px\" src=\"data:image\/svg+xml;base64,PHN2ZyB3aWR0aD0iMSIgaGVpZ2h0PSIxIiB4bWxucz0iaHR0cDovL3d3dy53My5vcmcvMjAwMC9zdmciPjwvc3ZnPg==\" style=\"--smush-placeholder-width: 1200px; --smush-placeholder-aspect-ratio: 1200\/800;\" \/><\/div><\/a>\n\t\t\t\t<div class=\"elementor-post__badge\">Business strategy<\/div>\n\t\t\t\t<div class=\"elementor-post__text\">\n\t\t\t\t<h3 class=\"elementor-post__title\">\n\t\t\t<a href=\"https:\/\/www.actionproject.es\/en_gb\/blog\/liderazgo-inclusivo\/\" >\n\t\t\t\tWhat is inclusive leadership and how to put it into practice\t\t\t<\/a>\n\t\t<\/h3>\n\t\t\n\t\t<a class=\"elementor-post__read-more\" href=\"https:\/\/www.actionproject.es\/en_gb\/blog\/liderazgo-inclusivo\/\" aria-label=\"Read more about Qu\u00e9 es el liderazgo inclusivo y c\u00f3mo llevarlo a la pr\u00e1ctica\" tabindex=\"-1\" >\n\t\t\tRead more &#034;\t\t<\/a>\n\n\t\t\t\t<\/div>\n\t\t\t\t<div class=\"elementor-post__meta-data\">\n\t\t\t\t\t<span class=\"elementor-post-date\">\n\t\t\t9 July 2024\t\t<\/span>\n\t\t\t\t<\/div>\n\t\t\t\t\t<\/div>\n\t\t<\/article>\n\t\t\t\t<article class=\"elementor-post elementor-grid-item post-820 post type-post status-publish format-standard has-post-thumbnail hentry category-estrategia-empresarial tag-gestion-de-empresas tag-gestion-de-proyectos-empresariales tag-objetivos-de-negocio tag-objetivos-empresariales\" role=\"listitem\">\n\t\t\t<div class=\"elementor-post__card\">\n\t\t\t\t<a class=\"elementor-post__thumbnail__link\" href=\"https:\/\/www.actionproject.es\/en_gb\/blog\/que-son-los-kpi-de-una-empresa\/\" tabindex=\"-1\" ><div class=\"elementor-post__thumbnail\"><img decoding=\"async\" width=\"1200\" height=\"800\" data-src=\"https:\/\/www.actionproject.es\/wp-content\/uploads\/2025\/07\/KPI-empresa.jpg\" class=\"attachment-full size-full wp-image-1470 lazyload\" alt=\"\" data-srcset=\"https:\/\/www.actionproject.es\/wp-content\/uploads\/2025\/07\/KPI-empresa.jpg 1200w, https:\/\/www.actionproject.es\/wp-content\/uploads\/2025\/07\/KPI-empresa-300x200.jpg 300w, https:\/\/www.actionproject.es\/wp-content\/uploads\/2025\/07\/KPI-empresa-1024x683.jpg 1024w, https:\/\/www.actionproject.es\/wp-content\/uploads\/2025\/07\/KPI-empresa-768x512.jpg 768w, https:\/\/www.actionproject.es\/wp-content\/uploads\/2025\/07\/KPI-empresa-18x12.jpg 18w\" data-sizes=\"(max-width: 1200px) 100vw, 1200px\" src=\"data:image\/svg+xml;base64,PHN2ZyB3aWR0aD0iMSIgaGVpZ2h0PSIxIiB4bWxucz0iaHR0cDovL3d3dy53My5vcmcvMjAwMC9zdmciPjwvc3ZnPg==\" style=\"--smush-placeholder-width: 1200px; --smush-placeholder-aspect-ratio: 1200\/800;\" \/><\/div><\/a>\n\t\t\t\t<div class=\"elementor-post__badge\">Business strategy<\/div>\n\t\t\t\t<div class=\"elementor-post__text\">\n\t\t\t\t<h3 class=\"elementor-post__title\">\n\t\t\t<a href=\"https:\/\/www.actionproject.es\/en_gb\/blog\/que-son-los-kpi-de-una-empresa\/\" >\n\t\t\t\tWhat are the KPIS of a company?\t\t\t<\/a>\n\t\t<\/h3>\n\t\t\n\t\t<a class=\"elementor-post__read-more\" href=\"https:\/\/www.actionproject.es\/en_gb\/blog\/que-son-los-kpi-de-una-empresa\/\" aria-label=\"Read more about \u00bfQu\u00e9 son los KPI de una empresa?\" tabindex=\"-1\" >\n\t\t\tRead more &#034;\t\t<\/a>\n\n\t\t\t\t<\/div>\n\t\t\t\t<div class=\"elementor-post__meta-data\">\n\t\t\t\t\t<span class=\"elementor-post-date\">\n\t\t\t25 June 2024\t\t<\/span>\n\t\t\t\t<\/div>\n\t\t\t\t\t<\/div>\n\t\t<\/article>\n\t\t\t\t<article class=\"elementor-post elementor-grid-item post-817 post type-post status-publish format-standard has-post-thumbnail hentry category-estrategia-empresarial tag-empresa-familiar tag-profesionalizacion-de-empresa\" role=\"listitem\">\n\t\t\t<div class=\"elementor-post__card\">\n\t\t\t\t<a class=\"elementor-post__thumbnail__link\" href=\"https:\/\/www.actionproject.es\/en_gb\/blog\/aprendizajes-succession-empresa-familiar\/\" tabindex=\"-1\" ><div class=\"elementor-post__thumbnail\"><img decoding=\"async\" width=\"1200\" height=\"561\" data-src=\"https:\/\/www.actionproject.es\/wp-content\/uploads\/2025\/07\/sucession-empresa-familiar.jpg\" class=\"attachment-full size-full wp-image-1522 lazyload\" alt=\"\" data-srcset=\"https:\/\/www.actionproject.es\/wp-content\/uploads\/2025\/07\/sucession-empresa-familiar.jpg 1200w, https:\/\/www.actionproject.es\/wp-content\/uploads\/2025\/07\/sucession-empresa-familiar-300x140.jpg 300w, https:\/\/www.actionproject.es\/wp-content\/uploads\/2025\/07\/sucession-empresa-familiar-1024x479.jpg 1024w, https:\/\/www.actionproject.es\/wp-content\/uploads\/2025\/07\/sucession-empresa-familiar-768x359.jpg 768w, https:\/\/www.actionproject.es\/wp-content\/uploads\/2025\/07\/sucession-empresa-familiar-18x8.jpg 18w\" data-sizes=\"(max-width: 1200px) 100vw, 1200px\" src=\"data:image\/svg+xml;base64,PHN2ZyB3aWR0aD0iMSIgaGVpZ2h0PSIxIiB4bWxucz0iaHR0cDovL3d3dy53My5vcmcvMjAwMC9zdmciPjwvc3ZnPg==\" style=\"--smush-placeholder-width: 1200px; --smush-placeholder-aspect-ratio: 1200\/561;\" \/><\/div><\/a>\n\t\t\t\t<div class=\"elementor-post__badge\">Business strategy<\/div>\n\t\t\t\t<div class=\"elementor-post__text\">\n\t\t\t\t<h3 class=\"elementor-post__title\">\n\t\t\t<a href=\"https:\/\/www.actionproject.es\/en_gb\/blog\/aprendizajes-succession-empresa-familiar\/\" >\n\t\t\t\tLearnings from the series \u2018Succession\u2019 to the family business\t\t\t<\/a>\n\t\t<\/h3>\n\t\t\n\t\t<a class=\"elementor-post__read-more\" href=\"https:\/\/www.actionproject.es\/en_gb\/blog\/aprendizajes-succession-empresa-familiar\/\" aria-label=\"Read more about Aprendizajes de la serie \u2018Succession\u2019 para la empresa familiar\" tabindex=\"-1\" >\n\t\t\tRead more &#034;\t\t<\/a>\n\n\t\t\t\t<\/div>\n\t\t\t\t<div class=\"elementor-post__meta-data\">\n\t\t\t\t\t<span class=\"elementor-post-date\">\n\t\t\t11 June 2024\t\t<\/span>\n\t\t\t\t<\/div>\n\t\t\t\t\t<\/div>\n\t\t<\/article>\n\t\t\t\t<article class=\"elementor-post elementor-grid-item post-814 post type-post status-publish format-standard has-post-thumbnail hentry category-estrategia-empresarial tag-liderazgo-de-equipo tag-liderazgo-directivo tag-liderazgo-empresarial\" role=\"listitem\">\n\t\t\t<div class=\"elementor-post__card\">\n\t\t\t\t<a class=\"elementor-post__thumbnail__link\" href=\"https:\/\/www.actionproject.es\/en_gb\/blog\/liderazgo-profesional\/\" tabindex=\"-1\" ><div class=\"elementor-post__thumbnail\"><img decoding=\"async\" width=\"1200\" height=\"800\" data-src=\"https:\/\/www.actionproject.es\/wp-content\/uploads\/2025\/07\/liderazgo-empresarial.jpg\" class=\"attachment-full size-full wp-image-1479 lazyload\" alt=\"\" data-srcset=\"https:\/\/www.actionproject.es\/wp-content\/uploads\/2025\/07\/liderazgo-empresarial.jpg 1200w, https:\/\/www.actionproject.es\/wp-content\/uploads\/2025\/07\/liderazgo-empresarial-300x200.jpg 300w, https:\/\/www.actionproject.es\/wp-content\/uploads\/2025\/07\/liderazgo-empresarial-1024x683.jpg 1024w, https:\/\/www.actionproject.es\/wp-content\/uploads\/2025\/07\/liderazgo-empresarial-768x512.jpg 768w, https:\/\/www.actionproject.es\/wp-content\/uploads\/2025\/07\/liderazgo-empresarial-18x12.jpg 18w\" data-sizes=\"(max-width: 1200px) 100vw, 1200px\" src=\"data:image\/svg+xml;base64,PHN2ZyB3aWR0aD0iMSIgaGVpZ2h0PSIxIiB4bWxucz0iaHR0cDovL3d3dy53My5vcmcvMjAwMC9zdmciPjwvc3ZnPg==\" style=\"--smush-placeholder-width: 1200px; --smush-placeholder-aspect-ratio: 1200\/800;\" \/><\/div><\/a>\n\t\t\t\t<div class=\"elementor-post__badge\">Business strategy<\/div>\n\t\t\t\t<div class=\"elementor-post__text\">\n\t\t\t\t<h3 class=\"elementor-post__title\">\n\t\t\t<a href=\"https:\/\/www.actionproject.es\/en_gb\/blog\/liderazgo-profesional\/\" >\n\t\t\t\tWhat is the professional leadership?\t\t\t<\/a>\n\t\t<\/h3>\n\t\t\n\t\t<a class=\"elementor-post__read-more\" href=\"https:\/\/www.actionproject.es\/en_gb\/blog\/liderazgo-profesional\/\" aria-label=\"Read more about \u00bfEn qu\u00e9 consiste el liderazgo profesional?\" tabindex=\"-1\" >\n\t\t\tRead more &#034;\t\t<\/a>\n\n\t\t\t\t<\/div>\n\t\t\t\t<div class=\"elementor-post__meta-data\">\n\t\t\t\t\t<span class=\"elementor-post-date\">\n\t\t\t21 May 2024\t\t<\/span>\n\t\t\t\t<\/div>\n\t\t\t\t\t<\/div>\n\t\t<\/article>\n\t\t\t\t<article class=\"elementor-post elementor-grid-item post-811 post type-post status-publish format-standard has-post-thumbnail hentry category-estrategia-empresarial tag-delegar tag-equipo tag-organizacion-de-empresa\" role=\"listitem\">\n\t\t\t<div class=\"elementor-post__card\">\n\t\t\t\t<a class=\"elementor-post__thumbnail__link\" href=\"https:\/\/www.actionproject.es\/en_gb\/blog\/como-delegar-tareas\/\" tabindex=\"-1\" ><div class=\"elementor-post__thumbnail\"><img decoding=\"async\" width=\"1200\" height=\"800\" data-src=\"https:\/\/www.actionproject.es\/wp-content\/uploads\/2025\/07\/como-delegar-tareas.jpg\" class=\"attachment-full size-full wp-image-1407 lazyload\" alt=\"\" data-srcset=\"https:\/\/www.actionproject.es\/wp-content\/uploads\/2025\/07\/como-delegar-tareas.jpg 1200w, https:\/\/www.actionproject.es\/wp-content\/uploads\/2025\/07\/como-delegar-tareas-300x200.jpg 300w, https:\/\/www.actionproject.es\/wp-content\/uploads\/2025\/07\/como-delegar-tareas-1024x683.jpg 1024w, https:\/\/www.actionproject.es\/wp-content\/uploads\/2025\/07\/como-delegar-tareas-768x512.jpg 768w, https:\/\/www.actionproject.es\/wp-content\/uploads\/2025\/07\/como-delegar-tareas-18x12.jpg 18w\" data-sizes=\"(max-width: 1200px) 100vw, 1200px\" src=\"data:image\/svg+xml;base64,PHN2ZyB3aWR0aD0iMSIgaGVpZ2h0PSIxIiB4bWxucz0iaHR0cDovL3d3dy53My5vcmcvMjAwMC9zdmciPjwvc3ZnPg==\" style=\"--smush-placeholder-width: 1200px; --smush-placeholder-aspect-ratio: 1200\/800;\" \/><\/div><\/a>\n\t\t\t\t<div class=\"elementor-post__badge\">Business strategy<\/div>\n\t\t\t\t<div class=\"elementor-post__text\">\n\t\t\t\t<h3 class=\"elementor-post__title\">\n\t\t\t<a href=\"https:\/\/www.actionproject.es\/en_gb\/blog\/como-delegar-tareas\/\" >\n\t\t\t\tHow to delegate tasks in your business and its importance\t\t\t<\/a>\n\t\t<\/h3>\n\t\t\n\t\t<a class=\"elementor-post__read-more\" href=\"https:\/\/www.actionproject.es\/en_gb\/blog\/como-delegar-tareas\/\" aria-label=\"Read more about C\u00f3mo delegar tareas en tu empresa y su importancia\" tabindex=\"-1\" >\n\t\t\tRead more &#034;\t\t<\/a>\n\n\t\t\t\t<\/div>\n\t\t\t\t<div class=\"elementor-post__meta-data\">\n\t\t\t\t\t<span class=\"elementor-post-date\">\n\t\t\t7 May 2024\t\t<\/span>\n\t\t\t\t<\/div>\n\t\t\t\t\t<\/div>\n\t\t<\/article>\n\t\t\t\t<article class=\"elementor-post elementor-grid-item post-808 post type-post status-publish format-standard has-post-thumbnail hentry category-estrategia-empresarial tag-gestion-de-negocios tag-gestion-de-procesos tag-gestion-de-proyectos-empresariales\" role=\"listitem\">\n\t\t\t<div class=\"elementor-post__card\">\n\t\t\t\t<a class=\"elementor-post__thumbnail__link\" href=\"https:\/\/www.actionproject.es\/en_gb\/blog\/empresa-proactiva\/\" tabindex=\"-1\" ><div class=\"elementor-post__thumbnail\"><img decoding=\"async\" width=\"1200\" height=\"800\" data-src=\"https:\/\/www.actionproject.es\/wp-content\/uploads\/2025\/07\/proactividad-en-una-empresa.jpg\" class=\"attachment-full size-full wp-image-1505 lazyload\" alt=\"\" data-srcset=\"https:\/\/www.actionproject.es\/wp-content\/uploads\/2025\/07\/proactividad-en-una-empresa.jpg 1200w, https:\/\/www.actionproject.es\/wp-content\/uploads\/2025\/07\/proactividad-en-una-empresa-300x200.jpg 300w, https:\/\/www.actionproject.es\/wp-content\/uploads\/2025\/07\/proactividad-en-una-empresa-1024x683.jpg 1024w, https:\/\/www.actionproject.es\/wp-content\/uploads\/2025\/07\/proactividad-en-una-empresa-768x512.jpg 768w, https:\/\/www.actionproject.es\/wp-content\/uploads\/2025\/07\/proactividad-en-una-empresa-18x12.jpg 18w\" data-sizes=\"(max-width: 1200px) 100vw, 1200px\" src=\"data:image\/svg+xml;base64,PHN2ZyB3aWR0aD0iMSIgaGVpZ2h0PSIxIiB4bWxucz0iaHR0cDovL3d3dy53My5vcmcvMjAwMC9zdmciPjwvc3ZnPg==\" style=\"--smush-placeholder-width: 1200px; --smush-placeholder-aspect-ratio: 1200\/800;\" \/><\/div><\/a>\n\t\t\t\t<div class=\"elementor-post__badge\">Business strategy<\/div>\n\t\t\t\t<div class=\"elementor-post__text\">\n\t\t\t\t<h3 class=\"elementor-post__title\">\n\t\t\t<a href=\"https:\/\/www.actionproject.es\/en_gb\/blog\/empresa-proactiva\/\" >\n\t\t\t\tWhat are the benefits of being a proactive company?\t\t\t<\/a>\n\t\t<\/h3>\n\t\t\n\t\t<a class=\"elementor-post__read-more\" href=\"https:\/\/www.actionproject.es\/en_gb\/blog\/empresa-proactiva\/\" aria-label=\"Read more about \u00bfCu\u00e1les son las ventajas de ser una empresa proactiva?\" tabindex=\"-1\" >\n\t\t\tRead more &#034;\t\t<\/a>\n\n\t\t\t\t<\/div>\n\t\t\t\t<div class=\"elementor-post__meta-data\">\n\t\t\t\t\t<span class=\"elementor-post-date\">\n\t\t\t23 de April de 2024\t\t<\/span>\n\t\t\t\t<\/div>\n\t\t\t\t\t<\/div>\n\t\t<\/article>\n\t\t\t\t<article class=\"elementor-post elementor-grid-item post-805 post type-post status-publish format-standard has-post-thumbnail hentry category-estrategia-empresarial tag-gestion-de-proyectos tag-proyecto-empresarial\" role=\"listitem\">\n\t\t\t<div class=\"elementor-post__card\">\n\t\t\t\t<a class=\"elementor-post__thumbnail__link\" href=\"https:\/\/www.actionproject.es\/en_gb\/blog\/viabilidad-de-un-proyecto\/\" tabindex=\"-1\" ><div class=\"elementor-post__thumbnail\"><img decoding=\"async\" width=\"1200\" height=\"696\" data-src=\"https:\/\/www.actionproject.es\/wp-content\/uploads\/2025\/07\/viabilidad-de-un-proyecto.jpg\" class=\"attachment-full size-full wp-image-1531 lazyload\" alt=\"\" data-srcset=\"https:\/\/www.actionproject.es\/wp-content\/uploads\/2025\/07\/viabilidad-de-un-proyecto.jpg 1200w, https:\/\/www.actionproject.es\/wp-content\/uploads\/2025\/07\/viabilidad-de-un-proyecto-300x174.jpg 300w, https:\/\/www.actionproject.es\/wp-content\/uploads\/2025\/07\/viabilidad-de-un-proyecto-1024x594.jpg 1024w, https:\/\/www.actionproject.es\/wp-content\/uploads\/2025\/07\/viabilidad-de-un-proyecto-768x445.jpg 768w, https:\/\/www.actionproject.es\/wp-content\/uploads\/2025\/07\/viabilidad-de-un-proyecto-18x10.jpg 18w\" data-sizes=\"(max-width: 1200px) 100vw, 1200px\" src=\"data:image\/svg+xml;base64,PHN2ZyB3aWR0aD0iMSIgaGVpZ2h0PSIxIiB4bWxucz0iaHR0cDovL3d3dy53My5vcmcvMjAwMC9zdmciPjwvc3ZnPg==\" style=\"--smush-placeholder-width: 1200px; --smush-placeholder-aspect-ratio: 1200\/696;\" \/><\/div><\/a>\n\t\t\t\t<div class=\"elementor-post__badge\">Business strategy<\/div>\n\t\t\t\t<div class=\"elementor-post__text\">\n\t\t\t\t<h3 class=\"elementor-post__title\">\n\t\t\t<a href=\"https:\/\/www.actionproject.es\/en_gb\/blog\/viabilidad-de-un-proyecto\/\" >\n\t\t\t\tHow to know the viability of a project\t\t\t<\/a>\n\t\t<\/h3>\n\t\t\n\t\t<a class=\"elementor-post__read-more\" href=\"https:\/\/www.actionproject.es\/en_gb\/blog\/viabilidad-de-un-proyecto\/\" aria-label=\"Read more about C\u00f3mo conocer la viabilidad de un proyecto\" tabindex=\"-1\" >\n\t\t\tRead more &#034;\t\t<\/a>\n\n\t\t\t\t<\/div>\n\t\t\t\t<div class=\"elementor-post__meta-data\">\n\t\t\t\t\t<span class=\"elementor-post-date\">\n\t\t\t9 April 2024\t\t<\/span>\n\t\t\t\t<\/div>\n\t\t\t\t\t<\/div>\n\t\t<\/article>\n\t\t\t\t<article class=\"elementor-post elementor-grid-item post-802 post type-post status-publish format-standard has-post-thumbnail hentry category-estrategia-empresarial tag-gestion-de-proyectos tag-gestion-de-proyectos-empresariales tag-productividad tag-productividad-de-empresa\" role=\"listitem\">\n\t\t\t<div class=\"elementor-post__card\">\n\t\t\t\t<a class=\"elementor-post__thumbnail__link\" href=\"https:\/\/www.actionproject.es\/en_gb\/blog\/cuello-de-botella-de-una-empresa\/\" tabindex=\"-1\" ><div class=\"elementor-post__thumbnail\"><img decoding=\"async\" width=\"1200\" height=\"669\" data-src=\"https:\/\/www.actionproject.es\/wp-content\/uploads\/2025\/07\/cuello-de-botella-de-una-empresa.jpg\" class=\"attachment-full size-full wp-image-1427 lazyload\" alt=\"\" data-srcset=\"https:\/\/www.actionproject.es\/wp-content\/uploads\/2025\/07\/cuello-de-botella-de-una-empresa.jpg 1200w, https:\/\/www.actionproject.es\/wp-content\/uploads\/2025\/07\/cuello-de-botella-de-una-empresa-300x167.jpg 300w, https:\/\/www.actionproject.es\/wp-content\/uploads\/2025\/07\/cuello-de-botella-de-una-empresa-1024x571.jpg 1024w, https:\/\/www.actionproject.es\/wp-content\/uploads\/2025\/07\/cuello-de-botella-de-una-empresa-768x428.jpg 768w, https:\/\/www.actionproject.es\/wp-content\/uploads\/2025\/07\/cuello-de-botella-de-una-empresa-18x10.jpg 18w\" data-sizes=\"(max-width: 1200px) 100vw, 1200px\" src=\"data:image\/svg+xml;base64,PHN2ZyB3aWR0aD0iMSIgaGVpZ2h0PSIxIiB4bWxucz0iaHR0cDovL3d3dy53My5vcmcvMjAwMC9zdmciPjwvc3ZnPg==\" style=\"--smush-placeholder-width: 1200px; --smush-placeholder-aspect-ratio: 1200\/669;\" \/><\/div><\/a>\n\t\t\t\t<div class=\"elementor-post__badge\">Business strategy<\/div>\n\t\t\t\t<div class=\"elementor-post__text\">\n\t\t\t\t<h3 class=\"elementor-post__title\">\n\t\t\t<a href=\"https:\/\/www.actionproject.es\/en_gb\/blog\/cuello-de-botella-de-una-empresa\/\" >\n\t\t\t\tWhat is the bottleneck of a company?\t\t\t<\/a>\n\t\t<\/h3>\n\t\t\n\t\t<a class=\"elementor-post__read-more\" href=\"https:\/\/www.actionproject.es\/en_gb\/blog\/cuello-de-botella-de-una-empresa\/\" aria-label=\"Read more about \u00bfQu\u00e9 es el cuello de botella de una empresa?\" tabindex=\"-1\" >\n\t\t\tRead more &#034;\t\t<\/a>\n\n\t\t\t\t<\/div>\n\t\t\t\t<div class=\"elementor-post__meta-data\">\n\t\t\t\t\t<span class=\"elementor-post-date\">\n\t\t\t18 March 2024\t\t<\/span>\n\t\t\t\t<\/div>\n\t\t\t\t\t<\/div>\n\t\t<\/article>\n\t\t\t\t<article class=\"elementor-post elementor-grid-item post-799 post type-post status-publish format-standard has-post-thumbnail hentry category-estrategia-empresarial\" role=\"listitem\">\n\t\t\t<div class=\"elementor-post__card\">\n\t\t\t\t<a class=\"elementor-post__thumbnail__link\" href=\"https:\/\/www.actionproject.es\/en_gb\/blog\/errores-de-liderazgo\/\" tabindex=\"-1\" ><div class=\"elementor-post__thumbnail\"><img decoding=\"async\" width=\"1200\" height=\"800\" data-src=\"https:\/\/www.actionproject.es\/wp-content\/uploads\/2025\/07\/errores-en-el-liderazgo.jpg\" class=\"attachment-full size-full wp-image-1442 lazyload\" alt=\"\" data-srcset=\"https:\/\/www.actionproject.es\/wp-content\/uploads\/2025\/07\/errores-en-el-liderazgo.jpg 1200w, https:\/\/www.actionproject.es\/wp-content\/uploads\/2025\/07\/errores-en-el-liderazgo-300x200.jpg 300w, https:\/\/www.actionproject.es\/wp-content\/uploads\/2025\/07\/errores-en-el-liderazgo-1024x683.jpg 1024w, https:\/\/www.actionproject.es\/wp-content\/uploads\/2025\/07\/errores-en-el-liderazgo-768x512.jpg 768w, https:\/\/www.actionproject.es\/wp-content\/uploads\/2025\/07\/errores-en-el-liderazgo-18x12.jpg 18w\" data-sizes=\"(max-width: 1200px) 100vw, 1200px\" src=\"data:image\/svg+xml;base64,PHN2ZyB3aWR0aD0iMSIgaGVpZ2h0PSIxIiB4bWxucz0iaHR0cDovL3d3dy53My5vcmcvMjAwMC9zdmciPjwvc3ZnPg==\" style=\"--smush-placeholder-width: 1200px; --smush-placeholder-aspect-ratio: 1200\/800;\" \/><\/div><\/a>\n\t\t\t\t<div class=\"elementor-post__badge\">Business strategy<\/div>\n\t\t\t\t<div class=\"elementor-post__text\">\n\t\t\t\t<h3 class=\"elementor-post__title\">\n\t\t\t<a href=\"https:\/\/www.actionproject.es\/en_gb\/blog\/errores-de-liderazgo\/\" >\n\t\t\t\tErrors of leadership most common that are detrimental to your company\t\t\t<\/a>\n\t\t<\/h3>\n\t\t\n\t\t<a class=\"elementor-post__read-more\" href=\"https:\/\/www.actionproject.es\/en_gb\/blog\/errores-de-liderazgo\/\" aria-label=\"Read more about Errores de liderazgo m\u00e1s comunes que perjudican a tu empresa\" tabindex=\"-1\" >\n\t\t\tRead more &#034;\t\t<\/a>\n\n\t\t\t\t<\/div>\n\t\t\t\t<div class=\"elementor-post__meta-data\">\n\t\t\t\t\t<span class=\"elementor-post-date\">\n\t\t\t4 March 2024\t\t<\/span>\n\t\t\t\t<\/div>\n\t\t\t\t\t<\/div>\n\t\t<\/article>\n\t\t\t\t<article class=\"elementor-post elementor-grid-item post-796 post type-post status-publish format-standard has-post-thumbnail hentry category-estrategia-empresarial tag-alta-direccion tag-liderar-un-equipo tag-liderazgo-empresarial\" role=\"listitem\">\n\t\t\t<div class=\"elementor-post__card\">\n\t\t\t\t<a class=\"elementor-post__thumbnail__link\" href=\"https:\/\/www.actionproject.es\/en_gb\/blog\/contrato-de-alta-direccion\/\" tabindex=\"-1\" ><div class=\"elementor-post__thumbnail\"><img decoding=\"async\" width=\"1200\" height=\"800\" data-src=\"https:\/\/www.actionproject.es\/wp-content\/uploads\/2025\/07\/alta-direccion.jpg\" class=\"attachment-full size-full wp-image-1400 lazyload\" alt=\"\" data-srcset=\"https:\/\/www.actionproject.es\/wp-content\/uploads\/2025\/07\/alta-direccion.jpg 1200w, https:\/\/www.actionproject.es\/wp-content\/uploads\/2025\/07\/alta-direccion-300x200.jpg 300w, https:\/\/www.actionproject.es\/wp-content\/uploads\/2025\/07\/alta-direccion-1024x683.jpg 1024w, https:\/\/www.actionproject.es\/wp-content\/uploads\/2025\/07\/alta-direccion-768x512.jpg 768w, https:\/\/www.actionproject.es\/wp-content\/uploads\/2025\/07\/alta-direccion-18x12.jpg 18w\" data-sizes=\"(max-width: 1200px) 100vw, 1200px\" src=\"data:image\/svg+xml;base64,PHN2ZyB3aWR0aD0iMSIgaGVpZ2h0PSIxIiB4bWxucz0iaHR0cDovL3d3dy53My5vcmcvMjAwMC9zdmciPjwvc3ZnPg==\" style=\"--smush-placeholder-width: 1200px; --smush-placeholder-aspect-ratio: 1200\/800;\" \/><\/div><\/a>\n\t\t\t\t<div class=\"elementor-post__badge\">Business strategy<\/div>\n\t\t\t\t<div class=\"elementor-post__text\">\n\t\t\t\t<h3 class=\"elementor-post__title\">\n\t\t\t<a href=\"https:\/\/www.actionproject.es\/en_gb\/blog\/contrato-de-alta-direccion\/\" >\n\t\t\t\tDo you plan to make a contract address?\t\t\t<\/a>\n\t\t<\/h3>\n\t\t\n\t\t<a class=\"elementor-post__read-more\" href=\"https:\/\/www.actionproject.es\/en_gb\/blog\/contrato-de-alta-direccion\/\" aria-label=\"Read more about \u00bfTe planteas hacer un contrato de alta direcci\u00f3n?\" tabindex=\"-1\" >\n\t\t\tRead more &#034;\t\t<\/a>\n\n\t\t\t\t<\/div>\n\t\t\t\t<div class=\"elementor-post__meta-data\">\n\t\t\t\t\t<span class=\"elementor-post-date\">\n\t\t\t20 February 2024\t\t<\/span>\n\t\t\t\t<\/div>\n\t\t\t\t\t<\/div>\n\t\t<\/article>\n\t\t\t\t<article class=\"elementor-post elementor-grid-item post-793 post type-post status-publish format-standard has-post-thumbnail hentry category-estrategia-empresarial tag-direccion tag-empresa-familiar tag-profesionalizacion-de-empresa\" role=\"listitem\">\n\t\t\t<div class=\"elementor-post__card\">\n\t\t\t\t<a class=\"elementor-post__thumbnail__link\" href=\"https:\/\/www.actionproject.es\/en_gb\/blog\/como-dirigir-una-empresa\/\" tabindex=\"-1\" ><div class=\"elementor-post__thumbnail\"><img decoding=\"async\" width=\"1200\" height=\"800\" data-src=\"https:\/\/www.actionproject.es\/wp-content\/uploads\/2025\/07\/como-dirigir-una-empresa-familiar.jpg\" class=\"attachment-full size-full wp-image-1408 lazyload\" alt=\"\" data-srcset=\"https:\/\/www.actionproject.es\/wp-content\/uploads\/2025\/07\/como-dirigir-una-empresa-familiar.jpg 1200w, https:\/\/www.actionproject.es\/wp-content\/uploads\/2025\/07\/como-dirigir-una-empresa-familiar-300x200.jpg 300w, https:\/\/www.actionproject.es\/wp-content\/uploads\/2025\/07\/como-dirigir-una-empresa-familiar-1024x683.jpg 1024w, https:\/\/www.actionproject.es\/wp-content\/uploads\/2025\/07\/como-dirigir-una-empresa-familiar-768x512.jpg 768w, https:\/\/www.actionproject.es\/wp-content\/uploads\/2025\/07\/como-dirigir-una-empresa-familiar-18x12.jpg 18w\" data-sizes=\"(max-width: 1200px) 100vw, 1200px\" src=\"data:image\/svg+xml;base64,PHN2ZyB3aWR0aD0iMSIgaGVpZ2h0PSIxIiB4bWxucz0iaHR0cDovL3d3dy53My5vcmcvMjAwMC9zdmciPjwvc3ZnPg==\" style=\"--smush-placeholder-width: 1200px; --smush-placeholder-aspect-ratio: 1200\/800;\" \/><\/div><\/a>\n\t\t\t\t<div class=\"elementor-post__badge\">Business strategy<\/div>\n\t\t\t\t<div class=\"elementor-post__text\">\n\t\t\t\t<h3 class=\"elementor-post__title\">\n\t\t\t<a href=\"https:\/\/www.actionproject.es\/en_gb\/blog\/como-dirigir-una-empresa\/\" >\n\t\t\t\tHow to run a family business? &#039;ll give you the keys\t\t\t<\/a>\n\t\t<\/h3>\n\t\t\n\t\t<a class=\"elementor-post__read-more\" href=\"https:\/\/www.actionproject.es\/en_gb\/blog\/como-dirigir-una-empresa\/\" aria-label=\"Read more about \u00bfC\u00f3mo dirigir una empresa familiar? Te damos las claves\" tabindex=\"-1\" >\n\t\t\tRead more &#034;\t\t<\/a>\n\n\t\t\t\t<\/div>\n\t\t\t\t<div class=\"elementor-post__meta-data\">\n\t\t\t\t\t<span class=\"elementor-post-date\">\n\t\t\t6 February 2024\t\t<\/span>\n\t\t\t\t<\/div>\n\t\t\t\t\t<\/div>\n\t\t<\/article>\n\t\t\t\t<article class=\"elementor-post elementor-grid-item post-790 post type-post status-publish format-standard has-post-thumbnail hentry category-estrategia-empresarial tag-gestion-de-empresas tag-gestion-de-negocios tag-gestion-de-procesos\" role=\"listitem\">\n\t\t\t<div class=\"elementor-post__card\">\n\t\t\t\t<a class=\"elementor-post__thumbnail__link\" href=\"https:\/\/www.actionproject.es\/en_gb\/blog\/gestion-empresarial\/\" tabindex=\"-1\" ><div class=\"elementor-post__thumbnail\"><img decoding=\"async\" width=\"1200\" height=\"687\" data-src=\"https:\/\/www.actionproject.es\/wp-content\/uploads\/2025\/07\/gestion-empresarial.jpg\" class=\"attachment-full size-full wp-image-1455 lazyload\" alt=\"\" data-srcset=\"https:\/\/www.actionproject.es\/wp-content\/uploads\/2025\/07\/gestion-empresarial.jpg 1200w, https:\/\/www.actionproject.es\/wp-content\/uploads\/2025\/07\/gestion-empresarial-300x172.jpg 300w, https:\/\/www.actionproject.es\/wp-content\/uploads\/2025\/07\/gestion-empresarial-1024x586.jpg 1024w, https:\/\/www.actionproject.es\/wp-content\/uploads\/2025\/07\/gestion-empresarial-768x440.jpg 768w, https:\/\/www.actionproject.es\/wp-content\/uploads\/2025\/07\/gestion-empresarial-18x10.jpg 18w\" data-sizes=\"(max-width: 1200px) 100vw, 1200px\" src=\"data:image\/svg+xml;base64,PHN2ZyB3aWR0aD0iMSIgaGVpZ2h0PSIxIiB4bWxucz0iaHR0cDovL3d3dy53My5vcmcvMjAwMC9zdmciPjwvc3ZnPg==\" style=\"--smush-placeholder-width: 1200px; --smush-placeholder-aspect-ratio: 1200\/687;\" \/><\/div><\/a>\n\t\t\t\t<div class=\"elementor-post__badge\">Business strategy<\/div>\n\t\t\t\t<div class=\"elementor-post__text\">\n\t\t\t\t<h3 class=\"elementor-post__title\">\n\t\t\t<a href=\"https:\/\/www.actionproject.es\/en_gb\/blog\/gestion-empresarial\/\" >\n\t\t\t\tThe business management as a key to the success of your business\t\t\t<\/a>\n\t\t<\/h3>\n\t\t\n\t\t<a class=\"elementor-post__read-more\" href=\"https:\/\/www.actionproject.es\/en_gb\/blog\/gestion-empresarial\/\" aria-label=\"Read more about La gesti\u00f3n empresarial como clave para el \u00e9xito de tu negocio\" tabindex=\"-1\" >\n\t\t\tRead more &#034;\t\t<\/a>\n\n\t\t\t\t<\/div>\n\t\t\t\t<div class=\"elementor-post__meta-data\">\n\t\t\t\t\t<span class=\"elementor-post-date\">\n\t\t\t23 January 2024\t\t<\/span>\n\t\t\t\t<\/div>\n\t\t\t\t\t<\/div>\n\t\t<\/article>\n\t\t\t\t<article class=\"elementor-post elementor-grid-item post-787 post type-post status-publish format-standard has-post-thumbnail hentry category-estrategia-empresarial tag-consultor-de-negocios tag-riesgo-empresarial tag-toma-decisiones-empresa\" role=\"listitem\">\n\t\t\t<div class=\"elementor-post__card\">\n\t\t\t\t<a class=\"elementor-post__thumbnail__link\" href=\"https:\/\/www.actionproject.es\/en_gb\/blog\/riesgos-empresariales\/\" tabindex=\"-1\" ><div class=\"elementor-post__thumbnail\"><img decoding=\"async\" width=\"1200\" height=\"763\" data-src=\"https:\/\/www.actionproject.es\/wp-content\/uploads\/2025\/07\/riesgos-empresariales.jpg\" class=\"attachment-full size-full wp-image-1516 lazyload\" alt=\"\" data-srcset=\"https:\/\/www.actionproject.es\/wp-content\/uploads\/2025\/07\/riesgos-empresariales.jpg 1200w, https:\/\/www.actionproject.es\/wp-content\/uploads\/2025\/07\/riesgos-empresariales-300x191.jpg 300w, https:\/\/www.actionproject.es\/wp-content\/uploads\/2025\/07\/riesgos-empresariales-1024x651.jpg 1024w, https:\/\/www.actionproject.es\/wp-content\/uploads\/2025\/07\/riesgos-empresariales-768x488.jpg 768w, https:\/\/www.actionproject.es\/wp-content\/uploads\/2025\/07\/riesgos-empresariales-18x12.jpg 18w\" data-sizes=\"(max-width: 1200px) 100vw, 1200px\" src=\"data:image\/svg+xml;base64,PHN2ZyB3aWR0aD0iMSIgaGVpZ2h0PSIxIiB4bWxucz0iaHR0cDovL3d3dy53My5vcmcvMjAwMC9zdmciPjwvc3ZnPg==\" style=\"--smush-placeholder-width: 1200px; --smush-placeholder-aspect-ratio: 1200\/763;\" \/><\/div><\/a>\n\t\t\t\t<div class=\"elementor-post__badge\">Business strategy<\/div>\n\t\t\t\t<div class=\"elementor-post__text\">\n\t\t\t\t<h3 class=\"elementor-post__title\">\n\t\t\t<a href=\"https:\/\/www.actionproject.es\/en_gb\/blog\/riesgos-empresariales\/\" >\n\t\t\t\tHow do you minimize the business risks?\t\t\t<\/a>\n\t\t<\/h3>\n\t\t\n\t\t<a class=\"elementor-post__read-more\" href=\"https:\/\/www.actionproject.es\/en_gb\/blog\/riesgos-empresariales\/\" aria-label=\"Read more about \u00bfC\u00f3mo minimizar los riesgos empresariales?\" tabindex=\"-1\" >\n\t\t\tRead more &#034;\t\t<\/a>\n\n\t\t\t\t<\/div>\n\t\t\t\t<div class=\"elementor-post__meta-data\">\n\t\t\t\t\t<span class=\"elementor-post-date\">\n\t\t\t9 January 2024\t\t<\/span>\n\t\t\t\t<\/div>\n\t\t\t\t\t<\/div>\n\t\t<\/article>\n\t\t\t\t<article class=\"elementor-post elementor-grid-item post-1373 post type-post status-publish format-standard has-post-thumbnail hentry category-estrategia-empresarial tag-liderar-un-equipo tag-liderazgo-directivo tag-liderazgo-empresarial\" role=\"listitem\">\n\t\t\t<div class=\"elementor-post__card\">\n\t\t\t\t<a class=\"elementor-post__thumbnail__link\" href=\"https:\/\/www.actionproject.es\/en_gb\/blog\/lecciones-liderazgo-steve-jobs\/\" tabindex=\"-1\" ><div class=\"elementor-post__thumbnail\"><img decoding=\"async\" width=\"1200\" height=\"900\" data-src=\"https:\/\/www.actionproject.es\/wp-content\/uploads\/2025\/07\/liderazgo-steve-jobs.jpg\" class=\"attachment-full size-full wp-image-1483 lazyload\" alt=\"\" data-srcset=\"https:\/\/www.actionproject.es\/wp-content\/uploads\/2025\/07\/liderazgo-steve-jobs.jpg 1200w, https:\/\/www.actionproject.es\/wp-content\/uploads\/2025\/07\/liderazgo-steve-jobs-300x225.jpg 300w, https:\/\/www.actionproject.es\/wp-content\/uploads\/2025\/07\/liderazgo-steve-jobs-1024x768.jpg 1024w, https:\/\/www.actionproject.es\/wp-content\/uploads\/2025\/07\/liderazgo-steve-jobs-768x576.jpg 768w, https:\/\/www.actionproject.es\/wp-content\/uploads\/2025\/07\/liderazgo-steve-jobs-16x12.jpg 16w\" data-sizes=\"(max-width: 1200px) 100vw, 1200px\" src=\"data:image\/svg+xml;base64,PHN2ZyB3aWR0aD0iMSIgaGVpZ2h0PSIxIiB4bWxucz0iaHR0cDovL3d3dy53My5vcmcvMjAwMC9zdmciPjwvc3ZnPg==\" style=\"--smush-placeholder-width: 1200px; --smush-placeholder-aspect-ratio: 1200\/900;\" \/><\/div><\/a>\n\t\t\t\t<div class=\"elementor-post__badge\">Business strategy<\/div>\n\t\t\t\t<div class=\"elementor-post__text\">\n\t\t\t\t<h3 class=\"elementor-post__title\">\n\t\t\t<a href=\"https:\/\/www.actionproject.es\/en_gb\/blog\/lecciones-liderazgo-steve-jobs\/\" >\n\t\t\t\t5 lecciones de liderazgo que nos deja la pel\u00edcula de Steve Jobs\t\t\t<\/a>\n\t\t<\/h3>\n\t\t\n\t\t<a class=\"elementor-post__read-more\" href=\"https:\/\/www.actionproject.es\/en_gb\/blog\/lecciones-liderazgo-steve-jobs\/\" aria-label=\"Read more about 5 lecciones de liderazgo que nos deja la pel\u00edcula de Steve Jobs\" tabindex=\"-1\" >\n\t\t\tRead more &#034;\t\t<\/a>\n\n\t\t\t\t<\/div>\n\t\t\t\t<div class=\"elementor-post__meta-data\">\n\t\t\t\t\t<span class=\"elementor-post-date\">\n\t\t\t18 de December de 2023\t\t<\/span>\n\t\t\t\t<\/div>\n\t\t\t\t\t<\/div>\n\t\t<\/article>\n\t\t\t\t<article class=\"elementor-post elementor-grid-item post-1372 post type-post status-publish format-standard has-post-thumbnail hentry category-estrategia-empresarial tag-liderazgo-de-equipo tag-liderazgo-directivo tag-liderazgo-empresarial\" role=\"listitem\">\n\t\t\t<div class=\"elementor-post__card\">\n\t\t\t\t<a class=\"elementor-post__thumbnail__link\" href=\"https:\/\/www.actionproject.es\/en_gb\/blog\/liderazgo-etico\/\" tabindex=\"-1\" ><div class=\"elementor-post__thumbnail\"><img decoding=\"async\" width=\"1200\" height=\"800\" data-src=\"https:\/\/www.actionproject.es\/wp-content\/uploads\/2025\/07\/liderazgo-etico.jpg\" class=\"attachment-full size-full wp-image-1481 lazyload\" alt=\"\" data-srcset=\"https:\/\/www.actionproject.es\/wp-content\/uploads\/2025\/07\/liderazgo-etico.jpg 1200w, https:\/\/www.actionproject.es\/wp-content\/uploads\/2025\/07\/liderazgo-etico-300x200.jpg 300w, https:\/\/www.actionproject.es\/wp-content\/uploads\/2025\/07\/liderazgo-etico-1024x683.jpg 1024w, https:\/\/www.actionproject.es\/wp-content\/uploads\/2025\/07\/liderazgo-etico-768x512.jpg 768w, https:\/\/www.actionproject.es\/wp-content\/uploads\/2025\/07\/liderazgo-etico-18x12.jpg 18w\" data-sizes=\"(max-width: 1200px) 100vw, 1200px\" src=\"data:image\/svg+xml;base64,PHN2ZyB3aWR0aD0iMSIgaGVpZ2h0PSIxIiB4bWxucz0iaHR0cDovL3d3dy53My5vcmcvMjAwMC9zdmciPjwvc3ZnPg==\" style=\"--smush-placeholder-width: 1200px; --smush-placeholder-aspect-ratio: 1200\/800;\" \/><\/div><\/a>\n\t\t\t\t<div class=\"elementor-post__badge\">Business strategy<\/div>\n\t\t\t\t<div class=\"elementor-post__text\">\n\t\t\t\t<h3 class=\"elementor-post__title\">\n\t\t\t<a href=\"https:\/\/www.actionproject.es\/en_gb\/blog\/liderazgo-etico\/\" >\n\t\t\t\tC\u00f3mo el liderazgo \u00e9tico puede marcar la diferencia en tu empresa\t\t\t<\/a>\n\t\t<\/h3>\n\t\t\n\t\t<a class=\"elementor-post__read-more\" href=\"https:\/\/www.actionproject.es\/en_gb\/blog\/liderazgo-etico\/\" aria-label=\"Read more about C\u00f3mo el liderazgo \u00e9tico puede marcar la diferencia en tu empresa\" tabindex=\"-1\" >\n\t\t\tRead more &#034;\t\t<\/a>\n\n\t\t\t\t<\/div>\n\t\t\t\t<div class=\"elementor-post__meta-data\">\n\t\t\t\t\t<span class=\"elementor-post-date\">\n\t\t\t5 de December de 2023\t\t<\/span>\n\t\t\t\t<\/div>\n\t\t\t\t\t<\/div>\n\t\t<\/article>\n\t\t\t\t<article class=\"elementor-post elementor-grid-item post-1371 post type-post status-publish format-standard has-post-thumbnail hentry category-estrategia-empresarial tag-competitividad-empresarial\" role=\"listitem\">\n\t\t\t<div class=\"elementor-post__card\">\n\t\t\t\t<a class=\"elementor-post__thumbnail__link\" href=\"https:\/\/www.actionproject.es\/en_gb\/blog\/competitividad-empresarial\/\" tabindex=\"-1\" ><div class=\"elementor-post__thumbnail\"><img decoding=\"async\" width=\"1200\" height=\"800\" data-src=\"https:\/\/www.actionproject.es\/wp-content\/uploads\/2025\/07\/competitividad-y-estrategia-empresarial.jpg\" class=\"attachment-full size-full wp-image-1412 lazyload\" alt=\"\" data-srcset=\"https:\/\/www.actionproject.es\/wp-content\/uploads\/2025\/07\/competitividad-y-estrategia-empresarial.jpg 1200w, https:\/\/www.actionproject.es\/wp-content\/uploads\/2025\/07\/competitividad-y-estrategia-empresarial-300x200.jpg 300w, https:\/\/www.actionproject.es\/wp-content\/uploads\/2025\/07\/competitividad-y-estrategia-empresarial-1024x683.jpg 1024w, https:\/\/www.actionproject.es\/wp-content\/uploads\/2025\/07\/competitividad-y-estrategia-empresarial-768x512.jpg 768w, https:\/\/www.actionproject.es\/wp-content\/uploads\/2025\/07\/competitividad-y-estrategia-empresarial-18x12.jpg 18w\" data-sizes=\"(max-width: 1200px) 100vw, 1200px\" src=\"data:image\/svg+xml;base64,PHN2ZyB3aWR0aD0iMSIgaGVpZ2h0PSIxIiB4bWxucz0iaHR0cDovL3d3dy53My5vcmcvMjAwMC9zdmciPjwvc3ZnPg==\" style=\"--smush-placeholder-width: 1200px; --smush-placeholder-aspect-ratio: 1200\/800;\" \/><\/div><\/a>\n\t\t\t\t<div class=\"elementor-post__badge\">Business strategy<\/div>\n\t\t\t\t<div class=\"elementor-post__text\">\n\t\t\t\t<h3 class=\"elementor-post__title\">\n\t\t\t<a href=\"https:\/\/www.actionproject.es\/en_gb\/blog\/competitividad-empresarial\/\" >\n\t\t\t\t\u00bfC\u00f3mo aumentar la competitividad empresarial?\t\t\t<\/a>\n\t\t<\/h3>\n\t\t\n\t\t<a class=\"elementor-post__read-more\" href=\"https:\/\/www.actionproject.es\/en_gb\/blog\/competitividad-empresarial\/\" aria-label=\"Read more about \u00bfC\u00f3mo aumentar la competitividad empresarial?\" tabindex=\"-1\" >\n\t\t\tRead more &#034;\t\t<\/a>\n\n\t\t\t\t<\/div>\n\t\t\t\t<div class=\"elementor-post__meta-data\">\n\t\t\t\t\t<span class=\"elementor-post-date\">\n\t\t\t21 de November de 2023\t\t<\/span>\n\t\t\t\t<\/div>\n\t\t\t\t\t<\/div>\n\t\t<\/article>\n\t\t\t\t<article class=\"elementor-post elementor-grid-item post-1370 post type-post status-publish format-standard has-post-thumbnail hentry category-estrategia-empresarial tag-liderazgo-de-equipo tag-organizacion-de-empresa\" role=\"listitem\">\n\t\t\t<div class=\"elementor-post__card\">\n\t\t\t\t<a class=\"elementor-post__thumbnail__link\" href=\"https:\/\/www.actionproject.es\/en_gb\/blog\/como-mejorar-la-organizacion-de-una-empresa\/\" tabindex=\"-1\" ><div class=\"elementor-post__thumbnail\"><img decoding=\"async\" width=\"1200\" height=\"720\" data-src=\"https:\/\/www.actionproject.es\/wp-content\/uploads\/2025\/07\/como-mejorar-la-organizacion-en-una-empresa.jpg\" class=\"attachment-full size-full wp-image-1409 lazyload\" alt=\"\" data-srcset=\"https:\/\/www.actionproject.es\/wp-content\/uploads\/2025\/07\/como-mejorar-la-organizacion-en-una-empresa.jpg 1200w, https:\/\/www.actionproject.es\/wp-content\/uploads\/2025\/07\/como-mejorar-la-organizacion-en-una-empresa-300x180.jpg 300w, https:\/\/www.actionproject.es\/wp-content\/uploads\/2025\/07\/como-mejorar-la-organizacion-en-una-empresa-1024x614.jpg 1024w, https:\/\/www.actionproject.es\/wp-content\/uploads\/2025\/07\/como-mejorar-la-organizacion-en-una-empresa-768x461.jpg 768w, https:\/\/www.actionproject.es\/wp-content\/uploads\/2025\/07\/como-mejorar-la-organizacion-en-una-empresa-18x12.jpg 18w\" data-sizes=\"(max-width: 1200px) 100vw, 1200px\" src=\"data:image\/svg+xml;base64,PHN2ZyB3aWR0aD0iMSIgaGVpZ2h0PSIxIiB4bWxucz0iaHR0cDovL3d3dy53My5vcmcvMjAwMC9zdmciPjwvc3ZnPg==\" style=\"--smush-placeholder-width: 1200px; --smush-placeholder-aspect-ratio: 1200\/720;\" \/><\/div><\/a>\n\t\t\t\t<div class=\"elementor-post__badge\">Business strategy<\/div>\n\t\t\t\t<div class=\"elementor-post__text\">\n\t\t\t\t<h3 class=\"elementor-post__title\">\n\t\t\t<a href=\"https:\/\/www.actionproject.es\/en_gb\/blog\/como-mejorar-la-organizacion-de-una-empresa\/\" >\n\t\t\t\t\u00bfC\u00f3mo mejorar la organizaci\u00f3n de una empresa?\t\t\t<\/a>\n\t\t<\/h3>\n\t\t\n\t\t<a class=\"elementor-post__read-more\" href=\"https:\/\/www.actionproject.es\/en_gb\/blog\/como-mejorar-la-organizacion-de-una-empresa\/\" aria-label=\"Read more about \u00bfC\u00f3mo mejorar la organizaci\u00f3n de una empresa?\" tabindex=\"-1\" >\n\t\t\tRead more &#034;\t\t<\/a>\n\n\t\t\t\t<\/div>\n\t\t\t\t<div class=\"elementor-post__meta-data\">\n\t\t\t\t\t<span class=\"elementor-post-date\">\n\t\t\t7 de November de 2023\t\t<\/span>\n\t\t\t\t<\/div>\n\t\t\t\t\t<\/div>\n\t\t<\/article>\n\t\t\t\t<article class=\"elementor-post elementor-grid-item post-1369 post type-post status-publish format-standard has-post-thumbnail hentry category-estrategia-empresarial tag-estrategia-empresarial tag-planificacion tag-profesionalizacion-de-empresa\" role=\"listitem\">\n\t\t\t<div class=\"elementor-post__card\">\n\t\t\t\t<a class=\"elementor-post__thumbnail__link\" href=\"https:\/\/www.actionproject.es\/en_gb\/blog\/modelo-de-negocio\/\" tabindex=\"-1\" ><div class=\"elementor-post__thumbnail\"><img decoding=\"async\" width=\"1200\" height=\"800\" data-src=\"https:\/\/www.actionproject.es\/wp-content\/uploads\/2025\/07\/modelo-de-negocio.jpg\" class=\"attachment-full size-full wp-image-1495 lazyload\" alt=\"\" data-srcset=\"https:\/\/www.actionproject.es\/wp-content\/uploads\/2025\/07\/modelo-de-negocio.jpg 1200w, https:\/\/www.actionproject.es\/wp-content\/uploads\/2025\/07\/modelo-de-negocio-300x200.jpg 300w, https:\/\/www.actionproject.es\/wp-content\/uploads\/2025\/07\/modelo-de-negocio-1024x683.jpg 1024w, https:\/\/www.actionproject.es\/wp-content\/uploads\/2025\/07\/modelo-de-negocio-768x512.jpg 768w, https:\/\/www.actionproject.es\/wp-content\/uploads\/2025\/07\/modelo-de-negocio-18x12.jpg 18w\" data-sizes=\"(max-width: 1200px) 100vw, 1200px\" src=\"data:image\/svg+xml;base64,PHN2ZyB3aWR0aD0iMSIgaGVpZ2h0PSIxIiB4bWxucz0iaHR0cDovL3d3dy53My5vcmcvMjAwMC9zdmciPjwvc3ZnPg==\" style=\"--smush-placeholder-width: 1200px; --smush-placeholder-aspect-ratio: 1200\/800;\" \/><\/div><\/a>\n\t\t\t\t<div class=\"elementor-post__badge\">Business strategy<\/div>\n\t\t\t\t<div class=\"elementor-post__text\">\n\t\t\t\t<h3 class=\"elementor-post__title\">\n\t\t\t<a href=\"https:\/\/www.actionproject.es\/en_gb\/blog\/modelo-de-negocio\/\" >\n\t\t\t\t\u00bfQu\u00e9 es un modelo de negocio y por qu\u00e9 es importante?\t\t\t<\/a>\n\t\t<\/h3>\n\t\t\n\t\t<a class=\"elementor-post__read-more\" href=\"https:\/\/www.actionproject.es\/en_gb\/blog\/modelo-de-negocio\/\" aria-label=\"Read more about \u00bfQu\u00e9 es un modelo de negocio y por qu\u00e9 es importante?\" tabindex=\"-1\" >\n\t\t\tRead more &#034;\t\t<\/a>\n\n\t\t\t\t<\/div>\n\t\t\t\t<div class=\"elementor-post__meta-data\">\n\t\t\t\t\t<span class=\"elementor-post-date\">\n\t\t\t24 de October de 2023\t\t<\/span>\n\t\t\t\t<\/div>\n\t\t\t\t\t<\/div>\n\t\t<\/article>\n\t\t\t\t<article class=\"elementor-post elementor-grid-item post-1368 post type-post status-publish format-standard has-post-thumbnail hentry category-estrategia-empresarial tag-comunicacion tag-comunicacion-de-crisis tag-desarrollo-directivo\" role=\"listitem\">\n\t\t\t<div class=\"elementor-post__card\">\n\t\t\t\t<a class=\"elementor-post__thumbnail__link\" href=\"https:\/\/www.actionproject.es\/en_gb\/blog\/comunicacion-en-la-empresa\/\" tabindex=\"-1\" ><div class=\"elementor-post__thumbnail\"><img decoding=\"async\" width=\"1200\" height=\"675\" data-src=\"https:\/\/www.actionproject.es\/wp-content\/uploads\/2025\/07\/comunicacion-en-la-empresa.jpg\" class=\"attachment-full size-full wp-image-1413 lazyload\" alt=\"\" data-srcset=\"https:\/\/www.actionproject.es\/wp-content\/uploads\/2025\/07\/comunicacion-en-la-empresa.jpg 1200w, https:\/\/www.actionproject.es\/wp-content\/uploads\/2025\/07\/comunicacion-en-la-empresa-300x169.jpg 300w, https:\/\/www.actionproject.es\/wp-content\/uploads\/2025\/07\/comunicacion-en-la-empresa-1024x576.jpg 1024w, https:\/\/www.actionproject.es\/wp-content\/uploads\/2025\/07\/comunicacion-en-la-empresa-768x432.jpg 768w, https:\/\/www.actionproject.es\/wp-content\/uploads\/2025\/07\/comunicacion-en-la-empresa-18x10.jpg 18w\" data-sizes=\"(max-width: 1200px) 100vw, 1200px\" src=\"data:image\/svg+xml;base64,PHN2ZyB3aWR0aD0iMSIgaGVpZ2h0PSIxIiB4bWxucz0iaHR0cDovL3d3dy53My5vcmcvMjAwMC9zdmciPjwvc3ZnPg==\" style=\"--smush-placeholder-width: 1200px; --smush-placeholder-aspect-ratio: 1200\/675;\" \/><\/div><\/a>\n\t\t\t\t<div class=\"elementor-post__badge\">Business strategy<\/div>\n\t\t\t\t<div class=\"elementor-post__text\">\n\t\t\t\t<h3 class=\"elementor-post__title\">\n\t\t\t<a href=\"https:\/\/www.actionproject.es\/en_gb\/blog\/comunicacion-en-la-empresa\/\" >\n\t\t\t\t5 claves para mejorar la comunicaci\u00f3n en la empresa\t\t\t<\/a>\n\t\t<\/h3>\n\t\t\n\t\t<a class=\"elementor-post__read-more\" href=\"https:\/\/www.actionproject.es\/en_gb\/blog\/comunicacion-en-la-empresa\/\" aria-label=\"Read more about 5 claves para mejorar la comunicaci\u00f3n en la empresa\" tabindex=\"-1\" >\n\t\t\tRead more &#034;\t\t<\/a>\n\n\t\t\t\t<\/div>\n\t\t\t\t<div class=\"elementor-post__meta-data\">\n\t\t\t\t\t<span class=\"elementor-post-date\">\n\t\t\t17 de October de 2023\t\t<\/span>\n\t\t\t\t<\/div>\n\t\t\t\t\t<\/div>\n\t\t<\/article>\n\t\t\t\t<article class=\"elementor-post elementor-grid-item post-1363 post type-post status-publish format-standard has-post-thumbnail hentry category-estrategia-empresarial tag-interim-manager tag-liderazgo-empresarial tag-rentabilidad\" role=\"listitem\">\n\t\t\t<div class=\"elementor-post__card\">\n\t\t\t\t<a class=\"elementor-post__thumbnail__link\" href=\"https:\/\/www.actionproject.es\/en_gb\/blog\/como-saber-si-una-empresa-es-rentable\/\" tabindex=\"-1\" ><div class=\"elementor-post__thumbnail\"><img decoding=\"async\" width=\"1200\" height=\"810\" data-src=\"https:\/\/www.actionproject.es\/wp-content\/uploads\/2025\/07\/como-saber-si-una-empresa-es-rentable.jpg\" class=\"attachment-full size-full wp-image-1410 lazyload\" alt=\"\" data-srcset=\"https:\/\/www.actionproject.es\/wp-content\/uploads\/2025\/07\/como-saber-si-una-empresa-es-rentable.jpg 1200w, https:\/\/www.actionproject.es\/wp-content\/uploads\/2025\/07\/como-saber-si-una-empresa-es-rentable-300x203.jpg 300w, https:\/\/www.actionproject.es\/wp-content\/uploads\/2025\/07\/como-saber-si-una-empresa-es-rentable-1024x691.jpg 1024w, https:\/\/www.actionproject.es\/wp-content\/uploads\/2025\/07\/como-saber-si-una-empresa-es-rentable-768x518.jpg 768w, https:\/\/www.actionproject.es\/wp-content\/uploads\/2025\/07\/como-saber-si-una-empresa-es-rentable-18x12.jpg 18w\" data-sizes=\"(max-width: 1200px) 100vw, 1200px\" src=\"data:image\/svg+xml;base64,PHN2ZyB3aWR0aD0iMSIgaGVpZ2h0PSIxIiB4bWxucz0iaHR0cDovL3d3dy53My5vcmcvMjAwMC9zdmciPjwvc3ZnPg==\" style=\"--smush-placeholder-width: 1200px; --smush-placeholder-aspect-ratio: 1200\/810;\" \/><\/div><\/a>\n\t\t\t\t<div class=\"elementor-post__badge\">Business strategy<\/div>\n\t\t\t\t<div class=\"elementor-post__text\">\n\t\t\t\t<h3 class=\"elementor-post__title\">\n\t\t\t<a href=\"https:\/\/www.actionproject.es\/en_gb\/blog\/como-saber-si-una-empresa-es-rentable\/\" >\n\t\t\t\t\u00bfC\u00f3mo saber si una empresa es rentable?\t\t\t<\/a>\n\t\t<\/h3>\n\t\t\n\t\t<a class=\"elementor-post__read-more\" href=\"https:\/\/www.actionproject.es\/en_gb\/blog\/como-saber-si-una-empresa-es-rentable\/\" aria-label=\"Read more about \u00bfC\u00f3mo saber si una empresa es rentable?\" tabindex=\"-1\" >\n\t\t\tRead more &#034;\t\t<\/a>\n\n\t\t\t\t<\/div>\n\t\t\t\t<div class=\"elementor-post__meta-data\">\n\t\t\t\t\t<span class=\"elementor-post-date\">\n\t\t\t10 de October de 2023\t\t<\/span>\n\t\t\t\t<\/div>\n\t\t\t\t\t<\/div>\n\t\t<\/article>\n\t\t\t\t<article class=\"elementor-post elementor-grid-item post-1366 post type-post status-publish format-standard has-post-thumbnail hentry category-estrategia-empresarial tag-liderar-un-equipo tag-liderazgo-de-equipo tag-liderazgo-empresarial\" role=\"listitem\">\n\t\t\t<div class=\"elementor-post__card\">\n\t\t\t\t<a class=\"elementor-post__thumbnail__link\" href=\"https:\/\/www.actionproject.es\/en_gb\/blog\/los-soprano\/\" tabindex=\"-1\" ><div class=\"elementor-post__thumbnail\"><img decoding=\"async\" width=\"1276\" height=\"704\" data-src=\"https:\/\/www.actionproject.es\/wp-content\/uploads\/2023\/10\/Los-Soprano.png\" class=\"attachment-full size-full wp-image-1641 lazyload\" alt=\"\" data-srcset=\"https:\/\/www.actionproject.es\/wp-content\/uploads\/2023\/10\/Los-Soprano.png 1276w, https:\/\/www.actionproject.es\/wp-content\/uploads\/2023\/10\/Los-Soprano-300x166.png 300w, https:\/\/www.actionproject.es\/wp-content\/uploads\/2023\/10\/Los-Soprano-1024x565.png 1024w, https:\/\/www.actionproject.es\/wp-content\/uploads\/2023\/10\/Los-Soprano-768x424.png 768w, https:\/\/www.actionproject.es\/wp-content\/uploads\/2023\/10\/Los-Soprano-18x10.png 18w\" data-sizes=\"(max-width: 1276px) 100vw, 1276px\" src=\"data:image\/svg+xml;base64,PHN2ZyB3aWR0aD0iMSIgaGVpZ2h0PSIxIiB4bWxucz0iaHR0cDovL3d3dy53My5vcmcvMjAwMC9zdmciPjwvc3ZnPg==\" style=\"--smush-placeholder-width: 1276px; --smush-placeholder-aspect-ratio: 1276\/704;\" \/><\/div><\/a>\n\t\t\t\t<div class=\"elementor-post__badge\">Business strategy<\/div>\n\t\t\t\t<div class=\"elementor-post__text\">\n\t\t\t\t<h3 class=\"elementor-post__title\">\n\t\t\t<a href=\"https:\/\/www.actionproject.es\/en_gb\/blog\/los-soprano\/\" >\n\t\t\t\t&#8216;Los Soprano&#8217;, una serie para aprender a ser un buen l\u00edder\t\t\t<\/a>\n\t\t<\/h3>\n\t\t\n\t\t<a class=\"elementor-post__read-more\" href=\"https:\/\/www.actionproject.es\/en_gb\/blog\/los-soprano\/\" aria-label=\"Read more about &#8216;Los Soprano&#8217;, una serie para aprender a ser un buen l\u00edder\" tabindex=\"-1\" >\n\t\t\tRead more &#034;\t\t<\/a>\n\n\t\t\t\t<\/div>\n\t\t\t\t<div class=\"elementor-post__meta-data\">\n\t\t\t\t\t<span class=\"elementor-post-date\">\n\t\t\t3 de October de 2023\t\t<\/span>\n\t\t\t\t<\/div>\n\t\t\t\t\t<\/div>\n\t\t<\/article>\n\t\t\t\t<article class=\"elementor-post elementor-grid-item post-1365 post type-post status-publish format-standard has-post-thumbnail hentry category-estrategia-empresarial tag-liderar-un-equipo tag-liderazgo-directivo tag-productividad\" role=\"listitem\">\n\t\t\t<div class=\"elementor-post__card\">\n\t\t\t\t<a class=\"elementor-post__thumbnail__link\" href=\"https:\/\/www.actionproject.es\/en_gb\/blog\/productividad-personal\/\" tabindex=\"-1\" ><div class=\"elementor-post__thumbnail\"><img decoding=\"async\" width=\"1200\" height=\"800\" data-src=\"https:\/\/www.actionproject.es\/wp-content\/uploads\/2025\/07\/productividad-personal.jpg\" class=\"attachment-full size-full wp-image-1509 lazyload\" alt=\"\" data-srcset=\"https:\/\/www.actionproject.es\/wp-content\/uploads\/2025\/07\/productividad-personal.jpg 1200w, https:\/\/www.actionproject.es\/wp-content\/uploads\/2025\/07\/productividad-personal-300x200.jpg 300w, https:\/\/www.actionproject.es\/wp-content\/uploads\/2025\/07\/productividad-personal-1024x683.jpg 1024w, https:\/\/www.actionproject.es\/wp-content\/uploads\/2025\/07\/productividad-personal-768x512.jpg 768w, https:\/\/www.actionproject.es\/wp-content\/uploads\/2025\/07\/productividad-personal-18x12.jpg 18w\" data-sizes=\"(max-width: 1200px) 100vw, 1200px\" src=\"data:image\/svg+xml;base64,PHN2ZyB3aWR0aD0iMSIgaGVpZ2h0PSIxIiB4bWxucz0iaHR0cDovL3d3dy53My5vcmcvMjAwMC9zdmciPjwvc3ZnPg==\" style=\"--smush-placeholder-width: 1200px; --smush-placeholder-aspect-ratio: 1200\/800;\" \/><\/div><\/a>\n\t\t\t\t<div class=\"elementor-post__badge\">Business strategy<\/div>\n\t\t\t\t<div class=\"elementor-post__text\">\n\t\t\t\t<h3 class=\"elementor-post__title\">\n\t\t\t<a href=\"https:\/\/www.actionproject.es\/en_gb\/blog\/productividad-personal\/\" >\n\t\t\t\tProductividad personal: \u00bfqu\u00e9 es y c\u00f3mo mejorarla?\t\t\t<\/a>\n\t\t<\/h3>\n\t\t\n\t\t<a class=\"elementor-post__read-more\" href=\"https:\/\/www.actionproject.es\/en_gb\/blog\/productividad-personal\/\" aria-label=\"Read more about Productividad personal: \u00bfqu\u00e9 es y c\u00f3mo mejorarla?\" tabindex=\"-1\" >\n\t\t\tRead more &#034;\t\t<\/a>\n\n\t\t\t\t<\/div>\n\t\t\t\t<div class=\"elementor-post__meta-data\">\n\t\t\t\t\t<span class=\"elementor-post-date\">\n\t\t\t26 de September de 2023\t\t<\/span>\n\t\t\t\t<\/div>\n\t\t\t\t\t<\/div>\n\t\t<\/article>\n\t\t\t\t<article class=\"elementor-post elementor-grid-item post-1364 post type-post status-publish format-standard has-post-thumbnail hentry category-estrategia-empresarial tag-estrategia-de-negocios tag-estrategia-empresarial tag-profesionalizacion-de-empresa\" role=\"listitem\">\n\t\t\t<div class=\"elementor-post__card\">\n\t\t\t\t<a class=\"elementor-post__thumbnail__link\" href=\"https:\/\/www.actionproject.es\/en_gb\/blog\/mapa-estrategico\/\" tabindex=\"-1\" ><div class=\"elementor-post__thumbnail\"><img decoding=\"async\" width=\"1200\" height=\"796\" data-src=\"https:\/\/www.actionproject.es\/wp-content\/uploads\/2025\/07\/mapa-estrategico.jpg\" class=\"attachment-full size-full wp-image-1487 lazyload\" alt=\"\" data-srcset=\"https:\/\/www.actionproject.es\/wp-content\/uploads\/2025\/07\/mapa-estrategico.jpg 1200w, https:\/\/www.actionproject.es\/wp-content\/uploads\/2025\/07\/mapa-estrategico-300x199.jpg 300w, https:\/\/www.actionproject.es\/wp-content\/uploads\/2025\/07\/mapa-estrategico-1024x679.jpg 1024w, https:\/\/www.actionproject.es\/wp-content\/uploads\/2025\/07\/mapa-estrategico-768x509.jpg 768w, https:\/\/www.actionproject.es\/wp-content\/uploads\/2025\/07\/mapa-estrategico-18x12.jpg 18w\" data-sizes=\"(max-width: 1200px) 100vw, 1200px\" src=\"data:image\/svg+xml;base64,PHN2ZyB3aWR0aD0iMSIgaGVpZ2h0PSIxIiB4bWxucz0iaHR0cDovL3d3dy53My5vcmcvMjAwMC9zdmciPjwvc3ZnPg==\" style=\"--smush-placeholder-width: 1200px; --smush-placeholder-aspect-ratio: 1200\/796;\" \/><\/div><\/a>\n\t\t\t\t<div class=\"elementor-post__badge\">Business strategy<\/div>\n\t\t\t\t<div class=\"elementor-post__text\">\n\t\t\t\t<h3 class=\"elementor-post__title\">\n\t\t\t<a href=\"https:\/\/www.actionproject.es\/en_gb\/blog\/mapa-estrategico\/\" >\n\t\t\t\t\u00bfQu\u00e9 es un mapa estrat\u00e9gico para una empresa?\t\t\t<\/a>\n\t\t<\/h3>\n\t\t\n\t\t<a class=\"elementor-post__read-more\" href=\"https:\/\/www.actionproject.es\/en_gb\/blog\/mapa-estrategico\/\" aria-label=\"Read more about \u00bfQu\u00e9 es un mapa estrat\u00e9gico para una empresa?\" tabindex=\"-1\" >\n\t\t\tRead more &#034;\t\t<\/a>\n\n\t\t\t\t<\/div>\n\t\t\t\t<div class=\"elementor-post__meta-data\">\n\t\t\t\t\t<span class=\"elementor-post-date\">\n\t\t\t19 de September de 2023\t\t<\/span>\n\t\t\t\t<\/div>\n\t\t\t\t\t<\/div>\n\t\t<\/article>\n\t\t\t\t<article class=\"elementor-post elementor-grid-item post-1367 post type-post status-publish format-standard has-post-thumbnail hentry category-estrategia-empresarial tag-consultor-de-empresas tag-consultoria-de-pymes tag-consultoria-estrategica\" role=\"listitem\">\n\t\t\t<div class=\"elementor-post__card\">\n\t\t\t\t<a class=\"elementor-post__thumbnail__link\" href=\"https:\/\/www.actionproject.es\/en_gb\/blog\/consultoria-de-operaciones\/\" tabindex=\"-1\" ><div class=\"elementor-post__thumbnail\"><img decoding=\"async\" width=\"1200\" height=\"800\" data-src=\"https:\/\/www.actionproject.es\/wp-content\/uploads\/2025\/07\/consultoria-de-operaciones.jpg\" class=\"attachment-full size-full wp-image-1414 lazyload\" alt=\"\" data-srcset=\"https:\/\/www.actionproject.es\/wp-content\/uploads\/2025\/07\/consultoria-de-operaciones.jpg 1200w, https:\/\/www.actionproject.es\/wp-content\/uploads\/2025\/07\/consultoria-de-operaciones-300x200.jpg 300w, https:\/\/www.actionproject.es\/wp-content\/uploads\/2025\/07\/consultoria-de-operaciones-1024x683.jpg 1024w, https:\/\/www.actionproject.es\/wp-content\/uploads\/2025\/07\/consultoria-de-operaciones-768x512.jpg 768w, https:\/\/www.actionproject.es\/wp-content\/uploads\/2025\/07\/consultoria-de-operaciones-18x12.jpg 18w\" data-sizes=\"(max-width: 1200px) 100vw, 1200px\" src=\"data:image\/svg+xml;base64,PHN2ZyB3aWR0aD0iMSIgaGVpZ2h0PSIxIiB4bWxucz0iaHR0cDovL3d3dy53My5vcmcvMjAwMC9zdmciPjwvc3ZnPg==\" style=\"--smush-placeholder-width: 1200px; --smush-placeholder-aspect-ratio: 1200\/800;\" \/><\/div><\/a>\n\t\t\t\t<div class=\"elementor-post__badge\">Business strategy<\/div>\n\t\t\t\t<div class=\"elementor-post__text\">\n\t\t\t\t<h3 class=\"elementor-post__title\">\n\t\t\t<a href=\"https:\/\/www.actionproject.es\/en_gb\/blog\/consultoria-de-operaciones\/\" >\n\t\t\t\tConsultor\u00eda de operaciones: qu\u00e9 es y c\u00f3mo puede ayudarte\t\t\t<\/a>\n\t\t<\/h3>\n\t\t\n\t\t<a class=\"elementor-post__read-more\" href=\"https:\/\/www.actionproject.es\/en_gb\/blog\/consultoria-de-operaciones\/\" aria-label=\"Read more about Consultor\u00eda de operaciones: qu\u00e9 es y c\u00f3mo puede ayudarte\" tabindex=\"-1\" >\n\t\t\tRead more &#034;\t\t<\/a>\n\n\t\t\t\t<\/div>\n\t\t\t\t<div class=\"elementor-post__meta-data\">\n\t\t\t\t\t<span class=\"elementor-post-date\">\n\t\t\t12 de September de 2023\t\t<\/span>\n\t\t\t\t<\/div>\n\t\t\t\t\t<\/div>\n\t\t<\/article>\n\t\t\t\t<article class=\"elementor-post elementor-grid-item post-1362 post type-post status-publish format-standard has-post-thumbnail hentry category-estrategia-empresarial tag-gestion-de-empresas tag-gestion-de-proyectos tag-gestion-de-proyectos-empresariales\" role=\"listitem\">\n\t\t\t<div class=\"elementor-post__card\">\n\t\t\t\t<a class=\"elementor-post__thumbnail__link\" href=\"https:\/\/www.actionproject.es\/en_gb\/blog\/flujo-de-trabajo\/\" tabindex=\"-1\" ><div class=\"elementor-post__thumbnail\"><img decoding=\"async\" width=\"1200\" height=\"800\" data-src=\"https:\/\/www.actionproject.es\/wp-content\/uploads\/2025\/07\/flujo-de-trabajo.jpg\" class=\"attachment-full size-full wp-image-1449 lazyload\" alt=\"\" data-srcset=\"https:\/\/www.actionproject.es\/wp-content\/uploads\/2025\/07\/flujo-de-trabajo.jpg 1200w, https:\/\/www.actionproject.es\/wp-content\/uploads\/2025\/07\/flujo-de-trabajo-300x200.jpg 300w, https:\/\/www.actionproject.es\/wp-content\/uploads\/2025\/07\/flujo-de-trabajo-1024x683.jpg 1024w, https:\/\/www.actionproject.es\/wp-content\/uploads\/2025\/07\/flujo-de-trabajo-768x512.jpg 768w, https:\/\/www.actionproject.es\/wp-content\/uploads\/2025\/07\/flujo-de-trabajo-18x12.jpg 18w\" data-sizes=\"(max-width: 1200px) 100vw, 1200px\" src=\"data:image\/svg+xml;base64,PHN2ZyB3aWR0aD0iMSIgaGVpZ2h0PSIxIiB4bWxucz0iaHR0cDovL3d3dy53My5vcmcvMjAwMC9zdmciPjwvc3ZnPg==\" style=\"--smush-placeholder-width: 1200px; --smush-placeholder-aspect-ratio: 1200\/800;\" \/><\/div><\/a>\n\t\t\t\t<div class=\"elementor-post__badge\">Business strategy<\/div>\n\t\t\t\t<div class=\"elementor-post__text\">\n\t\t\t\t<h3 class=\"elementor-post__title\">\n\t\t\t<a href=\"https:\/\/www.actionproject.es\/en_gb\/blog\/flujo-de-trabajo\/\" >\n\t\t\t\t\u00bfQu\u00e9 es un flujo de trabajo y para qu\u00e9 sirve?\t\t\t<\/a>\n\t\t<\/h3>\n\t\t\n\t\t<a class=\"elementor-post__read-more\" href=\"https:\/\/www.actionproject.es\/en_gb\/blog\/flujo-de-trabajo\/\" aria-label=\"Read more about \u00bfQu\u00e9 es un flujo de trabajo y para qu\u00e9 sirve?\" tabindex=\"-1\" >\n\t\t\tRead more &#034;\t\t<\/a>\n\n\t\t\t\t<\/div>\n\t\t\t\t<div class=\"elementor-post__meta-data\">\n\t\t\t\t\t<span class=\"elementor-post-date\">\n\t\t\t5 de September de 2023\t\t<\/span>\n\t\t\t\t<\/div>\n\t\t\t\t\t<\/div>\n\t\t<\/article>\n\t\t\t\t<article class=\"elementor-post elementor-grid-item post-1361 post type-post status-publish format-standard has-post-thumbnail hentry category-estrategia-empresarial tag-ambiente-laboral tag-clima-laboral tag-equipo\" role=\"listitem\">\n\t\t\t<div class=\"elementor-post__card\">\n\t\t\t\t<a class=\"elementor-post__thumbnail__link\" href=\"https:\/\/www.actionproject.es\/en_gb\/blog\/clima-laboral\/\" tabindex=\"-1\" ><div class=\"elementor-post__thumbnail\"><img decoding=\"async\" width=\"1200\" height=\"800\" data-src=\"https:\/\/www.actionproject.es\/wp-content\/uploads\/2025\/07\/clima-laboral.jpg\" class=\"attachment-full size-full wp-image-1405 lazyload\" alt=\"\" data-srcset=\"https:\/\/www.actionproject.es\/wp-content\/uploads\/2025\/07\/clima-laboral.jpg 1200w, https:\/\/www.actionproject.es\/wp-content\/uploads\/2025\/07\/clima-laboral-300x200.jpg 300w, https:\/\/www.actionproject.es\/wp-content\/uploads\/2025\/07\/clima-laboral-1024x683.jpg 1024w, https:\/\/www.actionproject.es\/wp-content\/uploads\/2025\/07\/clima-laboral-768x512.jpg 768w, https:\/\/www.actionproject.es\/wp-content\/uploads\/2025\/07\/clima-laboral-18x12.jpg 18w\" data-sizes=\"(max-width: 1200px) 100vw, 1200px\" src=\"data:image\/svg+xml;base64,PHN2ZyB3aWR0aD0iMSIgaGVpZ2h0PSIxIiB4bWxucz0iaHR0cDovL3d3dy53My5vcmcvMjAwMC9zdmciPjwvc3ZnPg==\" style=\"--smush-placeholder-width: 1200px; --smush-placeholder-aspect-ratio: 1200\/800;\" \/><\/div><\/a>\n\t\t\t\t<div class=\"elementor-post__badge\">Business strategy<\/div>\n\t\t\t\t<div class=\"elementor-post__text\">\n\t\t\t\t<h3 class=\"elementor-post__title\">\n\t\t\t<a href=\"https:\/\/www.actionproject.es\/en_gb\/blog\/clima-laboral\/\" >\n\t\t\t\tClima laboral: qu\u00e9 es y c\u00f3mo mejorarlo\t\t\t<\/a>\n\t\t<\/h3>\n\t\t\n\t\t<a class=\"elementor-post__read-more\" href=\"https:\/\/www.actionproject.es\/en_gb\/blog\/clima-laboral\/\" aria-label=\"Read more about Clima laboral: qu\u00e9 es y c\u00f3mo mejorarlo\" tabindex=\"-1\" >\n\t\t\tRead more &#034;\t\t<\/a>\n\n\t\t\t\t<\/div>\n\t\t\t\t<div class=\"elementor-post__meta-data\">\n\t\t\t\t\t<span class=\"elementor-post-date\">\n\t\t\t1 de August de 2023\t\t<\/span>\n\t\t\t\t<\/div>\n\t\t\t\t\t<\/div>\n\t\t<\/article>\n\t\t\t\t<article class=\"elementor-post elementor-grid-item post-1360 post type-post status-publish format-standard has-post-thumbnail hentry category-estrategia-empresarial tag-equipo tag-equipo-de-alto-rendimiento\" role=\"listitem\">\n\t\t\t<div class=\"elementor-post__card\">\n\t\t\t\t<a class=\"elementor-post__thumbnail__link\" href=\"https:\/\/www.actionproject.es\/en_gb\/blog\/equipos-de-alto-rendimiento\/\" tabindex=\"-1\" ><div class=\"elementor-post__thumbnail\"><img decoding=\"async\" width=\"1200\" height=\"800\" data-src=\"https:\/\/www.actionproject.es\/wp-content\/uploads\/2025\/07\/equipos-de-alto-rendimiento.jpg\" class=\"attachment-full size-full wp-image-1441 lazyload\" alt=\"\" data-srcset=\"https:\/\/www.actionproject.es\/wp-content\/uploads\/2025\/07\/equipos-de-alto-rendimiento.jpg 1200w, https:\/\/www.actionproject.es\/wp-content\/uploads\/2025\/07\/equipos-de-alto-rendimiento-300x200.jpg 300w, https:\/\/www.actionproject.es\/wp-content\/uploads\/2025\/07\/equipos-de-alto-rendimiento-1024x683.jpg 1024w, https:\/\/www.actionproject.es\/wp-content\/uploads\/2025\/07\/equipos-de-alto-rendimiento-768x512.jpg 768w, https:\/\/www.actionproject.es\/wp-content\/uploads\/2025\/07\/equipos-de-alto-rendimiento-18x12.jpg 18w\" data-sizes=\"(max-width: 1200px) 100vw, 1200px\" src=\"data:image\/svg+xml;base64,PHN2ZyB3aWR0aD0iMSIgaGVpZ2h0PSIxIiB4bWxucz0iaHR0cDovL3d3dy53My5vcmcvMjAwMC9zdmciPjwvc3ZnPg==\" style=\"--smush-placeholder-width: 1200px; --smush-placeholder-aspect-ratio: 1200\/800;\" \/><\/div><\/a>\n\t\t\t\t<div class=\"elementor-post__badge\">Business strategy<\/div>\n\t\t\t\t<div class=\"elementor-post__text\">\n\t\t\t\t<h3 class=\"elementor-post__title\">\n\t\t\t<a href=\"https:\/\/www.actionproject.es\/en_gb\/blog\/equipos-de-alto-rendimiento\/\" >\n\t\t\t\tEquipos de alto rendimiento en la empresa\t\t\t<\/a>\n\t\t<\/h3>\n\t\t\n\t\t<a class=\"elementor-post__read-more\" href=\"https:\/\/www.actionproject.es\/en_gb\/blog\/equipos-de-alto-rendimiento\/\" aria-label=\"Read more about Equipos de alto rendimiento en la empresa\" tabindex=\"-1\" >\n\t\t\tRead more &#034;\t\t<\/a>\n\n\t\t\t\t<\/div>\n\t\t\t\t<div class=\"elementor-post__meta-data\">\n\t\t\t\t\t<span class=\"elementor-post-date\">\n\t\t\t25 de July de 2023\t\t<\/span>\n\t\t\t\t<\/div>\n\t\t\t\t\t<\/div>\n\t\t<\/article>\n\t\t\t\t<article class=\"elementor-post elementor-grid-item post-1359 post type-post status-publish format-standard has-post-thumbnail hentry category-estrategia-empresarial\" role=\"listitem\">\n\t\t\t<div class=\"elementor-post__card\">\n\t\t\t\t<a class=\"elementor-post__thumbnail__link\" href=\"https:\/\/www.actionproject.es\/en_gb\/blog\/crisis-empresarial\/\" tabindex=\"-1\" ><div class=\"elementor-post__thumbnail\"><img decoding=\"async\" width=\"1200\" height=\"801\" data-src=\"https:\/\/www.actionproject.es\/wp-content\/uploads\/2025\/07\/crisis-empresarial.jpg\" class=\"attachment-full size-full wp-image-1426 lazyload\" alt=\"\" data-srcset=\"https:\/\/www.actionproject.es\/wp-content\/uploads\/2025\/07\/crisis-empresarial.jpg 1200w, https:\/\/www.actionproject.es\/wp-content\/uploads\/2025\/07\/crisis-empresarial-300x200.jpg 300w, https:\/\/www.actionproject.es\/wp-content\/uploads\/2025\/07\/crisis-empresarial-1024x684.jpg 1024w, https:\/\/www.actionproject.es\/wp-content\/uploads\/2025\/07\/crisis-empresarial-768x513.jpg 768w, https:\/\/www.actionproject.es\/wp-content\/uploads\/2025\/07\/crisis-empresarial-18x12.jpg 18w\" data-sizes=\"(max-width: 1200px) 100vw, 1200px\" src=\"data:image\/svg+xml;base64,PHN2ZyB3aWR0aD0iMSIgaGVpZ2h0PSIxIiB4bWxucz0iaHR0cDovL3d3dy53My5vcmcvMjAwMC9zdmciPjwvc3ZnPg==\" style=\"--smush-placeholder-width: 1200px; --smush-placeholder-aspect-ratio: 1200\/801;\" \/><\/div><\/a>\n\t\t\t\t<div class=\"elementor-post__badge\">Business strategy<\/div>\n\t\t\t\t<div class=\"elementor-post__text\">\n\t\t\t\t<h3 class=\"elementor-post__title\">\n\t\t\t<a href=\"https:\/\/www.actionproject.es\/en_gb\/blog\/crisis-empresarial\/\" >\n\t\t\t\t\u00bfC\u00f3mo afrontar una crisis empresarial?\t\t\t<\/a>\n\t\t<\/h3>\n\t\t\n\t\t<a class=\"elementor-post__read-more\" href=\"https:\/\/www.actionproject.es\/en_gb\/blog\/crisis-empresarial\/\" aria-label=\"Read more about \u00bfC\u00f3mo afrontar una crisis empresarial?\" tabindex=\"-1\" >\n\t\t\tRead more &#034;\t\t<\/a>\n\n\t\t\t\t<\/div>\n\t\t\t\t<div class=\"elementor-post__meta-data\">\n\t\t\t\t\t<span class=\"elementor-post-date\">\n\t\t\t18 de July de 2023\t\t<\/span>\n\t\t\t\t<\/div>\n\t\t\t\t\t<\/div>\n\t\t<\/article>\n\t\t\t\t<article class=\"elementor-post elementor-grid-item post-1358 post type-post status-publish format-standard has-post-thumbnail hentry category-estrategia-empresarial\" role=\"listitem\">\n\t\t\t<div class=\"elementor-post__card\">\n\t\t\t\t<a class=\"elementor-post__thumbnail__link\" href=\"https:\/\/www.actionproject.es\/en_gb\/blog\/lecciones-para-emprendedores-de-la-pelicula-money-ball\/\" tabindex=\"-1\" ><div class=\"elementor-post__thumbnail\"><img decoding=\"async\" width=\"746\" height=\"421\" data-src=\"https:\/\/www.actionproject.es\/wp-content\/uploads\/2023\/07\/Moneyball.png\" class=\"attachment-full size-full wp-image-1642 lazyload\" alt=\"\" data-srcset=\"https:\/\/www.actionproject.es\/wp-content\/uploads\/2023\/07\/Moneyball.png 746w, https:\/\/www.actionproject.es\/wp-content\/uploads\/2023\/07\/Moneyball-300x169.png 300w, https:\/\/www.actionproject.es\/wp-content\/uploads\/2023\/07\/Moneyball-18x10.png 18w\" data-sizes=\"(max-width: 746px) 100vw, 746px\" src=\"data:image\/svg+xml;base64,PHN2ZyB3aWR0aD0iMSIgaGVpZ2h0PSIxIiB4bWxucz0iaHR0cDovL3d3dy53My5vcmcvMjAwMC9zdmciPjwvc3ZnPg==\" style=\"--smush-placeholder-width: 746px; --smush-placeholder-aspect-ratio: 746\/421;\" \/><\/div><\/a>\n\t\t\t\t<div class=\"elementor-post__badge\">Business strategy<\/div>\n\t\t\t\t<div class=\"elementor-post__text\">\n\t\t\t\t<h3 class=\"elementor-post__title\">\n\t\t\t<a href=\"https:\/\/www.actionproject.es\/en_gb\/blog\/lecciones-para-emprendedores-de-la-pelicula-money-ball\/\" >\n\t\t\t\tLecciones para emprendedores de la pel\u00edcula \u2018Money Ball\u2019\t\t\t<\/a>\n\t\t<\/h3>\n\t\t\n\t\t<a class=\"elementor-post__read-more\" href=\"https:\/\/www.actionproject.es\/en_gb\/blog\/lecciones-para-emprendedores-de-la-pelicula-money-ball\/\" aria-label=\"Read more about Lecciones para emprendedores de la pel\u00edcula \u2018Money Ball\u2019\" tabindex=\"-1\" >\n\t\t\tRead more &#034;\t\t<\/a>\n\n\t\t\t\t<\/div>\n\t\t\t\t<div class=\"elementor-post__meta-data\">\n\t\t\t\t\t<span class=\"elementor-post-date\">\n\t\t\t11 de July de 2023\t\t<\/span>\n\t\t\t\t<\/div>\n\t\t\t\t\t<\/div>\n\t\t<\/article>\n\t\t\t\t<article class=\"elementor-post elementor-grid-item post-1357 post type-post status-publish format-standard has-post-thumbnail hentry category-estrategia-empresarial tag-decisiones-estrategicas tag-toma-decisiones-empresa\" role=\"listitem\">\n\t\t\t<div class=\"elementor-post__card\">\n\t\t\t\t<a class=\"elementor-post__thumbnail__link\" href=\"https:\/\/www.actionproject.es\/en_gb\/blog\/toma-de-decisiones-en-la-empresa\/\" tabindex=\"-1\" ><div class=\"elementor-post__thumbnail\"><img decoding=\"async\" width=\"1200\" height=\"791\" data-src=\"https:\/\/www.actionproject.es\/wp-content\/uploads\/2025\/07\/toma-de-decisiones-en-la-empresa.jpg\" class=\"attachment-full size-full wp-image-1526 lazyload\" alt=\"\" data-srcset=\"https:\/\/www.actionproject.es\/wp-content\/uploads\/2025\/07\/toma-de-decisiones-en-la-empresa.jpg 1200w, https:\/\/www.actionproject.es\/wp-content\/uploads\/2025\/07\/toma-de-decisiones-en-la-empresa-300x198.jpg 300w, https:\/\/www.actionproject.es\/wp-content\/uploads\/2025\/07\/toma-de-decisiones-en-la-empresa-1024x675.jpg 1024w, https:\/\/www.actionproject.es\/wp-content\/uploads\/2025\/07\/toma-de-decisiones-en-la-empresa-768x506.jpg 768w, https:\/\/www.actionproject.es\/wp-content\/uploads\/2025\/07\/toma-de-decisiones-en-la-empresa-18x12.jpg 18w\" data-sizes=\"(max-width: 1200px) 100vw, 1200px\" src=\"data:image\/svg+xml;base64,PHN2ZyB3aWR0aD0iMSIgaGVpZ2h0PSIxIiB4bWxucz0iaHR0cDovL3d3dy53My5vcmcvMjAwMC9zdmciPjwvc3ZnPg==\" style=\"--smush-placeholder-width: 1200px; --smush-placeholder-aspect-ratio: 1200\/791;\" \/><\/div><\/a>\n\t\t\t\t<div class=\"elementor-post__badge\">Business strategy<\/div>\n\t\t\t\t<div class=\"elementor-post__text\">\n\t\t\t\t<h3 class=\"elementor-post__title\">\n\t\t\t<a href=\"https:\/\/www.actionproject.es\/en_gb\/blog\/toma-de-decisiones-en-la-empresa\/\" >\n\t\t\t\tLa importancia de la toma de decisiones en la empresa\t\t\t<\/a>\n\t\t<\/h3>\n\t\t\n\t\t<a class=\"elementor-post__read-more\" href=\"https:\/\/www.actionproject.es\/en_gb\/blog\/toma-de-decisiones-en-la-empresa\/\" aria-label=\"Read more about La importancia de la toma de decisiones en la empresa\" tabindex=\"-1\" >\n\t\t\tRead more &#034;\t\t<\/a>\n\n\t\t\t\t<\/div>\n\t\t\t\t<div class=\"elementor-post__meta-data\">\n\t\t\t\t\t<span class=\"elementor-post-date\">\n\t\t\t16 de May de 2023\t\t<\/span>\n\t\t\t\t<\/div>\n\t\t\t\t\t<\/div>\n\t\t<\/article>\n\t\t\t\t<article class=\"elementor-post elementor-grid-item post-1356 post type-post status-publish format-standard has-post-thumbnail hentry category-estrategia-empresarial tag-desarrollo-directivo tag-liderar-un-equipo\" role=\"listitem\">\n\t\t\t<div class=\"elementor-post__card\">\n\t\t\t\t<a class=\"elementor-post__thumbnail__link\" href=\"https:\/\/www.actionproject.es\/en_gb\/blog\/rol-de-un-directivo\/\" tabindex=\"-1\" ><div class=\"elementor-post__thumbnail\"><img decoding=\"async\" width=\"1200\" height=\"801\" data-src=\"https:\/\/www.actionproject.es\/wp-content\/uploads\/2025\/07\/retos-y-roles-de-un-directivo.jpg\" class=\"attachment-full size-full wp-image-1515 lazyload\" alt=\"\" data-srcset=\"https:\/\/www.actionproject.es\/wp-content\/uploads\/2025\/07\/retos-y-roles-de-un-directivo.jpg 1200w, https:\/\/www.actionproject.es\/wp-content\/uploads\/2025\/07\/retos-y-roles-de-un-directivo-300x200.jpg 300w, https:\/\/www.actionproject.es\/wp-content\/uploads\/2025\/07\/retos-y-roles-de-un-directivo-1024x684.jpg 1024w, https:\/\/www.actionproject.es\/wp-content\/uploads\/2025\/07\/retos-y-roles-de-un-directivo-768x513.jpg 768w, https:\/\/www.actionproject.es\/wp-content\/uploads\/2025\/07\/retos-y-roles-de-un-directivo-18x12.jpg 18w\" data-sizes=\"(max-width: 1200px) 100vw, 1200px\" src=\"data:image\/svg+xml;base64,PHN2ZyB3aWR0aD0iMSIgaGVpZ2h0PSIxIiB4bWxucz0iaHR0cDovL3d3dy53My5vcmcvMjAwMC9zdmciPjwvc3ZnPg==\" style=\"--smush-placeholder-width: 1200px; --smush-placeholder-aspect-ratio: 1200\/801;\" \/><\/div><\/a>\n\t\t\t\t<div class=\"elementor-post__badge\">Business strategy<\/div>\n\t\t\t\t<div class=\"elementor-post__text\">\n\t\t\t\t<h3 class=\"elementor-post__title\">\n\t\t\t<a href=\"https:\/\/www.actionproject.es\/en_gb\/blog\/rol-de-un-directivo\/\" >\n\t\t\t\t\u00bfCu\u00e1l es el rol de un directivo en la estrategia empresarial?\t\t\t<\/a>\n\t\t<\/h3>\n\t\t\n\t\t<a class=\"elementor-post__read-more\" href=\"https:\/\/www.actionproject.es\/en_gb\/blog\/rol-de-un-directivo\/\" aria-label=\"Read more about \u00bfCu\u00e1l es el rol de un directivo en la estrategia empresarial?\" tabindex=\"-1\" >\n\t\t\tRead more &#034;\t\t<\/a>\n\n\t\t\t\t<\/div>\n\t\t\t\t<div class=\"elementor-post__meta-data\">\n\t\t\t\t\t<span class=\"elementor-post-date\">\n\t\t\t9 de May de 2023\t\t<\/span>\n\t\t\t\t<\/div>\n\t\t\t\t\t<\/div>\n\t\t<\/article>\n\t\t\t\t<article class=\"elementor-post elementor-grid-item post-1355 post type-post status-publish format-standard has-post-thumbnail hentry category-estrategia-empresarial\" role=\"listitem\">\n\t\t\t<div class=\"elementor-post__card\">\n\t\t\t\t<a class=\"elementor-post__thumbnail__link\" href=\"https:\/\/www.actionproject.es\/en_gb\/blog\/objetivos-empresariales-y-su-importancia\/\" tabindex=\"-1\" ><div class=\"elementor-post__thumbnail\"><img decoding=\"async\" width=\"1200\" height=\"800\" data-src=\"https:\/\/www.actionproject.es\/wp-content\/uploads\/2025\/07\/objetivos-empresariales.jpg\" class=\"attachment-full size-full wp-image-1499 lazyload\" alt=\"\" data-srcset=\"https:\/\/www.actionproject.es\/wp-content\/uploads\/2025\/07\/objetivos-empresariales.jpg 1200w, https:\/\/www.actionproject.es\/wp-content\/uploads\/2025\/07\/objetivos-empresariales-300x200.jpg 300w, https:\/\/www.actionproject.es\/wp-content\/uploads\/2025\/07\/objetivos-empresariales-1024x683.jpg 1024w, https:\/\/www.actionproject.es\/wp-content\/uploads\/2025\/07\/objetivos-empresariales-768x512.jpg 768w, https:\/\/www.actionproject.es\/wp-content\/uploads\/2025\/07\/objetivos-empresariales-18x12.jpg 18w\" data-sizes=\"(max-width: 1200px) 100vw, 1200px\" src=\"data:image\/svg+xml;base64,PHN2ZyB3aWR0aD0iMSIgaGVpZ2h0PSIxIiB4bWxucz0iaHR0cDovL3d3dy53My5vcmcvMjAwMC9zdmciPjwvc3ZnPg==\" style=\"--smush-placeholder-width: 1200px; --smush-placeholder-aspect-ratio: 1200\/800;\" \/><\/div><\/a>\n\t\t\t\t<div class=\"elementor-post__badge\">Business strategy<\/div>\n\t\t\t\t<div class=\"elementor-post__text\">\n\t\t\t\t<h3 class=\"elementor-post__title\">\n\t\t\t<a href=\"https:\/\/www.actionproject.es\/en_gb\/blog\/objetivos-empresariales-y-su-importancia\/\" >\n\t\t\t\tQu\u00e9 son los objetivos empresariales y cu\u00e1l es su importancia\t\t\t<\/a>\n\t\t<\/h3>\n\t\t\n\t\t<a class=\"elementor-post__read-more\" href=\"https:\/\/www.actionproject.es\/en_gb\/blog\/objetivos-empresariales-y-su-importancia\/\" aria-label=\"Read more about Qu\u00e9 son los objetivos empresariales y cu\u00e1l es su importancia\" tabindex=\"-1\" >\n\t\t\tRead more &#034;\t\t<\/a>\n\n\t\t\t\t<\/div>\n\t\t\t\t<div class=\"elementor-post__meta-data\">\n\t\t\t\t\t<span class=\"elementor-post-date\">\n\t\t\t18 de April de 2023\t\t<\/span>\n\t\t\t\t<\/div>\n\t\t\t\t\t<\/div>\n\t\t<\/article>\n\t\t\t\t<article class=\"elementor-post elementor-grid-item post-1354 post type-post status-publish format-standard hentry category-estrategia-empresarial tag-metodologia-empresarial tag-metodologia-pmi\" role=\"listitem\">\n\t\t\t<div class=\"elementor-post__card\">\n\t\t\t\t<div class=\"elementor-post__text\">\n\t\t\t\t<h3 class=\"elementor-post__title\">\n\t\t\t<a href=\"https:\/\/www.actionproject.es\/en_gb\/blog\/clavesmetodologia-pmi-ejecucion-de-proyectos\/\" >\n\t\t\t\tClaves de la metodolog\u00eda PMI en la ejecuci\u00f3n de proyectos\t\t\t<\/a>\n\t\t<\/h3>\n\t\t\n\t\t<a class=\"elementor-post__read-more\" href=\"https:\/\/www.actionproject.es\/en_gb\/blog\/clavesmetodologia-pmi-ejecucion-de-proyectos\/\" aria-label=\"Read more about Claves de la metodolog\u00eda PMI en la ejecuci\u00f3n de proyectos\" tabindex=\"-1\" >\n\t\t\tRead more &#034;\t\t<\/a>\n\n\t\t\t\t<\/div>\n\t\t\t\t<div class=\"elementor-post__meta-data\">\n\t\t\t\t\t<span class=\"elementor-post-date\">\n\t\t\t11 de April de 2023\t\t<\/span>\n\t\t\t\t<\/div>\n\t\t\t\t\t<\/div>\n\t\t<\/article>\n\t\t\t\t<article class=\"elementor-post elementor-grid-item post-1353 post type-post status-publish format-standard has-post-thumbnail hentry category-estrategia-empresarial tag-estrategia-de-negocios tag-estrategia-empresarial tag-planificacion\" role=\"listitem\">\n\t\t\t<div class=\"elementor-post__card\">\n\t\t\t\t<a class=\"elementor-post__thumbnail__link\" href=\"https:\/\/www.actionproject.es\/en_gb\/blog\/claves-planificacion-de-escenarios-estrategicos\/\" tabindex=\"-1\" ><div class=\"elementor-post__thumbnail\"><img decoding=\"async\" width=\"1200\" height=\"800\" data-src=\"https:\/\/www.actionproject.es\/wp-content\/uploads\/2025\/07\/planificacion-escenarios-estrategicos.jpg\" class=\"attachment-full size-full wp-image-1502 lazyload\" alt=\"\" data-srcset=\"https:\/\/www.actionproject.es\/wp-content\/uploads\/2025\/07\/planificacion-escenarios-estrategicos.jpg 1200w, https:\/\/www.actionproject.es\/wp-content\/uploads\/2025\/07\/planificacion-escenarios-estrategicos-300x200.jpg 300w, https:\/\/www.actionproject.es\/wp-content\/uploads\/2025\/07\/planificacion-escenarios-estrategicos-1024x683.jpg 1024w, https:\/\/www.actionproject.es\/wp-content\/uploads\/2025\/07\/planificacion-escenarios-estrategicos-768x512.jpg 768w, https:\/\/www.actionproject.es\/wp-content\/uploads\/2025\/07\/planificacion-escenarios-estrategicos-18x12.jpg 18w\" data-sizes=\"(max-width: 1200px) 100vw, 1200px\" src=\"data:image\/svg+xml;base64,PHN2ZyB3aWR0aD0iMSIgaGVpZ2h0PSIxIiB4bWxucz0iaHR0cDovL3d3dy53My5vcmcvMjAwMC9zdmciPjwvc3ZnPg==\" style=\"--smush-placeholder-width: 1200px; --smush-placeholder-aspect-ratio: 1200\/800;\" \/><\/div><\/a>\n\t\t\t\t<div class=\"elementor-post__badge\">Business strategy<\/div>\n\t\t\t\t<div class=\"elementor-post__text\">\n\t\t\t\t<h3 class=\"elementor-post__title\">\n\t\t\t<a href=\"https:\/\/www.actionproject.es\/en_gb\/blog\/claves-planificacion-de-escenarios-estrategicos\/\" >\n\t\t\t\t10 claves de la planificaci\u00f3n de escenarios estrat\u00e9gicos\t\t\t<\/a>\n\t\t<\/h3>\n\t\t\n\t\t<a class=\"elementor-post__read-more\" href=\"https:\/\/www.actionproject.es\/en_gb\/blog\/claves-planificacion-de-escenarios-estrategicos\/\" aria-label=\"Read more about 10 claves de la planificaci\u00f3n de escenarios estrat\u00e9gicos\" tabindex=\"-1\" >\n\t\t\tRead more &#034;\t\t<\/a>\n\n\t\t\t\t<\/div>\n\t\t\t\t<div class=\"elementor-post__meta-data\">\n\t\t\t\t\t<span class=\"elementor-post-date\">\n\t\t\t28 de March de 2023\t\t<\/span>\n\t\t\t\t<\/div>\n\t\t\t\t\t<\/div>\n\t\t<\/article>\n\t\t\t\t<article class=\"elementor-post elementor-grid-item post-1352 post type-post status-publish format-standard has-post-thumbnail hentry category-estrategia-empresarial\" role=\"listitem\">\n\t\t\t<div class=\"elementor-post__card\">\n\t\t\t\t<a class=\"elementor-post__thumbnail__link\" href=\"https:\/\/www.actionproject.es\/en_gb\/blog\/tipos-de-metodologias-de-proyectos\/\" tabindex=\"-1\" ><div class=\"elementor-post__thumbnail\"><img decoding=\"async\" width=\"1200\" height=\"800\" data-src=\"https:\/\/www.actionproject.es\/wp-content\/uploads\/2025\/07\/metodologias-proyectos.jpg\" class=\"attachment-full size-full wp-image-1493 lazyload\" alt=\"\" data-srcset=\"https:\/\/www.actionproject.es\/wp-content\/uploads\/2025\/07\/metodologias-proyectos.jpg 1200w, https:\/\/www.actionproject.es\/wp-content\/uploads\/2025\/07\/metodologias-proyectos-300x200.jpg 300w, https:\/\/www.actionproject.es\/wp-content\/uploads\/2025\/07\/metodologias-proyectos-1024x683.jpg 1024w, https:\/\/www.actionproject.es\/wp-content\/uploads\/2025\/07\/metodologias-proyectos-768x512.jpg 768w, https:\/\/www.actionproject.es\/wp-content\/uploads\/2025\/07\/metodologias-proyectos-18x12.jpg 18w\" data-sizes=\"(max-width: 1200px) 100vw, 1200px\" src=\"data:image\/svg+xml;base64,PHN2ZyB3aWR0aD0iMSIgaGVpZ2h0PSIxIiB4bWxucz0iaHR0cDovL3d3dy53My5vcmcvMjAwMC9zdmciPjwvc3ZnPg==\" style=\"--smush-placeholder-width: 1200px; --smush-placeholder-aspect-ratio: 1200\/800;\" \/><\/div><\/a>\n\t\t\t\t<div class=\"elementor-post__badge\">Business strategy<\/div>\n\t\t\t\t<div class=\"elementor-post__text\">\n\t\t\t\t<h3 class=\"elementor-post__title\">\n\t\t\t<a href=\"https:\/\/www.actionproject.es\/en_gb\/blog\/tipos-de-metodologias-de-proyectos\/\" >\n\t\t\t\t3 tipos de metodolog\u00edas de proyectos m\u00e1s comunes\t\t\t<\/a>\n\t\t<\/h3>\n\t\t\n\t\t<a class=\"elementor-post__read-more\" href=\"https:\/\/www.actionproject.es\/en_gb\/blog\/tipos-de-metodologias-de-proyectos\/\" aria-label=\"Read more about 3 tipos de metodolog\u00edas de proyectos m\u00e1s comunes\" tabindex=\"-1\" >\n\t\t\tRead more &#034;\t\t<\/a>\n\n\t\t\t\t<\/div>\n\t\t\t\t<div class=\"elementor-post__meta-data\">\n\t\t\t\t\t<span class=\"elementor-post-date\">\n\t\t\t21 de March de 2023\t\t<\/span>\n\t\t\t\t<\/div>\n\t\t\t\t\t<\/div>\n\t\t<\/article>\n\t\t\t\t<article class=\"elementor-post elementor-grid-item post-1351 post type-post status-publish format-standard has-post-thumbnail hentry category-estrategia-empresarial\" role=\"listitem\">\n\t\t\t<div class=\"elementor-post__card\">\n\t\t\t\t<a class=\"elementor-post__thumbnail__link\" href=\"https:\/\/www.actionproject.es\/en_gb\/blog\/importancia-desarrollo-empresarial-negocio\/\" tabindex=\"-1\" ><div class=\"elementor-post__thumbnail\"><img decoding=\"async\" width=\"1200\" height=\"800\" data-src=\"https:\/\/www.actionproject.es\/wp-content\/uploads\/2025\/07\/desarrollo-empresarial.jpg\" class=\"attachment-full size-full wp-image-1429 lazyload\" alt=\"\" data-srcset=\"https:\/\/www.actionproject.es\/wp-content\/uploads\/2025\/07\/desarrollo-empresarial.jpg 1200w, https:\/\/www.actionproject.es\/wp-content\/uploads\/2025\/07\/desarrollo-empresarial-300x200.jpg 300w, https:\/\/www.actionproject.es\/wp-content\/uploads\/2025\/07\/desarrollo-empresarial-1024x683.jpg 1024w, https:\/\/www.actionproject.es\/wp-content\/uploads\/2025\/07\/desarrollo-empresarial-768x512.jpg 768w, https:\/\/www.actionproject.es\/wp-content\/uploads\/2025\/07\/desarrollo-empresarial-18x12.jpg 18w\" data-sizes=\"(max-width: 1200px) 100vw, 1200px\" src=\"data:image\/svg+xml;base64,PHN2ZyB3aWR0aD0iMSIgaGVpZ2h0PSIxIiB4bWxucz0iaHR0cDovL3d3dy53My5vcmcvMjAwMC9zdmciPjwvc3ZnPg==\" style=\"--smush-placeholder-width: 1200px; --smush-placeholder-aspect-ratio: 1200\/800;\" \/><\/div><\/a>\n\t\t\t\t<div class=\"elementor-post__badge\">Business strategy<\/div>\n\t\t\t\t<div class=\"elementor-post__text\">\n\t\t\t\t<h3 class=\"elementor-post__title\">\n\t\t\t<a href=\"https:\/\/www.actionproject.es\/en_gb\/blog\/importancia-desarrollo-empresarial-negocio\/\" >\n\t\t\t\tLa importancia del desarrollo empresarial para tu negocio\t\t\t<\/a>\n\t\t<\/h3>\n\t\t\n\t\t<a class=\"elementor-post__read-more\" href=\"https:\/\/www.actionproject.es\/en_gb\/blog\/importancia-desarrollo-empresarial-negocio\/\" aria-label=\"Read more about La importancia del desarrollo empresarial para tu negocio\" tabindex=\"-1\" >\n\t\t\tRead more &#034;\t\t<\/a>\n\n\t\t\t\t<\/div>\n\t\t\t\t<div class=\"elementor-post__meta-data\">\n\t\t\t\t\t<span class=\"elementor-post-date\">\n\t\t\t14 de March de 2023\t\t<\/span>\n\t\t\t\t<\/div>\n\t\t\t\t\t<\/div>\n\t\t<\/article>\n\t\t\t\t<article class=\"elementor-post elementor-grid-item post-1350 post type-post status-publish format-standard has-post-thumbnail hentry category-estrategia-empresarial\" role=\"listitem\">\n\t\t\t<div class=\"elementor-post__card\">\n\t\t\t\t<a class=\"elementor-post__thumbnail__link\" href=\"https:\/\/www.actionproject.es\/en_gb\/blog\/por-que-profesionalizar-la-empresa-familiar\/\" tabindex=\"-1\" ><div class=\"elementor-post__thumbnail\"><img decoding=\"async\" width=\"1200\" height=\"800\" data-src=\"https:\/\/www.actionproject.es\/wp-content\/uploads\/2025\/07\/profesionalizar-empresa-familiar.jpg\" class=\"attachment-full size-full wp-image-1510 lazyload\" alt=\"\" data-srcset=\"https:\/\/www.actionproject.es\/wp-content\/uploads\/2025\/07\/profesionalizar-empresa-familiar.jpg 1200w, https:\/\/www.actionproject.es\/wp-content\/uploads\/2025\/07\/profesionalizar-empresa-familiar-300x200.jpg 300w, https:\/\/www.actionproject.es\/wp-content\/uploads\/2025\/07\/profesionalizar-empresa-familiar-1024x683.jpg 1024w, https:\/\/www.actionproject.es\/wp-content\/uploads\/2025\/07\/profesionalizar-empresa-familiar-768x512.jpg 768w, https:\/\/www.actionproject.es\/wp-content\/uploads\/2025\/07\/profesionalizar-empresa-familiar-18x12.jpg 18w\" data-sizes=\"(max-width: 1200px) 100vw, 1200px\" src=\"data:image\/svg+xml;base64,PHN2ZyB3aWR0aD0iMSIgaGVpZ2h0PSIxIiB4bWxucz0iaHR0cDovL3d3dy53My5vcmcvMjAwMC9zdmciPjwvc3ZnPg==\" style=\"--smush-placeholder-width: 1200px; --smush-placeholder-aspect-ratio: 1200\/800;\" \/><\/div><\/a>\n\t\t\t\t<div class=\"elementor-post__badge\">Business strategy<\/div>\n\t\t\t\t<div class=\"elementor-post__text\">\n\t\t\t\t<h3 class=\"elementor-post__title\">\n\t\t\t<a href=\"https:\/\/www.actionproject.es\/en_gb\/blog\/por-que-profesionalizar-la-empresa-familiar\/\" >\n\t\t\t\t\u00bfPor qu\u00e9 profesionalizar la empresa familiar?\t\t\t<\/a>\n\t\t<\/h3>\n\t\t\n\t\t<a class=\"elementor-post__read-more\" href=\"https:\/\/www.actionproject.es\/en_gb\/blog\/por-que-profesionalizar-la-empresa-familiar\/\" aria-label=\"Read more about \u00bfPor qu\u00e9 profesionalizar la empresa familiar?\" tabindex=\"-1\" >\n\t\t\tRead more &#034;\t\t<\/a>\n\n\t\t\t\t<\/div>\n\t\t\t\t<div class=\"elementor-post__meta-data\">\n\t\t\t\t\t<span class=\"elementor-post-date\">\n\t\t\t7 de March de 2023\t\t<\/span>\n\t\t\t\t<\/div>\n\t\t\t\t\t<\/div>\n\t\t<\/article>\n\t\t\t\t<article class=\"elementor-post elementor-grid-item post-1349 post type-post status-publish format-standard has-post-thumbnail hentry category-estrategia-empresarial\" role=\"listitem\">\n\t\t\t<div class=\"elementor-post__card\">\n\t\t\t\t<a class=\"elementor-post__thumbnail__link\" href=\"https:\/\/www.actionproject.es\/en_gb\/blog\/factores-plan-de-negocio-establecer-objetivos\/\" tabindex=\"-1\" ><div class=\"elementor-post__thumbnail\"><img decoding=\"async\" width=\"1200\" height=\"800\" data-src=\"https:\/\/www.actionproject.es\/wp-content\/uploads\/2025\/07\/plan-de-negocios.jpg\" class=\"attachment-full size-full wp-image-1501 lazyload\" alt=\"\" data-srcset=\"https:\/\/www.actionproject.es\/wp-content\/uploads\/2025\/07\/plan-de-negocios.jpg 1200w, https:\/\/www.actionproject.es\/wp-content\/uploads\/2025\/07\/plan-de-negocios-300x200.jpg 300w, https:\/\/www.actionproject.es\/wp-content\/uploads\/2025\/07\/plan-de-negocios-1024x683.jpg 1024w, https:\/\/www.actionproject.es\/wp-content\/uploads\/2025\/07\/plan-de-negocios-768x512.jpg 768w, https:\/\/www.actionproject.es\/wp-content\/uploads\/2025\/07\/plan-de-negocios-18x12.jpg 18w\" data-sizes=\"(max-width: 1200px) 100vw, 1200px\" src=\"data:image\/svg+xml;base64,PHN2ZyB3aWR0aD0iMSIgaGVpZ2h0PSIxIiB4bWxucz0iaHR0cDovL3d3dy53My5vcmcvMjAwMC9zdmciPjwvc3ZnPg==\" style=\"--smush-placeholder-width: 1200px; --smush-placeholder-aspect-ratio: 1200\/800;\" \/><\/div><\/a>\n\t\t\t\t<div class=\"elementor-post__badge\">Business strategy<\/div>\n\t\t\t\t<div class=\"elementor-post__text\">\n\t\t\t\t<h3 class=\"elementor-post__title\">\n\t\t\t<a href=\"https:\/\/www.actionproject.es\/en_gb\/blog\/factores-plan-de-negocio-establecer-objetivos\/\" >\n\t\t\t\t6 factores del plan de negocio para establecer objetivos con \u00e9xito\t\t\t<\/a>\n\t\t<\/h3>\n\t\t\n\t\t<a class=\"elementor-post__read-more\" href=\"https:\/\/www.actionproject.es\/en_gb\/blog\/factores-plan-de-negocio-establecer-objetivos\/\" aria-label=\"Read more about 6 factores del plan de negocio para establecer objetivos con \u00e9xito\" tabindex=\"-1\" >\n\t\t\tRead more &#034;\t\t<\/a>\n\n\t\t\t\t<\/div>\n\t\t\t\t<div class=\"elementor-post__meta-data\">\n\t\t\t\t\t<span class=\"elementor-post-date\">\n\t\t\t21 de February de 2023\t\t<\/span>\n\t\t\t\t<\/div>\n\t\t\t\t\t<\/div>\n\t\t<\/article>\n\t\t\t\t<article class=\"elementor-post elementor-grid-item post-1348 post type-post status-publish format-standard has-post-thumbnail hentry category-estrategia-empresarial tag-consultor-de-negocios tag-empresa-familiar\" role=\"listitem\">\n\t\t\t<div class=\"elementor-post__card\">\n\t\t\t\t<a class=\"elementor-post__thumbnail__link\" href=\"https:\/\/www.actionproject.es\/en_gb\/blog\/empresa-familiar-exito-apoyo-externo\/\" tabindex=\"-1\" ><div class=\"elementor-post__thumbnail\"><img decoding=\"async\" width=\"1200\" height=\"800\" data-src=\"https:\/\/www.actionproject.es\/wp-content\/uploads\/2025\/07\/empresa-familiar.jpg\" class=\"attachment-full size-full wp-image-1436 lazyload\" alt=\"\" data-srcset=\"https:\/\/www.actionproject.es\/wp-content\/uploads\/2025\/07\/empresa-familiar.jpg 1200w, https:\/\/www.actionproject.es\/wp-content\/uploads\/2025\/07\/empresa-familiar-300x200.jpg 300w, https:\/\/www.actionproject.es\/wp-content\/uploads\/2025\/07\/empresa-familiar-1024x683.jpg 1024w, https:\/\/www.actionproject.es\/wp-content\/uploads\/2025\/07\/empresa-familiar-768x512.jpg 768w, https:\/\/www.actionproject.es\/wp-content\/uploads\/2025\/07\/empresa-familiar-18x12.jpg 18w\" data-sizes=\"(max-width: 1200px) 100vw, 1200px\" src=\"data:image\/svg+xml;base64,PHN2ZyB3aWR0aD0iMSIgaGVpZ2h0PSIxIiB4bWxucz0iaHR0cDovL3d3dy53My5vcmcvMjAwMC9zdmciPjwvc3ZnPg==\" style=\"--smush-placeholder-width: 1200px; --smush-placeholder-aspect-ratio: 1200\/800;\" \/><\/div><\/a>\n\t\t\t\t<div class=\"elementor-post__badge\">Business strategy<\/div>\n\t\t\t\t<div class=\"elementor-post__text\">\n\t\t\t\t<h3 class=\"elementor-post__title\">\n\t\t\t<a href=\"https:\/\/www.actionproject.es\/en_gb\/blog\/empresa-familiar-exito-apoyo-externo\/\" >\n\t\t\t\tEmpresa familiar: un legado de \u00e9xito gracias al apoyo externo\t\t\t<\/a>\n\t\t<\/h3>\n\t\t\n\t\t<a class=\"elementor-post__read-more\" href=\"https:\/\/www.actionproject.es\/en_gb\/blog\/empresa-familiar-exito-apoyo-externo\/\" aria-label=\"Read more about Empresa familiar: un legado de \u00e9xito gracias al apoyo externo\" tabindex=\"-1\" >\n\t\t\tRead more &#034;\t\t<\/a>\n\n\t\t\t\t<\/div>\n\t\t\t\t<div class=\"elementor-post__meta-data\">\n\t\t\t\t\t<span class=\"elementor-post-date\">\n\t\t\t14 de February de 2023\t\t<\/span>\n\t\t\t\t<\/div>\n\t\t\t\t\t<\/div>\n\t\t<\/article>\n\t\t\t\t<article class=\"elementor-post elementor-grid-item post-1347 post type-post status-publish format-standard has-post-thumbnail hentry category-estrategia-empresarial tag-cohesion-grupal tag-desarrollo-de-proyectos tag-empresa\" role=\"listitem\">\n\t\t\t<div class=\"elementor-post__card\">\n\t\t\t\t<a class=\"elementor-post__thumbnail__link\" href=\"https:\/\/www.actionproject.es\/en_gb\/blog\/que-es-cohesion-grupal-como-desarrollarla-trabajo\/\" tabindex=\"-1\" ><div class=\"elementor-post__thumbnail\"><img decoding=\"async\" width=\"1200\" height=\"800\" data-src=\"https:\/\/www.actionproject.es\/wp-content\/uploads\/2025\/07\/cohesion-grupal-empresarial.jpg\" class=\"attachment-full size-full wp-image-1406 lazyload\" alt=\"\" data-srcset=\"https:\/\/www.actionproject.es\/wp-content\/uploads\/2025\/07\/cohesion-grupal-empresarial.jpg 1200w, https:\/\/www.actionproject.es\/wp-content\/uploads\/2025\/07\/cohesion-grupal-empresarial-300x200.jpg 300w, https:\/\/www.actionproject.es\/wp-content\/uploads\/2025\/07\/cohesion-grupal-empresarial-1024x683.jpg 1024w, https:\/\/www.actionproject.es\/wp-content\/uploads\/2025\/07\/cohesion-grupal-empresarial-768x512.jpg 768w, https:\/\/www.actionproject.es\/wp-content\/uploads\/2025\/07\/cohesion-grupal-empresarial-18x12.jpg 18w\" data-sizes=\"(max-width: 1200px) 100vw, 1200px\" src=\"data:image\/svg+xml;base64,PHN2ZyB3aWR0aD0iMSIgaGVpZ2h0PSIxIiB4bWxucz0iaHR0cDovL3d3dy53My5vcmcvMjAwMC9zdmciPjwvc3ZnPg==\" style=\"--smush-placeholder-width: 1200px; --smush-placeholder-aspect-ratio: 1200\/800;\" \/><\/div><\/a>\n\t\t\t\t<div class=\"elementor-post__badge\">Business strategy<\/div>\n\t\t\t\t<div class=\"elementor-post__text\">\n\t\t\t\t<h3 class=\"elementor-post__title\">\n\t\t\t<a href=\"https:\/\/www.actionproject.es\/en_gb\/blog\/que-es-cohesion-grupal-como-desarrollarla-trabajo\/\" >\n\t\t\t\t\u00bfQu\u00e9 es cohesi\u00f3n grupal y c\u00f3mo desarrollarla en el trabajo?\t\t\t<\/a>\n\t\t<\/h3>\n\t\t\n\t\t<a class=\"elementor-post__read-more\" href=\"https:\/\/www.actionproject.es\/en_gb\/blog\/que-es-cohesion-grupal-como-desarrollarla-trabajo\/\" aria-label=\"Read more about \u00bfQu\u00e9 es cohesi\u00f3n grupal y c\u00f3mo desarrollarla en el trabajo?\" tabindex=\"-1\" >\n\t\t\tRead more &#034;\t\t<\/a>\n\n\t\t\t\t<\/div>\n\t\t\t\t<div class=\"elementor-post__meta-data\">\n\t\t\t\t\t<span class=\"elementor-post-date\">\n\t\t\t31 de January de 2023\t\t<\/span>\n\t\t\t\t<\/div>\n\t\t\t\t\t<\/div>\n\t\t<\/article>\n\t\t\t\t<article class=\"elementor-post elementor-grid-item post-1346 post type-post status-publish format-standard has-post-thumbnail hentry category-estrategia-empresarial tag-motivacion\" role=\"listitem\">\n\t\t\t<div class=\"elementor-post__card\">\n\t\t\t\t<a class=\"elementor-post__thumbnail__link\" href=\"https:\/\/www.actionproject.es\/en_gb\/blog\/motivacion-personal-en-entorno-empresarial-piramide-maslow\/\" tabindex=\"-1\" ><div class=\"elementor-post__thumbnail\"><img decoding=\"async\" width=\"1200\" height=\"800\" data-src=\"https:\/\/www.actionproject.es\/wp-content\/uploads\/2025\/07\/motivacion-laboral.jpg\" class=\"attachment-full size-full wp-image-1497 lazyload\" alt=\"\" data-srcset=\"https:\/\/www.actionproject.es\/wp-content\/uploads\/2025\/07\/motivacion-laboral.jpg 1200w, https:\/\/www.actionproject.es\/wp-content\/uploads\/2025\/07\/motivacion-laboral-300x200.jpg 300w, https:\/\/www.actionproject.es\/wp-content\/uploads\/2025\/07\/motivacion-laboral-1024x683.jpg 1024w, https:\/\/www.actionproject.es\/wp-content\/uploads\/2025\/07\/motivacion-laboral-768x512.jpg 768w, https:\/\/www.actionproject.es\/wp-content\/uploads\/2025\/07\/motivacion-laboral-18x12.jpg 18w\" data-sizes=\"(max-width: 1200px) 100vw, 1200px\" src=\"data:image\/svg+xml;base64,PHN2ZyB3aWR0aD0iMSIgaGVpZ2h0PSIxIiB4bWxucz0iaHR0cDovL3d3dy53My5vcmcvMjAwMC9zdmciPjwvc3ZnPg==\" style=\"--smush-placeholder-width: 1200px; --smush-placeholder-aspect-ratio: 1200\/800;\" \/><\/div><\/a>\n\t\t\t\t<div class=\"elementor-post__badge\">Business strategy<\/div>\n\t\t\t\t<div class=\"elementor-post__text\">\n\t\t\t\t<h3 class=\"elementor-post__title\">\n\t\t\t<a href=\"https:\/\/www.actionproject.es\/en_gb\/blog\/motivacion-personal-en-entorno-empresarial-piramide-maslow\/\" >\n\t\t\t\tMotivaci\u00f3n personal en el entorno empresarial seg\u00fan la Pir\u00e1mide de Maslow\t\t\t<\/a>\n\t\t<\/h3>\n\t\t\n\t\t<a class=\"elementor-post__read-more\" href=\"https:\/\/www.actionproject.es\/en_gb\/blog\/motivacion-personal-en-entorno-empresarial-piramide-maslow\/\" aria-label=\"Read more about Motivaci\u00f3n personal en el entorno empresarial seg\u00fan la Pir\u00e1mide de Maslow\" tabindex=\"-1\" >\n\t\t\tRead more &#034;\t\t<\/a>\n\n\t\t\t\t<\/div>\n\t\t\t\t<div class=\"elementor-post__meta-data\">\n\t\t\t\t\t<span class=\"elementor-post-date\">\n\t\t\t20 de December de 2022\t\t<\/span>\n\t\t\t\t<\/div>\n\t\t\t\t\t<\/div>\n\t\t<\/article>\n\t\t\t\t<article class=\"elementor-post elementor-grid-item post-1345 post type-post status-publish format-standard has-post-thumbnail hentry category-estrategia-empresarial tag-lecciones-empresariales tag-negocios\" role=\"listitem\">\n\t\t\t<div class=\"elementor-post__card\">\n\t\t\t\t<a class=\"elementor-post__thumbnail__link\" href=\"https:\/\/www.actionproject.es\/en_gb\/blog\/lecciones-mundo-negocios-en-billions\/\" tabindex=\"-1\" ><div class=\"elementor-post__thumbnail\"><img decoding=\"async\" width=\"1200\" height=\"800\" data-src=\"https:\/\/www.actionproject.es\/wp-content\/uploads\/2025\/07\/lecciones-negocios-billions.jpg\" class=\"attachment-full size-full wp-image-1476 lazyload\" alt=\"\" data-srcset=\"https:\/\/www.actionproject.es\/wp-content\/uploads\/2025\/07\/lecciones-negocios-billions.jpg 1200w, https:\/\/www.actionproject.es\/wp-content\/uploads\/2025\/07\/lecciones-negocios-billions-300x200.jpg 300w, https:\/\/www.actionproject.es\/wp-content\/uploads\/2025\/07\/lecciones-negocios-billions-1024x683.jpg 1024w, https:\/\/www.actionproject.es\/wp-content\/uploads\/2025\/07\/lecciones-negocios-billions-768x512.jpg 768w, https:\/\/www.actionproject.es\/wp-content\/uploads\/2025\/07\/lecciones-negocios-billions-18x12.jpg 18w\" data-sizes=\"(max-width: 1200px) 100vw, 1200px\" src=\"data:image\/svg+xml;base64,PHN2ZyB3aWR0aD0iMSIgaGVpZ2h0PSIxIiB4bWxucz0iaHR0cDovL3d3dy53My5vcmcvMjAwMC9zdmciPjwvc3ZnPg==\" style=\"--smush-placeholder-width: 1200px; --smush-placeholder-aspect-ratio: 1200\/800;\" \/><\/div><\/a>\n\t\t\t\t<div class=\"elementor-post__badge\">Business strategy<\/div>\n\t\t\t\t<div class=\"elementor-post__text\">\n\t\t\t\t<h3 class=\"elementor-post__title\">\n\t\t\t<a href=\"https:\/\/www.actionproject.es\/en_gb\/blog\/lecciones-mundo-negocios-en-billions\/\" >\n\t\t\t\tLecciones del mundo de los negocios en \u2018Billions\u2019\t\t\t<\/a>\n\t\t<\/h3>\n\t\t\n\t\t<a class=\"elementor-post__read-more\" href=\"https:\/\/www.actionproject.es\/en_gb\/blog\/lecciones-mundo-negocios-en-billions\/\" aria-label=\"Read more about Lecciones del mundo de los negocios en \u2018Billions\u2019\" tabindex=\"-1\" >\n\t\t\tRead more &#034;\t\t<\/a>\n\n\t\t\t\t<\/div>\n\t\t\t\t<div class=\"elementor-post__meta-data\">\n\t\t\t\t\t<span class=\"elementor-post-date\">\n\t\t\t13 de December de 2022\t\t<\/span>\n\t\t\t\t<\/div>\n\t\t\t\t\t<\/div>\n\t\t<\/article>\n\t\t\t\t<article class=\"elementor-post elementor-grid-item post-1344 post type-post status-publish format-standard has-post-thumbnail hentry category-estrategia-empresarial tag-estrategia-de-negocios tag-estrategia-empresarial\" role=\"listitem\">\n\t\t\t<div class=\"elementor-post__card\">\n\t\t\t\t<a class=\"elementor-post__thumbnail__link\" href=\"https:\/\/www.actionproject.es\/en_gb\/blog\/importancia-estrategia-empresarial-negocio\/\" tabindex=\"-1\" ><div class=\"elementor-post__thumbnail\"><img decoding=\"async\" width=\"1200\" height=\"800\" data-src=\"https:\/\/www.actionproject.es\/wp-content\/uploads\/2025\/07\/estrategia-empresarial.jpg\" class=\"attachment-full size-full wp-image-1443 lazyload\" alt=\"\" data-srcset=\"https:\/\/www.actionproject.es\/wp-content\/uploads\/2025\/07\/estrategia-empresarial.jpg 1200w, https:\/\/www.actionproject.es\/wp-content\/uploads\/2025\/07\/estrategia-empresarial-300x200.jpg 300w, https:\/\/www.actionproject.es\/wp-content\/uploads\/2025\/07\/estrategia-empresarial-1024x683.jpg 1024w, https:\/\/www.actionproject.es\/wp-content\/uploads\/2025\/07\/estrategia-empresarial-768x512.jpg 768w, https:\/\/www.actionproject.es\/wp-content\/uploads\/2025\/07\/estrategia-empresarial-18x12.jpg 18w\" data-sizes=\"(max-width: 1200px) 100vw, 1200px\" src=\"data:image\/svg+xml;base64,PHN2ZyB3aWR0aD0iMSIgaGVpZ2h0PSIxIiB4bWxucz0iaHR0cDovL3d3dy53My5vcmcvMjAwMC9zdmciPjwvc3ZnPg==\" style=\"--smush-placeholder-width: 1200px; --smush-placeholder-aspect-ratio: 1200\/800;\" \/><\/div><\/a>\n\t\t\t\t<div class=\"elementor-post__badge\">Business strategy<\/div>\n\t\t\t\t<div class=\"elementor-post__text\">\n\t\t\t\t<h3 class=\"elementor-post__title\">\n\t\t\t<a href=\"https:\/\/www.actionproject.es\/en_gb\/blog\/importancia-estrategia-empresarial-negocio\/\" >\n\t\t\t\tLa importancia de la estrategia empresarial en tu negocio\t\t\t<\/a>\n\t\t<\/h3>\n\t\t\n\t\t<a class=\"elementor-post__read-more\" href=\"https:\/\/www.actionproject.es\/en_gb\/blog\/importancia-estrategia-empresarial-negocio\/\" aria-label=\"Read more about La importancia de la estrategia empresarial en tu negocio\" tabindex=\"-1\" >\n\t\t\tRead more &#034;\t\t<\/a>\n\n\t\t\t\t<\/div>\n\t\t\t\t<div class=\"elementor-post__meta-data\">\n\t\t\t\t\t<span class=\"elementor-post-date\">\n\t\t\t15 de November de 2022\t\t<\/span>\n\t\t\t\t<\/div>\n\t\t\t\t\t<\/div>\n\t\t<\/article>\n\t\t\t\t<article class=\"elementor-post elementor-grid-item post-1343 post type-post status-publish format-standard has-post-thumbnail hentry category-estrategia-empresarial\" role=\"listitem\">\n\t\t\t<div class=\"elementor-post__card\">\n\t\t\t\t<a class=\"elementor-post__thumbnail__link\" href=\"https:\/\/www.actionproject.es\/en_gb\/blog\/claves-liderazgo-efectivo-motivar-equipo\/\" tabindex=\"-1\" ><div class=\"elementor-post__thumbnail\"><img decoding=\"async\" width=\"1200\" height=\"800\" data-src=\"https:\/\/www.actionproject.es\/wp-content\/uploads\/2025\/07\/claves-liderazgo-efectivo.jpg\" class=\"attachment-full size-full wp-image-1404 lazyload\" alt=\"\" data-srcset=\"https:\/\/www.actionproject.es\/wp-content\/uploads\/2025\/07\/claves-liderazgo-efectivo.jpg 1200w, https:\/\/www.actionproject.es\/wp-content\/uploads\/2025\/07\/claves-liderazgo-efectivo-300x200.jpg 300w, https:\/\/www.actionproject.es\/wp-content\/uploads\/2025\/07\/claves-liderazgo-efectivo-1024x683.jpg 1024w, https:\/\/www.actionproject.es\/wp-content\/uploads\/2025\/07\/claves-liderazgo-efectivo-768x512.jpg 768w, https:\/\/www.actionproject.es\/wp-content\/uploads\/2025\/07\/claves-liderazgo-efectivo-18x12.jpg 18w\" data-sizes=\"(max-width: 1200px) 100vw, 1200px\" src=\"data:image\/svg+xml;base64,PHN2ZyB3aWR0aD0iMSIgaGVpZ2h0PSIxIiB4bWxucz0iaHR0cDovL3d3dy53My5vcmcvMjAwMC9zdmciPjwvc3ZnPg==\" style=\"--smush-placeholder-width: 1200px; --smush-placeholder-aspect-ratio: 1200\/800;\" \/><\/div><\/a>\n\t\t\t\t<div class=\"elementor-post__badge\">Business strategy<\/div>\n\t\t\t\t<div class=\"elementor-post__text\">\n\t\t\t\t<h3 class=\"elementor-post__title\">\n\t\t\t<a href=\"https:\/\/www.actionproject.es\/en_gb\/blog\/claves-liderazgo-efectivo-motivar-equipo\/\" >\n\t\t\t\tClaves de liderazgo efectivo para motivar al equipo\t\t\t<\/a>\n\t\t<\/h3>\n\t\t\n\t\t<a class=\"elementor-post__read-more\" href=\"https:\/\/www.actionproject.es\/en_gb\/blog\/claves-liderazgo-efectivo-motivar-equipo\/\" aria-label=\"Read more about Claves de liderazgo efectivo para motivar al equipo\" tabindex=\"-1\" >\n\t\t\tRead more &#034;\t\t<\/a>\n\n\t\t\t\t<\/div>\n\t\t\t\t<div class=\"elementor-post__meta-data\">\n\t\t\t\t\t<span class=\"elementor-post-date\">\n\t\t\t8 de November de 2022\t\t<\/span>\n\t\t\t\t<\/div>\n\t\t\t\t\t<\/div>\n\t\t<\/article>\n\t\t\t\t<article class=\"elementor-post elementor-grid-item post-1342 post type-post status-publish format-standard has-post-thumbnail hentry category-estrategia-empresarial tag-disciplina\" role=\"listitem\">\n\t\t\t<div class=\"elementor-post__card\">\n\t\t\t\t<a class=\"elementor-post__thumbnail__link\" href=\"https:\/\/www.actionproject.es\/en_gb\/blog\/disciplina-herramienta-exito-laboral\/\" tabindex=\"-1\" ><div class=\"elementor-post__thumbnail\"><img decoding=\"async\" width=\"1200\" height=\"800\" data-src=\"https:\/\/www.actionproject.es\/wp-content\/uploads\/2025\/07\/disciplin_20220928-104105_1.jpg\" class=\"attachment-full size-full wp-image-1435 lazyload\" alt=\"\" data-srcset=\"https:\/\/www.actionproject.es\/wp-content\/uploads\/2025\/07\/disciplin_20220928-104105_1.jpg 1200w, https:\/\/www.actionproject.es\/wp-content\/uploads\/2025\/07\/disciplin_20220928-104105_1-300x200.jpg 300w, https:\/\/www.actionproject.es\/wp-content\/uploads\/2025\/07\/disciplin_20220928-104105_1-1024x683.jpg 1024w, https:\/\/www.actionproject.es\/wp-content\/uploads\/2025\/07\/disciplin_20220928-104105_1-768x512.jpg 768w, https:\/\/www.actionproject.es\/wp-content\/uploads\/2025\/07\/disciplin_20220928-104105_1-18x12.jpg 18w\" data-sizes=\"(max-width: 1200px) 100vw, 1200px\" src=\"data:image\/svg+xml;base64,PHN2ZyB3aWR0aD0iMSIgaGVpZ2h0PSIxIiB4bWxucz0iaHR0cDovL3d3dy53My5vcmcvMjAwMC9zdmciPjwvc3ZnPg==\" style=\"--smush-placeholder-width: 1200px; --smush-placeholder-aspect-ratio: 1200\/800;\" \/><\/div><\/a>\n\t\t\t\t<div class=\"elementor-post__badge\">Business strategy<\/div>\n\t\t\t\t<div class=\"elementor-post__text\">\n\t\t\t\t<h3 class=\"elementor-post__title\">\n\t\t\t<a href=\"https:\/\/www.actionproject.es\/en_gb\/blog\/disciplina-herramienta-exito-laboral\/\" >\n\t\t\t\tLa disciplina como herramienta clave del \u00e9xito laboral\t\t\t<\/a>\n\t\t<\/h3>\n\t\t\n\t\t<a class=\"elementor-post__read-more\" href=\"https:\/\/www.actionproject.es\/en_gb\/blog\/disciplina-herramienta-exito-laboral\/\" aria-label=\"Read more about La disciplina como herramienta clave del \u00e9xito laboral\" tabindex=\"-1\" >\n\t\t\tRead more &#034;\t\t<\/a>\n\n\t\t\t\t<\/div>\n\t\t\t\t<div class=\"elementor-post__meta-data\">\n\t\t\t\t\t<span class=\"elementor-post-date\">\n\t\t\t27 de September de 2022\t\t<\/span>\n\t\t\t\t<\/div>\n\t\t\t\t\t<\/div>\n\t\t<\/article>\n\t\t\t\t<article class=\"elementor-post elementor-grid-item post-1341 post type-post status-publish format-standard has-post-thumbnail hentry category-estrategia-empresarial tag-plan-de-proyectos tag-plan-de-viabilidad tag-proyecto-empresarial\" role=\"listitem\">\n\t\t\t<div class=\"elementor-post__card\">\n\t\t\t\t<a class=\"elementor-post__thumbnail__link\" href=\"https:\/\/www.actionproject.es\/en_gb\/blog\/fases-de-un-proyecto-empresarial\/\" tabindex=\"-1\" ><div class=\"elementor-post__thumbnail\"><img decoding=\"async\" width=\"1200\" height=\"800\" data-src=\"https:\/\/www.actionproject.es\/wp-content\/uploads\/2025\/07\/fases-proyecto-empresarial.jpg\" class=\"attachment-full size-full wp-image-1448 lazyload\" alt=\"\" data-srcset=\"https:\/\/www.actionproject.es\/wp-content\/uploads\/2025\/07\/fases-proyecto-empresarial.jpg 1200w, https:\/\/www.actionproject.es\/wp-content\/uploads\/2025\/07\/fases-proyecto-empresarial-300x200.jpg 300w, https:\/\/www.actionproject.es\/wp-content\/uploads\/2025\/07\/fases-proyecto-empresarial-1024x683.jpg 1024w, https:\/\/www.actionproject.es\/wp-content\/uploads\/2025\/07\/fases-proyecto-empresarial-768x512.jpg 768w, https:\/\/www.actionproject.es\/wp-content\/uploads\/2025\/07\/fases-proyecto-empresarial-18x12.jpg 18w\" data-sizes=\"(max-width: 1200px) 100vw, 1200px\" src=\"data:image\/svg+xml;base64,PHN2ZyB3aWR0aD0iMSIgaGVpZ2h0PSIxIiB4bWxucz0iaHR0cDovL3d3dy53My5vcmcvMjAwMC9zdmciPjwvc3ZnPg==\" style=\"--smush-placeholder-width: 1200px; --smush-placeholder-aspect-ratio: 1200\/800;\" \/><\/div><\/a>\n\t\t\t\t<div class=\"elementor-post__badge\">Business strategy<\/div>\n\t\t\t\t<div class=\"elementor-post__text\">\n\t\t\t\t<h3 class=\"elementor-post__title\">\n\t\t\t<a href=\"https:\/\/www.actionproject.es\/en_gb\/blog\/fases-de-un-proyecto-empresarial\/\" >\n\t\t\t\t\u00bfCu\u00e1les son las fases de un proyecto empresarial?\t\t\t<\/a>\n\t\t<\/h3>\n\t\t\n\t\t<a class=\"elementor-post__read-more\" href=\"https:\/\/www.actionproject.es\/en_gb\/blog\/fases-de-un-proyecto-empresarial\/\" aria-label=\"Read more about \u00bfCu\u00e1les son las fases de un proyecto empresarial?\" tabindex=\"-1\" >\n\t\t\tRead more &#034;\t\t<\/a>\n\n\t\t\t\t<\/div>\n\t\t\t\t<div class=\"elementor-post__meta-data\">\n\t\t\t\t\t<span class=\"elementor-post-date\">\n\t\t\t13 de September de 2022\t\t<\/span>\n\t\t\t\t<\/div>\n\t\t\t\t\t<\/div>\n\t\t<\/article>\n\t\t\t\t<article class=\"elementor-post elementor-grid-item post-1340 post type-post status-publish format-standard has-post-thumbnail hentry category-estrategia-empresarial tag-desarrollo-profesional tag-direccion-por-objetivos tag-evaluacion-del-desempeno\" role=\"listitem\">\n\t\t\t<div class=\"elementor-post__card\">\n\t\t\t\t<a class=\"elementor-post__thumbnail__link\" href=\"https:\/\/www.actionproject.es\/en_gb\/blog\/sistema-evaluacion-del-desempeno\/\" tabindex=\"-1\" ><div class=\"elementor-post__thumbnail\"><img decoding=\"async\" width=\"1200\" height=\"800\" data-src=\"https:\/\/www.actionproject.es\/wp-content\/uploads\/2025\/07\/evaluacion-del-desempeo.jpg\" class=\"attachment-full size-full wp-image-1445 lazyload\" alt=\"\" data-srcset=\"https:\/\/www.actionproject.es\/wp-content\/uploads\/2025\/07\/evaluacion-del-desempeo.jpg 1200w, https:\/\/www.actionproject.es\/wp-content\/uploads\/2025\/07\/evaluacion-del-desempeo-300x200.jpg 300w, https:\/\/www.actionproject.es\/wp-content\/uploads\/2025\/07\/evaluacion-del-desempeo-1024x683.jpg 1024w, https:\/\/www.actionproject.es\/wp-content\/uploads\/2025\/07\/evaluacion-del-desempeo-768x512.jpg 768w, https:\/\/www.actionproject.es\/wp-content\/uploads\/2025\/07\/evaluacion-del-desempeo-18x12.jpg 18w\" data-sizes=\"(max-width: 1200px) 100vw, 1200px\" src=\"data:image\/svg+xml;base64,PHN2ZyB3aWR0aD0iMSIgaGVpZ2h0PSIxIiB4bWxucz0iaHR0cDovL3d3dy53My5vcmcvMjAwMC9zdmciPjwvc3ZnPg==\" style=\"--smush-placeholder-width: 1200px; --smush-placeholder-aspect-ratio: 1200\/800;\" \/><\/div><\/a>\n\t\t\t\t<div class=\"elementor-post__badge\">Business strategy<\/div>\n\t\t\t\t<div class=\"elementor-post__text\">\n\t\t\t\t<h3 class=\"elementor-post__title\">\n\t\t\t<a href=\"https:\/\/www.actionproject.es\/en_gb\/blog\/sistema-evaluacion-del-desempeno\/\" >\n\t\t\t\t\u00bfSigue en pie el sistema de Evaluaci\u00f3n del Desempe\u00f1o?\t\t\t<\/a>\n\t\t<\/h3>\n\t\t\n\t\t<a class=\"elementor-post__read-more\" href=\"https:\/\/www.actionproject.es\/en_gb\/blog\/sistema-evaluacion-del-desempeno\/\" aria-label=\"Read more about \u00bfSigue en pie el sistema de Evaluaci\u00f3n del Desempe\u00f1o?\" tabindex=\"-1\" >\n\t\t\tRead more &#034;\t\t<\/a>\n\n\t\t\t\t<\/div>\n\t\t\t\t<div class=\"elementor-post__meta-data\">\n\t\t\t\t\t<span class=\"elementor-post-date\">\n\t\t\t30 de August de 2022\t\t<\/span>\n\t\t\t\t<\/div>\n\t\t\t\t\t<\/div>\n\t\t<\/article>\n\t\t\t\t<article class=\"elementor-post elementor-grid-item post-1339 post type-post status-publish format-standard has-post-thumbnail hentry category-estrategia-empresarial tag-inteligencia-emocional tag-inteligencia-emocional-en-el-trabajo tag-inteligencia-emocional-en-la-empresa\" role=\"listitem\">\n\t\t\t<div class=\"elementor-post__card\">\n\t\t\t\t<a class=\"elementor-post__thumbnail__link\" href=\"https:\/\/www.actionproject.es\/en_gb\/blog\/inteligencia-emocional-1\/\" tabindex=\"-1\" ><div class=\"elementor-post__thumbnail\"><img decoding=\"async\" width=\"1200\" height=\"800\" data-src=\"https:\/\/www.actionproject.es\/wp-content\/uploads\/2025\/07\/inteligencia-emocional.jpg\" class=\"attachment-full size-full wp-image-1465 lazyload\" alt=\"\" data-srcset=\"https:\/\/www.actionproject.es\/wp-content\/uploads\/2025\/07\/inteligencia-emocional.jpg 1200w, https:\/\/www.actionproject.es\/wp-content\/uploads\/2025\/07\/inteligencia-emocional-300x200.jpg 300w, https:\/\/www.actionproject.es\/wp-content\/uploads\/2025\/07\/inteligencia-emocional-1024x683.jpg 1024w, https:\/\/www.actionproject.es\/wp-content\/uploads\/2025\/07\/inteligencia-emocional-768x512.jpg 768w, https:\/\/www.actionproject.es\/wp-content\/uploads\/2025\/07\/inteligencia-emocional-18x12.jpg 18w\" data-sizes=\"(max-width: 1200px) 100vw, 1200px\" src=\"data:image\/svg+xml;base64,PHN2ZyB3aWR0aD0iMSIgaGVpZ2h0PSIxIiB4bWxucz0iaHR0cDovL3d3dy53My5vcmcvMjAwMC9zdmciPjwvc3ZnPg==\" style=\"--smush-placeholder-width: 1200px; --smush-placeholder-aspect-ratio: 1200\/800;\" \/><\/div><\/a>\n\t\t\t\t<div class=\"elementor-post__badge\">Business strategy<\/div>\n\t\t\t\t<div class=\"elementor-post__text\">\n\t\t\t\t<h3 class=\"elementor-post__title\">\n\t\t\t<a href=\"https:\/\/www.actionproject.es\/en_gb\/blog\/inteligencia-emocional-1\/\" >\n\t\t\t\tInteligencia emocional: \u00bfc\u00f3mo influye en el trabajo?\t\t\t<\/a>\n\t\t<\/h3>\n\t\t\n\t\t<a class=\"elementor-post__read-more\" href=\"https:\/\/www.actionproject.es\/en_gb\/blog\/inteligencia-emocional-1\/\" aria-label=\"Read more about Inteligencia emocional: \u00bfc\u00f3mo influye en el trabajo?\" tabindex=\"-1\" >\n\t\t\tRead more &#034;\t\t<\/a>\n\n\t\t\t\t<\/div>\n\t\t\t\t<div class=\"elementor-post__meta-data\">\n\t\t\t\t\t<span class=\"elementor-post-date\">\n\t\t\t23 de August de 2022\t\t<\/span>\n\t\t\t\t<\/div>\n\t\t\t\t\t<\/div>\n\t\t<\/article>\n\t\t\t\t<article class=\"elementor-post elementor-grid-item post-1338 post type-post status-publish format-standard has-post-thumbnail hentry category-estrategia-empresarial tag-profesionalizacion-de-empresa tag-relevo-generacional tag-sucesion-empresarial\" role=\"listitem\">\n\t\t\t<div class=\"elementor-post__card\">\n\t\t\t\t<a class=\"elementor-post__thumbnail__link\" href=\"https:\/\/www.actionproject.es\/en_gb\/blog\/relevo-generacional-profesionalizar-empresa\/\" tabindex=\"-1\" ><div class=\"elementor-post__thumbnail\"><img decoding=\"async\" width=\"1200\" height=\"800\" data-src=\"https:\/\/www.actionproject.es\/wp-content\/uploads\/2025\/07\/relevo-generacional-empresa.jpg\" class=\"attachment-full size-full wp-image-1514 lazyload\" alt=\"\" data-srcset=\"https:\/\/www.actionproject.es\/wp-content\/uploads\/2025\/07\/relevo-generacional-empresa.jpg 1200w, https:\/\/www.actionproject.es\/wp-content\/uploads\/2025\/07\/relevo-generacional-empresa-300x200.jpg 300w, https:\/\/www.actionproject.es\/wp-content\/uploads\/2025\/07\/relevo-generacional-empresa-1024x683.jpg 1024w, https:\/\/www.actionproject.es\/wp-content\/uploads\/2025\/07\/relevo-generacional-empresa-768x512.jpg 768w, https:\/\/www.actionproject.es\/wp-content\/uploads\/2025\/07\/relevo-generacional-empresa-18x12.jpg 18w\" data-sizes=\"(max-width: 1200px) 100vw, 1200px\" src=\"data:image\/svg+xml;base64,PHN2ZyB3aWR0aD0iMSIgaGVpZ2h0PSIxIiB4bWxucz0iaHR0cDovL3d3dy53My5vcmcvMjAwMC9zdmciPjwvc3ZnPg==\" style=\"--smush-placeholder-width: 1200px; --smush-placeholder-aspect-ratio: 1200\/800;\" \/><\/div><\/a>\n\t\t\t\t<div class=\"elementor-post__badge\">Business strategy<\/div>\n\t\t\t\t<div class=\"elementor-post__text\">\n\t\t\t\t<h3 class=\"elementor-post__title\">\n\t\t\t<a href=\"https:\/\/www.actionproject.es\/en_gb\/blog\/relevo-generacional-profesionalizar-empresa\/\" >\n\t\t\t\tRelevo generacional de \u00e9xito al profesionalizar la empresa\t\t\t<\/a>\n\t\t<\/h3>\n\t\t\n\t\t<a class=\"elementor-post__read-more\" href=\"https:\/\/www.actionproject.es\/en_gb\/blog\/relevo-generacional-profesionalizar-empresa\/\" aria-label=\"Read more about Relevo generacional de \u00e9xito al profesionalizar la empresa\" tabindex=\"-1\" >\n\t\t\tRead more &#034;\t\t<\/a>\n\n\t\t\t\t<\/div>\n\t\t\t\t<div class=\"elementor-post__meta-data\">\n\t\t\t\t\t<span class=\"elementor-post-date\">\n\t\t\t12 de July de 2022\t\t<\/span>\n\t\t\t\t<\/div>\n\t\t\t\t\t<\/div>\n\t\t<\/article>\n\t\t\t\t<article class=\"elementor-post elementor-grid-item post-1337 post type-post status-publish format-standard has-post-thumbnail hentry category-estrategia-empresarial\" role=\"listitem\">\n\t\t\t<div class=\"elementor-post__card\">\n\t\t\t\t<a class=\"elementor-post__thumbnail__link\" href=\"https:\/\/www.actionproject.es\/en_gb\/blog\/aprendizaje-emprendedores-lobo-wall-street\/\" tabindex=\"-1\" ><div class=\"elementor-post__thumbnail\"><img decoding=\"async\" width=\"1200\" height=\"800\" data-src=\"https:\/\/www.actionproject.es\/wp-content\/uploads\/2025\/07\/aprendizaje-emprendedores-wall-street.jpg\" class=\"attachment-full size-full wp-image-1402 lazyload\" alt=\"\" data-srcset=\"https:\/\/www.actionproject.es\/wp-content\/uploads\/2025\/07\/aprendizaje-emprendedores-wall-street.jpg 1200w, https:\/\/www.actionproject.es\/wp-content\/uploads\/2025\/07\/aprendizaje-emprendedores-wall-street-300x200.jpg 300w, https:\/\/www.actionproject.es\/wp-content\/uploads\/2025\/07\/aprendizaje-emprendedores-wall-street-1024x683.jpg 1024w, https:\/\/www.actionproject.es\/wp-content\/uploads\/2025\/07\/aprendizaje-emprendedores-wall-street-768x512.jpg 768w, https:\/\/www.actionproject.es\/wp-content\/uploads\/2025\/07\/aprendizaje-emprendedores-wall-street-18x12.jpg 18w\" data-sizes=\"(max-width: 1200px) 100vw, 1200px\" src=\"data:image\/svg+xml;base64,PHN2ZyB3aWR0aD0iMSIgaGVpZ2h0PSIxIiB4bWxucz0iaHR0cDovL3d3dy53My5vcmcvMjAwMC9zdmciPjwvc3ZnPg==\" style=\"--smush-placeholder-width: 1200px; --smush-placeholder-aspect-ratio: 1200\/800;\" \/><\/div><\/a>\n\t\t\t\t<div class=\"elementor-post__badge\">Business strategy<\/div>\n\t\t\t\t<div class=\"elementor-post__text\">\n\t\t\t\t<h3 class=\"elementor-post__title\">\n\t\t\t<a href=\"https:\/\/www.actionproject.es\/en_gb\/blog\/aprendizaje-emprendedores-lobo-wall-street\/\" >\n\t\t\t\tAprendizaje para emprendedores de \u2018El lobo de Wall Street\u2019\t\t\t<\/a>\n\t\t<\/h3>\n\t\t\n\t\t<a class=\"elementor-post__read-more\" href=\"https:\/\/www.actionproject.es\/en_gb\/blog\/aprendizaje-emprendedores-lobo-wall-street\/\" aria-label=\"Read more about Aprendizaje para emprendedores de \u2018El lobo de Wall Street\u2019\" tabindex=\"-1\" >\n\t\t\tRead more &#034;\t\t<\/a>\n\n\t\t\t\t<\/div>\n\t\t\t\t<div class=\"elementor-post__meta-data\">\n\t\t\t\t\t<span class=\"elementor-post-date\">\n\t\t\t5 de July de 2022\t\t<\/span>\n\t\t\t\t<\/div>\n\t\t\t\t\t<\/div>\n\t\t<\/article>\n\t\t\t\t<article class=\"elementor-post elementor-grid-item post-1336 post type-post status-publish format-standard has-post-thumbnail hentry category-estrategia-empresarial tag-factor-diferencial tag-negocio tag-ventaja-competitiva\" role=\"listitem\">\n\t\t\t<div class=\"elementor-post__card\">\n\t\t\t\t<a class=\"elementor-post__thumbnail__link\" href=\"https:\/\/www.actionproject.es\/en_gb\/blog\/encuentra-factor-diferencial-negocio\/\" tabindex=\"-1\" ><div class=\"elementor-post__thumbnail\"><img decoding=\"async\" width=\"1200\" height=\"800\" data-src=\"https:\/\/www.actionproject.es\/wp-content\/uploads\/2025\/07\/factor-diferencial-empresa.jpg\" class=\"attachment-full size-full wp-image-1447 lazyload\" alt=\"\" data-srcset=\"https:\/\/www.actionproject.es\/wp-content\/uploads\/2025\/07\/factor-diferencial-empresa.jpg 1200w, https:\/\/www.actionproject.es\/wp-content\/uploads\/2025\/07\/factor-diferencial-empresa-300x200.jpg 300w, https:\/\/www.actionproject.es\/wp-content\/uploads\/2025\/07\/factor-diferencial-empresa-1024x683.jpg 1024w, https:\/\/www.actionproject.es\/wp-content\/uploads\/2025\/07\/factor-diferencial-empresa-768x512.jpg 768w, https:\/\/www.actionproject.es\/wp-content\/uploads\/2025\/07\/factor-diferencial-empresa-18x12.jpg 18w\" data-sizes=\"(max-width: 1200px) 100vw, 1200px\" src=\"data:image\/svg+xml;base64,PHN2ZyB3aWR0aD0iMSIgaGVpZ2h0PSIxIiB4bWxucz0iaHR0cDovL3d3dy53My5vcmcvMjAwMC9zdmciPjwvc3ZnPg==\" style=\"--smush-placeholder-width: 1200px; --smush-placeholder-aspect-ratio: 1200\/800;\" \/><\/div><\/a>\n\t\t\t\t<div class=\"elementor-post__badge\">Business strategy<\/div>\n\t\t\t\t<div class=\"elementor-post__text\">\n\t\t\t\t<h3 class=\"elementor-post__title\">\n\t\t\t<a href=\"https:\/\/www.actionproject.es\/en_gb\/blog\/encuentra-factor-diferencial-negocio\/\" >\n\t\t\t\t\u00a1Destaca! Encuentra el factor diferencial de tu negocio\t\t\t<\/a>\n\t\t<\/h3>\n\t\t\n\t\t<a class=\"elementor-post__read-more\" href=\"https:\/\/www.actionproject.es\/en_gb\/blog\/encuentra-factor-diferencial-negocio\/\" aria-label=\"Read more about \u00a1Destaca! Encuentra el factor diferencial de tu negocio\" tabindex=\"-1\" >\n\t\t\tRead more &#034;\t\t<\/a>\n\n\t\t\t\t<\/div>\n\t\t\t\t<div class=\"elementor-post__meta-data\">\n\t\t\t\t\t<span class=\"elementor-post-date\">\n\t\t\t14 de June de 2022\t\t<\/span>\n\t\t\t\t<\/div>\n\t\t\t\t\t<\/div>\n\t\t<\/article>\n\t\t\t\t<article class=\"elementor-post elementor-grid-item post-1335 post type-post status-publish format-standard has-post-thumbnail hentry category-estrategia-empresarial tag-consultoria-empresarial tag-consultoria-estrategica tag-empresas tag-gestion-de-empresas tag-profesionalizacion-de-empresas\" role=\"listitem\">\n\t\t\t<div class=\"elementor-post__card\">\n\t\t\t\t<a class=\"elementor-post__thumbnail__link\" href=\"https:\/\/www.actionproject.es\/en_gb\/blog\/necesito-consultoria-estrategica-empresarial\/\" tabindex=\"-1\" ><div class=\"elementor-post__thumbnail\"><img decoding=\"async\" width=\"1200\" height=\"800\" data-src=\"https:\/\/www.actionproject.es\/wp-content\/uploads\/2025\/07\/consultoria-estrategica-empresarial.jpg\" class=\"attachment-full size-full wp-image-1422 lazyload\" alt=\"\" data-srcset=\"https:\/\/www.actionproject.es\/wp-content\/uploads\/2025\/07\/consultoria-estrategica-empresarial.jpg 1200w, https:\/\/www.actionproject.es\/wp-content\/uploads\/2025\/07\/consultoria-estrategica-empresarial-300x200.jpg 300w, https:\/\/www.actionproject.es\/wp-content\/uploads\/2025\/07\/consultoria-estrategica-empresarial-1024x683.jpg 1024w, https:\/\/www.actionproject.es\/wp-content\/uploads\/2025\/07\/consultoria-estrategica-empresarial-768x512.jpg 768w, https:\/\/www.actionproject.es\/wp-content\/uploads\/2025\/07\/consultoria-estrategica-empresarial-18x12.jpg 18w\" data-sizes=\"(max-width: 1200px) 100vw, 1200px\" src=\"data:image\/svg+xml;base64,PHN2ZyB3aWR0aD0iMSIgaGVpZ2h0PSIxIiB4bWxucz0iaHR0cDovL3d3dy53My5vcmcvMjAwMC9zdmciPjwvc3ZnPg==\" style=\"--smush-placeholder-width: 1200px; --smush-placeholder-aspect-ratio: 1200\/800;\" \/><\/div><\/a>\n\t\t\t\t<div class=\"elementor-post__badge\">Business strategy<\/div>\n\t\t\t\t<div class=\"elementor-post__text\">\n\t\t\t\t<h3 class=\"elementor-post__title\">\n\t\t\t<a href=\"https:\/\/www.actionproject.es\/en_gb\/blog\/necesito-consultoria-estrategica-empresarial\/\" >\n\t\t\t\t\u00bfPor qu\u00e9 necesito una consultor\u00eda estrat\u00e9gica empresarial?\t\t\t<\/a>\n\t\t<\/h3>\n\t\t\n\t\t<a class=\"elementor-post__read-more\" href=\"https:\/\/www.actionproject.es\/en_gb\/blog\/necesito-consultoria-estrategica-empresarial\/\" aria-label=\"Read more about \u00bfPor qu\u00e9 necesito una consultor\u00eda estrat\u00e9gica empresarial?\" tabindex=\"-1\" >\n\t\t\tRead more &#034;\t\t<\/a>\n\n\t\t\t\t<\/div>\n\t\t\t\t<div class=\"elementor-post__meta-data\">\n\t\t\t\t\t<span class=\"elementor-post-date\">\n\t\t\t31 de May de 2022\t\t<\/span>\n\t\t\t\t<\/div>\n\t\t\t\t\t<\/div>\n\t\t<\/article>\n\t\t\t\t<article class=\"elementor-post elementor-grid-item post-1334 post type-post status-publish format-standard has-post-thumbnail hentry category-estrategia-empresarial tag-amazon tag-exito-empresarial tag-jeff-bezos tag-lecciones-empresariales tag-oportunidades-empresariales\" role=\"listitem\">\n\t\t\t<div class=\"elementor-post__card\">\n\t\t\t\t<a class=\"elementor-post__thumbnail__link\" href=\"https:\/\/www.actionproject.es\/en_gb\/blog\/jeff-bezos-exito-empresarial-amazon\/\" tabindex=\"-1\" ><div class=\"elementor-post__thumbnail\"><img decoding=\"async\" width=\"1200\" height=\"800\" data-src=\"https:\/\/www.actionproject.es\/wp-content\/uploads\/2025\/07\/exito-empresarial-jeff-bezos-amazon.jpg\" class=\"attachment-full size-full wp-image-1446 lazyload\" alt=\"\" data-srcset=\"https:\/\/www.actionproject.es\/wp-content\/uploads\/2025\/07\/exito-empresarial-jeff-bezos-amazon.jpg 1200w, https:\/\/www.actionproject.es\/wp-content\/uploads\/2025\/07\/exito-empresarial-jeff-bezos-amazon-300x200.jpg 300w, https:\/\/www.actionproject.es\/wp-content\/uploads\/2025\/07\/exito-empresarial-jeff-bezos-amazon-1024x683.jpg 1024w, https:\/\/www.actionproject.es\/wp-content\/uploads\/2025\/07\/exito-empresarial-jeff-bezos-amazon-768x512.jpg 768w, https:\/\/www.actionproject.es\/wp-content\/uploads\/2025\/07\/exito-empresarial-jeff-bezos-amazon-18x12.jpg 18w\" data-sizes=\"(max-width: 1200px) 100vw, 1200px\" src=\"data:image\/svg+xml;base64,PHN2ZyB3aWR0aD0iMSIgaGVpZ2h0PSIxIiB4bWxucz0iaHR0cDovL3d3dy53My5vcmcvMjAwMC9zdmciPjwvc3ZnPg==\" style=\"--smush-placeholder-width: 1200px; --smush-placeholder-aspect-ratio: 1200\/800;\" \/><\/div><\/a>\n\t\t\t\t<div class=\"elementor-post__badge\">Business strategy<\/div>\n\t\t\t\t<div class=\"elementor-post__text\">\n\t\t\t\t<h3 class=\"elementor-post__title\">\n\t\t\t<a href=\"https:\/\/www.actionproject.es\/en_gb\/blog\/jeff-bezos-exito-empresarial-amazon\/\" >\n\t\t\t\tC\u00f3mo Jeff Bezos consigui\u00f3 el \u00e9xito empresarial con Amazon\t\t\t<\/a>\n\t\t<\/h3>\n\t\t\n\t\t<a class=\"elementor-post__read-more\" href=\"https:\/\/www.actionproject.es\/en_gb\/blog\/jeff-bezos-exito-empresarial-amazon\/\" aria-label=\"Read more about C\u00f3mo Jeff Bezos consigui\u00f3 el \u00e9xito empresarial con Amazon\" tabindex=\"-1\" >\n\t\t\tRead more &#034;\t\t<\/a>\n\n\t\t\t\t<\/div>\n\t\t\t\t<div class=\"elementor-post__meta-data\">\n\t\t\t\t\t<span class=\"elementor-post-date\">\n\t\t\t24 de May de 2022\t\t<\/span>\n\t\t\t\t<\/div>\n\t\t\t\t\t<\/div>\n\t\t<\/article>\n\t\t\t\t<article class=\"elementor-post elementor-grid-item post-1333 post type-post status-publish format-standard has-post-thumbnail hentry category-estrategia-empresarial tag-estructura-empresarial tag-gestion-de-procesos tag-objetivos-de-negocio tag-organizacion-de-empresa tag-procesos-de-empresa\" role=\"listitem\">\n\t\t\t<div class=\"elementor-post__card\">\n\t\t\t\t<a class=\"elementor-post__thumbnail__link\" href=\"https:\/\/www.actionproject.es\/en_gb\/blog\/importancia-gestion-de-procesos-empresa\/\" tabindex=\"-1\" ><div class=\"elementor-post__thumbnail\"><img decoding=\"async\" width=\"1200\" height=\"800\" data-src=\"https:\/\/www.actionproject.es\/wp-content\/uploads\/2025\/07\/gestion-de-procesos.jpg\" class=\"attachment-full size-full wp-image-1453 lazyload\" alt=\"\" data-srcset=\"https:\/\/www.actionproject.es\/wp-content\/uploads\/2025\/07\/gestion-de-procesos.jpg 1200w, https:\/\/www.actionproject.es\/wp-content\/uploads\/2025\/07\/gestion-de-procesos-300x200.jpg 300w, https:\/\/www.actionproject.es\/wp-content\/uploads\/2025\/07\/gestion-de-procesos-1024x683.jpg 1024w, https:\/\/www.actionproject.es\/wp-content\/uploads\/2025\/07\/gestion-de-procesos-768x512.jpg 768w, https:\/\/www.actionproject.es\/wp-content\/uploads\/2025\/07\/gestion-de-procesos-18x12.jpg 18w\" data-sizes=\"(max-width: 1200px) 100vw, 1200px\" src=\"data:image\/svg+xml;base64,PHN2ZyB3aWR0aD0iMSIgaGVpZ2h0PSIxIiB4bWxucz0iaHR0cDovL3d3dy53My5vcmcvMjAwMC9zdmciPjwvc3ZnPg==\" style=\"--smush-placeholder-width: 1200px; --smush-placeholder-aspect-ratio: 1200\/800;\" \/><\/div><\/a>\n\t\t\t\t<div class=\"elementor-post__badge\">Business strategy<\/div>\n\t\t\t\t<div class=\"elementor-post__text\">\n\t\t\t\t<h3 class=\"elementor-post__title\">\n\t\t\t<a href=\"https:\/\/www.actionproject.es\/en_gb\/blog\/importancia-gestion-de-procesos-empresa\/\" >\n\t\t\t\tLa importancia de la gesti\u00f3n de procesos para tu empresa\t\t\t<\/a>\n\t\t<\/h3>\n\t\t\n\t\t<a class=\"elementor-post__read-more\" href=\"https:\/\/www.actionproject.es\/en_gb\/blog\/importancia-gestion-de-procesos-empresa\/\" aria-label=\"Read more about La importancia de la gesti\u00f3n de procesos para tu empresa\" tabindex=\"-1\" >\n\t\t\tRead more &#034;\t\t<\/a>\n\n\t\t\t\t<\/div>\n\t\t\t\t<div class=\"elementor-post__meta-data\">\n\t\t\t\t\t<span class=\"elementor-post-date\">\n\t\t\t10 de May de 2022\t\t<\/span>\n\t\t\t\t<\/div>\n\t\t\t\t\t<\/div>\n\t\t<\/article>\n\t\t\t\t<article class=\"elementor-post elementor-grid-item post-1332 post type-post status-publish format-standard has-post-thumbnail hentry category-estrategia-empresarial tag-el-juego-del-calamar tag-empresa tag-lecciones-empresariales tag-negocio tag-series\" role=\"listitem\">\n\t\t\t<div class=\"elementor-post__card\">\n\t\t\t\t<a class=\"elementor-post__thumbnail__link\" href=\"https:\/\/www.actionproject.es\/en_gb\/blog\/lecciones-empresariales-serie-juego-calamar\/\" tabindex=\"-1\" ><div class=\"elementor-post__thumbnail\"><img decoding=\"async\" width=\"1200\" height=\"800\" data-src=\"https:\/\/www.actionproject.es\/wp-content\/uploads\/2025\/07\/lecciones-empresariales-juego-calamar.jpg\" class=\"attachment-full size-full wp-image-1473 lazyload\" alt=\"\" data-srcset=\"https:\/\/www.actionproject.es\/wp-content\/uploads\/2025\/07\/lecciones-empresariales-juego-calamar.jpg 1200w, https:\/\/www.actionproject.es\/wp-content\/uploads\/2025\/07\/lecciones-empresariales-juego-calamar-300x200.jpg 300w, https:\/\/www.actionproject.es\/wp-content\/uploads\/2025\/07\/lecciones-empresariales-juego-calamar-1024x683.jpg 1024w, https:\/\/www.actionproject.es\/wp-content\/uploads\/2025\/07\/lecciones-empresariales-juego-calamar-768x512.jpg 768w, https:\/\/www.actionproject.es\/wp-content\/uploads\/2025\/07\/lecciones-empresariales-juego-calamar-18x12.jpg 18w\" data-sizes=\"(max-width: 1200px) 100vw, 1200px\" src=\"data:image\/svg+xml;base64,PHN2ZyB3aWR0aD0iMSIgaGVpZ2h0PSIxIiB4bWxucz0iaHR0cDovL3d3dy53My5vcmcvMjAwMC9zdmciPjwvc3ZnPg==\" style=\"--smush-placeholder-width: 1200px; --smush-placeholder-aspect-ratio: 1200\/800;\" \/><\/div><\/a>\n\t\t\t\t<div class=\"elementor-post__badge\">Business strategy<\/div>\n\t\t\t\t<div class=\"elementor-post__text\">\n\t\t\t\t<h3 class=\"elementor-post__title\">\n\t\t\t<a href=\"https:\/\/www.actionproject.es\/en_gb\/blog\/lecciones-empresariales-serie-juego-calamar\/\" >\n\t\t\t\t4 lecciones empresariales de \u2018El juego del calamar\u2019\t\t\t<\/a>\n\t\t<\/h3>\n\t\t\n\t\t<a class=\"elementor-post__read-more\" href=\"https:\/\/www.actionproject.es\/en_gb\/blog\/lecciones-empresariales-serie-juego-calamar\/\" aria-label=\"Read more about 4 lecciones empresariales de \u2018El juego del calamar\u2019\" tabindex=\"-1\" >\n\t\t\tRead more &#034;\t\t<\/a>\n\n\t\t\t\t<\/div>\n\t\t\t\t<div class=\"elementor-post__meta-data\">\n\t\t\t\t\t<span class=\"elementor-post-date\">\n\t\t\t26 de April de 2022\t\t<\/span>\n\t\t\t\t<\/div>\n\t\t\t\t\t<\/div>\n\t\t<\/article>\n\t\t\t\t<article class=\"elementor-post elementor-grid-item post-1331 post type-post status-publish format-standard has-post-thumbnail hentry category-estrategia-empresarial tag-competitividad-empresarial tag-consultor-de-empresas tag-consultor-de-pymes tag-consultoria-empresarial tag-pymes\" role=\"listitem\">\n\t\t\t<div class=\"elementor-post__card\">\n\t\t\t\t<a class=\"elementor-post__thumbnail__link\" href=\"https:\/\/www.actionproject.es\/en_gb\/blog\/consultoria-empresarial-exito-negocio\/\" tabindex=\"-1\" ><div class=\"elementor-post__thumbnail\"><img decoding=\"async\" width=\"1200\" height=\"800\" data-src=\"https:\/\/www.actionproject.es\/wp-content\/uploads\/2025\/07\/consultoria-empresarial.jpg\" class=\"attachment-full size-full wp-image-1416 lazyload\" alt=\"\" data-srcset=\"https:\/\/www.actionproject.es\/wp-content\/uploads\/2025\/07\/consultoria-empresarial.jpg 1200w, https:\/\/www.actionproject.es\/wp-content\/uploads\/2025\/07\/consultoria-empresarial-300x200.jpg 300w, https:\/\/www.actionproject.es\/wp-content\/uploads\/2025\/07\/consultoria-empresarial-1024x683.jpg 1024w, https:\/\/www.actionproject.es\/wp-content\/uploads\/2025\/07\/consultoria-empresarial-768x512.jpg 768w, https:\/\/www.actionproject.es\/wp-content\/uploads\/2025\/07\/consultoria-empresarial-18x12.jpg 18w\" data-sizes=\"(max-width: 1200px) 100vw, 1200px\" src=\"data:image\/svg+xml;base64,PHN2ZyB3aWR0aD0iMSIgaGVpZ2h0PSIxIiB4bWxucz0iaHR0cDovL3d3dy53My5vcmcvMjAwMC9zdmciPjwvc3ZnPg==\" style=\"--smush-placeholder-width: 1200px; --smush-placeholder-aspect-ratio: 1200\/800;\" \/><\/div><\/a>\n\t\t\t\t<div class=\"elementor-post__badge\">Business strategy<\/div>\n\t\t\t\t<div class=\"elementor-post__text\">\n\t\t\t\t<h3 class=\"elementor-post__title\">\n\t\t\t<a href=\"https:\/\/www.actionproject.es\/en_gb\/blog\/consultoria-empresarial-exito-negocio\/\" >\n\t\t\t\tConsultor\u00eda empresarial, clave para el \u00e9xito de tu negocio\t\t\t<\/a>\n\t\t<\/h3>\n\t\t\n\t\t<a class=\"elementor-post__read-more\" href=\"https:\/\/www.actionproject.es\/en_gb\/blog\/consultoria-empresarial-exito-negocio\/\" aria-label=\"Read more about Consultor\u00eda empresarial, clave para el \u00e9xito de tu negocio\" tabindex=\"-1\" >\n\t\t\tRead more &#034;\t\t<\/a>\n\n\t\t\t\t<\/div>\n\t\t\t\t<div class=\"elementor-post__meta-data\">\n\t\t\t\t\t<span class=\"elementor-post-date\">\n\t\t\t22 de March de 2022\t\t<\/span>\n\t\t\t\t<\/div>\n\t\t\t\t\t<\/div>\n\t\t<\/article>\n\t\t\t\t<article class=\"elementor-post elementor-grid-item post-1330 post type-post status-publish format-standard has-post-thumbnail hentry category-estrategia-empresarial tag-equipo tag-equipo-de-alto-rendimiento tag-habilidades-directivas tag-habilidades-empresariales tag-rendimiento-laboral\" role=\"listitem\">\n\t\t\t<div class=\"elementor-post__card\">\n\t\t\t\t<a class=\"elementor-post__thumbnail__link\" href=\"https:\/\/www.actionproject.es\/en_gb\/blog\/empresa-necesita-equipo-alto-rendimiento\/\" tabindex=\"-1\" ><div class=\"elementor-post__thumbnail\"><img decoding=\"async\" width=\"1200\" height=\"800\" data-src=\"https:\/\/www.actionproject.es\/wp-content\/uploads\/2025\/07\/equipo-alto-rendimiento.jpg\" class=\"attachment-full size-full wp-image-1440 lazyload\" alt=\"\" data-srcset=\"https:\/\/www.actionproject.es\/wp-content\/uploads\/2025\/07\/equipo-alto-rendimiento.jpg 1200w, https:\/\/www.actionproject.es\/wp-content\/uploads\/2025\/07\/equipo-alto-rendimiento-300x200.jpg 300w, https:\/\/www.actionproject.es\/wp-content\/uploads\/2025\/07\/equipo-alto-rendimiento-1024x683.jpg 1024w, https:\/\/www.actionproject.es\/wp-content\/uploads\/2025\/07\/equipo-alto-rendimiento-768x512.jpg 768w, https:\/\/www.actionproject.es\/wp-content\/uploads\/2025\/07\/equipo-alto-rendimiento-18x12.jpg 18w\" data-sizes=\"(max-width: 1200px) 100vw, 1200px\" src=\"data:image\/svg+xml;base64,PHN2ZyB3aWR0aD0iMSIgaGVpZ2h0PSIxIiB4bWxucz0iaHR0cDovL3d3dy53My5vcmcvMjAwMC9zdmciPjwvc3ZnPg==\" style=\"--smush-placeholder-width: 1200px; --smush-placeholder-aspect-ratio: 1200\/800;\" \/><\/div><\/a>\n\t\t\t\t<div class=\"elementor-post__badge\">Business strategy<\/div>\n\t\t\t\t<div class=\"elementor-post__text\">\n\t\t\t\t<h3 class=\"elementor-post__title\">\n\t\t\t<a href=\"https:\/\/www.actionproject.es\/en_gb\/blog\/empresa-necesita-equipo-alto-rendimiento\/\" >\n\t\t\t\t\u00bfPor qu\u00e9 una empresa necesita un equipo de alto rendimiento?\t\t\t<\/a>\n\t\t<\/h3>\n\t\t\n\t\t<a class=\"elementor-post__read-more\" href=\"https:\/\/www.actionproject.es\/en_gb\/blog\/empresa-necesita-equipo-alto-rendimiento\/\" aria-label=\"Read more about \u00bfPor qu\u00e9 una empresa necesita un equipo de alto rendimiento?\" tabindex=\"-1\" >\n\t\t\tRead more &#034;\t\t<\/a>\n\n\t\t\t\t<\/div>\n\t\t\t\t<div class=\"elementor-post__meta-data\">\n\t\t\t\t\t<span class=\"elementor-post-date\">\n\t\t\t8 de March de 2022\t\t<\/span>\n\t\t\t\t<\/div>\n\t\t\t\t\t<\/div>\n\t\t<\/article>\n\t\t\t\t<article class=\"elementor-post elementor-grid-item post-1329 post type-post status-publish format-standard has-post-thumbnail hentry category-estrategia-empresarial tag-competencias-basicas tag-competencias-laborales tag-cualidades-laborales tag-desarrollo-personal tag-desarrollo-profesional\" role=\"listitem\">\n\t\t\t<div class=\"elementor-post__card\">\n\t\t\t\t<a class=\"elementor-post__thumbnail__link\" href=\"https:\/\/www.actionproject.es\/en_gb\/blog\/competencias-basicas-desarrollo-personal\/\" tabindex=\"-1\" ><div class=\"elementor-post__thumbnail\"><img decoding=\"async\" width=\"1200\" height=\"800\" data-src=\"https:\/\/www.actionproject.es\/wp-content\/uploads\/2025\/07\/competencias-basicas-desarrollo-personal.jpg\" class=\"attachment-full size-full wp-image-1411 lazyload\" alt=\"\" data-srcset=\"https:\/\/www.actionproject.es\/wp-content\/uploads\/2025\/07\/competencias-basicas-desarrollo-personal.jpg 1200w, https:\/\/www.actionproject.es\/wp-content\/uploads\/2025\/07\/competencias-basicas-desarrollo-personal-300x200.jpg 300w, https:\/\/www.actionproject.es\/wp-content\/uploads\/2025\/07\/competencias-basicas-desarrollo-personal-1024x683.jpg 1024w, https:\/\/www.actionproject.es\/wp-content\/uploads\/2025\/07\/competencias-basicas-desarrollo-personal-768x512.jpg 768w, https:\/\/www.actionproject.es\/wp-content\/uploads\/2025\/07\/competencias-basicas-desarrollo-personal-18x12.jpg 18w\" data-sizes=\"(max-width: 1200px) 100vw, 1200px\" src=\"data:image\/svg+xml;base64,PHN2ZyB3aWR0aD0iMSIgaGVpZ2h0PSIxIiB4bWxucz0iaHR0cDovL3d3dy53My5vcmcvMjAwMC9zdmciPjwvc3ZnPg==\" style=\"--smush-placeholder-width: 1200px; --smush-placeholder-aspect-ratio: 1200\/800;\" \/><\/div><\/a>\n\t\t\t\t<div class=\"elementor-post__badge\">Business strategy<\/div>\n\t\t\t\t<div class=\"elementor-post__text\">\n\t\t\t\t<h3 class=\"elementor-post__title\">\n\t\t\t<a href=\"https:\/\/www.actionproject.es\/en_gb\/blog\/competencias-basicas-desarrollo-personal\/\" >\n\t\t\t\t\u00c9xito laboral: 7 competencias b\u00e1sicas para el desarrollo personal\t\t\t<\/a>\n\t\t<\/h3>\n\t\t\n\t\t<a class=\"elementor-post__read-more\" href=\"https:\/\/www.actionproject.es\/en_gb\/blog\/competencias-basicas-desarrollo-personal\/\" aria-label=\"Read more about \u00c9xito laboral: 7 competencias b\u00e1sicas para el desarrollo personal\" tabindex=\"-1\" >\n\t\t\tRead more &#034;\t\t<\/a>\n\n\t\t\t\t<\/div>\n\t\t\t\t<div class=\"elementor-post__meta-data\">\n\t\t\t\t\t<span class=\"elementor-post-date\">\n\t\t\t21 de February de 2022\t\t<\/span>\n\t\t\t\t<\/div>\n\t\t\t\t\t<\/div>\n\t\t<\/article>\n\t\t\t\t<article class=\"elementor-post elementor-grid-item post-1328 post type-post status-publish format-standard has-post-thumbnail hentry category-actualidad tag-herramientas-digitales tag-herramientas-para-emprendedores tag-herramientas-para-negocios tag-pymes tag-whtasapp-business\" role=\"listitem\">\n\t\t\t<div class=\"elementor-post__card\">\n\t\t\t\t<a class=\"elementor-post__thumbnail__link\" href=\"https:\/\/www.actionproject.es\/en_gb\/blog\/whatsapp-business-herramienta-pymes\/\" tabindex=\"-1\" ><div class=\"elementor-post__thumbnail\"><img decoding=\"async\" width=\"1200\" height=\"800\" data-src=\"https:\/\/www.actionproject.es\/wp-content\/uploads\/2025\/07\/whatsapp-business-pymes.jpg\" class=\"attachment-full size-full wp-image-1532 lazyload\" alt=\"\" data-srcset=\"https:\/\/www.actionproject.es\/wp-content\/uploads\/2025\/07\/whatsapp-business-pymes.jpg 1200w, https:\/\/www.actionproject.es\/wp-content\/uploads\/2025\/07\/whatsapp-business-pymes-300x200.jpg 300w, https:\/\/www.actionproject.es\/wp-content\/uploads\/2025\/07\/whatsapp-business-pymes-1024x683.jpg 1024w, https:\/\/www.actionproject.es\/wp-content\/uploads\/2025\/07\/whatsapp-business-pymes-768x512.jpg 768w, https:\/\/www.actionproject.es\/wp-content\/uploads\/2025\/07\/whatsapp-business-pymes-18x12.jpg 18w\" data-sizes=\"(max-width: 1200px) 100vw, 1200px\" src=\"data:image\/svg+xml;base64,PHN2ZyB3aWR0aD0iMSIgaGVpZ2h0PSIxIiB4bWxucz0iaHR0cDovL3d3dy53My5vcmcvMjAwMC9zdmciPjwvc3ZnPg==\" style=\"--smush-placeholder-width: 1200px; --smush-placeholder-aspect-ratio: 1200\/800;\" \/><\/div><\/a>\n\t\t\t\t<div class=\"elementor-post__badge\">Actualidad<\/div>\n\t\t\t\t<div class=\"elementor-post__text\">\n\t\t\t\t<h3 class=\"elementor-post__title\">\n\t\t\t<a href=\"https:\/\/www.actionproject.es\/en_gb\/blog\/whatsapp-business-herramienta-pymes\/\" >\n\t\t\t\tWhatsApp Business: herramienta para pymes de gran potencial\t\t\t<\/a>\n\t\t<\/h3>\n\t\t\n\t\t<a class=\"elementor-post__read-more\" href=\"https:\/\/www.actionproject.es\/en_gb\/blog\/whatsapp-business-herramienta-pymes\/\" aria-label=\"Read more about WhatsApp Business: herramienta para pymes de gran potencial\" tabindex=\"-1\" >\n\t\t\tRead more &#034;\t\t<\/a>\n\n\t\t\t\t<\/div>\n\t\t\t\t<div class=\"elementor-post__meta-data\">\n\t\t\t\t\t<span class=\"elementor-post-date\">\n\t\t\t15 de February de 2022\t\t<\/span>\n\t\t\t\t<\/div>\n\t\t\t\t\t<\/div>\n\t\t<\/article>\n\t\t\t\t<article class=\"elementor-post elementor-grid-item post-1327 post type-post status-publish format-standard has-post-thumbnail hentry category-estrategia-empresarial tag-direccion-por-objetivos tag-estrategia-empresarial tag-gestion-empresarial tag-negocio tag-objetivos-empresariales\" role=\"listitem\">\n\t\t\t<div class=\"elementor-post__card\">\n\t\t\t\t<a class=\"elementor-post__thumbnail__link\" href=\"https:\/\/www.actionproject.es\/en_gb\/blog\/ventajas-direccion-por-objetivos\/\" tabindex=\"-1\" ><div class=\"elementor-post__thumbnail\"><img decoding=\"async\" width=\"1200\" height=\"800\" data-src=\"https:\/\/www.actionproject.es\/wp-content\/uploads\/2025\/07\/direccion-por-objetivos.jpg\" class=\"attachment-full size-full wp-image-1433 lazyload\" alt=\"\" data-srcset=\"https:\/\/www.actionproject.es\/wp-content\/uploads\/2025\/07\/direccion-por-objetivos.jpg 1200w, https:\/\/www.actionproject.es\/wp-content\/uploads\/2025\/07\/direccion-por-objetivos-300x200.jpg 300w, https:\/\/www.actionproject.es\/wp-content\/uploads\/2025\/07\/direccion-por-objetivos-1024x683.jpg 1024w, https:\/\/www.actionproject.es\/wp-content\/uploads\/2025\/07\/direccion-por-objetivos-768x512.jpg 768w, https:\/\/www.actionproject.es\/wp-content\/uploads\/2025\/07\/direccion-por-objetivos-18x12.jpg 18w\" data-sizes=\"(max-width: 1200px) 100vw, 1200px\" src=\"data:image\/svg+xml;base64,PHN2ZyB3aWR0aD0iMSIgaGVpZ2h0PSIxIiB4bWxucz0iaHR0cDovL3d3dy53My5vcmcvMjAwMC9zdmciPjwvc3ZnPg==\" style=\"--smush-placeholder-width: 1200px; --smush-placeholder-aspect-ratio: 1200\/800;\" \/><\/div><\/a>\n\t\t\t\t<div class=\"elementor-post__badge\">Business strategy<\/div>\n\t\t\t\t<div class=\"elementor-post__text\">\n\t\t\t\t<h3 class=\"elementor-post__title\">\n\t\t\t<a href=\"https:\/\/www.actionproject.es\/en_gb\/blog\/ventajas-direccion-por-objetivos\/\" >\n\t\t\t\tDescubre las ventajas de la direcci\u00f3n por objetivos\t\t\t<\/a>\n\t\t<\/h3>\n\t\t\n\t\t<a class=\"elementor-post__read-more\" href=\"https:\/\/www.actionproject.es\/en_gb\/blog\/ventajas-direccion-por-objetivos\/\" aria-label=\"Read more about Descubre las ventajas de la direcci\u00f3n por objetivos\" tabindex=\"-1\" >\n\t\t\tRead more &#034;\t\t<\/a>\n\n\t\t\t\t<\/div>\n\t\t\t\t<div class=\"elementor-post__meta-data\">\n\t\t\t\t\t<span class=\"elementor-post-date\">\n\t\t\t8 de February de 2022\t\t<\/span>\n\t\t\t\t<\/div>\n\t\t\t\t\t<\/div>\n\t\t<\/article>\n\t\t\t\t<article class=\"elementor-post elementor-grid-item post-1326 post type-post status-publish format-standard has-post-thumbnail hentry category-estrategia-empresarial tag-analisis-de-empresa tag-analisis-estrategico tag-estrategia-de-negocios tag-gestion-de-proyectos-empresariales tag-plan-de-viabilidad\" role=\"listitem\">\n\t\t\t<div class=\"elementor-post__card\">\n\t\t\t\t<a class=\"elementor-post__thumbnail__link\" href=\"https:\/\/www.actionproject.es\/en_gb\/blog\/plan-de-viabilidad-negocio\/\" tabindex=\"-1\" ><div class=\"elementor-post__thumbnail\"><img decoding=\"async\" width=\"1200\" height=\"800\" data-src=\"https:\/\/www.actionproject.es\/wp-content\/uploads\/2025\/07\/plan-viabilidad-empresarial.jpg\" class=\"attachment-full size-full wp-image-1503 lazyload\" alt=\"\" data-srcset=\"https:\/\/www.actionproject.es\/wp-content\/uploads\/2025\/07\/plan-viabilidad-empresarial.jpg 1200w, https:\/\/www.actionproject.es\/wp-content\/uploads\/2025\/07\/plan-viabilidad-empresarial-300x200.jpg 300w, https:\/\/www.actionproject.es\/wp-content\/uploads\/2025\/07\/plan-viabilidad-empresarial-1024x683.jpg 1024w, https:\/\/www.actionproject.es\/wp-content\/uploads\/2025\/07\/plan-viabilidad-empresarial-768x512.jpg 768w, https:\/\/www.actionproject.es\/wp-content\/uploads\/2025\/07\/plan-viabilidad-empresarial-18x12.jpg 18w\" data-sizes=\"(max-width: 1200px) 100vw, 1200px\" src=\"data:image\/svg+xml;base64,PHN2ZyB3aWR0aD0iMSIgaGVpZ2h0PSIxIiB4bWxucz0iaHR0cDovL3d3dy53My5vcmcvMjAwMC9zdmciPjwvc3ZnPg==\" style=\"--smush-placeholder-width: 1200px; --smush-placeholder-aspect-ratio: 1200\/800;\" \/><\/div><\/a>\n\t\t\t\t<div class=\"elementor-post__badge\">Business strategy<\/div>\n\t\t\t\t<div class=\"elementor-post__text\">\n\t\t\t\t<h3 class=\"elementor-post__title\">\n\t\t\t<a href=\"https:\/\/www.actionproject.es\/en_gb\/blog\/plan-de-viabilidad-negocio\/\" >\n\t\t\t\tLa importancia del plan de viabilidad como base de tu negocio\t\t\t<\/a>\n\t\t<\/h3>\n\t\t\n\t\t<a class=\"elementor-post__read-more\" href=\"https:\/\/www.actionproject.es\/en_gb\/blog\/plan-de-viabilidad-negocio\/\" aria-label=\"Read more about La importancia del plan de viabilidad como base de tu negocio\" tabindex=\"-1\" >\n\t\t\tRead more &#034;\t\t<\/a>\n\n\t\t\t\t<\/div>\n\t\t\t\t<div class=\"elementor-post__meta-data\">\n\t\t\t\t\t<span class=\"elementor-post-date\">\n\t\t\t1 de February de 2022\t\t<\/span>\n\t\t\t\t<\/div>\n\t\t\t\t\t<\/div>\n\t\t<\/article>\n\t\t\t\t<article class=\"elementor-post elementor-grid-item post-1325 post type-post status-publish format-standard has-post-thumbnail hentry category-estrategia-empresarial tag-estrategia-de-negocios tag-juego-de-tronos tag-lecciones-de-liderazgo tag-liderazgo-de-equipo tag-liderazgo-empresarial\" role=\"listitem\">\n\t\t\t<div class=\"elementor-post__card\">\n\t\t\t\t<a class=\"elementor-post__thumbnail__link\" href=\"https:\/\/www.actionproject.es\/en_gb\/blog\/lecciones-liderazgo-estrategia-juego-tronos\/\" tabindex=\"-1\" ><div class=\"elementor-post__thumbnail\"><img decoding=\"async\" width=\"1200\" height=\"800\" data-src=\"https:\/\/www.actionproject.es\/wp-content\/uploads\/2025\/07\/lecciones-liderazgo-estrategia.jpg\" class=\"attachment-full size-full wp-image-1475 lazyload\" alt=\"\" data-srcset=\"https:\/\/www.actionproject.es\/wp-content\/uploads\/2025\/07\/lecciones-liderazgo-estrategia.jpg 1200w, https:\/\/www.actionproject.es\/wp-content\/uploads\/2025\/07\/lecciones-liderazgo-estrategia-300x200.jpg 300w, https:\/\/www.actionproject.es\/wp-content\/uploads\/2025\/07\/lecciones-liderazgo-estrategia-1024x683.jpg 1024w, https:\/\/www.actionproject.es\/wp-content\/uploads\/2025\/07\/lecciones-liderazgo-estrategia-768x512.jpg 768w, https:\/\/www.actionproject.es\/wp-content\/uploads\/2025\/07\/lecciones-liderazgo-estrategia-18x12.jpg 18w\" data-sizes=\"(max-width: 1200px) 100vw, 1200px\" src=\"data:image\/svg+xml;base64,PHN2ZyB3aWR0aD0iMSIgaGVpZ2h0PSIxIiB4bWxucz0iaHR0cDovL3d3dy53My5vcmcvMjAwMC9zdmciPjwvc3ZnPg==\" style=\"--smush-placeholder-width: 1200px; --smush-placeholder-aspect-ratio: 1200\/800;\" \/><\/div><\/a>\n\t\t\t\t<div class=\"elementor-post__badge\">Business strategy<\/div>\n\t\t\t\t<div class=\"elementor-post__text\">\n\t\t\t\t<h3 class=\"elementor-post__title\">\n\t\t\t<a href=\"https:\/\/www.actionproject.es\/en_gb\/blog\/lecciones-liderazgo-estrategia-juego-tronos\/\" >\n\t\t\t\tLecciones de liderazgo y estrategia que nos deja &#8216;Juego de tronos&#8217;\t\t\t<\/a>\n\t\t<\/h3>\n\t\t\n\t\t<a class=\"elementor-post__read-more\" href=\"https:\/\/www.actionproject.es\/en_gb\/blog\/lecciones-liderazgo-estrategia-juego-tronos\/\" aria-label=\"Read more about Lecciones de liderazgo y estrategia que nos deja &#8216;Juego de tronos&#8217;\" tabindex=\"-1\" >\n\t\t\tRead more &#034;\t\t<\/a>\n\n\t\t\t\t<\/div>\n\t\t\t\t<div class=\"elementor-post__meta-data\">\n\t\t\t\t\t<span class=\"elementor-post-date\">\n\t\t\t25 de January de 2022\t\t<\/span>\n\t\t\t\t<\/div>\n\t\t\t\t\t<\/div>\n\t\t<\/article>\n\t\t\t\t<article class=\"elementor-post elementor-grid-item post-1324 post type-post status-publish format-standard has-post-thumbnail hentry category-estrategia-empresarial tag-lider tag-liderar-un-equipo tag-liderazgo-de-equipo tag-liderazgo-empresarial\" role=\"listitem\">\n\t\t\t<div class=\"elementor-post__card\">\n\t\t\t\t<a class=\"elementor-post__thumbnail__link\" href=\"https:\/\/www.actionproject.es\/en_gb\/blog\/tipos-liderazgo-empresarial-negocio\/\" tabindex=\"-1\" ><div class=\"elementor-post__thumbnail\"><img decoding=\"async\" width=\"1200\" height=\"800\" data-src=\"https:\/\/www.actionproject.es\/wp-content\/uploads\/2025\/07\/tipos-liderazgo-empresarial.jpg\" class=\"attachment-full size-full wp-image-1525 lazyload\" alt=\"\" data-srcset=\"https:\/\/www.actionproject.es\/wp-content\/uploads\/2025\/07\/tipos-liderazgo-empresarial.jpg 1200w, https:\/\/www.actionproject.es\/wp-content\/uploads\/2025\/07\/tipos-liderazgo-empresarial-300x200.jpg 300w, https:\/\/www.actionproject.es\/wp-content\/uploads\/2025\/07\/tipos-liderazgo-empresarial-1024x683.jpg 1024w, https:\/\/www.actionproject.es\/wp-content\/uploads\/2025\/07\/tipos-liderazgo-empresarial-768x512.jpg 768w, https:\/\/www.actionproject.es\/wp-content\/uploads\/2025\/07\/tipos-liderazgo-empresarial-18x12.jpg 18w\" data-sizes=\"(max-width: 1200px) 100vw, 1200px\" src=\"data:image\/svg+xml;base64,PHN2ZyB3aWR0aD0iMSIgaGVpZ2h0PSIxIiB4bWxucz0iaHR0cDovL3d3dy53My5vcmcvMjAwMC9zdmciPjwvc3ZnPg==\" style=\"--smush-placeholder-width: 1200px; --smush-placeholder-aspect-ratio: 1200\/800;\" \/><\/div><\/a>\n\t\t\t\t<div class=\"elementor-post__badge\">Business strategy<\/div>\n\t\t\t\t<div class=\"elementor-post__text\">\n\t\t\t\t<h3 class=\"elementor-post__title\">\n\t\t\t<a href=\"https:\/\/www.actionproject.es\/en_gb\/blog\/tipos-liderazgo-empresarial-negocio\/\" >\n\t\t\t\t4 tipos de liderazgo empresarial para un negocio\t\t\t<\/a>\n\t\t<\/h3>\n\t\t\n\t\t<a class=\"elementor-post__read-more\" href=\"https:\/\/www.actionproject.es\/en_gb\/blog\/tipos-liderazgo-empresarial-negocio\/\" aria-label=\"Read more about 4 tipos de liderazgo empresarial para un negocio\" tabindex=\"-1\" >\n\t\t\tRead more &#034;\t\t<\/a>\n\n\t\t\t\t<\/div>\n\t\t\t\t<div class=\"elementor-post__meta-data\">\n\t\t\t\t\t<span class=\"elementor-post-date\">\n\t\t\t14 de December de 2021\t\t<\/span>\n\t\t\t\t<\/div>\n\t\t\t\t\t<\/div>\n\t\t<\/article>\n\t\t\t\t<article class=\"elementor-post elementor-grid-item post-1323 post type-post status-publish format-standard has-post-thumbnail hentry category-estrategia-empresarial tag-consultora-de-negocios tag-estrategia-de-negocios tag-profesionalizacion-de-empresa tag-ventaja-competitiva tag-ventaja-diferencial\" role=\"listitem\">\n\t\t\t<div class=\"elementor-post__card\">\n\t\t\t\t<a class=\"elementor-post__thumbnail__link\" href=\"https:\/\/www.actionproject.es\/en_gb\/blog\/estrategias-ventaja-competitiva-negocio\/\" tabindex=\"-1\" ><div class=\"elementor-post__thumbnail\"><img decoding=\"async\" width=\"1200\" height=\"800\" data-src=\"https:\/\/www.actionproject.es\/wp-content\/uploads\/2025\/07\/ventaja-competitiva-negocio.jpg\" class=\"attachment-full size-full wp-image-1530 lazyload\" alt=\"\" data-srcset=\"https:\/\/www.actionproject.es\/wp-content\/uploads\/2025\/07\/ventaja-competitiva-negocio.jpg 1200w, https:\/\/www.actionproject.es\/wp-content\/uploads\/2025\/07\/ventaja-competitiva-negocio-300x200.jpg 300w, https:\/\/www.actionproject.es\/wp-content\/uploads\/2025\/07\/ventaja-competitiva-negocio-1024x683.jpg 1024w, https:\/\/www.actionproject.es\/wp-content\/uploads\/2025\/07\/ventaja-competitiva-negocio-768x512.jpg 768w, https:\/\/www.actionproject.es\/wp-content\/uploads\/2025\/07\/ventaja-competitiva-negocio-18x12.jpg 18w\" data-sizes=\"(max-width: 1200px) 100vw, 1200px\" src=\"data:image\/svg+xml;base64,PHN2ZyB3aWR0aD0iMSIgaGVpZ2h0PSIxIiB4bWxucz0iaHR0cDovL3d3dy53My5vcmcvMjAwMC9zdmciPjwvc3ZnPg==\" style=\"--smush-placeholder-width: 1200px; --smush-placeholder-aspect-ratio: 1200\/800;\" \/><\/div><\/a>\n\t\t\t\t<div class=\"elementor-post__badge\">Business strategy<\/div>\n\t\t\t\t<div class=\"elementor-post__text\">\n\t\t\t\t<h3 class=\"elementor-post__title\">\n\t\t\t<a href=\"https:\/\/www.actionproject.es\/en_gb\/blog\/estrategias-ventaja-competitiva-negocio\/\" >\n\t\t\t\t3 estrategias para descubrir la ventaja competitiva de tu negocio\t\t\t<\/a>\n\t\t<\/h3>\n\t\t\n\t\t<a class=\"elementor-post__read-more\" href=\"https:\/\/www.actionproject.es\/en_gb\/blog\/estrategias-ventaja-competitiva-negocio\/\" aria-label=\"Read more about 3 estrategias para descubrir la ventaja competitiva de tu negocio\" tabindex=\"-1\" >\n\t\t\tRead more &#034;\t\t<\/a>\n\n\t\t\t\t<\/div>\n\t\t\t\t<div class=\"elementor-post__meta-data\">\n\t\t\t\t\t<span class=\"elementor-post-date\">\n\t\t\t23 de November de 2021\t\t<\/span>\n\t\t\t\t<\/div>\n\t\t\t\t\t<\/div>\n\t\t<\/article>\n\t\t\t\t<article class=\"elementor-post elementor-grid-item post-1322 post type-post status-publish format-standard has-post-thumbnail hentry category-estrategia-empresarial tag-consultor-de-empresas tag-consultor-de-negocios tag-lcider-empresarial tag-liderazgo-empresarial tag-ventajas-de-un-lider\" role=\"listitem\">\n\t\t\t<div class=\"elementor-post__card\">\n\t\t\t\t<a class=\"elementor-post__thumbnail__link\" href=\"https:\/\/www.actionproject.es\/en_gb\/blog\/liderazgo-empresarial-beneficios\/\" tabindex=\"-1\" ><div class=\"elementor-post__thumbnail\"><img decoding=\"async\" width=\"1200\" height=\"800\" data-src=\"https:\/\/www.actionproject.es\/wp-content\/uploads\/2025\/07\/liderazgo-empresarial.jpg\" class=\"attachment-full size-full wp-image-1479 lazyload\" alt=\"\" data-srcset=\"https:\/\/www.actionproject.es\/wp-content\/uploads\/2025\/07\/liderazgo-empresarial.jpg 1200w, https:\/\/www.actionproject.es\/wp-content\/uploads\/2025\/07\/liderazgo-empresarial-300x200.jpg 300w, https:\/\/www.actionproject.es\/wp-content\/uploads\/2025\/07\/liderazgo-empresarial-1024x683.jpg 1024w, https:\/\/www.actionproject.es\/wp-content\/uploads\/2025\/07\/liderazgo-empresarial-768x512.jpg 768w, https:\/\/www.actionproject.es\/wp-content\/uploads\/2025\/07\/liderazgo-empresarial-18x12.jpg 18w\" data-sizes=\"(max-width: 1200px) 100vw, 1200px\" src=\"data:image\/svg+xml;base64,PHN2ZyB3aWR0aD0iMSIgaGVpZ2h0PSIxIiB4bWxucz0iaHR0cDovL3d3dy53My5vcmcvMjAwMC9zdmciPjwvc3ZnPg==\" style=\"--smush-placeholder-width: 1200px; --smush-placeholder-aspect-ratio: 1200\/800;\" \/><\/div><\/a>\n\t\t\t\t<div class=\"elementor-post__badge\">Business strategy<\/div>\n\t\t\t\t<div class=\"elementor-post__text\">\n\t\t\t\t<h3 class=\"elementor-post__title\">\n\t\t\t<a href=\"https:\/\/www.actionproject.es\/en_gb\/blog\/liderazgo-empresarial-beneficios\/\" >\n\t\t\t\tQu\u00e9 es liderazgo empresarial y cu\u00e1les son sus beneficios\t\t\t<\/a>\n\t\t<\/h3>\n\t\t\n\t\t<a class=\"elementor-post__read-more\" href=\"https:\/\/www.actionproject.es\/en_gb\/blog\/liderazgo-empresarial-beneficios\/\" aria-label=\"Read more about Qu\u00e9 es liderazgo empresarial y cu\u00e1les son sus beneficios\" tabindex=\"-1\" >\n\t\t\tRead more &#034;\t\t<\/a>\n\n\t\t\t\t<\/div>\n\t\t\t\t<div class=\"elementor-post__meta-data\">\n\t\t\t\t\t<span class=\"elementor-post-date\">\n\t\t\t9 de November de 2021\t\t<\/span>\n\t\t\t\t<\/div>\n\t\t\t\t\t<\/div>\n\t\t<\/article>\n\t\t\t\t<article class=\"elementor-post elementor-grid-item post-1321 post type-post status-publish format-standard has-post-thumbnail hentry category-estrategia-empresarial tag-estrategia-de-negocios tag-ideas-de-negocio tag-metodologia tag-oceano-azul tag-propuesta-de-valor\" role=\"listitem\">\n\t\t\t<div class=\"elementor-post__card\">\n\t\t\t\t<a class=\"elementor-post__thumbnail__link\" href=\"https:\/\/www.actionproject.es\/en_gb\/blog\/lecciones-negocios-el-fundador\/\" tabindex=\"-1\" ><div class=\"elementor-post__thumbnail\"><img decoding=\"async\" width=\"1200\" height=\"801\" data-src=\"https:\/\/www.actionproject.es\/wp-content\/uploads\/2025\/07\/idea-negocio-el-fundado_20211102-112914_1.jpg\" class=\"attachment-full size-full wp-image-1461 lazyload\" alt=\"\" data-srcset=\"https:\/\/www.actionproject.es\/wp-content\/uploads\/2025\/07\/idea-negocio-el-fundado_20211102-112914_1.jpg 1200w, https:\/\/www.actionproject.es\/wp-content\/uploads\/2025\/07\/idea-negocio-el-fundado_20211102-112914_1-300x200.jpg 300w, https:\/\/www.actionproject.es\/wp-content\/uploads\/2025\/07\/idea-negocio-el-fundado_20211102-112914_1-1024x684.jpg 1024w, https:\/\/www.actionproject.es\/wp-content\/uploads\/2025\/07\/idea-negocio-el-fundado_20211102-112914_1-768x513.jpg 768w, https:\/\/www.actionproject.es\/wp-content\/uploads\/2025\/07\/idea-negocio-el-fundado_20211102-112914_1-18x12.jpg 18w\" data-sizes=\"(max-width: 1200px) 100vw, 1200px\" src=\"data:image\/svg+xml;base64,PHN2ZyB3aWR0aD0iMSIgaGVpZ2h0PSIxIiB4bWxucz0iaHR0cDovL3d3dy53My5vcmcvMjAwMC9zdmciPjwvc3ZnPg==\" style=\"--smush-placeholder-width: 1200px; --smush-placeholder-aspect-ratio: 1200\/801;\" \/><\/div><\/a>\n\t\t\t\t<div class=\"elementor-post__badge\">Business strategy<\/div>\n\t\t\t\t<div class=\"elementor-post__text\">\n\t\t\t\t<h3 class=\"elementor-post__title\">\n\t\t\t<a href=\"https:\/\/www.actionproject.es\/en_gb\/blog\/lecciones-negocios-el-fundador\/\" >\n\t\t\t\t5 lecciones del mundo de los negocios en \u2018El Fundador\u2019\t\t\t<\/a>\n\t\t<\/h3>\n\t\t\n\t\t<a class=\"elementor-post__read-more\" href=\"https:\/\/www.actionproject.es\/en_gb\/blog\/lecciones-negocios-el-fundador\/\" aria-label=\"Read more about 5 lecciones del mundo de los negocios en \u2018El Fundador\u2019\" tabindex=\"-1\" >\n\t\t\tRead more &#034;\t\t<\/a>\n\n\t\t\t\t<\/div>\n\t\t\t\t<div class=\"elementor-post__meta-data\">\n\t\t\t\t\t<span class=\"elementor-post-date\">\n\t\t\t2 de November de 2021\t\t<\/span>\n\t\t\t\t<\/div>\n\t\t\t\t\t<\/div>\n\t\t<\/article>\n\t\t\t\t<article class=\"elementor-post elementor-grid-item post-1320 post type-post status-publish format-standard has-post-thumbnail hentry category-estrategia-empresarial tag-gestion-de-proyectos tag-gestion-empresarial tag-gestor-de-proyectos tag-plan-de-proyectos tag-project-management\" role=\"listitem\">\n\t\t\t<div class=\"elementor-post__card\">\n\t\t\t\t<a class=\"elementor-post__thumbnail__link\" href=\"https:\/\/www.actionproject.es\/en_gb\/blog\/project-management-exito\/\" tabindex=\"-1\" ><div class=\"elementor-post__thumbnail\"><img decoding=\"async\" width=\"1200\" height=\"800\" data-src=\"https:\/\/www.actionproject.es\/wp-content\/uploads\/2025\/07\/project-management.jpg\" class=\"attachment-full size-full wp-image-1511 lazyload\" alt=\"\" data-srcset=\"https:\/\/www.actionproject.es\/wp-content\/uploads\/2025\/07\/project-management.jpg 1200w, https:\/\/www.actionproject.es\/wp-content\/uploads\/2025\/07\/project-management-300x200.jpg 300w, https:\/\/www.actionproject.es\/wp-content\/uploads\/2025\/07\/project-management-1024x683.jpg 1024w, https:\/\/www.actionproject.es\/wp-content\/uploads\/2025\/07\/project-management-768x512.jpg 768w, https:\/\/www.actionproject.es\/wp-content\/uploads\/2025\/07\/project-management-18x12.jpg 18w\" data-sizes=\"(max-width: 1200px) 100vw, 1200px\" src=\"data:image\/svg+xml;base64,PHN2ZyB3aWR0aD0iMSIgaGVpZ2h0PSIxIiB4bWxucz0iaHR0cDovL3d3dy53My5vcmcvMjAwMC9zdmciPjwvc3ZnPg==\" style=\"--smush-placeholder-width: 1200px; --smush-placeholder-aspect-ratio: 1200\/800;\" \/><\/div><\/a>\n\t\t\t\t<div class=\"elementor-post__badge\">Business strategy<\/div>\n\t\t\t\t<div class=\"elementor-post__text\">\n\t\t\t\t<h3 class=\"elementor-post__title\">\n\t\t\t<a href=\"https:\/\/www.actionproject.es\/en_gb\/blog\/project-management-exito\/\" >\n\t\t\t\tProject Management: el \u00e9xito no es un juego de azar\t\t\t<\/a>\n\t\t<\/h3>\n\t\t\n\t\t<a class=\"elementor-post__read-more\" href=\"https:\/\/www.actionproject.es\/en_gb\/blog\/project-management-exito\/\" aria-label=\"Read more about Project Management: el \u00e9xito no es un juego de azar\" tabindex=\"-1\" >\n\t\t\tRead more &#034;\t\t<\/a>\n\n\t\t\t\t<\/div>\n\t\t\t\t<div class=\"elementor-post__meta-data\">\n\t\t\t\t\t<span class=\"elementor-post-date\">\n\t\t\t19 de October de 2021\t\t<\/span>\n\t\t\t\t<\/div>\n\t\t\t\t\t<\/div>\n\t\t<\/article>\n\t\t\t\t<article class=\"elementor-post elementor-grid-item post-1319 post type-post status-publish format-standard has-post-thumbnail hentry category-estrategia-empresarial tag-desarrollo-directivo tag-liderar-un-equipo tag-liderazgo-directivo tag-objetivos-de-negocio tag-vision-empresarial\" role=\"listitem\">\n\t\t\t<div class=\"elementor-post__card\">\n\t\t\t\t<a class=\"elementor-post__thumbnail__link\" href=\"https:\/\/www.actionproject.es\/en_gb\/blog\/vision-empresarial-palanca-liderazgo-directivo\/\" tabindex=\"-1\" ><div class=\"elementor-post__thumbnail\"><img decoding=\"async\" width=\"1200\" height=\"800\" data-src=\"https:\/\/www.actionproject.es\/wp-content\/uploads\/2025\/07\/liderazgo-directivo.jpg\" class=\"attachment-full size-full wp-image-1478 lazyload\" alt=\"\" data-srcset=\"https:\/\/www.actionproject.es\/wp-content\/uploads\/2025\/07\/liderazgo-directivo.jpg 1200w, https:\/\/www.actionproject.es\/wp-content\/uploads\/2025\/07\/liderazgo-directivo-300x200.jpg 300w, https:\/\/www.actionproject.es\/wp-content\/uploads\/2025\/07\/liderazgo-directivo-1024x683.jpg 1024w, https:\/\/www.actionproject.es\/wp-content\/uploads\/2025\/07\/liderazgo-directivo-768x512.jpg 768w, https:\/\/www.actionproject.es\/wp-content\/uploads\/2025\/07\/liderazgo-directivo-18x12.jpg 18w\" data-sizes=\"(max-width: 1200px) 100vw, 1200px\" src=\"data:image\/svg+xml;base64,PHN2ZyB3aWR0aD0iMSIgaGVpZ2h0PSIxIiB4bWxucz0iaHR0cDovL3d3dy53My5vcmcvMjAwMC9zdmciPjwvc3ZnPg==\" style=\"--smush-placeholder-width: 1200px; --smush-placeholder-aspect-ratio: 1200\/800;\" \/><\/div><\/a>\n\t\t\t\t<div class=\"elementor-post__badge\">Business strategy<\/div>\n\t\t\t\t<div class=\"elementor-post__text\">\n\t\t\t\t<h3 class=\"elementor-post__title\">\n\t\t\t<a href=\"https:\/\/www.actionproject.es\/en_gb\/blog\/vision-empresarial-palanca-liderazgo-directivo\/\" >\n\t\t\t\tLa visi\u00f3n empresarial como palanca del liderazgo directivo\t\t\t<\/a>\n\t\t<\/h3>\n\t\t\n\t\t<a class=\"elementor-post__read-more\" href=\"https:\/\/www.actionproject.es\/en_gb\/blog\/vision-empresarial-palanca-liderazgo-directivo\/\" aria-label=\"Read more about La visi\u00f3n empresarial como palanca del liderazgo directivo\" tabindex=\"-1\" >\n\t\t\tRead more &#034;\t\t<\/a>\n\n\t\t\t\t<\/div>\n\t\t\t\t<div class=\"elementor-post__meta-data\">\n\t\t\t\t\t<span class=\"elementor-post-date\">\n\t\t\t28 de September de 2021\t\t<\/span>\n\t\t\t\t<\/div>\n\t\t\t\t\t<\/div>\n\t\t<\/article>\n\t\t\t\t<article class=\"elementor-post elementor-grid-item post-1318 post type-post status-publish format-standard has-post-thumbnail hentry category-estrategia-empresarial tag-analisis-dafo tag-analisis-del-negocio tag-empresas tag-factores-externos tag-factores-internos\" role=\"listitem\">\n\t\t\t<div class=\"elementor-post__card\">\n\t\t\t\t<a class=\"elementor-post__thumbnail__link\" href=\"https:\/\/www.actionproject.es\/en_gb\/blog\/que-es-el-analisis-dafo-y-como-influye-empresa\/\" tabindex=\"-1\" ><div class=\"elementor-post__thumbnail\"><img decoding=\"async\" width=\"1200\" height=\"801\" data-src=\"https:\/\/www.actionproject.es\/wp-content\/uploads\/2025\/07\/analisis-dafo-empresas.jpg\" class=\"attachment-full size-full wp-image-1401 lazyload\" alt=\"\" data-srcset=\"https:\/\/www.actionproject.es\/wp-content\/uploads\/2025\/07\/analisis-dafo-empresas.jpg 1200w, https:\/\/www.actionproject.es\/wp-content\/uploads\/2025\/07\/analisis-dafo-empresas-300x200.jpg 300w, https:\/\/www.actionproject.es\/wp-content\/uploads\/2025\/07\/analisis-dafo-empresas-1024x684.jpg 1024w, https:\/\/www.actionproject.es\/wp-content\/uploads\/2025\/07\/analisis-dafo-empresas-768x513.jpg 768w, https:\/\/www.actionproject.es\/wp-content\/uploads\/2025\/07\/analisis-dafo-empresas-18x12.jpg 18w\" data-sizes=\"(max-width: 1200px) 100vw, 1200px\" src=\"data:image\/svg+xml;base64,PHN2ZyB3aWR0aD0iMSIgaGVpZ2h0PSIxIiB4bWxucz0iaHR0cDovL3d3dy53My5vcmcvMjAwMC9zdmciPjwvc3ZnPg==\" style=\"--smush-placeholder-width: 1200px; --smush-placeholder-aspect-ratio: 1200\/801;\" \/><\/div><\/a>\n\t\t\t\t<div class=\"elementor-post__badge\">Business strategy<\/div>\n\t\t\t\t<div class=\"elementor-post__text\">\n\t\t\t\t<h3 class=\"elementor-post__title\">\n\t\t\t<a href=\"https:\/\/www.actionproject.es\/en_gb\/blog\/que-es-el-analisis-dafo-y-como-influye-empresa\/\" >\n\t\t\t\tQu\u00e9 es el an\u00e1lisis DAFO y c\u00f3mo influye en tu empresa\t\t\t<\/a>\n\t\t<\/h3>\n\t\t\n\t\t<a class=\"elementor-post__read-more\" href=\"https:\/\/www.actionproject.es\/en_gb\/blog\/que-es-el-analisis-dafo-y-como-influye-empresa\/\" aria-label=\"Read more about Qu\u00e9 es el an\u00e1lisis DAFO y c\u00f3mo influye en tu empresa\" tabindex=\"-1\" >\n\t\t\tRead more &#034;\t\t<\/a>\n\n\t\t\t\t<\/div>\n\t\t\t\t<div class=\"elementor-post__meta-data\">\n\t\t\t\t\t<span class=\"elementor-post-date\">\n\t\t\t7 de September de 2021\t\t<\/span>\n\t\t\t\t<\/div>\n\t\t\t\t\t<\/div>\n\t\t<\/article>\n\t\t\t\t<article class=\"elementor-post elementor-grid-item post-1317 post type-post status-publish format-standard has-post-thumbnail hentry category-estrategia-empresarial tag-analisis-estrategico tag-direccion-estrategica tag-estrategia-directiva tag-objetivos-de-negocio tag-planificacion\" role=\"listitem\">\n\t\t\t<div class=\"elementor-post__card\">\n\t\t\t\t<a class=\"elementor-post__thumbnail__link\" href=\"https:\/\/www.actionproject.es\/en_gb\/blog\/direccion-estrategica-clave-exito-empresa\/\" tabindex=\"-1\" ><div class=\"elementor-post__thumbnail\"><img decoding=\"async\" width=\"1200\" height=\"800\" data-src=\"https:\/\/www.actionproject.es\/wp-content\/uploads\/2025\/07\/direccion-estrategica.jpg\" class=\"attachment-full size-full wp-image-1432 lazyload\" alt=\"\" data-srcset=\"https:\/\/www.actionproject.es\/wp-content\/uploads\/2025\/07\/direccion-estrategica.jpg 1200w, https:\/\/www.actionproject.es\/wp-content\/uploads\/2025\/07\/direccion-estrategica-300x200.jpg 300w, https:\/\/www.actionproject.es\/wp-content\/uploads\/2025\/07\/direccion-estrategica-1024x683.jpg 1024w, https:\/\/www.actionproject.es\/wp-content\/uploads\/2025\/07\/direccion-estrategica-768x512.jpg 768w, https:\/\/www.actionproject.es\/wp-content\/uploads\/2025\/07\/direccion-estrategica-18x12.jpg 18w\" data-sizes=\"(max-width: 1200px) 100vw, 1200px\" src=\"data:image\/svg+xml;base64,PHN2ZyB3aWR0aD0iMSIgaGVpZ2h0PSIxIiB4bWxucz0iaHR0cDovL3d3dy53My5vcmcvMjAwMC9zdmciPjwvc3ZnPg==\" style=\"--smush-placeholder-width: 1200px; --smush-placeholder-aspect-ratio: 1200\/800;\" \/><\/div><\/a>\n\t\t\t\t<div class=\"elementor-post__badge\">Business strategy<\/div>\n\t\t\t\t<div class=\"elementor-post__text\">\n\t\t\t\t<h3 class=\"elementor-post__title\">\n\t\t\t<a href=\"https:\/\/www.actionproject.es\/en_gb\/blog\/direccion-estrategica-clave-exito-empresa\/\" >\n\t\t\t\tDirecci\u00f3n estrat\u00e9gica: la clave para el \u00e9xito de tu empresa\t\t\t<\/a>\n\t\t<\/h3>\n\t\t\n\t\t<a class=\"elementor-post__read-more\" href=\"https:\/\/www.actionproject.es\/en_gb\/blog\/direccion-estrategica-clave-exito-empresa\/\" aria-label=\"Read more about Direcci\u00f3n estrat\u00e9gica: la clave para el \u00e9xito de tu empresa\" tabindex=\"-1\" >\n\t\t\tRead more &#034;\t\t<\/a>\n\n\t\t\t\t<\/div>\n\t\t\t\t<div class=\"elementor-post__meta-data\">\n\t\t\t\t\t<span class=\"elementor-post-date\">\n\t\t\t31 de August de 2021\t\t<\/span>\n\t\t\t\t<\/div>\n\t\t\t\t\t<\/div>\n\t\t<\/article>\n\t\t\t\t<article class=\"elementor-post elementor-grid-item post-1316 post type-post status-publish format-standard has-post-thumbnail hentry category-estrategia-empresarial tag-analisis-dafo tag-beneficios-a-usuarios tag-clientes tag-propuesta-de-valor tag-propuesta-de-valor-de-tu-empresa\" role=\"listitem\">\n\t\t\t<div class=\"elementor-post__card\">\n\t\t\t\t<a class=\"elementor-post__thumbnail__link\" href=\"https:\/\/www.actionproject.es\/en_gb\/blog\/crear-propuesta-de-valor-empresa\/\" tabindex=\"-1\" ><div class=\"elementor-post__thumbnail\"><img decoding=\"async\" width=\"1200\" height=\"800\" data-src=\"https:\/\/www.actionproject.es\/wp-content\/uploads\/2025\/07\/propuesta-valor.jpg\" class=\"attachment-full size-full wp-image-1512 lazyload\" alt=\"\" data-srcset=\"https:\/\/www.actionproject.es\/wp-content\/uploads\/2025\/07\/propuesta-valor.jpg 1200w, https:\/\/www.actionproject.es\/wp-content\/uploads\/2025\/07\/propuesta-valor-300x200.jpg 300w, https:\/\/www.actionproject.es\/wp-content\/uploads\/2025\/07\/propuesta-valor-1024x683.jpg 1024w, https:\/\/www.actionproject.es\/wp-content\/uploads\/2025\/07\/propuesta-valor-768x512.jpg 768w, https:\/\/www.actionproject.es\/wp-content\/uploads\/2025\/07\/propuesta-valor-18x12.jpg 18w\" data-sizes=\"(max-width: 1200px) 100vw, 1200px\" src=\"data:image\/svg+xml;base64,PHN2ZyB3aWR0aD0iMSIgaGVpZ2h0PSIxIiB4bWxucz0iaHR0cDovL3d3dy53My5vcmcvMjAwMC9zdmciPjwvc3ZnPg==\" style=\"--smush-placeholder-width: 1200px; --smush-placeholder-aspect-ratio: 1200\/800;\" \/><\/div><\/a>\n\t\t\t\t<div class=\"elementor-post__badge\">Business strategy<\/div>\n\t\t\t\t<div class=\"elementor-post__text\">\n\t\t\t\t<h3 class=\"elementor-post__title\">\n\t\t\t<a href=\"https:\/\/www.actionproject.es\/en_gb\/blog\/crear-propuesta-de-valor-empresa\/\" >\n\t\t\t\t\u00bfC\u00f3mo crear una propuesta de valor para tu empresa?\t\t\t<\/a>\n\t\t<\/h3>\n\t\t\n\t\t<a class=\"elementor-post__read-more\" href=\"https:\/\/www.actionproject.es\/en_gb\/blog\/crear-propuesta-de-valor-empresa\/\" aria-label=\"Read more about \u00bfC\u00f3mo crear una propuesta de valor para tu empresa?\" tabindex=\"-1\" >\n\t\t\tRead more &#034;\t\t<\/a>\n\n\t\t\t\t<\/div>\n\t\t\t\t<div class=\"elementor-post__meta-data\">\n\t\t\t\t\t<span class=\"elementor-post-date\">\n\t\t\t10 de August de 2021\t\t<\/span>\n\t\t\t\t<\/div>\n\t\t\t\t\t<\/div>\n\t\t<\/article>\n\t\t\t\t<article class=\"elementor-post elementor-grid-item post-1315 post type-post status-publish format-standard has-post-thumbnail hentry category-estrategia-empresarial tag-competitividad-empresarial tag-desarrollo-de-proyectos tag-gestion-de-proyectos tag-ionproject tag-productividad\" role=\"listitem\">\n\t\t\t<div class=\"elementor-post__card\">\n\t\t\t\t<a class=\"elementor-post__thumbnail__link\" href=\"https:\/\/www.actionproject.es\/en_gb\/blog\/gestion-de-proyectos-mejorar-resultados-empresariales\/\" tabindex=\"-1\" ><div class=\"elementor-post__thumbnail\"><img decoding=\"async\" width=\"1200\" height=\"800\" data-src=\"https:\/\/www.actionproject.es\/wp-content\/uploads\/2025\/07\/gestion-proyectos.jpg\" class=\"attachment-full size-full wp-image-1456 lazyload\" alt=\"\" data-srcset=\"https:\/\/www.actionproject.es\/wp-content\/uploads\/2025\/07\/gestion-proyectos.jpg 1200w, https:\/\/www.actionproject.es\/wp-content\/uploads\/2025\/07\/gestion-proyectos-300x200.jpg 300w, https:\/\/www.actionproject.es\/wp-content\/uploads\/2025\/07\/gestion-proyectos-1024x683.jpg 1024w, https:\/\/www.actionproject.es\/wp-content\/uploads\/2025\/07\/gestion-proyectos-768x512.jpg 768w, https:\/\/www.actionproject.es\/wp-content\/uploads\/2025\/07\/gestion-proyectos-18x12.jpg 18w\" data-sizes=\"(max-width: 1200px) 100vw, 1200px\" src=\"data:image\/svg+xml;base64,PHN2ZyB3aWR0aD0iMSIgaGVpZ2h0PSIxIiB4bWxucz0iaHR0cDovL3d3dy53My5vcmcvMjAwMC9zdmciPjwvc3ZnPg==\" style=\"--smush-placeholder-width: 1200px; --smush-placeholder-aspect-ratio: 1200\/800;\" \/><\/div><\/a>\n\t\t\t\t<div class=\"elementor-post__badge\">Business strategy<\/div>\n\t\t\t\t<div class=\"elementor-post__text\">\n\t\t\t\t<h3 class=\"elementor-post__title\">\n\t\t\t<a href=\"https:\/\/www.actionproject.es\/en_gb\/blog\/gestion-de-proyectos-mejorar-resultados-empresariales\/\" >\n\t\t\t\tGesti\u00f3n de proyectos para mejorar los resultados empresariales\t\t\t<\/a>\n\t\t<\/h3>\n\t\t\n\t\t<a class=\"elementor-post__read-more\" href=\"https:\/\/www.actionproject.es\/en_gb\/blog\/gestion-de-proyectos-mejorar-resultados-empresariales\/\" aria-label=\"Read more about Gesti\u00f3n de proyectos para mejorar los resultados empresariales\" tabindex=\"-1\" >\n\t\t\tRead more &#034;\t\t<\/a>\n\n\t\t\t\t<\/div>\n\t\t\t\t<div class=\"elementor-post__meta-data\">\n\t\t\t\t\t<span class=\"elementor-post-date\">\n\t\t\t27 de July de 2021\t\t<\/span>\n\t\t\t\t<\/div>\n\t\t\t\t\t<\/div>\n\t\t<\/article>\n\t\t\t\t<article class=\"elementor-post elementor-grid-item post-1314 post type-post status-publish format-standard has-post-thumbnail hentry category-estrategia-empresarial tag-habilidades-directivas tag-la-casa-de-papel tag-lecciones-de-liderazgo tag-liderazgo-empresarial tag-metodologia-empresarial\" role=\"listitem\">\n\t\t\t<div class=\"elementor-post__card\">\n\t\t\t\t<a class=\"elementor-post__thumbnail__link\" href=\"https:\/\/www.actionproject.es\/en_gb\/blog\/lecciones-liderazgo-la-casa-de-papel\/\" tabindex=\"-1\" ><div class=\"elementor-post__thumbnail\"><img decoding=\"async\" width=\"1050\" height=\"700\" data-src=\"https:\/\/www.actionproject.es\/wp-content\/uploads\/2025\/07\/lecciones-liderazgo.jpg\" class=\"attachment-full size-full wp-image-1474 lazyload\" alt=\"\" data-srcset=\"https:\/\/www.actionproject.es\/wp-content\/uploads\/2025\/07\/lecciones-liderazgo.jpg 1050w, https:\/\/www.actionproject.es\/wp-content\/uploads\/2025\/07\/lecciones-liderazgo-300x200.jpg 300w, https:\/\/www.actionproject.es\/wp-content\/uploads\/2025\/07\/lecciones-liderazgo-1024x683.jpg 1024w, https:\/\/www.actionproject.es\/wp-content\/uploads\/2025\/07\/lecciones-liderazgo-768x512.jpg 768w, https:\/\/www.actionproject.es\/wp-content\/uploads\/2025\/07\/lecciones-liderazgo-18x12.jpg 18w\" data-sizes=\"(max-width: 1050px) 100vw, 1050px\" src=\"data:image\/svg+xml;base64,PHN2ZyB3aWR0aD0iMSIgaGVpZ2h0PSIxIiB4bWxucz0iaHR0cDovL3d3dy53My5vcmcvMjAwMC9zdmciPjwvc3ZnPg==\" style=\"--smush-placeholder-width: 1050px; --smush-placeholder-aspect-ratio: 1050\/700;\" \/><\/div><\/a>\n\t\t\t\t<div class=\"elementor-post__badge\">Business strategy<\/div>\n\t\t\t\t<div class=\"elementor-post__text\">\n\t\t\t\t<h3 class=\"elementor-post__title\">\n\t\t\t<a href=\"https:\/\/www.actionproject.es\/en_gb\/blog\/lecciones-liderazgo-la-casa-de-papel\/\" >\n\t\t\t\tLas 5 lecciones de liderazgo que nos deja &#8216;La casa de papel&#8217;\t\t\t<\/a>\n\t\t<\/h3>\n\t\t\n\t\t<a class=\"elementor-post__read-more\" href=\"https:\/\/www.actionproject.es\/en_gb\/blog\/lecciones-liderazgo-la-casa-de-papel\/\" aria-label=\"Read more about Las 5 lecciones de liderazgo que nos deja &#8216;La casa de papel&#8217;\" tabindex=\"-1\" >\n\t\t\tRead more &#034;\t\t<\/a>\n\n\t\t\t\t<\/div>\n\t\t\t\t<div class=\"elementor-post__meta-data\">\n\t\t\t\t\t<span class=\"elementor-post-date\">\n\t\t\t20 de July de 2021\t\t<\/span>\n\t\t\t\t<\/div>\n\t\t\t\t\t<\/div>\n\t\t<\/article>\n\t\t\t\t<article class=\"elementor-post elementor-grid-item post-1313 post type-post status-publish format-standard has-post-thumbnail hentry category-estrategia-empresarial tag-conectar-con-el-usuario tag-humanizacion-de-la-empresa tag-humanizar-tu-marca tag-marca-comercial tag-marca-personal\" role=\"listitem\">\n\t\t\t<div class=\"elementor-post__card\">\n\t\t\t\t<a class=\"elementor-post__thumbnail__link\" href=\"https:\/\/www.actionproject.es\/en_gb\/blog\/5-formas-para-humanizar-tu-marca\/\" tabindex=\"-1\" ><div class=\"elementor-post__thumbnail\"><img decoding=\"async\" width=\"1200\" height=\"800\" data-src=\"https:\/\/www.actionproject.es\/wp-content\/uploads\/2025\/07\/humanizar-la-marca.jpg\" class=\"attachment-full size-full wp-image-1460 lazyload\" alt=\"\" data-srcset=\"https:\/\/www.actionproject.es\/wp-content\/uploads\/2025\/07\/humanizar-la-marca.jpg 1200w, https:\/\/www.actionproject.es\/wp-content\/uploads\/2025\/07\/humanizar-la-marca-300x200.jpg 300w, https:\/\/www.actionproject.es\/wp-content\/uploads\/2025\/07\/humanizar-la-marca-1024x683.jpg 1024w, https:\/\/www.actionproject.es\/wp-content\/uploads\/2025\/07\/humanizar-la-marca-768x512.jpg 768w, https:\/\/www.actionproject.es\/wp-content\/uploads\/2025\/07\/humanizar-la-marca-18x12.jpg 18w\" data-sizes=\"(max-width: 1200px) 100vw, 1200px\" src=\"data:image\/svg+xml;base64,PHN2ZyB3aWR0aD0iMSIgaGVpZ2h0PSIxIiB4bWxucz0iaHR0cDovL3d3dy53My5vcmcvMjAwMC9zdmciPjwvc3ZnPg==\" style=\"--smush-placeholder-width: 1200px; --smush-placeholder-aspect-ratio: 1200\/800;\" \/><\/div><\/a>\n\t\t\t\t<div class=\"elementor-post__badge\">Business strategy<\/div>\n\t\t\t\t<div class=\"elementor-post__text\">\n\t\t\t\t<h3 class=\"elementor-post__title\">\n\t\t\t<a href=\"https:\/\/www.actionproject.es\/en_gb\/blog\/5-formas-para-humanizar-tu-marca\/\" >\n\t\t\t\tTe contamos 5 formas para humanizar tu marca\t\t\t<\/a>\n\t\t<\/h3>\n\t\t\n\t\t<a class=\"elementor-post__read-more\" href=\"https:\/\/www.actionproject.es\/en_gb\/blog\/5-formas-para-humanizar-tu-marca\/\" aria-label=\"Read more about Te contamos 5 formas para humanizar tu marca\" tabindex=\"-1\" >\n\t\t\tRead more &#034;\t\t<\/a>\n\n\t\t\t\t<\/div>\n\t\t\t\t<div class=\"elementor-post__meta-data\">\n\t\t\t\t\t<span class=\"elementor-post-date\">\n\t\t\t6 de July de 2021\t\t<\/span>\n\t\t\t\t<\/div>\n\t\t\t\t\t<\/div>\n\t\t<\/article>\n\t\t\t\t<article class=\"elementor-post elementor-grid-item post-1312 post type-post status-publish format-standard has-post-thumbnail hentry category-estrategia-empresarial tag-consultoria-de-empresa tag-crecimiento-de-negocio tag-hacer-crecer-tu-negocio tag-objetivos-de-negocio tag-plan-de-crecimiento\" role=\"listitem\">\n\t\t\t<div class=\"elementor-post__card\">\n\t\t\t\t<a class=\"elementor-post__thumbnail__link\" href=\"https:\/\/www.actionproject.es\/en_gb\/blog\/claves-hacer-crecer-negocio-plan-crecimiento\/\" tabindex=\"-1\" ><div class=\"elementor-post__thumbnail\"><img decoding=\"async\" width=\"1200\" height=\"800\" data-src=\"https:\/\/www.actionproject.es\/wp-content\/uploads\/2025\/07\/hacer-crecer-negocio.jpg\" class=\"attachment-full size-full wp-image-1458 lazyload\" alt=\"\" data-srcset=\"https:\/\/www.actionproject.es\/wp-content\/uploads\/2025\/07\/hacer-crecer-negocio.jpg 1200w, https:\/\/www.actionproject.es\/wp-content\/uploads\/2025\/07\/hacer-crecer-negocio-300x200.jpg 300w, https:\/\/www.actionproject.es\/wp-content\/uploads\/2025\/07\/hacer-crecer-negocio-1024x683.jpg 1024w, https:\/\/www.actionproject.es\/wp-content\/uploads\/2025\/07\/hacer-crecer-negocio-768x512.jpg 768w, https:\/\/www.actionproject.es\/wp-content\/uploads\/2025\/07\/hacer-crecer-negocio-18x12.jpg 18w\" data-sizes=\"(max-width: 1200px) 100vw, 1200px\" src=\"data:image\/svg+xml;base64,PHN2ZyB3aWR0aD0iMSIgaGVpZ2h0PSIxIiB4bWxucz0iaHR0cDovL3d3dy53My5vcmcvMjAwMC9zdmciPjwvc3ZnPg==\" style=\"--smush-placeholder-width: 1200px; --smush-placeholder-aspect-ratio: 1200\/800;\" \/><\/div><\/a>\n\t\t\t\t<div class=\"elementor-post__badge\">Business strategy<\/div>\n\t\t\t\t<div class=\"elementor-post__text\">\n\t\t\t\t<h3 class=\"elementor-post__title\">\n\t\t\t<a href=\"https:\/\/www.actionproject.es\/en_gb\/blog\/claves-hacer-crecer-negocio-plan-crecimiento\/\" >\n\t\t\t\tLas claves para hacer crecer tu negocio con un plan de crecimiento\t\t\t<\/a>\n\t\t<\/h3>\n\t\t\n\t\t<a class=\"elementor-post__read-more\" href=\"https:\/\/www.actionproject.es\/en_gb\/blog\/claves-hacer-crecer-negocio-plan-crecimiento\/\" aria-label=\"Read more about Las claves para hacer crecer tu negocio con un plan de crecimiento\" tabindex=\"-1\" >\n\t\t\tRead more &#034;\t\t<\/a>\n\n\t\t\t\t<\/div>\n\t\t\t\t<div class=\"elementor-post__meta-data\">\n\t\t\t\t\t<span class=\"elementor-post-date\">\n\t\t\t29 de June de 2021\t\t<\/span>\n\t\t\t\t<\/div>\n\t\t\t\t\t<\/div>\n\t\t<\/article>\n\t\t\t\t<article class=\"elementor-post elementor-grid-item post-1311 post type-post status-publish format-standard has-post-thumbnail hentry category-estrategia-empresarial tag-analisis-de-empresa tag-gestion-de-proyectos-empresariales tag-herramientas-de-analisis tag-mejora-empresarial tag-optimizar-objetivos\" role=\"listitem\">\n\t\t\t<div class=\"elementor-post__card\">\n\t\t\t\t<a class=\"elementor-post__thumbnail__link\" href=\"https:\/\/www.actionproject.es\/en_gb\/blog\/herramientas-analisis-para-mejora-empresarial\/\" tabindex=\"-1\" ><div class=\"elementor-post__thumbnail\"><img decoding=\"async\" width=\"1200\" height=\"800\" data-src=\"https:\/\/www.actionproject.es\/wp-content\/uploads\/2025\/07\/mejora-empresarial.jpg\" class=\"attachment-full size-full wp-image-1489 lazyload\" alt=\"\" data-srcset=\"https:\/\/www.actionproject.es\/wp-content\/uploads\/2025\/07\/mejora-empresarial.jpg 1200w, https:\/\/www.actionproject.es\/wp-content\/uploads\/2025\/07\/mejora-empresarial-300x200.jpg 300w, https:\/\/www.actionproject.es\/wp-content\/uploads\/2025\/07\/mejora-empresarial-1024x683.jpg 1024w, https:\/\/www.actionproject.es\/wp-content\/uploads\/2025\/07\/mejora-empresarial-768x512.jpg 768w, https:\/\/www.actionproject.es\/wp-content\/uploads\/2025\/07\/mejora-empresarial-18x12.jpg 18w\" data-sizes=\"(max-width: 1200px) 100vw, 1200px\" src=\"data:image\/svg+xml;base64,PHN2ZyB3aWR0aD0iMSIgaGVpZ2h0PSIxIiB4bWxucz0iaHR0cDovL3d3dy53My5vcmcvMjAwMC9zdmciPjwvc3ZnPg==\" style=\"--smush-placeholder-width: 1200px; --smush-placeholder-aspect-ratio: 1200\/800;\" \/><\/div><\/a>\n\t\t\t\t<div class=\"elementor-post__badge\">Business strategy<\/div>\n\t\t\t\t<div class=\"elementor-post__text\">\n\t\t\t\t<h3 class=\"elementor-post__title\">\n\t\t\t<a href=\"https:\/\/www.actionproject.es\/en_gb\/blog\/herramientas-analisis-para-mejora-empresarial\/\" >\n\t\t\t\tEl valor de las herramientas de an\u00e1lisis para la mejora empresarial\t\t\t<\/a>\n\t\t<\/h3>\n\t\t\n\t\t<a class=\"elementor-post__read-more\" href=\"https:\/\/www.actionproject.es\/en_gb\/blog\/herramientas-analisis-para-mejora-empresarial\/\" aria-label=\"Read more about El valor de las herramientas de an\u00e1lisis para la mejora empresarial\" tabindex=\"-1\" >\n\t\t\tRead more &#034;\t\t<\/a>\n\n\t\t\t\t<\/div>\n\t\t\t\t<div class=\"elementor-post__meta-data\">\n\t\t\t\t\t<span class=\"elementor-post-date\">\n\t\t\t9 de June de 2021\t\t<\/span>\n\t\t\t\t<\/div>\n\t\t\t\t\t<\/div>\n\t\t<\/article>\n\t\t\t\t<article class=\"elementor-post elementor-grid-item post-1310 post type-post status-publish format-standard has-post-thumbnail hentry category-estrategia-empresarial tag-estabilidad-del-negocio tag-productividad tag-productividad-de-empresa tag-productividad-empresarial tag-productividad-en-el-teletrabajo\" role=\"listitem\">\n\t\t\t<div class=\"elementor-post__card\">\n\t\t\t\t<a class=\"elementor-post__thumbnail__link\" href=\"https:\/\/www.actionproject.es\/en_gb\/blog\/productividad-empresarial-tiempos-dificiles\/\" tabindex=\"-1\" ><div class=\"elementor-post__thumbnail\"><img decoding=\"async\" width=\"1200\" height=\"800\" data-src=\"https:\/\/www.actionproject.es\/wp-content\/uploads\/2025\/07\/productividad-empresarial.jpg\" class=\"attachment-full size-full wp-image-1508 lazyload\" alt=\"\" data-srcset=\"https:\/\/www.actionproject.es\/wp-content\/uploads\/2025\/07\/productividad-empresarial.jpg 1200w, https:\/\/www.actionproject.es\/wp-content\/uploads\/2025\/07\/productividad-empresarial-300x200.jpg 300w, https:\/\/www.actionproject.es\/wp-content\/uploads\/2025\/07\/productividad-empresarial-1024x683.jpg 1024w, https:\/\/www.actionproject.es\/wp-content\/uploads\/2025\/07\/productividad-empresarial-768x512.jpg 768w, https:\/\/www.actionproject.es\/wp-content\/uploads\/2025\/07\/productividad-empresarial-18x12.jpg 18w\" data-sizes=\"(max-width: 1200px) 100vw, 1200px\" src=\"data:image\/svg+xml;base64,PHN2ZyB3aWR0aD0iMSIgaGVpZ2h0PSIxIiB4bWxucz0iaHR0cDovL3d3dy53My5vcmcvMjAwMC9zdmciPjwvc3ZnPg==\" style=\"--smush-placeholder-width: 1200px; --smush-placeholder-aspect-ratio: 1200\/800;\" \/><\/div><\/a>\n\t\t\t\t<div class=\"elementor-post__badge\">Business strategy<\/div>\n\t\t\t\t<div class=\"elementor-post__text\">\n\t\t\t\t<h3 class=\"elementor-post__title\">\n\t\t\t<a href=\"https:\/\/www.actionproject.es\/en_gb\/blog\/productividad-empresarial-tiempos-dificiles\/\" >\n\t\t\t\tQu\u00e9 influye en la productividad empresarial en tiempos dif\u00edciles\t\t\t<\/a>\n\t\t<\/h3>\n\t\t\n\t\t<a class=\"elementor-post__read-more\" href=\"https:\/\/www.actionproject.es\/en_gb\/blog\/productividad-empresarial-tiempos-dificiles\/\" aria-label=\"Read more about Qu\u00e9 influye en la productividad empresarial en tiempos dif\u00edciles\" tabindex=\"-1\" >\n\t\t\tRead more &#034;\t\t<\/a>\n\n\t\t\t\t<\/div>\n\t\t\t\t<div class=\"elementor-post__meta-data\">\n\t\t\t\t\t<span class=\"elementor-post-date\">\n\t\t\t11 de May de 2021\t\t<\/span>\n\t\t\t\t<\/div>\n\t\t\t\t\t<\/div>\n\t\t<\/article>\n\t\t\t\t<article class=\"elementor-post elementor-grid-item post-1309 post type-post status-publish format-standard has-post-thumbnail hentry category-estrategia-empresarial tag-comportamiento-social-responsable tag-empresa-socialmente-responsable tag-esr tag-gestion-de-empresas tag-responsabilidad-social-corporativa\" role=\"listitem\">\n\t\t\t<div class=\"elementor-post__card\">\n\t\t\t\t<a class=\"elementor-post__thumbnail__link\" href=\"https:\/\/www.actionproject.es\/en_gb\/blog\/acciones-empresa-socialmente-responsable\/\" tabindex=\"-1\" ><div class=\"elementor-post__thumbnail\"><img decoding=\"async\" width=\"1200\" height=\"800\" data-src=\"https:\/\/www.actionproject.es\/wp-content\/uploads\/2025\/07\/empresa-socialmente-responsable.jpg\" class=\"attachment-full size-full wp-image-1437 lazyload\" alt=\"\" data-srcset=\"https:\/\/www.actionproject.es\/wp-content\/uploads\/2025\/07\/empresa-socialmente-responsable.jpg 1200w, https:\/\/www.actionproject.es\/wp-content\/uploads\/2025\/07\/empresa-socialmente-responsable-300x200.jpg 300w, https:\/\/www.actionproject.es\/wp-content\/uploads\/2025\/07\/empresa-socialmente-responsable-1024x683.jpg 1024w, https:\/\/www.actionproject.es\/wp-content\/uploads\/2025\/07\/empresa-socialmente-responsable-768x512.jpg 768w, https:\/\/www.actionproject.es\/wp-content\/uploads\/2025\/07\/empresa-socialmente-responsable-18x12.jpg 18w\" data-sizes=\"(max-width: 1200px) 100vw, 1200px\" src=\"data:image\/svg+xml;base64,PHN2ZyB3aWR0aD0iMSIgaGVpZ2h0PSIxIiB4bWxucz0iaHR0cDovL3d3dy53My5vcmcvMjAwMC9zdmciPjwvc3ZnPg==\" style=\"--smush-placeholder-width: 1200px; --smush-placeholder-aspect-ratio: 1200\/800;\" \/><\/div><\/a>\n\t\t\t\t<div class=\"elementor-post__badge\">Business strategy<\/div>\n\t\t\t\t<div class=\"elementor-post__text\">\n\t\t\t\t<h3 class=\"elementor-post__title\">\n\t\t\t<a href=\"https:\/\/www.actionproject.es\/en_gb\/blog\/acciones-empresa-socialmente-responsable\/\" >\n\t\t\t\t5 acciones que debe acometer una empresa socialmente responsable\t\t\t<\/a>\n\t\t<\/h3>\n\t\t\n\t\t<a class=\"elementor-post__read-more\" href=\"https:\/\/www.actionproject.es\/en_gb\/blog\/acciones-empresa-socialmente-responsable\/\" aria-label=\"Read more about 5 acciones que debe acometer una empresa socialmente responsable\" tabindex=\"-1\" >\n\t\t\tRead more &#034;\t\t<\/a>\n\n\t\t\t\t<\/div>\n\t\t\t\t<div class=\"elementor-post__meta-data\">\n\t\t\t\t\t<span class=\"elementor-post-date\">\n\t\t\t27 de April de 2021\t\t<\/span>\n\t\t\t\t<\/div>\n\t\t\t\t\t<\/div>\n\t\t<\/article>\n\t\t\t\t<article class=\"elementor-post elementor-grid-item post-1308 post type-post status-publish format-standard has-post-thumbnail hentry category-estrategia-empresarial tag-emprendedor tag-lean-startup tag-metodo-lean-startup tag-metodologia-lean-startup tag-producto-minimo-viable\" role=\"listitem\">\n\t\t\t<div class=\"elementor-post__card\">\n\t\t\t\t<a class=\"elementor-post__thumbnail__link\" href=\"https:\/\/www.actionproject.es\/en_gb\/blog\/metodologia-lean-startup-exito-emprendedores\/\" tabindex=\"-1\" ><div class=\"elementor-post__thumbnail\"><img decoding=\"async\" width=\"1200\" height=\"800\" data-src=\"https:\/\/www.actionproject.es\/wp-content\/uploads\/2025\/07\/metodologia-lean-startup.jpg\" class=\"attachment-full size-full wp-image-1490 lazyload\" alt=\"\" data-srcset=\"https:\/\/www.actionproject.es\/wp-content\/uploads\/2025\/07\/metodologia-lean-startup.jpg 1200w, https:\/\/www.actionproject.es\/wp-content\/uploads\/2025\/07\/metodologia-lean-startup-300x200.jpg 300w, https:\/\/www.actionproject.es\/wp-content\/uploads\/2025\/07\/metodologia-lean-startup-1024x683.jpg 1024w, https:\/\/www.actionproject.es\/wp-content\/uploads\/2025\/07\/metodologia-lean-startup-768x512.jpg 768w, https:\/\/www.actionproject.es\/wp-content\/uploads\/2025\/07\/metodologia-lean-startup-18x12.jpg 18w\" data-sizes=\"(max-width: 1200px) 100vw, 1200px\" src=\"data:image\/svg+xml;base64,PHN2ZyB3aWR0aD0iMSIgaGVpZ2h0PSIxIiB4bWxucz0iaHR0cDovL3d3dy53My5vcmcvMjAwMC9zdmciPjwvc3ZnPg==\" style=\"--smush-placeholder-width: 1200px; --smush-placeholder-aspect-ratio: 1200\/800;\" \/><\/div><\/a>\n\t\t\t\t<div class=\"elementor-post__badge\">Business strategy<\/div>\n\t\t\t\t<div class=\"elementor-post__text\">\n\t\t\t\t<h3 class=\"elementor-post__title\">\n\t\t\t<a href=\"https:\/\/www.actionproject.es\/en_gb\/blog\/metodologia-lean-startup-exito-emprendedores\/\" >\n\t\t\t\tMetodolog\u00eda Lean Startup: el \u00e9xito para emprendedores\t\t\t<\/a>\n\t\t<\/h3>\n\t\t\n\t\t<a class=\"elementor-post__read-more\" href=\"https:\/\/www.actionproject.es\/en_gb\/blog\/metodologia-lean-startup-exito-emprendedores\/\" aria-label=\"Read more about Metodolog\u00eda Lean Startup: el \u00e9xito para emprendedores\" tabindex=\"-1\" >\n\t\t\tRead more &#034;\t\t<\/a>\n\n\t\t\t\t<\/div>\n\t\t\t\t<div class=\"elementor-post__meta-data\">\n\t\t\t\t\t<span class=\"elementor-post-date\">\n\t\t\t13 de April de 2021\t\t<\/span>\n\t\t\t\t<\/div>\n\t\t\t\t\t<\/div>\n\t\t<\/article>\n\t\t\t\t<article class=\"elementor-post elementor-grid-item post-1307 post type-post status-publish format-standard has-post-thumbnail hentry category-estrategia-empresarial tag-motivacion tag-recursos-humanos tag-rendimiento-laboral tag-satisfaccion-laboral tag-team-insights\" role=\"listitem\">\n\t\t\t<div class=\"elementor-post__card\">\n\t\t\t\t<a class=\"elementor-post__thumbnail__link\" href=\"https:\/\/www.actionproject.es\/en_gb\/blog\/satisfaccion-laboral-alcanzar-exito\/\" tabindex=\"-1\" ><div class=\"elementor-post__thumbnail\"><img decoding=\"async\" width=\"1200\" height=\"800\" data-src=\"https:\/\/www.actionproject.es\/wp-content\/uploads\/2025\/07\/satisfaccion-laboral.jpg\" class=\"attachment-full size-full wp-image-1517 lazyload\" alt=\"\" data-srcset=\"https:\/\/www.actionproject.es\/wp-content\/uploads\/2025\/07\/satisfaccion-laboral.jpg 1200w, https:\/\/www.actionproject.es\/wp-content\/uploads\/2025\/07\/satisfaccion-laboral-300x200.jpg 300w, https:\/\/www.actionproject.es\/wp-content\/uploads\/2025\/07\/satisfaccion-laboral-1024x683.jpg 1024w, https:\/\/www.actionproject.es\/wp-content\/uploads\/2025\/07\/satisfaccion-laboral-768x512.jpg 768w, https:\/\/www.actionproject.es\/wp-content\/uploads\/2025\/07\/satisfaccion-laboral-18x12.jpg 18w\" data-sizes=\"(max-width: 1200px) 100vw, 1200px\" src=\"data:image\/svg+xml;base64,PHN2ZyB3aWR0aD0iMSIgaGVpZ2h0PSIxIiB4bWxucz0iaHR0cDovL3d3dy53My5vcmcvMjAwMC9zdmciPjwvc3ZnPg==\" style=\"--smush-placeholder-width: 1200px; --smush-placeholder-aspect-ratio: 1200\/800;\" \/><\/div><\/a>\n\t\t\t\t<div class=\"elementor-post__badge\">Business strategy<\/div>\n\t\t\t\t<div class=\"elementor-post__text\">\n\t\t\t\t<h3 class=\"elementor-post__title\">\n\t\t\t<a href=\"https:\/\/www.actionproject.es\/en_gb\/blog\/satisfaccion-laboral-alcanzar-exito\/\" >\n\t\t\t\tLa importancia de la satisfacci\u00f3n laboral para alcanzar el \u00e9xito\t\t\t<\/a>\n\t\t<\/h3>\n\t\t\n\t\t<a class=\"elementor-post__read-more\" href=\"https:\/\/www.actionproject.es\/en_gb\/blog\/satisfaccion-laboral-alcanzar-exito\/\" aria-label=\"Read more about La importancia de la satisfacci\u00f3n laboral para alcanzar el \u00e9xito\" tabindex=\"-1\" >\n\t\t\tRead more &#034;\t\t<\/a>\n\n\t\t\t\t<\/div>\n\t\t\t\t<div class=\"elementor-post__meta-data\">\n\t\t\t\t\t<span class=\"elementor-post-date\">\n\t\t\t30 de March de 2021\t\t<\/span>\n\t\t\t\t<\/div>\n\t\t\t\t\t<\/div>\n\t\t<\/article>\n\t\t\t\t<article class=\"elementor-post elementor-grid-item post-1306 post type-post status-publish format-standard has-post-thumbnail hentry category-estrategia-empresarial tag-digitalizacion-empresas tag-digitalizacion-pymes tag-pymes tag-transformacion-digital tag-transformacion-digital-para-pymes\" role=\"listitem\">\n\t\t\t<div class=\"elementor-post__card\">\n\t\t\t\t<a class=\"elementor-post__thumbnail__link\" href=\"https:\/\/www.actionproject.es\/en_gb\/blog\/transformacion-digital-para-pymes\/\" tabindex=\"-1\" ><div class=\"elementor-post__thumbnail\"><img decoding=\"async\" width=\"1200\" height=\"800\" data-src=\"https:\/\/www.actionproject.es\/wp-content\/uploads\/2025\/07\/trasnformacion-digital-pymes.jpg\" class=\"attachment-full size-full wp-image-1528 lazyload\" alt=\"\" data-srcset=\"https:\/\/www.actionproject.es\/wp-content\/uploads\/2025\/07\/trasnformacion-digital-pymes.jpg 1200w, https:\/\/www.actionproject.es\/wp-content\/uploads\/2025\/07\/trasnformacion-digital-pymes-300x200.jpg 300w, https:\/\/www.actionproject.es\/wp-content\/uploads\/2025\/07\/trasnformacion-digital-pymes-1024x683.jpg 1024w, https:\/\/www.actionproject.es\/wp-content\/uploads\/2025\/07\/trasnformacion-digital-pymes-768x512.jpg 768w, https:\/\/www.actionproject.es\/wp-content\/uploads\/2025\/07\/trasnformacion-digital-pymes-18x12.jpg 18w\" data-sizes=\"(max-width: 1200px) 100vw, 1200px\" src=\"data:image\/svg+xml;base64,PHN2ZyB3aWR0aD0iMSIgaGVpZ2h0PSIxIiB4bWxucz0iaHR0cDovL3d3dy53My5vcmcvMjAwMC9zdmciPjwvc3ZnPg==\" style=\"--smush-placeholder-width: 1200px; --smush-placeholder-aspect-ratio: 1200\/800;\" \/><\/div><\/a>\n\t\t\t\t<div class=\"elementor-post__badge\">Business strategy<\/div>\n\t\t\t\t<div class=\"elementor-post__text\">\n\t\t\t\t<h3 class=\"elementor-post__title\">\n\t\t\t<a href=\"https:\/\/www.actionproject.es\/en_gb\/blog\/transformacion-digital-para-pymes\/\" >\n\t\t\t\tTransformaci\u00f3n digital para PYMES, el momento y el lugar\t\t\t<\/a>\n\t\t<\/h3>\n\t\t\n\t\t<a class=\"elementor-post__read-more\" href=\"https:\/\/www.actionproject.es\/en_gb\/blog\/transformacion-digital-para-pymes\/\" aria-label=\"Read more about Transformaci\u00f3n digital para PYMES, el momento y el lugar\" tabindex=\"-1\" >\n\t\t\tRead more &#034;\t\t<\/a>\n\n\t\t\t\t<\/div>\n\t\t\t\t<div class=\"elementor-post__meta-data\">\n\t\t\t\t\t<span class=\"elementor-post-date\">\n\t\t\t23 de March de 2021\t\t<\/span>\n\t\t\t\t<\/div>\n\t\t\t\t\t<\/div>\n\t\t<\/article>\n\t\t\t\t<article class=\"elementor-post elementor-grid-item post-1305 post type-post status-publish format-standard has-post-thumbnail hentry category-estrategia-empresarial tag-habilidades-directivas tag-habilidades-empresariales tag-liderazgo tag-liderazgo-de-equipo tag-liderazgo-empresarial\" role=\"listitem\">\n\t\t\t<div class=\"elementor-post__card\">\n\t\t\t\t<a class=\"elementor-post__thumbnail__link\" href=\"https:\/\/www.actionproject.es\/en_gb\/blog\/8-habilidades-directivas-ser-un-buen-lider\/\" tabindex=\"-1\" ><div class=\"elementor-post__thumbnail\"><img decoding=\"async\" width=\"1200\" height=\"800\" data-src=\"https:\/\/www.actionproject.es\/wp-content\/uploads\/2025\/07\/habilidades-directivas.jpg\" class=\"attachment-full size-full wp-image-1457 lazyload\" alt=\"\" data-srcset=\"https:\/\/www.actionproject.es\/wp-content\/uploads\/2025\/07\/habilidades-directivas.jpg 1200w, https:\/\/www.actionproject.es\/wp-content\/uploads\/2025\/07\/habilidades-directivas-300x200.jpg 300w, https:\/\/www.actionproject.es\/wp-content\/uploads\/2025\/07\/habilidades-directivas-1024x683.jpg 1024w, https:\/\/www.actionproject.es\/wp-content\/uploads\/2025\/07\/habilidades-directivas-768x512.jpg 768w, https:\/\/www.actionproject.es\/wp-content\/uploads\/2025\/07\/habilidades-directivas-18x12.jpg 18w\" data-sizes=\"(max-width: 1200px) 100vw, 1200px\" src=\"data:image\/svg+xml;base64,PHN2ZyB3aWR0aD0iMSIgaGVpZ2h0PSIxIiB4bWxucz0iaHR0cDovL3d3dy53My5vcmcvMjAwMC9zdmciPjwvc3ZnPg==\" style=\"--smush-placeholder-width: 1200px; --smush-placeholder-aspect-ratio: 1200\/800;\" \/><\/div><\/a>\n\t\t\t\t<div class=\"elementor-post__badge\">Business strategy<\/div>\n\t\t\t\t<div class=\"elementor-post__text\">\n\t\t\t\t<h3 class=\"elementor-post__title\">\n\t\t\t<a href=\"https:\/\/www.actionproject.es\/en_gb\/blog\/8-habilidades-directivas-ser-un-buen-lider\/\" >\n\t\t\t\t8 habilidades directivas necesarias para ser un buen l\u00edder\t\t\t<\/a>\n\t\t<\/h3>\n\t\t\n\t\t<a class=\"elementor-post__read-more\" href=\"https:\/\/www.actionproject.es\/en_gb\/blog\/8-habilidades-directivas-ser-un-buen-lider\/\" aria-label=\"Read more about 8 habilidades directivas necesarias para ser un buen l\u00edder\" tabindex=\"-1\" >\n\t\t\tRead more &#034;\t\t<\/a>\n\n\t\t\t\t<\/div>\n\t\t\t\t<div class=\"elementor-post__meta-data\">\n\t\t\t\t\t<span class=\"elementor-post-date\">\n\t\t\t2 de March de 2021\t\t<\/span>\n\t\t\t\t<\/div>\n\t\t\t\t\t<\/div>\n\t\t<\/article>\n\t\t\t\t<article class=\"elementor-post elementor-grid-item post-1275 post type-post status-publish format-standard has-post-thumbnail hentry category-estrategia-empresarial tag-chernobil tag-comunicacion-de-crisis tag-gestion-de-crisis tag-profesionalizacion-de-empresas tag-protocolo-de-crisis\" role=\"listitem\">\n\t\t\t<div class=\"elementor-post__card\">\n\t\t\t\t<a class=\"elementor-post__thumbnail__link\" href=\"https:\/\/www.actionproject.es\/en_gb\/blog\/lecciones-chernobil-gestion-crisis\/\" tabindex=\"-1\" ><div class=\"elementor-post__thumbnail\"><img decoding=\"async\" width=\"1200\" height=\"800\" data-src=\"https:\/\/www.actionproject.es\/wp-content\/uploads\/2025\/07\/lecciones-crisis-comunicacion-empresa.jpg\" class=\"attachment-full size-full wp-image-1471 lazyload\" alt=\"\" data-srcset=\"https:\/\/www.actionproject.es\/wp-content\/uploads\/2025\/07\/lecciones-crisis-comunicacion-empresa.jpg 1200w, https:\/\/www.actionproject.es\/wp-content\/uploads\/2025\/07\/lecciones-crisis-comunicacion-empresa-300x200.jpg 300w, https:\/\/www.actionproject.es\/wp-content\/uploads\/2025\/07\/lecciones-crisis-comunicacion-empresa-1024x683.jpg 1024w, https:\/\/www.actionproject.es\/wp-content\/uploads\/2025\/07\/lecciones-crisis-comunicacion-empresa-768x512.jpg 768w, https:\/\/www.actionproject.es\/wp-content\/uploads\/2025\/07\/lecciones-crisis-comunicacion-empresa-18x12.jpg 18w\" data-sizes=\"(max-width: 1200px) 100vw, 1200px\" src=\"data:image\/svg+xml;base64,PHN2ZyB3aWR0aD0iMSIgaGVpZ2h0PSIxIiB4bWxucz0iaHR0cDovL3d3dy53My5vcmcvMjAwMC9zdmciPjwvc3ZnPg==\" style=\"--smush-placeholder-width: 1200px; --smush-placeholder-aspect-ratio: 1200\/800;\" \/><\/div><\/a>\n\t\t\t\t<div class=\"elementor-post__badge\">Business strategy<\/div>\n\t\t\t\t<div class=\"elementor-post__text\">\n\t\t\t\t<h3 class=\"elementor-post__title\">\n\t\t\t<a href=\"https:\/\/www.actionproject.es\/en_gb\/blog\/lecciones-chernobil-gestion-crisis\/\" >\n\t\t\t\t10 lecciones de \u2018Chern\u00f3bil\u2019 sobre la gesti\u00f3n de crisis\t\t\t<\/a>\n\t\t<\/h3>\n\t\t\n\t\t<a class=\"elementor-post__read-more\" href=\"https:\/\/www.actionproject.es\/en_gb\/blog\/lecciones-chernobil-gestion-crisis\/\" aria-label=\"Read more about 10 lecciones de \u2018Chern\u00f3bil\u2019 sobre la gesti\u00f3n de crisis\" tabindex=\"-1\" >\n\t\t\tRead more &#034;\t\t<\/a>\n\n\t\t\t\t<\/div>\n\t\t\t\t<div class=\"elementor-post__meta-data\">\n\t\t\t\t\t<span class=\"elementor-post-date\">\n\t\t\t9 de February de 2021\t\t<\/span>\n\t\t\t\t<\/div>\n\t\t\t\t\t<\/div>\n\t\t<\/article>\n\t\t\t\t<article class=\"elementor-post elementor-grid-item post-1304 post type-post status-publish format-standard has-post-thumbnail hentry category-estrategia-empresarial tag-consultores-de-empresa tag-gestion-de-empresas tag-gestion-de-negocios tag-gestion-empresarial tag-ley-de-murphy\" role=\"listitem\">\n\t\t\t<div class=\"elementor-post__card\">\n\t\t\t\t<a class=\"elementor-post__thumbnail__link\" href=\"https:\/\/www.actionproject.es\/en_gb\/blog\/enseno-2020-ley-murphy-empresas\/\" tabindex=\"-1\" ><div class=\"elementor-post__thumbnail\"><img decoding=\"async\" width=\"1200\" height=\"800\" data-src=\"https:\/\/www.actionproject.es\/wp-content\/uploads\/2025\/07\/ley-murphy-leccion-empresas-2020.jpg\" class=\"attachment-full size-full wp-image-1477 lazyload\" alt=\"\" data-srcset=\"https:\/\/www.actionproject.es\/wp-content\/uploads\/2025\/07\/ley-murphy-leccion-empresas-2020.jpg 1200w, https:\/\/www.actionproject.es\/wp-content\/uploads\/2025\/07\/ley-murphy-leccion-empresas-2020-300x200.jpg 300w, https:\/\/www.actionproject.es\/wp-content\/uploads\/2025\/07\/ley-murphy-leccion-empresas-2020-1024x683.jpg 1024w, https:\/\/www.actionproject.es\/wp-content\/uploads\/2025\/07\/ley-murphy-leccion-empresas-2020-768x512.jpg 768w, https:\/\/www.actionproject.es\/wp-content\/uploads\/2025\/07\/ley-murphy-leccion-empresas-2020-18x12.jpg 18w\" data-sizes=\"(max-width: 1200px) 100vw, 1200px\" src=\"data:image\/svg+xml;base64,PHN2ZyB3aWR0aD0iMSIgaGVpZ2h0PSIxIiB4bWxucz0iaHR0cDovL3d3dy53My5vcmcvMjAwMC9zdmciPjwvc3ZnPg==\" style=\"--smush-placeholder-width: 1200px; --smush-placeholder-aspect-ratio: 1200\/800;\" \/><\/div><\/a>\n\t\t\t\t<div class=\"elementor-post__badge\">Business strategy<\/div>\n\t\t\t\t<div class=\"elementor-post__text\">\n\t\t\t\t<h3 class=\"elementor-post__title\">\n\t\t\t<a href=\"https:\/\/www.actionproject.es\/en_gb\/blog\/enseno-2020-ley-murphy-empresas\/\" >\n\t\t\t\tLo que nos ense\u00f1\u00f3 2020 sobre la ley de Murphy y las empresas\t\t\t<\/a>\n\t\t<\/h3>\n\t\t\n\t\t<a class=\"elementor-post__read-more\" href=\"https:\/\/www.actionproject.es\/en_gb\/blog\/enseno-2020-ley-murphy-empresas\/\" aria-label=\"Read more about Lo que nos ense\u00f1\u00f3 2020 sobre la ley de Murphy y las empresas\" tabindex=\"-1\" >\n\t\t\tRead more &#034;\t\t<\/a>\n\n\t\t\t\t<\/div>\n\t\t\t\t<div class=\"elementor-post__meta-data\">\n\t\t\t\t\t<span class=\"elementor-post-date\">\n\t\t\t19 de January de 2021\t\t<\/span>\n\t\t\t\t<\/div>\n\t\t\t\t\t<\/div>\n\t\t<\/article>\n\t\t\t\t<article class=\"elementor-post elementor-grid-item post-1303 post type-post status-publish format-standard has-post-thumbnail hentry category-estrategia-empresarial tag-estrategia-de-negocios tag-interim-manager tag-liderazgo-empresarial tag-transformacion-de-negocios\" role=\"listitem\">\n\t\t\t<div class=\"elementor-post__card\">\n\t\t\t\t<a class=\"elementor-post__thumbnail__link\" href=\"https:\/\/www.actionproject.es\/en_gb\/blog\/5-acciones-indispensables-para-afrontar-la-era-post-covid\/\" tabindex=\"-1\" ><div class=\"elementor-post__thumbnail\"><img decoding=\"async\" width=\"1200\" height=\"856\" data-src=\"https:\/\/www.actionproject.es\/wp-content\/uploads\/2025\/07\/estrategia-empresarial-post-covid.jpg\" class=\"attachment-full size-full wp-image-1444 lazyload\" alt=\"\" data-srcset=\"https:\/\/www.actionproject.es\/wp-content\/uploads\/2025\/07\/estrategia-empresarial-post-covid.jpg 1200w, https:\/\/www.actionproject.es\/wp-content\/uploads\/2025\/07\/estrategia-empresarial-post-covid-300x214.jpg 300w, https:\/\/www.actionproject.es\/wp-content\/uploads\/2025\/07\/estrategia-empresarial-post-covid-1024x730.jpg 1024w, https:\/\/www.actionproject.es\/wp-content\/uploads\/2025\/07\/estrategia-empresarial-post-covid-768x548.jpg 768w, https:\/\/www.actionproject.es\/wp-content\/uploads\/2025\/07\/estrategia-empresarial-post-covid-18x12.jpg 18w\" data-sizes=\"(max-width: 1200px) 100vw, 1200px\" src=\"data:image\/svg+xml;base64,PHN2ZyB3aWR0aD0iMSIgaGVpZ2h0PSIxIiB4bWxucz0iaHR0cDovL3d3dy53My5vcmcvMjAwMC9zdmciPjwvc3ZnPg==\" style=\"--smush-placeholder-width: 1200px; --smush-placeholder-aspect-ratio: 1200\/856;\" \/><\/div><\/a>\n\t\t\t\t<div class=\"elementor-post__badge\">Business strategy<\/div>\n\t\t\t\t<div class=\"elementor-post__text\">\n\t\t\t\t<h3 class=\"elementor-post__title\">\n\t\t\t<a href=\"https:\/\/www.actionproject.es\/en_gb\/blog\/5-acciones-indispensables-para-afrontar-la-era-post-covid\/\" >\n\t\t\t\t5 acciones indispensables para afrontar la era post COVID\t\t\t<\/a>\n\t\t<\/h3>\n\t\t\n\t\t<a class=\"elementor-post__read-more\" href=\"https:\/\/www.actionproject.es\/en_gb\/blog\/5-acciones-indispensables-para-afrontar-la-era-post-covid\/\" aria-label=\"Read more about 5 acciones indispensables para afrontar la era post COVID\" tabindex=\"-1\" >\n\t\t\tRead more &#034;\t\t<\/a>\n\n\t\t\t\t<\/div>\n\t\t\t\t<div class=\"elementor-post__meta-data\">\n\t\t\t\t\t<span class=\"elementor-post-date\">\n\t\t\t15 de December de 2020\t\t<\/span>\n\t\t\t\t<\/div>\n\t\t\t\t\t<\/div>\n\t\t<\/article>\n\t\t\t\t<article class=\"elementor-post elementor-grid-item post-1302 post type-post status-publish format-standard has-post-thumbnail hentry category-estrategia-empresarial tag-digitalizacion tag-gestion-del-cambio tag-interim-manager tag-transformacion-de-negocios tag-transformacion-digital\" role=\"listitem\">\n\t\t\t<div class=\"elementor-post__card\">\n\t\t\t\t<a class=\"elementor-post__thumbnail__link\" href=\"https:\/\/www.actionproject.es\/en_gb\/blog\/transformacion-negocios-facil-trampa-carton\/\" tabindex=\"-1\" ><div class=\"elementor-post__thumbnail\"><img decoding=\"async\" width=\"1200\" height=\"800\" data-src=\"https:\/\/www.actionproject.es\/wp-content\/uploads\/2025\/07\/transformacion-digital-negocios-facil.jpg\" class=\"attachment-full size-full wp-image-1527 lazyload\" alt=\"\" data-srcset=\"https:\/\/www.actionproject.es\/wp-content\/uploads\/2025\/07\/transformacion-digital-negocios-facil.jpg 1200w, https:\/\/www.actionproject.es\/wp-content\/uploads\/2025\/07\/transformacion-digital-negocios-facil-300x200.jpg 300w, https:\/\/www.actionproject.es\/wp-content\/uploads\/2025\/07\/transformacion-digital-negocios-facil-1024x683.jpg 1024w, https:\/\/www.actionproject.es\/wp-content\/uploads\/2025\/07\/transformacion-digital-negocios-facil-768x512.jpg 768w, https:\/\/www.actionproject.es\/wp-content\/uploads\/2025\/07\/transformacion-digital-negocios-facil-18x12.jpg 18w\" data-sizes=\"(max-width: 1200px) 100vw, 1200px\" src=\"data:image\/svg+xml;base64,PHN2ZyB3aWR0aD0iMSIgaGVpZ2h0PSIxIiB4bWxucz0iaHR0cDovL3d3dy53My5vcmcvMjAwMC9zdmciPjwvc3ZnPg==\" style=\"--smush-placeholder-width: 1200px; --smush-placeholder-aspect-ratio: 1200\/800;\" \/><\/div><\/a>\n\t\t\t\t<div class=\"elementor-post__badge\">Business strategy<\/div>\n\t\t\t\t<div class=\"elementor-post__text\">\n\t\t\t\t<h3 class=\"elementor-post__title\">\n\t\t\t<a href=\"https:\/\/www.actionproject.es\/en_gb\/blog\/transformacion-negocios-facil-trampa-carton\/\" >\n\t\t\t\tTransformaci\u00f3n de negocios f\u00e1cil, sin trampa ni cart\u00f3n\t\t\t<\/a>\n\t\t<\/h3>\n\t\t\n\t\t<a class=\"elementor-post__read-more\" href=\"https:\/\/www.actionproject.es\/en_gb\/blog\/transformacion-negocios-facil-trampa-carton\/\" aria-label=\"Read more about Transformaci\u00f3n de negocios f\u00e1cil, sin trampa ni cart\u00f3n\" tabindex=\"-1\" >\n\t\t\tRead more &#034;\t\t<\/a>\n\n\t\t\t\t<\/div>\n\t\t\t\t<div class=\"elementor-post__meta-data\">\n\t\t\t\t\t<span class=\"elementor-post-date\">\n\t\t\t1 de December de 2020\t\t<\/span>\n\t\t\t\t<\/div>\n\t\t\t\t\t<\/div>\n\t\t<\/article>\n\t\t\t\t<article class=\"elementor-post elementor-grid-item post-1301 post type-post status-publish format-standard has-post-thumbnail hentry category-estrategia-empresarial tag-consultor-de-negocios tag-digitalizacion tag-economia-digital tag-labor-directiva tag-transformacion-digital\" role=\"listitem\">\n\t\t\t<div class=\"elementor-post__card\">\n\t\t\t\t<a class=\"elementor-post__thumbnail__link\" href=\"https:\/\/www.actionproject.es\/en_gb\/blog\/digitalizacion-necesidad-oportunidad-partes-iguales\/\" tabindex=\"-1\" ><div class=\"elementor-post__thumbnail\"><img decoding=\"async\" width=\"1200\" height=\"800\" data-src=\"https:\/\/www.actionproject.es\/wp-content\/uploads\/2025\/07\/digitalizacion-transformacion-consultoria-empresas.jpg\" class=\"attachment-full size-full wp-image-1431 lazyload\" alt=\"\" data-srcset=\"https:\/\/www.actionproject.es\/wp-content\/uploads\/2025\/07\/digitalizacion-transformacion-consultoria-empresas.jpg 1200w, https:\/\/www.actionproject.es\/wp-content\/uploads\/2025\/07\/digitalizacion-transformacion-consultoria-empresas-300x200.jpg 300w, https:\/\/www.actionproject.es\/wp-content\/uploads\/2025\/07\/digitalizacion-transformacion-consultoria-empresas-1024x683.jpg 1024w, https:\/\/www.actionproject.es\/wp-content\/uploads\/2025\/07\/digitalizacion-transformacion-consultoria-empresas-768x512.jpg 768w, https:\/\/www.actionproject.es\/wp-content\/uploads\/2025\/07\/digitalizacion-transformacion-consultoria-empresas-18x12.jpg 18w\" data-sizes=\"(max-width: 1200px) 100vw, 1200px\" src=\"data:image\/svg+xml;base64,PHN2ZyB3aWR0aD0iMSIgaGVpZ2h0PSIxIiB4bWxucz0iaHR0cDovL3d3dy53My5vcmcvMjAwMC9zdmciPjwvc3ZnPg==\" style=\"--smush-placeholder-width: 1200px; --smush-placeholder-aspect-ratio: 1200\/800;\" \/><\/div><\/a>\n\t\t\t\t<div class=\"elementor-post__badge\">Business strategy<\/div>\n\t\t\t\t<div class=\"elementor-post__text\">\n\t\t\t\t<h3 class=\"elementor-post__title\">\n\t\t\t<a href=\"https:\/\/www.actionproject.es\/en_gb\/blog\/digitalizacion-necesidad-oportunidad-partes-iguales\/\" >\n\t\t\t\tLa digitalizaci\u00f3n, necesidad y oportunidad a partes iguales\t\t\t<\/a>\n\t\t<\/h3>\n\t\t\n\t\t<a class=\"elementor-post__read-more\" href=\"https:\/\/www.actionproject.es\/en_gb\/blog\/digitalizacion-necesidad-oportunidad-partes-iguales\/\" aria-label=\"Read more about La digitalizaci\u00f3n, necesidad y oportunidad a partes iguales\" tabindex=\"-1\" >\n\t\t\tRead more &#034;\t\t<\/a>\n\n\t\t\t\t<\/div>\n\t\t\t\t<div class=\"elementor-post__meta-data\">\n\t\t\t\t\t<span class=\"elementor-post-date\">\n\t\t\t24 de November de 2020\t\t<\/span>\n\t\t\t\t<\/div>\n\t\t\t\t\t<\/div>\n\t\t<\/article>\n\t\t\t\t<article class=\"elementor-post elementor-grid-item post-1300 post type-post status-publish format-standard has-post-thumbnail hentry category-estrategia-empresarial tag-emprendimiento tag-herramientas-digitales tag-herramientas-para-emprendedores tag-negocios-digitales tag-negocios-rentables\" role=\"listitem\">\n\t\t\t<div class=\"elementor-post__card\">\n\t\t\t\t<a class=\"elementor-post__thumbnail__link\" href=\"https:\/\/www.actionproject.es\/en_gb\/blog\/herramientas-gratuitas-puedo-vivir-version-emprendedor\/\" tabindex=\"-1\" ><div class=\"elementor-post__thumbnail\"><img decoding=\"async\" width=\"1200\" height=\"800\" data-src=\"https:\/\/www.actionproject.es\/wp-content\/uploads\/2025\/07\/herramientas-emprendedores-trello.jpg\" class=\"attachment-full size-full wp-image-1459 lazyload\" alt=\"\" data-srcset=\"https:\/\/www.actionproject.es\/wp-content\/uploads\/2025\/07\/herramientas-emprendedores-trello.jpg 1200w, https:\/\/www.actionproject.es\/wp-content\/uploads\/2025\/07\/herramientas-emprendedores-trello-300x200.jpg 300w, https:\/\/www.actionproject.es\/wp-content\/uploads\/2025\/07\/herramientas-emprendedores-trello-1024x683.jpg 1024w, https:\/\/www.actionproject.es\/wp-content\/uploads\/2025\/07\/herramientas-emprendedores-trello-768x512.jpg 768w, https:\/\/www.actionproject.es\/wp-content\/uploads\/2025\/07\/herramientas-emprendedores-trello-18x12.jpg 18w\" data-sizes=\"(max-width: 1200px) 100vw, 1200px\" src=\"data:image\/svg+xml;base64,PHN2ZyB3aWR0aD0iMSIgaGVpZ2h0PSIxIiB4bWxucz0iaHR0cDovL3d3dy53My5vcmcvMjAwMC9zdmciPjwvc3ZnPg==\" style=\"--smush-placeholder-width: 1200px; --smush-placeholder-aspect-ratio: 1200\/800;\" \/><\/div><\/a>\n\t\t\t\t<div class=\"elementor-post__badge\">Business strategy<\/div>\n\t\t\t\t<div class=\"elementor-post__text\">\n\t\t\t\t<h3 class=\"elementor-post__title\">\n\t\t\t<a href=\"https:\/\/www.actionproject.es\/en_gb\/blog\/herramientas-gratuitas-puedo-vivir-version-emprendedor\/\" >\n\t\t\t\t5 herramientas gratuitas sin las que no puedo vivir (versi\u00f3n emprendedor)\t\t\t<\/a>\n\t\t<\/h3>\n\t\t\n\t\t<a class=\"elementor-post__read-more\" href=\"https:\/\/www.actionproject.es\/en_gb\/blog\/herramientas-gratuitas-puedo-vivir-version-emprendedor\/\" aria-label=\"Read more about 5 herramientas gratuitas sin las que no puedo vivir (versi\u00f3n emprendedor)\" tabindex=\"-1\" >\n\t\t\tRead more &#034;\t\t<\/a>\n\n\t\t\t\t<\/div>\n\t\t\t\t<div class=\"elementor-post__meta-data\">\n\t\t\t\t\t<span class=\"elementor-post-date\">\n\t\t\t17 de November de 2020\t\t<\/span>\n\t\t\t\t<\/div>\n\t\t\t\t\t<\/div>\n\t\t<\/article>\n\t\t\t\t<article class=\"elementor-post elementor-grid-item post-1299 post type-post status-publish format-standard has-post-thumbnail hentry category-estrategia-empresarial tag-direccion tag-habilidades-directivas tag-interim-manager tag-liderazgo tag-transformacion\" role=\"listitem\">\n\t\t\t<div class=\"elementor-post__card\">\n\t\t\t\t<a class=\"elementor-post__thumbnail__link\" href=\"https:\/\/www.actionproject.es\/en_gb\/blog\/labor-directiva-epoca-transformacion\/\" tabindex=\"-1\" ><div class=\"elementor-post__thumbnail\"><img decoding=\"async\" width=\"1200\" height=\"800\" data-src=\"https:\/\/www.actionproject.es\/wp-content\/uploads\/2025\/07\/direccion-transformacion-crisis-consultoria.jpg\" class=\"attachment-full size-full wp-image-1434 lazyload\" alt=\"\" data-srcset=\"https:\/\/www.actionproject.es\/wp-content\/uploads\/2025\/07\/direccion-transformacion-crisis-consultoria.jpg 1200w, https:\/\/www.actionproject.es\/wp-content\/uploads\/2025\/07\/direccion-transformacion-crisis-consultoria-300x200.jpg 300w, https:\/\/www.actionproject.es\/wp-content\/uploads\/2025\/07\/direccion-transformacion-crisis-consultoria-1024x683.jpg 1024w, https:\/\/www.actionproject.es\/wp-content\/uploads\/2025\/07\/direccion-transformacion-crisis-consultoria-768x512.jpg 768w, https:\/\/www.actionproject.es\/wp-content\/uploads\/2025\/07\/direccion-transformacion-crisis-consultoria-18x12.jpg 18w\" data-sizes=\"(max-width: 1200px) 100vw, 1200px\" src=\"data:image\/svg+xml;base64,PHN2ZyB3aWR0aD0iMSIgaGVpZ2h0PSIxIiB4bWxucz0iaHR0cDovL3d3dy53My5vcmcvMjAwMC9zdmciPjwvc3ZnPg==\" style=\"--smush-placeholder-width: 1200px; --smush-placeholder-aspect-ratio: 1200\/800;\" \/><\/div><\/a>\n\t\t\t\t<div class=\"elementor-post__badge\">Business strategy<\/div>\n\t\t\t\t<div class=\"elementor-post__text\">\n\t\t\t\t<h3 class=\"elementor-post__title\">\n\t\t\t<a href=\"https:\/\/www.actionproject.es\/en_gb\/blog\/labor-directiva-epoca-transformacion\/\" >\n\t\t\t\tLa labor directiva en \u00e9poca de transformaci\u00f3n\t\t\t<\/a>\n\t\t<\/h3>\n\t\t\n\t\t<a class=\"elementor-post__read-more\" href=\"https:\/\/www.actionproject.es\/en_gb\/blog\/labor-directiva-epoca-transformacion\/\" aria-label=\"Read more about La labor directiva en \u00e9poca de transformaci\u00f3n\" tabindex=\"-1\" >\n\t\t\tRead more &#034;\t\t<\/a>\n\n\t\t\t\t<\/div>\n\t\t\t\t<div class=\"elementor-post__meta-data\">\n\t\t\t\t\t<span class=\"elementor-post-date\">\n\t\t\t10 de November de 2020\t\t<\/span>\n\t\t\t\t<\/div>\n\t\t\t\t\t<\/div>\n\t\t<\/article>\n\t\t\t\t<article class=\"elementor-post elementor-grid-item post-1298 post type-post status-publish format-standard has-post-thumbnail hentry category-estrategia-empresarial tag-formacion-directiva tag-formacion-ejecutiva tag-liderazgo-empresarial tag-liderazgo-transformador tag-oportunidades\" role=\"listitem\">\n\t\t\t<div class=\"elementor-post__card\">\n\t\t\t\t<a class=\"elementor-post__thumbnail__link\" href=\"https:\/\/www.actionproject.es\/en_gb\/blog\/cuando-aprender-rapido-hace-competir-mejor\/\" tabindex=\"-1\" ><div class=\"elementor-post__thumbnail\"><img decoding=\"async\" width=\"1200\" height=\"675\" data-src=\"https:\/\/www.actionproject.es\/wp-content\/uploads\/2025\/07\/formacion-ejecutiva-directiva-oportunidad.jpg\" class=\"attachment-full size-full wp-image-1450 lazyload\" alt=\"\" data-srcset=\"https:\/\/www.actionproject.es\/wp-content\/uploads\/2025\/07\/formacion-ejecutiva-directiva-oportunidad.jpg 1200w, https:\/\/www.actionproject.es\/wp-content\/uploads\/2025\/07\/formacion-ejecutiva-directiva-oportunidad-300x169.jpg 300w, https:\/\/www.actionproject.es\/wp-content\/uploads\/2025\/07\/formacion-ejecutiva-directiva-oportunidad-1024x576.jpg 1024w, https:\/\/www.actionproject.es\/wp-content\/uploads\/2025\/07\/formacion-ejecutiva-directiva-oportunidad-768x432.jpg 768w, https:\/\/www.actionproject.es\/wp-content\/uploads\/2025\/07\/formacion-ejecutiva-directiva-oportunidad-18x10.jpg 18w\" data-sizes=\"(max-width: 1200px) 100vw, 1200px\" src=\"data:image\/svg+xml;base64,PHN2ZyB3aWR0aD0iMSIgaGVpZ2h0PSIxIiB4bWxucz0iaHR0cDovL3d3dy53My5vcmcvMjAwMC9zdmciPjwvc3ZnPg==\" style=\"--smush-placeholder-width: 1200px; --smush-placeholder-aspect-ratio: 1200\/675;\" \/><\/div><\/a>\n\t\t\t\t<div class=\"elementor-post__badge\">Business strategy<\/div>\n\t\t\t\t<div class=\"elementor-post__text\">\n\t\t\t\t<h3 class=\"elementor-post__title\">\n\t\t\t<a href=\"https:\/\/www.actionproject.es\/en_gb\/blog\/cuando-aprender-rapido-hace-competir-mejor\/\" >\n\t\t\t\tCuando aprender r\u00e1pido te hace competir mejor\t\t\t<\/a>\n\t\t<\/h3>\n\t\t\n\t\t<a class=\"elementor-post__read-more\" href=\"https:\/\/www.actionproject.es\/en_gb\/blog\/cuando-aprender-rapido-hace-competir-mejor\/\" aria-label=\"Read more about Cuando aprender r\u00e1pido te hace competir mejor\" tabindex=\"-1\" >\n\t\t\tRead more &#034;\t\t<\/a>\n\n\t\t\t\t<\/div>\n\t\t\t\t<div class=\"elementor-post__meta-data\">\n\t\t\t\t\t<span class=\"elementor-post-date\">\n\t\t\t13 de October de 2020\t\t<\/span>\n\t\t\t\t<\/div>\n\t\t\t\t\t<\/div>\n\t\t<\/article>\n\t\t\t\t<article class=\"elementor-post elementor-grid-item post-1297 post type-post status-publish format-standard has-post-thumbnail hentry category-estrategia-empresarial tag-crisis-del-coronavirus tag-directivo-temporal tag-estructura-directiva tag-interim-manager tag-liderazgo\" role=\"listitem\">\n\t\t\t<div class=\"elementor-post__card\">\n\t\t\t\t<a class=\"elementor-post__thumbnail__link\" href=\"https:\/\/www.actionproject.es\/en_gb\/blog\/interim-manager-profeta-salud-empresa\/\" tabindex=\"-1\" ><div class=\"elementor-post__thumbnail\"><img decoding=\"async\" width=\"1200\" height=\"800\" data-src=\"https:\/\/www.actionproject.es\/wp-content\/uploads\/2025\/07\/interim-manager-crisis-empresas-pymes.jpg\" class=\"attachment-full size-full wp-image-1469 lazyload\" alt=\"\" data-srcset=\"https:\/\/www.actionproject.es\/wp-content\/uploads\/2025\/07\/interim-manager-crisis-empresas-pymes.jpg 1200w, https:\/\/www.actionproject.es\/wp-content\/uploads\/2025\/07\/interim-manager-crisis-empresas-pymes-300x200.jpg 300w, https:\/\/www.actionproject.es\/wp-content\/uploads\/2025\/07\/interim-manager-crisis-empresas-pymes-1024x683.jpg 1024w, https:\/\/www.actionproject.es\/wp-content\/uploads\/2025\/07\/interim-manager-crisis-empresas-pymes-768x512.jpg 768w, https:\/\/www.actionproject.es\/wp-content\/uploads\/2025\/07\/interim-manager-crisis-empresas-pymes-18x12.jpg 18w\" data-sizes=\"(max-width: 1200px) 100vw, 1200px\" src=\"data:image\/svg+xml;base64,PHN2ZyB3aWR0aD0iMSIgaGVpZ2h0PSIxIiB4bWxucz0iaHR0cDovL3d3dy53My5vcmcvMjAwMC9zdmciPjwvc3ZnPg==\" style=\"--smush-placeholder-width: 1200px; --smush-placeholder-aspect-ratio: 1200\/800;\" \/><\/div><\/a>\n\t\t\t\t<div class=\"elementor-post__badge\">Business strategy<\/div>\n\t\t\t\t<div class=\"elementor-post__text\">\n\t\t\t\t<h3 class=\"elementor-post__title\">\n\t\t\t<a href=\"https:\/\/www.actionproject.es\/en_gb\/blog\/interim-manager-profeta-salud-empresa\/\" >\n\t\t\t\tEl &#8216;interim manager&#8217;, el profeta de la salud de una empresa\t\t\t<\/a>\n\t\t<\/h3>\n\t\t\n\t\t<a class=\"elementor-post__read-more\" href=\"https:\/\/www.actionproject.es\/en_gb\/blog\/interim-manager-profeta-salud-empresa\/\" aria-label=\"Read more about El &#8216;interim manager&#8217;, el profeta de la salud de una empresa\" tabindex=\"-1\" >\n\t\t\tRead more &#034;\t\t<\/a>\n\n\t\t\t\t<\/div>\n\t\t\t\t<div class=\"elementor-post__meta-data\">\n\t\t\t\t\t<span class=\"elementor-post-date\">\n\t\t\t2 de October de 2020\t\t<\/span>\n\t\t\t\t<\/div>\n\t\t\t\t\t<\/div>\n\t\t<\/article>\n\t\t\t\t<article class=\"elementor-post elementor-grid-item post-1296 post type-post status-publish format-standard has-post-thumbnail hentry category-estrategia-empresarial tag-b-corp tag-empresas-sostenibles tag-objetivos-de-desarrollo tag-rsc tag-sostenibilidad-empresarial\" role=\"listitem\">\n\t\t\t<div class=\"elementor-post__card\">\n\t\t\t\t<a class=\"elementor-post__thumbnail__link\" href=\"https:\/\/www.actionproject.es\/en_gb\/blog\/3-objetivos-cumplir-ser-empresa-sostenible\/\" tabindex=\"-1\" ><div class=\"elementor-post__thumbnail\"><img decoding=\"async\" width=\"1200\" height=\"800\" data-src=\"https:\/\/www.actionproject.es\/wp-content\/uploads\/2025\/07\/empresa-sostenible-objetivos-consultores.jpg\" class=\"attachment-full size-full wp-image-1438 lazyload\" alt=\"\" data-srcset=\"https:\/\/www.actionproject.es\/wp-content\/uploads\/2025\/07\/empresa-sostenible-objetivos-consultores.jpg 1200w, https:\/\/www.actionproject.es\/wp-content\/uploads\/2025\/07\/empresa-sostenible-objetivos-consultores-300x200.jpg 300w, https:\/\/www.actionproject.es\/wp-content\/uploads\/2025\/07\/empresa-sostenible-objetivos-consultores-1024x683.jpg 1024w, https:\/\/www.actionproject.es\/wp-content\/uploads\/2025\/07\/empresa-sostenible-objetivos-consultores-768x512.jpg 768w, https:\/\/www.actionproject.es\/wp-content\/uploads\/2025\/07\/empresa-sostenible-objetivos-consultores-18x12.jpg 18w\" data-sizes=\"(max-width: 1200px) 100vw, 1200px\" src=\"data:image\/svg+xml;base64,PHN2ZyB3aWR0aD0iMSIgaGVpZ2h0PSIxIiB4bWxucz0iaHR0cDovL3d3dy53My5vcmcvMjAwMC9zdmciPjwvc3ZnPg==\" style=\"--smush-placeholder-width: 1200px; --smush-placeholder-aspect-ratio: 1200\/800;\" \/><\/div><\/a>\n\t\t\t\t<div class=\"elementor-post__badge\">Business strategy<\/div>\n\t\t\t\t<div class=\"elementor-post__text\">\n\t\t\t\t<h3 class=\"elementor-post__title\">\n\t\t\t<a href=\"https:\/\/www.actionproject.es\/en_gb\/blog\/3-objetivos-cumplir-ser-empresa-sostenible\/\" >\n\t\t\t\tLos 3 objetivos a cumplir para ser una empresa sostenible\t\t\t<\/a>\n\t\t<\/h3>\n\t\t\n\t\t<a class=\"elementor-post__read-more\" href=\"https:\/\/www.actionproject.es\/en_gb\/blog\/3-objetivos-cumplir-ser-empresa-sostenible\/\" aria-label=\"Read more about Los 3 objetivos a cumplir para ser una empresa sostenible\" tabindex=\"-1\" >\n\t\t\tRead more &#034;\t\t<\/a>\n\n\t\t\t\t<\/div>\n\t\t\t\t<div class=\"elementor-post__meta-data\">\n\t\t\t\t\t<span class=\"elementor-post-date\">\n\t\t\t17 de September de 2020\t\t<\/span>\n\t\t\t\t<\/div>\n\t\t\t\t\t<\/div>\n\t\t<\/article>\n\t\t\t\t<article class=\"elementor-post elementor-grid-item post-1295 post type-post status-publish format-standard has-post-thumbnail hentry category-estrategia-empresarial tag-desarrollo-directivo tag-interim-manager tag-liderazgo tag-liderazgo-empresarial\" role=\"listitem\">\n\t\t\t<div class=\"elementor-post__card\">\n\t\t\t\t<a class=\"elementor-post__thumbnail__link\" href=\"https:\/\/www.actionproject.es\/en_gb\/blog\/puede-haber-exito-buen-liderazgo-empresarial\/\" tabindex=\"-1\" ><div class=\"elementor-post__thumbnail\"><img decoding=\"async\" width=\"1200\" height=\"800\" data-src=\"https:\/\/www.actionproject.es\/wp-content\/uploads\/2025\/07\/liderazgo-empresarial-desarrollo-directivo.jpg\" class=\"attachment-full size-full wp-image-1480 lazyload\" alt=\"\" data-srcset=\"https:\/\/www.actionproject.es\/wp-content\/uploads\/2025\/07\/liderazgo-empresarial-desarrollo-directivo.jpg 1200w, https:\/\/www.actionproject.es\/wp-content\/uploads\/2025\/07\/liderazgo-empresarial-desarrollo-directivo-300x200.jpg 300w, https:\/\/www.actionproject.es\/wp-content\/uploads\/2025\/07\/liderazgo-empresarial-desarrollo-directivo-1024x683.jpg 1024w, https:\/\/www.actionproject.es\/wp-content\/uploads\/2025\/07\/liderazgo-empresarial-desarrollo-directivo-768x512.jpg 768w, https:\/\/www.actionproject.es\/wp-content\/uploads\/2025\/07\/liderazgo-empresarial-desarrollo-directivo-18x12.jpg 18w\" data-sizes=\"(max-width: 1200px) 100vw, 1200px\" src=\"data:image\/svg+xml;base64,PHN2ZyB3aWR0aD0iMSIgaGVpZ2h0PSIxIiB4bWxucz0iaHR0cDovL3d3dy53My5vcmcvMjAwMC9zdmciPjwvc3ZnPg==\" style=\"--smush-placeholder-width: 1200px; --smush-placeholder-aspect-ratio: 1200\/800;\" \/><\/div><\/a>\n\t\t\t\t<div class=\"elementor-post__badge\">Business strategy<\/div>\n\t\t\t\t<div class=\"elementor-post__text\">\n\t\t\t\t<h3 class=\"elementor-post__title\">\n\t\t\t<a href=\"https:\/\/www.actionproject.es\/en_gb\/blog\/puede-haber-exito-buen-liderazgo-empresarial\/\" >\n\t\t\t\t\u00bfPuede haber \u00e9xito sin un buen liderazgo empresarial?\t\t\t<\/a>\n\t\t<\/h3>\n\t\t\n\t\t<a class=\"elementor-post__read-more\" href=\"https:\/\/www.actionproject.es\/en_gb\/blog\/puede-haber-exito-buen-liderazgo-empresarial\/\" aria-label=\"Read more about \u00bfPuede haber \u00e9xito sin un buen liderazgo empresarial?\" tabindex=\"-1\" >\n\t\t\tRead more &#034;\t\t<\/a>\n\n\t\t\t\t<\/div>\n\t\t\t\t<div class=\"elementor-post__meta-data\">\n\t\t\t\t\t<span class=\"elementor-post-date\">\n\t\t\t15 de September de 2020\t\t<\/span>\n\t\t\t\t<\/div>\n\t\t\t\t\t<\/div>\n\t\t<\/article>\n\t\t\t\t<article class=\"elementor-post elementor-grid-item post-1294 post type-post status-publish format-standard has-post-thumbnail hentry category-estrategia-empresarial tag-conflictos tag-emociones tag-gestion-de-conflictos tag-gestion-emocional tag-resolucion-de-conflictos\" role=\"listitem\">\n\t\t\t<div class=\"elementor-post__card\">\n\t\t\t\t<a class=\"elementor-post__thumbnail__link\" href=\"https:\/\/www.actionproject.es\/en_gb\/blog\/gestion-emocional-resolucion-conflictos\/\" tabindex=\"-1\" ><div class=\"elementor-post__thumbnail\"><img decoding=\"async\" width=\"1200\" height=\"800\" data-src=\"https:\/\/www.actionproject.es\/wp-content\/uploads\/2025\/07\/gestion-emocional-conflictos.jpg\" class=\"attachment-full size-full wp-image-1454 lazyload\" alt=\"\" data-srcset=\"https:\/\/www.actionproject.es\/wp-content\/uploads\/2025\/07\/gestion-emocional-conflictos.jpg 1200w, https:\/\/www.actionproject.es\/wp-content\/uploads\/2025\/07\/gestion-emocional-conflictos-300x200.jpg 300w, https:\/\/www.actionproject.es\/wp-content\/uploads\/2025\/07\/gestion-emocional-conflictos-1024x683.jpg 1024w, https:\/\/www.actionproject.es\/wp-content\/uploads\/2025\/07\/gestion-emocional-conflictos-768x512.jpg 768w, https:\/\/www.actionproject.es\/wp-content\/uploads\/2025\/07\/gestion-emocional-conflictos-18x12.jpg 18w\" data-sizes=\"(max-width: 1200px) 100vw, 1200px\" src=\"data:image\/svg+xml;base64,PHN2ZyB3aWR0aD0iMSIgaGVpZ2h0PSIxIiB4bWxucz0iaHR0cDovL3d3dy53My5vcmcvMjAwMC9zdmciPjwvc3ZnPg==\" style=\"--smush-placeholder-width: 1200px; --smush-placeholder-aspect-ratio: 1200\/800;\" \/><\/div><\/a>\n\t\t\t\t<div class=\"elementor-post__badge\">Business strategy<\/div>\n\t\t\t\t<div class=\"elementor-post__text\">\n\t\t\t\t<h3 class=\"elementor-post__title\">\n\t\t\t<a href=\"https:\/\/www.actionproject.es\/en_gb\/blog\/gestion-emocional-resolucion-conflictos\/\" >\n\t\t\t\tGesti\u00f3n emocional en la resoluci\u00f3n de conflictos\t\t\t<\/a>\n\t\t<\/h3>\n\t\t\n\t\t<a class=\"elementor-post__read-more\" href=\"https:\/\/www.actionproject.es\/en_gb\/blog\/gestion-emocional-resolucion-conflictos\/\" aria-label=\"Read more about Gesti\u00f3n emocional en la resoluci\u00f3n de conflictos\" tabindex=\"-1\" >\n\t\t\tRead more &#034;\t\t<\/a>\n\n\t\t\t\t<\/div>\n\t\t\t\t<div class=\"elementor-post__meta-data\">\n\t\t\t\t\t<span class=\"elementor-post-date\">\n\t\t\t28 de August de 2020\t\t<\/span>\n\t\t\t\t<\/div>\n\t\t\t\t\t<\/div>\n\t\t<\/article>\n\t\t\t\t<article class=\"elementor-post elementor-grid-item post-1293 post type-post status-publish format-standard has-post-thumbnail hentry category-estrategia-empresarial tag-aprendizajes tag-consultoria-de-empresas tag-emprendimiento tag-hacer-negocios tag-miedos\" role=\"listitem\">\n\t\t\t<div class=\"elementor-post__card\">\n\t\t\t\t<a class=\"elementor-post__thumbnail__link\" href=\"https:\/\/www.actionproject.es\/en_gb\/blog\/miedo-convirtiera-oportunidad\/\" tabindex=\"-1\" ><div class=\"elementor-post__thumbnail\"><img decoding=\"async\" width=\"1200\" height=\"800\" data-src=\"https:\/\/www.actionproject.es\/wp-content\/uploads\/2025\/07\/miedo-oportunidades-crecimiento-profesional.jpg\" class=\"attachment-full size-full wp-image-1494 lazyload\" alt=\"\" data-srcset=\"https:\/\/www.actionproject.es\/wp-content\/uploads\/2025\/07\/miedo-oportunidades-crecimiento-profesional.jpg 1200w, https:\/\/www.actionproject.es\/wp-content\/uploads\/2025\/07\/miedo-oportunidades-crecimiento-profesional-300x200.jpg 300w, https:\/\/www.actionproject.es\/wp-content\/uploads\/2025\/07\/miedo-oportunidades-crecimiento-profesional-1024x683.jpg 1024w, https:\/\/www.actionproject.es\/wp-content\/uploads\/2025\/07\/miedo-oportunidades-crecimiento-profesional-768x512.jpg 768w, https:\/\/www.actionproject.es\/wp-content\/uploads\/2025\/07\/miedo-oportunidades-crecimiento-profesional-18x12.jpg 18w\" data-sizes=\"(max-width: 1200px) 100vw, 1200px\" src=\"data:image\/svg+xml;base64,PHN2ZyB3aWR0aD0iMSIgaGVpZ2h0PSIxIiB4bWxucz0iaHR0cDovL3d3dy53My5vcmcvMjAwMC9zdmciPjwvc3ZnPg==\" style=\"--smush-placeholder-width: 1200px; --smush-placeholder-aspect-ratio: 1200\/800;\" \/><\/div><\/a>\n\t\t\t\t<div class=\"elementor-post__badge\">Business strategy<\/div>\n\t\t\t\t<div class=\"elementor-post__text\">\n\t\t\t\t<h3 class=\"elementor-post__title\">\n\t\t\t<a href=\"https:\/\/www.actionproject.es\/en_gb\/blog\/miedo-convirtiera-oportunidad\/\" >\n\t\t\t\t\u00bfY si el miedo se convirtiera en una oportunidad?\t\t\t<\/a>\n\t\t<\/h3>\n\t\t\n\t\t<a class=\"elementor-post__read-more\" href=\"https:\/\/www.actionproject.es\/en_gb\/blog\/miedo-convirtiera-oportunidad\/\" aria-label=\"Read more about \u00bfY si el miedo se convirtiera en una oportunidad?\" tabindex=\"-1\" >\n\t\t\tRead more &#034;\t\t<\/a>\n\n\t\t\t\t<\/div>\n\t\t\t\t<div class=\"elementor-post__meta-data\">\n\t\t\t\t\t<span class=\"elementor-post-date\">\n\t\t\t21 de August de 2020\t\t<\/span>\n\t\t\t\t<\/div>\n\t\t\t\t\t<\/div>\n\t\t<\/article>\n\t\t\t\t<article class=\"elementor-post elementor-grid-item post-1292 post type-post status-publish format-standard has-post-thumbnail hentry category-estrategia-empresarial tag-desarrollo-de-proyectos tag-metodologia-agil tag-metodologia-scrum\" role=\"listitem\">\n\t\t\t<div class=\"elementor-post__card\">\n\t\t\t\t<a class=\"elementor-post__thumbnail__link\" href=\"https:\/\/www.actionproject.es\/en_gb\/blog\/scrum-una-metodologia-agil-para-el-desarrollo-de-proyectos\/\" tabindex=\"-1\" ><div class=\"elementor-post__thumbnail\"><img decoding=\"async\" width=\"1200\" height=\"800\" data-src=\"https:\/\/www.actionproject.es\/wp-content\/uploads\/2025\/07\/metodologia-scrum-gestion-proyectos.jpg\" class=\"attachment-full size-full wp-image-1492 lazyload\" alt=\"\" data-srcset=\"https:\/\/www.actionproject.es\/wp-content\/uploads\/2025\/07\/metodologia-scrum-gestion-proyectos.jpg 1200w, https:\/\/www.actionproject.es\/wp-content\/uploads\/2025\/07\/metodologia-scrum-gestion-proyectos-300x200.jpg 300w, https:\/\/www.actionproject.es\/wp-content\/uploads\/2025\/07\/metodologia-scrum-gestion-proyectos-1024x683.jpg 1024w, https:\/\/www.actionproject.es\/wp-content\/uploads\/2025\/07\/metodologia-scrum-gestion-proyectos-768x512.jpg 768w, https:\/\/www.actionproject.es\/wp-content\/uploads\/2025\/07\/metodologia-scrum-gestion-proyectos-18x12.jpg 18w\" data-sizes=\"(max-width: 1200px) 100vw, 1200px\" src=\"data:image\/svg+xml;base64,PHN2ZyB3aWR0aD0iMSIgaGVpZ2h0PSIxIiB4bWxucz0iaHR0cDovL3d3dy53My5vcmcvMjAwMC9zdmciPjwvc3ZnPg==\" style=\"--smush-placeholder-width: 1200px; --smush-placeholder-aspect-ratio: 1200\/800;\" \/><\/div><\/a>\n\t\t\t\t<div class=\"elementor-post__badge\">Business strategy<\/div>\n\t\t\t\t<div class=\"elementor-post__text\">\n\t\t\t\t<h3 class=\"elementor-post__title\">\n\t\t\t<a href=\"https:\/\/www.actionproject.es\/en_gb\/blog\/scrum-una-metodologia-agil-para-el-desarrollo-de-proyectos\/\" >\n\t\t\t\tScrum: una metodolog\u00eda \u00e1gil para el desarrollo de proyectos\t\t\t<\/a>\n\t\t<\/h3>\n\t\t\n\t\t<a class=\"elementor-post__read-more\" href=\"https:\/\/www.actionproject.es\/en_gb\/blog\/scrum-una-metodologia-agil-para-el-desarrollo-de-proyectos\/\" aria-label=\"Read more about Scrum: una metodolog\u00eda \u00e1gil para el desarrollo de proyectos\" tabindex=\"-1\" >\n\t\t\tRead more &#034;\t\t<\/a>\n\n\t\t\t\t<\/div>\n\t\t\t\t<div class=\"elementor-post__meta-data\">\n\t\t\t\t\t<span class=\"elementor-post-date\">\n\t\t\t11 de August de 2020\t\t<\/span>\n\t\t\t\t<\/div>\n\t\t\t\t\t<\/div>\n\t\t<\/article>\n\t\t\t\t<article class=\"elementor-post elementor-grid-item post-1291 post type-post status-publish format-standard has-post-thumbnail hentry category-estrategia-empresarial tag-comunicacion tag-gestion-de-equipos tag-liderazgo\" role=\"listitem\">\n\t\t\t<div class=\"elementor-post__card\">\n\t\t\t\t<a class=\"elementor-post__thumbnail__link\" href=\"https:\/\/www.actionproject.es\/en_gb\/blog\/comunica-bien-y-si-mira-con-quien\/\" tabindex=\"-1\" ><div class=\"elementor-post__thumbnail\"><img decoding=\"async\" width=\"1200\" height=\"658\" data-src=\"https:\/\/www.actionproject.es\/wp-content\/uploads\/2025\/07\/problemas-habilidades-comunicacion-empresas.jpg\" class=\"attachment-full size-full wp-image-1507 lazyload\" alt=\"\" data-srcset=\"https:\/\/www.actionproject.es\/wp-content\/uploads\/2025\/07\/problemas-habilidades-comunicacion-empresas.jpg 1200w, https:\/\/www.actionproject.es\/wp-content\/uploads\/2025\/07\/problemas-habilidades-comunicacion-empresas-300x165.jpg 300w, https:\/\/www.actionproject.es\/wp-content\/uploads\/2025\/07\/problemas-habilidades-comunicacion-empresas-1024x561.jpg 1024w, https:\/\/www.actionproject.es\/wp-content\/uploads\/2025\/07\/problemas-habilidades-comunicacion-empresas-768x421.jpg 768w, https:\/\/www.actionproject.es\/wp-content\/uploads\/2025\/07\/problemas-habilidades-comunicacion-empresas-18x10.jpg 18w\" data-sizes=\"(max-width: 1200px) 100vw, 1200px\" src=\"data:image\/svg+xml;base64,PHN2ZyB3aWR0aD0iMSIgaGVpZ2h0PSIxIiB4bWxucz0iaHR0cDovL3d3dy53My5vcmcvMjAwMC9zdmciPjwvc3ZnPg==\" style=\"--smush-placeholder-width: 1200px; --smush-placeholder-aspect-ratio: 1200\/658;\" \/><\/div><\/a>\n\t\t\t\t<div class=\"elementor-post__badge\">Business strategy<\/div>\n\t\t\t\t<div class=\"elementor-post__text\">\n\t\t\t\t<h3 class=\"elementor-post__title\">\n\t\t\t<a href=\"https:\/\/www.actionproject.es\/en_gb\/blog\/comunica-bien-y-si-mira-con-quien\/\" >\n\t\t\t\tComunica bien y s\u00ed mira con qui\u00e9n\t\t\t<\/a>\n\t\t<\/h3>\n\t\t\n\t\t<a class=\"elementor-post__read-more\" href=\"https:\/\/www.actionproject.es\/en_gb\/blog\/comunica-bien-y-si-mira-con-quien\/\" aria-label=\"Read more about Comunica bien y s\u00ed mira con qui\u00e9n\" tabindex=\"-1\" >\n\t\t\tRead more &#034;\t\t<\/a>\n\n\t\t\t\t<\/div>\n\t\t\t\t<div class=\"elementor-post__meta-data\">\n\t\t\t\t\t<span class=\"elementor-post-date\">\n\t\t\t4 de August de 2020\t\t<\/span>\n\t\t\t\t<\/div>\n\t\t\t\t\t<\/div>\n\t\t<\/article>\n\t\t\t\t<article class=\"elementor-post elementor-grid-item post-1290 post type-post status-publish format-standard has-post-thumbnail hentry category-estrategia-empresarial tag-consultoria-de-empresas tag-gestion-empresarial tag-identidad-corporativa tag-identidad-grafica tag-marca\" role=\"listitem\">\n\t\t\t<div class=\"elementor-post__card\">\n\t\t\t\t<a class=\"elementor-post__thumbnail__link\" href=\"https:\/\/www.actionproject.es\/en_gb\/blog\/20-claves-para-ver-si-tu-identidad-corporativa-va-con-tu-empresa-iii\/\" tabindex=\"-1\" ><div class=\"elementor-post__thumbnail\"><img decoding=\"async\" width=\"1200\" height=\"600\" data-src=\"https:\/\/www.actionproject.es\/wp-content\/uploads\/2025\/07\/identidad-corporativa-marca-consejos-empresa.jpg\" class=\"attachment-full size-full wp-image-1464 lazyload\" alt=\"\" data-srcset=\"https:\/\/www.actionproject.es\/wp-content\/uploads\/2025\/07\/identidad-corporativa-marca-consejos-empresa.jpg 1200w, https:\/\/www.actionproject.es\/wp-content\/uploads\/2025\/07\/identidad-corporativa-marca-consejos-empresa-300x150.jpg 300w, https:\/\/www.actionproject.es\/wp-content\/uploads\/2025\/07\/identidad-corporativa-marca-consejos-empresa-1024x512.jpg 1024w, https:\/\/www.actionproject.es\/wp-content\/uploads\/2025\/07\/identidad-corporativa-marca-consejos-empresa-768x384.jpg 768w, https:\/\/www.actionproject.es\/wp-content\/uploads\/2025\/07\/identidad-corporativa-marca-consejos-empresa-18x9.jpg 18w\" data-sizes=\"(max-width: 1200px) 100vw, 1200px\" src=\"data:image\/svg+xml;base64,PHN2ZyB3aWR0aD0iMSIgaGVpZ2h0PSIxIiB4bWxucz0iaHR0cDovL3d3dy53My5vcmcvMjAwMC9zdmciPjwvc3ZnPg==\" style=\"--smush-placeholder-width: 1200px; --smush-placeholder-aspect-ratio: 1200\/600;\" \/><\/div><\/a>\n\t\t\t\t<div class=\"elementor-post__badge\">Business strategy<\/div>\n\t\t\t\t<div class=\"elementor-post__text\">\n\t\t\t\t<h3 class=\"elementor-post__title\">\n\t\t\t<a href=\"https:\/\/www.actionproject.es\/en_gb\/blog\/20-claves-para-ver-si-tu-identidad-corporativa-va-con-tu-empresa-iii\/\" >\n\t\t\t\t20 claves para ver si tu identidad corporativa va con tu empresa (III)\t\t\t<\/a>\n\t\t<\/h3>\n\t\t\n\t\t<a class=\"elementor-post__read-more\" href=\"https:\/\/www.actionproject.es\/en_gb\/blog\/20-claves-para-ver-si-tu-identidad-corporativa-va-con-tu-empresa-iii\/\" aria-label=\"Read more about 20 claves para ver si tu identidad corporativa va con tu empresa (III)\" tabindex=\"-1\" >\n\t\t\tRead more &#034;\t\t<\/a>\n\n\t\t\t\t<\/div>\n\t\t\t\t<div class=\"elementor-post__meta-data\">\n\t\t\t\t\t<span class=\"elementor-post-date\">\n\t\t\t28 de July de 2020\t\t<\/span>\n\t\t\t\t<\/div>\n\t\t\t\t\t<\/div>\n\t\t<\/article>\n\t\t\t\t<article class=\"elementor-post elementor-grid-item post-1289 post type-post status-publish format-standard has-post-thumbnail hentry category-estrategia-empresarial tag-emprendimiento tag-ideas-de-negocio tag-negocios-rentables tag-profesionalizacion-de-empresas tag-start-up\" role=\"listitem\">\n\t\t\t<div class=\"elementor-post__card\">\n\t\t\t\t<a class=\"elementor-post__thumbnail__link\" href=\"https:\/\/www.actionproject.es\/en_gb\/blog\/cosas-nadie-dijo-antes-emprender-hubieran-ahorrado-muchos-disgustos\/\" tabindex=\"-1\" ><div class=\"elementor-post__thumbnail\"><img decoding=\"async\" width=\"1200\" height=\"800\" data-src=\"https:\/\/www.actionproject.es\/wp-content\/uploads\/2025\/07\/cosas-aprendizajes-antes-emprender.jpg\" class=\"attachment-full size-full wp-image-1423 lazyload\" alt=\"\" data-srcset=\"https:\/\/www.actionproject.es\/wp-content\/uploads\/2025\/07\/cosas-aprendizajes-antes-emprender.jpg 1200w, https:\/\/www.actionproject.es\/wp-content\/uploads\/2025\/07\/cosas-aprendizajes-antes-emprender-300x200.jpg 300w, https:\/\/www.actionproject.es\/wp-content\/uploads\/2025\/07\/cosas-aprendizajes-antes-emprender-1024x683.jpg 1024w, https:\/\/www.actionproject.es\/wp-content\/uploads\/2025\/07\/cosas-aprendizajes-antes-emprender-768x512.jpg 768w, https:\/\/www.actionproject.es\/wp-content\/uploads\/2025\/07\/cosas-aprendizajes-antes-emprender-18x12.jpg 18w\" data-sizes=\"(max-width: 1200px) 100vw, 1200px\" src=\"data:image\/svg+xml;base64,PHN2ZyB3aWR0aD0iMSIgaGVpZ2h0PSIxIiB4bWxucz0iaHR0cDovL3d3dy53My5vcmcvMjAwMC9zdmciPjwvc3ZnPg==\" style=\"--smush-placeholder-width: 1200px; --smush-placeholder-aspect-ratio: 1200\/800;\" \/><\/div><\/a>\n\t\t\t\t<div class=\"elementor-post__badge\">Business strategy<\/div>\n\t\t\t\t<div class=\"elementor-post__text\">\n\t\t\t\t<h3 class=\"elementor-post__title\">\n\t\t\t<a href=\"https:\/\/www.actionproject.es\/en_gb\/blog\/cosas-nadie-dijo-antes-emprender-hubieran-ahorrado-muchos-disgustos\/\" >\n\t\t\t\t5 cosas que nadie me dijo antes de emprender (y que me hubieran ahorrado muchos disgustos)\t\t\t<\/a>\n\t\t<\/h3>\n\t\t\n\t\t<a class=\"elementor-post__read-more\" href=\"https:\/\/www.actionproject.es\/en_gb\/blog\/cosas-nadie-dijo-antes-emprender-hubieran-ahorrado-muchos-disgustos\/\" aria-label=\"Read more about 5 cosas que nadie me dijo antes de emprender (y que me hubieran ahorrado muchos disgustos)\" tabindex=\"-1\" >\n\t\t\tRead more &#034;\t\t<\/a>\n\n\t\t\t\t<\/div>\n\t\t\t\t<div class=\"elementor-post__meta-data\">\n\t\t\t\t\t<span class=\"elementor-post-date\">\n\t\t\t17 de July de 2020\t\t<\/span>\n\t\t\t\t<\/div>\n\t\t\t\t\t<\/div>\n\t\t<\/article>\n\t\t\t\t<article class=\"elementor-post elementor-grid-item post-1288 post type-post status-publish format-standard has-post-thumbnail hentry category-estrategia-empresarial tag-colores-corporativos tag-decisiones-estrategicas tag-identidad-corporativa tag-identidad-grafica tag-manual-corporativo-de-marca\" role=\"listitem\">\n\t\t\t<div class=\"elementor-post__card\">\n\t\t\t\t<a class=\"elementor-post__thumbnail__link\" href=\"https:\/\/www.actionproject.es\/en_gb\/blog\/claves-ver-identidad-corporativa-va-empresa-ii\/\" tabindex=\"-1\" ><div class=\"elementor-post__thumbnail\"><img decoding=\"async\" width=\"1200\" height=\"800\" data-src=\"https:\/\/www.actionproject.es\/wp-content\/uploads\/2025\/07\/identidad-corporativa-colores-direccion-empresa.jpg\" class=\"attachment-full size-full wp-image-1462 lazyload\" alt=\"\" data-srcset=\"https:\/\/www.actionproject.es\/wp-content\/uploads\/2025\/07\/identidad-corporativa-colores-direccion-empresa.jpg 1200w, https:\/\/www.actionproject.es\/wp-content\/uploads\/2025\/07\/identidad-corporativa-colores-direccion-empresa-300x200.jpg 300w, https:\/\/www.actionproject.es\/wp-content\/uploads\/2025\/07\/identidad-corporativa-colores-direccion-empresa-1024x683.jpg 1024w, https:\/\/www.actionproject.es\/wp-content\/uploads\/2025\/07\/identidad-corporativa-colores-direccion-empresa-768x512.jpg 768w, https:\/\/www.actionproject.es\/wp-content\/uploads\/2025\/07\/identidad-corporativa-colores-direccion-empresa-18x12.jpg 18w\" data-sizes=\"(max-width: 1200px) 100vw, 1200px\" src=\"data:image\/svg+xml;base64,PHN2ZyB3aWR0aD0iMSIgaGVpZ2h0PSIxIiB4bWxucz0iaHR0cDovL3d3dy53My5vcmcvMjAwMC9zdmciPjwvc3ZnPg==\" style=\"--smush-placeholder-width: 1200px; --smush-placeholder-aspect-ratio: 1200\/800;\" \/><\/div><\/a>\n\t\t\t\t<div class=\"elementor-post__badge\">Business strategy<\/div>\n\t\t\t\t<div class=\"elementor-post__text\">\n\t\t\t\t<h3 class=\"elementor-post__title\">\n\t\t\t<a href=\"https:\/\/www.actionproject.es\/en_gb\/blog\/claves-ver-identidad-corporativa-va-empresa-ii\/\" >\n\t\t\t\t20 claves para ver si tu identidad corporativa va con tu empresa (II)\t\t\t<\/a>\n\t\t<\/h3>\n\t\t\n\t\t<a class=\"elementor-post__read-more\" href=\"https:\/\/www.actionproject.es\/en_gb\/blog\/claves-ver-identidad-corporativa-va-empresa-ii\/\" aria-label=\"Read more about 20 claves para ver si tu identidad corporativa va con tu empresa (II)\" tabindex=\"-1\" >\n\t\t\tRead more &#034;\t\t<\/a>\n\n\t\t\t\t<\/div>\n\t\t\t\t<div class=\"elementor-post__meta-data\">\n\t\t\t\t\t<span class=\"elementor-post-date\">\n\t\t\t10 de July de 2020\t\t<\/span>\n\t\t\t\t<\/div>\n\t\t\t\t\t<\/div>\n\t\t<\/article>\n\t\t\t\t<article class=\"elementor-post elementor-grid-item post-1287 post type-post status-publish format-standard has-post-thumbnail hentry category-estrategia-empresarial tag-consultoria-de-negocios tag-consultoria-de-pymes tag-consultoria-estrategica tag-desarrollo-directivo tag-interim-manager\" role=\"listitem\">\n\t\t\t<div class=\"elementor-post__card\">\n\t\t\t\t<a class=\"elementor-post__thumbnail__link\" href=\"https:\/\/www.actionproject.es\/en_gb\/blog\/freno-impide-avanzar-empresa\/\" tabindex=\"-1\" ><div class=\"elementor-post__thumbnail\"><img decoding=\"async\" width=\"1200\" height=\"800\" data-src=\"https:\/\/www.actionproject.es\/wp-content\/uploads\/2025\/07\/consultoria-empresas-pymes-sevilla.jpg\" class=\"attachment-full size-full wp-image-1419 lazyload\" alt=\"\" data-srcset=\"https:\/\/www.actionproject.es\/wp-content\/uploads\/2025\/07\/consultoria-empresas-pymes-sevilla.jpg 1200w, https:\/\/www.actionproject.es\/wp-content\/uploads\/2025\/07\/consultoria-empresas-pymes-sevilla-300x200.jpg 300w, https:\/\/www.actionproject.es\/wp-content\/uploads\/2025\/07\/consultoria-empresas-pymes-sevilla-1024x683.jpg 1024w, https:\/\/www.actionproject.es\/wp-content\/uploads\/2025\/07\/consultoria-empresas-pymes-sevilla-768x512.jpg 768w, https:\/\/www.actionproject.es\/wp-content\/uploads\/2025\/07\/consultoria-empresas-pymes-sevilla-18x12.jpg 18w\" data-sizes=\"(max-width: 1200px) 100vw, 1200px\" src=\"data:image\/svg+xml;base64,PHN2ZyB3aWR0aD0iMSIgaGVpZ2h0PSIxIiB4bWxucz0iaHR0cDovL3d3dy53My5vcmcvMjAwMC9zdmciPjwvc3ZnPg==\" style=\"--smush-placeholder-width: 1200px; --smush-placeholder-aspect-ratio: 1200\/800;\" \/><\/div><\/a>\n\t\t\t\t<div class=\"elementor-post__badge\">Business strategy<\/div>\n\t\t\t\t<div class=\"elementor-post__text\">\n\t\t\t\t<h3 class=\"elementor-post__title\">\n\t\t\t<a href=\"https:\/\/www.actionproject.es\/en_gb\/blog\/freno-impide-avanzar-empresa\/\" >\n\t\t\t\tEl freno que te impide avanzar en tu empresa\t\t\t<\/a>\n\t\t<\/h3>\n\t\t\n\t\t<a class=\"elementor-post__read-more\" href=\"https:\/\/www.actionproject.es\/en_gb\/blog\/freno-impide-avanzar-empresa\/\" aria-label=\"Read more about El freno que te impide avanzar en tu empresa\" tabindex=\"-1\" >\n\t\t\tRead more &#034;\t\t<\/a>\n\n\t\t\t\t<\/div>\n\t\t\t\t<div class=\"elementor-post__meta-data\">\n\t\t\t\t\t<span class=\"elementor-post-date\">\n\t\t\t26 de June de 2020\t\t<\/span>\n\t\t\t\t<\/div>\n\t\t\t\t\t<\/div>\n\t\t<\/article>\n\t\t\t\t<article class=\"elementor-post elementor-grid-item post-1286 post type-post status-publish format-standard has-post-thumbnail hentry category-estrategia-empresarial tag-consultoria-de-empresas tag-gestion-empresarial tag-identidad-corporativa tag-identidad-grafica tag-marca\" role=\"listitem\">\n\t\t\t<div class=\"elementor-post__card\">\n\t\t\t\t<a class=\"elementor-post__thumbnail__link\" href=\"https:\/\/www.actionproject.es\/en_gb\/blog\/claves-ver-identidad-corporativa-va-empresa-i\/\" tabindex=\"-1\" ><div class=\"elementor-post__thumbnail\"><img decoding=\"async\" width=\"1200\" height=\"675\" data-src=\"https:\/\/www.actionproject.es\/wp-content\/uploads\/2025\/07\/identidad-corporativa-empresa.jpg\" class=\"attachment-full size-full wp-image-1463 lazyload\" alt=\"\" data-srcset=\"https:\/\/www.actionproject.es\/wp-content\/uploads\/2025\/07\/identidad-corporativa-empresa.jpg 1200w, https:\/\/www.actionproject.es\/wp-content\/uploads\/2025\/07\/identidad-corporativa-empresa-300x169.jpg 300w, https:\/\/www.actionproject.es\/wp-content\/uploads\/2025\/07\/identidad-corporativa-empresa-1024x576.jpg 1024w, https:\/\/www.actionproject.es\/wp-content\/uploads\/2025\/07\/identidad-corporativa-empresa-768x432.jpg 768w, https:\/\/www.actionproject.es\/wp-content\/uploads\/2025\/07\/identidad-corporativa-empresa-18x10.jpg 18w\" data-sizes=\"(max-width: 1200px) 100vw, 1200px\" src=\"data:image\/svg+xml;base64,PHN2ZyB3aWR0aD0iMSIgaGVpZ2h0PSIxIiB4bWxucz0iaHR0cDovL3d3dy53My5vcmcvMjAwMC9zdmciPjwvc3ZnPg==\" style=\"--smush-placeholder-width: 1200px; --smush-placeholder-aspect-ratio: 1200\/675;\" \/><\/div><\/a>\n\t\t\t\t<div class=\"elementor-post__badge\">Business strategy<\/div>\n\t\t\t\t<div class=\"elementor-post__text\">\n\t\t\t\t<h3 class=\"elementor-post__title\">\n\t\t\t<a href=\"https:\/\/www.actionproject.es\/en_gb\/blog\/claves-ver-identidad-corporativa-va-empresa-i\/\" >\n\t\t\t\t20 claves para ver si tu identidad corporativa va con tu empresa (I)\t\t\t<\/a>\n\t\t<\/h3>\n\t\t\n\t\t<a class=\"elementor-post__read-more\" href=\"https:\/\/www.actionproject.es\/en_gb\/blog\/claves-ver-identidad-corporativa-va-empresa-i\/\" aria-label=\"Read more about 20 claves para ver si tu identidad corporativa va con tu empresa (I)\" tabindex=\"-1\" >\n\t\t\tRead more &#034;\t\t<\/a>\n\n\t\t\t\t<\/div>\n\t\t\t\t<div class=\"elementor-post__meta-data\">\n\t\t\t\t\t<span class=\"elementor-post-date\">\n\t\t\t23 de June de 2020\t\t<\/span>\n\t\t\t\t<\/div>\n\t\t\t\t\t<\/div>\n\t\t<\/article>\n\t\t\t\t<article class=\"elementor-post elementor-grid-item post-1285 post type-post status-publish format-standard has-post-thumbnail hentry category-estrategia-empresarial tag-consultorias-de-negocio tag-emprendimiento-femenino tag-liderazgo-femenino tag-mujeres-emprendedoras tag-mujeres-lideres\" role=\"listitem\">\n\t\t\t<div class=\"elementor-post__card\">\n\t\t\t\t<a class=\"elementor-post__thumbnail__link\" href=\"https:\/\/www.actionproject.es\/en_gb\/blog\/ellas-rompen-techo-cristal-series\/\" tabindex=\"-1\" ><div class=\"elementor-post__thumbnail\"><img decoding=\"async\" width=\"1200\" height=\"675\" data-src=\"https:\/\/www.actionproject.es\/wp-content\/uploads\/2025\/07\/mujeres-emprendedoras-liderazgo-femenino-series.jpg\" class=\"attachment-full size-full wp-image-1498 lazyload\" alt=\"\" data-srcset=\"https:\/\/www.actionproject.es\/wp-content\/uploads\/2025\/07\/mujeres-emprendedoras-liderazgo-femenino-series.jpg 1200w, https:\/\/www.actionproject.es\/wp-content\/uploads\/2025\/07\/mujeres-emprendedoras-liderazgo-femenino-series-300x169.jpg 300w, https:\/\/www.actionproject.es\/wp-content\/uploads\/2025\/07\/mujeres-emprendedoras-liderazgo-femenino-series-1024x576.jpg 1024w, https:\/\/www.actionproject.es\/wp-content\/uploads\/2025\/07\/mujeres-emprendedoras-liderazgo-femenino-series-768x432.jpg 768w, https:\/\/www.actionproject.es\/wp-content\/uploads\/2025\/07\/mujeres-emprendedoras-liderazgo-femenino-series-18x10.jpg 18w\" data-sizes=\"(max-width: 1200px) 100vw, 1200px\" src=\"data:image\/svg+xml;base64,PHN2ZyB3aWR0aD0iMSIgaGVpZ2h0PSIxIiB4bWxucz0iaHR0cDovL3d3dy53My5vcmcvMjAwMC9zdmciPjwvc3ZnPg==\" style=\"--smush-placeholder-width: 1200px; --smush-placeholder-aspect-ratio: 1200\/675;\" \/><\/div><\/a>\n\t\t\t\t<div class=\"elementor-post__badge\">Business strategy<\/div>\n\t\t\t\t<div class=\"elementor-post__text\">\n\t\t\t\t<h3 class=\"elementor-post__title\">\n\t\t\t<a href=\"https:\/\/www.actionproject.es\/en_gb\/blog\/ellas-rompen-techo-cristal-series\/\" >\n\t\t\t\tEllas rompen el techo de cristal en las series\t\t\t<\/a>\n\t\t<\/h3>\n\t\t\n\t\t<a class=\"elementor-post__read-more\" href=\"https:\/\/www.actionproject.es\/en_gb\/blog\/ellas-rompen-techo-cristal-series\/\" aria-label=\"Read more about Ellas rompen el techo de cristal en las series\" tabindex=\"-1\" >\n\t\t\tRead more &#034;\t\t<\/a>\n\n\t\t\t\t<\/div>\n\t\t\t\t<div class=\"elementor-post__meta-data\">\n\t\t\t\t\t<span class=\"elementor-post-date\">\n\t\t\t12 de June de 2020\t\t<\/span>\n\t\t\t\t<\/div>\n\t\t\t\t\t<\/div>\n\t\t<\/article>\n\t\t\t\t<article class=\"elementor-post elementor-grid-item post-1284 post type-post status-publish format-standard has-post-thumbnail hentry category-estrategia-empresarial tag-cash-flow tag-consultores-de-empresa tag-contabilidad-analitica tag-contabilidad-tecnica tag-gestion-empresarial\" role=\"listitem\">\n\t\t\t<div class=\"elementor-post__card\">\n\t\t\t\t<a class=\"elementor-post__thumbnail__link\" href=\"https:\/\/www.actionproject.es\/en_gb\/blog\/gano-verdad-dinero-empresa-negocio\/\" tabindex=\"-1\" ><div class=\"elementor-post__thumbnail\"><img decoding=\"async\" width=\"1200\" height=\"800\" data-src=\"https:\/\/www.actionproject.es\/wp-content\/uploads\/2025\/07\/consultoria-empresa-control-economico-estrategica.jpg\" class=\"attachment-full size-full wp-image-1415 lazyload\" alt=\"\" data-srcset=\"https:\/\/www.actionproject.es\/wp-content\/uploads\/2025\/07\/consultoria-empresa-control-economico-estrategica.jpg 1200w, https:\/\/www.actionproject.es\/wp-content\/uploads\/2025\/07\/consultoria-empresa-control-economico-estrategica-300x200.jpg 300w, https:\/\/www.actionproject.es\/wp-content\/uploads\/2025\/07\/consultoria-empresa-control-economico-estrategica-1024x683.jpg 1024w, https:\/\/www.actionproject.es\/wp-content\/uploads\/2025\/07\/consultoria-empresa-control-economico-estrategica-768x512.jpg 768w, https:\/\/www.actionproject.es\/wp-content\/uploads\/2025\/07\/consultoria-empresa-control-economico-estrategica-18x12.jpg 18w\" data-sizes=\"(max-width: 1200px) 100vw, 1200px\" src=\"data:image\/svg+xml;base64,PHN2ZyB3aWR0aD0iMSIgaGVpZ2h0PSIxIiB4bWxucz0iaHR0cDovL3d3dy53My5vcmcvMjAwMC9zdmciPjwvc3ZnPg==\" style=\"--smush-placeholder-width: 1200px; --smush-placeholder-aspect-ratio: 1200\/800;\" \/><\/div><\/a>\n\t\t\t\t<div class=\"elementor-post__badge\">Business strategy<\/div>\n\t\t\t\t<div class=\"elementor-post__text\">\n\t\t\t\t<h3 class=\"elementor-post__title\">\n\t\t\t<a href=\"https:\/\/www.actionproject.es\/en_gb\/blog\/gano-verdad-dinero-empresa-negocio\/\" >\n\t\t\t\t\u00bfGano de verdad dinero con mi empresa o negocio?\t\t\t<\/a>\n\t\t<\/h3>\n\t\t\n\t\t<a class=\"elementor-post__read-more\" href=\"https:\/\/www.actionproject.es\/en_gb\/blog\/gano-verdad-dinero-empresa-negocio\/\" aria-label=\"Read more about \u00bfGano de verdad dinero con mi empresa o negocio?\" tabindex=\"-1\" >\n\t\t\tRead more &#034;\t\t<\/a>\n\n\t\t\t\t<\/div>\n\t\t\t\t<div class=\"elementor-post__meta-data\">\n\t\t\t\t\t<span class=\"elementor-post-date\">\n\t\t\t26 de May de 2020\t\t<\/span>\n\t\t\t\t<\/div>\n\t\t\t\t\t<\/div>\n\t\t<\/article>\n\t\t\t\t<article class=\"elementor-post elementor-grid-item post-1283 post type-post status-publish format-standard has-post-thumbnail hentry category-estrategia-empresarial tag-consultor-de-empresas tag-consultor-de-pymes tag-consultoria-de-empresas tag-distribucion tag-logistica\" role=\"listitem\">\n\t\t\t<div class=\"elementor-post__card\">\n\t\t\t\t<a class=\"elementor-post__thumbnail__link\" href=\"https:\/\/www.actionproject.es\/en_gb\/blog\/logistica-maltratado-factor-estrategico-clave-nuestros-negocios\/\" tabindex=\"-1\" ><div class=\"elementor-post__thumbnail\"><img decoding=\"async\" width=\"1200\" height=\"800\" data-src=\"https:\/\/www.actionproject.es\/wp-content\/uploads\/2025\/07\/logistica-estrategia-consultoria-empresas.jpg\" class=\"attachment-full size-full wp-image-1485 lazyload\" alt=\"\" data-srcset=\"https:\/\/www.actionproject.es\/wp-content\/uploads\/2025\/07\/logistica-estrategia-consultoria-empresas.jpg 1200w, https:\/\/www.actionproject.es\/wp-content\/uploads\/2025\/07\/logistica-estrategia-consultoria-empresas-300x200.jpg 300w, https:\/\/www.actionproject.es\/wp-content\/uploads\/2025\/07\/logistica-estrategia-consultoria-empresas-1024x683.jpg 1024w, https:\/\/www.actionproject.es\/wp-content\/uploads\/2025\/07\/logistica-estrategia-consultoria-empresas-768x512.jpg 768w, https:\/\/www.actionproject.es\/wp-content\/uploads\/2025\/07\/logistica-estrategia-consultoria-empresas-18x12.jpg 18w\" data-sizes=\"(max-width: 1200px) 100vw, 1200px\" src=\"data:image\/svg+xml;base64,PHN2ZyB3aWR0aD0iMSIgaGVpZ2h0PSIxIiB4bWxucz0iaHR0cDovL3d3dy53My5vcmcvMjAwMC9zdmciPjwvc3ZnPg==\" style=\"--smush-placeholder-width: 1200px; --smush-placeholder-aspect-ratio: 1200\/800;\" \/><\/div><\/a>\n\t\t\t\t<div class=\"elementor-post__badge\">Business strategy<\/div>\n\t\t\t\t<div class=\"elementor-post__text\">\n\t\t\t\t<h3 class=\"elementor-post__title\">\n\t\t\t<a href=\"https:\/\/www.actionproject.es\/en_gb\/blog\/logistica-maltratado-factor-estrategico-clave-nuestros-negocios\/\" >\n\t\t\t\tLog\u00edstica, el \u00abmaltratado\u00bb factor estrat\u00e9gico, clave de nuestros negocios\t\t\t<\/a>\n\t\t<\/h3>\n\t\t\n\t\t<a class=\"elementor-post__read-more\" href=\"https:\/\/www.actionproject.es\/en_gb\/blog\/logistica-maltratado-factor-estrategico-clave-nuestros-negocios\/\" aria-label=\"Read more about Log\u00edstica, el \u00abmaltratado\u00bb factor estrat\u00e9gico, clave de nuestros negocios\" tabindex=\"-1\" >\n\t\t\tRead more &#034;\t\t<\/a>\n\n\t\t\t\t<\/div>\n\t\t\t\t<div class=\"elementor-post__meta-data\">\n\t\t\t\t\t<span class=\"elementor-post-date\">\n\t\t\t12 de May de 2020\t\t<\/span>\n\t\t\t\t<\/div>\n\t\t\t\t\t<\/div>\n\t\t<\/article>\n\t\t\t\t<article class=\"elementor-post elementor-grid-item post-1282 post type-post status-publish format-standard has-post-thumbnail hentry category-estrategia-empresarial tag-consultoria-de-empresas tag-consultoria-de-negocios tag-marketing tag-responsabilidad-social-corporativa tag-valores-corporativos\" role=\"listitem\">\n\t\t\t<div class=\"elementor-post__card\">\n\t\t\t\t<a class=\"elementor-post__thumbnail__link\" href=\"https:\/\/www.actionproject.es\/en_gb\/blog\/evolucion-marketing-consumismo-rsc\/\" tabindex=\"-1\" ><div class=\"elementor-post__thumbnail\"><img decoding=\"async\" width=\"1200\" height=\"837\" data-src=\"https:\/\/www.actionproject.es\/wp-content\/uploads\/2025\/07\/consultoria-empresas-marketing-responsabilidad-social.jpg\" class=\"attachment-full size-full wp-image-1417 lazyload\" alt=\"\" data-srcset=\"https:\/\/www.actionproject.es\/wp-content\/uploads\/2025\/07\/consultoria-empresas-marketing-responsabilidad-social.jpg 1200w, https:\/\/www.actionproject.es\/wp-content\/uploads\/2025\/07\/consultoria-empresas-marketing-responsabilidad-social-300x209.jpg 300w, https:\/\/www.actionproject.es\/wp-content\/uploads\/2025\/07\/consultoria-empresas-marketing-responsabilidad-social-1024x714.jpg 1024w, https:\/\/www.actionproject.es\/wp-content\/uploads\/2025\/07\/consultoria-empresas-marketing-responsabilidad-social-768x536.jpg 768w, https:\/\/www.actionproject.es\/wp-content\/uploads\/2025\/07\/consultoria-empresas-marketing-responsabilidad-social-18x12.jpg 18w\" data-sizes=\"(max-width: 1200px) 100vw, 1200px\" src=\"data:image\/svg+xml;base64,PHN2ZyB3aWR0aD0iMSIgaGVpZ2h0PSIxIiB4bWxucz0iaHR0cDovL3d3dy53My5vcmcvMjAwMC9zdmciPjwvc3ZnPg==\" style=\"--smush-placeholder-width: 1200px; --smush-placeholder-aspect-ratio: 1200\/837;\" \/><\/div><\/a>\n\t\t\t\t<div class=\"elementor-post__badge\">Business strategy<\/div>\n\t\t\t\t<div class=\"elementor-post__text\">\n\t\t\t\t<h3 class=\"elementor-post__title\">\n\t\t\t<a href=\"https:\/\/www.actionproject.es\/en_gb\/blog\/evolucion-marketing-consumismo-rsc\/\" >\n\t\t\t\tEvoluci\u00f3n del marketing: del consumismo a la RSC\t\t\t<\/a>\n\t\t<\/h3>\n\t\t\n\t\t<a class=\"elementor-post__read-more\" href=\"https:\/\/www.actionproject.es\/en_gb\/blog\/evolucion-marketing-consumismo-rsc\/\" aria-label=\"Read more about Evoluci\u00f3n del marketing: del consumismo a la RSC\" tabindex=\"-1\" >\n\t\t\tRead more &#034;\t\t<\/a>\n\n\t\t\t\t<\/div>\n\t\t\t\t<div class=\"elementor-post__meta-data\">\n\t\t\t\t\t<span class=\"elementor-post-date\">\n\t\t\t7 de May de 2020\t\t<\/span>\n\t\t\t\t<\/div>\n\t\t\t\t\t<\/div>\n\t\t<\/article>\n\t\t\t\t<article class=\"elementor-post elementor-grid-item post-1281 post type-post status-publish format-standard has-post-thumbnail hentry category-estrategia-empresarial tag-confinamiento tag-consultores-de-empresa tag-consultoria-de-empresa tag-consultoria-para-startup tag-teletrabajo\" role=\"listitem\">\n\t\t\t<div class=\"elementor-post__card\">\n\t\t\t\t<a class=\"elementor-post__thumbnail__link\" href=\"https:\/\/www.actionproject.es\/en_gb\/blog\/que-podemos-aprender-silicon-valley-pleno-confinamiento\/\" tabindex=\"-1\" ><div class=\"elementor-post__thumbnail\"><img decoding=\"async\" width=\"1200\" height=\"674\" data-src=\"https:\/\/www.actionproject.es\/wp-content\/uploads\/2025\/07\/silicon-valley-serie-consultoria-startups-empresas.jpg\" class=\"attachment-full size-full wp-image-1520 lazyload\" alt=\"\" data-srcset=\"https:\/\/www.actionproject.es\/wp-content\/uploads\/2025\/07\/silicon-valley-serie-consultoria-startups-empresas.jpg 1200w, https:\/\/www.actionproject.es\/wp-content\/uploads\/2025\/07\/silicon-valley-serie-consultoria-startups-empresas-300x169.jpg 300w, https:\/\/www.actionproject.es\/wp-content\/uploads\/2025\/07\/silicon-valley-serie-consultoria-startups-empresas-1024x575.jpg 1024w, https:\/\/www.actionproject.es\/wp-content\/uploads\/2025\/07\/silicon-valley-serie-consultoria-startups-empresas-768x431.jpg 768w, https:\/\/www.actionproject.es\/wp-content\/uploads\/2025\/07\/silicon-valley-serie-consultoria-startups-empresas-18x10.jpg 18w\" data-sizes=\"(max-width: 1200px) 100vw, 1200px\" src=\"data:image\/svg+xml;base64,PHN2ZyB3aWR0aD0iMSIgaGVpZ2h0PSIxIiB4bWxucz0iaHR0cDovL3d3dy53My5vcmcvMjAwMC9zdmciPjwvc3ZnPg==\" style=\"--smush-placeholder-width: 1200px; --smush-placeholder-aspect-ratio: 1200\/674;\" \/><\/div><\/a>\n\t\t\t\t<div class=\"elementor-post__badge\">Business strategy<\/div>\n\t\t\t\t<div class=\"elementor-post__text\">\n\t\t\t\t<h3 class=\"elementor-post__title\">\n\t\t\t<a href=\"https:\/\/www.actionproject.es\/en_gb\/blog\/que-podemos-aprender-silicon-valley-pleno-confinamiento\/\" >\n\t\t\t\t\u00bfQu\u00e9 podemos aprender de \u2018Silicon Valley\u2019 en pleno confinamiento?\t\t\t<\/a>\n\t\t<\/h3>\n\t\t\n\t\t<a class=\"elementor-post__read-more\" href=\"https:\/\/www.actionproject.es\/en_gb\/blog\/que-podemos-aprender-silicon-valley-pleno-confinamiento\/\" aria-label=\"Read more about \u00bfQu\u00e9 podemos aprender de \u2018Silicon Valley\u2019 en pleno confinamiento?\" tabindex=\"-1\" >\n\t\t\tRead more &#034;\t\t<\/a>\n\n\t\t\t\t<\/div>\n\t\t\t\t<div class=\"elementor-post__meta-data\">\n\t\t\t\t\t<span class=\"elementor-post-date\">\n\t\t\t28 de April de 2020\t\t<\/span>\n\t\t\t\t<\/div>\n\t\t\t\t\t<\/div>\n\t\t<\/article>\n\t\t\t\t<article class=\"elementor-post elementor-grid-item post-1280 post type-post status-publish format-standard has-post-thumbnail hentry category-estrategia-empresarial tag-consultoria-de-empresas tag-ladrones-de-tiempo tag-prioridades tag-productividad tag-teletrabajo\" role=\"listitem\">\n\t\t\t<div class=\"elementor-post__card\">\n\t\t\t\t<a class=\"elementor-post__thumbnail__link\" href=\"https:\/\/www.actionproject.es\/en_gb\/blog\/como-mantener-buena-productividad-teletrabajo\/\" tabindex=\"-1\" ><div class=\"elementor-post__thumbnail\"><img decoding=\"async\" width=\"1200\" height=\"801\" data-src=\"https:\/\/www.actionproject.es\/wp-content\/uploads\/2025\/07\/teletrabajo-productividad-aumentar-consultoria-empresas.jpg\" class=\"attachment-full size-full wp-image-1524 lazyload\" alt=\"\" data-srcset=\"https:\/\/www.actionproject.es\/wp-content\/uploads\/2025\/07\/teletrabajo-productividad-aumentar-consultoria-empresas.jpg 1200w, https:\/\/www.actionproject.es\/wp-content\/uploads\/2025\/07\/teletrabajo-productividad-aumentar-consultoria-empresas-300x200.jpg 300w, https:\/\/www.actionproject.es\/wp-content\/uploads\/2025\/07\/teletrabajo-productividad-aumentar-consultoria-empresas-1024x684.jpg 1024w, https:\/\/www.actionproject.es\/wp-content\/uploads\/2025\/07\/teletrabajo-productividad-aumentar-consultoria-empresas-768x513.jpg 768w, https:\/\/www.actionproject.es\/wp-content\/uploads\/2025\/07\/teletrabajo-productividad-aumentar-consultoria-empresas-18x12.jpg 18w\" data-sizes=\"(max-width: 1200px) 100vw, 1200px\" src=\"data:image\/svg+xml;base64,PHN2ZyB3aWR0aD0iMSIgaGVpZ2h0PSIxIiB4bWxucz0iaHR0cDovL3d3dy53My5vcmcvMjAwMC9zdmciPjwvc3ZnPg==\" style=\"--smush-placeholder-width: 1200px; --smush-placeholder-aspect-ratio: 1200\/801;\" \/><\/div><\/a>\n\t\t\t\t<div class=\"elementor-post__badge\">Business strategy<\/div>\n\t\t\t\t<div class=\"elementor-post__text\">\n\t\t\t\t<h3 class=\"elementor-post__title\">\n\t\t\t<a href=\"https:\/\/www.actionproject.es\/en_gb\/blog\/como-mantener-buena-productividad-teletrabajo\/\" >\n\t\t\t\tC\u00f3mo mantener una buena productividad mientras teletrabajo\t\t\t<\/a>\n\t\t<\/h3>\n\t\t\n\t\t<a class=\"elementor-post__read-more\" href=\"https:\/\/www.actionproject.es\/en_gb\/blog\/como-mantener-buena-productividad-teletrabajo\/\" aria-label=\"Read more about C\u00f3mo mantener una buena productividad mientras teletrabajo\" tabindex=\"-1\" >\n\t\t\tRead more &#034;\t\t<\/a>\n\n\t\t\t\t<\/div>\n\t\t\t\t<div class=\"elementor-post__meta-data\">\n\t\t\t\t\t<span class=\"elementor-post-date\">\n\t\t\t15 de April de 2020\t\t<\/span>\n\t\t\t\t<\/div>\n\t\t\t\t\t<\/div>\n\t\t<\/article>\n\t\t\t\t<article class=\"elementor-post elementor-grid-item post-1279 post type-post status-publish format-standard has-post-thumbnail hentry category-estrategia-empresarial tag-consultores-de-empresas tag-consultores-de-pymes tag-crisis-del-coronavirus tag-planes-de-contingencias tag-tesoreria\" role=\"listitem\">\n\t\t\t<div class=\"elementor-post__card\">\n\t\t\t\t<a class=\"elementor-post__thumbnail__link\" href=\"https:\/\/www.actionproject.es\/en_gb\/blog\/covid-19-caos-crisis-tesoreria-pymes\/\" tabindex=\"-1\" ><div class=\"elementor-post__thumbnail\"><img decoding=\"async\" width=\"1200\" height=\"600\" data-src=\"https:\/\/www.actionproject.es\/wp-content\/uploads\/2025\/07\/crisis-coronavirus-pymes-caos-tesoreria-consultores.jpg\" class=\"attachment-full size-full wp-image-1425 lazyload\" alt=\"\" data-srcset=\"https:\/\/www.actionproject.es\/wp-content\/uploads\/2025\/07\/crisis-coronavirus-pymes-caos-tesoreria-consultores.jpg 1200w, https:\/\/www.actionproject.es\/wp-content\/uploads\/2025\/07\/crisis-coronavirus-pymes-caos-tesoreria-consultores-300x150.jpg 300w, https:\/\/www.actionproject.es\/wp-content\/uploads\/2025\/07\/crisis-coronavirus-pymes-caos-tesoreria-consultores-1024x512.jpg 1024w, https:\/\/www.actionproject.es\/wp-content\/uploads\/2025\/07\/crisis-coronavirus-pymes-caos-tesoreria-consultores-768x384.jpg 768w, https:\/\/www.actionproject.es\/wp-content\/uploads\/2025\/07\/crisis-coronavirus-pymes-caos-tesoreria-consultores-18x9.jpg 18w\" data-sizes=\"(max-width: 1200px) 100vw, 1200px\" src=\"data:image\/svg+xml;base64,PHN2ZyB3aWR0aD0iMSIgaGVpZ2h0PSIxIiB4bWxucz0iaHR0cDovL3d3dy53My5vcmcvMjAwMC9zdmciPjwvc3ZnPg==\" style=\"--smush-placeholder-width: 1200px; --smush-placeholder-aspect-ratio: 1200\/600;\" \/><\/div><\/a>\n\t\t\t\t<div class=\"elementor-post__badge\">Business strategy<\/div>\n\t\t\t\t<div class=\"elementor-post__text\">\n\t\t\t\t<h3 class=\"elementor-post__title\">\n\t\t\t<a href=\"https:\/\/www.actionproject.es\/en_gb\/blog\/covid-19-caos-crisis-tesoreria-pymes\/\" >\n\t\t\t\tCOVID-19: caos, crisis y tesorer\u00eda en pymes\t\t\t<\/a>\n\t\t<\/h3>\n\t\t\n\t\t<a class=\"elementor-post__read-more\" href=\"https:\/\/www.actionproject.es\/en_gb\/blog\/covid-19-caos-crisis-tesoreria-pymes\/\" aria-label=\"Read more about COVID-19: caos, crisis y tesorer\u00eda en pymes\" tabindex=\"-1\" >\n\t\t\tRead more &#034;\t\t<\/a>\n\n\t\t\t\t<\/div>\n\t\t\t\t<div class=\"elementor-post__meta-data\">\n\t\t\t\t\t<span class=\"elementor-post-date\">\n\t\t\t14 de April de 2020\t\t<\/span>\n\t\t\t\t<\/div>\n\t\t\t\t\t<\/div>\n\t\t<\/article>\n\t\t\t\t<article class=\"elementor-post elementor-grid-item post-1278 post type-post status-publish format-standard has-post-thumbnail hentry category-estrategia-empresarial tag-consultoria-de-empresas tag-consultoria-para-pymes tag-liderazgo tag-liderazgo-de-equipo tag-liderazgo-empresarial\" role=\"listitem\">\n\t\t\t<div class=\"elementor-post__card\">\n\t\t\t\t<a class=\"elementor-post__thumbnail__link\" href=\"https:\/\/www.actionproject.es\/en_gb\/blog\/claves-liderazgo-empresas-enseno-mad-men\/\" tabindex=\"-1\" ><div class=\"elementor-post__thumbnail\"><img decoding=\"async\" width=\"1200\" height=\"800\" data-src=\"https:\/\/www.actionproject.es\/wp-content\/uploads\/2025\/07\/mad-men-lecciones-liderazgo-empresas.jpg\" class=\"attachment-full size-full wp-image-1486 lazyload\" alt=\"\" data-srcset=\"https:\/\/www.actionproject.es\/wp-content\/uploads\/2025\/07\/mad-men-lecciones-liderazgo-empresas.jpg 1200w, https:\/\/www.actionproject.es\/wp-content\/uploads\/2025\/07\/mad-men-lecciones-liderazgo-empresas-300x200.jpg 300w, https:\/\/www.actionproject.es\/wp-content\/uploads\/2025\/07\/mad-men-lecciones-liderazgo-empresas-1024x683.jpg 1024w, https:\/\/www.actionproject.es\/wp-content\/uploads\/2025\/07\/mad-men-lecciones-liderazgo-empresas-768x512.jpg 768w, https:\/\/www.actionproject.es\/wp-content\/uploads\/2025\/07\/mad-men-lecciones-liderazgo-empresas-18x12.jpg 18w\" data-sizes=\"(max-width: 1200px) 100vw, 1200px\" src=\"data:image\/svg+xml;base64,PHN2ZyB3aWR0aD0iMSIgaGVpZ2h0PSIxIiB4bWxucz0iaHR0cDovL3d3dy53My5vcmcvMjAwMC9zdmciPjwvc3ZnPg==\" style=\"--smush-placeholder-width: 1200px; --smush-placeholder-aspect-ratio: 1200\/800;\" \/><\/div><\/a>\n\t\t\t\t<div class=\"elementor-post__badge\">Business strategy<\/div>\n\t\t\t\t<div class=\"elementor-post__text\">\n\t\t\t\t<h3 class=\"elementor-post__title\">\n\t\t\t<a href=\"https:\/\/www.actionproject.es\/en_gb\/blog\/claves-liderazgo-empresas-enseno-mad-men\/\" >\n\t\t\t\t5 claves del liderazgo de empresas que nos ense\u00f1\u00f3 \u2018Mad Men\u2019\t\t\t<\/a>\n\t\t<\/h3>\n\t\t\n\t\t<a class=\"elementor-post__read-more\" href=\"https:\/\/www.actionproject.es\/en_gb\/blog\/claves-liderazgo-empresas-enseno-mad-men\/\" aria-label=\"Read more about 5 claves del liderazgo de empresas que nos ense\u00f1\u00f3 \u2018Mad Men\u2019\" tabindex=\"-1\" >\n\t\t\tRead more &#034;\t\t<\/a>\n\n\t\t\t\t<\/div>\n\t\t\t\t<div class=\"elementor-post__meta-data\">\n\t\t\t\t\t<span class=\"elementor-post-date\">\n\t\t\t2 de April de 2020\t\t<\/span>\n\t\t\t\t<\/div>\n\t\t\t\t\t<\/div>\n\t\t<\/article>\n\t\t\t\t<article class=\"elementor-post elementor-grid-item post-1277 post type-post status-publish format-standard has-post-thumbnail hentry category-estrategia-empresarial tag-bienestar-laboral tag-consultoria-de-empresas tag-consultoria-de-negocios tag-consultoria-estrategica tag-satisfaccion-laboral\" role=\"listitem\">\n\t\t\t<div class=\"elementor-post__card\">\n\t\t\t\t<a class=\"elementor-post__thumbnail__link\" href=\"https:\/\/www.actionproject.es\/en_gb\/blog\/areas-mejorar-satisfaccion-empleados\/\" tabindex=\"-1\" ><div class=\"elementor-post__thumbnail\"><img decoding=\"async\" width=\"1200\" height=\"800\" data-src=\"https:\/\/www.actionproject.es\/wp-content\/uploads\/2025\/07\/consultoria-empresas-satisfaccion-trabajadores.jpg\" class=\"attachment-full size-full wp-image-1420 lazyload\" alt=\"\" data-srcset=\"https:\/\/www.actionproject.es\/wp-content\/uploads\/2025\/07\/consultoria-empresas-satisfaccion-trabajadores.jpg 1200w, https:\/\/www.actionproject.es\/wp-content\/uploads\/2025\/07\/consultoria-empresas-satisfaccion-trabajadores-300x200.jpg 300w, https:\/\/www.actionproject.es\/wp-content\/uploads\/2025\/07\/consultoria-empresas-satisfaccion-trabajadores-1024x683.jpg 1024w, https:\/\/www.actionproject.es\/wp-content\/uploads\/2025\/07\/consultoria-empresas-satisfaccion-trabajadores-768x512.jpg 768w, https:\/\/www.actionproject.es\/wp-content\/uploads\/2025\/07\/consultoria-empresas-satisfaccion-trabajadores-18x12.jpg 18w\" data-sizes=\"(max-width: 1200px) 100vw, 1200px\" src=\"data:image\/svg+xml;base64,PHN2ZyB3aWR0aD0iMSIgaGVpZ2h0PSIxIiB4bWxucz0iaHR0cDovL3d3dy53My5vcmcvMjAwMC9zdmciPjwvc3ZnPg==\" style=\"--smush-placeholder-width: 1200px; --smush-placeholder-aspect-ratio: 1200\/800;\" \/><\/div><\/a>\n\t\t\t\t<div class=\"elementor-post__badge\">Business strategy<\/div>\n\t\t\t\t<div class=\"elementor-post__text\">\n\t\t\t\t<h3 class=\"elementor-post__title\">\n\t\t\t<a href=\"https:\/\/www.actionproject.es\/en_gb\/blog\/areas-mejorar-satisfaccion-empleados\/\" >\n\t\t\t\t5 \u00e1reas para mejorar la satisfacci\u00f3n de tus empleados\t\t\t<\/a>\n\t\t<\/h3>\n\t\t\n\t\t<a class=\"elementor-post__read-more\" href=\"https:\/\/www.actionproject.es\/en_gb\/blog\/areas-mejorar-satisfaccion-empleados\/\" aria-label=\"Read more about 5 \u00e1reas para mejorar la satisfacci\u00f3n de tus empleados\" tabindex=\"-1\" >\n\t\t\tRead more &#034;\t\t<\/a>\n\n\t\t\t\t<\/div>\n\t\t\t\t<div class=\"elementor-post__meta-data\">\n\t\t\t\t\t<span class=\"elementor-post-date\">\n\t\t\t19 de March de 2020\t\t<\/span>\n\t\t\t\t<\/div>\n\t\t\t\t\t<\/div>\n\t\t<\/article>\n\t\t\t\t<article class=\"elementor-post elementor-grid-item post-1276 post type-post status-publish format-standard has-post-thumbnail hentry category-estrategia-empresarial tag-contabilidad tag-control-financiero tag-gastos tag-planificacion-financiera tag-pymes\" role=\"listitem\">\n\t\t\t<div class=\"elementor-post__card\">\n\t\t\t\t<a class=\"elementor-post__thumbnail__link\" href=\"https:\/\/www.actionproject.es\/en_gb\/blog\/evitar-descontrol-financiero-pymes\/\" tabindex=\"-1\" ><div class=\"elementor-post__thumbnail\"><img decoding=\"async\" width=\"1200\" height=\"800\" data-src=\"https:\/\/www.actionproject.es\/wp-content\/uploads\/2025\/07\/descontrol-financiero-empresas-consultoria.jpg\" class=\"attachment-full size-full wp-image-1430 lazyload\" alt=\"\" data-srcset=\"https:\/\/www.actionproject.es\/wp-content\/uploads\/2025\/07\/descontrol-financiero-empresas-consultoria.jpg 1200w, https:\/\/www.actionproject.es\/wp-content\/uploads\/2025\/07\/descontrol-financiero-empresas-consultoria-300x200.jpg 300w, https:\/\/www.actionproject.es\/wp-content\/uploads\/2025\/07\/descontrol-financiero-empresas-consultoria-1024x683.jpg 1024w, https:\/\/www.actionproject.es\/wp-content\/uploads\/2025\/07\/descontrol-financiero-empresas-consultoria-768x512.jpg 768w, https:\/\/www.actionproject.es\/wp-content\/uploads\/2025\/07\/descontrol-financiero-empresas-consultoria-18x12.jpg 18w\" data-sizes=\"(max-width: 1200px) 100vw, 1200px\" src=\"data:image\/svg+xml;base64,PHN2ZyB3aWR0aD0iMSIgaGVpZ2h0PSIxIiB4bWxucz0iaHR0cDovL3d3dy53My5vcmcvMjAwMC9zdmciPjwvc3ZnPg==\" style=\"--smush-placeholder-width: 1200px; --smush-placeholder-aspect-ratio: 1200\/800;\" \/><\/div><\/a>\n\t\t\t\t<div class=\"elementor-post__badge\">Business strategy<\/div>\n\t\t\t\t<div class=\"elementor-post__text\">\n\t\t\t\t<h3 class=\"elementor-post__title\">\n\t\t\t<a href=\"https:\/\/www.actionproject.es\/en_gb\/blog\/evitar-descontrol-financiero-pymes\/\" >\n\t\t\t\tC\u00f3mo evitar el descontrol financiero en las pymes\t\t\t<\/a>\n\t\t<\/h3>\n\t\t\n\t\t<a class=\"elementor-post__read-more\" href=\"https:\/\/www.actionproject.es\/en_gb\/blog\/evitar-descontrol-financiero-pymes\/\" aria-label=\"Read more about C\u00f3mo evitar el descontrol financiero en las pymes\" tabindex=\"-1\" >\n\t\t\tRead more &#034;\t\t<\/a>\n\n\t\t\t\t<\/div>\n\t\t\t\t<div class=\"elementor-post__meta-data\">\n\t\t\t\t\t<span class=\"elementor-post-date\">\n\t\t\t27 de February de 2020\t\t<\/span>\n\t\t\t\t<\/div>\n\t\t\t\t\t<\/div>\n\t\t<\/article>\n\t\t\t\t<article class=\"elementor-post elementor-grid-item post-1274 post type-post status-publish format-standard has-post-thumbnail hentry category-estrategia-empresarial tag-alta-direccion tag-branding tag-consultoria-estrategica tag-marketing-online tag-pymes\" role=\"listitem\">\n\t\t\t<div class=\"elementor-post__card\">\n\t\t\t\t<a class=\"elementor-post__thumbnail__link\" href=\"https:\/\/www.actionproject.es\/en_gb\/blog\/marketing-alta-direccion-empresarial\/\" tabindex=\"-1\" ><div class=\"elementor-post__thumbnail\"><img decoding=\"async\" width=\"1200\" height=\"800\" data-src=\"https:\/\/www.actionproject.es\/wp-content\/uploads\/2025\/07\/marketing-alta-direccion-empresarrial-pymes-sevilla.jpg\" class=\"attachment-full size-full wp-image-1488 lazyload\" alt=\"\" data-srcset=\"https:\/\/www.actionproject.es\/wp-content\/uploads\/2025\/07\/marketing-alta-direccion-empresarrial-pymes-sevilla.jpg 1200w, https:\/\/www.actionproject.es\/wp-content\/uploads\/2025\/07\/marketing-alta-direccion-empresarrial-pymes-sevilla-300x200.jpg 300w, https:\/\/www.actionproject.es\/wp-content\/uploads\/2025\/07\/marketing-alta-direccion-empresarrial-pymes-sevilla-1024x683.jpg 1024w, https:\/\/www.actionproject.es\/wp-content\/uploads\/2025\/07\/marketing-alta-direccion-empresarrial-pymes-sevilla-768x512.jpg 768w, https:\/\/www.actionproject.es\/wp-content\/uploads\/2025\/07\/marketing-alta-direccion-empresarrial-pymes-sevilla-18x12.jpg 18w\" data-sizes=\"(max-width: 1200px) 100vw, 1200px\" src=\"data:image\/svg+xml;base64,PHN2ZyB3aWR0aD0iMSIgaGVpZ2h0PSIxIiB4bWxucz0iaHR0cDovL3d3dy53My5vcmcvMjAwMC9zdmciPjwvc3ZnPg==\" style=\"--smush-placeholder-width: 1200px; --smush-placeholder-aspect-ratio: 1200\/800;\" \/><\/div><\/a>\n\t\t\t\t<div class=\"elementor-post__badge\">Business strategy<\/div>\n\t\t\t\t<div class=\"elementor-post__text\">\n\t\t\t\t<h3 class=\"elementor-post__title\">\n\t\t\t<a href=\"https:\/\/www.actionproject.es\/en_gb\/blog\/marketing-alta-direccion-empresarial\/\" >\n\t\t\t\tEl marketing, en la alta direcci\u00f3n empresarial\t\t\t<\/a>\n\t\t<\/h3>\n\t\t\n\t\t<a class=\"elementor-post__read-more\" href=\"https:\/\/www.actionproject.es\/en_gb\/blog\/marketing-alta-direccion-empresarial\/\" aria-label=\"Read more about El marketing, en la alta direcci\u00f3n empresarial\" tabindex=\"-1\" >\n\t\t\tRead more &#034;\t\t<\/a>\n\n\t\t\t\t<\/div>\n\t\t\t\t<div class=\"elementor-post__meta-data\">\n\t\t\t\t\t<span class=\"elementor-post-date\">\n\t\t\t10 de February de 2020\t\t<\/span>\n\t\t\t\t<\/div>\n\t\t\t\t\t<\/div>\n\t\t<\/article>\n\t\t\t\t<article class=\"elementor-post elementor-grid-item post-1273 post type-post status-publish format-standard has-post-thumbnail hentry category-estrategia-empresarial tag-consultoria-estrategica tag-empresas-sostenibles tag-responsabilidad-social-corporativa tag-rsc tag-valores-corporativos\" role=\"listitem\">\n\t\t\t<div class=\"elementor-post__card\">\n\t\t\t\t<a class=\"elementor-post__thumbnail__link\" href=\"https:\/\/www.actionproject.es\/en_gb\/blog\/valores-alla-resultados-economicos-empresas\/\" tabindex=\"-1\" ><div class=\"elementor-post__thumbnail\"><img decoding=\"async\" width=\"1200\" height=\"800\" data-src=\"https:\/\/www.actionproject.es\/wp-content\/uploads\/2025\/07\/empresas-valores-consultoria-estrategica.jpg\" class=\"attachment-full size-full wp-image-1439 lazyload\" alt=\"\" data-srcset=\"https:\/\/www.actionproject.es\/wp-content\/uploads\/2025\/07\/empresas-valores-consultoria-estrategica.jpg 1200w, https:\/\/www.actionproject.es\/wp-content\/uploads\/2025\/07\/empresas-valores-consultoria-estrategica-300x200.jpg 300w, https:\/\/www.actionproject.es\/wp-content\/uploads\/2025\/07\/empresas-valores-consultoria-estrategica-1024x683.jpg 1024w, https:\/\/www.actionproject.es\/wp-content\/uploads\/2025\/07\/empresas-valores-consultoria-estrategica-768x512.jpg 768w, https:\/\/www.actionproject.es\/wp-content\/uploads\/2025\/07\/empresas-valores-consultoria-estrategica-18x12.jpg 18w\" data-sizes=\"(max-width: 1200px) 100vw, 1200px\" src=\"data:image\/svg+xml;base64,PHN2ZyB3aWR0aD0iMSIgaGVpZ2h0PSIxIiB4bWxucz0iaHR0cDovL3d3dy53My5vcmcvMjAwMC9zdmciPjwvc3ZnPg==\" style=\"--smush-placeholder-width: 1200px; --smush-placeholder-aspect-ratio: 1200\/800;\" \/><\/div><\/a>\n\t\t\t\t<div class=\"elementor-post__badge\">Business strategy<\/div>\n\t\t\t\t<div class=\"elementor-post__text\">\n\t\t\t\t<h3 class=\"elementor-post__title\">\n\t\t\t<a href=\"https:\/\/www.actionproject.es\/en_gb\/blog\/valores-alla-resultados-economicos-empresas\/\" >\n\t\t\t\tValores: m\u00e1s all\u00e1 de los resultados econ\u00f3micos en las empresas\t\t\t<\/a>\n\t\t<\/h3>\n\t\t\n\t\t<a class=\"elementor-post__read-more\" href=\"https:\/\/www.actionproject.es\/en_gb\/blog\/valores-alla-resultados-economicos-empresas\/\" aria-label=\"Read more about Valores: m\u00e1s all\u00e1 de los resultados econ\u00f3micos en las empresas\" tabindex=\"-1\" >\n\t\t\tRead more &#034;\t\t<\/a>\n\n\t\t\t\t<\/div>\n\t\t\t\t<div class=\"elementor-post__meta-data\">\n\t\t\t\t\t<span class=\"elementor-post-date\">\n\t\t\t31 de January de 2020\t\t<\/span>\n\t\t\t\t<\/div>\n\t\t\t\t\t<\/div>\n\t\t<\/article>\n\t\t\t\t<article class=\"elementor-post elementor-grid-item post-148 post type-post status-publish format-standard has-post-thumbnail hentry category-estrategia-empresarial tag-consultoria-de-empresas tag-empresas tag-finanzas tag-pymes tag-tesoreria\" role=\"listitem\">\n\t\t\t<div class=\"elementor-post__card\">\n\t\t\t\t<a class=\"elementor-post__thumbnail__link\" href=\"https:\/\/www.actionproject.es\/en_gb\/blog\/tesoreria-monstruo-aterra-empresarios\/\" tabindex=\"-1\" ><div class=\"elementor-post__thumbnail\"><img decoding=\"async\" width=\"1200\" height=\"800\" data-src=\"https:\/\/www.actionproject.es\/wp-content\/uploads\/2025\/07\/monstruo-tesoteria-pymes-finanzas.jpg\" class=\"attachment-full size-full wp-image-1496 lazyload\" alt=\"\" data-srcset=\"https:\/\/www.actionproject.es\/wp-content\/uploads\/2025\/07\/monstruo-tesoteria-pymes-finanzas.jpg 1200w, https:\/\/www.actionproject.es\/wp-content\/uploads\/2025\/07\/monstruo-tesoteria-pymes-finanzas-300x200.jpg 300w, https:\/\/www.actionproject.es\/wp-content\/uploads\/2025\/07\/monstruo-tesoteria-pymes-finanzas-1024x683.jpg 1024w, https:\/\/www.actionproject.es\/wp-content\/uploads\/2025\/07\/monstruo-tesoteria-pymes-finanzas-768x512.jpg 768w, https:\/\/www.actionproject.es\/wp-content\/uploads\/2025\/07\/monstruo-tesoteria-pymes-finanzas-18x12.jpg 18w\" data-sizes=\"(max-width: 1200px) 100vw, 1200px\" src=\"data:image\/svg+xml;base64,PHN2ZyB3aWR0aD0iMSIgaGVpZ2h0PSIxIiB4bWxucz0iaHR0cDovL3d3dy53My5vcmcvMjAwMC9zdmciPjwvc3ZnPg==\" style=\"--smush-placeholder-width: 1200px; --smush-placeholder-aspect-ratio: 1200\/800;\" \/><\/div><\/a>\n\t\t\t\t<div class=\"elementor-post__badge\">Business strategy<\/div>\n\t\t\t\t<div class=\"elementor-post__text\">\n\t\t\t\t<h3 class=\"elementor-post__title\">\n\t\t\t<a href=\"https:\/\/www.actionproject.es\/en_gb\/blog\/tesoreria-monstruo-aterra-empresarios\/\" >\n\t\t\t\tThe treasury, the monster that terrifies the entrepreneurs\t\t\t<\/a>\n\t\t<\/h3>\n\t\t\n\t\t<a class=\"elementor-post__read-more\" href=\"https:\/\/www.actionproject.es\/en_gb\/blog\/tesoreria-monstruo-aterra-empresarios\/\" aria-label=\"Read more about La tesorer\u00eda, el monstruo que aterra a los empresarios\" tabindex=\"-1\" >\n\t\t\tRead more &#034;\t\t<\/a>\n\n\t\t\t\t<\/div>\n\t\t\t\t<div class=\"elementor-post__meta-data\">\n\t\t\t\t\t<span class=\"elementor-post-date\">\n\t\t\t22 January 2020\t\t<\/span>\n\t\t\t\t<\/div>\n\t\t\t\t\t<\/div>\n\t\t<\/article>\n\t\t\t\t<article class=\"elementor-post elementor-grid-item post-1271 post type-post status-publish format-standard has-post-thumbnail hentry category-estrategia-empresarial\" role=\"listitem\">\n\t\t\t<div class=\"elementor-post__card\">\n\t\t\t\t<a class=\"elementor-post__thumbnail__link\" href=\"https:\/\/www.actionproject.es\/en_gb\/blog\/5-cosas-sin-las-que-no-deberia-empezar-el-ano-tu-empresa\/\" tabindex=\"-1\" ><div class=\"elementor-post__thumbnail\"><img decoding=\"async\" width=\"606\" height=\"362\" data-src=\"https:\/\/www.actionproject.es\/wp-content\/uploads\/2025\/07\/3.jpg\" class=\"attachment-full size-full wp-image-1397 lazyload\" alt=\"\" data-srcset=\"https:\/\/www.actionproject.es\/wp-content\/uploads\/2025\/07\/3.jpg 606w, https:\/\/www.actionproject.es\/wp-content\/uploads\/2025\/07\/3-300x179.jpg 300w, https:\/\/www.actionproject.es\/wp-content\/uploads\/2025\/07\/3-18x12.jpg 18w\" data-sizes=\"(max-width: 606px) 100vw, 606px\" src=\"data:image\/svg+xml;base64,PHN2ZyB3aWR0aD0iMSIgaGVpZ2h0PSIxIiB4bWxucz0iaHR0cDovL3d3dy53My5vcmcvMjAwMC9zdmciPjwvc3ZnPg==\" style=\"--smush-placeholder-width: 606px; --smush-placeholder-aspect-ratio: 606\/362;\" \/><\/div><\/a>\n\t\t\t\t<div class=\"elementor-post__badge\">Business strategy<\/div>\n\t\t\t\t<div class=\"elementor-post__text\">\n\t\t\t\t<h3 class=\"elementor-post__title\">\n\t\t\t<a href=\"https:\/\/www.actionproject.es\/en_gb\/blog\/5-cosas-sin-las-que-no-deberia-empezar-el-ano-tu-empresa\/\" >\n\t\t\t\t5 cosas sin las que tu empresa no deber\u00eda empezar el a\u00f1o.\t\t\t<\/a>\n\t\t<\/h3>\n\t\t\n\t\t<a class=\"elementor-post__read-more\" href=\"https:\/\/www.actionproject.es\/en_gb\/blog\/5-cosas-sin-las-que-no-deberia-empezar-el-ano-tu-empresa\/\" aria-label=\"Read more about 5 cosas sin las que tu empresa no deber\u00eda empezar el a\u00f1o.\" tabindex=\"-1\" >\n\t\t\tRead more &#034;\t\t<\/a>\n\n\t\t\t\t<\/div>\n\t\t\t\t<div class=\"elementor-post__meta-data\">\n\t\t\t\t\t<span class=\"elementor-post-date\">\n\t\t\t7 de January de 2020\t\t<\/span>\n\t\t\t\t<\/div>\n\t\t\t\t\t<\/div>\n\t\t<\/article>\n\t\t\t\t<article class=\"elementor-post elementor-grid-item post-1270 post type-post status-publish format-standard has-post-thumbnail hentry category-estrategia-empresarial tag-empresas-sostenibles tag-interim-manager tag-liderazgo tag-planificacion tag-pymes\" role=\"listitem\">\n\t\t\t<div class=\"elementor-post__card\">\n\t\t\t\t<a class=\"elementor-post__thumbnail__link\" href=\"https:\/\/www.actionproject.es\/en_gb\/blog\/problemas-frecuentes-detectan-pymes\/\" tabindex=\"-1\" ><div class=\"elementor-post__thumbnail\"><img decoding=\"async\" width=\"1200\" height=\"876\" data-src=\"https:\/\/www.actionproject.es\/wp-content\/uploads\/2025\/07\/problemas-empresas-medianas-pymes.jpg\" class=\"attachment-full size-full wp-image-1506 lazyload\" alt=\"\" data-srcset=\"https:\/\/www.actionproject.es\/wp-content\/uploads\/2025\/07\/problemas-empresas-medianas-pymes.jpg 1200w, https:\/\/www.actionproject.es\/wp-content\/uploads\/2025\/07\/problemas-empresas-medianas-pymes-300x219.jpg 300w, https:\/\/www.actionproject.es\/wp-content\/uploads\/2025\/07\/problemas-empresas-medianas-pymes-1024x748.jpg 1024w, https:\/\/www.actionproject.es\/wp-content\/uploads\/2025\/07\/problemas-empresas-medianas-pymes-768x561.jpg 768w, https:\/\/www.actionproject.es\/wp-content\/uploads\/2025\/07\/problemas-empresas-medianas-pymes-16x12.jpg 16w\" data-sizes=\"(max-width: 1200px) 100vw, 1200px\" src=\"data:image\/svg+xml;base64,PHN2ZyB3aWR0aD0iMSIgaGVpZ2h0PSIxIiB4bWxucz0iaHR0cDovL3d3dy53My5vcmcvMjAwMC9zdmciPjwvc3ZnPg==\" style=\"--smush-placeholder-width: 1200px; --smush-placeholder-aspect-ratio: 1200\/876;\" \/><\/div><\/a>\n\t\t\t\t<div class=\"elementor-post__badge\">Business strategy<\/div>\n\t\t\t\t<div class=\"elementor-post__text\">\n\t\t\t\t<h3 class=\"elementor-post__title\">\n\t\t\t<a href=\"https:\/\/www.actionproject.es\/en_gb\/blog\/problemas-frecuentes-detectan-pymes\/\" >\n\t\t\t\tLos 10 problemas m\u00e1s frecuentes que se detectan en las pymes\t\t\t<\/a>\n\t\t<\/h3>\n\t\t\n\t\t<a class=\"elementor-post__read-more\" href=\"https:\/\/www.actionproject.es\/en_gb\/blog\/problemas-frecuentes-detectan-pymes\/\" aria-label=\"Read more about Los 10 problemas m\u00e1s frecuentes que se detectan en las pymes\" tabindex=\"-1\" >\n\t\t\tRead more &#034;\t\t<\/a>\n\n\t\t\t\t<\/div>\n\t\t\t\t<div class=\"elementor-post__meta-data\">\n\t\t\t\t\t<span class=\"elementor-post-date\">\n\t\t\t13 de December de 2019\t\t<\/span>\n\t\t\t\t<\/div>\n\t\t\t\t\t<\/div>\n\t\t<\/article>\n\t\t\t\t<article class=\"elementor-post elementor-grid-item post-109 post type-post status-publish format-standard has-post-thumbnail hentry category-estrategia-empresarial tag-empresa-social tag-empresas-sostenibles tag-impacto-social tag-responsabilidad-social-corporativa tag-valores-corporativos\" role=\"listitem\">\n\t\t\t<div class=\"elementor-post__card\">\n\t\t\t\t<a class=\"elementor-post__thumbnail__link\" href=\"https:\/\/www.actionproject.es\/en_gb\/blog\/empresas-proposito-valores-corporativos-definen\/\" tabindex=\"-1\" ><div class=\"elementor-post__thumbnail\"><img decoding=\"async\" width=\"1200\" height=\"811\" data-src=\"https:\/\/www.actionproject.es\/wp-content\/uploads\/2025\/07\/valores-corporativos-empresas-consultor.jpg\" class=\"attachment-full size-full wp-image-1529 lazyload\" alt=\"\" data-srcset=\"https:\/\/www.actionproject.es\/wp-content\/uploads\/2025\/07\/valores-corporativos-empresas-consultor.jpg 1200w, https:\/\/www.actionproject.es\/wp-content\/uploads\/2025\/07\/valores-corporativos-empresas-consultor-300x203.jpg 300w, https:\/\/www.actionproject.es\/wp-content\/uploads\/2025\/07\/valores-corporativos-empresas-consultor-1024x692.jpg 1024w, https:\/\/www.actionproject.es\/wp-content\/uploads\/2025\/07\/valores-corporativos-empresas-consultor-768x519.jpg 768w, https:\/\/www.actionproject.es\/wp-content\/uploads\/2025\/07\/valores-corporativos-empresas-consultor-18x12.jpg 18w\" data-sizes=\"(max-width: 1200px) 100vw, 1200px\" src=\"data:image\/svg+xml;base64,PHN2ZyB3aWR0aD0iMSIgaGVpZ2h0PSIxIiB4bWxucz0iaHR0cDovL3d3dy53My5vcmcvMjAwMC9zdmciPjwvc3ZnPg==\" style=\"--smush-placeholder-width: 1200px; --smush-placeholder-aspect-ratio: 1200\/811;\" \/><\/div><\/a>\n\t\t\t\t<div class=\"elementor-post__badge\">Business strategy<\/div>\n\t\t\t\t<div class=\"elementor-post__text\">\n\t\t\t\t<h3 class=\"elementor-post__title\">\n\t\t\t<a href=\"https:\/\/www.actionproject.es\/en_gb\/blog\/empresas-proposito-valores-corporativos-definen\/\" >\n\t\t\t\tCompanies with a purpose: the corporate values that define you\t\t\t<\/a>\n\t\t<\/h3>\n\t\t\n\t\t<a class=\"elementor-post__read-more\" href=\"https:\/\/www.actionproject.es\/en_gb\/blog\/empresas-proposito-valores-corporativos-definen\/\" aria-label=\"Read more about Empresas con prop\u00f3sito: los valores corporativos te definen\" tabindex=\"-1\" >\n\t\t\tRead more &#034;\t\t<\/a>\n\n\t\t\t\t<\/div>\n\t\t\t\t<div class=\"elementor-post__meta-data\">\n\t\t\t\t\t<span class=\"elementor-post-date\">\n\t\t\t2 December 2019\t\t<\/span>\n\t\t\t\t<\/div>\n\t\t\t\t\t<\/div>\n\t\t<\/article>\n\t\t\t\t<article class=\"elementor-post elementor-grid-item post-107 post type-post status-publish format-standard has-post-thumbnail hentry category-estrategia-empresarial tag-flujos-de-trabajo tag-gestion-directiva tag-inversion-estrategica tag-liderazgo tag-pymes\" role=\"listitem\">\n\t\t\t<div class=\"elementor-post__card\">\n\t\t\t\t<a class=\"elementor-post__thumbnail__link\" href=\"https:\/\/www.actionproject.es\/en_gb\/blog\/7-secretos-de-la-sostenibilidad-de-la-pequena-y-mediana-empresa\/\" tabindex=\"-1\" ><div class=\"elementor-post__thumbnail\"><img decoding=\"async\" width=\"1200\" height=\"800\" data-src=\"https:\/\/www.actionproject.es\/wp-content\/uploads\/2025\/07\/sostenibilidad-pymes.jpg\" class=\"attachment-full size-full wp-image-1521 lazyload\" alt=\"\" data-srcset=\"https:\/\/www.actionproject.es\/wp-content\/uploads\/2025\/07\/sostenibilidad-pymes.jpg 1200w, https:\/\/www.actionproject.es\/wp-content\/uploads\/2025\/07\/sostenibilidad-pymes-300x200.jpg 300w, https:\/\/www.actionproject.es\/wp-content\/uploads\/2025\/07\/sostenibilidad-pymes-1024x683.jpg 1024w, https:\/\/www.actionproject.es\/wp-content\/uploads\/2025\/07\/sostenibilidad-pymes-768x512.jpg 768w, https:\/\/www.actionproject.es\/wp-content\/uploads\/2025\/07\/sostenibilidad-pymes-18x12.jpg 18w\" data-sizes=\"(max-width: 1200px) 100vw, 1200px\" src=\"data:image\/svg+xml;base64,PHN2ZyB3aWR0aD0iMSIgaGVpZ2h0PSIxIiB4bWxucz0iaHR0cDovL3d3dy53My5vcmcvMjAwMC9zdmciPjwvc3ZnPg==\" style=\"--smush-placeholder-width: 1200px; --smush-placeholder-aspect-ratio: 1200\/800;\" \/><\/div><\/a>\n\t\t\t\t<div class=\"elementor-post__badge\">Business strategy<\/div>\n\t\t\t\t<div class=\"elementor-post__text\">\n\t\t\t\t<h3 class=\"elementor-post__title\">\n\t\t\t<a href=\"https:\/\/www.actionproject.es\/en_gb\/blog\/7-secretos-de-la-sostenibilidad-de-la-pequena-y-mediana-empresa\/\" >\n\t\t\t\t7 secrets of the sustainability of the small and medium-sized enterprise\t\t\t<\/a>\n\t\t<\/h3>\n\t\t\n\t\t<a class=\"elementor-post__read-more\" href=\"https:\/\/www.actionproject.es\/en_gb\/blog\/7-secretos-de-la-sostenibilidad-de-la-pequena-y-mediana-empresa\/\" aria-label=\"Read more about 7 secretos de la sostenibilidad de la peque\u00f1a y mediana empresa\" tabindex=\"-1\" >\n\t\t\tRead more &#034;\t\t<\/a>\n\n\t\t\t\t<\/div>\n\t\t\t\t<div class=\"elementor-post__meta-data\">\n\t\t\t\t\t<span class=\"elementor-post-date\">\n\t\t\t8 November 2019\t\t<\/span>\n\t\t\t\t<\/div>\n\t\t\t\t\t<\/div>\n\t\t<\/article>\n\t\t\t\t<article class=\"elementor-post elementor-grid-item post-104 post type-post status-publish format-standard has-post-thumbnail hentry category-estrategia-empresarial tag-alta-direccion tag-cargos-directivos tag-empresario tag-interim-manager tag-pymes\" role=\"listitem\">\n\t\t\t<div class=\"elementor-post__card\">\n\t\t\t\t<a class=\"elementor-post__thumbnail__link\" href=\"https:\/\/www.actionproject.es\/en_gb\/blog\/el-interim-manager-una-solucion-adaptada-a-la-pyme\/\" tabindex=\"-1\" ><div class=\"elementor-post__thumbnail\"><img decoding=\"async\" width=\"1200\" height=\"927\" data-src=\"https:\/\/www.actionproject.es\/wp-content\/uploads\/2025\/07\/interim-manage_20201209-090116_1.jpg\" class=\"attachment-full size-full wp-image-1466 lazyload\" alt=\"\" data-srcset=\"https:\/\/www.actionproject.es\/wp-content\/uploads\/2025\/07\/interim-manage_20201209-090116_1.jpg 1200w, https:\/\/www.actionproject.es\/wp-content\/uploads\/2025\/07\/interim-manage_20201209-090116_1-300x232.jpg 300w, https:\/\/www.actionproject.es\/wp-content\/uploads\/2025\/07\/interim-manage_20201209-090116_1-1024x791.jpg 1024w, https:\/\/www.actionproject.es\/wp-content\/uploads\/2025\/07\/interim-manage_20201209-090116_1-768x593.jpg 768w, https:\/\/www.actionproject.es\/wp-content\/uploads\/2025\/07\/interim-manage_20201209-090116_1-16x12.jpg 16w\" data-sizes=\"(max-width: 1200px) 100vw, 1200px\" src=\"data:image\/svg+xml;base64,PHN2ZyB3aWR0aD0iMSIgaGVpZ2h0PSIxIiB4bWxucz0iaHR0cDovL3d3dy53My5vcmcvMjAwMC9zdmciPjwvc3ZnPg==\" style=\"--smush-placeholder-width: 1200px; --smush-placeholder-aspect-ratio: 1200\/927;\" \/><\/div><\/a>\n\t\t\t\t<div class=\"elementor-post__badge\">Business strategy<\/div>\n\t\t\t\t<div class=\"elementor-post__text\">\n\t\t\t\t<h3 class=\"elementor-post__title\">\n\t\t\t<a href=\"https:\/\/www.actionproject.es\/en_gb\/blog\/el-interim-manager-una-solucion-adaptada-a-la-pyme\/\" >\n\t\t\t\tThe \u2018interim manager\u2019: a solution adapted to the sme\t\t\t<\/a>\n\t\t<\/h3>\n\t\t\n\t\t<a class=\"elementor-post__read-more\" href=\"https:\/\/www.actionproject.es\/en_gb\/blog\/el-interim-manager-una-solucion-adaptada-a-la-pyme\/\" aria-label=\"Read more about El \u2018interim manager\u2019: una soluci\u00f3n adaptada a la pyme\" tabindex=\"-1\" >\n\t\t\tRead more &#034;\t\t<\/a>\n\n\t\t\t\t<\/div>\n\t\t\t\t<div class=\"elementor-post__meta-data\">\n\t\t\t\t\t<span class=\"elementor-post-date\">\n\t\t\t29 October 2019\t\t<\/span>\n\t\t\t\t<\/div>\n\t\t\t\t\t<\/div>\n\t\t<\/article>\n\t\t\t\t<\/div>\n\t\t\n\t\t\t\t\t\t<\/div>\n\t\t\t\t<\/div>\n\t\t\t\t<\/div>\n\t\t<div class=\"elementor-element elementor-element-6fcfae3 e-con-full e-flex e-con e-child\" data-id=\"6fcfae3\" data-element_type=\"container\" data-e-type=\"container\">\n\t\t\t\t<div class=\"elementor-element elementor-element-b5c804e elementor-widget elementor-widget-heading\" data-id=\"b5c804e\" data-element_type=\"widget\" data-e-type=\"widget\" data-widget_type=\"heading.default\">\n\t\t\t\t<div class=\"elementor-widget-container\">\n\t\t\t\t\t<h5 class=\"elementor-heading-title elementor-size-default\">Busca lo que te interesa<\/h5>\t\t\t\t<\/div>\n\t\t\t\t<\/div>\n\t\t\t\t<div class=\"elementor-element elementor-element-a80854f elementor-widget elementor-widget-search\" data-id=\"a80854f\" data-element_type=\"widget\" data-e-type=\"widget\" data-settings=\"{&quot;submit_trigger&quot;:&quot;key_enter&quot;,&quot;pagination_type_options&quot;:&quot;none&quot;}\" data-widget_type=\"search.default\">\n\t\t\t\t<div class=\"elementor-widget-container\">\n\t\t\t\t\t\t\t<search class=\"e-search hidden\" role=\"search\">\n\t\t\t<form class=\"e-search-form\" action=\"https:\/\/www.actionproject.es\/en_gb\/\" method=\"get\" data-trp-original-action=\"https:\/\/www.actionproject.es\/en_gb\">\n\n\t\t\t\t\n\t\t\t\t<label class=\"e-search-label\" for=\"search-a80854f\">\n\t\t\t\t\t<span class=\"elementor-screen-only\">\n\t\t\t\t\t\tSearch\t\t\t\t\t<\/span>\n\t\t\t\t\t\t\t\t\t<\/label>\n\n\t\t\t\t<div class=\"e-search-input-wrapper\">\n\t\t\t\t\t<input id=\"search-a80854f\" placeholder=\"Buscar\" class=\"e-search-input\" type=\"search\" name=\"s\" value=\"\" autocomplete=\"off\" role=\"combobox\" aria-autocomplete=\"list\" aria-expanded=\"false\" aria-controls=\"results-a80854f\" aria-haspopup=\"listbox\">\n\t\t\t\t\t<svg aria-hidden=\"true\" class=\"e-font-icon-svg e-fas-times\" viewbox=\"0 0 352 512\" xmlns=\"http:\/\/www.w3.org\/2000\/svg\"><path d=\"M242.72 256l100.07-100.07c12.28-12.28 12.28-32.19 0-44.48l-22.24-22.24c-12.28-12.28-32.19-12.28-44.48 0L176 189.28 75.93 89.21c-12.28-12.28-32.19-12.28-44.48 0L9.21 111.45c-12.28 12.28-12.28 32.19 0 44.48L109.28 256 9.21 356.07c-12.28 12.28-12.28 32.19 0 44.48l22.24 22.24c12.28 12.28 32.2 12.28 44.48 0L176 322.72l100.07 100.07c12.28 12.28 32.2 12.28 44.48 0l22.24-22.24c12.28-12.28 12.28-32.19 0-44.48L242.72 256z\"><\/path><\/svg>\t\t\t\t\t\t\t\t\t\t<output id=\"results-a80854f\" class=\"e-search-results-container hide-loader\" aria-live=\"polite\" aria-atomic=\"true\" aria-label=\"Results for search\" tabindex=\"0\">\n\t\t\t\t\t\t<div class=\"e-search-results\"><\/div>\n\t\t\t\t\t\t\t\t\t\t\t<\/output>\n\t\t\t\t\t\t\t\t\t<\/div>\n\t\t\t\t\n\t\t\t\t\n\t\t\t\t<button class=\"e-search-submit elementor-screen-only\" type=\"submit\" aria-label=\"Search\">\n\t\t\t\t\t\n\t\t\t\t\t\t\t\t\t<\/button>\n\t\t\t\t<input type=\"hidden\" name=\"e_search_props\" value=\"a80854f-153\">\n\t\t\t<input type=\"hidden\" name=\"trp-form-language\" value=\"en_gb\"\/><\/form>\n\t\t<\/search>\n\t\t\t\t\t\t<\/div>\n\t\t\t\t<\/div>\n\t\t\t\t<div class=\"elementor-element elementor-element-6b570a7 elementor-widget elementor-widget-wp-widget-categories\" data-id=\"6b570a7\" data-element_type=\"widget\" data-e-type=\"widget\" data-widget_type=\"wp-widget-categories.default\">\n\t\t\t\t<div class=\"elementor-widget-container\">\n\t\t\t\t\t<h5>Categor\u00edas del Blog<\/h5><nav aria-label=\"Categor\u00edas del Blog\">\n\t\t\t<ul>\n\t\t\t\t\t<li class=\"cat-item cat-item-206\"><a href=\"https:\/\/www.actionproject.es\/en_gb\/blog\/category\/actualidad\/\">Actualidad<\/a> (2)\n<\/li>\n\t<li class=\"cat-item cat-item-10\"><a href=\"https:\/\/www.actionproject.es\/en_gb\/blog\/category\/estrategia-empresarial\/\">Business strategy<\/a> (145)\n<\/li>\n\t<li class=\"cat-item cat-item-1\"><a href=\"https:\/\/www.actionproject.es\/en_gb\/blog\/category\/sin-categoria\/\">Without category<\/a> (3)\n<\/li>\n\t\t\t<\/ul>\n\n\t\t\t<\/nav>\t\t\t\t<\/div>\n\t\t\t\t<\/div>\n\t\t\t\t<div class=\"elementor-element elementor-element-a4c07d4 elementor-widget elementor-widget-wp-widget-tag_cloud\" data-id=\"a4c07d4\" data-element_type=\"widget\" data-e-type=\"widget\" data-widget_type=\"wp-widget-tag_cloud.default\">\n\t\t\t\t<div class=\"elementor-widget-container\">\n\t\t\t\t\t<h5>Nube de Etiquetas<\/h5><nav aria-label=\"Nube de Etiquetas\"><div class=\"tagcloud\"><a href=\"https:\/\/www.actionproject.es\/en_gb\/blog\/tag\/alta-direccion\/\" class=\"tag-cloud-link tag-link-25 tag-link-position-1\" style=\"font-size: 8pt;\" aria-label=\"alta direcci\u00f3n (3 items)\">alta direcci\u00f3n<\/a>\n<a href=\"https:\/\/www.actionproject.es\/en_gb\/blog\/tag\/consultor-de-empresas\/\" class=\"tag-cloud-link tag-link-72 tag-link-position-2\" style=\"font-size: 10.121212121212pt;\" aria-label=\"consultor de empresas (4 items)\">consultor de empresas<\/a>\n<a href=\"https:\/\/www.actionproject.es\/en_gb\/blog\/tag\/consultor-de-negocios\/\" class=\"tag-cloud-link tag-link-126 tag-link-position-3\" style=\"font-size: 10.121212121212pt;\" aria-label=\"consultor de negocios (4 items)\">consultor de negocios<\/a>\n<a href=\"https:\/\/www.actionproject.es\/en_gb\/blog\/tag\/consultores-de-empresa\/\" class=\"tag-cloud-link tag-link-70 tag-link-position-4\" style=\"font-size: 8pt;\" aria-label=\"consultores de empresa (3 items)\">consultores de empresa<\/a>\n<a href=\"https:\/\/www.actionproject.es\/en_gb\/blog\/tag\/consultoria-de-empresa\/\" class=\"tag-cloud-link tag-link-69 tag-link-position-5\" style=\"font-size: 10.121212121212pt;\" aria-label=\"consultor\u00eda de empresa (4 items)\">consultor\u00eda de empresa<\/a>\n<a href=\"https:\/\/www.actionproject.es\/en_gb\/blog\/tag\/consultoria-de-empresas\/\" class=\"tag-cloud-link tag-link-40 tag-link-position-6\" style=\"font-size: 16.484848484848pt;\" aria-label=\"consultor\u00eda de empresas (9 items)\">consultor\u00eda de empresas<\/a>\n<a href=\"https:\/\/www.actionproject.es\/en_gb\/blog\/tag\/consultoria-de-negocios\/\" class=\"tag-cloud-link tag-link-55 tag-link-position-7\" style=\"font-size: 8pt;\" aria-label=\"consultor\u00eda de negocios (3 items)\">consultor\u00eda de negocios<\/a>\n<a href=\"https:\/\/www.actionproject.es\/en_gb\/blog\/tag\/consultoria-estrategica\/\" class=\"tag-cloud-link tag-link-43 tag-link-position-8\" style=\"font-size: 17.333333333333pt;\" aria-label=\"consultor\u00eda estrat\u00e9gica (10 items)\">consultor\u00eda estrat\u00e9gica<\/a>\n<a href=\"https:\/\/www.actionproject.es\/en_gb\/blog\/tag\/desarrollo-de-proyectos\/\" class=\"tag-cloud-link tag-link-101 tag-link-position-9\" style=\"font-size: 8pt;\" aria-label=\"desarrollo de proyectos (3 items)\">desarrollo de proyectos<\/a>\n<a href=\"https:\/\/www.actionproject.es\/en_gb\/blog\/tag\/desarrollo-directivo\/\" class=\"tag-cloud-link tag-link-89 tag-link-position-10\" style=\"font-size: 14.363636363636pt;\" aria-label=\"desarrollo directivo (7 items)\">management development<\/a>\n<a href=\"https:\/\/www.actionproject.es\/en_gb\/blog\/tag\/digitalizacion\/\" class=\"tag-cloud-link tag-link-124 tag-link-position-11\" style=\"font-size: 8pt;\" aria-label=\"digitalizaci\u00f3n (3 items)\">digitalizaci\u00f3n<\/a>\n<a href=\"https:\/\/www.actionproject.es\/en_gb\/blog\/tag\/emprendimiento\/\" class=\"tag-cloud-link tag-link-93 tag-link-position-12\" style=\"font-size: 10.121212121212pt;\" aria-label=\"emprendimiento (4 items)\">emprendimiento<\/a>\n<a href=\"https:\/\/www.actionproject.es\/en_gb\/blog\/tag\/empresas\/\" class=\"tag-cloud-link tag-link-39 tag-link-position-13\" style=\"font-size: 8pt;\" aria-label=\"empresas (3 items)\">empresas<\/a>\n<a href=\"https:\/\/www.actionproject.es\/en_gb\/blog\/tag\/empresas-sostenibles\/\" class=\"tag-cloud-link tag-link-36 tag-link-position-14\" style=\"font-size: 10.121212121212pt;\" aria-label=\"empresas sostenibles (4 items)\">empresas sostenibles<\/a>\n<a href=\"https:\/\/www.actionproject.es\/en_gb\/blog\/tag\/equipo\/\" class=\"tag-cloud-link tag-link-215 tag-link-position-15\" style=\"font-size: 10.121212121212pt;\" aria-label=\"equipo (4 items)\">equipo<\/a>\n<a href=\"https:\/\/www.actionproject.es\/en_gb\/blog\/tag\/estrategia-de-negocios\/\" class=\"tag-cloud-link tag-link-131 tag-link-position-16\" style=\"font-size: 15.424242424242pt;\" aria-label=\"estrategia de negocios (8 items)\">estrategia de negocios<\/a>\n<a href=\"https:\/\/www.actionproject.es\/en_gb\/blog\/tag\/estrategia-empresarial\/\" class=\"tag-cloud-link tag-link-204 tag-link-position-17\" style=\"font-size: 13.30303030303pt;\" aria-label=\"estrategia empresarial (6 items)\">estrategia empresarial<\/a>\n<a href=\"https:\/\/www.actionproject.es\/en_gb\/blog\/tag\/gestion-de-empresas\/\" class=\"tag-cloud-link tag-link-132 tag-link-position-18\" style=\"font-size: 13.30303030303pt;\" aria-label=\"gesti\u00f3n de empresas (6 items)\">gesti\u00f3n de empresas<\/a>\n<a href=\"https:\/\/www.actionproject.es\/en_gb\/blog\/tag\/gestion-de-equipos\/\" class=\"tag-cloud-link tag-link-98 tag-link-position-19\" style=\"font-size: 13.30303030303pt;\" aria-label=\"gesti\u00f3n de equipos (6 items)\">gesti\u00f3n de equipos<\/a>\n<a href=\"https:\/\/www.actionproject.es\/en_gb\/blog\/tag\/gestion-de-negocios\/\" class=\"tag-cloud-link tag-link-134 tag-link-position-20\" style=\"font-size: 8pt;\" aria-label=\"gesti\u00f3n de negocios (3 items)\">gesti\u00f3n de negocios<\/a>\n<a href=\"https:\/\/www.actionproject.es\/en_gb\/blog\/tag\/gestion-de-proyectos\/\" class=\"tag-cloud-link tag-link-171 tag-link-position-21\" style=\"font-size: 16.484848484848pt;\" aria-label=\"gesti\u00f3n de proyectos (9 items)\">gesti\u00f3n de proyectos<\/a>\n<a href=\"https:\/\/www.actionproject.es\/en_gb\/blog\/tag\/gestion-de-proyectos-empresariales\/\" class=\"tag-cloud-link tag-link-157 tag-link-position-22\" style=\"font-size: 13.30303030303pt;\" aria-label=\"gesti\u00f3n de proyectos empresariales (6 items)\">gesti\u00f3n de proyectos empresariales<\/a>\n<a href=\"https:\/\/www.actionproject.es\/en_gb\/blog\/tag\/gestion-empresarial\/\" class=\"tag-cloud-link tag-link-78 tag-link-position-23\" style=\"font-size: 20.30303030303pt;\" aria-label=\"gesti\u00f3n empresarial (14 items)\">gesti\u00f3n empresarial<\/a>\n<a href=\"https:\/\/www.actionproject.es\/en_gb\/blog\/tag\/habilidades-directivas\/\" class=\"tag-cloud-link tag-link-19 tag-link-position-24\" style=\"font-size: 11.818181818182pt;\" aria-label=\"habilidades directivas (5 items)\">habilidades directivas<\/a>\n<a href=\"https:\/\/www.actionproject.es\/en_gb\/blog\/tag\/identidad-corporativa\/\" class=\"tag-cloud-link tag-link-86 tag-link-position-25\" style=\"font-size: 10.121212121212pt;\" aria-label=\"identidad corporativa (4 items)\">identidad corporativa<\/a>\n<a href=\"https:\/\/www.actionproject.es\/en_gb\/blog\/tag\/identidad-grafica\/\" class=\"tag-cloud-link tag-link-85 tag-link-position-26\" style=\"font-size: 8pt;\" aria-label=\"identidad gr\u00e1fica (3 items)\">identidad gr\u00e1fica<\/a>\n<a href=\"https:\/\/www.actionproject.es\/en_gb\/blog\/tag\/interim-manager\/\" class=\"tag-cloud-link tag-link-24 tag-link-position-27\" style=\"font-size: 17.333333333333pt;\" aria-label=\"interim manager (10 items)\">interim manager<\/a>\n<a href=\"https:\/\/www.actionproject.es\/en_gb\/blog\/tag\/liderar-un-equipo\/\" class=\"tag-cloud-link tag-link-187 tag-link-position-28\" style=\"font-size: 15.424242424242pt;\" aria-label=\"liderar un equipo (8 items)\">liderar un equipo<\/a>\n<a href=\"https:\/\/www.actionproject.es\/en_gb\/blog\/tag\/liderazgo\/\" class=\"tag-cloud-link tag-link-20 tag-link-position-29\" style=\"font-size: 22pt;\" aria-label=\"Liderazgo (17 items)\">Liderazgo<\/a>\n<a href=\"https:\/\/www.actionproject.es\/en_gb\/blog\/tag\/liderazgo-de-equipo\/\" class=\"tag-cloud-link tag-link-23 tag-link-position-30\" style=\"font-size: 16.484848484848pt;\" aria-label=\"liderazgo de equipo (9 items)\">liderazgo de equipo<\/a>\n<a href=\"https:\/\/www.actionproject.es\/en_gb\/blog\/tag\/liderazgo-directivo\/\" class=\"tag-cloud-link tag-link-186 tag-link-position-31\" style=\"font-size: 13.30303030303pt;\" aria-label=\"liderazgo directivo (6 items)\">liderazgo directivo<\/a>\n<a href=\"https:\/\/www.actionproject.es\/en_gb\/blog\/tag\/liderazgo-empresarial\/\" class=\"tag-cloud-link tag-link-21 tag-link-position-32\" style=\"font-size: 22pt;\" aria-label=\"liderazgo empresarial (17 items)\">liderazgo empresarial<\/a>\n<a href=\"https:\/\/www.actionproject.es\/en_gb\/blog\/tag\/negocio\/\" class=\"tag-cloud-link tag-link-205 tag-link-position-33\" style=\"font-size: 10.121212121212pt;\" aria-label=\"negocio (4 items)\">negocio<\/a>\n<a href=\"https:\/\/www.actionproject.es\/en_gb\/blog\/tag\/objetivos-de-negocio\/\" class=\"tag-cloud-link tag-link-161 tag-link-position-34\" style=\"font-size: 11.818181818182pt;\" aria-label=\"objetivos de negocio (5 items)\">objetivos de negocio<\/a>\n<a href=\"https:\/\/www.actionproject.es\/en_gb\/blog\/tag\/organizacion-de-empresa\/\" class=\"tag-cloud-link tag-link-224 tag-link-position-35\" style=\"font-size: 11.818181818182pt;\" aria-label=\"organizaci\u00f3n de empresa (5 items)\">organizaci\u00f3n de empresa<\/a>\n<a href=\"https:\/\/www.actionproject.es\/en_gb\/blog\/tag\/planificacion\/\" class=\"tag-cloud-link tag-link-37 tag-link-position-36\" style=\"font-size: 10.121212121212pt;\" aria-label=\"planificaci\u00f3n (4 items)\">planificaci\u00f3n<\/a>\n<a href=\"https:\/\/www.actionproject.es\/en_gb\/blog\/tag\/productividad\/\" class=\"tag-cloud-link tag-link-64 tag-link-position-37\" style=\"font-size: 18.181818181818pt;\" aria-label=\"productividad (11 items)\">productividad<\/a>\n<a href=\"https:\/\/www.actionproject.es\/en_gb\/blog\/tag\/profesionalizacion-de-empresa\/\" class=\"tag-cloud-link tag-link-198 tag-link-position-38\" style=\"font-size: 13.30303030303pt;\" aria-label=\"profesionalizaci\u00f3n de empresa (6 items)\">profesionalizaci\u00f3n de empresa<\/a>\n<a href=\"https:\/\/www.actionproject.es\/en_gb\/blog\/tag\/profesionalizacion-de-empresas\/\" class=\"tag-cloud-link tag-link-49 tag-link-position-39\" style=\"font-size: 8pt;\" aria-label=\"profesionalizaci\u00f3n de empresas (3 items)\">profesionalizaci\u00f3n de empresas<\/a>\n<a href=\"https:\/\/www.actionproject.es\/en_gb\/blog\/tag\/pyme\/\" class=\"tag-cloud-link tag-link-311 tag-link-position-40\" style=\"font-size: 15.424242424242pt;\" aria-label=\"PYME (8 items)\">PYME<\/a>\n<a href=\"https:\/\/www.actionproject.es\/en_gb\/blog\/tag\/pymes\/\" class=\"tag-cloud-link tag-link-28 tag-link-position-41\" style=\"font-size: 20.30303030303pt;\" aria-label=\"Pymes (14 items)\">Pymes<\/a>\n<a href=\"https:\/\/www.actionproject.es\/en_gb\/blog\/tag\/responsabilidad-social-corporativa\/\" class=\"tag-cloud-link tag-link-32 tag-link-position-42\" style=\"font-size: 10.121212121212pt;\" aria-label=\"responsabilidad social corporativa (4 items)\">responsabilidad social corporativa<\/a>\n<a href=\"https:\/\/www.actionproject.es\/en_gb\/blog\/tag\/satisfaccion-laboral\/\" class=\"tag-cloud-link tag-link-56 tag-link-position-43\" style=\"font-size: 8pt;\" aria-label=\"satisfacci\u00f3n laboral (3 items)\">satisfacci\u00f3n laboral<\/a>\n<a href=\"https:\/\/www.actionproject.es\/en_gb\/blog\/tag\/transformacion-digital\/\" class=\"tag-cloud-link tag-link-125 tag-link-position-44\" style=\"font-size: 11.818181818182pt;\" aria-label=\"transformaci\u00f3n digital (5 items)\">transformaci\u00f3n digital<\/a>\n<a href=\"https:\/\/www.actionproject.es\/en_gb\/blog\/tag\/valores-corporativos\/\" class=\"tag-cloud-link tag-link-33 tag-link-position-45\" style=\"font-size: 8pt;\" aria-label=\"valores corporativos (3 items)\">valores corporativos<\/a><\/div>\n<\/nav>\t\t\t\t<\/div>\n\t\t\t\t<\/div>\n\t\t\t\t<\/div>\n\t\t\t\t\t<\/div>\n\t\t\t\t<\/div>\n\t\t<div class=\"elementor-element elementor-element-b871a88 e-con-full elementor-hidden-desktop elementor-hidden-tablet e-flex e-con e-parent\" data-id=\"b871a88\" data-element_type=\"container\" data-e-type=\"container\">\n\t\t\t\t<div class=\"elementor-element elementor-element-7116376 elementor-widget elementor-widget-heading\" data-id=\"7116376\" data-element_type=\"widget\" data-e-type=\"widget\" data-widget_type=\"heading.default\">\n\t\t\t\t<div class=\"elementor-widget-container\">\n\t\t\t\t\t<h5 class=\"elementor-heading-title elementor-size-default\">Busca lo que te interesa<\/h5>\t\t\t\t<\/div>\n\t\t\t\t<\/div>\n\t\t\t\t<div class=\"elementor-element elementor-element-730b332 elementor-widget elementor-widget-search\" data-id=\"730b332\" data-element_type=\"widget\" data-e-type=\"widget\" data-settings=\"{&quot;submit_trigger&quot;:&quot;key_enter&quot;,&quot;pagination_type_options&quot;:&quot;none&quot;}\" data-widget_type=\"search.default\">\n\t\t\t\t<div class=\"elementor-widget-container\">\n\t\t\t\t\t\t\t<search class=\"e-search hidden\" role=\"search\">\n\t\t\t<form class=\"e-search-form\" action=\"https:\/\/www.actionproject.es\/en_gb\/\" method=\"get\" data-trp-original-action=\"https:\/\/www.actionproject.es\/en_gb\">\n\n\t\t\t\t\n\t\t\t\t<label class=\"e-search-label\" for=\"search-730b332\">\n\t\t\t\t\t<span class=\"elementor-screen-only\">\n\t\t\t\t\t\tSearch\t\t\t\t\t<\/span>\n\t\t\t\t\t\t\t\t\t<\/label>\n\n\t\t\t\t<div class=\"e-search-input-wrapper\">\n\t\t\t\t\t<input id=\"search-730b332\" placeholder=\"Buscar\" class=\"e-search-input\" type=\"search\" name=\"s\" value=\"\" autocomplete=\"off\" role=\"combobox\" aria-autocomplete=\"list\" aria-expanded=\"false\" aria-controls=\"results-730b332\" aria-haspopup=\"listbox\">\n\t\t\t\t\t<svg aria-hidden=\"true\" class=\"e-font-icon-svg e-fas-times\" viewbox=\"0 0 352 512\" xmlns=\"http:\/\/www.w3.org\/2000\/svg\"><path d=\"M242.72 256l100.07-100.07c12.28-12.28 12.28-32.19 0-44.48l-22.24-22.24c-12.28-12.28-32.19-12.28-44.48 0L176 189.28 75.93 89.21c-12.28-12.28-32.19-12.28-44.48 0L9.21 111.45c-12.28 12.28-12.28 32.19 0 44.48L109.28 256 9.21 356.07c-12.28 12.28-12.28 32.19 0 44.48l22.24 22.24c12.28 12.28 32.2 12.28 44.48 0L176 322.72l100.07 100.07c12.28 12.28 32.2 12.28 44.48 0l22.24-22.24c12.28-12.28 12.28-32.19 0-44.48L242.72 256z\"><\/path><\/svg>\t\t\t\t\t\t\t\t\t\t<output id=\"results-730b332\" class=\"e-search-results-container hide-loader\" aria-live=\"polite\" aria-atomic=\"true\" aria-label=\"Results for search\" tabindex=\"0\">\n\t\t\t\t\t\t<div class=\"e-search-results\"><\/div>\n\t\t\t\t\t\t\t\t\t\t\t<\/output>\n\t\t\t\t\t\t\t\t\t<\/div>\n\t\t\t\t\n\t\t\t\t\n\t\t\t\t<button class=\"e-search-submit elementor-screen-only\" type=\"submit\" aria-label=\"Search\">\n\t\t\t\t\t\n\t\t\t\t\t\t\t\t\t<\/button>\n\t\t\t\t<input type=\"hidden\" name=\"e_search_props\" value=\"730b332-153\">\n\t\t\t<input type=\"hidden\" name=\"trp-form-language\" value=\"en_gb\"\/><\/form>\n\t\t<\/search>\n\t\t\t\t\t\t<\/div>\n\t\t\t\t<\/div>\n\t\t\t\t<div class=\"elementor-element elementor-element-55429586 elementor-grid-4 elementor-grid-tablet-2 elementor-grid-mobile-1 elementor-posts--thumbnail-top elementor-card-shadow-yes elementor-posts__hover-gradient elementor-widget elementor-widget-posts\" data-id=\"55429586\" data-element_type=\"widget\" data-e-type=\"widget\" data-settings=\"{&quot;cards_columns&quot;:&quot;4&quot;,&quot;cards_columns_tablet&quot;:&quot;2&quot;,&quot;cards_columns_mobile&quot;:&quot;1&quot;,&quot;cards_row_gap&quot;:{&quot;unit&quot;:&quot;px&quot;,&quot;size&quot;:35,&quot;sizes&quot;:[]},&quot;cards_row_gap_tablet&quot;:{&quot;unit&quot;:&quot;px&quot;,&quot;size&quot;:&quot;&quot;,&quot;sizes&quot;:[]},&quot;cards_row_gap_mobile&quot;:{&quot;unit&quot;:&quot;px&quot;,&quot;size&quot;:&quot;&quot;,&quot;sizes&quot;:[]}}\" data-widget_type=\"posts.cards\">\n\t\t\t\t<div class=\"elementor-widget-container\">\n\t\t\t\t\t\t\t<div class=\"elementor-posts-container elementor-posts elementor-posts--skin-cards elementor-grid\" role=\"list\">\n\t\t\t\t<article class=\"elementor-post elementor-grid-item post-2189 post type-post status-publish format-standard has-post-thumbnail hentry category-estrategia-empresarial tag-acompanamiento-directivo tag-consultoria-estrategica tag-crecimiento-sostenible tag-direccion-por-objetivos tag-gestion-de-proyectos tag-gestion-empresarial tag-ionproject tag-kpi tag-liderazgo tag-productividad tag-profesionalizacion tag-pyme tag-resultados\" role=\"listitem\">\n\t\t\t<div class=\"elementor-post__card\">\n\t\t\t\t<a class=\"elementor-post__thumbnail__link\" href=\"https:\/\/www.actionproject.es\/en_gb\/blog\/siete-anos-construyendo-empresas-mas-solidas-el-camino-de-actionproject\/\" tabindex=\"-1\" ><div class=\"elementor-post__thumbnail\"><img fetchpriority=\"high\" decoding=\"async\" width=\"1920\" height=\"1080\" src=\"https:\/\/www.actionproject.es\/wp-content\/uploads\/2025\/12\/Siete-anos-construyendo-empresas.png\" class=\"attachment-full size-full wp-image-2190\" alt=\"\" srcset=\"https:\/\/www.actionproject.es\/wp-content\/uploads\/2025\/12\/Siete-anos-construyendo-empresas.png 1920w, https:\/\/www.actionproject.es\/wp-content\/uploads\/2025\/12\/Siete-anos-construyendo-empresas-300x169.png 300w, https:\/\/www.actionproject.es\/wp-content\/uploads\/2025\/12\/Siete-anos-construyendo-empresas-1024x576.png 1024w, https:\/\/www.actionproject.es\/wp-content\/uploads\/2025\/12\/Siete-anos-construyendo-empresas-768x432.png 768w, https:\/\/www.actionproject.es\/wp-content\/uploads\/2025\/12\/Siete-anos-construyendo-empresas-1536x864.png 1536w, https:\/\/www.actionproject.es\/wp-content\/uploads\/2025\/12\/Siete-anos-construyendo-empresas-18x10.png 18w\" sizes=\"(max-width: 1920px) 100vw, 1920px\" \/><\/div><\/a>\n\t\t\t\t<div class=\"elementor-post__badge\">Business strategy<\/div>\n\t\t\t\t<div class=\"elementor-post__text\">\n\t\t\t\t<h3 class=\"elementor-post__title\">\n\t\t\t<a href=\"https:\/\/www.actionproject.es\/en_gb\/blog\/siete-anos-construyendo-empresas-mas-solidas-el-camino-de-actionproject\/\" >\n\t\t\t\tActionProject, Consultor\u00eda de empresas en Sevilla: Lo que aprendimos tras 7 a\u00f1os impulsando PYMEs\t\t\t<\/a>\n\t\t<\/h3>\n\t\t\n\t\t<a class=\"elementor-post__read-more\" href=\"https:\/\/www.actionproject.es\/en_gb\/blog\/siete-anos-construyendo-empresas-mas-solidas-el-camino-de-actionproject\/\" aria-label=\"Read more about ActionProject, Consultor\u00eda de empresas en Sevilla: Lo que aprendimos tras 7 a\u00f1os impulsando PYMEs\" tabindex=\"-1\" >\n\t\t\tRead more &#034;\t\t<\/a>\n\n\t\t\t\t<\/div>\n\t\t\t\t<div class=\"elementor-post__meta-data\">\n\t\t\t\t\t<span class=\"elementor-post-date\">\n\t\t\t2 de December de 2025\t\t<\/span>\n\t\t\t\t<\/div>\n\t\t\t\t\t<\/div>\n\t\t<\/article>\n\t\t\t\t<article class=\"elementor-post elementor-grid-item post-2619 post type-post status-publish format-standard has-post-thumbnail hentry category-estrategia-empresarial tag-clima-laboral tag-delegacion tag-desarrollo-directivo tag-gestion-de-personas tag-habilidades-directivas tag-liderazgo tag-motivacion-de-equipos tag-pyme tag-retencion-de-talento\" role=\"listitem\">\n\t\t\t<div class=\"elementor-post__card\">\n\t\t\t\t<a class=\"elementor-post__thumbnail__link\" href=\"https:\/\/www.actionproject.es\/en_gb\/blog\/liderazgo-que-inspira-motivar-equipo-pyme\/\" tabindex=\"-1\" ><div class=\"elementor-post__thumbnail\"><img decoding=\"async\" width=\"1920\" height=\"1080\" data-src=\"https:\/\/www.actionproject.es\/wp-content\/uploads\/2026\/04\/liderazgo-.jpg\" class=\"attachment-full size-full wp-image-2620 lazyload\" alt=\"\" data-srcset=\"https:\/\/www.actionproject.es\/wp-content\/uploads\/2026\/04\/liderazgo-.jpg 1920w, https:\/\/www.actionproject.es\/wp-content\/uploads\/2026\/04\/liderazgo--300x169.jpg 300w, https:\/\/www.actionproject.es\/wp-content\/uploads\/2026\/04\/liderazgo--1024x576.jpg 1024w, https:\/\/www.actionproject.es\/wp-content\/uploads\/2026\/04\/liderazgo--768x432.jpg 768w, https:\/\/www.actionproject.es\/wp-content\/uploads\/2026\/04\/liderazgo--1536x864.jpg 1536w, https:\/\/www.actionproject.es\/wp-content\/uploads\/2026\/04\/liderazgo--18x10.jpg 18w\" data-sizes=\"(max-width: 1920px) 100vw, 1920px\" src=\"data:image\/svg+xml;base64,PHN2ZyB3aWR0aD0iMSIgaGVpZ2h0PSIxIiB4bWxucz0iaHR0cDovL3d3dy53My5vcmcvMjAwMC9zdmciPjwvc3ZnPg==\" style=\"--smush-placeholder-width: 1920px; --smush-placeholder-aspect-ratio: 1920\/1080;\" \/><\/div><\/a>\n\t\t\t\t<div class=\"elementor-post__badge\">Business strategy<\/div>\n\t\t\t\t<div class=\"elementor-post__text\">\n\t\t\t\t<h3 class=\"elementor-post__title\">\n\t\t\t<a href=\"https:\/\/www.actionproject.es\/en_gb\/blog\/liderazgo-que-inspira-motivar-equipo-pyme\/\" >\n\t\t\t\tLiderazgo que inspira: c\u00f3mo lograr que tu equipo d\u00e9 lo mejor\t\t\t<\/a>\n\t\t<\/h3>\n\t\t\n\t\t<a class=\"elementor-post__read-more\" href=\"https:\/\/www.actionproject.es\/en_gb\/blog\/liderazgo-que-inspira-motivar-equipo-pyme\/\" aria-label=\"Read more about Liderazgo que inspira: c\u00f3mo lograr que tu equipo d\u00e9 lo mejor\" tabindex=\"-1\" >\n\t\t\tRead more &#034;\t\t<\/a>\n\n\t\t\t\t<\/div>\n\t\t\t\t<div class=\"elementor-post__meta-data\">\n\t\t\t\t\t<span class=\"elementor-post-date\">\n\t\t\t26 de April de 2026\t\t<\/span>\n\t\t\t\t<\/div>\n\t\t\t\t\t<\/div>\n\t\t<\/article>\n\t\t\t\t<article class=\"elementor-post elementor-grid-item post-2615 post type-post status-publish format-standard has-post-thumbnail hentry category-actualidad tag-automatizacion tag-consultoria-estrategica tag-digitalizacion tag-gestion-del-cambio tag-inteligencia-artificial tag-kpis tag-pyme tag-transformacion-digital\" role=\"listitem\">\n\t\t\t<div class=\"elementor-post__card\">\n\t\t\t\t<a class=\"elementor-post__thumbnail__link\" href=\"https:\/\/www.actionproject.es\/en_gb\/blog\/transformacion-digital-pyme-2026-por-donde-empezar\/\" tabindex=\"-1\" ><div class=\"elementor-post__thumbnail\"><img decoding=\"async\" width=\"1920\" height=\"1080\" data-src=\"https:\/\/www.actionproject.es\/wp-content\/uploads\/2026\/04\/transfor.jpg\" class=\"attachment-full size-full wp-image-2616 lazyload\" alt=\"\" data-srcset=\"https:\/\/www.actionproject.es\/wp-content\/uploads\/2026\/04\/transfor.jpg 1920w, https:\/\/www.actionproject.es\/wp-content\/uploads\/2026\/04\/transfor-300x169.jpg 300w, https:\/\/www.actionproject.es\/wp-content\/uploads\/2026\/04\/transfor-1024x576.jpg 1024w, https:\/\/www.actionproject.es\/wp-content\/uploads\/2026\/04\/transfor-768x432.jpg 768w, https:\/\/www.actionproject.es\/wp-content\/uploads\/2026\/04\/transfor-1536x864.jpg 1536w, https:\/\/www.actionproject.es\/wp-content\/uploads\/2026\/04\/transfor-18x10.jpg 18w\" data-sizes=\"(max-width: 1920px) 100vw, 1920px\" src=\"data:image\/svg+xml;base64,PHN2ZyB3aWR0aD0iMSIgaGVpZ2h0PSIxIiB4bWxucz0iaHR0cDovL3d3dy53My5vcmcvMjAwMC9zdmciPjwvc3ZnPg==\" style=\"--smush-placeholder-width: 1920px; --smush-placeholder-aspect-ratio: 1920\/1080;\" \/><\/div><\/a>\n\t\t\t\t<div class=\"elementor-post__badge\">Actualidad<\/div>\n\t\t\t\t<div class=\"elementor-post__text\">\n\t\t\t\t<h3 class=\"elementor-post__title\">\n\t\t\t<a href=\"https:\/\/www.actionproject.es\/en_gb\/blog\/transformacion-digital-pyme-2026-por-donde-empezar\/\" >\n\t\t\t\tTransformaci\u00f3n digital en 2026: Por d\u00f3nde empezar si eres una PYME\t\t\t<\/a>\n\t\t<\/h3>\n\t\t\n\t\t<a class=\"elementor-post__read-more\" href=\"https:\/\/www.actionproject.es\/en_gb\/blog\/transformacion-digital-pyme-2026-por-donde-empezar\/\" aria-label=\"Read more about Transformaci\u00f3n digital en 2026: Por d\u00f3nde empezar si eres una PYME\" tabindex=\"-1\" >\n\t\t\tRead more &#034;\t\t<\/a>\n\n\t\t\t\t<\/div>\n\t\t\t\t<div class=\"elementor-post__meta-data\">\n\t\t\t\t\t<span class=\"elementor-post-date\">\n\t\t\t25 de April de 2026\t\t<\/span>\n\t\t\t\t<\/div>\n\t\t\t\t\t<\/div>\n\t\t<\/article>\n\t\t\t\t<article class=\"elementor-post elementor-grid-item post-2454 post type-post status-publish format-standard has-post-thumbnail hentry category-estrategia-empresarial tag-asignacion-de-roles tag-conflictos-laborales tag-distribucion-de-tareas tag-gestion-de-equipos tag-liderazgo tag-organizacion-del-trabajo tag-productividad-pyme\" role=\"listitem\">\n\t\t\t<div class=\"elementor-post__card\">\n\t\t\t\t<a class=\"elementor-post__thumbnail__link\" href=\"https:\/\/www.actionproject.es\/en_gb\/blog\/asignar-roles-tareas-sin-conflictos-en-equipo\/\" tabindex=\"-1\" ><div class=\"elementor-post__thumbnail\"><img decoding=\"async\" width=\"1920\" height=\"1080\" data-src=\"https:\/\/www.actionproject.es\/wp-content\/uploads\/2026\/03\/roles-empresa.png\" class=\"attachment-full size-full wp-image-2455 lazyload\" alt=\"asignar roles y tareas sin conflictos\" data-srcset=\"https:\/\/www.actionproject.es\/wp-content\/uploads\/2026\/03\/roles-empresa.png 1920w, https:\/\/www.actionproject.es\/wp-content\/uploads\/2026\/03\/roles-empresa-300x169.png 300w, https:\/\/www.actionproject.es\/wp-content\/uploads\/2026\/03\/roles-empresa-1024x576.png 1024w, https:\/\/www.actionproject.es\/wp-content\/uploads\/2026\/03\/roles-empresa-768x432.png 768w, https:\/\/www.actionproject.es\/wp-content\/uploads\/2026\/03\/roles-empresa-1536x864.png 1536w, https:\/\/www.actionproject.es\/wp-content\/uploads\/2026\/03\/roles-empresa-18x10.png 18w\" data-sizes=\"(max-width: 1920px) 100vw, 1920px\" src=\"data:image\/svg+xml;base64,PHN2ZyB3aWR0aD0iMSIgaGVpZ2h0PSIxIiB4bWxucz0iaHR0cDovL3d3dy53My5vcmcvMjAwMC9zdmciPjwvc3ZnPg==\" style=\"--smush-placeholder-width: 1920px; --smush-placeholder-aspect-ratio: 1920\/1080;\" \/><\/div><\/a>\n\t\t\t\t<div class=\"elementor-post__badge\">Business strategy<\/div>\n\t\t\t\t<div class=\"elementor-post__text\">\n\t\t\t\t<h3 class=\"elementor-post__title\">\n\t\t\t<a href=\"https:\/\/www.actionproject.es\/en_gb\/blog\/asignar-roles-tareas-sin-conflictos-en-equipo\/\" >\n\t\t\t\tC\u00f3mo asignar roles y tareas sin generar conflictos internos en tu equipo\t\t\t<\/a>\n\t\t<\/h3>\n\t\t\n\t\t<a class=\"elementor-post__read-more\" href=\"https:\/\/www.actionproject.es\/en_gb\/blog\/asignar-roles-tareas-sin-conflictos-en-equipo\/\" aria-label=\"Read more about C\u00f3mo asignar roles y tareas sin generar conflictos internos en tu equipo\" tabindex=\"-1\" >\n\t\t\tRead more &#034;\t\t<\/a>\n\n\t\t\t\t<\/div>\n\t\t\t\t<div class=\"elementor-post__meta-data\">\n\t\t\t\t\t<span class=\"elementor-post-date\">\n\t\t\t28 de March de 2026\t\t<\/span>\n\t\t\t\t<\/div>\n\t\t\t\t\t<\/div>\n\t\t<\/article>\n\t\t\t\t<article class=\"elementor-post elementor-grid-item post-2451 post type-post status-publish format-standard has-post-thumbnail hentry category-sin-categoria tag-consultoria-de-empresa tag-consultoria-estrategica tag-direccion-estrategica tag-gestion-de-proyectos tag-gestion-empresarial tag-interim-management tag-interim-manager tag-liderazgo tag-pyme tag-transformacion-empresarial\" role=\"listitem\">\n\t\t\t<div class=\"elementor-post__card\">\n\t\t\t\t<a class=\"elementor-post__thumbnail__link\" href=\"https:\/\/www.actionproject.es\/en_gb\/blog\/interim-management-vs-consultoria-tradicional-pyme\/\" tabindex=\"-1\" ><div class=\"elementor-post__thumbnail\"><img decoding=\"async\" width=\"1920\" height=\"1080\" data-src=\"https:\/\/www.actionproject.es\/wp-content\/uploads\/2026\/03\/management.jpg\" class=\"attachment-full size-full wp-image-2445 lazyload\" alt=\"\" data-srcset=\"https:\/\/www.actionproject.es\/wp-content\/uploads\/2026\/03\/management.jpg 1920w, https:\/\/www.actionproject.es\/wp-content\/uploads\/2026\/03\/management-300x169.jpg 300w, https:\/\/www.actionproject.es\/wp-content\/uploads\/2026\/03\/management-1024x576.jpg 1024w, https:\/\/www.actionproject.es\/wp-content\/uploads\/2026\/03\/management-768x432.jpg 768w, https:\/\/www.actionproject.es\/wp-content\/uploads\/2026\/03\/management-1536x864.jpg 1536w, https:\/\/www.actionproject.es\/wp-content\/uploads\/2026\/03\/management-18x10.jpg 18w\" data-sizes=\"(max-width: 1920px) 100vw, 1920px\" src=\"data:image\/svg+xml;base64,PHN2ZyB3aWR0aD0iMSIgaGVpZ2h0PSIxIiB4bWxucz0iaHR0cDovL3d3dy53My5vcmcvMjAwMC9zdmciPjwvc3ZnPg==\" style=\"--smush-placeholder-width: 1920px; --smush-placeholder-aspect-ratio: 1920\/1080;\" \/><\/div><\/a>\n\t\t\t\t<div class=\"elementor-post__badge\">Without category<\/div>\n\t\t\t\t<div class=\"elementor-post__text\">\n\t\t\t\t<h3 class=\"elementor-post__title\">\n\t\t\t<a href=\"https:\/\/www.actionproject.es\/en_gb\/blog\/interim-management-vs-consultoria-tradicional-pyme\/\" >\n\t\t\t\tInterim Management vs Consultor\u00eda tradicional: Qu\u00e9 necesita realmente tu PYME\t\t\t<\/a>\n\t\t<\/h3>\n\t\t\n\t\t<a class=\"elementor-post__read-more\" href=\"https:\/\/www.actionproject.es\/en_gb\/blog\/interim-management-vs-consultoria-tradicional-pyme\/\" aria-label=\"Read more about Interim Management vs Consultor\u00eda tradicional: Qu\u00e9 necesita realmente tu PYME\" tabindex=\"-1\" >\n\t\t\tRead more &#034;\t\t<\/a>\n\n\t\t\t\t<\/div>\n\t\t\t\t<div class=\"elementor-post__meta-data\">\n\t\t\t\t\t<span class=\"elementor-post-date\">\n\t\t\t20 de March de 2026\t\t<\/span>\n\t\t\t\t<\/div>\n\t\t\t\t\t<\/div>\n\t\t<\/article>\n\t\t\t\t<article class=\"elementor-post elementor-grid-item post-2444 post type-post status-publish format-standard has-post-thumbnail hentry category-estrategia-empresarial tag-cultura-empresarial tag-desarrollo-profesional tag-gestion-de-equipos tag-gestion-empresarial tag-liderazgo tag-recursos-humanos-pyme tag-retencion-de-talento tag-rotacion-de-personal\" role=\"listitem\">\n\t\t\t<div class=\"elementor-post__card\">\n\t\t\t\t<a class=\"elementor-post__thumbnail__link\" href=\"https:\/\/www.actionproject.es\/en_gb\/blog\/como-retener-talento-pyme\/\" tabindex=\"-1\" ><div class=\"elementor-post__thumbnail\"><img decoding=\"async\" width=\"1920\" height=\"1080\" data-src=\"https:\/\/www.actionproject.es\/wp-content\/uploads\/2026\/03\/talento.jpg\" class=\"attachment-full size-full wp-image-2446 lazyload\" alt=\"\" data-srcset=\"https:\/\/www.actionproject.es\/wp-content\/uploads\/2026\/03\/talento.jpg 1920w, https:\/\/www.actionproject.es\/wp-content\/uploads\/2026\/03\/talento-300x169.jpg 300w, https:\/\/www.actionproject.es\/wp-content\/uploads\/2026\/03\/talento-1024x576.jpg 1024w, https:\/\/www.actionproject.es\/wp-content\/uploads\/2026\/03\/talento-768x432.jpg 768w, https:\/\/www.actionproject.es\/wp-content\/uploads\/2026\/03\/talento-1536x864.jpg 1536w, https:\/\/www.actionproject.es\/wp-content\/uploads\/2026\/03\/talento-18x10.jpg 18w\" data-sizes=\"(max-width: 1920px) 100vw, 1920px\" src=\"data:image\/svg+xml;base64,PHN2ZyB3aWR0aD0iMSIgaGVpZ2h0PSIxIiB4bWxucz0iaHR0cDovL3d3dy53My5vcmcvMjAwMC9zdmciPjwvc3ZnPg==\" style=\"--smush-placeholder-width: 1920px; --smush-placeholder-aspect-ratio: 1920\/1080;\" \/><\/div><\/a>\n\t\t\t\t<div class=\"elementor-post__badge\">Business strategy<\/div>\n\t\t\t\t<div class=\"elementor-post__text\">\n\t\t\t\t<h3 class=\"elementor-post__title\">\n\t\t\t<a href=\"https:\/\/www.actionproject.es\/en_gb\/blog\/como-retener-talento-pyme\/\" >\n\t\t\t\tC\u00f3mo retener talento en una PYME: estrategias m\u00e1s all\u00e1 del salario\t\t\t<\/a>\n\t\t<\/h3>\n\t\t\n\t\t<a class=\"elementor-post__read-more\" href=\"https:\/\/www.actionproject.es\/en_gb\/blog\/como-retener-talento-pyme\/\" aria-label=\"Read more about C\u00f3mo retener talento en una PYME: estrategias m\u00e1s all\u00e1 del salario\" tabindex=\"-1\" >\n\t\t\tRead more &#034;\t\t<\/a>\n\n\t\t\t\t<\/div>\n\t\t\t\t<div class=\"elementor-post__meta-data\">\n\t\t\t\t\t<span class=\"elementor-post-date\">\n\t\t\t20 de March de 2026\t\t<\/span>\n\t\t\t\t<\/div>\n\t\t\t\t\t<\/div>\n\t\t<\/article>\n\t\t\t\t<article class=\"elementor-post elementor-grid-item post-2391 post type-post status-publish format-standard has-post-thumbnail hentry category-estrategia-empresarial tag-consultoria-de-empresa tag-cultura-empresarial tag-direccion-estrategica tag-estrategia-empresarial tag-gestion-empresarial tag-identidad-corporativa tag-mision-empresarial tag-planificacion-estrategica tag-pyme tag-valores-empresariales\" role=\"listitem\">\n\t\t\t<div class=\"elementor-post__card\">\n\t\t\t\t<a class=\"elementor-post__thumbnail__link\" href=\"https:\/\/www.actionproject.es\/en_gb\/blog\/importancia-mision-empresarial\/\" tabindex=\"-1\" ><div class=\"elementor-post__thumbnail\"><img decoding=\"async\" width=\"1920\" height=\"1080\" data-src=\"https:\/\/www.actionproject.es\/wp-content\/uploads\/2026\/03\/brujula.png\" class=\"attachment-full size-full wp-image-2392 lazyload\" alt=\"\" data-srcset=\"https:\/\/www.actionproject.es\/wp-content\/uploads\/2026\/03\/brujula.png 1920w, https:\/\/www.actionproject.es\/wp-content\/uploads\/2026\/03\/brujula-300x169.png 300w, https:\/\/www.actionproject.es\/wp-content\/uploads\/2026\/03\/brujula-1024x576.png 1024w, https:\/\/www.actionproject.es\/wp-content\/uploads\/2026\/03\/brujula-768x432.png 768w, https:\/\/www.actionproject.es\/wp-content\/uploads\/2026\/03\/brujula-1536x864.png 1536w, https:\/\/www.actionproject.es\/wp-content\/uploads\/2026\/03\/brujula-18x10.png 18w\" data-sizes=\"(max-width: 1920px) 100vw, 1920px\" src=\"data:image\/svg+xml;base64,PHN2ZyB3aWR0aD0iMSIgaGVpZ2h0PSIxIiB4bWxucz0iaHR0cDovL3d3dy53My5vcmcvMjAwMC9zdmciPjwvc3ZnPg==\" style=\"--smush-placeholder-width: 1920px; --smush-placeholder-aspect-ratio: 1920\/1080;\" \/><\/div><\/a>\n\t\t\t\t<div class=\"elementor-post__badge\">Business strategy<\/div>\n\t\t\t\t<div class=\"elementor-post__text\">\n\t\t\t\t<h3 class=\"elementor-post__title\">\n\t\t\t<a href=\"https:\/\/www.actionproject.es\/en_gb\/blog\/importancia-mision-empresarial\/\" >\n\t\t\t\tPor qu\u00e9 una misi\u00f3n empresarial bien definida cambia el rumbo de tu empresa\t\t\t<\/a>\n\t\t<\/h3>\n\t\t\n\t\t<a class=\"elementor-post__read-more\" href=\"https:\/\/www.actionproject.es\/en_gb\/blog\/importancia-mision-empresarial\/\" aria-label=\"Read more about Por qu\u00e9 una misi\u00f3n empresarial bien definida cambia el rumbo de tu empresa\" tabindex=\"-1\" >\n\t\t\tRead more &#034;\t\t<\/a>\n\n\t\t\t\t<\/div>\n\t\t\t\t<div class=\"elementor-post__meta-data\">\n\t\t\t\t\t<span class=\"elementor-post-date\">\n\t\t\t6 de March de 2026\t\t<\/span>\n\t\t\t\t<\/div>\n\t\t\t\t\t<\/div>\n\t\t<\/article>\n\t\t\t\t<article class=\"elementor-post elementor-grid-item post-2387 post type-post status-publish format-standard has-post-thumbnail hentry category-estrategia-empresarial tag-consultoria tag-estrategia-comercial tag-flujo-de-caja tag-gestion-de-crisis tag-liderazgo-empresarial tag-negocio tag-pequena-empresa tag-pyme tag-reactivacion-comercial tag-ventas\" role=\"listitem\">\n\t\t\t<div class=\"elementor-post__card\">\n\t\t\t\t<a class=\"elementor-post__thumbnail__link\" href=\"https:\/\/www.actionproject.es\/en_gb\/blog\/que-hacer-cuando-bajan-las-ventas\/\" tabindex=\"-1\" ><div class=\"elementor-post__thumbnail\"><img decoding=\"async\" width=\"1920\" height=\"1080\" data-src=\"https:\/\/www.actionproject.es\/wp-content\/uploads\/2026\/02\/andslkfja.png\" class=\"attachment-full size-full wp-image-2388 lazyload\" alt=\"\" data-srcset=\"https:\/\/www.actionproject.es\/wp-content\/uploads\/2026\/02\/andslkfja.png 1920w, https:\/\/www.actionproject.es\/wp-content\/uploads\/2026\/02\/andslkfja-300x169.png 300w, https:\/\/www.actionproject.es\/wp-content\/uploads\/2026\/02\/andslkfja-1024x576.png 1024w, https:\/\/www.actionproject.es\/wp-content\/uploads\/2026\/02\/andslkfja-768x432.png 768w, https:\/\/www.actionproject.es\/wp-content\/uploads\/2026\/02\/andslkfja-1536x864.png 1536w, https:\/\/www.actionproject.es\/wp-content\/uploads\/2026\/02\/andslkfja-18x10.png 18w\" data-sizes=\"(max-width: 1920px) 100vw, 1920px\" src=\"data:image\/svg+xml;base64,PHN2ZyB3aWR0aD0iMSIgaGVpZ2h0PSIxIiB4bWxucz0iaHR0cDovL3d3dy53My5vcmcvMjAwMC9zdmciPjwvc3ZnPg==\" style=\"--smush-placeholder-width: 1920px; --smush-placeholder-aspect-ratio: 1920\/1080;\" \/><\/div><\/a>\n\t\t\t\t<div class=\"elementor-post__badge\">Business strategy<\/div>\n\t\t\t\t<div class=\"elementor-post__text\">\n\t\t\t\t<h3 class=\"elementor-post__title\">\n\t\t\t<a href=\"https:\/\/www.actionproject.es\/en_gb\/blog\/que-hacer-cuando-bajan-las-ventas\/\" >\n\t\t\t\tQu\u00e9 hacer cuando las ventas bajan: 5 acciones urgentes para reactivar ingresos\t\t\t<\/a>\n\t\t<\/h3>\n\t\t\n\t\t<a class=\"elementor-post__read-more\" href=\"https:\/\/www.actionproject.es\/en_gb\/blog\/que-hacer-cuando-bajan-las-ventas\/\" aria-label=\"Read more about Qu\u00e9 hacer cuando las ventas bajan: 5 acciones urgentes para reactivar ingresos\" tabindex=\"-1\" >\n\t\t\tRead more &#034;\t\t<\/a>\n\n\t\t\t\t<\/div>\n\t\t\t\t<div class=\"elementor-post__meta-data\">\n\t\t\t\t\t<span class=\"elementor-post-date\">\n\t\t\t27 de February de 2026\t\t<\/span>\n\t\t\t\t<\/div>\n\t\t\t\t\t<\/div>\n\t\t<\/article>\n\t\t\t\t<article class=\"elementor-post elementor-grid-item post-2384 post type-post status-publish format-standard has-post-thumbnail hentry category-estrategia-empresarial tag-actionproject tag-consultoria-de-negocio tag-crecimiento-empresarial tag-estrategia-de-negocio tag-gestion-empresarial tag-kpis tag-objetivos-estrategicos tag-planificacion-empresarial tag-pymes tag-revision-estrategica\" role=\"listitem\">\n\t\t\t<div class=\"elementor-post__card\">\n\t\t\t\t<a class=\"elementor-post__thumbnail__link\" href=\"https:\/\/www.actionproject.es\/en_gb\/blog\/revision-estrategia-negocio-plan-anual\/\" tabindex=\"-1\" ><div class=\"elementor-post__thumbnail\"><img decoding=\"async\" width=\"1920\" height=\"1080\" data-src=\"https:\/\/www.actionproject.es\/wp-content\/uploads\/2026\/02\/business-plan.png\" class=\"attachment-full size-full wp-image-2385 lazyload\" alt=\"\" data-srcset=\"https:\/\/www.actionproject.es\/wp-content\/uploads\/2026\/02\/business-plan.png 1920w, https:\/\/www.actionproject.es\/wp-content\/uploads\/2026\/02\/business-plan-300x169.png 300w, https:\/\/www.actionproject.es\/wp-content\/uploads\/2026\/02\/business-plan-1024x576.png 1024w, https:\/\/www.actionproject.es\/wp-content\/uploads\/2026\/02\/business-plan-768x432.png 768w, https:\/\/www.actionproject.es\/wp-content\/uploads\/2026\/02\/business-plan-1536x864.png 1536w, https:\/\/www.actionproject.es\/wp-content\/uploads\/2026\/02\/business-plan-18x10.png 18w\" data-sizes=\"(max-width: 1920px) 100vw, 1920px\" src=\"data:image\/svg+xml;base64,PHN2ZyB3aWR0aD0iMSIgaGVpZ2h0PSIxIiB4bWxucz0iaHR0cDovL3d3dy53My5vcmcvMjAwMC9zdmciPjwvc3ZnPg==\" style=\"--smush-placeholder-width: 1920px; --smush-placeholder-aspect-ratio: 1920\/1080;\" \/><\/div><\/a>\n\t\t\t\t<div class=\"elementor-post__badge\">Business strategy<\/div>\n\t\t\t\t<div class=\"elementor-post__text\">\n\t\t\t\t<h3 class=\"elementor-post__title\">\n\t\t\t<a href=\"https:\/\/www.actionproject.es\/en_gb\/blog\/revision-estrategia-negocio-plan-anual\/\" >\n\t\t\t\tEstrategia de negocio: c\u00f3mo saber si tu plan sigue siendo v\u00e1lido\t\t\t<\/a>\n\t\t<\/h3>\n\t\t\n\t\t<a class=\"elementor-post__read-more\" href=\"https:\/\/www.actionproject.es\/en_gb\/blog\/revision-estrategia-negocio-plan-anual\/\" aria-label=\"Read more about Estrategia de negocio: c\u00f3mo saber si tu plan sigue siendo v\u00e1lido\" tabindex=\"-1\" >\n\t\t\tRead more &#034;\t\t<\/a>\n\n\t\t\t\t<\/div>\n\t\t\t\t<div class=\"elementor-post__meta-data\">\n\t\t\t\t\t<span class=\"elementor-post-date\">\n\t\t\t24 de February de 2026\t\t<\/span>\n\t\t\t\t<\/div>\n\t\t\t\t\t<\/div>\n\t\t<\/article>\n\t\t\t\t<article class=\"elementor-post elementor-grid-item post-2379 post type-post status-publish format-standard has-post-thumbnail hentry category-sin-categoria tag-delegacion tag-gerencia tag-gestion-de-equipos tag-gestion-operativa tag-liderazgo tag-optimizacion-de-tiempo tag-productividad-empresarial tag-pyme\" role=\"listitem\">\n\t\t\t<div class=\"elementor-post__card\">\n\t\t\t\t<a class=\"elementor-post__thumbnail__link\" href=\"https:\/\/www.actionproject.es\/en_gb\/blog\/delegar-gerencia-sin-perder-control\/\" tabindex=\"-1\" ><div class=\"elementor-post__thumbnail\"><img decoding=\"async\" width=\"1920\" height=\"1080\" data-src=\"https:\/\/www.actionproject.es\/wp-content\/uploads\/2026\/02\/delegar.png\" class=\"attachment-full size-full wp-image-2380 lazyload\" alt=\"\" data-srcset=\"https:\/\/www.actionproject.es\/wp-content\/uploads\/2026\/02\/delegar.png 1920w, https:\/\/www.actionproject.es\/wp-content\/uploads\/2026\/02\/delegar-300x169.png 300w, https:\/\/www.actionproject.es\/wp-content\/uploads\/2026\/02\/delegar-1024x576.png 1024w, https:\/\/www.actionproject.es\/wp-content\/uploads\/2026\/02\/delegar-768x432.png 768w, https:\/\/www.actionproject.es\/wp-content\/uploads\/2026\/02\/delegar-1536x864.png 1536w, https:\/\/www.actionproject.es\/wp-content\/uploads\/2026\/02\/delegar-18x10.png 18w\" data-sizes=\"(max-width: 1920px) 100vw, 1920px\" src=\"data:image\/svg+xml;base64,PHN2ZyB3aWR0aD0iMSIgaGVpZ2h0PSIxIiB4bWxucz0iaHR0cDovL3d3dy53My5vcmcvMjAwMC9zdmciPjwvc3ZnPg==\" style=\"--smush-placeholder-width: 1920px; --smush-placeholder-aspect-ratio: 1920\/1080;\" \/><\/div><\/a>\n\t\t\t\t<div class=\"elementor-post__badge\">Without category<\/div>\n\t\t\t\t<div class=\"elementor-post__text\">\n\t\t\t\t<h3 class=\"elementor-post__title\">\n\t\t\t<a href=\"https:\/\/www.actionproject.es\/en_gb\/blog\/delegar-gerencia-sin-perder-control\/\" >\n\t\t\t\tDelegar desde gerencia: c\u00f3mo no perder el control y ganar tiempo\t\t\t<\/a>\n\t\t<\/h3>\n\t\t\n\t\t<a class=\"elementor-post__read-more\" href=\"https:\/\/www.actionproject.es\/en_gb\/blog\/delegar-gerencia-sin-perder-control\/\" aria-label=\"Read more about Delegar desde gerencia: c\u00f3mo no perder el control y ganar tiempo\" tabindex=\"-1\" >\n\t\t\tRead more &#034;\t\t<\/a>\n\n\t\t\t\t<\/div>\n\t\t\t\t<div class=\"elementor-post__meta-data\">\n\t\t\t\t\t<span class=\"elementor-post-date\">\n\t\t\t19 de February de 2026\t\t<\/span>\n\t\t\t\t<\/div>\n\t\t\t\t\t<\/div>\n\t\t<\/article>\n\t\t\t\t<article class=\"elementor-post elementor-grid-item post-2374 post type-post status-publish format-standard has-post-thumbnail hentry category-estrategia-empresarial tag-consultoria-pymes tag-crecimiento-empresarial tag-escalabilidad tag-gestion-del-crecimiento tag-hoja-de-ruta tag-objetivos-empresariales tag-plan-de-accion tag-planificacion-estrategica tag-pymes tag-riesgos-de-crecimiento\" role=\"listitem\">\n\t\t\t<div class=\"elementor-post__card\">\n\t\t\t\t<a class=\"elementor-post__thumbnail__link\" href=\"https:\/\/www.actionproject.es\/en_gb\/blog\/plan-accion-crecimiento-pymes\/\" tabindex=\"-1\" ><div class=\"elementor-post__thumbnail\"><img decoding=\"async\" width=\"1920\" height=\"1080\" data-src=\"https:\/\/www.actionproject.es\/wp-content\/uploads\/2026\/02\/plan-de-accion.png\" class=\"attachment-full size-full wp-image-2375 lazyload\" alt=\"\" data-srcset=\"https:\/\/www.actionproject.es\/wp-content\/uploads\/2026\/02\/plan-de-accion.png 1920w, https:\/\/www.actionproject.es\/wp-content\/uploads\/2026\/02\/plan-de-accion-300x169.png 300w, https:\/\/www.actionproject.es\/wp-content\/uploads\/2026\/02\/plan-de-accion-1024x576.png 1024w, https:\/\/www.actionproject.es\/wp-content\/uploads\/2026\/02\/plan-de-accion-768x432.png 768w, https:\/\/www.actionproject.es\/wp-content\/uploads\/2026\/02\/plan-de-accion-1536x864.png 1536w, https:\/\/www.actionproject.es\/wp-content\/uploads\/2026\/02\/plan-de-accion-18x10.png 18w\" data-sizes=\"(max-width: 1920px) 100vw, 1920px\" src=\"data:image\/svg+xml;base64,PHN2ZyB3aWR0aD0iMSIgaGVpZ2h0PSIxIiB4bWxucz0iaHR0cDovL3d3dy53My5vcmcvMjAwMC9zdmciPjwvc3ZnPg==\" style=\"--smush-placeholder-width: 1920px; --smush-placeholder-aspect-ratio: 1920\/1080;\" \/><\/div><\/a>\n\t\t\t\t<div class=\"elementor-post__badge\">Business strategy<\/div>\n\t\t\t\t<div class=\"elementor-post__text\">\n\t\t\t\t<h3 class=\"elementor-post__title\">\n\t\t\t<a href=\"https:\/\/www.actionproject.es\/en_gb\/blog\/plan-accion-crecimiento-pymes\/\" >\n\t\t\t\tEl gran error de muchas pymes: crecer sin plan de acci\u00f3n\t\t\t<\/a>\n\t\t<\/h3>\n\t\t\n\t\t<a class=\"elementor-post__read-more\" href=\"https:\/\/www.actionproject.es\/en_gb\/blog\/plan-accion-crecimiento-pymes\/\" aria-label=\"Read more about El gran error de muchas pymes: crecer sin plan de acci\u00f3n\" tabindex=\"-1\" >\n\t\t\tRead more &#034;\t\t<\/a>\n\n\t\t\t\t<\/div>\n\t\t\t\t<div class=\"elementor-post__meta-data\">\n\t\t\t\t\t<span class=\"elementor-post-date\">\n\t\t\t16 de February de 2026\t\t<\/span>\n\t\t\t\t<\/div>\n\t\t\t\t\t<\/div>\n\t\t<\/article>\n\t\t\t\t<article class=\"elementor-post elementor-grid-item post-2282 post type-post status-publish format-standard has-post-thumbnail hentry category-estrategia-empresarial tag-asignacion-de-tareas tag-conflictos-laborales tag-gestion-de-equipos tag-liderazgo tag-organizacion-interna tag-productividad tag-roles-en-pyme tag-trabajo-en-equipo\" role=\"listitem\">\n\t\t\t<div class=\"elementor-post__card\">\n\t\t\t\t<a class=\"elementor-post__thumbnail__link\" href=\"https:\/\/www.actionproject.es\/en_gb\/blog\/asignar-roles-tareas-sin-conflictos\/\" tabindex=\"-1\" ><div class=\"elementor-post__thumbnail\"><img decoding=\"async\" width=\"1920\" height=\"1080\" data-src=\"https:\/\/www.actionproject.es\/wp-content\/uploads\/2026\/01\/Roles.png\" class=\"attachment-full size-full wp-image-2283 lazyload\" alt=\"\" data-srcset=\"https:\/\/www.actionproject.es\/wp-content\/uploads\/2026\/01\/Roles.png 1920w, https:\/\/www.actionproject.es\/wp-content\/uploads\/2026\/01\/Roles-300x169.png 300w, https:\/\/www.actionproject.es\/wp-content\/uploads\/2026\/01\/Roles-1024x576.png 1024w, https:\/\/www.actionproject.es\/wp-content\/uploads\/2026\/01\/Roles-768x432.png 768w, https:\/\/www.actionproject.es\/wp-content\/uploads\/2026\/01\/Roles-1536x864.png 1536w, https:\/\/www.actionproject.es\/wp-content\/uploads\/2026\/01\/Roles-18x10.png 18w\" data-sizes=\"(max-width: 1920px) 100vw, 1920px\" src=\"data:image\/svg+xml;base64,PHN2ZyB3aWR0aD0iMSIgaGVpZ2h0PSIxIiB4bWxucz0iaHR0cDovL3d3dy53My5vcmcvMjAwMC9zdmciPjwvc3ZnPg==\" style=\"--smush-placeholder-width: 1920px; --smush-placeholder-aspect-ratio: 1920\/1080;\" \/><\/div><\/a>\n\t\t\t\t<div class=\"elementor-post__badge\">Business strategy<\/div>\n\t\t\t\t<div class=\"elementor-post__text\">\n\t\t\t\t<h3 class=\"elementor-post__title\">\n\t\t\t<a href=\"https:\/\/www.actionproject.es\/en_gb\/blog\/asignar-roles-tareas-sin-conflictos\/\" >\n\t\t\t\tC\u00f3mo asignar roles y tareas sin generar conflictos internos en tu equipo\t\t\t<\/a>\n\t\t<\/h3>\n\t\t\n\t\t<a class=\"elementor-post__read-more\" href=\"https:\/\/www.actionproject.es\/en_gb\/blog\/asignar-roles-tareas-sin-conflictos\/\" aria-label=\"Read more about C\u00f3mo asignar roles y tareas sin generar conflictos internos en tu equipo\" tabindex=\"-1\" >\n\t\t\tRead more &#034;\t\t<\/a>\n\n\t\t\t\t<\/div>\n\t\t\t\t<div class=\"elementor-post__meta-data\">\n\t\t\t\t\t<span class=\"elementor-post-date\">\n\t\t\t30 de January de 2026\t\t<\/span>\n\t\t\t\t<\/div>\n\t\t\t\t\t<\/div>\n\t\t<\/article>\n\t\t\t\t<article class=\"elementor-post elementor-grid-item post-2272 post type-post status-publish format-standard has-post-thumbnail hentry category-estrategia-empresarial tag-crecimiento-empresarial tag-flujo-de-caja tag-gestion-financiera tag-indicadores-de-gestion tag-kpis tag-metricas-de-negocio tag-productividad tag-pyme tag-retencion-de-clientes\" role=\"listitem\">\n\t\t\t<div class=\"elementor-post__card\">\n\t\t\t\t<a class=\"elementor-post__thumbnail__link\" href=\"https:\/\/www.actionproject.es\/en_gb\/blog\/https-www-actionproject-es-blog-borrador-automatico\/\" tabindex=\"-1\" ><div class=\"elementor-post__thumbnail\"><img decoding=\"async\" width=\"1920\" height=\"1080\" data-src=\"https:\/\/www.actionproject.es\/wp-content\/uploads\/2026\/01\/monitorizacion.png\" class=\"attachment-full size-full wp-image-2273 lazyload\" alt=\"\" data-srcset=\"https:\/\/www.actionproject.es\/wp-content\/uploads\/2026\/01\/monitorizacion.png 1920w, https:\/\/www.actionproject.es\/wp-content\/uploads\/2026\/01\/monitorizacion-300x169.png 300w, https:\/\/www.actionproject.es\/wp-content\/uploads\/2026\/01\/monitorizacion-1024x576.png 1024w, https:\/\/www.actionproject.es\/wp-content\/uploads\/2026\/01\/monitorizacion-768x432.png 768w, https:\/\/www.actionproject.es\/wp-content\/uploads\/2026\/01\/monitorizacion-1536x864.png 1536w, https:\/\/www.actionproject.es\/wp-content\/uploads\/2026\/01\/monitorizacion-18x10.png 18w\" data-sizes=\"(max-width: 1920px) 100vw, 1920px\" src=\"data:image\/svg+xml;base64,PHN2ZyB3aWR0aD0iMSIgaGVpZ2h0PSIxIiB4bWxucz0iaHR0cDovL3d3dy53My5vcmcvMjAwMC9zdmciPjwvc3ZnPg==\" style=\"--smush-placeholder-width: 1920px; --smush-placeholder-aspect-ratio: 1920\/1080;\" \/><\/div><\/a>\n\t\t\t\t<div class=\"elementor-post__badge\">Business strategy<\/div>\n\t\t\t\t<div class=\"elementor-post__text\">\n\t\t\t\t<h3 class=\"elementor-post__title\">\n\t\t\t<a href=\"https:\/\/www.actionproject.es\/en_gb\/blog\/https-www-actionproject-es-blog-borrador-automatico\/\" >\n\t\t\t\tLos 7 indicadores clave que toda PYME debe monitorizar para crecer de forma sostenible\t\t\t<\/a>\n\t\t<\/h3>\n\t\t\n\t\t<a class=\"elementor-post__read-more\" href=\"https:\/\/www.actionproject.es\/en_gb\/blog\/https-www-actionproject-es-blog-borrador-automatico\/\" aria-label=\"Read more about Los 7 indicadores clave que toda PYME debe monitorizar para crecer de forma sostenible\" tabindex=\"-1\" >\n\t\t\tRead more &#034;\t\t<\/a>\n\n\t\t\t\t<\/div>\n\t\t\t\t<div class=\"elementor-post__meta-data\">\n\t\t\t\t\t<span class=\"elementor-post-date\">\n\t\t\t26 de January de 2026\t\t<\/span>\n\t\t\t\t<\/div>\n\t\t\t\t\t<\/div>\n\t\t<\/article>\n\t\t\t\t<article class=\"elementor-post elementor-grid-item post-2266 post type-post status-publish format-standard has-post-thumbnail hentry category-estrategia-empresarial tag-eficiencia-operativa tag-gestion-de-proyectos tag-herramientas-de-gestion tag-mejora-continua tag-productividad-pyme tag-project-management tag-tiempos-muertos\" role=\"listitem\">\n\t\t\t<div class=\"elementor-post__card\">\n\t\t\t\t<a class=\"elementor-post__thumbnail__link\" href=\"https:\/\/www.actionproject.es\/en_gb\/blog\/como-reducir-un-30-los-tiempos-muertos-en-tu-pyme-mediante-project-management\/\" tabindex=\"-1\" ><div class=\"elementor-post__thumbnail\"><img decoding=\"async\" width=\"1920\" height=\"1080\" data-src=\"https:\/\/www.actionproject.es\/wp-content\/uploads\/2026\/01\/productividad.png\" class=\"attachment-full size-full wp-image-2267 lazyload\" alt=\"\" data-srcset=\"https:\/\/www.actionproject.es\/wp-content\/uploads\/2026\/01\/productividad.png 1920w, https:\/\/www.actionproject.es\/wp-content\/uploads\/2026\/01\/productividad-300x169.png 300w, https:\/\/www.actionproject.es\/wp-content\/uploads\/2026\/01\/productividad-1024x576.png 1024w, https:\/\/www.actionproject.es\/wp-content\/uploads\/2026\/01\/productividad-768x432.png 768w, https:\/\/www.actionproject.es\/wp-content\/uploads\/2026\/01\/productividad-1536x864.png 1536w, https:\/\/www.actionproject.es\/wp-content\/uploads\/2026\/01\/productividad-18x10.png 18w\" data-sizes=\"(max-width: 1920px) 100vw, 1920px\" src=\"data:image\/svg+xml;base64,PHN2ZyB3aWR0aD0iMSIgaGVpZ2h0PSIxIiB4bWxucz0iaHR0cDovL3d3dy53My5vcmcvMjAwMC9zdmciPjwvc3ZnPg==\" style=\"--smush-placeholder-width: 1920px; --smush-placeholder-aspect-ratio: 1920\/1080;\" \/><\/div><\/a>\n\t\t\t\t<div class=\"elementor-post__badge\">Business strategy<\/div>\n\t\t\t\t<div class=\"elementor-post__text\">\n\t\t\t\t<h3 class=\"elementor-post__title\">\n\t\t\t<a href=\"https:\/\/www.actionproject.es\/en_gb\/blog\/como-reducir-un-30-los-tiempos-muertos-en-tu-pyme-mediante-project-management\/\" >\n\t\t\t\tC\u00f3mo reducir un 30% los tiempos muertos en tu PYME mediante Project Management\t\t\t<\/a>\n\t\t<\/h3>\n\t\t\n\t\t<a class=\"elementor-post__read-more\" href=\"https:\/\/www.actionproject.es\/en_gb\/blog\/como-reducir-un-30-los-tiempos-muertos-en-tu-pyme-mediante-project-management\/\" aria-label=\"Read more about C\u00f3mo reducir un 30% los tiempos muertos en tu PYME mediante Project Management\" tabindex=\"-1\" >\n\t\t\tRead more &#034;\t\t<\/a>\n\n\t\t\t\t<\/div>\n\t\t\t\t<div class=\"elementor-post__meta-data\">\n\t\t\t\t\t<span class=\"elementor-post-date\">\n\t\t\t15 de January de 2026\t\t<\/span>\n\t\t\t\t<\/div>\n\t\t\t\t\t<\/div>\n\t\t<\/article>\n\t\t\t\t<article class=\"elementor-post elementor-grid-item post-2254 post type-post status-publish format-standard has-post-thumbnail hentry category-estrategia-empresarial tag-equipos-de-trabajo tag-gestion-de-proyectos tag-kanban tag-mejora-continua tag-metodologias-agiles tag-organizacion-empresarial tag-productividad-pyme tag-scrum\" role=\"listitem\">\n\t\t\t<div class=\"elementor-post__card\">\n\t\t\t\t<a class=\"elementor-post__thumbnail__link\" href=\"https:\/\/www.actionproject.es\/en_gb\/blog\/metodologias-agiles-pymes-scrum-kanban\/\" tabindex=\"-1\" ><div class=\"elementor-post__thumbnail\"><img decoding=\"async\" width=\"1640\" height=\"924\" data-src=\"https:\/\/www.actionproject.es\/wp-content\/uploads\/2025\/12\/metodogias-agiles.png\" class=\"attachment-full size-full wp-image-2255 lazyload\" alt=\"\" data-srcset=\"https:\/\/www.actionproject.es\/wp-content\/uploads\/2025\/12\/metodogias-agiles.png 1640w, https:\/\/www.actionproject.es\/wp-content\/uploads\/2025\/12\/metodogias-agiles-300x169.png 300w, https:\/\/www.actionproject.es\/wp-content\/uploads\/2025\/12\/metodogias-agiles-1024x577.png 1024w, https:\/\/www.actionproject.es\/wp-content\/uploads\/2025\/12\/metodogias-agiles-768x433.png 768w, https:\/\/www.actionproject.es\/wp-content\/uploads\/2025\/12\/metodogias-agiles-1536x865.png 1536w, https:\/\/www.actionproject.es\/wp-content\/uploads\/2025\/12\/metodogias-agiles-18x10.png 18w\" data-sizes=\"(max-width: 1640px) 100vw, 1640px\" src=\"data:image\/svg+xml;base64,PHN2ZyB3aWR0aD0iMSIgaGVpZ2h0PSIxIiB4bWxucz0iaHR0cDovL3d3dy53My5vcmcvMjAwMC9zdmciPjwvc3ZnPg==\" style=\"--smush-placeholder-width: 1640px; --smush-placeholder-aspect-ratio: 1640\/924;\" \/><\/div><\/a>\n\t\t\t\t<div class=\"elementor-post__badge\">Business strategy<\/div>\n\t\t\t\t<div class=\"elementor-post__text\">\n\t\t\t\t<h3 class=\"elementor-post__title\">\n\t\t\t<a href=\"https:\/\/www.actionproject.es\/en_gb\/blog\/metodologias-agiles-pymes-scrum-kanban\/\" >\n\t\t\t\tMetodolog\u00edas \u00e1giles adaptadas a PYMEs: Scrum y Kanban simplificados\t\t\t<\/a>\n\t\t<\/h3>\n\t\t\n\t\t<a class=\"elementor-post__read-more\" href=\"https:\/\/www.actionproject.es\/en_gb\/blog\/metodologias-agiles-pymes-scrum-kanban\/\" aria-label=\"Read more about Metodolog\u00edas \u00e1giles adaptadas a PYMEs: Scrum y Kanban simplificados\" tabindex=\"-1\" >\n\t\t\tRead more &#034;\t\t<\/a>\n\n\t\t\t\t<\/div>\n\t\t\t\t<div class=\"elementor-post__meta-data\">\n\t\t\t\t\t<span class=\"elementor-post-date\">\n\t\t\t30 de December de 2025\t\t<\/span>\n\t\t\t\t<\/div>\n\t\t\t\t\t<\/div>\n\t\t<\/article>\n\t\t\t\t<article class=\"elementor-post elementor-grid-item post-2246 post type-post status-publish format-standard has-post-thumbnail hentry category-estrategia-empresarial\" role=\"listitem\">\n\t\t\t<div class=\"elementor-post__card\">\n\t\t\t\t<a class=\"elementor-post__thumbnail__link\" href=\"https:\/\/www.actionproject.es\/en_gb\/blog\/analisis-datos-pymes-decisiones-informacion\/\" tabindex=\"-1\" ><div class=\"elementor-post__thumbnail\"><img decoding=\"async\" width=\"1920\" height=\"1080\" data-src=\"https:\/\/www.actionproject.es\/wp-content\/uploads\/2025\/12\/analisis-de-datos.png\" class=\"attachment-full size-full wp-image-2250 lazyload\" alt=\"\" data-srcset=\"https:\/\/www.actionproject.es\/wp-content\/uploads\/2025\/12\/analisis-de-datos.png 1920w, https:\/\/www.actionproject.es\/wp-content\/uploads\/2025\/12\/analisis-de-datos-300x169.png 300w, https:\/\/www.actionproject.es\/wp-content\/uploads\/2025\/12\/analisis-de-datos-1024x576.png 1024w, https:\/\/www.actionproject.es\/wp-content\/uploads\/2025\/12\/analisis-de-datos-768x432.png 768w, https:\/\/www.actionproject.es\/wp-content\/uploads\/2025\/12\/analisis-de-datos-1536x864.png 1536w, https:\/\/www.actionproject.es\/wp-content\/uploads\/2025\/12\/analisis-de-datos-18x10.png 18w\" data-sizes=\"(max-width: 1920px) 100vw, 1920px\" src=\"data:image\/svg+xml;base64,PHN2ZyB3aWR0aD0iMSIgaGVpZ2h0PSIxIiB4bWxucz0iaHR0cDovL3d3dy53My5vcmcvMjAwMC9zdmciPjwvc3ZnPg==\" style=\"--smush-placeholder-width: 1920px; --smush-placeholder-aspect-ratio: 1920\/1080;\" \/><\/div><\/a>\n\t\t\t\t<div class=\"elementor-post__badge\">Business strategy<\/div>\n\t\t\t\t<div class=\"elementor-post__text\">\n\t\t\t\t<h3 class=\"elementor-post__title\">\n\t\t\t<a href=\"https:\/\/www.actionproject.es\/en_gb\/blog\/analisis-datos-pymes-decisiones-informacion\/\" >\n\t\t\t\tAn\u00e1lisis de datos para PYMEs: C\u00f3mo tomar decisiones basadas en informaci\u00f3n real\t\t\t<\/a>\n\t\t<\/h3>\n\t\t\n\t\t<a class=\"elementor-post__read-more\" href=\"https:\/\/www.actionproject.es\/en_gb\/blog\/analisis-datos-pymes-decisiones-informacion\/\" aria-label=\"Read more about An\u00e1lisis de datos para PYMEs: C\u00f3mo tomar decisiones basadas en informaci\u00f3n real\" tabindex=\"-1\" >\n\t\t\tRead more &#034;\t\t<\/a>\n\n\t\t\t\t<\/div>\n\t\t\t\t<div class=\"elementor-post__meta-data\">\n\t\t\t\t\t<span class=\"elementor-post-date\">\n\t\t\t22 de December de 2025\t\t<\/span>\n\t\t\t\t<\/div>\n\t\t\t\t\t<\/div>\n\t\t<\/article>\n\t\t\t\t<article class=\"elementor-post elementor-grid-item post-2235 post type-post status-publish format-standard has-post-thumbnail hentry category-estrategia-empresarial tag-consultoria-estrategica tag-crecimiento-estrategico tag-cultura-corporativa tag-desarrollo-empresarial tag-escalabilidad tag-gestion-empresarial tag-profesionalizacion-pyme tag-transformacion-organizacional\" role=\"listitem\">\n\t\t\t<div class=\"elementor-post__card\">\n\t\t\t\t<a class=\"elementor-post__thumbnail__link\" href=\"https:\/\/www.actionproject.es\/en_gb\/blog\/profesionalizar-pyme-sin-perder-esencia\/\" tabindex=\"-1\" ><div class=\"elementor-post__thumbnail\"><img decoding=\"async\" width=\"1920\" height=\"1080\" data-src=\"https:\/\/www.actionproject.es\/wp-content\/uploads\/2025\/12\/ljhglk.lj_.png\" class=\"attachment-full size-full wp-image-2236 lazyload\" alt=\"\" data-srcset=\"https:\/\/www.actionproject.es\/wp-content\/uploads\/2025\/12\/ljhglk.lj_.png 1920w, https:\/\/www.actionproject.es\/wp-content\/uploads\/2025\/12\/ljhglk.lj_-300x169.png 300w, https:\/\/www.actionproject.es\/wp-content\/uploads\/2025\/12\/ljhglk.lj_-1024x576.png 1024w, https:\/\/www.actionproject.es\/wp-content\/uploads\/2025\/12\/ljhglk.lj_-768x432.png 768w, https:\/\/www.actionproject.es\/wp-content\/uploads\/2025\/12\/ljhglk.lj_-1536x864.png 1536w, https:\/\/www.actionproject.es\/wp-content\/uploads\/2025\/12\/ljhglk.lj_-18x10.png 18w\" data-sizes=\"(max-width: 1920px) 100vw, 1920px\" src=\"data:image\/svg+xml;base64,PHN2ZyB3aWR0aD0iMSIgaGVpZ2h0PSIxIiB4bWxucz0iaHR0cDovL3d3dy53My5vcmcvMjAwMC9zdmciPjwvc3ZnPg==\" style=\"--smush-placeholder-width: 1920px; --smush-placeholder-aspect-ratio: 1920\/1080;\" \/><\/div><\/a>\n\t\t\t\t<div class=\"elementor-post__badge\">Business strategy<\/div>\n\t\t\t\t<div class=\"elementor-post__text\">\n\t\t\t\t<h3 class=\"elementor-post__title\">\n\t\t\t<a href=\"https:\/\/www.actionproject.es\/en_gb\/blog\/profesionalizar-pyme-sin-perder-esencia\/\" >\n\t\t\t\tC\u00f3mo Profesionalizar una PYME sin Perder su Esencia: Gu\u00eda Pr\u00e1ctica en 5 Pasos\t\t\t<\/a>\n\t\t<\/h3>\n\t\t\n\t\t<a class=\"elementor-post__read-more\" href=\"https:\/\/www.actionproject.es\/en_gb\/blog\/profesionalizar-pyme-sin-perder-esencia\/\" aria-label=\"Read more about C\u00f3mo Profesionalizar una PYME sin Perder su Esencia: Gu\u00eda Pr\u00e1ctica en 5 Pasos\" tabindex=\"-1\" >\n\t\t\tRead more &#034;\t\t<\/a>\n\n\t\t\t\t<\/div>\n\t\t\t\t<div class=\"elementor-post__meta-data\">\n\t\t\t\t\t<span class=\"elementor-post-date\">\n\t\t\t17 de December de 2025\t\t<\/span>\n\t\t\t\t<\/div>\n\t\t\t\t\t<\/div>\n\t\t<\/article>\n\t\t\t\t<article class=\"elementor-post elementor-grid-item post-1988 post type-post status-publish format-standard has-post-thumbnail hentry category-estrategia-empresarial tag-circulo-dorado tag-comunicacion-efectiva tag-cultura-organizativa tag-diferenciacion-de-marca tag-engagement tag-estrategia-de-negocio tag-gestion-empresarial tag-lealtad-de-clientes tag-liderazgo-inspirador tag-porque tag-proposito-empresarial tag-pymes tag-simon-sinek tag-valores-empresariales tag-vision-empresarial\" role=\"listitem\">\n\t\t\t<div class=\"elementor-post__card\">\n\t\t\t\t<a class=\"elementor-post__thumbnail__link\" href=\"https:\/\/www.actionproject.es\/en_gb\/blog\/empieza-con-el-por-que-el-circulo-dorado-de-simon-sinek-aplicado-a-tu-negocio\/\" tabindex=\"-1\" ><div class=\"elementor-post__thumbnail\"><img decoding=\"async\" width=\"1920\" height=\"1080\" data-src=\"https:\/\/www.actionproject.es\/wp-content\/uploads\/2025\/09\/nlkasjdlkfaj.jpg\" class=\"attachment-full size-full wp-image-2007 lazyload\" alt=\"\" data-srcset=\"https:\/\/www.actionproject.es\/wp-content\/uploads\/2025\/09\/nlkasjdlkfaj.jpg 1920w, https:\/\/www.actionproject.es\/wp-content\/uploads\/2025\/09\/nlkasjdlkfaj-300x169.jpg 300w, https:\/\/www.actionproject.es\/wp-content\/uploads\/2025\/09\/nlkasjdlkfaj-1024x576.jpg 1024w, https:\/\/www.actionproject.es\/wp-content\/uploads\/2025\/09\/nlkasjdlkfaj-768x432.jpg 768w, https:\/\/www.actionproject.es\/wp-content\/uploads\/2025\/09\/nlkasjdlkfaj-1536x864.jpg 1536w, https:\/\/www.actionproject.es\/wp-content\/uploads\/2025\/09\/nlkasjdlkfaj-18x10.jpg 18w\" data-sizes=\"(max-width: 1920px) 100vw, 1920px\" src=\"data:image\/svg+xml;base64,PHN2ZyB3aWR0aD0iMSIgaGVpZ2h0PSIxIiB4bWxucz0iaHR0cDovL3d3dy53My5vcmcvMjAwMC9zdmciPjwvc3ZnPg==\" style=\"--smush-placeholder-width: 1920px; --smush-placeholder-aspect-ratio: 1920\/1080;\" \/><\/div><\/a>\n\t\t\t\t<div class=\"elementor-post__badge\">Business strategy<\/div>\n\t\t\t\t<div class=\"elementor-post__text\">\n\t\t\t\t<h3 class=\"elementor-post__title\">\n\t\t\t<a href=\"https:\/\/www.actionproject.es\/en_gb\/blog\/empieza-con-el-por-que-el-circulo-dorado-de-simon-sinek-aplicado-a-tu-negocio\/\" >\n\t\t\t\tEmpieza con el por qu\u00e9: el C\u00edrculo Dorado de Simon Sinek aplicado a tu negocio\t\t\t<\/a>\n\t\t<\/h3>\n\t\t\n\t\t<a class=\"elementor-post__read-more\" href=\"https:\/\/www.actionproject.es\/en_gb\/blog\/empieza-con-el-por-que-el-circulo-dorado-de-simon-sinek-aplicado-a-tu-negocio\/\" aria-label=\"Read more about Empieza con el por qu\u00e9: el C\u00edrculo Dorado de Simon Sinek aplicado a tu negocio\" tabindex=\"-1\" >\n\t\t\tRead more &#034;\t\t<\/a>\n\n\t\t\t\t<\/div>\n\t\t\t\t<div class=\"elementor-post__meta-data\">\n\t\t\t\t\t<span class=\"elementor-post-date\">\n\t\t\t30 de September de 2025\t\t<\/span>\n\t\t\t\t<\/div>\n\t\t\t\t\t<\/div>\n\t\t<\/article>\n\t\t\t\t<article class=\"elementor-post elementor-grid-item post-1941 post type-post status-publish format-standard has-post-thumbnail hentry category-estrategia-empresarial tag-analisis-de-mercado tag-buyer-persona tag-cliente-ideal tag-conversion-de-clientes tag-estrategia-comercial tag-marketing-estrategico tag-optimizacion-comercial tag-perfil-de-cliente tag-propuesta-de-valor tag-segmentacion-de-clientes tag-targeting-empresarial tag-ventas-efectivas\" role=\"listitem\">\n\t\t\t<div class=\"elementor-post__card\">\n\t\t\t\t<a class=\"elementor-post__thumbnail__link\" href=\"https:\/\/www.actionproject.es\/en_gb\/blog\/como-definir-a-tu-cliente-ideal-sin-complicarte-la-vida\/\" tabindex=\"-1\" ><div class=\"elementor-post__thumbnail\"><img decoding=\"async\" width=\"2240\" height=\"1260\" data-src=\"https:\/\/www.actionproject.es\/wp-content\/uploads\/2025\/09\/Cliente-Ideal.jpg\" class=\"attachment-full size-full wp-image-1942 lazyload\" alt=\"\" data-srcset=\"https:\/\/www.actionproject.es\/wp-content\/uploads\/2025\/09\/Cliente-Ideal.jpg 2240w, https:\/\/www.actionproject.es\/wp-content\/uploads\/2025\/09\/Cliente-Ideal-300x169.jpg 300w, https:\/\/www.actionproject.es\/wp-content\/uploads\/2025\/09\/Cliente-Ideal-1024x576.jpg 1024w, https:\/\/www.actionproject.es\/wp-content\/uploads\/2025\/09\/Cliente-Ideal-768x432.jpg 768w, https:\/\/www.actionproject.es\/wp-content\/uploads\/2025\/09\/Cliente-Ideal-1536x864.jpg 1536w, https:\/\/www.actionproject.es\/wp-content\/uploads\/2025\/09\/Cliente-Ideal-2048x1152.jpg 2048w, https:\/\/www.actionproject.es\/wp-content\/uploads\/2025\/09\/Cliente-Ideal-18x10.jpg 18w\" data-sizes=\"(max-width: 2240px) 100vw, 2240px\" src=\"data:image\/svg+xml;base64,PHN2ZyB3aWR0aD0iMSIgaGVpZ2h0PSIxIiB4bWxucz0iaHR0cDovL3d3dy53My5vcmcvMjAwMC9zdmciPjwvc3ZnPg==\" style=\"--smush-placeholder-width: 2240px; --smush-placeholder-aspect-ratio: 2240\/1260;\" \/><\/div><\/a>\n\t\t\t\t<div class=\"elementor-post__badge\">Business strategy<\/div>\n\t\t\t\t<div class=\"elementor-post__text\">\n\t\t\t\t<h3 class=\"elementor-post__title\">\n\t\t\t<a href=\"https:\/\/www.actionproject.es\/en_gb\/blog\/como-definir-a-tu-cliente-ideal-sin-complicarte-la-vida\/\" >\n\t\t\t\tC\u00f3mo definir a tu cliente ideal sin complicarte la vida\t\t\t<\/a>\n\t\t<\/h3>\n\t\t\n\t\t<a class=\"elementor-post__read-more\" href=\"https:\/\/www.actionproject.es\/en_gb\/blog\/como-definir-a-tu-cliente-ideal-sin-complicarte-la-vida\/\" aria-label=\"Read more about C\u00f3mo definir a tu cliente ideal sin complicarte la vida\" tabindex=\"-1\" >\n\t\t\tRead more &#034;\t\t<\/a>\n\n\t\t\t\t<\/div>\n\t\t\t\t<div class=\"elementor-post__meta-data\">\n\t\t\t\t\t<span class=\"elementor-post-date\">\n\t\t\t15 de September de 2025\t\t<\/span>\n\t\t\t\t<\/div>\n\t\t\t\t\t<\/div>\n\t\t<\/article>\n\t\t\t\t<article class=\"elementor-post elementor-grid-item post-1823 post type-post status-publish format-standard has-post-thumbnail hentry category-estrategia-empresarial tag-actionproject tag-comunicacion-efectiva tag-consultoria-empresarial tag-delegacion-efectiva tag-desarrollo-directivo tag-equipos-de-alto-rendimiento tag-feedback-constructivo tag-gestion-de-equipos tag-gestion-empresarial tag-liderazgo-empresarial tag-management tag-metodologia-de-trabajo tag-motivacion-de-equipos tag-optimizacion-de-recursos tag-organizacion-semanal tag-pequenas-y-medianas-empresas tag-planificacion-estrategica tag-productividad-laboral tag-profesionalizacion-empresarial tag-pymes tag-rendimiento-de-equipos tag-responsabilidades-laborales tag-retrospectiva-semanal tag-satisfaccion-laboral tag-supervision-inteligente\" role=\"listitem\">\n\t\t\t<div class=\"elementor-post__card\">\n\t\t\t\t<a class=\"elementor-post__thumbnail__link\" href=\"https:\/\/www.actionproject.es\/en_gb\/blog\/como-organizar-mejor-a-tu-equipo-para-que-rinda-mas-cada-semana\/\" tabindex=\"-1\" ><div class=\"elementor-post__thumbnail\"><img decoding=\"async\" width=\"2240\" height=\"1260\" data-src=\"https:\/\/www.actionproject.es\/wp-content\/uploads\/2025\/09\/ActionProject-Blog-3.jpg\" class=\"attachment-full size-full wp-image-1825 lazyload\" alt=\"C\u00f3mo Organizar Mejor a tu Equipo para que Rinda M\u00e1s Cada Semana\" data-srcset=\"https:\/\/www.actionproject.es\/wp-content\/uploads\/2025\/09\/ActionProject-Blog-3.jpg 2240w, https:\/\/www.actionproject.es\/wp-content\/uploads\/2025\/09\/ActionProject-Blog-3-300x169.jpg 300w, https:\/\/www.actionproject.es\/wp-content\/uploads\/2025\/09\/ActionProject-Blog-3-1024x576.jpg 1024w, https:\/\/www.actionproject.es\/wp-content\/uploads\/2025\/09\/ActionProject-Blog-3-768x432.jpg 768w, https:\/\/www.actionproject.es\/wp-content\/uploads\/2025\/09\/ActionProject-Blog-3-1536x864.jpg 1536w, https:\/\/www.actionproject.es\/wp-content\/uploads\/2025\/09\/ActionProject-Blog-3-2048x1152.jpg 2048w, https:\/\/www.actionproject.es\/wp-content\/uploads\/2025\/09\/ActionProject-Blog-3-18x10.jpg 18w\" data-sizes=\"(max-width: 2240px) 100vw, 2240px\" src=\"data:image\/svg+xml;base64,PHN2ZyB3aWR0aD0iMSIgaGVpZ2h0PSIxIiB4bWxucz0iaHR0cDovL3d3dy53My5vcmcvMjAwMC9zdmciPjwvc3ZnPg==\" style=\"--smush-placeholder-width: 2240px; --smush-placeholder-aspect-ratio: 2240\/1260;\" \/><\/div><\/a>\n\t\t\t\t<div class=\"elementor-post__badge\">Business strategy<\/div>\n\t\t\t\t<div class=\"elementor-post__text\">\n\t\t\t\t<h3 class=\"elementor-post__title\">\n\t\t\t<a href=\"https:\/\/www.actionproject.es\/en_gb\/blog\/como-organizar-mejor-a-tu-equipo-para-que-rinda-mas-cada-semana\/\" >\n\t\t\t\tC\u00f3mo organizar mejor a tu equipo para que rinda m\u00e1s cada semana\t\t\t<\/a>\n\t\t<\/h3>\n\t\t\n\t\t<a class=\"elementor-post__read-more\" href=\"https:\/\/www.actionproject.es\/en_gb\/blog\/como-organizar-mejor-a-tu-equipo-para-que-rinda-mas-cada-semana\/\" aria-label=\"Read more about C\u00f3mo organizar mejor a tu equipo para que rinda m\u00e1s cada semana\" tabindex=\"-1\" >\n\t\t\tRead more &#034;\t\t<\/a>\n\n\t\t\t\t<\/div>\n\t\t\t\t<div class=\"elementor-post__meta-data\">\n\t\t\t\t\t<span class=\"elementor-post-date\">\n\t\t\t10 de September de 2025\t\t<\/span>\n\t\t\t\t<\/div>\n\t\t\t\t\t<\/div>\n\t\t<\/article>\n\t\t\t\t<article class=\"elementor-post elementor-grid-item post-1800 post type-post status-publish format-standard has-post-thumbnail hentry category-estrategia-empresarial category-sin-categoria tag-automatizacion tag-chatbots tag-gestion-financiera tag-innovacion tag-inteligencia-artificial tag-marketing-digital tag-productividad tag-pymes tag-tecnologia tag-transformacion-digital\" role=\"listitem\">\n\t\t\t<div class=\"elementor-post__card\">\n\t\t\t\t<a class=\"elementor-post__thumbnail__link\" href=\"https:\/\/www.actionproject.es\/en_gb\/blog\/inteligencia-artificial-para-pymes-aplicaciones-practicas-sin-grandes-inversiones\/\" tabindex=\"-1\" ><div class=\"elementor-post__thumbnail\"><img decoding=\"async\" width=\"2240\" height=\"1260\" data-src=\"https:\/\/www.actionproject.es\/wp-content\/uploads\/2025\/08\/Inteligencia-Artificial-para-PYMEs-Aplicaciones-Practicas-sin-Grandes-Inversiones.png\" class=\"attachment-full size-full wp-image-1802 lazyload\" alt=\"Inteligencia Artificial para PYMEs: Aplicaciones Pr\u00e1cticas sin Grandes Inversiones\" data-srcset=\"https:\/\/www.actionproject.es\/wp-content\/uploads\/2025\/08\/Inteligencia-Artificial-para-PYMEs-Aplicaciones-Practicas-sin-Grandes-Inversiones.png 2240w, https:\/\/www.actionproject.es\/wp-content\/uploads\/2025\/08\/Inteligencia-Artificial-para-PYMEs-Aplicaciones-Practicas-sin-Grandes-Inversiones-300x169.png 300w, https:\/\/www.actionproject.es\/wp-content\/uploads\/2025\/08\/Inteligencia-Artificial-para-PYMEs-Aplicaciones-Practicas-sin-Grandes-Inversiones-1024x576.png 1024w, https:\/\/www.actionproject.es\/wp-content\/uploads\/2025\/08\/Inteligencia-Artificial-para-PYMEs-Aplicaciones-Practicas-sin-Grandes-Inversiones-768x432.png 768w, https:\/\/www.actionproject.es\/wp-content\/uploads\/2025\/08\/Inteligencia-Artificial-para-PYMEs-Aplicaciones-Practicas-sin-Grandes-Inversiones-1536x864.png 1536w, https:\/\/www.actionproject.es\/wp-content\/uploads\/2025\/08\/Inteligencia-Artificial-para-PYMEs-Aplicaciones-Practicas-sin-Grandes-Inversiones-2048x1152.png 2048w, https:\/\/www.actionproject.es\/wp-content\/uploads\/2025\/08\/Inteligencia-Artificial-para-PYMEs-Aplicaciones-Practicas-sin-Grandes-Inversiones-18x10.png 18w\" data-sizes=\"(max-width: 2240px) 100vw, 2240px\" src=\"data:image\/svg+xml;base64,PHN2ZyB3aWR0aD0iMSIgaGVpZ2h0PSIxIiB4bWxucz0iaHR0cDovL3d3dy53My5vcmcvMjAwMC9zdmciPjwvc3ZnPg==\" style=\"--smush-placeholder-width: 2240px; --smush-placeholder-aspect-ratio: 2240\/1260;\" \/><\/div><\/a>\n\t\t\t\t<div class=\"elementor-post__badge\">Business strategy<\/div>\n\t\t\t\t<div class=\"elementor-post__text\">\n\t\t\t\t<h3 class=\"elementor-post__title\">\n\t\t\t<a href=\"https:\/\/www.actionproject.es\/en_gb\/blog\/inteligencia-artificial-para-pymes-aplicaciones-practicas-sin-grandes-inversiones\/\" >\n\t\t\t\tInteligencia artificial para PYMEs: aplicaciones pr\u00e1cticas sin grandes inversiones\t\t\t<\/a>\n\t\t<\/h3>\n\t\t\n\t\t<a class=\"elementor-post__read-more\" href=\"https:\/\/www.actionproject.es\/en_gb\/blog\/inteligencia-artificial-para-pymes-aplicaciones-practicas-sin-grandes-inversiones\/\" aria-label=\"Read more about Inteligencia artificial para PYMEs: aplicaciones pr\u00e1cticas sin grandes inversiones\" tabindex=\"-1\" >\n\t\t\tRead more &#034;\t\t<\/a>\n\n\t\t\t\t<\/div>\n\t\t\t\t<div class=\"elementor-post__meta-data\">\n\t\t\t\t\t<span class=\"elementor-post-date\">\n\t\t\t25 de August de 2025\t\t<\/span>\n\t\t\t\t<\/div>\n\t\t\t\t\t<\/div>\n\t\t<\/article>\n\t\t\t\t<article class=\"elementor-post elementor-grid-item post-1780 post type-post status-publish format-standard has-post-thumbnail hentry category-estrategia-empresarial tag-analisis tag-consejos tag-consultoria tag-crecimiento tag-desarrollo tag-emprendimiento tag-estrategia tag-finanzas tag-gestion tag-guias tag-innovacion tag-liderazgo tag-marketing tag-negocios tag-noticias tag-opinion tag-productividad tag-tecnologia tag-tendencias tag-tutoriales\" role=\"listitem\">\n\t\t\t<div class=\"elementor-post__card\">\n\t\t\t\t<a class=\"elementor-post__thumbnail__link\" href=\"https:\/\/www.actionproject.es\/en_gb\/blog\/de-verdad-el-talento-es-la-clave-del-exito\/\" tabindex=\"-1\" ><div class=\"elementor-post__thumbnail\"><img decoding=\"async\" width=\"2240\" height=\"1260\" data-src=\"https:\/\/www.actionproject.es\/wp-content\/uploads\/2025\/07\/Que-es-la-disciplina.jpg\" class=\"attachment-full size-full wp-image-1781 lazyload\" alt=\"\u00bfQu\u00e9 es la disciplina (y por qu\u00e9 supera al talento)?\" data-srcset=\"https:\/\/www.actionproject.es\/wp-content\/uploads\/2025\/07\/Que-es-la-disciplina.jpg 2240w, https:\/\/www.actionproject.es\/wp-content\/uploads\/2025\/07\/Que-es-la-disciplina-300x169.jpg 300w, https:\/\/www.actionproject.es\/wp-content\/uploads\/2025\/07\/Que-es-la-disciplina-1024x576.jpg 1024w, https:\/\/www.actionproject.es\/wp-content\/uploads\/2025\/07\/Que-es-la-disciplina-768x432.jpg 768w, https:\/\/www.actionproject.es\/wp-content\/uploads\/2025\/07\/Que-es-la-disciplina-1536x864.jpg 1536w, https:\/\/www.actionproject.es\/wp-content\/uploads\/2025\/07\/Que-es-la-disciplina-2048x1152.jpg 2048w, https:\/\/www.actionproject.es\/wp-content\/uploads\/2025\/07\/Que-es-la-disciplina-18x10.jpg 18w\" data-sizes=\"(max-width: 2240px) 100vw, 2240px\" src=\"data:image\/svg+xml;base64,PHN2ZyB3aWR0aD0iMSIgaGVpZ2h0PSIxIiB4bWxucz0iaHR0cDovL3d3dy53My5vcmcvMjAwMC9zdmciPjwvc3ZnPg==\" style=\"--smush-placeholder-width: 2240px; --smush-placeholder-aspect-ratio: 2240\/1260;\" \/><\/div><\/a>\n\t\t\t\t<div class=\"elementor-post__badge\">Business strategy<\/div>\n\t\t\t\t<div class=\"elementor-post__text\">\n\t\t\t\t<h3 class=\"elementor-post__title\">\n\t\t\t<a href=\"https:\/\/www.actionproject.es\/en_gb\/blog\/de-verdad-el-talento-es-la-clave-del-exito\/\" >\n\t\t\t\t\u00bfDe verdad el\u00a0talento\u00a0es la clave del \u00e9xito?\t\t\t<\/a>\n\t\t<\/h3>\n\t\t\n\t\t<a class=\"elementor-post__read-more\" href=\"https:\/\/www.actionproject.es\/en_gb\/blog\/de-verdad-el-talento-es-la-clave-del-exito\/\" aria-label=\"Read more about \u00bfDe verdad el\u00a0talento\u00a0es la clave del \u00e9xito?\" tabindex=\"-1\" >\n\t\t\tRead more &#034;\t\t<\/a>\n\n\t\t\t\t<\/div>\n\t\t\t\t<div class=\"elementor-post__meta-data\">\n\t\t\t\t\t<span class=\"elementor-post-date\">\n\t\t\t29 de July de 2025\t\t<\/span>\n\t\t\t\t<\/div>\n\t\t\t\t\t<\/div>\n\t\t<\/article>\n\t\t\t\t<article class=\"elementor-post elementor-grid-item post-1393 post type-post status-publish format-standard has-post-thumbnail hentry category-estrategia-empresarial tag-crecimiento-de-negocio tag-crecimiento-personal tag-motivacion\" role=\"listitem\">\n\t\t\t<div class=\"elementor-post__card\">\n\t\t\t\t<a class=\"elementor-post__thumbnail__link\" href=\"https:\/\/www.actionproject.es\/en_gb\/blog\/crecimiento-personal-en-la-empresa\/\" tabindex=\"-1\" ><div class=\"elementor-post__thumbnail\"><img decoding=\"async\" width=\"1200\" height=\"801\" data-src=\"https:\/\/www.actionproject.es\/wp-content\/uploads\/2025\/07\/crecimiento-personal-en-la-empresa.jpg\" class=\"attachment-full size-full wp-image-1424 lazyload\" alt=\"\" data-srcset=\"https:\/\/www.actionproject.es\/wp-content\/uploads\/2025\/07\/crecimiento-personal-en-la-empresa.jpg 1200w, https:\/\/www.actionproject.es\/wp-content\/uploads\/2025\/07\/crecimiento-personal-en-la-empresa-300x200.jpg 300w, https:\/\/www.actionproject.es\/wp-content\/uploads\/2025\/07\/crecimiento-personal-en-la-empresa-1024x684.jpg 1024w, https:\/\/www.actionproject.es\/wp-content\/uploads\/2025\/07\/crecimiento-personal-en-la-empresa-768x513.jpg 768w, https:\/\/www.actionproject.es\/wp-content\/uploads\/2025\/07\/crecimiento-personal-en-la-empresa-18x12.jpg 18w\" data-sizes=\"(max-width: 1200px) 100vw, 1200px\" src=\"data:image\/svg+xml;base64,PHN2ZyB3aWR0aD0iMSIgaGVpZ2h0PSIxIiB4bWxucz0iaHR0cDovL3d3dy53My5vcmcvMjAwMC9zdmciPjwvc3ZnPg==\" style=\"--smush-placeholder-width: 1200px; --smush-placeholder-aspect-ratio: 1200\/801;\" \/><\/div><\/a>\n\t\t\t\t<div class=\"elementor-post__badge\">Business strategy<\/div>\n\t\t\t\t<div class=\"elementor-post__text\">\n\t\t\t\t<h3 class=\"elementor-post__title\">\n\t\t\t<a href=\"https:\/\/www.actionproject.es\/en_gb\/blog\/crecimiento-personal-en-la-empresa\/\" >\n\t\t\t\tCrecimiento personal: qu\u00e9 es y c\u00f3mo aplicarlo en tu empresa\t\t\t<\/a>\n\t\t<\/h3>\n\t\t\n\t\t<a class=\"elementor-post__read-more\" href=\"https:\/\/www.actionproject.es\/en_gb\/blog\/crecimiento-personal-en-la-empresa\/\" aria-label=\"Read more about Crecimiento personal: qu\u00e9 es y c\u00f3mo aplicarlo en tu empresa\" tabindex=\"-1\" >\n\t\t\tRead more &#034;\t\t<\/a>\n\n\t\t\t\t<\/div>\n\t\t\t\t<div class=\"elementor-post__meta-data\">\n\t\t\t\t\t<span class=\"elementor-post-date\">\n\t\t\t22 de October de 2024\t\t<\/span>\n\t\t\t\t<\/div>\n\t\t\t\t\t<\/div>\n\t\t<\/article>\n\t\t\t\t<article class=\"elementor-post elementor-grid-item post-1392 post type-post status-publish format-standard has-post-thumbnail hentry category-estrategia-empresarial tag-gestion-del-tiempo tag-organizacion-de-empresa tag-productividad tag-productividad-de-empresa\" role=\"listitem\">\n\t\t\t<div class=\"elementor-post__card\">\n\t\t\t\t<a class=\"elementor-post__thumbnail__link\" href=\"https:\/\/www.actionproject.es\/en_gb\/blog\/gestion-del-tiempo-en-la-empresa\/\" tabindex=\"-1\" ><div class=\"elementor-post__thumbnail\"><img decoding=\"async\" width=\"1200\" height=\"800\" data-src=\"https:\/\/www.actionproject.es\/wp-content\/uploads\/2025\/07\/gestion-del-tiempo-en-las-empresas.jpg\" class=\"attachment-full size-full wp-image-1452 lazyload\" alt=\"\" data-srcset=\"https:\/\/www.actionproject.es\/wp-content\/uploads\/2025\/07\/gestion-del-tiempo-en-las-empresas.jpg 1200w, https:\/\/www.actionproject.es\/wp-content\/uploads\/2025\/07\/gestion-del-tiempo-en-las-empresas-300x200.jpg 300w, https:\/\/www.actionproject.es\/wp-content\/uploads\/2025\/07\/gestion-del-tiempo-en-las-empresas-1024x683.jpg 1024w, https:\/\/www.actionproject.es\/wp-content\/uploads\/2025\/07\/gestion-del-tiempo-en-las-empresas-768x512.jpg 768w, https:\/\/www.actionproject.es\/wp-content\/uploads\/2025\/07\/gestion-del-tiempo-en-las-empresas-18x12.jpg 18w\" data-sizes=\"(max-width: 1200px) 100vw, 1200px\" src=\"data:image\/svg+xml;base64,PHN2ZyB3aWR0aD0iMSIgaGVpZ2h0PSIxIiB4bWxucz0iaHR0cDovL3d3dy53My5vcmcvMjAwMC9zdmciPjwvc3ZnPg==\" style=\"--smush-placeholder-width: 1200px; --smush-placeholder-aspect-ratio: 1200\/800;\" \/><\/div><\/a>\n\t\t\t\t<div class=\"elementor-post__badge\">Business strategy<\/div>\n\t\t\t\t<div class=\"elementor-post__text\">\n\t\t\t\t<h3 class=\"elementor-post__title\">\n\t\t\t<a href=\"https:\/\/www.actionproject.es\/en_gb\/blog\/gestion-del-tiempo-en-la-empresa\/\" >\n\t\t\t\t\u00bfC\u00f3mo mantener una buena gesti\u00f3n del tiempo en la empresa?\t\t\t<\/a>\n\t\t<\/h3>\n\t\t\n\t\t<a class=\"elementor-post__read-more\" href=\"https:\/\/www.actionproject.es\/en_gb\/blog\/gestion-del-tiempo-en-la-empresa\/\" aria-label=\"Read more about \u00bfC\u00f3mo mantener una buena gesti\u00f3n del tiempo en la empresa?\" tabindex=\"-1\" >\n\t\t\tRead more &#034;\t\t<\/a>\n\n\t\t\t\t<\/div>\n\t\t\t\t<div class=\"elementor-post__meta-data\">\n\t\t\t\t\t<span class=\"elementor-post-date\">\n\t\t\t8 de October de 2024\t\t<\/span>\n\t\t\t\t<\/div>\n\t\t\t\t\t<\/div>\n\t\t<\/article>\n\t\t\t\t<article class=\"elementor-post elementor-grid-item post-1391 post type-post status-publish format-standard has-post-thumbnail hentry category-estrategia-empresarial tag-organizacion-de-empresa\" role=\"listitem\">\n\t\t\t<div class=\"elementor-post__card\">\n\t\t\t\t<a class=\"elementor-post__thumbnail__link\" href=\"https:\/\/www.actionproject.es\/en_gb\/blog\/como-organizar-las-tareas-de-una-empresa\/\" tabindex=\"-1\" ><div class=\"elementor-post__thumbnail\"><img decoding=\"async\" width=\"1200\" height=\"800\" data-src=\"https:\/\/www.actionproject.es\/wp-content\/uploads\/2025\/07\/organizacin-de-tareas-en-una-empresa.jpg\" class=\"attachment-full size-full wp-image-1500 lazyload\" alt=\"\" data-srcset=\"https:\/\/www.actionproject.es\/wp-content\/uploads\/2025\/07\/organizacin-de-tareas-en-una-empresa.jpg 1200w, https:\/\/www.actionproject.es\/wp-content\/uploads\/2025\/07\/organizacin-de-tareas-en-una-empresa-300x200.jpg 300w, https:\/\/www.actionproject.es\/wp-content\/uploads\/2025\/07\/organizacin-de-tareas-en-una-empresa-1024x683.jpg 1024w, https:\/\/www.actionproject.es\/wp-content\/uploads\/2025\/07\/organizacin-de-tareas-en-una-empresa-768x512.jpg 768w, https:\/\/www.actionproject.es\/wp-content\/uploads\/2025\/07\/organizacin-de-tareas-en-una-empresa-18x12.jpg 18w\" data-sizes=\"(max-width: 1200px) 100vw, 1200px\" src=\"data:image\/svg+xml;base64,PHN2ZyB3aWR0aD0iMSIgaGVpZ2h0PSIxIiB4bWxucz0iaHR0cDovL3d3dy53My5vcmcvMjAwMC9zdmciPjwvc3ZnPg==\" style=\"--smush-placeholder-width: 1200px; --smush-placeholder-aspect-ratio: 1200\/800;\" \/><\/div><\/a>\n\t\t\t\t<div class=\"elementor-post__badge\">Business strategy<\/div>\n\t\t\t\t<div class=\"elementor-post__text\">\n\t\t\t\t<h3 class=\"elementor-post__title\">\n\t\t\t<a href=\"https:\/\/www.actionproject.es\/en_gb\/blog\/como-organizar-las-tareas-de-una-empresa\/\" >\n\t\t\t\t\u00bfC\u00f3mo organizar las tareas de una empresa?\t\t\t<\/a>\n\t\t<\/h3>\n\t\t\n\t\t<a class=\"elementor-post__read-more\" href=\"https:\/\/www.actionproject.es\/en_gb\/blog\/como-organizar-las-tareas-de-una-empresa\/\" aria-label=\"Read more about \u00bfC\u00f3mo organizar las tareas de una empresa?\" tabindex=\"-1\" >\n\t\t\tRead more &#034;\t\t<\/a>\n\n\t\t\t\t<\/div>\n\t\t\t\t<div class=\"elementor-post__meta-data\">\n\t\t\t\t\t<span class=\"elementor-post-date\">\n\t\t\t17 de September de 2024\t\t<\/span>\n\t\t\t\t<\/div>\n\t\t\t\t\t<\/div>\n\t\t<\/article>\n\t\t\t\t<article class=\"elementor-post elementor-grid-item post-1390 post type-post status-publish format-standard has-post-thumbnail hentry category-estrategia-empresarial tag-liderar-un-equipo tag-liderazgo tag-liderazgo-de-equipo tag-liderazgo-directivo tag-liderazgo-transformador\" role=\"listitem\">\n\t\t\t<div class=\"elementor-post__card\">\n\t\t\t\t<a class=\"elementor-post__thumbnail__link\" href=\"https:\/\/www.actionproject.es\/en_gb\/blog\/liderazgo-transformacional\/\" tabindex=\"-1\" ><div class=\"elementor-post__thumbnail\"><img decoding=\"async\" width=\"1200\" height=\"673\" data-src=\"https:\/\/www.actionproject.es\/wp-content\/uploads\/2025\/07\/liderazgo-transformacional.jpg\" class=\"attachment-full size-full wp-image-1484 lazyload\" alt=\"\" data-srcset=\"https:\/\/www.actionproject.es\/wp-content\/uploads\/2025\/07\/liderazgo-transformacional.jpg 1200w, https:\/\/www.actionproject.es\/wp-content\/uploads\/2025\/07\/liderazgo-transformacional-300x168.jpg 300w, https:\/\/www.actionproject.es\/wp-content\/uploads\/2025\/07\/liderazgo-transformacional-1024x574.jpg 1024w, https:\/\/www.actionproject.es\/wp-content\/uploads\/2025\/07\/liderazgo-transformacional-768x431.jpg 768w, https:\/\/www.actionproject.es\/wp-content\/uploads\/2025\/07\/liderazgo-transformacional-18x10.jpg 18w\" data-sizes=\"(max-width: 1200px) 100vw, 1200px\" src=\"data:image\/svg+xml;base64,PHN2ZyB3aWR0aD0iMSIgaGVpZ2h0PSIxIiB4bWxucz0iaHR0cDovL3d3dy53My5vcmcvMjAwMC9zdmciPjwvc3ZnPg==\" style=\"--smush-placeholder-width: 1200px; --smush-placeholder-aspect-ratio: 1200\/673;\" \/><\/div><\/a>\n\t\t\t\t<div class=\"elementor-post__badge\">Business strategy<\/div>\n\t\t\t\t<div class=\"elementor-post__text\">\n\t\t\t\t<h3 class=\"elementor-post__title\">\n\t\t\t<a href=\"https:\/\/www.actionproject.es\/en_gb\/blog\/liderazgo-transformacional\/\" >\n\t\t\t\tC\u00f3mo el liderazgo transformacional puede ayudar a tu negocio\t\t\t<\/a>\n\t\t<\/h3>\n\t\t\n\t\t<a class=\"elementor-post__read-more\" href=\"https:\/\/www.actionproject.es\/en_gb\/blog\/liderazgo-transformacional\/\" aria-label=\"Read more about C\u00f3mo el liderazgo transformacional puede ayudar a tu negocio\" tabindex=\"-1\" >\n\t\t\tRead more &#034;\t\t<\/a>\n\n\t\t\t\t<\/div>\n\t\t\t\t<div class=\"elementor-post__meta-data\">\n\t\t\t\t\t<span class=\"elementor-post-date\">\n\t\t\t3 de September de 2024\t\t<\/span>\n\t\t\t\t<\/div>\n\t\t\t\t\t<\/div>\n\t\t<\/article>\n\t\t\t\t<article class=\"elementor-post elementor-grid-item post-1389 post type-post status-publish format-standard has-post-thumbnail hentry category-estrategia-empresarial\" role=\"listitem\">\n\t\t\t<div class=\"elementor-post__card\">\n\t\t\t\t<a class=\"elementor-post__thumbnail__link\" href=\"https:\/\/www.actionproject.es\/en_gb\/blog\/tecnicas-de-management\/\" tabindex=\"-1\" ><div class=\"elementor-post__thumbnail\"><img decoding=\"async\" width=\"1200\" height=\"800\" data-src=\"https:\/\/www.actionproject.es\/wp-content\/uploads\/2025\/07\/tecnicas-de-management.jpg\" class=\"attachment-full size-full wp-image-1523 lazyload\" alt=\"\" data-srcset=\"https:\/\/www.actionproject.es\/wp-content\/uploads\/2025\/07\/tecnicas-de-management.jpg 1200w, https:\/\/www.actionproject.es\/wp-content\/uploads\/2025\/07\/tecnicas-de-management-300x200.jpg 300w, https:\/\/www.actionproject.es\/wp-content\/uploads\/2025\/07\/tecnicas-de-management-1024x683.jpg 1024w, https:\/\/www.actionproject.es\/wp-content\/uploads\/2025\/07\/tecnicas-de-management-768x512.jpg 768w, https:\/\/www.actionproject.es\/wp-content\/uploads\/2025\/07\/tecnicas-de-management-18x12.jpg 18w\" data-sizes=\"(max-width: 1200px) 100vw, 1200px\" src=\"data:image\/svg+xml;base64,PHN2ZyB3aWR0aD0iMSIgaGVpZ2h0PSIxIiB4bWxucz0iaHR0cDovL3d3dy53My5vcmcvMjAwMC9zdmciPjwvc3ZnPg==\" style=\"--smush-placeholder-width: 1200px; --smush-placeholder-aspect-ratio: 1200\/800;\" \/><\/div><\/a>\n\t\t\t\t<div class=\"elementor-post__badge\">Business strategy<\/div>\n\t\t\t\t<div class=\"elementor-post__text\">\n\t\t\t\t<h3 class=\"elementor-post__title\">\n\t\t\t<a href=\"https:\/\/www.actionproject.es\/en_gb\/blog\/tecnicas-de-management\/\" >\n\t\t\t\t\u00bfCu\u00e1les son las t\u00e9cnicas de \u2018management\u2019 para liderar un equipo?\t\t\t<\/a>\n\t\t<\/h3>\n\t\t\n\t\t<a class=\"elementor-post__read-more\" href=\"https:\/\/www.actionproject.es\/en_gb\/blog\/tecnicas-de-management\/\" aria-label=\"Read more about \u00bfCu\u00e1les son las t\u00e9cnicas de \u2018management\u2019 para liderar un equipo?\" tabindex=\"-1\" >\n\t\t\tRead more &#034;\t\t<\/a>\n\n\t\t\t\t<\/div>\n\t\t\t\t<div class=\"elementor-post__meta-data\">\n\t\t\t\t\t<span class=\"elementor-post-date\">\n\t\t\t20 de August de 2024\t\t<\/span>\n\t\t\t\t<\/div>\n\t\t\t\t\t<\/div>\n\t\t<\/article>\n\t\t\t\t<article class=\"elementor-post elementor-grid-item post-829 post type-post status-publish format-standard has-post-thumbnail hentry category-estrategia-empresarial\" role=\"listitem\">\n\t\t\t<div class=\"elementor-post__card\">\n\t\t\t\t<a class=\"elementor-post__thumbnail__link\" href=\"https:\/\/www.actionproject.es\/en_gb\/blog\/autogestion-personal\/\" tabindex=\"-1\" ><div class=\"elementor-post__thumbnail\"><img decoding=\"async\" width=\"1200\" height=\"800\" data-src=\"https:\/\/www.actionproject.es\/wp-content\/uploads\/2025\/07\/autogestion-personal.jpg\" class=\"attachment-full size-full wp-image-1403 lazyload\" alt=\"\" data-srcset=\"https:\/\/www.actionproject.es\/wp-content\/uploads\/2025\/07\/autogestion-personal.jpg 1200w, https:\/\/www.actionproject.es\/wp-content\/uploads\/2025\/07\/autogestion-personal-300x200.jpg 300w, https:\/\/www.actionproject.es\/wp-content\/uploads\/2025\/07\/autogestion-personal-1024x683.jpg 1024w, https:\/\/www.actionproject.es\/wp-content\/uploads\/2025\/07\/autogestion-personal-768x512.jpg 768w, https:\/\/www.actionproject.es\/wp-content\/uploads\/2025\/07\/autogestion-personal-18x12.jpg 18w\" data-sizes=\"(max-width: 1200px) 100vw, 1200px\" src=\"data:image\/svg+xml;base64,PHN2ZyB3aWR0aD0iMSIgaGVpZ2h0PSIxIiB4bWxucz0iaHR0cDovL3d3dy53My5vcmcvMjAwMC9zdmciPjwvc3ZnPg==\" style=\"--smush-placeholder-width: 1200px; --smush-placeholder-aspect-ratio: 1200\/800;\" \/><\/div><\/a>\n\t\t\t\t<div class=\"elementor-post__badge\">Business strategy<\/div>\n\t\t\t\t<div class=\"elementor-post__text\">\n\t\t\t\t<h3 class=\"elementor-post__title\">\n\t\t\t<a href=\"https:\/\/www.actionproject.es\/en_gb\/blog\/autogestion-personal\/\" >\n\t\t\t\tWhen we talk about self-management staff?\t\t\t<\/a>\n\t\t<\/h3>\n\t\t\n\t\t<a class=\"elementor-post__read-more\" href=\"https:\/\/www.actionproject.es\/en_gb\/blog\/autogestion-personal\/\" aria-label=\"Read more about \u00bfCu\u00e1ndo hablamos de autogesti\u00f3n personal?\" tabindex=\"-1\" >\n\t\t\tRead more &#034;\t\t<\/a>\n\n\t\t\t\t<\/div>\n\t\t\t\t<div class=\"elementor-post__meta-data\">\n\t\t\t\t\t<span class=\"elementor-post-date\">\n\t\t\tAugust 6, 2024\t\t<\/span>\n\t\t\t\t<\/div>\n\t\t\t\t\t<\/div>\n\t\t<\/article>\n\t\t\t\t<article class=\"elementor-post elementor-grid-item post-826 post type-post status-publish format-standard has-post-thumbnail hentry category-estrategia-empresarial tag-ambiente-laboral tag-clima-laboral tag-cultura-de-empresa\" role=\"listitem\">\n\t\t\t<div class=\"elementor-post__card\">\n\t\t\t\t<a class=\"elementor-post__thumbnail__link\" href=\"https:\/\/www.actionproject.es\/en_gb\/blog\/cultura-empresarial\/\" tabindex=\"-1\" ><div class=\"elementor-post__thumbnail\"><img decoding=\"async\" width=\"1200\" height=\"800\" data-src=\"https:\/\/www.actionproject.es\/wp-content\/uploads\/2025\/07\/cultura-empresarial.jpg\" class=\"attachment-full size-full wp-image-1428 lazyload\" alt=\"\" data-srcset=\"https:\/\/www.actionproject.es\/wp-content\/uploads\/2025\/07\/cultura-empresarial.jpg 1200w, https:\/\/www.actionproject.es\/wp-content\/uploads\/2025\/07\/cultura-empresarial-300x200.jpg 300w, https:\/\/www.actionproject.es\/wp-content\/uploads\/2025\/07\/cultura-empresarial-1024x683.jpg 1024w, https:\/\/www.actionproject.es\/wp-content\/uploads\/2025\/07\/cultura-empresarial-768x512.jpg 768w, https:\/\/www.actionproject.es\/wp-content\/uploads\/2025\/07\/cultura-empresarial-18x12.jpg 18w\" data-sizes=\"(max-width: 1200px) 100vw, 1200px\" src=\"data:image\/svg+xml;base64,PHN2ZyB3aWR0aD0iMSIgaGVpZ2h0PSIxIiB4bWxucz0iaHR0cDovL3d3dy53My5vcmcvMjAwMC9zdmciPjwvc3ZnPg==\" style=\"--smush-placeholder-width: 1200px; --smush-placeholder-aspect-ratio: 1200\/800;\" \/><\/div><\/a>\n\t\t\t\t<div class=\"elementor-post__badge\">Business strategy<\/div>\n\t\t\t\t<div class=\"elementor-post__text\">\n\t\t\t\t<h3 class=\"elementor-post__title\">\n\t\t\t<a href=\"https:\/\/www.actionproject.es\/en_gb\/blog\/cultura-empresarial\/\" >\n\t\t\t\tWhat is the business culture and how it affects?\t\t\t<\/a>\n\t\t<\/h3>\n\t\t\n\t\t<a class=\"elementor-post__read-more\" href=\"https:\/\/www.actionproject.es\/en_gb\/blog\/cultura-empresarial\/\" aria-label=\"Read more about \u00bfQu\u00e9 es la cultura empresarial y c\u00f3mo afecta?\" tabindex=\"-1\" >\n\t\t\tRead more &#034;\t\t<\/a>\n\n\t\t\t\t<\/div>\n\t\t\t\t<div class=\"elementor-post__meta-data\">\n\t\t\t\t\t<span class=\"elementor-post-date\">\n\t\t\t23 July 2024\t\t<\/span>\n\t\t\t\t<\/div>\n\t\t\t\t\t<\/div>\n\t\t<\/article>\n\t\t\t\t<article class=\"elementor-post elementor-grid-item post-823 post type-post status-publish format-standard has-post-thumbnail hentry category-estrategia-empresarial\" role=\"listitem\">\n\t\t\t<div class=\"elementor-post__card\">\n\t\t\t\t<a class=\"elementor-post__thumbnail__link\" href=\"https:\/\/www.actionproject.es\/en_gb\/blog\/liderazgo-inclusivo\/\" tabindex=\"-1\" ><div class=\"elementor-post__thumbnail\"><img decoding=\"async\" width=\"1200\" height=\"800\" data-src=\"https:\/\/www.actionproject.es\/wp-content\/uploads\/2025\/07\/liderazgo-inclusivo.jpg\" class=\"attachment-full size-full wp-image-1482 lazyload\" alt=\"\" data-srcset=\"https:\/\/www.actionproject.es\/wp-content\/uploads\/2025\/07\/liderazgo-inclusivo.jpg 1200w, https:\/\/www.actionproject.es\/wp-content\/uploads\/2025\/07\/liderazgo-inclusivo-300x200.jpg 300w, https:\/\/www.actionproject.es\/wp-content\/uploads\/2025\/07\/liderazgo-inclusivo-1024x683.jpg 1024w, https:\/\/www.actionproject.es\/wp-content\/uploads\/2025\/07\/liderazgo-inclusivo-768x512.jpg 768w, https:\/\/www.actionproject.es\/wp-content\/uploads\/2025\/07\/liderazgo-inclusivo-18x12.jpg 18w\" data-sizes=\"(max-width: 1200px) 100vw, 1200px\" src=\"data:image\/svg+xml;base64,PHN2ZyB3aWR0aD0iMSIgaGVpZ2h0PSIxIiB4bWxucz0iaHR0cDovL3d3dy53My5vcmcvMjAwMC9zdmciPjwvc3ZnPg==\" style=\"--smush-placeholder-width: 1200px; --smush-placeholder-aspect-ratio: 1200\/800;\" \/><\/div><\/a>\n\t\t\t\t<div class=\"elementor-post__badge\">Business strategy<\/div>\n\t\t\t\t<div class=\"elementor-post__text\">\n\t\t\t\t<h3 class=\"elementor-post__title\">\n\t\t\t<a href=\"https:\/\/www.actionproject.es\/en_gb\/blog\/liderazgo-inclusivo\/\" >\n\t\t\t\tWhat is inclusive leadership and how to put it into practice\t\t\t<\/a>\n\t\t<\/h3>\n\t\t\n\t\t<a class=\"elementor-post__read-more\" href=\"https:\/\/www.actionproject.es\/en_gb\/blog\/liderazgo-inclusivo\/\" aria-label=\"Read more about Qu\u00e9 es el liderazgo inclusivo y c\u00f3mo llevarlo a la pr\u00e1ctica\" tabindex=\"-1\" >\n\t\t\tRead more &#034;\t\t<\/a>\n\n\t\t\t\t<\/div>\n\t\t\t\t<div class=\"elementor-post__meta-data\">\n\t\t\t\t\t<span class=\"elementor-post-date\">\n\t\t\t9 July 2024\t\t<\/span>\n\t\t\t\t<\/div>\n\t\t\t\t\t<\/div>\n\t\t<\/article>\n\t\t\t\t<article class=\"elementor-post elementor-grid-item post-820 post type-post status-publish format-standard has-post-thumbnail hentry category-estrategia-empresarial tag-gestion-de-empresas tag-gestion-de-proyectos-empresariales tag-objetivos-de-negocio tag-objetivos-empresariales\" role=\"listitem\">\n\t\t\t<div class=\"elementor-post__card\">\n\t\t\t\t<a class=\"elementor-post__thumbnail__link\" href=\"https:\/\/www.actionproject.es\/en_gb\/blog\/que-son-los-kpi-de-una-empresa\/\" tabindex=\"-1\" ><div class=\"elementor-post__thumbnail\"><img decoding=\"async\" width=\"1200\" height=\"800\" data-src=\"https:\/\/www.actionproject.es\/wp-content\/uploads\/2025\/07\/KPI-empresa.jpg\" class=\"attachment-full size-full wp-image-1470 lazyload\" alt=\"\" data-srcset=\"https:\/\/www.actionproject.es\/wp-content\/uploads\/2025\/07\/KPI-empresa.jpg 1200w, https:\/\/www.actionproject.es\/wp-content\/uploads\/2025\/07\/KPI-empresa-300x200.jpg 300w, https:\/\/www.actionproject.es\/wp-content\/uploads\/2025\/07\/KPI-empresa-1024x683.jpg 1024w, https:\/\/www.actionproject.es\/wp-content\/uploads\/2025\/07\/KPI-empresa-768x512.jpg 768w, https:\/\/www.actionproject.es\/wp-content\/uploads\/2025\/07\/KPI-empresa-18x12.jpg 18w\" data-sizes=\"(max-width: 1200px) 100vw, 1200px\" src=\"data:image\/svg+xml;base64,PHN2ZyB3aWR0aD0iMSIgaGVpZ2h0PSIxIiB4bWxucz0iaHR0cDovL3d3dy53My5vcmcvMjAwMC9zdmciPjwvc3ZnPg==\" style=\"--smush-placeholder-width: 1200px; --smush-placeholder-aspect-ratio: 1200\/800;\" \/><\/div><\/a>\n\t\t\t\t<div class=\"elementor-post__badge\">Business strategy<\/div>\n\t\t\t\t<div class=\"elementor-post__text\">\n\t\t\t\t<h3 class=\"elementor-post__title\">\n\t\t\t<a href=\"https:\/\/www.actionproject.es\/en_gb\/blog\/que-son-los-kpi-de-una-empresa\/\" >\n\t\t\t\tWhat are the KPIS of a company?\t\t\t<\/a>\n\t\t<\/h3>\n\t\t\n\t\t<a class=\"elementor-post__read-more\" href=\"https:\/\/www.actionproject.es\/en_gb\/blog\/que-son-los-kpi-de-una-empresa\/\" aria-label=\"Read more about \u00bfQu\u00e9 son los KPI de una empresa?\" tabindex=\"-1\" >\n\t\t\tRead more &#034;\t\t<\/a>\n\n\t\t\t\t<\/div>\n\t\t\t\t<div class=\"elementor-post__meta-data\">\n\t\t\t\t\t<span class=\"elementor-post-date\">\n\t\t\t25 June 2024\t\t<\/span>\n\t\t\t\t<\/div>\n\t\t\t\t\t<\/div>\n\t\t<\/article>\n\t\t\t\t<article class=\"elementor-post elementor-grid-item post-817 post type-post status-publish format-standard has-post-thumbnail hentry category-estrategia-empresarial tag-empresa-familiar tag-profesionalizacion-de-empresa\" role=\"listitem\">\n\t\t\t<div class=\"elementor-post__card\">\n\t\t\t\t<a class=\"elementor-post__thumbnail__link\" href=\"https:\/\/www.actionproject.es\/en_gb\/blog\/aprendizajes-succession-empresa-familiar\/\" tabindex=\"-1\" ><div class=\"elementor-post__thumbnail\"><img decoding=\"async\" width=\"1200\" height=\"561\" data-src=\"https:\/\/www.actionproject.es\/wp-content\/uploads\/2025\/07\/sucession-empresa-familiar.jpg\" class=\"attachment-full size-full wp-image-1522 lazyload\" alt=\"\" data-srcset=\"https:\/\/www.actionproject.es\/wp-content\/uploads\/2025\/07\/sucession-empresa-familiar.jpg 1200w, https:\/\/www.actionproject.es\/wp-content\/uploads\/2025\/07\/sucession-empresa-familiar-300x140.jpg 300w, https:\/\/www.actionproject.es\/wp-content\/uploads\/2025\/07\/sucession-empresa-familiar-1024x479.jpg 1024w, https:\/\/www.actionproject.es\/wp-content\/uploads\/2025\/07\/sucession-empresa-familiar-768x359.jpg 768w, https:\/\/www.actionproject.es\/wp-content\/uploads\/2025\/07\/sucession-empresa-familiar-18x8.jpg 18w\" data-sizes=\"(max-width: 1200px) 100vw, 1200px\" src=\"data:image\/svg+xml;base64,PHN2ZyB3aWR0aD0iMSIgaGVpZ2h0PSIxIiB4bWxucz0iaHR0cDovL3d3dy53My5vcmcvMjAwMC9zdmciPjwvc3ZnPg==\" style=\"--smush-placeholder-width: 1200px; --smush-placeholder-aspect-ratio: 1200\/561;\" \/><\/div><\/a>\n\t\t\t\t<div class=\"elementor-post__badge\">Business strategy<\/div>\n\t\t\t\t<div class=\"elementor-post__text\">\n\t\t\t\t<h3 class=\"elementor-post__title\">\n\t\t\t<a href=\"https:\/\/www.actionproject.es\/en_gb\/blog\/aprendizajes-succession-empresa-familiar\/\" >\n\t\t\t\tLearnings from the series \u2018Succession\u2019 to the family business\t\t\t<\/a>\n\t\t<\/h3>\n\t\t\n\t\t<a class=\"elementor-post__read-more\" href=\"https:\/\/www.actionproject.es\/en_gb\/blog\/aprendizajes-succession-empresa-familiar\/\" aria-label=\"Read more about Aprendizajes de la serie \u2018Succession\u2019 para la empresa familiar\" tabindex=\"-1\" >\n\t\t\tRead more &#034;\t\t<\/a>\n\n\t\t\t\t<\/div>\n\t\t\t\t<div class=\"elementor-post__meta-data\">\n\t\t\t\t\t<span class=\"elementor-post-date\">\n\t\t\t11 June 2024\t\t<\/span>\n\t\t\t\t<\/div>\n\t\t\t\t\t<\/div>\n\t\t<\/article>\n\t\t\t\t<article class=\"elementor-post elementor-grid-item post-814 post type-post status-publish format-standard has-post-thumbnail hentry category-estrategia-empresarial tag-liderazgo-de-equipo tag-liderazgo-directivo tag-liderazgo-empresarial\" role=\"listitem\">\n\t\t\t<div class=\"elementor-post__card\">\n\t\t\t\t<a class=\"elementor-post__thumbnail__link\" href=\"https:\/\/www.actionproject.es\/en_gb\/blog\/liderazgo-profesional\/\" tabindex=\"-1\" ><div class=\"elementor-post__thumbnail\"><img decoding=\"async\" width=\"1200\" height=\"800\" data-src=\"https:\/\/www.actionproject.es\/wp-content\/uploads\/2025\/07\/liderazgo-empresarial.jpg\" class=\"attachment-full size-full wp-image-1479 lazyload\" alt=\"\" data-srcset=\"https:\/\/www.actionproject.es\/wp-content\/uploads\/2025\/07\/liderazgo-empresarial.jpg 1200w, https:\/\/www.actionproject.es\/wp-content\/uploads\/2025\/07\/liderazgo-empresarial-300x200.jpg 300w, https:\/\/www.actionproject.es\/wp-content\/uploads\/2025\/07\/liderazgo-empresarial-1024x683.jpg 1024w, https:\/\/www.actionproject.es\/wp-content\/uploads\/2025\/07\/liderazgo-empresarial-768x512.jpg 768w, https:\/\/www.actionproject.es\/wp-content\/uploads\/2025\/07\/liderazgo-empresarial-18x12.jpg 18w\" data-sizes=\"(max-width: 1200px) 100vw, 1200px\" src=\"data:image\/svg+xml;base64,PHN2ZyB3aWR0aD0iMSIgaGVpZ2h0PSIxIiB4bWxucz0iaHR0cDovL3d3dy53My5vcmcvMjAwMC9zdmciPjwvc3ZnPg==\" style=\"--smush-placeholder-width: 1200px; --smush-placeholder-aspect-ratio: 1200\/800;\" \/><\/div><\/a>\n\t\t\t\t<div class=\"elementor-post__badge\">Business strategy<\/div>\n\t\t\t\t<div class=\"elementor-post__text\">\n\t\t\t\t<h3 class=\"elementor-post__title\">\n\t\t\t<a href=\"https:\/\/www.actionproject.es\/en_gb\/blog\/liderazgo-profesional\/\" >\n\t\t\t\tWhat is the professional leadership?\t\t\t<\/a>\n\t\t<\/h3>\n\t\t\n\t\t<a class=\"elementor-post__read-more\" href=\"https:\/\/www.actionproject.es\/en_gb\/blog\/liderazgo-profesional\/\" aria-label=\"Read more about \u00bfEn qu\u00e9 consiste el liderazgo profesional?\" tabindex=\"-1\" >\n\t\t\tRead more &#034;\t\t<\/a>\n\n\t\t\t\t<\/div>\n\t\t\t\t<div class=\"elementor-post__meta-data\">\n\t\t\t\t\t<span class=\"elementor-post-date\">\n\t\t\t21 May 2024\t\t<\/span>\n\t\t\t\t<\/div>\n\t\t\t\t\t<\/div>\n\t\t<\/article>\n\t\t\t\t<article class=\"elementor-post elementor-grid-item post-811 post type-post status-publish format-standard has-post-thumbnail hentry category-estrategia-empresarial tag-delegar tag-equipo tag-organizacion-de-empresa\" role=\"listitem\">\n\t\t\t<div class=\"elementor-post__card\">\n\t\t\t\t<a class=\"elementor-post__thumbnail__link\" href=\"https:\/\/www.actionproject.es\/en_gb\/blog\/como-delegar-tareas\/\" tabindex=\"-1\" ><div class=\"elementor-post__thumbnail\"><img decoding=\"async\" width=\"1200\" height=\"800\" data-src=\"https:\/\/www.actionproject.es\/wp-content\/uploads\/2025\/07\/como-delegar-tareas.jpg\" class=\"attachment-full size-full wp-image-1407 lazyload\" alt=\"\" data-srcset=\"https:\/\/www.actionproject.es\/wp-content\/uploads\/2025\/07\/como-delegar-tareas.jpg 1200w, https:\/\/www.actionproject.es\/wp-content\/uploads\/2025\/07\/como-delegar-tareas-300x200.jpg 300w, https:\/\/www.actionproject.es\/wp-content\/uploads\/2025\/07\/como-delegar-tareas-1024x683.jpg 1024w, https:\/\/www.actionproject.es\/wp-content\/uploads\/2025\/07\/como-delegar-tareas-768x512.jpg 768w, https:\/\/www.actionproject.es\/wp-content\/uploads\/2025\/07\/como-delegar-tareas-18x12.jpg 18w\" data-sizes=\"(max-width: 1200px) 100vw, 1200px\" src=\"data:image\/svg+xml;base64,PHN2ZyB3aWR0aD0iMSIgaGVpZ2h0PSIxIiB4bWxucz0iaHR0cDovL3d3dy53My5vcmcvMjAwMC9zdmciPjwvc3ZnPg==\" style=\"--smush-placeholder-width: 1200px; --smush-placeholder-aspect-ratio: 1200\/800;\" \/><\/div><\/a>\n\t\t\t\t<div class=\"elementor-post__badge\">Business strategy<\/div>\n\t\t\t\t<div class=\"elementor-post__text\">\n\t\t\t\t<h3 class=\"elementor-post__title\">\n\t\t\t<a href=\"https:\/\/www.actionproject.es\/en_gb\/blog\/como-delegar-tareas\/\" >\n\t\t\t\tHow to delegate tasks in your business and its importance\t\t\t<\/a>\n\t\t<\/h3>\n\t\t\n\t\t<a class=\"elementor-post__read-more\" href=\"https:\/\/www.actionproject.es\/en_gb\/blog\/como-delegar-tareas\/\" aria-label=\"Read more about C\u00f3mo delegar tareas en tu empresa y su importancia\" tabindex=\"-1\" >\n\t\t\tRead more &#034;\t\t<\/a>\n\n\t\t\t\t<\/div>\n\t\t\t\t<div class=\"elementor-post__meta-data\">\n\t\t\t\t\t<span class=\"elementor-post-date\">\n\t\t\t7 May 2024\t\t<\/span>\n\t\t\t\t<\/div>\n\t\t\t\t\t<\/div>\n\t\t<\/article>\n\t\t\t\t<article class=\"elementor-post elementor-grid-item post-808 post type-post status-publish format-standard has-post-thumbnail hentry category-estrategia-empresarial tag-gestion-de-negocios tag-gestion-de-procesos tag-gestion-de-proyectos-empresariales\" role=\"listitem\">\n\t\t\t<div class=\"elementor-post__card\">\n\t\t\t\t<a class=\"elementor-post__thumbnail__link\" href=\"https:\/\/www.actionproject.es\/en_gb\/blog\/empresa-proactiva\/\" tabindex=\"-1\" ><div class=\"elementor-post__thumbnail\"><img decoding=\"async\" width=\"1200\" height=\"800\" data-src=\"https:\/\/www.actionproject.es\/wp-content\/uploads\/2025\/07\/proactividad-en-una-empresa.jpg\" class=\"attachment-full size-full wp-image-1505 lazyload\" alt=\"\" data-srcset=\"https:\/\/www.actionproject.es\/wp-content\/uploads\/2025\/07\/proactividad-en-una-empresa.jpg 1200w, https:\/\/www.actionproject.es\/wp-content\/uploads\/2025\/07\/proactividad-en-una-empresa-300x200.jpg 300w, https:\/\/www.actionproject.es\/wp-content\/uploads\/2025\/07\/proactividad-en-una-empresa-1024x683.jpg 1024w, https:\/\/www.actionproject.es\/wp-content\/uploads\/2025\/07\/proactividad-en-una-empresa-768x512.jpg 768w, https:\/\/www.actionproject.es\/wp-content\/uploads\/2025\/07\/proactividad-en-una-empresa-18x12.jpg 18w\" data-sizes=\"(max-width: 1200px) 100vw, 1200px\" src=\"data:image\/svg+xml;base64,PHN2ZyB3aWR0aD0iMSIgaGVpZ2h0PSIxIiB4bWxucz0iaHR0cDovL3d3dy53My5vcmcvMjAwMC9zdmciPjwvc3ZnPg==\" style=\"--smush-placeholder-width: 1200px; --smush-placeholder-aspect-ratio: 1200\/800;\" \/><\/div><\/a>\n\t\t\t\t<div class=\"elementor-post__badge\">Business strategy<\/div>\n\t\t\t\t<div class=\"elementor-post__text\">\n\t\t\t\t<h3 class=\"elementor-post__title\">\n\t\t\t<a href=\"https:\/\/www.actionproject.es\/en_gb\/blog\/empresa-proactiva\/\" >\n\t\t\t\tWhat are the benefits of being a proactive company?\t\t\t<\/a>\n\t\t<\/h3>\n\t\t\n\t\t<a class=\"elementor-post__read-more\" href=\"https:\/\/www.actionproject.es\/en_gb\/blog\/empresa-proactiva\/\" aria-label=\"Read more about \u00bfCu\u00e1les son las ventajas de ser una empresa proactiva?\" tabindex=\"-1\" >\n\t\t\tRead more &#034;\t\t<\/a>\n\n\t\t\t\t<\/div>\n\t\t\t\t<div class=\"elementor-post__meta-data\">\n\t\t\t\t\t<span class=\"elementor-post-date\">\n\t\t\t23 de April de 2024\t\t<\/span>\n\t\t\t\t<\/div>\n\t\t\t\t\t<\/div>\n\t\t<\/article>\n\t\t\t\t<article class=\"elementor-post elementor-grid-item post-805 post type-post status-publish format-standard has-post-thumbnail hentry category-estrategia-empresarial tag-gestion-de-proyectos tag-proyecto-empresarial\" role=\"listitem\">\n\t\t\t<div class=\"elementor-post__card\">\n\t\t\t\t<a class=\"elementor-post__thumbnail__link\" href=\"https:\/\/www.actionproject.es\/en_gb\/blog\/viabilidad-de-un-proyecto\/\" tabindex=\"-1\" ><div class=\"elementor-post__thumbnail\"><img decoding=\"async\" width=\"1200\" height=\"696\" data-src=\"https:\/\/www.actionproject.es\/wp-content\/uploads\/2025\/07\/viabilidad-de-un-proyecto.jpg\" class=\"attachment-full size-full wp-image-1531 lazyload\" alt=\"\" data-srcset=\"https:\/\/www.actionproject.es\/wp-content\/uploads\/2025\/07\/viabilidad-de-un-proyecto.jpg 1200w, https:\/\/www.actionproject.es\/wp-content\/uploads\/2025\/07\/viabilidad-de-un-proyecto-300x174.jpg 300w, https:\/\/www.actionproject.es\/wp-content\/uploads\/2025\/07\/viabilidad-de-un-proyecto-1024x594.jpg 1024w, https:\/\/www.actionproject.es\/wp-content\/uploads\/2025\/07\/viabilidad-de-un-proyecto-768x445.jpg 768w, https:\/\/www.actionproject.es\/wp-content\/uploads\/2025\/07\/viabilidad-de-un-proyecto-18x10.jpg 18w\" data-sizes=\"(max-width: 1200px) 100vw, 1200px\" src=\"data:image\/svg+xml;base64,PHN2ZyB3aWR0aD0iMSIgaGVpZ2h0PSIxIiB4bWxucz0iaHR0cDovL3d3dy53My5vcmcvMjAwMC9zdmciPjwvc3ZnPg==\" style=\"--smush-placeholder-width: 1200px; --smush-placeholder-aspect-ratio: 1200\/696;\" \/><\/div><\/a>\n\t\t\t\t<div class=\"elementor-post__badge\">Business strategy<\/div>\n\t\t\t\t<div class=\"elementor-post__text\">\n\t\t\t\t<h3 class=\"elementor-post__title\">\n\t\t\t<a href=\"https:\/\/www.actionproject.es\/en_gb\/blog\/viabilidad-de-un-proyecto\/\" >\n\t\t\t\tHow to know the viability of a project\t\t\t<\/a>\n\t\t<\/h3>\n\t\t\n\t\t<a class=\"elementor-post__read-more\" href=\"https:\/\/www.actionproject.es\/en_gb\/blog\/viabilidad-de-un-proyecto\/\" aria-label=\"Read more about C\u00f3mo conocer la viabilidad de un proyecto\" tabindex=\"-1\" >\n\t\t\tRead more &#034;\t\t<\/a>\n\n\t\t\t\t<\/div>\n\t\t\t\t<div class=\"elementor-post__meta-data\">\n\t\t\t\t\t<span class=\"elementor-post-date\">\n\t\t\t9 April 2024\t\t<\/span>\n\t\t\t\t<\/div>\n\t\t\t\t\t<\/div>\n\t\t<\/article>\n\t\t\t\t<article class=\"elementor-post elementor-grid-item post-802 post type-post status-publish format-standard has-post-thumbnail hentry category-estrategia-empresarial tag-gestion-de-proyectos tag-gestion-de-proyectos-empresariales tag-productividad tag-productividad-de-empresa\" role=\"listitem\">\n\t\t\t<div class=\"elementor-post__card\">\n\t\t\t\t<a class=\"elementor-post__thumbnail__link\" href=\"https:\/\/www.actionproject.es\/en_gb\/blog\/cuello-de-botella-de-una-empresa\/\" tabindex=\"-1\" ><div class=\"elementor-post__thumbnail\"><img decoding=\"async\" width=\"1200\" height=\"669\" data-src=\"https:\/\/www.actionproject.es\/wp-content\/uploads\/2025\/07\/cuello-de-botella-de-una-empresa.jpg\" class=\"attachment-full size-full wp-image-1427 lazyload\" alt=\"\" data-srcset=\"https:\/\/www.actionproject.es\/wp-content\/uploads\/2025\/07\/cuello-de-botella-de-una-empresa.jpg 1200w, https:\/\/www.actionproject.es\/wp-content\/uploads\/2025\/07\/cuello-de-botella-de-una-empresa-300x167.jpg 300w, https:\/\/www.actionproject.es\/wp-content\/uploads\/2025\/07\/cuello-de-botella-de-una-empresa-1024x571.jpg 1024w, https:\/\/www.actionproject.es\/wp-content\/uploads\/2025\/07\/cuello-de-botella-de-una-empresa-768x428.jpg 768w, https:\/\/www.actionproject.es\/wp-content\/uploads\/2025\/07\/cuello-de-botella-de-una-empresa-18x10.jpg 18w\" data-sizes=\"(max-width: 1200px) 100vw, 1200px\" src=\"data:image\/svg+xml;base64,PHN2ZyB3aWR0aD0iMSIgaGVpZ2h0PSIxIiB4bWxucz0iaHR0cDovL3d3dy53My5vcmcvMjAwMC9zdmciPjwvc3ZnPg==\" style=\"--smush-placeholder-width: 1200px; --smush-placeholder-aspect-ratio: 1200\/669;\" \/><\/div><\/a>\n\t\t\t\t<div class=\"elementor-post__badge\">Business strategy<\/div>\n\t\t\t\t<div class=\"elementor-post__text\">\n\t\t\t\t<h3 class=\"elementor-post__title\">\n\t\t\t<a href=\"https:\/\/www.actionproject.es\/en_gb\/blog\/cuello-de-botella-de-una-empresa\/\" >\n\t\t\t\tWhat is the bottleneck of a company?\t\t\t<\/a>\n\t\t<\/h3>\n\t\t\n\t\t<a class=\"elementor-post__read-more\" href=\"https:\/\/www.actionproject.es\/en_gb\/blog\/cuello-de-botella-de-una-empresa\/\" aria-label=\"Read more about \u00bfQu\u00e9 es el cuello de botella de una empresa?\" tabindex=\"-1\" >\n\t\t\tRead more &#034;\t\t<\/a>\n\n\t\t\t\t<\/div>\n\t\t\t\t<div class=\"elementor-post__meta-data\">\n\t\t\t\t\t<span class=\"elementor-post-date\">\n\t\t\t18 March 2024\t\t<\/span>\n\t\t\t\t<\/div>\n\t\t\t\t\t<\/div>\n\t\t<\/article>\n\t\t\t\t<article class=\"elementor-post elementor-grid-item post-799 post type-post status-publish format-standard has-post-thumbnail hentry category-estrategia-empresarial\" role=\"listitem\">\n\t\t\t<div class=\"elementor-post__card\">\n\t\t\t\t<a class=\"elementor-post__thumbnail__link\" href=\"https:\/\/www.actionproject.es\/en_gb\/blog\/errores-de-liderazgo\/\" tabindex=\"-1\" ><div class=\"elementor-post__thumbnail\"><img decoding=\"async\" width=\"1200\" height=\"800\" data-src=\"https:\/\/www.actionproject.es\/wp-content\/uploads\/2025\/07\/errores-en-el-liderazgo.jpg\" class=\"attachment-full size-full wp-image-1442 lazyload\" alt=\"\" data-srcset=\"https:\/\/www.actionproject.es\/wp-content\/uploads\/2025\/07\/errores-en-el-liderazgo.jpg 1200w, https:\/\/www.actionproject.es\/wp-content\/uploads\/2025\/07\/errores-en-el-liderazgo-300x200.jpg 300w, https:\/\/www.actionproject.es\/wp-content\/uploads\/2025\/07\/errores-en-el-liderazgo-1024x683.jpg 1024w, https:\/\/www.actionproject.es\/wp-content\/uploads\/2025\/07\/errores-en-el-liderazgo-768x512.jpg 768w, https:\/\/www.actionproject.es\/wp-content\/uploads\/2025\/07\/errores-en-el-liderazgo-18x12.jpg 18w\" data-sizes=\"(max-width: 1200px) 100vw, 1200px\" src=\"data:image\/svg+xml;base64,PHN2ZyB3aWR0aD0iMSIgaGVpZ2h0PSIxIiB4bWxucz0iaHR0cDovL3d3dy53My5vcmcvMjAwMC9zdmciPjwvc3ZnPg==\" style=\"--smush-placeholder-width: 1200px; --smush-placeholder-aspect-ratio: 1200\/800;\" \/><\/div><\/a>\n\t\t\t\t<div class=\"elementor-post__badge\">Business strategy<\/div>\n\t\t\t\t<div class=\"elementor-post__text\">\n\t\t\t\t<h3 class=\"elementor-post__title\">\n\t\t\t<a href=\"https:\/\/www.actionproject.es\/en_gb\/blog\/errores-de-liderazgo\/\" >\n\t\t\t\tErrors of leadership most common that are detrimental to your company\t\t\t<\/a>\n\t\t<\/h3>\n\t\t\n\t\t<a class=\"elementor-post__read-more\" href=\"https:\/\/www.actionproject.es\/en_gb\/blog\/errores-de-liderazgo\/\" aria-label=\"Read more about Errores de liderazgo m\u00e1s comunes que perjudican a tu empresa\" tabindex=\"-1\" >\n\t\t\tRead more &#034;\t\t<\/a>\n\n\t\t\t\t<\/div>\n\t\t\t\t<div class=\"elementor-post__meta-data\">\n\t\t\t\t\t<span class=\"elementor-post-date\">\n\t\t\t4 March 2024\t\t<\/span>\n\t\t\t\t<\/div>\n\t\t\t\t\t<\/div>\n\t\t<\/article>\n\t\t\t\t<article class=\"elementor-post elementor-grid-item post-796 post type-post status-publish format-standard has-post-thumbnail hentry category-estrategia-empresarial tag-alta-direccion tag-liderar-un-equipo tag-liderazgo-empresarial\" role=\"listitem\">\n\t\t\t<div class=\"elementor-post__card\">\n\t\t\t\t<a class=\"elementor-post__thumbnail__link\" href=\"https:\/\/www.actionproject.es\/en_gb\/blog\/contrato-de-alta-direccion\/\" tabindex=\"-1\" ><div class=\"elementor-post__thumbnail\"><img decoding=\"async\" width=\"1200\" height=\"800\" data-src=\"https:\/\/www.actionproject.es\/wp-content\/uploads\/2025\/07\/alta-direccion.jpg\" class=\"attachment-full size-full wp-image-1400 lazyload\" alt=\"\" data-srcset=\"https:\/\/www.actionproject.es\/wp-content\/uploads\/2025\/07\/alta-direccion.jpg 1200w, https:\/\/www.actionproject.es\/wp-content\/uploads\/2025\/07\/alta-direccion-300x200.jpg 300w, https:\/\/www.actionproject.es\/wp-content\/uploads\/2025\/07\/alta-direccion-1024x683.jpg 1024w, https:\/\/www.actionproject.es\/wp-content\/uploads\/2025\/07\/alta-direccion-768x512.jpg 768w, https:\/\/www.actionproject.es\/wp-content\/uploads\/2025\/07\/alta-direccion-18x12.jpg 18w\" data-sizes=\"(max-width: 1200px) 100vw, 1200px\" src=\"data:image\/svg+xml;base64,PHN2ZyB3aWR0aD0iMSIgaGVpZ2h0PSIxIiB4bWxucz0iaHR0cDovL3d3dy53My5vcmcvMjAwMC9zdmciPjwvc3ZnPg==\" style=\"--smush-placeholder-width: 1200px; --smush-placeholder-aspect-ratio: 1200\/800;\" \/><\/div><\/a>\n\t\t\t\t<div class=\"elementor-post__badge\">Business strategy<\/div>\n\t\t\t\t<div class=\"elementor-post__text\">\n\t\t\t\t<h3 class=\"elementor-post__title\">\n\t\t\t<a href=\"https:\/\/www.actionproject.es\/en_gb\/blog\/contrato-de-alta-direccion\/\" >\n\t\t\t\tDo you plan to make a contract address?\t\t\t<\/a>\n\t\t<\/h3>\n\t\t\n\t\t<a class=\"elementor-post__read-more\" href=\"https:\/\/www.actionproject.es\/en_gb\/blog\/contrato-de-alta-direccion\/\" aria-label=\"Read more about \u00bfTe planteas hacer un contrato de alta direcci\u00f3n?\" tabindex=\"-1\" >\n\t\t\tRead more &#034;\t\t<\/a>\n\n\t\t\t\t<\/div>\n\t\t\t\t<div class=\"elementor-post__meta-data\">\n\t\t\t\t\t<span class=\"elementor-post-date\">\n\t\t\t20 February 2024\t\t<\/span>\n\t\t\t\t<\/div>\n\t\t\t\t\t<\/div>\n\t\t<\/article>\n\t\t\t\t<article class=\"elementor-post elementor-grid-item post-793 post type-post status-publish format-standard has-post-thumbnail hentry category-estrategia-empresarial tag-direccion tag-empresa-familiar tag-profesionalizacion-de-empresa\" role=\"listitem\">\n\t\t\t<div class=\"elementor-post__card\">\n\t\t\t\t<a class=\"elementor-post__thumbnail__link\" href=\"https:\/\/www.actionproject.es\/en_gb\/blog\/como-dirigir-una-empresa\/\" tabindex=\"-1\" ><div class=\"elementor-post__thumbnail\"><img decoding=\"async\" width=\"1200\" height=\"800\" data-src=\"https:\/\/www.actionproject.es\/wp-content\/uploads\/2025\/07\/como-dirigir-una-empresa-familiar.jpg\" class=\"attachment-full size-full wp-image-1408 lazyload\" alt=\"\" data-srcset=\"https:\/\/www.actionproject.es\/wp-content\/uploads\/2025\/07\/como-dirigir-una-empresa-familiar.jpg 1200w, https:\/\/www.actionproject.es\/wp-content\/uploads\/2025\/07\/como-dirigir-una-empresa-familiar-300x200.jpg 300w, https:\/\/www.actionproject.es\/wp-content\/uploads\/2025\/07\/como-dirigir-una-empresa-familiar-1024x683.jpg 1024w, https:\/\/www.actionproject.es\/wp-content\/uploads\/2025\/07\/como-dirigir-una-empresa-familiar-768x512.jpg 768w, https:\/\/www.actionproject.es\/wp-content\/uploads\/2025\/07\/como-dirigir-una-empresa-familiar-18x12.jpg 18w\" data-sizes=\"(max-width: 1200px) 100vw, 1200px\" src=\"data:image\/svg+xml;base64,PHN2ZyB3aWR0aD0iMSIgaGVpZ2h0PSIxIiB4bWxucz0iaHR0cDovL3d3dy53My5vcmcvMjAwMC9zdmciPjwvc3ZnPg==\" style=\"--smush-placeholder-width: 1200px; --smush-placeholder-aspect-ratio: 1200\/800;\" \/><\/div><\/a>\n\t\t\t\t<div class=\"elementor-post__badge\">Business strategy<\/div>\n\t\t\t\t<div class=\"elementor-post__text\">\n\t\t\t\t<h3 class=\"elementor-post__title\">\n\t\t\t<a href=\"https:\/\/www.actionproject.es\/en_gb\/blog\/como-dirigir-una-empresa\/\" >\n\t\t\t\tHow to run a family business? &#039;ll give you the keys\t\t\t<\/a>\n\t\t<\/h3>\n\t\t\n\t\t<a class=\"elementor-post__read-more\" href=\"https:\/\/www.actionproject.es\/en_gb\/blog\/como-dirigir-una-empresa\/\" aria-label=\"Read more about \u00bfC\u00f3mo dirigir una empresa familiar? Te damos las claves\" tabindex=\"-1\" >\n\t\t\tRead more &#034;\t\t<\/a>\n\n\t\t\t\t<\/div>\n\t\t\t\t<div class=\"elementor-post__meta-data\">\n\t\t\t\t\t<span class=\"elementor-post-date\">\n\t\t\t6 February 2024\t\t<\/span>\n\t\t\t\t<\/div>\n\t\t\t\t\t<\/div>\n\t\t<\/article>\n\t\t\t\t<article class=\"elementor-post elementor-grid-item post-790 post type-post status-publish format-standard has-post-thumbnail hentry category-estrategia-empresarial tag-gestion-de-empresas tag-gestion-de-negocios tag-gestion-de-procesos\" role=\"listitem\">\n\t\t\t<div class=\"elementor-post__card\">\n\t\t\t\t<a class=\"elementor-post__thumbnail__link\" href=\"https:\/\/www.actionproject.es\/en_gb\/blog\/gestion-empresarial\/\" tabindex=\"-1\" ><div class=\"elementor-post__thumbnail\"><img decoding=\"async\" width=\"1200\" height=\"687\" data-src=\"https:\/\/www.actionproject.es\/wp-content\/uploads\/2025\/07\/gestion-empresarial.jpg\" class=\"attachment-full size-full wp-image-1455 lazyload\" alt=\"\" data-srcset=\"https:\/\/www.actionproject.es\/wp-content\/uploads\/2025\/07\/gestion-empresarial.jpg 1200w, https:\/\/www.actionproject.es\/wp-content\/uploads\/2025\/07\/gestion-empresarial-300x172.jpg 300w, https:\/\/www.actionproject.es\/wp-content\/uploads\/2025\/07\/gestion-empresarial-1024x586.jpg 1024w, https:\/\/www.actionproject.es\/wp-content\/uploads\/2025\/07\/gestion-empresarial-768x440.jpg 768w, https:\/\/www.actionproject.es\/wp-content\/uploads\/2025\/07\/gestion-empresarial-18x10.jpg 18w\" data-sizes=\"(max-width: 1200px) 100vw, 1200px\" src=\"data:image\/svg+xml;base64,PHN2ZyB3aWR0aD0iMSIgaGVpZ2h0PSIxIiB4bWxucz0iaHR0cDovL3d3dy53My5vcmcvMjAwMC9zdmciPjwvc3ZnPg==\" style=\"--smush-placeholder-width: 1200px; --smush-placeholder-aspect-ratio: 1200\/687;\" \/><\/div><\/a>\n\t\t\t\t<div class=\"elementor-post__badge\">Business strategy<\/div>\n\t\t\t\t<div class=\"elementor-post__text\">\n\t\t\t\t<h3 class=\"elementor-post__title\">\n\t\t\t<a href=\"https:\/\/www.actionproject.es\/en_gb\/blog\/gestion-empresarial\/\" >\n\t\t\t\tThe business management as a key to the success of your business\t\t\t<\/a>\n\t\t<\/h3>\n\t\t\n\t\t<a class=\"elementor-post__read-more\" href=\"https:\/\/www.actionproject.es\/en_gb\/blog\/gestion-empresarial\/\" aria-label=\"Read more about La gesti\u00f3n empresarial como clave para el \u00e9xito de tu negocio\" tabindex=\"-1\" >\n\t\t\tRead more &#034;\t\t<\/a>\n\n\t\t\t\t<\/div>\n\t\t\t\t<div class=\"elementor-post__meta-data\">\n\t\t\t\t\t<span class=\"elementor-post-date\">\n\t\t\t23 January 2024\t\t<\/span>\n\t\t\t\t<\/div>\n\t\t\t\t\t<\/div>\n\t\t<\/article>\n\t\t\t\t<article class=\"elementor-post elementor-grid-item post-787 post type-post status-publish format-standard has-post-thumbnail hentry category-estrategia-empresarial tag-consultor-de-negocios tag-riesgo-empresarial tag-toma-decisiones-empresa\" role=\"listitem\">\n\t\t\t<div class=\"elementor-post__card\">\n\t\t\t\t<a class=\"elementor-post__thumbnail__link\" href=\"https:\/\/www.actionproject.es\/en_gb\/blog\/riesgos-empresariales\/\" tabindex=\"-1\" ><div class=\"elementor-post__thumbnail\"><img decoding=\"async\" width=\"1200\" height=\"763\" data-src=\"https:\/\/www.actionproject.es\/wp-content\/uploads\/2025\/07\/riesgos-empresariales.jpg\" class=\"attachment-full size-full wp-image-1516 lazyload\" alt=\"\" data-srcset=\"https:\/\/www.actionproject.es\/wp-content\/uploads\/2025\/07\/riesgos-empresariales.jpg 1200w, https:\/\/www.actionproject.es\/wp-content\/uploads\/2025\/07\/riesgos-empresariales-300x191.jpg 300w, https:\/\/www.actionproject.es\/wp-content\/uploads\/2025\/07\/riesgos-empresariales-1024x651.jpg 1024w, https:\/\/www.actionproject.es\/wp-content\/uploads\/2025\/07\/riesgos-empresariales-768x488.jpg 768w, https:\/\/www.actionproject.es\/wp-content\/uploads\/2025\/07\/riesgos-empresariales-18x12.jpg 18w\" data-sizes=\"(max-width: 1200px) 100vw, 1200px\" src=\"data:image\/svg+xml;base64,PHN2ZyB3aWR0aD0iMSIgaGVpZ2h0PSIxIiB4bWxucz0iaHR0cDovL3d3dy53My5vcmcvMjAwMC9zdmciPjwvc3ZnPg==\" style=\"--smush-placeholder-width: 1200px; --smush-placeholder-aspect-ratio: 1200\/763;\" \/><\/div><\/a>\n\t\t\t\t<div class=\"elementor-post__badge\">Business strategy<\/div>\n\t\t\t\t<div class=\"elementor-post__text\">\n\t\t\t\t<h3 class=\"elementor-post__title\">\n\t\t\t<a href=\"https:\/\/www.actionproject.es\/en_gb\/blog\/riesgos-empresariales\/\" >\n\t\t\t\tHow do you minimize the business risks?\t\t\t<\/a>\n\t\t<\/h3>\n\t\t\n\t\t<a class=\"elementor-post__read-more\" href=\"https:\/\/www.actionproject.es\/en_gb\/blog\/riesgos-empresariales\/\" aria-label=\"Read more about \u00bfC\u00f3mo minimizar los riesgos empresariales?\" tabindex=\"-1\" >\n\t\t\tRead more &#034;\t\t<\/a>\n\n\t\t\t\t<\/div>\n\t\t\t\t<div class=\"elementor-post__meta-data\">\n\t\t\t\t\t<span class=\"elementor-post-date\">\n\t\t\t9 January 2024\t\t<\/span>\n\t\t\t\t<\/div>\n\t\t\t\t\t<\/div>\n\t\t<\/article>\n\t\t\t\t<article class=\"elementor-post elementor-grid-item post-1373 post type-post status-publish format-standard has-post-thumbnail hentry category-estrategia-empresarial tag-liderar-un-equipo tag-liderazgo-directivo tag-liderazgo-empresarial\" role=\"listitem\">\n\t\t\t<div class=\"elementor-post__card\">\n\t\t\t\t<a class=\"elementor-post__thumbnail__link\" href=\"https:\/\/www.actionproject.es\/en_gb\/blog\/lecciones-liderazgo-steve-jobs\/\" tabindex=\"-1\" ><div class=\"elementor-post__thumbnail\"><img decoding=\"async\" width=\"1200\" height=\"900\" data-src=\"https:\/\/www.actionproject.es\/wp-content\/uploads\/2025\/07\/liderazgo-steve-jobs.jpg\" class=\"attachment-full size-full wp-image-1483 lazyload\" alt=\"\" data-srcset=\"https:\/\/www.actionproject.es\/wp-content\/uploads\/2025\/07\/liderazgo-steve-jobs.jpg 1200w, https:\/\/www.actionproject.es\/wp-content\/uploads\/2025\/07\/liderazgo-steve-jobs-300x225.jpg 300w, https:\/\/www.actionproject.es\/wp-content\/uploads\/2025\/07\/liderazgo-steve-jobs-1024x768.jpg 1024w, https:\/\/www.actionproject.es\/wp-content\/uploads\/2025\/07\/liderazgo-steve-jobs-768x576.jpg 768w, https:\/\/www.actionproject.es\/wp-content\/uploads\/2025\/07\/liderazgo-steve-jobs-16x12.jpg 16w\" data-sizes=\"(max-width: 1200px) 100vw, 1200px\" src=\"data:image\/svg+xml;base64,PHN2ZyB3aWR0aD0iMSIgaGVpZ2h0PSIxIiB4bWxucz0iaHR0cDovL3d3dy53My5vcmcvMjAwMC9zdmciPjwvc3ZnPg==\" style=\"--smush-placeholder-width: 1200px; --smush-placeholder-aspect-ratio: 1200\/900;\" \/><\/div><\/a>\n\t\t\t\t<div class=\"elementor-post__badge\">Business strategy<\/div>\n\t\t\t\t<div class=\"elementor-post__text\">\n\t\t\t\t<h3 class=\"elementor-post__title\">\n\t\t\t<a href=\"https:\/\/www.actionproject.es\/en_gb\/blog\/lecciones-liderazgo-steve-jobs\/\" >\n\t\t\t\t5 lecciones de liderazgo que nos deja la pel\u00edcula de Steve Jobs\t\t\t<\/a>\n\t\t<\/h3>\n\t\t\n\t\t<a class=\"elementor-post__read-more\" href=\"https:\/\/www.actionproject.es\/en_gb\/blog\/lecciones-liderazgo-steve-jobs\/\" aria-label=\"Read more about 5 lecciones de liderazgo que nos deja la pel\u00edcula de Steve Jobs\" tabindex=\"-1\" >\n\t\t\tRead more &#034;\t\t<\/a>\n\n\t\t\t\t<\/div>\n\t\t\t\t<div class=\"elementor-post__meta-data\">\n\t\t\t\t\t<span class=\"elementor-post-date\">\n\t\t\t18 de December de 2023\t\t<\/span>\n\t\t\t\t<\/div>\n\t\t\t\t\t<\/div>\n\t\t<\/article>\n\t\t\t\t<article class=\"elementor-post elementor-grid-item post-1372 post type-post status-publish format-standard has-post-thumbnail hentry category-estrategia-empresarial tag-liderazgo-de-equipo tag-liderazgo-directivo tag-liderazgo-empresarial\" role=\"listitem\">\n\t\t\t<div class=\"elementor-post__card\">\n\t\t\t\t<a class=\"elementor-post__thumbnail__link\" href=\"https:\/\/www.actionproject.es\/en_gb\/blog\/liderazgo-etico\/\" tabindex=\"-1\" ><div class=\"elementor-post__thumbnail\"><img decoding=\"async\" width=\"1200\" height=\"800\" data-src=\"https:\/\/www.actionproject.es\/wp-content\/uploads\/2025\/07\/liderazgo-etico.jpg\" class=\"attachment-full size-full wp-image-1481 lazyload\" alt=\"\" data-srcset=\"https:\/\/www.actionproject.es\/wp-content\/uploads\/2025\/07\/liderazgo-etico.jpg 1200w, https:\/\/www.actionproject.es\/wp-content\/uploads\/2025\/07\/liderazgo-etico-300x200.jpg 300w, https:\/\/www.actionproject.es\/wp-content\/uploads\/2025\/07\/liderazgo-etico-1024x683.jpg 1024w, https:\/\/www.actionproject.es\/wp-content\/uploads\/2025\/07\/liderazgo-etico-768x512.jpg 768w, https:\/\/www.actionproject.es\/wp-content\/uploads\/2025\/07\/liderazgo-etico-18x12.jpg 18w\" data-sizes=\"(max-width: 1200px) 100vw, 1200px\" src=\"data:image\/svg+xml;base64,PHN2ZyB3aWR0aD0iMSIgaGVpZ2h0PSIxIiB4bWxucz0iaHR0cDovL3d3dy53My5vcmcvMjAwMC9zdmciPjwvc3ZnPg==\" style=\"--smush-placeholder-width: 1200px; --smush-placeholder-aspect-ratio: 1200\/800;\" \/><\/div><\/a>\n\t\t\t\t<div class=\"elementor-post__badge\">Business strategy<\/div>\n\t\t\t\t<div class=\"elementor-post__text\">\n\t\t\t\t<h3 class=\"elementor-post__title\">\n\t\t\t<a href=\"https:\/\/www.actionproject.es\/en_gb\/blog\/liderazgo-etico\/\" >\n\t\t\t\tC\u00f3mo el liderazgo \u00e9tico puede marcar la diferencia en tu empresa\t\t\t<\/a>\n\t\t<\/h3>\n\t\t\n\t\t<a class=\"elementor-post__read-more\" href=\"https:\/\/www.actionproject.es\/en_gb\/blog\/liderazgo-etico\/\" aria-label=\"Read more about C\u00f3mo el liderazgo \u00e9tico puede marcar la diferencia en tu empresa\" tabindex=\"-1\" >\n\t\t\tRead more &#034;\t\t<\/a>\n\n\t\t\t\t<\/div>\n\t\t\t\t<div class=\"elementor-post__meta-data\">\n\t\t\t\t\t<span class=\"elementor-post-date\">\n\t\t\t5 de December de 2023\t\t<\/span>\n\t\t\t\t<\/div>\n\t\t\t\t\t<\/div>\n\t\t<\/article>\n\t\t\t\t<article class=\"elementor-post elementor-grid-item post-1371 post type-post status-publish format-standard has-post-thumbnail hentry category-estrategia-empresarial tag-competitividad-empresarial\" role=\"listitem\">\n\t\t\t<div class=\"elementor-post__card\">\n\t\t\t\t<a class=\"elementor-post__thumbnail__link\" href=\"https:\/\/www.actionproject.es\/en_gb\/blog\/competitividad-empresarial\/\" tabindex=\"-1\" ><div class=\"elementor-post__thumbnail\"><img decoding=\"async\" width=\"1200\" height=\"800\" data-src=\"https:\/\/www.actionproject.es\/wp-content\/uploads\/2025\/07\/competitividad-y-estrategia-empresarial.jpg\" class=\"attachment-full size-full wp-image-1412 lazyload\" alt=\"\" data-srcset=\"https:\/\/www.actionproject.es\/wp-content\/uploads\/2025\/07\/competitividad-y-estrategia-empresarial.jpg 1200w, https:\/\/www.actionproject.es\/wp-content\/uploads\/2025\/07\/competitividad-y-estrategia-empresarial-300x200.jpg 300w, https:\/\/www.actionproject.es\/wp-content\/uploads\/2025\/07\/competitividad-y-estrategia-empresarial-1024x683.jpg 1024w, https:\/\/www.actionproject.es\/wp-content\/uploads\/2025\/07\/competitividad-y-estrategia-empresarial-768x512.jpg 768w, https:\/\/www.actionproject.es\/wp-content\/uploads\/2025\/07\/competitividad-y-estrategia-empresarial-18x12.jpg 18w\" data-sizes=\"(max-width: 1200px) 100vw, 1200px\" src=\"data:image\/svg+xml;base64,PHN2ZyB3aWR0aD0iMSIgaGVpZ2h0PSIxIiB4bWxucz0iaHR0cDovL3d3dy53My5vcmcvMjAwMC9zdmciPjwvc3ZnPg==\" style=\"--smush-placeholder-width: 1200px; --smush-placeholder-aspect-ratio: 1200\/800;\" \/><\/div><\/a>\n\t\t\t\t<div class=\"elementor-post__badge\">Business strategy<\/div>\n\t\t\t\t<div class=\"elementor-post__text\">\n\t\t\t\t<h3 class=\"elementor-post__title\">\n\t\t\t<a href=\"https:\/\/www.actionproject.es\/en_gb\/blog\/competitividad-empresarial\/\" >\n\t\t\t\t\u00bfC\u00f3mo aumentar la competitividad empresarial?\t\t\t<\/a>\n\t\t<\/h3>\n\t\t\n\t\t<a class=\"elementor-post__read-more\" href=\"https:\/\/www.actionproject.es\/en_gb\/blog\/competitividad-empresarial\/\" aria-label=\"Read more about \u00bfC\u00f3mo aumentar la competitividad empresarial?\" tabindex=\"-1\" >\n\t\t\tRead more &#034;\t\t<\/a>\n\n\t\t\t\t<\/div>\n\t\t\t\t<div class=\"elementor-post__meta-data\">\n\t\t\t\t\t<span class=\"elementor-post-date\">\n\t\t\t21 de November de 2023\t\t<\/span>\n\t\t\t\t<\/div>\n\t\t\t\t\t<\/div>\n\t\t<\/article>\n\t\t\t\t<article class=\"elementor-post elementor-grid-item post-1370 post type-post status-publish format-standard has-post-thumbnail hentry category-estrategia-empresarial tag-liderazgo-de-equipo tag-organizacion-de-empresa\" role=\"listitem\">\n\t\t\t<div class=\"elementor-post__card\">\n\t\t\t\t<a class=\"elementor-post__thumbnail__link\" href=\"https:\/\/www.actionproject.es\/en_gb\/blog\/como-mejorar-la-organizacion-de-una-empresa\/\" tabindex=\"-1\" ><div class=\"elementor-post__thumbnail\"><img decoding=\"async\" width=\"1200\" height=\"720\" data-src=\"https:\/\/www.actionproject.es\/wp-content\/uploads\/2025\/07\/como-mejorar-la-organizacion-en-una-empresa.jpg\" class=\"attachment-full size-full wp-image-1409 lazyload\" alt=\"\" data-srcset=\"https:\/\/www.actionproject.es\/wp-content\/uploads\/2025\/07\/como-mejorar-la-organizacion-en-una-empresa.jpg 1200w, https:\/\/www.actionproject.es\/wp-content\/uploads\/2025\/07\/como-mejorar-la-organizacion-en-una-empresa-300x180.jpg 300w, https:\/\/www.actionproject.es\/wp-content\/uploads\/2025\/07\/como-mejorar-la-organizacion-en-una-empresa-1024x614.jpg 1024w, https:\/\/www.actionproject.es\/wp-content\/uploads\/2025\/07\/como-mejorar-la-organizacion-en-una-empresa-768x461.jpg 768w, https:\/\/www.actionproject.es\/wp-content\/uploads\/2025\/07\/como-mejorar-la-organizacion-en-una-empresa-18x12.jpg 18w\" data-sizes=\"(max-width: 1200px) 100vw, 1200px\" src=\"data:image\/svg+xml;base64,PHN2ZyB3aWR0aD0iMSIgaGVpZ2h0PSIxIiB4bWxucz0iaHR0cDovL3d3dy53My5vcmcvMjAwMC9zdmciPjwvc3ZnPg==\" style=\"--smush-placeholder-width: 1200px; --smush-placeholder-aspect-ratio: 1200\/720;\" \/><\/div><\/a>\n\t\t\t\t<div class=\"elementor-post__badge\">Business strategy<\/div>\n\t\t\t\t<div class=\"elementor-post__text\">\n\t\t\t\t<h3 class=\"elementor-post__title\">\n\t\t\t<a href=\"https:\/\/www.actionproject.es\/en_gb\/blog\/como-mejorar-la-organizacion-de-una-empresa\/\" >\n\t\t\t\t\u00bfC\u00f3mo mejorar la organizaci\u00f3n de una empresa?\t\t\t<\/a>\n\t\t<\/h3>\n\t\t\n\t\t<a class=\"elementor-post__read-more\" href=\"https:\/\/www.actionproject.es\/en_gb\/blog\/como-mejorar-la-organizacion-de-una-empresa\/\" aria-label=\"Read more about \u00bfC\u00f3mo mejorar la organizaci\u00f3n de una empresa?\" tabindex=\"-1\" >\n\t\t\tRead more &#034;\t\t<\/a>\n\n\t\t\t\t<\/div>\n\t\t\t\t<div class=\"elementor-post__meta-data\">\n\t\t\t\t\t<span class=\"elementor-post-date\">\n\t\t\t7 de November de 2023\t\t<\/span>\n\t\t\t\t<\/div>\n\t\t\t\t\t<\/div>\n\t\t<\/article>\n\t\t\t\t<article class=\"elementor-post elementor-grid-item post-1369 post type-post status-publish format-standard has-post-thumbnail hentry category-estrategia-empresarial tag-estrategia-empresarial tag-planificacion tag-profesionalizacion-de-empresa\" role=\"listitem\">\n\t\t\t<div class=\"elementor-post__card\">\n\t\t\t\t<a class=\"elementor-post__thumbnail__link\" href=\"https:\/\/www.actionproject.es\/en_gb\/blog\/modelo-de-negocio\/\" tabindex=\"-1\" ><div class=\"elementor-post__thumbnail\"><img decoding=\"async\" width=\"1200\" height=\"800\" data-src=\"https:\/\/www.actionproject.es\/wp-content\/uploads\/2025\/07\/modelo-de-negocio.jpg\" class=\"attachment-full size-full wp-image-1495 lazyload\" alt=\"\" data-srcset=\"https:\/\/www.actionproject.es\/wp-content\/uploads\/2025\/07\/modelo-de-negocio.jpg 1200w, https:\/\/www.actionproject.es\/wp-content\/uploads\/2025\/07\/modelo-de-negocio-300x200.jpg 300w, https:\/\/www.actionproject.es\/wp-content\/uploads\/2025\/07\/modelo-de-negocio-1024x683.jpg 1024w, https:\/\/www.actionproject.es\/wp-content\/uploads\/2025\/07\/modelo-de-negocio-768x512.jpg 768w, https:\/\/www.actionproject.es\/wp-content\/uploads\/2025\/07\/modelo-de-negocio-18x12.jpg 18w\" data-sizes=\"(max-width: 1200px) 100vw, 1200px\" src=\"data:image\/svg+xml;base64,PHN2ZyB3aWR0aD0iMSIgaGVpZ2h0PSIxIiB4bWxucz0iaHR0cDovL3d3dy53My5vcmcvMjAwMC9zdmciPjwvc3ZnPg==\" style=\"--smush-placeholder-width: 1200px; --smush-placeholder-aspect-ratio: 1200\/800;\" \/><\/div><\/a>\n\t\t\t\t<div class=\"elementor-post__badge\">Business strategy<\/div>\n\t\t\t\t<div class=\"elementor-post__text\">\n\t\t\t\t<h3 class=\"elementor-post__title\">\n\t\t\t<a href=\"https:\/\/www.actionproject.es\/en_gb\/blog\/modelo-de-negocio\/\" >\n\t\t\t\t\u00bfQu\u00e9 es un modelo de negocio y por qu\u00e9 es importante?\t\t\t<\/a>\n\t\t<\/h3>\n\t\t\n\t\t<a class=\"elementor-post__read-more\" href=\"https:\/\/www.actionproject.es\/en_gb\/blog\/modelo-de-negocio\/\" aria-label=\"Read more about \u00bfQu\u00e9 es un modelo de negocio y por qu\u00e9 es importante?\" tabindex=\"-1\" >\n\t\t\tRead more &#034;\t\t<\/a>\n\n\t\t\t\t<\/div>\n\t\t\t\t<div class=\"elementor-post__meta-data\">\n\t\t\t\t\t<span class=\"elementor-post-date\">\n\t\t\t24 de October de 2023\t\t<\/span>\n\t\t\t\t<\/div>\n\t\t\t\t\t<\/div>\n\t\t<\/article>\n\t\t\t\t<article class=\"elementor-post elementor-grid-item post-1368 post type-post status-publish format-standard has-post-thumbnail hentry category-estrategia-empresarial tag-comunicacion tag-comunicacion-de-crisis tag-desarrollo-directivo\" role=\"listitem\">\n\t\t\t<div class=\"elementor-post__card\">\n\t\t\t\t<a class=\"elementor-post__thumbnail__link\" href=\"https:\/\/www.actionproject.es\/en_gb\/blog\/comunicacion-en-la-empresa\/\" tabindex=\"-1\" ><div class=\"elementor-post__thumbnail\"><img decoding=\"async\" width=\"1200\" height=\"675\" data-src=\"https:\/\/www.actionproject.es\/wp-content\/uploads\/2025\/07\/comunicacion-en-la-empresa.jpg\" class=\"attachment-full size-full wp-image-1413 lazyload\" alt=\"\" data-srcset=\"https:\/\/www.actionproject.es\/wp-content\/uploads\/2025\/07\/comunicacion-en-la-empresa.jpg 1200w, https:\/\/www.actionproject.es\/wp-content\/uploads\/2025\/07\/comunicacion-en-la-empresa-300x169.jpg 300w, https:\/\/www.actionproject.es\/wp-content\/uploads\/2025\/07\/comunicacion-en-la-empresa-1024x576.jpg 1024w, https:\/\/www.actionproject.es\/wp-content\/uploads\/2025\/07\/comunicacion-en-la-empresa-768x432.jpg 768w, https:\/\/www.actionproject.es\/wp-content\/uploads\/2025\/07\/comunicacion-en-la-empresa-18x10.jpg 18w\" data-sizes=\"(max-width: 1200px) 100vw, 1200px\" src=\"data:image\/svg+xml;base64,PHN2ZyB3aWR0aD0iMSIgaGVpZ2h0PSIxIiB4bWxucz0iaHR0cDovL3d3dy53My5vcmcvMjAwMC9zdmciPjwvc3ZnPg==\" style=\"--smush-placeholder-width: 1200px; --smush-placeholder-aspect-ratio: 1200\/675;\" \/><\/div><\/a>\n\t\t\t\t<div class=\"elementor-post__badge\">Business strategy<\/div>\n\t\t\t\t<div class=\"elementor-post__text\">\n\t\t\t\t<h3 class=\"elementor-post__title\">\n\t\t\t<a href=\"https:\/\/www.actionproject.es\/en_gb\/blog\/comunicacion-en-la-empresa\/\" >\n\t\t\t\t5 claves para mejorar la comunicaci\u00f3n en la empresa\t\t\t<\/a>\n\t\t<\/h3>\n\t\t\n\t\t<a class=\"elementor-post__read-more\" href=\"https:\/\/www.actionproject.es\/en_gb\/blog\/comunicacion-en-la-empresa\/\" aria-label=\"Read more about 5 claves para mejorar la comunicaci\u00f3n en la empresa\" tabindex=\"-1\" >\n\t\t\tRead more &#034;\t\t<\/a>\n\n\t\t\t\t<\/div>\n\t\t\t\t<div class=\"elementor-post__meta-data\">\n\t\t\t\t\t<span class=\"elementor-post-date\">\n\t\t\t17 de October de 2023\t\t<\/span>\n\t\t\t\t<\/div>\n\t\t\t\t\t<\/div>\n\t\t<\/article>\n\t\t\t\t<article class=\"elementor-post elementor-grid-item post-1363 post type-post status-publish format-standard has-post-thumbnail hentry category-estrategia-empresarial tag-interim-manager tag-liderazgo-empresarial tag-rentabilidad\" role=\"listitem\">\n\t\t\t<div class=\"elementor-post__card\">\n\t\t\t\t<a class=\"elementor-post__thumbnail__link\" href=\"https:\/\/www.actionproject.es\/en_gb\/blog\/como-saber-si-una-empresa-es-rentable\/\" tabindex=\"-1\" ><div class=\"elementor-post__thumbnail\"><img decoding=\"async\" width=\"1200\" height=\"810\" data-src=\"https:\/\/www.actionproject.es\/wp-content\/uploads\/2025\/07\/como-saber-si-una-empresa-es-rentable.jpg\" class=\"attachment-full size-full wp-image-1410 lazyload\" alt=\"\" data-srcset=\"https:\/\/www.actionproject.es\/wp-content\/uploads\/2025\/07\/como-saber-si-una-empresa-es-rentable.jpg 1200w, https:\/\/www.actionproject.es\/wp-content\/uploads\/2025\/07\/como-saber-si-una-empresa-es-rentable-300x203.jpg 300w, https:\/\/www.actionproject.es\/wp-content\/uploads\/2025\/07\/como-saber-si-una-empresa-es-rentable-1024x691.jpg 1024w, https:\/\/www.actionproject.es\/wp-content\/uploads\/2025\/07\/como-saber-si-una-empresa-es-rentable-768x518.jpg 768w, https:\/\/www.actionproject.es\/wp-content\/uploads\/2025\/07\/como-saber-si-una-empresa-es-rentable-18x12.jpg 18w\" data-sizes=\"(max-width: 1200px) 100vw, 1200px\" src=\"data:image\/svg+xml;base64,PHN2ZyB3aWR0aD0iMSIgaGVpZ2h0PSIxIiB4bWxucz0iaHR0cDovL3d3dy53My5vcmcvMjAwMC9zdmciPjwvc3ZnPg==\" style=\"--smush-placeholder-width: 1200px; --smush-placeholder-aspect-ratio: 1200\/810;\" \/><\/div><\/a>\n\t\t\t\t<div class=\"elementor-post__badge\">Business strategy<\/div>\n\t\t\t\t<div class=\"elementor-post__text\">\n\t\t\t\t<h3 class=\"elementor-post__title\">\n\t\t\t<a href=\"https:\/\/www.actionproject.es\/en_gb\/blog\/como-saber-si-una-empresa-es-rentable\/\" >\n\t\t\t\t\u00bfC\u00f3mo saber si una empresa es rentable?\t\t\t<\/a>\n\t\t<\/h3>\n\t\t\n\t\t<a class=\"elementor-post__read-more\" href=\"https:\/\/www.actionproject.es\/en_gb\/blog\/como-saber-si-una-empresa-es-rentable\/\" aria-label=\"Read more about \u00bfC\u00f3mo saber si una empresa es rentable?\" tabindex=\"-1\" >\n\t\t\tRead more &#034;\t\t<\/a>\n\n\t\t\t\t<\/div>\n\t\t\t\t<div class=\"elementor-post__meta-data\">\n\t\t\t\t\t<span class=\"elementor-post-date\">\n\t\t\t10 de October de 2023\t\t<\/span>\n\t\t\t\t<\/div>\n\t\t\t\t\t<\/div>\n\t\t<\/article>\n\t\t\t\t<article class=\"elementor-post elementor-grid-item post-1366 post type-post status-publish format-standard has-post-thumbnail hentry category-estrategia-empresarial tag-liderar-un-equipo tag-liderazgo-de-equipo tag-liderazgo-empresarial\" role=\"listitem\">\n\t\t\t<div class=\"elementor-post__card\">\n\t\t\t\t<a class=\"elementor-post__thumbnail__link\" href=\"https:\/\/www.actionproject.es\/en_gb\/blog\/los-soprano\/\" tabindex=\"-1\" ><div class=\"elementor-post__thumbnail\"><img decoding=\"async\" width=\"1276\" height=\"704\" data-src=\"https:\/\/www.actionproject.es\/wp-content\/uploads\/2023\/10\/Los-Soprano.png\" class=\"attachment-full size-full wp-image-1641 lazyload\" alt=\"\" data-srcset=\"https:\/\/www.actionproject.es\/wp-content\/uploads\/2023\/10\/Los-Soprano.png 1276w, https:\/\/www.actionproject.es\/wp-content\/uploads\/2023\/10\/Los-Soprano-300x166.png 300w, https:\/\/www.actionproject.es\/wp-content\/uploads\/2023\/10\/Los-Soprano-1024x565.png 1024w, https:\/\/www.actionproject.es\/wp-content\/uploads\/2023\/10\/Los-Soprano-768x424.png 768w, https:\/\/www.actionproject.es\/wp-content\/uploads\/2023\/10\/Los-Soprano-18x10.png 18w\" data-sizes=\"(max-width: 1276px) 100vw, 1276px\" src=\"data:image\/svg+xml;base64,PHN2ZyB3aWR0aD0iMSIgaGVpZ2h0PSIxIiB4bWxucz0iaHR0cDovL3d3dy53My5vcmcvMjAwMC9zdmciPjwvc3ZnPg==\" style=\"--smush-placeholder-width: 1276px; --smush-placeholder-aspect-ratio: 1276\/704;\" \/><\/div><\/a>\n\t\t\t\t<div class=\"elementor-post__badge\">Business strategy<\/div>\n\t\t\t\t<div class=\"elementor-post__text\">\n\t\t\t\t<h3 class=\"elementor-post__title\">\n\t\t\t<a href=\"https:\/\/www.actionproject.es\/en_gb\/blog\/los-soprano\/\" >\n\t\t\t\t&#8216;Los Soprano&#8217;, una serie para aprender a ser un buen l\u00edder\t\t\t<\/a>\n\t\t<\/h3>\n\t\t\n\t\t<a class=\"elementor-post__read-more\" href=\"https:\/\/www.actionproject.es\/en_gb\/blog\/los-soprano\/\" aria-label=\"Read more about &#8216;Los Soprano&#8217;, una serie para aprender a ser un buen l\u00edder\" tabindex=\"-1\" >\n\t\t\tRead more &#034;\t\t<\/a>\n\n\t\t\t\t<\/div>\n\t\t\t\t<div class=\"elementor-post__meta-data\">\n\t\t\t\t\t<span class=\"elementor-post-date\">\n\t\t\t3 de October de 2023\t\t<\/span>\n\t\t\t\t<\/div>\n\t\t\t\t\t<\/div>\n\t\t<\/article>\n\t\t\t\t<article class=\"elementor-post elementor-grid-item post-1365 post type-post status-publish format-standard has-post-thumbnail hentry category-estrategia-empresarial tag-liderar-un-equipo tag-liderazgo-directivo tag-productividad\" role=\"listitem\">\n\t\t\t<div class=\"elementor-post__card\">\n\t\t\t\t<a class=\"elementor-post__thumbnail__link\" href=\"https:\/\/www.actionproject.es\/en_gb\/blog\/productividad-personal\/\" tabindex=\"-1\" ><div class=\"elementor-post__thumbnail\"><img decoding=\"async\" width=\"1200\" height=\"800\" data-src=\"https:\/\/www.actionproject.es\/wp-content\/uploads\/2025\/07\/productividad-personal.jpg\" class=\"attachment-full size-full wp-image-1509 lazyload\" alt=\"\" data-srcset=\"https:\/\/www.actionproject.es\/wp-content\/uploads\/2025\/07\/productividad-personal.jpg 1200w, https:\/\/www.actionproject.es\/wp-content\/uploads\/2025\/07\/productividad-personal-300x200.jpg 300w, https:\/\/www.actionproject.es\/wp-content\/uploads\/2025\/07\/productividad-personal-1024x683.jpg 1024w, https:\/\/www.actionproject.es\/wp-content\/uploads\/2025\/07\/productividad-personal-768x512.jpg 768w, https:\/\/www.actionproject.es\/wp-content\/uploads\/2025\/07\/productividad-personal-18x12.jpg 18w\" data-sizes=\"(max-width: 1200px) 100vw, 1200px\" src=\"data:image\/svg+xml;base64,PHN2ZyB3aWR0aD0iMSIgaGVpZ2h0PSIxIiB4bWxucz0iaHR0cDovL3d3dy53My5vcmcvMjAwMC9zdmciPjwvc3ZnPg==\" style=\"--smush-placeholder-width: 1200px; --smush-placeholder-aspect-ratio: 1200\/800;\" \/><\/div><\/a>\n\t\t\t\t<div class=\"elementor-post__badge\">Business strategy<\/div>\n\t\t\t\t<div class=\"elementor-post__text\">\n\t\t\t\t<h3 class=\"elementor-post__title\">\n\t\t\t<a href=\"https:\/\/www.actionproject.es\/en_gb\/blog\/productividad-personal\/\" >\n\t\t\t\tProductividad personal: \u00bfqu\u00e9 es y c\u00f3mo mejorarla?\t\t\t<\/a>\n\t\t<\/h3>\n\t\t\n\t\t<a class=\"elementor-post__read-more\" href=\"https:\/\/www.actionproject.es\/en_gb\/blog\/productividad-personal\/\" aria-label=\"Read more about Productividad personal: \u00bfqu\u00e9 es y c\u00f3mo mejorarla?\" tabindex=\"-1\" >\n\t\t\tRead more &#034;\t\t<\/a>\n\n\t\t\t\t<\/div>\n\t\t\t\t<div class=\"elementor-post__meta-data\">\n\t\t\t\t\t<span class=\"elementor-post-date\">\n\t\t\t26 de September de 2023\t\t<\/span>\n\t\t\t\t<\/div>\n\t\t\t\t\t<\/div>\n\t\t<\/article>\n\t\t\t\t<article class=\"elementor-post elementor-grid-item post-1364 post type-post status-publish format-standard has-post-thumbnail hentry category-estrategia-empresarial tag-estrategia-de-negocios tag-estrategia-empresarial tag-profesionalizacion-de-empresa\" role=\"listitem\">\n\t\t\t<div class=\"elementor-post__card\">\n\t\t\t\t<a class=\"elementor-post__thumbnail__link\" href=\"https:\/\/www.actionproject.es\/en_gb\/blog\/mapa-estrategico\/\" tabindex=\"-1\" ><div class=\"elementor-post__thumbnail\"><img decoding=\"async\" width=\"1200\" height=\"796\" data-src=\"https:\/\/www.actionproject.es\/wp-content\/uploads\/2025\/07\/mapa-estrategico.jpg\" class=\"attachment-full size-full wp-image-1487 lazyload\" alt=\"\" data-srcset=\"https:\/\/www.actionproject.es\/wp-content\/uploads\/2025\/07\/mapa-estrategico.jpg 1200w, https:\/\/www.actionproject.es\/wp-content\/uploads\/2025\/07\/mapa-estrategico-300x199.jpg 300w, https:\/\/www.actionproject.es\/wp-content\/uploads\/2025\/07\/mapa-estrategico-1024x679.jpg 1024w, https:\/\/www.actionproject.es\/wp-content\/uploads\/2025\/07\/mapa-estrategico-768x509.jpg 768w, https:\/\/www.actionproject.es\/wp-content\/uploads\/2025\/07\/mapa-estrategico-18x12.jpg 18w\" data-sizes=\"(max-width: 1200px) 100vw, 1200px\" src=\"data:image\/svg+xml;base64,PHN2ZyB3aWR0aD0iMSIgaGVpZ2h0PSIxIiB4bWxucz0iaHR0cDovL3d3dy53My5vcmcvMjAwMC9zdmciPjwvc3ZnPg==\" style=\"--smush-placeholder-width: 1200px; --smush-placeholder-aspect-ratio: 1200\/796;\" \/><\/div><\/a>\n\t\t\t\t<div class=\"elementor-post__badge\">Business strategy<\/div>\n\t\t\t\t<div class=\"elementor-post__text\">\n\t\t\t\t<h3 class=\"elementor-post__title\">\n\t\t\t<a href=\"https:\/\/www.actionproject.es\/en_gb\/blog\/mapa-estrategico\/\" >\n\t\t\t\t\u00bfQu\u00e9 es un mapa estrat\u00e9gico para una empresa?\t\t\t<\/a>\n\t\t<\/h3>\n\t\t\n\t\t<a class=\"elementor-post__read-more\" href=\"https:\/\/www.actionproject.es\/en_gb\/blog\/mapa-estrategico\/\" aria-label=\"Read more about \u00bfQu\u00e9 es un mapa estrat\u00e9gico para una empresa?\" tabindex=\"-1\" >\n\t\t\tRead more &#034;\t\t<\/a>\n\n\t\t\t\t<\/div>\n\t\t\t\t<div class=\"elementor-post__meta-data\">\n\t\t\t\t\t<span class=\"elementor-post-date\">\n\t\t\t19 de September de 2023\t\t<\/span>\n\t\t\t\t<\/div>\n\t\t\t\t\t<\/div>\n\t\t<\/article>\n\t\t\t\t<article class=\"elementor-post elementor-grid-item post-1367 post type-post status-publish format-standard has-post-thumbnail hentry category-estrategia-empresarial tag-consultor-de-empresas tag-consultoria-de-pymes tag-consultoria-estrategica\" role=\"listitem\">\n\t\t\t<div class=\"elementor-post__card\">\n\t\t\t\t<a class=\"elementor-post__thumbnail__link\" href=\"https:\/\/www.actionproject.es\/en_gb\/blog\/consultoria-de-operaciones\/\" tabindex=\"-1\" ><div class=\"elementor-post__thumbnail\"><img decoding=\"async\" width=\"1200\" height=\"800\" data-src=\"https:\/\/www.actionproject.es\/wp-content\/uploads\/2025\/07\/consultoria-de-operaciones.jpg\" class=\"attachment-full size-full wp-image-1414 lazyload\" alt=\"\" data-srcset=\"https:\/\/www.actionproject.es\/wp-content\/uploads\/2025\/07\/consultoria-de-operaciones.jpg 1200w, https:\/\/www.actionproject.es\/wp-content\/uploads\/2025\/07\/consultoria-de-operaciones-300x200.jpg 300w, https:\/\/www.actionproject.es\/wp-content\/uploads\/2025\/07\/consultoria-de-operaciones-1024x683.jpg 1024w, https:\/\/www.actionproject.es\/wp-content\/uploads\/2025\/07\/consultoria-de-operaciones-768x512.jpg 768w, https:\/\/www.actionproject.es\/wp-content\/uploads\/2025\/07\/consultoria-de-operaciones-18x12.jpg 18w\" data-sizes=\"(max-width: 1200px) 100vw, 1200px\" src=\"data:image\/svg+xml;base64,PHN2ZyB3aWR0aD0iMSIgaGVpZ2h0PSIxIiB4bWxucz0iaHR0cDovL3d3dy53My5vcmcvMjAwMC9zdmciPjwvc3ZnPg==\" style=\"--smush-placeholder-width: 1200px; --smush-placeholder-aspect-ratio: 1200\/800;\" \/><\/div><\/a>\n\t\t\t\t<div class=\"elementor-post__badge\">Business strategy<\/div>\n\t\t\t\t<div class=\"elementor-post__text\">\n\t\t\t\t<h3 class=\"elementor-post__title\">\n\t\t\t<a href=\"https:\/\/www.actionproject.es\/en_gb\/blog\/consultoria-de-operaciones\/\" >\n\t\t\t\tConsultor\u00eda de operaciones: qu\u00e9 es y c\u00f3mo puede ayudarte\t\t\t<\/a>\n\t\t<\/h3>\n\t\t\n\t\t<a class=\"elementor-post__read-more\" href=\"https:\/\/www.actionproject.es\/en_gb\/blog\/consultoria-de-operaciones\/\" aria-label=\"Read more about Consultor\u00eda de operaciones: qu\u00e9 es y c\u00f3mo puede ayudarte\" tabindex=\"-1\" >\n\t\t\tRead more &#034;\t\t<\/a>\n\n\t\t\t\t<\/div>\n\t\t\t\t<div class=\"elementor-post__meta-data\">\n\t\t\t\t\t<span class=\"elementor-post-date\">\n\t\t\t12 de September de 2023\t\t<\/span>\n\t\t\t\t<\/div>\n\t\t\t\t\t<\/div>\n\t\t<\/article>\n\t\t\t\t<article class=\"elementor-post elementor-grid-item post-1362 post type-post status-publish format-standard has-post-thumbnail hentry category-estrategia-empresarial tag-gestion-de-empresas tag-gestion-de-proyectos tag-gestion-de-proyectos-empresariales\" role=\"listitem\">\n\t\t\t<div class=\"elementor-post__card\">\n\t\t\t\t<a class=\"elementor-post__thumbnail__link\" href=\"https:\/\/www.actionproject.es\/en_gb\/blog\/flujo-de-trabajo\/\" tabindex=\"-1\" ><div class=\"elementor-post__thumbnail\"><img decoding=\"async\" width=\"1200\" height=\"800\" data-src=\"https:\/\/www.actionproject.es\/wp-content\/uploads\/2025\/07\/flujo-de-trabajo.jpg\" class=\"attachment-full size-full wp-image-1449 lazyload\" alt=\"\" data-srcset=\"https:\/\/www.actionproject.es\/wp-content\/uploads\/2025\/07\/flujo-de-trabajo.jpg 1200w, https:\/\/www.actionproject.es\/wp-content\/uploads\/2025\/07\/flujo-de-trabajo-300x200.jpg 300w, https:\/\/www.actionproject.es\/wp-content\/uploads\/2025\/07\/flujo-de-trabajo-1024x683.jpg 1024w, https:\/\/www.actionproject.es\/wp-content\/uploads\/2025\/07\/flujo-de-trabajo-768x512.jpg 768w, https:\/\/www.actionproject.es\/wp-content\/uploads\/2025\/07\/flujo-de-trabajo-18x12.jpg 18w\" data-sizes=\"(max-width: 1200px) 100vw, 1200px\" src=\"data:image\/svg+xml;base64,PHN2ZyB3aWR0aD0iMSIgaGVpZ2h0PSIxIiB4bWxucz0iaHR0cDovL3d3dy53My5vcmcvMjAwMC9zdmciPjwvc3ZnPg==\" style=\"--smush-placeholder-width: 1200px; --smush-placeholder-aspect-ratio: 1200\/800;\" \/><\/div><\/a>\n\t\t\t\t<div class=\"elementor-post__badge\">Business strategy<\/div>\n\t\t\t\t<div class=\"elementor-post__text\">\n\t\t\t\t<h3 class=\"elementor-post__title\">\n\t\t\t<a href=\"https:\/\/www.actionproject.es\/en_gb\/blog\/flujo-de-trabajo\/\" >\n\t\t\t\t\u00bfQu\u00e9 es un flujo de trabajo y para qu\u00e9 sirve?\t\t\t<\/a>\n\t\t<\/h3>\n\t\t\n\t\t<a class=\"elementor-post__read-more\" href=\"https:\/\/www.actionproject.es\/en_gb\/blog\/flujo-de-trabajo\/\" aria-label=\"Read more about \u00bfQu\u00e9 es un flujo de trabajo y para qu\u00e9 sirve?\" tabindex=\"-1\" >\n\t\t\tRead more &#034;\t\t<\/a>\n\n\t\t\t\t<\/div>\n\t\t\t\t<div class=\"elementor-post__meta-data\">\n\t\t\t\t\t<span class=\"elementor-post-date\">\n\t\t\t5 de September de 2023\t\t<\/span>\n\t\t\t\t<\/div>\n\t\t\t\t\t<\/div>\n\t\t<\/article>\n\t\t\t\t<article class=\"elementor-post elementor-grid-item post-1361 post type-post status-publish format-standard has-post-thumbnail hentry category-estrategia-empresarial tag-ambiente-laboral tag-clima-laboral tag-equipo\" role=\"listitem\">\n\t\t\t<div class=\"elementor-post__card\">\n\t\t\t\t<a class=\"elementor-post__thumbnail__link\" href=\"https:\/\/www.actionproject.es\/en_gb\/blog\/clima-laboral\/\" tabindex=\"-1\" ><div class=\"elementor-post__thumbnail\"><img decoding=\"async\" width=\"1200\" height=\"800\" data-src=\"https:\/\/www.actionproject.es\/wp-content\/uploads\/2025\/07\/clima-laboral.jpg\" class=\"attachment-full size-full wp-image-1405 lazyload\" alt=\"\" data-srcset=\"https:\/\/www.actionproject.es\/wp-content\/uploads\/2025\/07\/clima-laboral.jpg 1200w, https:\/\/www.actionproject.es\/wp-content\/uploads\/2025\/07\/clima-laboral-300x200.jpg 300w, https:\/\/www.actionproject.es\/wp-content\/uploads\/2025\/07\/clima-laboral-1024x683.jpg 1024w, https:\/\/www.actionproject.es\/wp-content\/uploads\/2025\/07\/clima-laboral-768x512.jpg 768w, https:\/\/www.actionproject.es\/wp-content\/uploads\/2025\/07\/clima-laboral-18x12.jpg 18w\" data-sizes=\"(max-width: 1200px) 100vw, 1200px\" src=\"data:image\/svg+xml;base64,PHN2ZyB3aWR0aD0iMSIgaGVpZ2h0PSIxIiB4bWxucz0iaHR0cDovL3d3dy53My5vcmcvMjAwMC9zdmciPjwvc3ZnPg==\" style=\"--smush-placeholder-width: 1200px; --smush-placeholder-aspect-ratio: 1200\/800;\" \/><\/div><\/a>\n\t\t\t\t<div class=\"elementor-post__badge\">Business strategy<\/div>\n\t\t\t\t<div class=\"elementor-post__text\">\n\t\t\t\t<h3 class=\"elementor-post__title\">\n\t\t\t<a href=\"https:\/\/www.actionproject.es\/en_gb\/blog\/clima-laboral\/\" >\n\t\t\t\tClima laboral: qu\u00e9 es y c\u00f3mo mejorarlo\t\t\t<\/a>\n\t\t<\/h3>\n\t\t\n\t\t<a class=\"elementor-post__read-more\" href=\"https:\/\/www.actionproject.es\/en_gb\/blog\/clima-laboral\/\" aria-label=\"Read more about Clima laboral: qu\u00e9 es y c\u00f3mo mejorarlo\" tabindex=\"-1\" >\n\t\t\tRead more &#034;\t\t<\/a>\n\n\t\t\t\t<\/div>\n\t\t\t\t<div class=\"elementor-post__meta-data\">\n\t\t\t\t\t<span class=\"elementor-post-date\">\n\t\t\t1 de August de 2023\t\t<\/span>\n\t\t\t\t<\/div>\n\t\t\t\t\t<\/div>\n\t\t<\/article>\n\t\t\t\t<article class=\"elementor-post elementor-grid-item post-1360 post type-post status-publish format-standard has-post-thumbnail hentry category-estrategia-empresarial tag-equipo tag-equipo-de-alto-rendimiento\" role=\"listitem\">\n\t\t\t<div class=\"elementor-post__card\">\n\t\t\t\t<a class=\"elementor-post__thumbnail__link\" href=\"https:\/\/www.actionproject.es\/en_gb\/blog\/equipos-de-alto-rendimiento\/\" tabindex=\"-1\" ><div class=\"elementor-post__thumbnail\"><img decoding=\"async\" width=\"1200\" height=\"800\" data-src=\"https:\/\/www.actionproject.es\/wp-content\/uploads\/2025\/07\/equipos-de-alto-rendimiento.jpg\" class=\"attachment-full size-full wp-image-1441 lazyload\" alt=\"\" data-srcset=\"https:\/\/www.actionproject.es\/wp-content\/uploads\/2025\/07\/equipos-de-alto-rendimiento.jpg 1200w, https:\/\/www.actionproject.es\/wp-content\/uploads\/2025\/07\/equipos-de-alto-rendimiento-300x200.jpg 300w, https:\/\/www.actionproject.es\/wp-content\/uploads\/2025\/07\/equipos-de-alto-rendimiento-1024x683.jpg 1024w, https:\/\/www.actionproject.es\/wp-content\/uploads\/2025\/07\/equipos-de-alto-rendimiento-768x512.jpg 768w, https:\/\/www.actionproject.es\/wp-content\/uploads\/2025\/07\/equipos-de-alto-rendimiento-18x12.jpg 18w\" data-sizes=\"(max-width: 1200px) 100vw, 1200px\" src=\"data:image\/svg+xml;base64,PHN2ZyB3aWR0aD0iMSIgaGVpZ2h0PSIxIiB4bWxucz0iaHR0cDovL3d3dy53My5vcmcvMjAwMC9zdmciPjwvc3ZnPg==\" style=\"--smush-placeholder-width: 1200px; --smush-placeholder-aspect-ratio: 1200\/800;\" \/><\/div><\/a>\n\t\t\t\t<div class=\"elementor-post__badge\">Business strategy<\/div>\n\t\t\t\t<div class=\"elementor-post__text\">\n\t\t\t\t<h3 class=\"elementor-post__title\">\n\t\t\t<a href=\"https:\/\/www.actionproject.es\/en_gb\/blog\/equipos-de-alto-rendimiento\/\" >\n\t\t\t\tEquipos de alto rendimiento en la empresa\t\t\t<\/a>\n\t\t<\/h3>\n\t\t\n\t\t<a class=\"elementor-post__read-more\" href=\"https:\/\/www.actionproject.es\/en_gb\/blog\/equipos-de-alto-rendimiento\/\" aria-label=\"Read more about Equipos de alto rendimiento en la empresa\" tabindex=\"-1\" >\n\t\t\tRead more &#034;\t\t<\/a>\n\n\t\t\t\t<\/div>\n\t\t\t\t<div class=\"elementor-post__meta-data\">\n\t\t\t\t\t<span class=\"elementor-post-date\">\n\t\t\t25 de July de 2023\t\t<\/span>\n\t\t\t\t<\/div>\n\t\t\t\t\t<\/div>\n\t\t<\/article>\n\t\t\t\t<article class=\"elementor-post elementor-grid-item post-1359 post type-post status-publish format-standard has-post-thumbnail hentry category-estrategia-empresarial\" role=\"listitem\">\n\t\t\t<div class=\"elementor-post__card\">\n\t\t\t\t<a class=\"elementor-post__thumbnail__link\" href=\"https:\/\/www.actionproject.es\/en_gb\/blog\/crisis-empresarial\/\" tabindex=\"-1\" ><div class=\"elementor-post__thumbnail\"><img decoding=\"async\" width=\"1200\" height=\"801\" data-src=\"https:\/\/www.actionproject.es\/wp-content\/uploads\/2025\/07\/crisis-empresarial.jpg\" class=\"attachment-full size-full wp-image-1426 lazyload\" alt=\"\" data-srcset=\"https:\/\/www.actionproject.es\/wp-content\/uploads\/2025\/07\/crisis-empresarial.jpg 1200w, https:\/\/www.actionproject.es\/wp-content\/uploads\/2025\/07\/crisis-empresarial-300x200.jpg 300w, https:\/\/www.actionproject.es\/wp-content\/uploads\/2025\/07\/crisis-empresarial-1024x684.jpg 1024w, https:\/\/www.actionproject.es\/wp-content\/uploads\/2025\/07\/crisis-empresarial-768x513.jpg 768w, https:\/\/www.actionproject.es\/wp-content\/uploads\/2025\/07\/crisis-empresarial-18x12.jpg 18w\" data-sizes=\"(max-width: 1200px) 100vw, 1200px\" src=\"data:image\/svg+xml;base64,PHN2ZyB3aWR0aD0iMSIgaGVpZ2h0PSIxIiB4bWxucz0iaHR0cDovL3d3dy53My5vcmcvMjAwMC9zdmciPjwvc3ZnPg==\" style=\"--smush-placeholder-width: 1200px; --smush-placeholder-aspect-ratio: 1200\/801;\" \/><\/div><\/a>\n\t\t\t\t<div class=\"elementor-post__badge\">Business strategy<\/div>\n\t\t\t\t<div class=\"elementor-post__text\">\n\t\t\t\t<h3 class=\"elementor-post__title\">\n\t\t\t<a href=\"https:\/\/www.actionproject.es\/en_gb\/blog\/crisis-empresarial\/\" >\n\t\t\t\t\u00bfC\u00f3mo afrontar una crisis empresarial?\t\t\t<\/a>\n\t\t<\/h3>\n\t\t\n\t\t<a class=\"elementor-post__read-more\" href=\"https:\/\/www.actionproject.es\/en_gb\/blog\/crisis-empresarial\/\" aria-label=\"Read more about \u00bfC\u00f3mo afrontar una crisis empresarial?\" tabindex=\"-1\" >\n\t\t\tRead more &#034;\t\t<\/a>\n\n\t\t\t\t<\/div>\n\t\t\t\t<div class=\"elementor-post__meta-data\">\n\t\t\t\t\t<span class=\"elementor-post-date\">\n\t\t\t18 de July de 2023\t\t<\/span>\n\t\t\t\t<\/div>\n\t\t\t\t\t<\/div>\n\t\t<\/article>\n\t\t\t\t<article class=\"elementor-post elementor-grid-item post-1358 post type-post status-publish format-standard has-post-thumbnail hentry category-estrategia-empresarial\" role=\"listitem\">\n\t\t\t<div class=\"elementor-post__card\">\n\t\t\t\t<a class=\"elementor-post__thumbnail__link\" href=\"https:\/\/www.actionproject.es\/en_gb\/blog\/lecciones-para-emprendedores-de-la-pelicula-money-ball\/\" tabindex=\"-1\" ><div class=\"elementor-post__thumbnail\"><img decoding=\"async\" width=\"746\" height=\"421\" data-src=\"https:\/\/www.actionproject.es\/wp-content\/uploads\/2023\/07\/Moneyball.png\" class=\"attachment-full size-full wp-image-1642 lazyload\" alt=\"\" data-srcset=\"https:\/\/www.actionproject.es\/wp-content\/uploads\/2023\/07\/Moneyball.png 746w, https:\/\/www.actionproject.es\/wp-content\/uploads\/2023\/07\/Moneyball-300x169.png 300w, https:\/\/www.actionproject.es\/wp-content\/uploads\/2023\/07\/Moneyball-18x10.png 18w\" data-sizes=\"(max-width: 746px) 100vw, 746px\" src=\"data:image\/svg+xml;base64,PHN2ZyB3aWR0aD0iMSIgaGVpZ2h0PSIxIiB4bWxucz0iaHR0cDovL3d3dy53My5vcmcvMjAwMC9zdmciPjwvc3ZnPg==\" style=\"--smush-placeholder-width: 746px; --smush-placeholder-aspect-ratio: 746\/421;\" \/><\/div><\/a>\n\t\t\t\t<div class=\"elementor-post__badge\">Business strategy<\/div>\n\t\t\t\t<div class=\"elementor-post__text\">\n\t\t\t\t<h3 class=\"elementor-post__title\">\n\t\t\t<a href=\"https:\/\/www.actionproject.es\/en_gb\/blog\/lecciones-para-emprendedores-de-la-pelicula-money-ball\/\" >\n\t\t\t\tLecciones para emprendedores de la pel\u00edcula \u2018Money Ball\u2019\t\t\t<\/a>\n\t\t<\/h3>\n\t\t\n\t\t<a class=\"elementor-post__read-more\" href=\"https:\/\/www.actionproject.es\/en_gb\/blog\/lecciones-para-emprendedores-de-la-pelicula-money-ball\/\" aria-label=\"Read more about Lecciones para emprendedores de la pel\u00edcula \u2018Money Ball\u2019\" tabindex=\"-1\" >\n\t\t\tRead more &#034;\t\t<\/a>\n\n\t\t\t\t<\/div>\n\t\t\t\t<div class=\"elementor-post__meta-data\">\n\t\t\t\t\t<span class=\"elementor-post-date\">\n\t\t\t11 de July de 2023\t\t<\/span>\n\t\t\t\t<\/div>\n\t\t\t\t\t<\/div>\n\t\t<\/article>\n\t\t\t\t<article class=\"elementor-post elementor-grid-item post-1357 post type-post status-publish format-standard has-post-thumbnail hentry category-estrategia-empresarial tag-decisiones-estrategicas tag-toma-decisiones-empresa\" role=\"listitem\">\n\t\t\t<div class=\"elementor-post__card\">\n\t\t\t\t<a class=\"elementor-post__thumbnail__link\" href=\"https:\/\/www.actionproject.es\/en_gb\/blog\/toma-de-decisiones-en-la-empresa\/\" tabindex=\"-1\" ><div class=\"elementor-post__thumbnail\"><img decoding=\"async\" width=\"1200\" height=\"791\" data-src=\"https:\/\/www.actionproject.es\/wp-content\/uploads\/2025\/07\/toma-de-decisiones-en-la-empresa.jpg\" class=\"attachment-full size-full wp-image-1526 lazyload\" alt=\"\" data-srcset=\"https:\/\/www.actionproject.es\/wp-content\/uploads\/2025\/07\/toma-de-decisiones-en-la-empresa.jpg 1200w, https:\/\/www.actionproject.es\/wp-content\/uploads\/2025\/07\/toma-de-decisiones-en-la-empresa-300x198.jpg 300w, https:\/\/www.actionproject.es\/wp-content\/uploads\/2025\/07\/toma-de-decisiones-en-la-empresa-1024x675.jpg 1024w, https:\/\/www.actionproject.es\/wp-content\/uploads\/2025\/07\/toma-de-decisiones-en-la-empresa-768x506.jpg 768w, https:\/\/www.actionproject.es\/wp-content\/uploads\/2025\/07\/toma-de-decisiones-en-la-empresa-18x12.jpg 18w\" data-sizes=\"(max-width: 1200px) 100vw, 1200px\" src=\"data:image\/svg+xml;base64,PHN2ZyB3aWR0aD0iMSIgaGVpZ2h0PSIxIiB4bWxucz0iaHR0cDovL3d3dy53My5vcmcvMjAwMC9zdmciPjwvc3ZnPg==\" style=\"--smush-placeholder-width: 1200px; --smush-placeholder-aspect-ratio: 1200\/791;\" \/><\/div><\/a>\n\t\t\t\t<div class=\"elementor-post__badge\">Business strategy<\/div>\n\t\t\t\t<div class=\"elementor-post__text\">\n\t\t\t\t<h3 class=\"elementor-post__title\">\n\t\t\t<a href=\"https:\/\/www.actionproject.es\/en_gb\/blog\/toma-de-decisiones-en-la-empresa\/\" >\n\t\t\t\tLa importancia de la toma de decisiones en la empresa\t\t\t<\/a>\n\t\t<\/h3>\n\t\t\n\t\t<a class=\"elementor-post__read-more\" href=\"https:\/\/www.actionproject.es\/en_gb\/blog\/toma-de-decisiones-en-la-empresa\/\" aria-label=\"Read more about La importancia de la toma de decisiones en la empresa\" tabindex=\"-1\" >\n\t\t\tRead more &#034;\t\t<\/a>\n\n\t\t\t\t<\/div>\n\t\t\t\t<div class=\"elementor-post__meta-data\">\n\t\t\t\t\t<span class=\"elementor-post-date\">\n\t\t\t16 de May de 2023\t\t<\/span>\n\t\t\t\t<\/div>\n\t\t\t\t\t<\/div>\n\t\t<\/article>\n\t\t\t\t<article class=\"elementor-post elementor-grid-item post-1356 post type-post status-publish format-standard has-post-thumbnail hentry category-estrategia-empresarial tag-desarrollo-directivo tag-liderar-un-equipo\" role=\"listitem\">\n\t\t\t<div class=\"elementor-post__card\">\n\t\t\t\t<a class=\"elementor-post__thumbnail__link\" href=\"https:\/\/www.actionproject.es\/en_gb\/blog\/rol-de-un-directivo\/\" tabindex=\"-1\" ><div class=\"elementor-post__thumbnail\"><img decoding=\"async\" width=\"1200\" height=\"801\" data-src=\"https:\/\/www.actionproject.es\/wp-content\/uploads\/2025\/07\/retos-y-roles-de-un-directivo.jpg\" class=\"attachment-full size-full wp-image-1515 lazyload\" alt=\"\" data-srcset=\"https:\/\/www.actionproject.es\/wp-content\/uploads\/2025\/07\/retos-y-roles-de-un-directivo.jpg 1200w, https:\/\/www.actionproject.es\/wp-content\/uploads\/2025\/07\/retos-y-roles-de-un-directivo-300x200.jpg 300w, https:\/\/www.actionproject.es\/wp-content\/uploads\/2025\/07\/retos-y-roles-de-un-directivo-1024x684.jpg 1024w, https:\/\/www.actionproject.es\/wp-content\/uploads\/2025\/07\/retos-y-roles-de-un-directivo-768x513.jpg 768w, https:\/\/www.actionproject.es\/wp-content\/uploads\/2025\/07\/retos-y-roles-de-un-directivo-18x12.jpg 18w\" data-sizes=\"(max-width: 1200px) 100vw, 1200px\" src=\"data:image\/svg+xml;base64,PHN2ZyB3aWR0aD0iMSIgaGVpZ2h0PSIxIiB4bWxucz0iaHR0cDovL3d3dy53My5vcmcvMjAwMC9zdmciPjwvc3ZnPg==\" style=\"--smush-placeholder-width: 1200px; --smush-placeholder-aspect-ratio: 1200\/801;\" \/><\/div><\/a>\n\t\t\t\t<div class=\"elementor-post__badge\">Business strategy<\/div>\n\t\t\t\t<div class=\"elementor-post__text\">\n\t\t\t\t<h3 class=\"elementor-post__title\">\n\t\t\t<a href=\"https:\/\/www.actionproject.es\/en_gb\/blog\/rol-de-un-directivo\/\" >\n\t\t\t\t\u00bfCu\u00e1l es el rol de un directivo en la estrategia empresarial?\t\t\t<\/a>\n\t\t<\/h3>\n\t\t\n\t\t<a class=\"elementor-post__read-more\" href=\"https:\/\/www.actionproject.es\/en_gb\/blog\/rol-de-un-directivo\/\" aria-label=\"Read more about \u00bfCu\u00e1l es el rol de un directivo en la estrategia empresarial?\" tabindex=\"-1\" >\n\t\t\tRead more &#034;\t\t<\/a>\n\n\t\t\t\t<\/div>\n\t\t\t\t<div class=\"elementor-post__meta-data\">\n\t\t\t\t\t<span class=\"elementor-post-date\">\n\t\t\t9 de May de 2023\t\t<\/span>\n\t\t\t\t<\/div>\n\t\t\t\t\t<\/div>\n\t\t<\/article>\n\t\t\t\t<article class=\"elementor-post elementor-grid-item post-1355 post type-post status-publish format-standard has-post-thumbnail hentry category-estrategia-empresarial\" role=\"listitem\">\n\t\t\t<div class=\"elementor-post__card\">\n\t\t\t\t<a class=\"elementor-post__thumbnail__link\" href=\"https:\/\/www.actionproject.es\/en_gb\/blog\/objetivos-empresariales-y-su-importancia\/\" tabindex=\"-1\" ><div class=\"elementor-post__thumbnail\"><img decoding=\"async\" width=\"1200\" height=\"800\" data-src=\"https:\/\/www.actionproject.es\/wp-content\/uploads\/2025\/07\/objetivos-empresariales.jpg\" class=\"attachment-full size-full wp-image-1499 lazyload\" alt=\"\" data-srcset=\"https:\/\/www.actionproject.es\/wp-content\/uploads\/2025\/07\/objetivos-empresariales.jpg 1200w, https:\/\/www.actionproject.es\/wp-content\/uploads\/2025\/07\/objetivos-empresariales-300x200.jpg 300w, https:\/\/www.actionproject.es\/wp-content\/uploads\/2025\/07\/objetivos-empresariales-1024x683.jpg 1024w, https:\/\/www.actionproject.es\/wp-content\/uploads\/2025\/07\/objetivos-empresariales-768x512.jpg 768w, https:\/\/www.actionproject.es\/wp-content\/uploads\/2025\/07\/objetivos-empresariales-18x12.jpg 18w\" data-sizes=\"(max-width: 1200px) 100vw, 1200px\" src=\"data:image\/svg+xml;base64,PHN2ZyB3aWR0aD0iMSIgaGVpZ2h0PSIxIiB4bWxucz0iaHR0cDovL3d3dy53My5vcmcvMjAwMC9zdmciPjwvc3ZnPg==\" style=\"--smush-placeholder-width: 1200px; --smush-placeholder-aspect-ratio: 1200\/800;\" \/><\/div><\/a>\n\t\t\t\t<div class=\"elementor-post__badge\">Business strategy<\/div>\n\t\t\t\t<div class=\"elementor-post__text\">\n\t\t\t\t<h3 class=\"elementor-post__title\">\n\t\t\t<a href=\"https:\/\/www.actionproject.es\/en_gb\/blog\/objetivos-empresariales-y-su-importancia\/\" >\n\t\t\t\tQu\u00e9 son los objetivos empresariales y cu\u00e1l es su importancia\t\t\t<\/a>\n\t\t<\/h3>\n\t\t\n\t\t<a class=\"elementor-post__read-more\" href=\"https:\/\/www.actionproject.es\/en_gb\/blog\/objetivos-empresariales-y-su-importancia\/\" aria-label=\"Read more about Qu\u00e9 son los objetivos empresariales y cu\u00e1l es su importancia\" tabindex=\"-1\" >\n\t\t\tRead more &#034;\t\t<\/a>\n\n\t\t\t\t<\/div>\n\t\t\t\t<div class=\"elementor-post__meta-data\">\n\t\t\t\t\t<span class=\"elementor-post-date\">\n\t\t\t18 de April de 2023\t\t<\/span>\n\t\t\t\t<\/div>\n\t\t\t\t\t<\/div>\n\t\t<\/article>\n\t\t\t\t<article class=\"elementor-post elementor-grid-item post-1354 post type-post status-publish format-standard hentry category-estrategia-empresarial tag-metodologia-empresarial tag-metodologia-pmi\" role=\"listitem\">\n\t\t\t<div class=\"elementor-post__card\">\n\t\t\t\t<div class=\"elementor-post__text\">\n\t\t\t\t<h3 class=\"elementor-post__title\">\n\t\t\t<a href=\"https:\/\/www.actionproject.es\/en_gb\/blog\/clavesmetodologia-pmi-ejecucion-de-proyectos\/\" >\n\t\t\t\tClaves de la metodolog\u00eda PMI en la ejecuci\u00f3n de proyectos\t\t\t<\/a>\n\t\t<\/h3>\n\t\t\n\t\t<a class=\"elementor-post__read-more\" href=\"https:\/\/www.actionproject.es\/en_gb\/blog\/clavesmetodologia-pmi-ejecucion-de-proyectos\/\" aria-label=\"Read more about Claves de la metodolog\u00eda PMI en la ejecuci\u00f3n de proyectos\" tabindex=\"-1\" >\n\t\t\tRead more &#034;\t\t<\/a>\n\n\t\t\t\t<\/div>\n\t\t\t\t<div class=\"elementor-post__meta-data\">\n\t\t\t\t\t<span class=\"elementor-post-date\">\n\t\t\t11 de April de 2023\t\t<\/span>\n\t\t\t\t<\/div>\n\t\t\t\t\t<\/div>\n\t\t<\/article>\n\t\t\t\t<article class=\"elementor-post elementor-grid-item post-1353 post type-post status-publish format-standard has-post-thumbnail hentry category-estrategia-empresarial tag-estrategia-de-negocios tag-estrategia-empresarial tag-planificacion\" role=\"listitem\">\n\t\t\t<div class=\"elementor-post__card\">\n\t\t\t\t<a class=\"elementor-post__thumbnail__link\" href=\"https:\/\/www.actionproject.es\/en_gb\/blog\/claves-planificacion-de-escenarios-estrategicos\/\" tabindex=\"-1\" ><div class=\"elementor-post__thumbnail\"><img decoding=\"async\" width=\"1200\" height=\"800\" data-src=\"https:\/\/www.actionproject.es\/wp-content\/uploads\/2025\/07\/planificacion-escenarios-estrategicos.jpg\" class=\"attachment-full size-full wp-image-1502 lazyload\" alt=\"\" data-srcset=\"https:\/\/www.actionproject.es\/wp-content\/uploads\/2025\/07\/planificacion-escenarios-estrategicos.jpg 1200w, https:\/\/www.actionproject.es\/wp-content\/uploads\/2025\/07\/planificacion-escenarios-estrategicos-300x200.jpg 300w, https:\/\/www.actionproject.es\/wp-content\/uploads\/2025\/07\/planificacion-escenarios-estrategicos-1024x683.jpg 1024w, https:\/\/www.actionproject.es\/wp-content\/uploads\/2025\/07\/planificacion-escenarios-estrategicos-768x512.jpg 768w, https:\/\/www.actionproject.es\/wp-content\/uploads\/2025\/07\/planificacion-escenarios-estrategicos-18x12.jpg 18w\" data-sizes=\"(max-width: 1200px) 100vw, 1200px\" src=\"data:image\/svg+xml;base64,PHN2ZyB3aWR0aD0iMSIgaGVpZ2h0PSIxIiB4bWxucz0iaHR0cDovL3d3dy53My5vcmcvMjAwMC9zdmciPjwvc3ZnPg==\" style=\"--smush-placeholder-width: 1200px; --smush-placeholder-aspect-ratio: 1200\/800;\" \/><\/div><\/a>\n\t\t\t\t<div class=\"elementor-post__badge\">Business strategy<\/div>\n\t\t\t\t<div class=\"elementor-post__text\">\n\t\t\t\t<h3 class=\"elementor-post__title\">\n\t\t\t<a href=\"https:\/\/www.actionproject.es\/en_gb\/blog\/claves-planificacion-de-escenarios-estrategicos\/\" >\n\t\t\t\t10 claves de la planificaci\u00f3n de escenarios estrat\u00e9gicos\t\t\t<\/a>\n\t\t<\/h3>\n\t\t\n\t\t<a class=\"elementor-post__read-more\" href=\"https:\/\/www.actionproject.es\/en_gb\/blog\/claves-planificacion-de-escenarios-estrategicos\/\" aria-label=\"Read more about 10 claves de la planificaci\u00f3n de escenarios estrat\u00e9gicos\" tabindex=\"-1\" >\n\t\t\tRead more &#034;\t\t<\/a>\n\n\t\t\t\t<\/div>\n\t\t\t\t<div class=\"elementor-post__meta-data\">\n\t\t\t\t\t<span class=\"elementor-post-date\">\n\t\t\t28 de March de 2023\t\t<\/span>\n\t\t\t\t<\/div>\n\t\t\t\t\t<\/div>\n\t\t<\/article>\n\t\t\t\t<article class=\"elementor-post elementor-grid-item post-1352 post type-post status-publish format-standard has-post-thumbnail hentry category-estrategia-empresarial\" role=\"listitem\">\n\t\t\t<div class=\"elementor-post__card\">\n\t\t\t\t<a class=\"elementor-post__thumbnail__link\" href=\"https:\/\/www.actionproject.es\/en_gb\/blog\/tipos-de-metodologias-de-proyectos\/\" tabindex=\"-1\" ><div class=\"elementor-post__thumbnail\"><img decoding=\"async\" width=\"1200\" height=\"800\" data-src=\"https:\/\/www.actionproject.es\/wp-content\/uploads\/2025\/07\/metodologias-proyectos.jpg\" class=\"attachment-full size-full wp-image-1493 lazyload\" alt=\"\" data-srcset=\"https:\/\/www.actionproject.es\/wp-content\/uploads\/2025\/07\/metodologias-proyectos.jpg 1200w, https:\/\/www.actionproject.es\/wp-content\/uploads\/2025\/07\/metodologias-proyectos-300x200.jpg 300w, https:\/\/www.actionproject.es\/wp-content\/uploads\/2025\/07\/metodologias-proyectos-1024x683.jpg 1024w, https:\/\/www.actionproject.es\/wp-content\/uploads\/2025\/07\/metodologias-proyectos-768x512.jpg 768w, https:\/\/www.actionproject.es\/wp-content\/uploads\/2025\/07\/metodologias-proyectos-18x12.jpg 18w\" data-sizes=\"(max-width: 1200px) 100vw, 1200px\" src=\"data:image\/svg+xml;base64,PHN2ZyB3aWR0aD0iMSIgaGVpZ2h0PSIxIiB4bWxucz0iaHR0cDovL3d3dy53My5vcmcvMjAwMC9zdmciPjwvc3ZnPg==\" style=\"--smush-placeholder-width: 1200px; --smush-placeholder-aspect-ratio: 1200\/800;\" \/><\/div><\/a>\n\t\t\t\t<div class=\"elementor-post__badge\">Business strategy<\/div>\n\t\t\t\t<div class=\"elementor-post__text\">\n\t\t\t\t<h3 class=\"elementor-post__title\">\n\t\t\t<a href=\"https:\/\/www.actionproject.es\/en_gb\/blog\/tipos-de-metodologias-de-proyectos\/\" >\n\t\t\t\t3 tipos de metodolog\u00edas de proyectos m\u00e1s comunes\t\t\t<\/a>\n\t\t<\/h3>\n\t\t\n\t\t<a class=\"elementor-post__read-more\" href=\"https:\/\/www.actionproject.es\/en_gb\/blog\/tipos-de-metodologias-de-proyectos\/\" aria-label=\"Read more about 3 tipos de metodolog\u00edas de proyectos m\u00e1s comunes\" tabindex=\"-1\" >\n\t\t\tRead more &#034;\t\t<\/a>\n\n\t\t\t\t<\/div>\n\t\t\t\t<div class=\"elementor-post__meta-data\">\n\t\t\t\t\t<span class=\"elementor-post-date\">\n\t\t\t21 de March de 2023\t\t<\/span>\n\t\t\t\t<\/div>\n\t\t\t\t\t<\/div>\n\t\t<\/article>\n\t\t\t\t<article class=\"elementor-post elementor-grid-item post-1351 post type-post status-publish format-standard has-post-thumbnail hentry category-estrategia-empresarial\" role=\"listitem\">\n\t\t\t<div class=\"elementor-post__card\">\n\t\t\t\t<a class=\"elementor-post__thumbnail__link\" href=\"https:\/\/www.actionproject.es\/en_gb\/blog\/importancia-desarrollo-empresarial-negocio\/\" tabindex=\"-1\" ><div class=\"elementor-post__thumbnail\"><img decoding=\"async\" width=\"1200\" height=\"800\" data-src=\"https:\/\/www.actionproject.es\/wp-content\/uploads\/2025\/07\/desarrollo-empresarial.jpg\" class=\"attachment-full size-full wp-image-1429 lazyload\" alt=\"\" data-srcset=\"https:\/\/www.actionproject.es\/wp-content\/uploads\/2025\/07\/desarrollo-empresarial.jpg 1200w, https:\/\/www.actionproject.es\/wp-content\/uploads\/2025\/07\/desarrollo-empresarial-300x200.jpg 300w, https:\/\/www.actionproject.es\/wp-content\/uploads\/2025\/07\/desarrollo-empresarial-1024x683.jpg 1024w, https:\/\/www.actionproject.es\/wp-content\/uploads\/2025\/07\/desarrollo-empresarial-768x512.jpg 768w, https:\/\/www.actionproject.es\/wp-content\/uploads\/2025\/07\/desarrollo-empresarial-18x12.jpg 18w\" data-sizes=\"(max-width: 1200px) 100vw, 1200px\" src=\"data:image\/svg+xml;base64,PHN2ZyB3aWR0aD0iMSIgaGVpZ2h0PSIxIiB4bWxucz0iaHR0cDovL3d3dy53My5vcmcvMjAwMC9zdmciPjwvc3ZnPg==\" style=\"--smush-placeholder-width: 1200px; --smush-placeholder-aspect-ratio: 1200\/800;\" \/><\/div><\/a>\n\t\t\t\t<div class=\"elementor-post__badge\">Business strategy<\/div>\n\t\t\t\t<div class=\"elementor-post__text\">\n\t\t\t\t<h3 class=\"elementor-post__title\">\n\t\t\t<a href=\"https:\/\/www.actionproject.es\/en_gb\/blog\/importancia-desarrollo-empresarial-negocio\/\" >\n\t\t\t\tLa importancia del desarrollo empresarial para tu negocio\t\t\t<\/a>\n\t\t<\/h3>\n\t\t\n\t\t<a class=\"elementor-post__read-more\" href=\"https:\/\/www.actionproject.es\/en_gb\/blog\/importancia-desarrollo-empresarial-negocio\/\" aria-label=\"Read more about La importancia del desarrollo empresarial para tu negocio\" tabindex=\"-1\" >\n\t\t\tRead more &#034;\t\t<\/a>\n\n\t\t\t\t<\/div>\n\t\t\t\t<div class=\"elementor-post__meta-data\">\n\t\t\t\t\t<span class=\"elementor-post-date\">\n\t\t\t14 de March de 2023\t\t<\/span>\n\t\t\t\t<\/div>\n\t\t\t\t\t<\/div>\n\t\t<\/article>\n\t\t\t\t<article class=\"elementor-post elementor-grid-item post-1350 post type-post status-publish format-standard has-post-thumbnail hentry category-estrategia-empresarial\" role=\"listitem\">\n\t\t\t<div class=\"elementor-post__card\">\n\t\t\t\t<a class=\"elementor-post__thumbnail__link\" href=\"https:\/\/www.actionproject.es\/en_gb\/blog\/por-que-profesionalizar-la-empresa-familiar\/\" tabindex=\"-1\" ><div class=\"elementor-post__thumbnail\"><img decoding=\"async\" width=\"1200\" height=\"800\" data-src=\"https:\/\/www.actionproject.es\/wp-content\/uploads\/2025\/07\/profesionalizar-empresa-familiar.jpg\" class=\"attachment-full size-full wp-image-1510 lazyload\" alt=\"\" data-srcset=\"https:\/\/www.actionproject.es\/wp-content\/uploads\/2025\/07\/profesionalizar-empresa-familiar.jpg 1200w, https:\/\/www.actionproject.es\/wp-content\/uploads\/2025\/07\/profesionalizar-empresa-familiar-300x200.jpg 300w, https:\/\/www.actionproject.es\/wp-content\/uploads\/2025\/07\/profesionalizar-empresa-familiar-1024x683.jpg 1024w, https:\/\/www.actionproject.es\/wp-content\/uploads\/2025\/07\/profesionalizar-empresa-familiar-768x512.jpg 768w, https:\/\/www.actionproject.es\/wp-content\/uploads\/2025\/07\/profesionalizar-empresa-familiar-18x12.jpg 18w\" data-sizes=\"(max-width: 1200px) 100vw, 1200px\" src=\"data:image\/svg+xml;base64,PHN2ZyB3aWR0aD0iMSIgaGVpZ2h0PSIxIiB4bWxucz0iaHR0cDovL3d3dy53My5vcmcvMjAwMC9zdmciPjwvc3ZnPg==\" style=\"--smush-placeholder-width: 1200px; --smush-placeholder-aspect-ratio: 1200\/800;\" \/><\/div><\/a>\n\t\t\t\t<div class=\"elementor-post__badge\">Business strategy<\/div>\n\t\t\t\t<div class=\"elementor-post__text\">\n\t\t\t\t<h3 class=\"elementor-post__title\">\n\t\t\t<a href=\"https:\/\/www.actionproject.es\/en_gb\/blog\/por-que-profesionalizar-la-empresa-familiar\/\" >\n\t\t\t\t\u00bfPor qu\u00e9 profesionalizar la empresa familiar?\t\t\t<\/a>\n\t\t<\/h3>\n\t\t\n\t\t<a class=\"elementor-post__read-more\" href=\"https:\/\/www.actionproject.es\/en_gb\/blog\/por-que-profesionalizar-la-empresa-familiar\/\" aria-label=\"Read more about \u00bfPor qu\u00e9 profesionalizar la empresa familiar?\" tabindex=\"-1\" >\n\t\t\tRead more &#034;\t\t<\/a>\n\n\t\t\t\t<\/div>\n\t\t\t\t<div class=\"elementor-post__meta-data\">\n\t\t\t\t\t<span class=\"elementor-post-date\">\n\t\t\t7 de March de 2023\t\t<\/span>\n\t\t\t\t<\/div>\n\t\t\t\t\t<\/div>\n\t\t<\/article>\n\t\t\t\t<article class=\"elementor-post elementor-grid-item post-1349 post type-post status-publish format-standard has-post-thumbnail hentry category-estrategia-empresarial\" role=\"listitem\">\n\t\t\t<div class=\"elementor-post__card\">\n\t\t\t\t<a class=\"elementor-post__thumbnail__link\" href=\"https:\/\/www.actionproject.es\/en_gb\/blog\/factores-plan-de-negocio-establecer-objetivos\/\" tabindex=\"-1\" ><div class=\"elementor-post__thumbnail\"><img decoding=\"async\" width=\"1200\" height=\"800\" data-src=\"https:\/\/www.actionproject.es\/wp-content\/uploads\/2025\/07\/plan-de-negocios.jpg\" class=\"attachment-full size-full wp-image-1501 lazyload\" alt=\"\" data-srcset=\"https:\/\/www.actionproject.es\/wp-content\/uploads\/2025\/07\/plan-de-negocios.jpg 1200w, https:\/\/www.actionproject.es\/wp-content\/uploads\/2025\/07\/plan-de-negocios-300x200.jpg 300w, https:\/\/www.actionproject.es\/wp-content\/uploads\/2025\/07\/plan-de-negocios-1024x683.jpg 1024w, https:\/\/www.actionproject.es\/wp-content\/uploads\/2025\/07\/plan-de-negocios-768x512.jpg 768w, https:\/\/www.actionproject.es\/wp-content\/uploads\/2025\/07\/plan-de-negocios-18x12.jpg 18w\" data-sizes=\"(max-width: 1200px) 100vw, 1200px\" src=\"data:image\/svg+xml;base64,PHN2ZyB3aWR0aD0iMSIgaGVpZ2h0PSIxIiB4bWxucz0iaHR0cDovL3d3dy53My5vcmcvMjAwMC9zdmciPjwvc3ZnPg==\" style=\"--smush-placeholder-width: 1200px; --smush-placeholder-aspect-ratio: 1200\/800;\" \/><\/div><\/a>\n\t\t\t\t<div class=\"elementor-post__badge\">Business strategy<\/div>\n\t\t\t\t<div class=\"elementor-post__text\">\n\t\t\t\t<h3 class=\"elementor-post__title\">\n\t\t\t<a href=\"https:\/\/www.actionproject.es\/en_gb\/blog\/factores-plan-de-negocio-establecer-objetivos\/\" >\n\t\t\t\t6 factores del plan de negocio para establecer objetivos con \u00e9xito\t\t\t<\/a>\n\t\t<\/h3>\n\t\t\n\t\t<a class=\"elementor-post__read-more\" href=\"https:\/\/www.actionproject.es\/en_gb\/blog\/factores-plan-de-negocio-establecer-objetivos\/\" aria-label=\"Read more about 6 factores del plan de negocio para establecer objetivos con \u00e9xito\" tabindex=\"-1\" >\n\t\t\tRead more &#034;\t\t<\/a>\n\n\t\t\t\t<\/div>\n\t\t\t\t<div class=\"elementor-post__meta-data\">\n\t\t\t\t\t<span class=\"elementor-post-date\">\n\t\t\t21 de February de 2023\t\t<\/span>\n\t\t\t\t<\/div>\n\t\t\t\t\t<\/div>\n\t\t<\/article>\n\t\t\t\t<article class=\"elementor-post elementor-grid-item post-1348 post type-post status-publish format-standard has-post-thumbnail hentry category-estrategia-empresarial tag-consultor-de-negocios tag-empresa-familiar\" role=\"listitem\">\n\t\t\t<div class=\"elementor-post__card\">\n\t\t\t\t<a class=\"elementor-post__thumbnail__link\" href=\"https:\/\/www.actionproject.es\/en_gb\/blog\/empresa-familiar-exito-apoyo-externo\/\" tabindex=\"-1\" ><div class=\"elementor-post__thumbnail\"><img decoding=\"async\" width=\"1200\" height=\"800\" data-src=\"https:\/\/www.actionproject.es\/wp-content\/uploads\/2025\/07\/empresa-familiar.jpg\" class=\"attachment-full size-full wp-image-1436 lazyload\" alt=\"\" data-srcset=\"https:\/\/www.actionproject.es\/wp-content\/uploads\/2025\/07\/empresa-familiar.jpg 1200w, https:\/\/www.actionproject.es\/wp-content\/uploads\/2025\/07\/empresa-familiar-300x200.jpg 300w, https:\/\/www.actionproject.es\/wp-content\/uploads\/2025\/07\/empresa-familiar-1024x683.jpg 1024w, https:\/\/www.actionproject.es\/wp-content\/uploads\/2025\/07\/empresa-familiar-768x512.jpg 768w, https:\/\/www.actionproject.es\/wp-content\/uploads\/2025\/07\/empresa-familiar-18x12.jpg 18w\" data-sizes=\"(max-width: 1200px) 100vw, 1200px\" src=\"data:image\/svg+xml;base64,PHN2ZyB3aWR0aD0iMSIgaGVpZ2h0PSIxIiB4bWxucz0iaHR0cDovL3d3dy53My5vcmcvMjAwMC9zdmciPjwvc3ZnPg==\" style=\"--smush-placeholder-width: 1200px; --smush-placeholder-aspect-ratio: 1200\/800;\" \/><\/div><\/a>\n\t\t\t\t<div class=\"elementor-post__badge\">Business strategy<\/div>\n\t\t\t\t<div class=\"elementor-post__text\">\n\t\t\t\t<h3 class=\"elementor-post__title\">\n\t\t\t<a href=\"https:\/\/www.actionproject.es\/en_gb\/blog\/empresa-familiar-exito-apoyo-externo\/\" >\n\t\t\t\tEmpresa familiar: un legado de \u00e9xito gracias al apoyo externo\t\t\t<\/a>\n\t\t<\/h3>\n\t\t\n\t\t<a class=\"elementor-post__read-more\" href=\"https:\/\/www.actionproject.es\/en_gb\/blog\/empresa-familiar-exito-apoyo-externo\/\" aria-label=\"Read more about Empresa familiar: un legado de \u00e9xito gracias al apoyo externo\" tabindex=\"-1\" >\n\t\t\tRead more &#034;\t\t<\/a>\n\n\t\t\t\t<\/div>\n\t\t\t\t<div class=\"elementor-post__meta-data\">\n\t\t\t\t\t<span class=\"elementor-post-date\">\n\t\t\t14 de February de 2023\t\t<\/span>\n\t\t\t\t<\/div>\n\t\t\t\t\t<\/div>\n\t\t<\/article>\n\t\t\t\t<article class=\"elementor-post elementor-grid-item post-1347 post type-post status-publish format-standard has-post-thumbnail hentry category-estrategia-empresarial tag-cohesion-grupal tag-desarrollo-de-proyectos tag-empresa\" role=\"listitem\">\n\t\t\t<div class=\"elementor-post__card\">\n\t\t\t\t<a class=\"elementor-post__thumbnail__link\" href=\"https:\/\/www.actionproject.es\/en_gb\/blog\/que-es-cohesion-grupal-como-desarrollarla-trabajo\/\" tabindex=\"-1\" ><div class=\"elementor-post__thumbnail\"><img decoding=\"async\" width=\"1200\" height=\"800\" data-src=\"https:\/\/www.actionproject.es\/wp-content\/uploads\/2025\/07\/cohesion-grupal-empresarial.jpg\" class=\"attachment-full size-full wp-image-1406 lazyload\" alt=\"\" data-srcset=\"https:\/\/www.actionproject.es\/wp-content\/uploads\/2025\/07\/cohesion-grupal-empresarial.jpg 1200w, https:\/\/www.actionproject.es\/wp-content\/uploads\/2025\/07\/cohesion-grupal-empresarial-300x200.jpg 300w, https:\/\/www.actionproject.es\/wp-content\/uploads\/2025\/07\/cohesion-grupal-empresarial-1024x683.jpg 1024w, https:\/\/www.actionproject.es\/wp-content\/uploads\/2025\/07\/cohesion-grupal-empresarial-768x512.jpg 768w, https:\/\/www.actionproject.es\/wp-content\/uploads\/2025\/07\/cohesion-grupal-empresarial-18x12.jpg 18w\" data-sizes=\"(max-width: 1200px) 100vw, 1200px\" src=\"data:image\/svg+xml;base64,PHN2ZyB3aWR0aD0iMSIgaGVpZ2h0PSIxIiB4bWxucz0iaHR0cDovL3d3dy53My5vcmcvMjAwMC9zdmciPjwvc3ZnPg==\" style=\"--smush-placeholder-width: 1200px; --smush-placeholder-aspect-ratio: 1200\/800;\" \/><\/div><\/a>\n\t\t\t\t<div class=\"elementor-post__badge\">Business strategy<\/div>\n\t\t\t\t<div class=\"elementor-post__text\">\n\t\t\t\t<h3 class=\"elementor-post__title\">\n\t\t\t<a href=\"https:\/\/www.actionproject.es\/en_gb\/blog\/que-es-cohesion-grupal-como-desarrollarla-trabajo\/\" >\n\t\t\t\t\u00bfQu\u00e9 es cohesi\u00f3n grupal y c\u00f3mo desarrollarla en el trabajo?\t\t\t<\/a>\n\t\t<\/h3>\n\t\t\n\t\t<a class=\"elementor-post__read-more\" href=\"https:\/\/www.actionproject.es\/en_gb\/blog\/que-es-cohesion-grupal-como-desarrollarla-trabajo\/\" aria-label=\"Read more about \u00bfQu\u00e9 es cohesi\u00f3n grupal y c\u00f3mo desarrollarla en el trabajo?\" tabindex=\"-1\" >\n\t\t\tRead more &#034;\t\t<\/a>\n\n\t\t\t\t<\/div>\n\t\t\t\t<div class=\"elementor-post__meta-data\">\n\t\t\t\t\t<span class=\"elementor-post-date\">\n\t\t\t31 de January de 2023\t\t<\/span>\n\t\t\t\t<\/div>\n\t\t\t\t\t<\/div>\n\t\t<\/article>\n\t\t\t\t<article class=\"elementor-post elementor-grid-item post-1346 post type-post status-publish format-standard has-post-thumbnail hentry category-estrategia-empresarial tag-motivacion\" role=\"listitem\">\n\t\t\t<div class=\"elementor-post__card\">\n\t\t\t\t<a class=\"elementor-post__thumbnail__link\" href=\"https:\/\/www.actionproject.es\/en_gb\/blog\/motivacion-personal-en-entorno-empresarial-piramide-maslow\/\" tabindex=\"-1\" ><div class=\"elementor-post__thumbnail\"><img decoding=\"async\" width=\"1200\" height=\"800\" data-src=\"https:\/\/www.actionproject.es\/wp-content\/uploads\/2025\/07\/motivacion-laboral.jpg\" class=\"attachment-full size-full wp-image-1497 lazyload\" alt=\"\" data-srcset=\"https:\/\/www.actionproject.es\/wp-content\/uploads\/2025\/07\/motivacion-laboral.jpg 1200w, https:\/\/www.actionproject.es\/wp-content\/uploads\/2025\/07\/motivacion-laboral-300x200.jpg 300w, https:\/\/www.actionproject.es\/wp-content\/uploads\/2025\/07\/motivacion-laboral-1024x683.jpg 1024w, https:\/\/www.actionproject.es\/wp-content\/uploads\/2025\/07\/motivacion-laboral-768x512.jpg 768w, https:\/\/www.actionproject.es\/wp-content\/uploads\/2025\/07\/motivacion-laboral-18x12.jpg 18w\" data-sizes=\"(max-width: 1200px) 100vw, 1200px\" src=\"data:image\/svg+xml;base64,PHN2ZyB3aWR0aD0iMSIgaGVpZ2h0PSIxIiB4bWxucz0iaHR0cDovL3d3dy53My5vcmcvMjAwMC9zdmciPjwvc3ZnPg==\" style=\"--smush-placeholder-width: 1200px; --smush-placeholder-aspect-ratio: 1200\/800;\" \/><\/div><\/a>\n\t\t\t\t<div class=\"elementor-post__badge\">Business strategy<\/div>\n\t\t\t\t<div class=\"elementor-post__text\">\n\t\t\t\t<h3 class=\"elementor-post__title\">\n\t\t\t<a href=\"https:\/\/www.actionproject.es\/en_gb\/blog\/motivacion-personal-en-entorno-empresarial-piramide-maslow\/\" >\n\t\t\t\tMotivaci\u00f3n personal en el entorno empresarial seg\u00fan la Pir\u00e1mide de Maslow\t\t\t<\/a>\n\t\t<\/h3>\n\t\t\n\t\t<a class=\"elementor-post__read-more\" href=\"https:\/\/www.actionproject.es\/en_gb\/blog\/motivacion-personal-en-entorno-empresarial-piramide-maslow\/\" aria-label=\"Read more about Motivaci\u00f3n personal en el entorno empresarial seg\u00fan la Pir\u00e1mide de Maslow\" tabindex=\"-1\" >\n\t\t\tRead more &#034;\t\t<\/a>\n\n\t\t\t\t<\/div>\n\t\t\t\t<div class=\"elementor-post__meta-data\">\n\t\t\t\t\t<span class=\"elementor-post-date\">\n\t\t\t20 de December de 2022\t\t<\/span>\n\t\t\t\t<\/div>\n\t\t\t\t\t<\/div>\n\t\t<\/article>\n\t\t\t\t<article class=\"elementor-post elementor-grid-item post-1345 post type-post status-publish format-standard has-post-thumbnail hentry category-estrategia-empresarial tag-lecciones-empresariales tag-negocios\" role=\"listitem\">\n\t\t\t<div class=\"elementor-post__card\">\n\t\t\t\t<a class=\"elementor-post__thumbnail__link\" href=\"https:\/\/www.actionproject.es\/en_gb\/blog\/lecciones-mundo-negocios-en-billions\/\" tabindex=\"-1\" ><div class=\"elementor-post__thumbnail\"><img decoding=\"async\" width=\"1200\" height=\"800\" data-src=\"https:\/\/www.actionproject.es\/wp-content\/uploads\/2025\/07\/lecciones-negocios-billions.jpg\" class=\"attachment-full size-full wp-image-1476 lazyload\" alt=\"\" data-srcset=\"https:\/\/www.actionproject.es\/wp-content\/uploads\/2025\/07\/lecciones-negocios-billions.jpg 1200w, https:\/\/www.actionproject.es\/wp-content\/uploads\/2025\/07\/lecciones-negocios-billions-300x200.jpg 300w, https:\/\/www.actionproject.es\/wp-content\/uploads\/2025\/07\/lecciones-negocios-billions-1024x683.jpg 1024w, https:\/\/www.actionproject.es\/wp-content\/uploads\/2025\/07\/lecciones-negocios-billions-768x512.jpg 768w, https:\/\/www.actionproject.es\/wp-content\/uploads\/2025\/07\/lecciones-negocios-billions-18x12.jpg 18w\" data-sizes=\"(max-width: 1200px) 100vw, 1200px\" src=\"data:image\/svg+xml;base64,PHN2ZyB3aWR0aD0iMSIgaGVpZ2h0PSIxIiB4bWxucz0iaHR0cDovL3d3dy53My5vcmcvMjAwMC9zdmciPjwvc3ZnPg==\" style=\"--smush-placeholder-width: 1200px; --smush-placeholder-aspect-ratio: 1200\/800;\" \/><\/div><\/a>\n\t\t\t\t<div class=\"elementor-post__badge\">Business strategy<\/div>\n\t\t\t\t<div class=\"elementor-post__text\">\n\t\t\t\t<h3 class=\"elementor-post__title\">\n\t\t\t<a href=\"https:\/\/www.actionproject.es\/en_gb\/blog\/lecciones-mundo-negocios-en-billions\/\" >\n\t\t\t\tLecciones del mundo de los negocios en \u2018Billions\u2019\t\t\t<\/a>\n\t\t<\/h3>\n\t\t\n\t\t<a class=\"elementor-post__read-more\" href=\"https:\/\/www.actionproject.es\/en_gb\/blog\/lecciones-mundo-negocios-en-billions\/\" aria-label=\"Read more about Lecciones del mundo de los negocios en \u2018Billions\u2019\" tabindex=\"-1\" >\n\t\t\tRead more &#034;\t\t<\/a>\n\n\t\t\t\t<\/div>\n\t\t\t\t<div class=\"elementor-post__meta-data\">\n\t\t\t\t\t<span class=\"elementor-post-date\">\n\t\t\t13 de December de 2022\t\t<\/span>\n\t\t\t\t<\/div>\n\t\t\t\t\t<\/div>\n\t\t<\/article>\n\t\t\t\t<article class=\"elementor-post elementor-grid-item post-1344 post type-post status-publish format-standard has-post-thumbnail hentry category-estrategia-empresarial tag-estrategia-de-negocios tag-estrategia-empresarial\" role=\"listitem\">\n\t\t\t<div class=\"elementor-post__card\">\n\t\t\t\t<a class=\"elementor-post__thumbnail__link\" href=\"https:\/\/www.actionproject.es\/en_gb\/blog\/importancia-estrategia-empresarial-negocio\/\" tabindex=\"-1\" ><div class=\"elementor-post__thumbnail\"><img decoding=\"async\" width=\"1200\" height=\"800\" data-src=\"https:\/\/www.actionproject.es\/wp-content\/uploads\/2025\/07\/estrategia-empresarial.jpg\" class=\"attachment-full size-full wp-image-1443 lazyload\" alt=\"\" data-srcset=\"https:\/\/www.actionproject.es\/wp-content\/uploads\/2025\/07\/estrategia-empresarial.jpg 1200w, https:\/\/www.actionproject.es\/wp-content\/uploads\/2025\/07\/estrategia-empresarial-300x200.jpg 300w, https:\/\/www.actionproject.es\/wp-content\/uploads\/2025\/07\/estrategia-empresarial-1024x683.jpg 1024w, https:\/\/www.actionproject.es\/wp-content\/uploads\/2025\/07\/estrategia-empresarial-768x512.jpg 768w, https:\/\/www.actionproject.es\/wp-content\/uploads\/2025\/07\/estrategia-empresarial-18x12.jpg 18w\" data-sizes=\"(max-width: 1200px) 100vw, 1200px\" src=\"data:image\/svg+xml;base64,PHN2ZyB3aWR0aD0iMSIgaGVpZ2h0PSIxIiB4bWxucz0iaHR0cDovL3d3dy53My5vcmcvMjAwMC9zdmciPjwvc3ZnPg==\" style=\"--smush-placeholder-width: 1200px; --smush-placeholder-aspect-ratio: 1200\/800;\" \/><\/div><\/a>\n\t\t\t\t<div class=\"elementor-post__badge\">Business strategy<\/div>\n\t\t\t\t<div class=\"elementor-post__text\">\n\t\t\t\t<h3 class=\"elementor-post__title\">\n\t\t\t<a href=\"https:\/\/www.actionproject.es\/en_gb\/blog\/importancia-estrategia-empresarial-negocio\/\" >\n\t\t\t\tLa importancia de la estrategia empresarial en tu negocio\t\t\t<\/a>\n\t\t<\/h3>\n\t\t\n\t\t<a class=\"elementor-post__read-more\" href=\"https:\/\/www.actionproject.es\/en_gb\/blog\/importancia-estrategia-empresarial-negocio\/\" aria-label=\"Read more about La importancia de la estrategia empresarial en tu negocio\" tabindex=\"-1\" >\n\t\t\tRead more &#034;\t\t<\/a>\n\n\t\t\t\t<\/div>\n\t\t\t\t<div class=\"elementor-post__meta-data\">\n\t\t\t\t\t<span class=\"elementor-post-date\">\n\t\t\t15 de November de 2022\t\t<\/span>\n\t\t\t\t<\/div>\n\t\t\t\t\t<\/div>\n\t\t<\/article>\n\t\t\t\t<article class=\"elementor-post elementor-grid-item post-1343 post type-post status-publish format-standard has-post-thumbnail hentry category-estrategia-empresarial\" role=\"listitem\">\n\t\t\t<div class=\"elementor-post__card\">\n\t\t\t\t<a class=\"elementor-post__thumbnail__link\" href=\"https:\/\/www.actionproject.es\/en_gb\/blog\/claves-liderazgo-efectivo-motivar-equipo\/\" tabindex=\"-1\" ><div class=\"elementor-post__thumbnail\"><img decoding=\"async\" width=\"1200\" height=\"800\" data-src=\"https:\/\/www.actionproject.es\/wp-content\/uploads\/2025\/07\/claves-liderazgo-efectivo.jpg\" class=\"attachment-full size-full wp-image-1404 lazyload\" alt=\"\" data-srcset=\"https:\/\/www.actionproject.es\/wp-content\/uploads\/2025\/07\/claves-liderazgo-efectivo.jpg 1200w, https:\/\/www.actionproject.es\/wp-content\/uploads\/2025\/07\/claves-liderazgo-efectivo-300x200.jpg 300w, https:\/\/www.actionproject.es\/wp-content\/uploads\/2025\/07\/claves-liderazgo-efectivo-1024x683.jpg 1024w, https:\/\/www.actionproject.es\/wp-content\/uploads\/2025\/07\/claves-liderazgo-efectivo-768x512.jpg 768w, https:\/\/www.actionproject.es\/wp-content\/uploads\/2025\/07\/claves-liderazgo-efectivo-18x12.jpg 18w\" data-sizes=\"(max-width: 1200px) 100vw, 1200px\" src=\"data:image\/svg+xml;base64,PHN2ZyB3aWR0aD0iMSIgaGVpZ2h0PSIxIiB4bWxucz0iaHR0cDovL3d3dy53My5vcmcvMjAwMC9zdmciPjwvc3ZnPg==\" style=\"--smush-placeholder-width: 1200px; --smush-placeholder-aspect-ratio: 1200\/800;\" \/><\/div><\/a>\n\t\t\t\t<div class=\"elementor-post__badge\">Business strategy<\/div>\n\t\t\t\t<div class=\"elementor-post__text\">\n\t\t\t\t<h3 class=\"elementor-post__title\">\n\t\t\t<a href=\"https:\/\/www.actionproject.es\/en_gb\/blog\/claves-liderazgo-efectivo-motivar-equipo\/\" >\n\t\t\t\tClaves de liderazgo efectivo para motivar al equipo\t\t\t<\/a>\n\t\t<\/h3>\n\t\t\n\t\t<a class=\"elementor-post__read-more\" href=\"https:\/\/www.actionproject.es\/en_gb\/blog\/claves-liderazgo-efectivo-motivar-equipo\/\" aria-label=\"Read more about Claves de liderazgo efectivo para motivar al equipo\" tabindex=\"-1\" >\n\t\t\tRead more &#034;\t\t<\/a>\n\n\t\t\t\t<\/div>\n\t\t\t\t<div class=\"elementor-post__meta-data\">\n\t\t\t\t\t<span class=\"elementor-post-date\">\n\t\t\t8 de November de 2022\t\t<\/span>\n\t\t\t\t<\/div>\n\t\t\t\t\t<\/div>\n\t\t<\/article>\n\t\t\t\t<article class=\"elementor-post elementor-grid-item post-1342 post type-post status-publish format-standard has-post-thumbnail hentry category-estrategia-empresarial tag-disciplina\" role=\"listitem\">\n\t\t\t<div class=\"elementor-post__card\">\n\t\t\t\t<a class=\"elementor-post__thumbnail__link\" href=\"https:\/\/www.actionproject.es\/en_gb\/blog\/disciplina-herramienta-exito-laboral\/\" tabindex=\"-1\" ><div class=\"elementor-post__thumbnail\"><img decoding=\"async\" width=\"1200\" height=\"800\" data-src=\"https:\/\/www.actionproject.es\/wp-content\/uploads\/2025\/07\/disciplin_20220928-104105_1.jpg\" class=\"attachment-full size-full wp-image-1435 lazyload\" alt=\"\" data-srcset=\"https:\/\/www.actionproject.es\/wp-content\/uploads\/2025\/07\/disciplin_20220928-104105_1.jpg 1200w, https:\/\/www.actionproject.es\/wp-content\/uploads\/2025\/07\/disciplin_20220928-104105_1-300x200.jpg 300w, https:\/\/www.actionproject.es\/wp-content\/uploads\/2025\/07\/disciplin_20220928-104105_1-1024x683.jpg 1024w, https:\/\/www.actionproject.es\/wp-content\/uploads\/2025\/07\/disciplin_20220928-104105_1-768x512.jpg 768w, https:\/\/www.actionproject.es\/wp-content\/uploads\/2025\/07\/disciplin_20220928-104105_1-18x12.jpg 18w\" data-sizes=\"(max-width: 1200px) 100vw, 1200px\" src=\"data:image\/svg+xml;base64,PHN2ZyB3aWR0aD0iMSIgaGVpZ2h0PSIxIiB4bWxucz0iaHR0cDovL3d3dy53My5vcmcvMjAwMC9zdmciPjwvc3ZnPg==\" style=\"--smush-placeholder-width: 1200px; --smush-placeholder-aspect-ratio: 1200\/800;\" \/><\/div><\/a>\n\t\t\t\t<div class=\"elementor-post__badge\">Business strategy<\/div>\n\t\t\t\t<div class=\"elementor-post__text\">\n\t\t\t\t<h3 class=\"elementor-post__title\">\n\t\t\t<a href=\"https:\/\/www.actionproject.es\/en_gb\/blog\/disciplina-herramienta-exito-laboral\/\" >\n\t\t\t\tLa disciplina como herramienta clave del \u00e9xito laboral\t\t\t<\/a>\n\t\t<\/h3>\n\t\t\n\t\t<a class=\"elementor-post__read-more\" href=\"https:\/\/www.actionproject.es\/en_gb\/blog\/disciplina-herramienta-exito-laboral\/\" aria-label=\"Read more about La disciplina como herramienta clave del \u00e9xito laboral\" tabindex=\"-1\" >\n\t\t\tRead more &#034;\t\t<\/a>\n\n\t\t\t\t<\/div>\n\t\t\t\t<div class=\"elementor-post__meta-data\">\n\t\t\t\t\t<span class=\"elementor-post-date\">\n\t\t\t27 de September de 2022\t\t<\/span>\n\t\t\t\t<\/div>\n\t\t\t\t\t<\/div>\n\t\t<\/article>\n\t\t\t\t<article class=\"elementor-post elementor-grid-item post-1341 post type-post status-publish format-standard has-post-thumbnail hentry category-estrategia-empresarial tag-plan-de-proyectos tag-plan-de-viabilidad tag-proyecto-empresarial\" role=\"listitem\">\n\t\t\t<div class=\"elementor-post__card\">\n\t\t\t\t<a class=\"elementor-post__thumbnail__link\" href=\"https:\/\/www.actionproject.es\/en_gb\/blog\/fases-de-un-proyecto-empresarial\/\" tabindex=\"-1\" ><div class=\"elementor-post__thumbnail\"><img decoding=\"async\" width=\"1200\" height=\"800\" data-src=\"https:\/\/www.actionproject.es\/wp-content\/uploads\/2025\/07\/fases-proyecto-empresarial.jpg\" class=\"attachment-full size-full wp-image-1448 lazyload\" alt=\"\" data-srcset=\"https:\/\/www.actionproject.es\/wp-content\/uploads\/2025\/07\/fases-proyecto-empresarial.jpg 1200w, https:\/\/www.actionproject.es\/wp-content\/uploads\/2025\/07\/fases-proyecto-empresarial-300x200.jpg 300w, https:\/\/www.actionproject.es\/wp-content\/uploads\/2025\/07\/fases-proyecto-empresarial-1024x683.jpg 1024w, https:\/\/www.actionproject.es\/wp-content\/uploads\/2025\/07\/fases-proyecto-empresarial-768x512.jpg 768w, https:\/\/www.actionproject.es\/wp-content\/uploads\/2025\/07\/fases-proyecto-empresarial-18x12.jpg 18w\" data-sizes=\"(max-width: 1200px) 100vw, 1200px\" src=\"data:image\/svg+xml;base64,PHN2ZyB3aWR0aD0iMSIgaGVpZ2h0PSIxIiB4bWxucz0iaHR0cDovL3d3dy53My5vcmcvMjAwMC9zdmciPjwvc3ZnPg==\" style=\"--smush-placeholder-width: 1200px; --smush-placeholder-aspect-ratio: 1200\/800;\" \/><\/div><\/a>\n\t\t\t\t<div class=\"elementor-post__badge\">Business strategy<\/div>\n\t\t\t\t<div class=\"elementor-post__text\">\n\t\t\t\t<h3 class=\"elementor-post__title\">\n\t\t\t<a href=\"https:\/\/www.actionproject.es\/en_gb\/blog\/fases-de-un-proyecto-empresarial\/\" >\n\t\t\t\t\u00bfCu\u00e1les son las fases de un proyecto empresarial?\t\t\t<\/a>\n\t\t<\/h3>\n\t\t\n\t\t<a class=\"elementor-post__read-more\" href=\"https:\/\/www.actionproject.es\/en_gb\/blog\/fases-de-un-proyecto-empresarial\/\" aria-label=\"Read more about \u00bfCu\u00e1les son las fases de un proyecto empresarial?\" tabindex=\"-1\" >\n\t\t\tRead more &#034;\t\t<\/a>\n\n\t\t\t\t<\/div>\n\t\t\t\t<div class=\"elementor-post__meta-data\">\n\t\t\t\t\t<span class=\"elementor-post-date\">\n\t\t\t13 de September de 2022\t\t<\/span>\n\t\t\t\t<\/div>\n\t\t\t\t\t<\/div>\n\t\t<\/article>\n\t\t\t\t<article class=\"elementor-post elementor-grid-item post-1340 post type-post status-publish format-standard has-post-thumbnail hentry category-estrategia-empresarial tag-desarrollo-profesional tag-direccion-por-objetivos tag-evaluacion-del-desempeno\" role=\"listitem\">\n\t\t\t<div class=\"elementor-post__card\">\n\t\t\t\t<a class=\"elementor-post__thumbnail__link\" href=\"https:\/\/www.actionproject.es\/en_gb\/blog\/sistema-evaluacion-del-desempeno\/\" tabindex=\"-1\" ><div class=\"elementor-post__thumbnail\"><img decoding=\"async\" width=\"1200\" height=\"800\" data-src=\"https:\/\/www.actionproject.es\/wp-content\/uploads\/2025\/07\/evaluacion-del-desempeo.jpg\" class=\"attachment-full size-full wp-image-1445 lazyload\" alt=\"\" data-srcset=\"https:\/\/www.actionproject.es\/wp-content\/uploads\/2025\/07\/evaluacion-del-desempeo.jpg 1200w, https:\/\/www.actionproject.es\/wp-content\/uploads\/2025\/07\/evaluacion-del-desempeo-300x200.jpg 300w, https:\/\/www.actionproject.es\/wp-content\/uploads\/2025\/07\/evaluacion-del-desempeo-1024x683.jpg 1024w, https:\/\/www.actionproject.es\/wp-content\/uploads\/2025\/07\/evaluacion-del-desempeo-768x512.jpg 768w, https:\/\/www.actionproject.es\/wp-content\/uploads\/2025\/07\/evaluacion-del-desempeo-18x12.jpg 18w\" data-sizes=\"(max-width: 1200px) 100vw, 1200px\" src=\"data:image\/svg+xml;base64,PHN2ZyB3aWR0aD0iMSIgaGVpZ2h0PSIxIiB4bWxucz0iaHR0cDovL3d3dy53My5vcmcvMjAwMC9zdmciPjwvc3ZnPg==\" style=\"--smush-placeholder-width: 1200px; --smush-placeholder-aspect-ratio: 1200\/800;\" \/><\/div><\/a>\n\t\t\t\t<div class=\"elementor-post__badge\">Business strategy<\/div>\n\t\t\t\t<div class=\"elementor-post__text\">\n\t\t\t\t<h3 class=\"elementor-post__title\">\n\t\t\t<a href=\"https:\/\/www.actionproject.es\/en_gb\/blog\/sistema-evaluacion-del-desempeno\/\" >\n\t\t\t\t\u00bfSigue en pie el sistema de Evaluaci\u00f3n del Desempe\u00f1o?\t\t\t<\/a>\n\t\t<\/h3>\n\t\t\n\t\t<a class=\"elementor-post__read-more\" href=\"https:\/\/www.actionproject.es\/en_gb\/blog\/sistema-evaluacion-del-desempeno\/\" aria-label=\"Read more about \u00bfSigue en pie el sistema de Evaluaci\u00f3n del Desempe\u00f1o?\" tabindex=\"-1\" >\n\t\t\tRead more &#034;\t\t<\/a>\n\n\t\t\t\t<\/div>\n\t\t\t\t<div class=\"elementor-post__meta-data\">\n\t\t\t\t\t<span class=\"elementor-post-date\">\n\t\t\t30 de August de 2022\t\t<\/span>\n\t\t\t\t<\/div>\n\t\t\t\t\t<\/div>\n\t\t<\/article>\n\t\t\t\t<article class=\"elementor-post elementor-grid-item post-1339 post type-post status-publish format-standard has-post-thumbnail hentry category-estrategia-empresarial tag-inteligencia-emocional tag-inteligencia-emocional-en-el-trabajo tag-inteligencia-emocional-en-la-empresa\" role=\"listitem\">\n\t\t\t<div class=\"elementor-post__card\">\n\t\t\t\t<a class=\"elementor-post__thumbnail__link\" href=\"https:\/\/www.actionproject.es\/en_gb\/blog\/inteligencia-emocional-1\/\" tabindex=\"-1\" ><div class=\"elementor-post__thumbnail\"><img decoding=\"async\" width=\"1200\" height=\"800\" data-src=\"https:\/\/www.actionproject.es\/wp-content\/uploads\/2025\/07\/inteligencia-emocional.jpg\" class=\"attachment-full size-full wp-image-1465 lazyload\" alt=\"\" data-srcset=\"https:\/\/www.actionproject.es\/wp-content\/uploads\/2025\/07\/inteligencia-emocional.jpg 1200w, https:\/\/www.actionproject.es\/wp-content\/uploads\/2025\/07\/inteligencia-emocional-300x200.jpg 300w, https:\/\/www.actionproject.es\/wp-content\/uploads\/2025\/07\/inteligencia-emocional-1024x683.jpg 1024w, https:\/\/www.actionproject.es\/wp-content\/uploads\/2025\/07\/inteligencia-emocional-768x512.jpg 768w, https:\/\/www.actionproject.es\/wp-content\/uploads\/2025\/07\/inteligencia-emocional-18x12.jpg 18w\" data-sizes=\"(max-width: 1200px) 100vw, 1200px\" src=\"data:image\/svg+xml;base64,PHN2ZyB3aWR0aD0iMSIgaGVpZ2h0PSIxIiB4bWxucz0iaHR0cDovL3d3dy53My5vcmcvMjAwMC9zdmciPjwvc3ZnPg==\" style=\"--smush-placeholder-width: 1200px; --smush-placeholder-aspect-ratio: 1200\/800;\" \/><\/div><\/a>\n\t\t\t\t<div class=\"elementor-post__badge\">Business strategy<\/div>\n\t\t\t\t<div class=\"elementor-post__text\">\n\t\t\t\t<h3 class=\"elementor-post__title\">\n\t\t\t<a href=\"https:\/\/www.actionproject.es\/en_gb\/blog\/inteligencia-emocional-1\/\" >\n\t\t\t\tInteligencia emocional: \u00bfc\u00f3mo influye en el trabajo?\t\t\t<\/a>\n\t\t<\/h3>\n\t\t\n\t\t<a class=\"elementor-post__read-more\" href=\"https:\/\/www.actionproject.es\/en_gb\/blog\/inteligencia-emocional-1\/\" aria-label=\"Read more about Inteligencia emocional: \u00bfc\u00f3mo influye en el trabajo?\" tabindex=\"-1\" >\n\t\t\tRead more &#034;\t\t<\/a>\n\n\t\t\t\t<\/div>\n\t\t\t\t<div class=\"elementor-post__meta-data\">\n\t\t\t\t\t<span class=\"elementor-post-date\">\n\t\t\t23 de August de 2022\t\t<\/span>\n\t\t\t\t<\/div>\n\t\t\t\t\t<\/div>\n\t\t<\/article>\n\t\t\t\t<article class=\"elementor-post elementor-grid-item post-1338 post type-post status-publish format-standard has-post-thumbnail hentry category-estrategia-empresarial tag-profesionalizacion-de-empresa tag-relevo-generacional tag-sucesion-empresarial\" role=\"listitem\">\n\t\t\t<div class=\"elementor-post__card\">\n\t\t\t\t<a class=\"elementor-post__thumbnail__link\" href=\"https:\/\/www.actionproject.es\/en_gb\/blog\/relevo-generacional-profesionalizar-empresa\/\" tabindex=\"-1\" ><div class=\"elementor-post__thumbnail\"><img decoding=\"async\" width=\"1200\" height=\"800\" data-src=\"https:\/\/www.actionproject.es\/wp-content\/uploads\/2025\/07\/relevo-generacional-empresa.jpg\" class=\"attachment-full size-full wp-image-1514 lazyload\" alt=\"\" data-srcset=\"https:\/\/www.actionproject.es\/wp-content\/uploads\/2025\/07\/relevo-generacional-empresa.jpg 1200w, https:\/\/www.actionproject.es\/wp-content\/uploads\/2025\/07\/relevo-generacional-empresa-300x200.jpg 300w, https:\/\/www.actionproject.es\/wp-content\/uploads\/2025\/07\/relevo-generacional-empresa-1024x683.jpg 1024w, https:\/\/www.actionproject.es\/wp-content\/uploads\/2025\/07\/relevo-generacional-empresa-768x512.jpg 768w, https:\/\/www.actionproject.es\/wp-content\/uploads\/2025\/07\/relevo-generacional-empresa-18x12.jpg 18w\" data-sizes=\"(max-width: 1200px) 100vw, 1200px\" src=\"data:image\/svg+xml;base64,PHN2ZyB3aWR0aD0iMSIgaGVpZ2h0PSIxIiB4bWxucz0iaHR0cDovL3d3dy53My5vcmcvMjAwMC9zdmciPjwvc3ZnPg==\" style=\"--smush-placeholder-width: 1200px; --smush-placeholder-aspect-ratio: 1200\/800;\" \/><\/div><\/a>\n\t\t\t\t<div class=\"elementor-post__badge\">Business strategy<\/div>\n\t\t\t\t<div class=\"elementor-post__text\">\n\t\t\t\t<h3 class=\"elementor-post__title\">\n\t\t\t<a href=\"https:\/\/www.actionproject.es\/en_gb\/blog\/relevo-generacional-profesionalizar-empresa\/\" >\n\t\t\t\tRelevo generacional de \u00e9xito al profesionalizar la empresa\t\t\t<\/a>\n\t\t<\/h3>\n\t\t\n\t\t<a class=\"elementor-post__read-more\" href=\"https:\/\/www.actionproject.es\/en_gb\/blog\/relevo-generacional-profesionalizar-empresa\/\" aria-label=\"Read more about Relevo generacional de \u00e9xito al profesionalizar la empresa\" tabindex=\"-1\" >\n\t\t\tRead more &#034;\t\t<\/a>\n\n\t\t\t\t<\/div>\n\t\t\t\t<div class=\"elementor-post__meta-data\">\n\t\t\t\t\t<span class=\"elementor-post-date\">\n\t\t\t12 de July de 2022\t\t<\/span>\n\t\t\t\t<\/div>\n\t\t\t\t\t<\/div>\n\t\t<\/article>\n\t\t\t\t<article class=\"elementor-post elementor-grid-item post-1337 post type-post status-publish format-standard has-post-thumbnail hentry category-estrategia-empresarial\" role=\"listitem\">\n\t\t\t<div class=\"elementor-post__card\">\n\t\t\t\t<a class=\"elementor-post__thumbnail__link\" href=\"https:\/\/www.actionproject.es\/en_gb\/blog\/aprendizaje-emprendedores-lobo-wall-street\/\" tabindex=\"-1\" ><div class=\"elementor-post__thumbnail\"><img decoding=\"async\" width=\"1200\" height=\"800\" data-src=\"https:\/\/www.actionproject.es\/wp-content\/uploads\/2025\/07\/aprendizaje-emprendedores-wall-street.jpg\" class=\"attachment-full size-full wp-image-1402 lazyload\" alt=\"\" data-srcset=\"https:\/\/www.actionproject.es\/wp-content\/uploads\/2025\/07\/aprendizaje-emprendedores-wall-street.jpg 1200w, https:\/\/www.actionproject.es\/wp-content\/uploads\/2025\/07\/aprendizaje-emprendedores-wall-street-300x200.jpg 300w, https:\/\/www.actionproject.es\/wp-content\/uploads\/2025\/07\/aprendizaje-emprendedores-wall-street-1024x683.jpg 1024w, https:\/\/www.actionproject.es\/wp-content\/uploads\/2025\/07\/aprendizaje-emprendedores-wall-street-768x512.jpg 768w, https:\/\/www.actionproject.es\/wp-content\/uploads\/2025\/07\/aprendizaje-emprendedores-wall-street-18x12.jpg 18w\" data-sizes=\"(max-width: 1200px) 100vw, 1200px\" src=\"data:image\/svg+xml;base64,PHN2ZyB3aWR0aD0iMSIgaGVpZ2h0PSIxIiB4bWxucz0iaHR0cDovL3d3dy53My5vcmcvMjAwMC9zdmciPjwvc3ZnPg==\" style=\"--smush-placeholder-width: 1200px; --smush-placeholder-aspect-ratio: 1200\/800;\" \/><\/div><\/a>\n\t\t\t\t<div class=\"elementor-post__badge\">Business strategy<\/div>\n\t\t\t\t<div class=\"elementor-post__text\">\n\t\t\t\t<h3 class=\"elementor-post__title\">\n\t\t\t<a href=\"https:\/\/www.actionproject.es\/en_gb\/blog\/aprendizaje-emprendedores-lobo-wall-street\/\" >\n\t\t\t\tAprendizaje para emprendedores de \u2018El lobo de Wall Street\u2019\t\t\t<\/a>\n\t\t<\/h3>\n\t\t\n\t\t<a class=\"elementor-post__read-more\" href=\"https:\/\/www.actionproject.es\/en_gb\/blog\/aprendizaje-emprendedores-lobo-wall-street\/\" aria-label=\"Read more about Aprendizaje para emprendedores de \u2018El lobo de Wall Street\u2019\" tabindex=\"-1\" >\n\t\t\tRead more &#034;\t\t<\/a>\n\n\t\t\t\t<\/div>\n\t\t\t\t<div class=\"elementor-post__meta-data\">\n\t\t\t\t\t<span class=\"elementor-post-date\">\n\t\t\t5 de July de 2022\t\t<\/span>\n\t\t\t\t<\/div>\n\t\t\t\t\t<\/div>\n\t\t<\/article>\n\t\t\t\t<article class=\"elementor-post elementor-grid-item post-1336 post type-post status-publish format-standard has-post-thumbnail hentry category-estrategia-empresarial tag-factor-diferencial tag-negocio tag-ventaja-competitiva\" role=\"listitem\">\n\t\t\t<div class=\"elementor-post__card\">\n\t\t\t\t<a class=\"elementor-post__thumbnail__link\" href=\"https:\/\/www.actionproject.es\/en_gb\/blog\/encuentra-factor-diferencial-negocio\/\" tabindex=\"-1\" ><div class=\"elementor-post__thumbnail\"><img decoding=\"async\" width=\"1200\" height=\"800\" data-src=\"https:\/\/www.actionproject.es\/wp-content\/uploads\/2025\/07\/factor-diferencial-empresa.jpg\" class=\"attachment-full size-full wp-image-1447 lazyload\" alt=\"\" data-srcset=\"https:\/\/www.actionproject.es\/wp-content\/uploads\/2025\/07\/factor-diferencial-empresa.jpg 1200w, https:\/\/www.actionproject.es\/wp-content\/uploads\/2025\/07\/factor-diferencial-empresa-300x200.jpg 300w, https:\/\/www.actionproject.es\/wp-content\/uploads\/2025\/07\/factor-diferencial-empresa-1024x683.jpg 1024w, https:\/\/www.actionproject.es\/wp-content\/uploads\/2025\/07\/factor-diferencial-empresa-768x512.jpg 768w, https:\/\/www.actionproject.es\/wp-content\/uploads\/2025\/07\/factor-diferencial-empresa-18x12.jpg 18w\" data-sizes=\"(max-width: 1200px) 100vw, 1200px\" src=\"data:image\/svg+xml;base64,PHN2ZyB3aWR0aD0iMSIgaGVpZ2h0PSIxIiB4bWxucz0iaHR0cDovL3d3dy53My5vcmcvMjAwMC9zdmciPjwvc3ZnPg==\" style=\"--smush-placeholder-width: 1200px; --smush-placeholder-aspect-ratio: 1200\/800;\" \/><\/div><\/a>\n\t\t\t\t<div class=\"elementor-post__badge\">Business strategy<\/div>\n\t\t\t\t<div class=\"elementor-post__text\">\n\t\t\t\t<h3 class=\"elementor-post__title\">\n\t\t\t<a href=\"https:\/\/www.actionproject.es\/en_gb\/blog\/encuentra-factor-diferencial-negocio\/\" >\n\t\t\t\t\u00a1Destaca! Encuentra el factor diferencial de tu negocio\t\t\t<\/a>\n\t\t<\/h3>\n\t\t\n\t\t<a class=\"elementor-post__read-more\" href=\"https:\/\/www.actionproject.es\/en_gb\/blog\/encuentra-factor-diferencial-negocio\/\" aria-label=\"Read more about \u00a1Destaca! Encuentra el factor diferencial de tu negocio\" tabindex=\"-1\" >\n\t\t\tRead more &#034;\t\t<\/a>\n\n\t\t\t\t<\/div>\n\t\t\t\t<div class=\"elementor-post__meta-data\">\n\t\t\t\t\t<span class=\"elementor-post-date\">\n\t\t\t14 de June de 2022\t\t<\/span>\n\t\t\t\t<\/div>\n\t\t\t\t\t<\/div>\n\t\t<\/article>\n\t\t\t\t<article class=\"elementor-post elementor-grid-item post-1335 post type-post status-publish format-standard has-post-thumbnail hentry category-estrategia-empresarial tag-consultoria-empresarial tag-consultoria-estrategica tag-empresas tag-gestion-de-empresas tag-profesionalizacion-de-empresas\" role=\"listitem\">\n\t\t\t<div class=\"elementor-post__card\">\n\t\t\t\t<a class=\"elementor-post__thumbnail__link\" href=\"https:\/\/www.actionproject.es\/en_gb\/blog\/necesito-consultoria-estrategica-empresarial\/\" tabindex=\"-1\" ><div class=\"elementor-post__thumbnail\"><img decoding=\"async\" width=\"1200\" height=\"800\" data-src=\"https:\/\/www.actionproject.es\/wp-content\/uploads\/2025\/07\/consultoria-estrategica-empresarial.jpg\" class=\"attachment-full size-full wp-image-1422 lazyload\" alt=\"\" data-srcset=\"https:\/\/www.actionproject.es\/wp-content\/uploads\/2025\/07\/consultoria-estrategica-empresarial.jpg 1200w, https:\/\/www.actionproject.es\/wp-content\/uploads\/2025\/07\/consultoria-estrategica-empresarial-300x200.jpg 300w, https:\/\/www.actionproject.es\/wp-content\/uploads\/2025\/07\/consultoria-estrategica-empresarial-1024x683.jpg 1024w, https:\/\/www.actionproject.es\/wp-content\/uploads\/2025\/07\/consultoria-estrategica-empresarial-768x512.jpg 768w, https:\/\/www.actionproject.es\/wp-content\/uploads\/2025\/07\/consultoria-estrategica-empresarial-18x12.jpg 18w\" data-sizes=\"(max-width: 1200px) 100vw, 1200px\" src=\"data:image\/svg+xml;base64,PHN2ZyB3aWR0aD0iMSIgaGVpZ2h0PSIxIiB4bWxucz0iaHR0cDovL3d3dy53My5vcmcvMjAwMC9zdmciPjwvc3ZnPg==\" style=\"--smush-placeholder-width: 1200px; --smush-placeholder-aspect-ratio: 1200\/800;\" \/><\/div><\/a>\n\t\t\t\t<div class=\"elementor-post__badge\">Business strategy<\/div>\n\t\t\t\t<div class=\"elementor-post__text\">\n\t\t\t\t<h3 class=\"elementor-post__title\">\n\t\t\t<a href=\"https:\/\/www.actionproject.es\/en_gb\/blog\/necesito-consultoria-estrategica-empresarial\/\" >\n\t\t\t\t\u00bfPor qu\u00e9 necesito una consultor\u00eda estrat\u00e9gica empresarial?\t\t\t<\/a>\n\t\t<\/h3>\n\t\t\n\t\t<a class=\"elementor-post__read-more\" href=\"https:\/\/www.actionproject.es\/en_gb\/blog\/necesito-consultoria-estrategica-empresarial\/\" aria-label=\"Read more about \u00bfPor qu\u00e9 necesito una consultor\u00eda estrat\u00e9gica empresarial?\" tabindex=\"-1\" >\n\t\t\tRead more &#034;\t\t<\/a>\n\n\t\t\t\t<\/div>\n\t\t\t\t<div class=\"elementor-post__meta-data\">\n\t\t\t\t\t<span class=\"elementor-post-date\">\n\t\t\t31 de May de 2022\t\t<\/span>\n\t\t\t\t<\/div>\n\t\t\t\t\t<\/div>\n\t\t<\/article>\n\t\t\t\t<article class=\"elementor-post elementor-grid-item post-1334 post type-post status-publish format-standard has-post-thumbnail hentry category-estrategia-empresarial tag-amazon tag-exito-empresarial tag-jeff-bezos tag-lecciones-empresariales tag-oportunidades-empresariales\" role=\"listitem\">\n\t\t\t<div class=\"elementor-post__card\">\n\t\t\t\t<a class=\"elementor-post__thumbnail__link\" href=\"https:\/\/www.actionproject.es\/en_gb\/blog\/jeff-bezos-exito-empresarial-amazon\/\" tabindex=\"-1\" ><div class=\"elementor-post__thumbnail\"><img decoding=\"async\" width=\"1200\" height=\"800\" data-src=\"https:\/\/www.actionproject.es\/wp-content\/uploads\/2025\/07\/exito-empresarial-jeff-bezos-amazon.jpg\" class=\"attachment-full size-full wp-image-1446 lazyload\" alt=\"\" data-srcset=\"https:\/\/www.actionproject.es\/wp-content\/uploads\/2025\/07\/exito-empresarial-jeff-bezos-amazon.jpg 1200w, https:\/\/www.actionproject.es\/wp-content\/uploads\/2025\/07\/exito-empresarial-jeff-bezos-amazon-300x200.jpg 300w, https:\/\/www.actionproject.es\/wp-content\/uploads\/2025\/07\/exito-empresarial-jeff-bezos-amazon-1024x683.jpg 1024w, https:\/\/www.actionproject.es\/wp-content\/uploads\/2025\/07\/exito-empresarial-jeff-bezos-amazon-768x512.jpg 768w, https:\/\/www.actionproject.es\/wp-content\/uploads\/2025\/07\/exito-empresarial-jeff-bezos-amazon-18x12.jpg 18w\" data-sizes=\"(max-width: 1200px) 100vw, 1200px\" src=\"data:image\/svg+xml;base64,PHN2ZyB3aWR0aD0iMSIgaGVpZ2h0PSIxIiB4bWxucz0iaHR0cDovL3d3dy53My5vcmcvMjAwMC9zdmciPjwvc3ZnPg==\" style=\"--smush-placeholder-width: 1200px; --smush-placeholder-aspect-ratio: 1200\/800;\" \/><\/div><\/a>\n\t\t\t\t<div class=\"elementor-post__badge\">Business strategy<\/div>\n\t\t\t\t<div class=\"elementor-post__text\">\n\t\t\t\t<h3 class=\"elementor-post__title\">\n\t\t\t<a href=\"https:\/\/www.actionproject.es\/en_gb\/blog\/jeff-bezos-exito-empresarial-amazon\/\" >\n\t\t\t\tC\u00f3mo Jeff Bezos consigui\u00f3 el \u00e9xito empresarial con Amazon\t\t\t<\/a>\n\t\t<\/h3>\n\t\t\n\t\t<a class=\"elementor-post__read-more\" href=\"https:\/\/www.actionproject.es\/en_gb\/blog\/jeff-bezos-exito-empresarial-amazon\/\" aria-label=\"Read more about C\u00f3mo Jeff Bezos consigui\u00f3 el \u00e9xito empresarial con Amazon\" tabindex=\"-1\" >\n\t\t\tRead more &#034;\t\t<\/a>\n\n\t\t\t\t<\/div>\n\t\t\t\t<div class=\"elementor-post__meta-data\">\n\t\t\t\t\t<span class=\"elementor-post-date\">\n\t\t\t24 de May de 2022\t\t<\/span>\n\t\t\t\t<\/div>\n\t\t\t\t\t<\/div>\n\t\t<\/article>\n\t\t\t\t<article class=\"elementor-post elementor-grid-item post-1333 post type-post status-publish format-standard has-post-thumbnail hentry category-estrategia-empresarial tag-estructura-empresarial tag-gestion-de-procesos tag-objetivos-de-negocio tag-organizacion-de-empresa tag-procesos-de-empresa\" role=\"listitem\">\n\t\t\t<div class=\"elementor-post__card\">\n\t\t\t\t<a class=\"elementor-post__thumbnail__link\" href=\"https:\/\/www.actionproject.es\/en_gb\/blog\/importancia-gestion-de-procesos-empresa\/\" tabindex=\"-1\" ><div class=\"elementor-post__thumbnail\"><img decoding=\"async\" width=\"1200\" height=\"800\" data-src=\"https:\/\/www.actionproject.es\/wp-content\/uploads\/2025\/07\/gestion-de-procesos.jpg\" class=\"attachment-full size-full wp-image-1453 lazyload\" alt=\"\" data-srcset=\"https:\/\/www.actionproject.es\/wp-content\/uploads\/2025\/07\/gestion-de-procesos.jpg 1200w, https:\/\/www.actionproject.es\/wp-content\/uploads\/2025\/07\/gestion-de-procesos-300x200.jpg 300w, https:\/\/www.actionproject.es\/wp-content\/uploads\/2025\/07\/gestion-de-procesos-1024x683.jpg 1024w, https:\/\/www.actionproject.es\/wp-content\/uploads\/2025\/07\/gestion-de-procesos-768x512.jpg 768w, https:\/\/www.actionproject.es\/wp-content\/uploads\/2025\/07\/gestion-de-procesos-18x12.jpg 18w\" data-sizes=\"(max-width: 1200px) 100vw, 1200px\" src=\"data:image\/svg+xml;base64,PHN2ZyB3aWR0aD0iMSIgaGVpZ2h0PSIxIiB4bWxucz0iaHR0cDovL3d3dy53My5vcmcvMjAwMC9zdmciPjwvc3ZnPg==\" style=\"--smush-placeholder-width: 1200px; --smush-placeholder-aspect-ratio: 1200\/800;\" \/><\/div><\/a>\n\t\t\t\t<div class=\"elementor-post__badge\">Business strategy<\/div>\n\t\t\t\t<div class=\"elementor-post__text\">\n\t\t\t\t<h3 class=\"elementor-post__title\">\n\t\t\t<a href=\"https:\/\/www.actionproject.es\/en_gb\/blog\/importancia-gestion-de-procesos-empresa\/\" >\n\t\t\t\tLa importancia de la gesti\u00f3n de procesos para tu empresa\t\t\t<\/a>\n\t\t<\/h3>\n\t\t\n\t\t<a class=\"elementor-post__read-more\" href=\"https:\/\/www.actionproject.es\/en_gb\/blog\/importancia-gestion-de-procesos-empresa\/\" aria-label=\"Read more about La importancia de la gesti\u00f3n de procesos para tu empresa\" tabindex=\"-1\" >\n\t\t\tRead more &#034;\t\t<\/a>\n\n\t\t\t\t<\/div>\n\t\t\t\t<div class=\"elementor-post__meta-data\">\n\t\t\t\t\t<span class=\"elementor-post-date\">\n\t\t\t10 de May de 2022\t\t<\/span>\n\t\t\t\t<\/div>\n\t\t\t\t\t<\/div>\n\t\t<\/article>\n\t\t\t\t<article class=\"elementor-post elementor-grid-item post-1332 post type-post status-publish format-standard has-post-thumbnail hentry category-estrategia-empresarial tag-el-juego-del-calamar tag-empresa tag-lecciones-empresariales tag-negocio tag-series\" role=\"listitem\">\n\t\t\t<div class=\"elementor-post__card\">\n\t\t\t\t<a class=\"elementor-post__thumbnail__link\" href=\"https:\/\/www.actionproject.es\/en_gb\/blog\/lecciones-empresariales-serie-juego-calamar\/\" tabindex=\"-1\" ><div class=\"elementor-post__thumbnail\"><img decoding=\"async\" width=\"1200\" height=\"800\" data-src=\"https:\/\/www.actionproject.es\/wp-content\/uploads\/2025\/07\/lecciones-empresariales-juego-calamar.jpg\" class=\"attachment-full size-full wp-image-1473 lazyload\" alt=\"\" data-srcset=\"https:\/\/www.actionproject.es\/wp-content\/uploads\/2025\/07\/lecciones-empresariales-juego-calamar.jpg 1200w, https:\/\/www.actionproject.es\/wp-content\/uploads\/2025\/07\/lecciones-empresariales-juego-calamar-300x200.jpg 300w, https:\/\/www.actionproject.es\/wp-content\/uploads\/2025\/07\/lecciones-empresariales-juego-calamar-1024x683.jpg 1024w, https:\/\/www.actionproject.es\/wp-content\/uploads\/2025\/07\/lecciones-empresariales-juego-calamar-768x512.jpg 768w, https:\/\/www.actionproject.es\/wp-content\/uploads\/2025\/07\/lecciones-empresariales-juego-calamar-18x12.jpg 18w\" data-sizes=\"(max-width: 1200px) 100vw, 1200px\" src=\"data:image\/svg+xml;base64,PHN2ZyB3aWR0aD0iMSIgaGVpZ2h0PSIxIiB4bWxucz0iaHR0cDovL3d3dy53My5vcmcvMjAwMC9zdmciPjwvc3ZnPg==\" style=\"--smush-placeholder-width: 1200px; --smush-placeholder-aspect-ratio: 1200\/800;\" \/><\/div><\/a>\n\t\t\t\t<div class=\"elementor-post__badge\">Business strategy<\/div>\n\t\t\t\t<div class=\"elementor-post__text\">\n\t\t\t\t<h3 class=\"elementor-post__title\">\n\t\t\t<a href=\"https:\/\/www.actionproject.es\/en_gb\/blog\/lecciones-empresariales-serie-juego-calamar\/\" >\n\t\t\t\t4 lecciones empresariales de \u2018El juego del calamar\u2019\t\t\t<\/a>\n\t\t<\/h3>\n\t\t\n\t\t<a class=\"elementor-post__read-more\" href=\"https:\/\/www.actionproject.es\/en_gb\/blog\/lecciones-empresariales-serie-juego-calamar\/\" aria-label=\"Read more about 4 lecciones empresariales de \u2018El juego del calamar\u2019\" tabindex=\"-1\" >\n\t\t\tRead more &#034;\t\t<\/a>\n\n\t\t\t\t<\/div>\n\t\t\t\t<div class=\"elementor-post__meta-data\">\n\t\t\t\t\t<span class=\"elementor-post-date\">\n\t\t\t26 de April de 2022\t\t<\/span>\n\t\t\t\t<\/div>\n\t\t\t\t\t<\/div>\n\t\t<\/article>\n\t\t\t\t<article class=\"elementor-post elementor-grid-item post-1331 post type-post status-publish format-standard has-post-thumbnail hentry category-estrategia-empresarial tag-competitividad-empresarial tag-consultor-de-empresas tag-consultor-de-pymes tag-consultoria-empresarial tag-pymes\" role=\"listitem\">\n\t\t\t<div class=\"elementor-post__card\">\n\t\t\t\t<a class=\"elementor-post__thumbnail__link\" href=\"https:\/\/www.actionproject.es\/en_gb\/blog\/consultoria-empresarial-exito-negocio\/\" tabindex=\"-1\" ><div class=\"elementor-post__thumbnail\"><img decoding=\"async\" width=\"1200\" height=\"800\" data-src=\"https:\/\/www.actionproject.es\/wp-content\/uploads\/2025\/07\/consultoria-empresarial.jpg\" class=\"attachment-full size-full wp-image-1416 lazyload\" alt=\"\" data-srcset=\"https:\/\/www.actionproject.es\/wp-content\/uploads\/2025\/07\/consultoria-empresarial.jpg 1200w, https:\/\/www.actionproject.es\/wp-content\/uploads\/2025\/07\/consultoria-empresarial-300x200.jpg 300w, https:\/\/www.actionproject.es\/wp-content\/uploads\/2025\/07\/consultoria-empresarial-1024x683.jpg 1024w, https:\/\/www.actionproject.es\/wp-content\/uploads\/2025\/07\/consultoria-empresarial-768x512.jpg 768w, https:\/\/www.actionproject.es\/wp-content\/uploads\/2025\/07\/consultoria-empresarial-18x12.jpg 18w\" data-sizes=\"(max-width: 1200px) 100vw, 1200px\" src=\"data:image\/svg+xml;base64,PHN2ZyB3aWR0aD0iMSIgaGVpZ2h0PSIxIiB4bWxucz0iaHR0cDovL3d3dy53My5vcmcvMjAwMC9zdmciPjwvc3ZnPg==\" style=\"--smush-placeholder-width: 1200px; --smush-placeholder-aspect-ratio: 1200\/800;\" \/><\/div><\/a>\n\t\t\t\t<div class=\"elementor-post__badge\">Business strategy<\/div>\n\t\t\t\t<div class=\"elementor-post__text\">\n\t\t\t\t<h3 class=\"elementor-post__title\">\n\t\t\t<a href=\"https:\/\/www.actionproject.es\/en_gb\/blog\/consultoria-empresarial-exito-negocio\/\" >\n\t\t\t\tConsultor\u00eda empresarial, clave para el \u00e9xito de tu negocio\t\t\t<\/a>\n\t\t<\/h3>\n\t\t\n\t\t<a class=\"elementor-post__read-more\" href=\"https:\/\/www.actionproject.es\/en_gb\/blog\/consultoria-empresarial-exito-negocio\/\" aria-label=\"Read more about Consultor\u00eda empresarial, clave para el \u00e9xito de tu negocio\" tabindex=\"-1\" >\n\t\t\tRead more &#034;\t\t<\/a>\n\n\t\t\t\t<\/div>\n\t\t\t\t<div class=\"elementor-post__meta-data\">\n\t\t\t\t\t<span class=\"elementor-post-date\">\n\t\t\t22 de March de 2022\t\t<\/span>\n\t\t\t\t<\/div>\n\t\t\t\t\t<\/div>\n\t\t<\/article>\n\t\t\t\t<article class=\"elementor-post elementor-grid-item post-1330 post type-post status-publish format-standard has-post-thumbnail hentry category-estrategia-empresarial tag-equipo tag-equipo-de-alto-rendimiento tag-habilidades-directivas tag-habilidades-empresariales tag-rendimiento-laboral\" role=\"listitem\">\n\t\t\t<div class=\"elementor-post__card\">\n\t\t\t\t<a class=\"elementor-post__thumbnail__link\" href=\"https:\/\/www.actionproject.es\/en_gb\/blog\/empresa-necesita-equipo-alto-rendimiento\/\" tabindex=\"-1\" ><div class=\"elementor-post__thumbnail\"><img decoding=\"async\" width=\"1200\" height=\"800\" data-src=\"https:\/\/www.actionproject.es\/wp-content\/uploads\/2025\/07\/equipo-alto-rendimiento.jpg\" class=\"attachment-full size-full wp-image-1440 lazyload\" alt=\"\" data-srcset=\"https:\/\/www.actionproject.es\/wp-content\/uploads\/2025\/07\/equipo-alto-rendimiento.jpg 1200w, https:\/\/www.actionproject.es\/wp-content\/uploads\/2025\/07\/equipo-alto-rendimiento-300x200.jpg 300w, https:\/\/www.actionproject.es\/wp-content\/uploads\/2025\/07\/equipo-alto-rendimiento-1024x683.jpg 1024w, https:\/\/www.actionproject.es\/wp-content\/uploads\/2025\/07\/equipo-alto-rendimiento-768x512.jpg 768w, https:\/\/www.actionproject.es\/wp-content\/uploads\/2025\/07\/equipo-alto-rendimiento-18x12.jpg 18w\" data-sizes=\"(max-width: 1200px) 100vw, 1200px\" src=\"data:image\/svg+xml;base64,PHN2ZyB3aWR0aD0iMSIgaGVpZ2h0PSIxIiB4bWxucz0iaHR0cDovL3d3dy53My5vcmcvMjAwMC9zdmciPjwvc3ZnPg==\" style=\"--smush-placeholder-width: 1200px; --smush-placeholder-aspect-ratio: 1200\/800;\" \/><\/div><\/a>\n\t\t\t\t<div class=\"elementor-post__badge\">Business strategy<\/div>\n\t\t\t\t<div class=\"elementor-post__text\">\n\t\t\t\t<h3 class=\"elementor-post__title\">\n\t\t\t<a href=\"https:\/\/www.actionproject.es\/en_gb\/blog\/empresa-necesita-equipo-alto-rendimiento\/\" >\n\t\t\t\t\u00bfPor qu\u00e9 una empresa necesita un equipo de alto rendimiento?\t\t\t<\/a>\n\t\t<\/h3>\n\t\t\n\t\t<a class=\"elementor-post__read-more\" href=\"https:\/\/www.actionproject.es\/en_gb\/blog\/empresa-necesita-equipo-alto-rendimiento\/\" aria-label=\"Read more about \u00bfPor qu\u00e9 una empresa necesita un equipo de alto rendimiento?\" tabindex=\"-1\" >\n\t\t\tRead more &#034;\t\t<\/a>\n\n\t\t\t\t<\/div>\n\t\t\t\t<div class=\"elementor-post__meta-data\">\n\t\t\t\t\t<span class=\"elementor-post-date\">\n\t\t\t8 de March de 2022\t\t<\/span>\n\t\t\t\t<\/div>\n\t\t\t\t\t<\/div>\n\t\t<\/article>\n\t\t\t\t<article class=\"elementor-post elementor-grid-item post-1329 post type-post status-publish format-standard has-post-thumbnail hentry category-estrategia-empresarial tag-competencias-basicas tag-competencias-laborales tag-cualidades-laborales tag-desarrollo-personal tag-desarrollo-profesional\" role=\"listitem\">\n\t\t\t<div class=\"elementor-post__card\">\n\t\t\t\t<a class=\"elementor-post__thumbnail__link\" href=\"https:\/\/www.actionproject.es\/en_gb\/blog\/competencias-basicas-desarrollo-personal\/\" tabindex=\"-1\" ><div class=\"elementor-post__thumbnail\"><img decoding=\"async\" width=\"1200\" height=\"800\" data-src=\"https:\/\/www.actionproject.es\/wp-content\/uploads\/2025\/07\/competencias-basicas-desarrollo-personal.jpg\" class=\"attachment-full size-full wp-image-1411 lazyload\" alt=\"\" data-srcset=\"https:\/\/www.actionproject.es\/wp-content\/uploads\/2025\/07\/competencias-basicas-desarrollo-personal.jpg 1200w, https:\/\/www.actionproject.es\/wp-content\/uploads\/2025\/07\/competencias-basicas-desarrollo-personal-300x200.jpg 300w, https:\/\/www.actionproject.es\/wp-content\/uploads\/2025\/07\/competencias-basicas-desarrollo-personal-1024x683.jpg 1024w, https:\/\/www.actionproject.es\/wp-content\/uploads\/2025\/07\/competencias-basicas-desarrollo-personal-768x512.jpg 768w, https:\/\/www.actionproject.es\/wp-content\/uploads\/2025\/07\/competencias-basicas-desarrollo-personal-18x12.jpg 18w\" data-sizes=\"(max-width: 1200px) 100vw, 1200px\" src=\"data:image\/svg+xml;base64,PHN2ZyB3aWR0aD0iMSIgaGVpZ2h0PSIxIiB4bWxucz0iaHR0cDovL3d3dy53My5vcmcvMjAwMC9zdmciPjwvc3ZnPg==\" style=\"--smush-placeholder-width: 1200px; --smush-placeholder-aspect-ratio: 1200\/800;\" \/><\/div><\/a>\n\t\t\t\t<div class=\"elementor-post__badge\">Business strategy<\/div>\n\t\t\t\t<div class=\"elementor-post__text\">\n\t\t\t\t<h3 class=\"elementor-post__title\">\n\t\t\t<a href=\"https:\/\/www.actionproject.es\/en_gb\/blog\/competencias-basicas-desarrollo-personal\/\" >\n\t\t\t\t\u00c9xito laboral: 7 competencias b\u00e1sicas para el desarrollo personal\t\t\t<\/a>\n\t\t<\/h3>\n\t\t\n\t\t<a class=\"elementor-post__read-more\" href=\"https:\/\/www.actionproject.es\/en_gb\/blog\/competencias-basicas-desarrollo-personal\/\" aria-label=\"Read more about \u00c9xito laboral: 7 competencias b\u00e1sicas para el desarrollo personal\" tabindex=\"-1\" >\n\t\t\tRead more &#034;\t\t<\/a>\n\n\t\t\t\t<\/div>\n\t\t\t\t<div class=\"elementor-post__meta-data\">\n\t\t\t\t\t<span class=\"elementor-post-date\">\n\t\t\t21 de February de 2022\t\t<\/span>\n\t\t\t\t<\/div>\n\t\t\t\t\t<\/div>\n\t\t<\/article>\n\t\t\t\t<article class=\"elementor-post elementor-grid-item post-1328 post type-post status-publish format-standard has-post-thumbnail hentry category-actualidad tag-herramientas-digitales tag-herramientas-para-emprendedores tag-herramientas-para-negocios tag-pymes tag-whtasapp-business\" role=\"listitem\">\n\t\t\t<div class=\"elementor-post__card\">\n\t\t\t\t<a class=\"elementor-post__thumbnail__link\" href=\"https:\/\/www.actionproject.es\/en_gb\/blog\/whatsapp-business-herramienta-pymes\/\" tabindex=\"-1\" ><div class=\"elementor-post__thumbnail\"><img decoding=\"async\" width=\"1200\" height=\"800\" data-src=\"https:\/\/www.actionproject.es\/wp-content\/uploads\/2025\/07\/whatsapp-business-pymes.jpg\" class=\"attachment-full size-full wp-image-1532 lazyload\" alt=\"\" data-srcset=\"https:\/\/www.actionproject.es\/wp-content\/uploads\/2025\/07\/whatsapp-business-pymes.jpg 1200w, https:\/\/www.actionproject.es\/wp-content\/uploads\/2025\/07\/whatsapp-business-pymes-300x200.jpg 300w, https:\/\/www.actionproject.es\/wp-content\/uploads\/2025\/07\/whatsapp-business-pymes-1024x683.jpg 1024w, https:\/\/www.actionproject.es\/wp-content\/uploads\/2025\/07\/whatsapp-business-pymes-768x512.jpg 768w, https:\/\/www.actionproject.es\/wp-content\/uploads\/2025\/07\/whatsapp-business-pymes-18x12.jpg 18w\" data-sizes=\"(max-width: 1200px) 100vw, 1200px\" src=\"data:image\/svg+xml;base64,PHN2ZyB3aWR0aD0iMSIgaGVpZ2h0PSIxIiB4bWxucz0iaHR0cDovL3d3dy53My5vcmcvMjAwMC9zdmciPjwvc3ZnPg==\" style=\"--smush-placeholder-width: 1200px; --smush-placeholder-aspect-ratio: 1200\/800;\" \/><\/div><\/a>\n\t\t\t\t<div class=\"elementor-post__badge\">Actualidad<\/div>\n\t\t\t\t<div class=\"elementor-post__text\">\n\t\t\t\t<h3 class=\"elementor-post__title\">\n\t\t\t<a href=\"https:\/\/www.actionproject.es\/en_gb\/blog\/whatsapp-business-herramienta-pymes\/\" >\n\t\t\t\tWhatsApp Business: herramienta para pymes de gran potencial\t\t\t<\/a>\n\t\t<\/h3>\n\t\t\n\t\t<a class=\"elementor-post__read-more\" href=\"https:\/\/www.actionproject.es\/en_gb\/blog\/whatsapp-business-herramienta-pymes\/\" aria-label=\"Read more about WhatsApp Business: herramienta para pymes de gran potencial\" tabindex=\"-1\" >\n\t\t\tRead more &#034;\t\t<\/a>\n\n\t\t\t\t<\/div>\n\t\t\t\t<div class=\"elementor-post__meta-data\">\n\t\t\t\t\t<span class=\"elementor-post-date\">\n\t\t\t15 de February de 2022\t\t<\/span>\n\t\t\t\t<\/div>\n\t\t\t\t\t<\/div>\n\t\t<\/article>\n\t\t\t\t<article class=\"elementor-post elementor-grid-item post-1327 post type-post status-publish format-standard has-post-thumbnail hentry category-estrategia-empresarial tag-direccion-por-objetivos tag-estrategia-empresarial tag-gestion-empresarial tag-negocio tag-objetivos-empresariales\" role=\"listitem\">\n\t\t\t<div class=\"elementor-post__card\">\n\t\t\t\t<a class=\"elementor-post__thumbnail__link\" href=\"https:\/\/www.actionproject.es\/en_gb\/blog\/ventajas-direccion-por-objetivos\/\" tabindex=\"-1\" ><div class=\"elementor-post__thumbnail\"><img decoding=\"async\" width=\"1200\" height=\"800\" data-src=\"https:\/\/www.actionproject.es\/wp-content\/uploads\/2025\/07\/direccion-por-objetivos.jpg\" class=\"attachment-full size-full wp-image-1433 lazyload\" alt=\"\" data-srcset=\"https:\/\/www.actionproject.es\/wp-content\/uploads\/2025\/07\/direccion-por-objetivos.jpg 1200w, https:\/\/www.actionproject.es\/wp-content\/uploads\/2025\/07\/direccion-por-objetivos-300x200.jpg 300w, https:\/\/www.actionproject.es\/wp-content\/uploads\/2025\/07\/direccion-por-objetivos-1024x683.jpg 1024w, https:\/\/www.actionproject.es\/wp-content\/uploads\/2025\/07\/direccion-por-objetivos-768x512.jpg 768w, https:\/\/www.actionproject.es\/wp-content\/uploads\/2025\/07\/direccion-por-objetivos-18x12.jpg 18w\" data-sizes=\"(max-width: 1200px) 100vw, 1200px\" src=\"data:image\/svg+xml;base64,PHN2ZyB3aWR0aD0iMSIgaGVpZ2h0PSIxIiB4bWxucz0iaHR0cDovL3d3dy53My5vcmcvMjAwMC9zdmciPjwvc3ZnPg==\" style=\"--smush-placeholder-width: 1200px; --smush-placeholder-aspect-ratio: 1200\/800;\" \/><\/div><\/a>\n\t\t\t\t<div class=\"elementor-post__badge\">Business strategy<\/div>\n\t\t\t\t<div class=\"elementor-post__text\">\n\t\t\t\t<h3 class=\"elementor-post__title\">\n\t\t\t<a href=\"https:\/\/www.actionproject.es\/en_gb\/blog\/ventajas-direccion-por-objetivos\/\" >\n\t\t\t\tDescubre las ventajas de la direcci\u00f3n por objetivos\t\t\t<\/a>\n\t\t<\/h3>\n\t\t\n\t\t<a class=\"elementor-post__read-more\" href=\"https:\/\/www.actionproject.es\/en_gb\/blog\/ventajas-direccion-por-objetivos\/\" aria-label=\"Read more about Descubre las ventajas de la direcci\u00f3n por objetivos\" tabindex=\"-1\" >\n\t\t\tRead more &#034;\t\t<\/a>\n\n\t\t\t\t<\/div>\n\t\t\t\t<div class=\"elementor-post__meta-data\">\n\t\t\t\t\t<span class=\"elementor-post-date\">\n\t\t\t8 de February de 2022\t\t<\/span>\n\t\t\t\t<\/div>\n\t\t\t\t\t<\/div>\n\t\t<\/article>\n\t\t\t\t<article class=\"elementor-post elementor-grid-item post-1326 post type-post status-publish format-standard has-post-thumbnail hentry category-estrategia-empresarial tag-analisis-de-empresa tag-analisis-estrategico tag-estrategia-de-negocios tag-gestion-de-proyectos-empresariales tag-plan-de-viabilidad\" role=\"listitem\">\n\t\t\t<div class=\"elementor-post__card\">\n\t\t\t\t<a class=\"elementor-post__thumbnail__link\" href=\"https:\/\/www.actionproject.es\/en_gb\/blog\/plan-de-viabilidad-negocio\/\" tabindex=\"-1\" ><div class=\"elementor-post__thumbnail\"><img decoding=\"async\" width=\"1200\" height=\"800\" data-src=\"https:\/\/www.actionproject.es\/wp-content\/uploads\/2025\/07\/plan-viabilidad-empresarial.jpg\" class=\"attachment-full size-full wp-image-1503 lazyload\" alt=\"\" data-srcset=\"https:\/\/www.actionproject.es\/wp-content\/uploads\/2025\/07\/plan-viabilidad-empresarial.jpg 1200w, https:\/\/www.actionproject.es\/wp-content\/uploads\/2025\/07\/plan-viabilidad-empresarial-300x200.jpg 300w, https:\/\/www.actionproject.es\/wp-content\/uploads\/2025\/07\/plan-viabilidad-empresarial-1024x683.jpg 1024w, https:\/\/www.actionproject.es\/wp-content\/uploads\/2025\/07\/plan-viabilidad-empresarial-768x512.jpg 768w, https:\/\/www.actionproject.es\/wp-content\/uploads\/2025\/07\/plan-viabilidad-empresarial-18x12.jpg 18w\" data-sizes=\"(max-width: 1200px) 100vw, 1200px\" src=\"data:image\/svg+xml;base64,PHN2ZyB3aWR0aD0iMSIgaGVpZ2h0PSIxIiB4bWxucz0iaHR0cDovL3d3dy53My5vcmcvMjAwMC9zdmciPjwvc3ZnPg==\" style=\"--smush-placeholder-width: 1200px; --smush-placeholder-aspect-ratio: 1200\/800;\" \/><\/div><\/a>\n\t\t\t\t<div class=\"elementor-post__badge\">Business strategy<\/div>\n\t\t\t\t<div class=\"elementor-post__text\">\n\t\t\t\t<h3 class=\"elementor-post__title\">\n\t\t\t<a href=\"https:\/\/www.actionproject.es\/en_gb\/blog\/plan-de-viabilidad-negocio\/\" >\n\t\t\t\tLa importancia del plan de viabilidad como base de tu negocio\t\t\t<\/a>\n\t\t<\/h3>\n\t\t\n\t\t<a class=\"elementor-post__read-more\" href=\"https:\/\/www.actionproject.es\/en_gb\/blog\/plan-de-viabilidad-negocio\/\" aria-label=\"Read more about La importancia del plan de viabilidad como base de tu negocio\" tabindex=\"-1\" >\n\t\t\tRead more &#034;\t\t<\/a>\n\n\t\t\t\t<\/div>\n\t\t\t\t<div class=\"elementor-post__meta-data\">\n\t\t\t\t\t<span class=\"elementor-post-date\">\n\t\t\t1 de February de 2022\t\t<\/span>\n\t\t\t\t<\/div>\n\t\t\t\t\t<\/div>\n\t\t<\/article>\n\t\t\t\t<article class=\"elementor-post elementor-grid-item post-1325 post type-post status-publish format-standard has-post-thumbnail hentry category-estrategia-empresarial tag-estrategia-de-negocios tag-juego-de-tronos tag-lecciones-de-liderazgo tag-liderazgo-de-equipo tag-liderazgo-empresarial\" role=\"listitem\">\n\t\t\t<div class=\"elementor-post__card\">\n\t\t\t\t<a class=\"elementor-post__thumbnail__link\" href=\"https:\/\/www.actionproject.es\/en_gb\/blog\/lecciones-liderazgo-estrategia-juego-tronos\/\" tabindex=\"-1\" ><div class=\"elementor-post__thumbnail\"><img decoding=\"async\" width=\"1200\" height=\"800\" data-src=\"https:\/\/www.actionproject.es\/wp-content\/uploads\/2025\/07\/lecciones-liderazgo-estrategia.jpg\" class=\"attachment-full size-full wp-image-1475 lazyload\" alt=\"\" data-srcset=\"https:\/\/www.actionproject.es\/wp-content\/uploads\/2025\/07\/lecciones-liderazgo-estrategia.jpg 1200w, https:\/\/www.actionproject.es\/wp-content\/uploads\/2025\/07\/lecciones-liderazgo-estrategia-300x200.jpg 300w, https:\/\/www.actionproject.es\/wp-content\/uploads\/2025\/07\/lecciones-liderazgo-estrategia-1024x683.jpg 1024w, https:\/\/www.actionproject.es\/wp-content\/uploads\/2025\/07\/lecciones-liderazgo-estrategia-768x512.jpg 768w, https:\/\/www.actionproject.es\/wp-content\/uploads\/2025\/07\/lecciones-liderazgo-estrategia-18x12.jpg 18w\" data-sizes=\"(max-width: 1200px) 100vw, 1200px\" src=\"data:image\/svg+xml;base64,PHN2ZyB3aWR0aD0iMSIgaGVpZ2h0PSIxIiB4bWxucz0iaHR0cDovL3d3dy53My5vcmcvMjAwMC9zdmciPjwvc3ZnPg==\" style=\"--smush-placeholder-width: 1200px; --smush-placeholder-aspect-ratio: 1200\/800;\" \/><\/div><\/a>\n\t\t\t\t<div class=\"elementor-post__badge\">Business strategy<\/div>\n\t\t\t\t<div class=\"elementor-post__text\">\n\t\t\t\t<h3 class=\"elementor-post__title\">\n\t\t\t<a href=\"https:\/\/www.actionproject.es\/en_gb\/blog\/lecciones-liderazgo-estrategia-juego-tronos\/\" >\n\t\t\t\tLecciones de liderazgo y estrategia que nos deja &#8216;Juego de tronos&#8217;\t\t\t<\/a>\n\t\t<\/h3>\n\t\t\n\t\t<a class=\"elementor-post__read-more\" href=\"https:\/\/www.actionproject.es\/en_gb\/blog\/lecciones-liderazgo-estrategia-juego-tronos\/\" aria-label=\"Read more about Lecciones de liderazgo y estrategia que nos deja &#8216;Juego de tronos&#8217;\" tabindex=\"-1\" >\n\t\t\tRead more &#034;\t\t<\/a>\n\n\t\t\t\t<\/div>\n\t\t\t\t<div class=\"elementor-post__meta-data\">\n\t\t\t\t\t<span class=\"elementor-post-date\">\n\t\t\t25 de January de 2022\t\t<\/span>\n\t\t\t\t<\/div>\n\t\t\t\t\t<\/div>\n\t\t<\/article>\n\t\t\t\t<article class=\"elementor-post elementor-grid-item post-1324 post type-post status-publish format-standard has-post-thumbnail hentry category-estrategia-empresarial tag-lider tag-liderar-un-equipo tag-liderazgo-de-equipo tag-liderazgo-empresarial\" role=\"listitem\">\n\t\t\t<div class=\"elementor-post__card\">\n\t\t\t\t<a class=\"elementor-post__thumbnail__link\" href=\"https:\/\/www.actionproject.es\/en_gb\/blog\/tipos-liderazgo-empresarial-negocio\/\" tabindex=\"-1\" ><div class=\"elementor-post__thumbnail\"><img decoding=\"async\" width=\"1200\" height=\"800\" data-src=\"https:\/\/www.actionproject.es\/wp-content\/uploads\/2025\/07\/tipos-liderazgo-empresarial.jpg\" class=\"attachment-full size-full wp-image-1525 lazyload\" alt=\"\" data-srcset=\"https:\/\/www.actionproject.es\/wp-content\/uploads\/2025\/07\/tipos-liderazgo-empresarial.jpg 1200w, https:\/\/www.actionproject.es\/wp-content\/uploads\/2025\/07\/tipos-liderazgo-empresarial-300x200.jpg 300w, https:\/\/www.actionproject.es\/wp-content\/uploads\/2025\/07\/tipos-liderazgo-empresarial-1024x683.jpg 1024w, https:\/\/www.actionproject.es\/wp-content\/uploads\/2025\/07\/tipos-liderazgo-empresarial-768x512.jpg 768w, https:\/\/www.actionproject.es\/wp-content\/uploads\/2025\/07\/tipos-liderazgo-empresarial-18x12.jpg 18w\" data-sizes=\"(max-width: 1200px) 100vw, 1200px\" src=\"data:image\/svg+xml;base64,PHN2ZyB3aWR0aD0iMSIgaGVpZ2h0PSIxIiB4bWxucz0iaHR0cDovL3d3dy53My5vcmcvMjAwMC9zdmciPjwvc3ZnPg==\" style=\"--smush-placeholder-width: 1200px; --smush-placeholder-aspect-ratio: 1200\/800;\" \/><\/div><\/a>\n\t\t\t\t<div class=\"elementor-post__badge\">Business strategy<\/div>\n\t\t\t\t<div class=\"elementor-post__text\">\n\t\t\t\t<h3 class=\"elementor-post__title\">\n\t\t\t<a href=\"https:\/\/www.actionproject.es\/en_gb\/blog\/tipos-liderazgo-empresarial-negocio\/\" >\n\t\t\t\t4 tipos de liderazgo empresarial para un negocio\t\t\t<\/a>\n\t\t<\/h3>\n\t\t\n\t\t<a class=\"elementor-post__read-more\" href=\"https:\/\/www.actionproject.es\/en_gb\/blog\/tipos-liderazgo-empresarial-negocio\/\" aria-label=\"Read more about 4 tipos de liderazgo empresarial para un negocio\" tabindex=\"-1\" >\n\t\t\tRead more &#034;\t\t<\/a>\n\n\t\t\t\t<\/div>\n\t\t\t\t<div class=\"elementor-post__meta-data\">\n\t\t\t\t\t<span class=\"elementor-post-date\">\n\t\t\t14 de December de 2021\t\t<\/span>\n\t\t\t\t<\/div>\n\t\t\t\t\t<\/div>\n\t\t<\/article>\n\t\t\t\t<article class=\"elementor-post elementor-grid-item post-1323 post type-post status-publish format-standard has-post-thumbnail hentry category-estrategia-empresarial tag-consultora-de-negocios tag-estrategia-de-negocios tag-profesionalizacion-de-empresa tag-ventaja-competitiva tag-ventaja-diferencial\" role=\"listitem\">\n\t\t\t<div class=\"elementor-post__card\">\n\t\t\t\t<a class=\"elementor-post__thumbnail__link\" href=\"https:\/\/www.actionproject.es\/en_gb\/blog\/estrategias-ventaja-competitiva-negocio\/\" tabindex=\"-1\" ><div class=\"elementor-post__thumbnail\"><img decoding=\"async\" width=\"1200\" height=\"800\" data-src=\"https:\/\/www.actionproject.es\/wp-content\/uploads\/2025\/07\/ventaja-competitiva-negocio.jpg\" class=\"attachment-full size-full wp-image-1530 lazyload\" alt=\"\" data-srcset=\"https:\/\/www.actionproject.es\/wp-content\/uploads\/2025\/07\/ventaja-competitiva-negocio.jpg 1200w, https:\/\/www.actionproject.es\/wp-content\/uploads\/2025\/07\/ventaja-competitiva-negocio-300x200.jpg 300w, https:\/\/www.actionproject.es\/wp-content\/uploads\/2025\/07\/ventaja-competitiva-negocio-1024x683.jpg 1024w, https:\/\/www.actionproject.es\/wp-content\/uploads\/2025\/07\/ventaja-competitiva-negocio-768x512.jpg 768w, https:\/\/www.actionproject.es\/wp-content\/uploads\/2025\/07\/ventaja-competitiva-negocio-18x12.jpg 18w\" data-sizes=\"(max-width: 1200px) 100vw, 1200px\" src=\"data:image\/svg+xml;base64,PHN2ZyB3aWR0aD0iMSIgaGVpZ2h0PSIxIiB4bWxucz0iaHR0cDovL3d3dy53My5vcmcvMjAwMC9zdmciPjwvc3ZnPg==\" style=\"--smush-placeholder-width: 1200px; --smush-placeholder-aspect-ratio: 1200\/800;\" \/><\/div><\/a>\n\t\t\t\t<div class=\"elementor-post__badge\">Business strategy<\/div>\n\t\t\t\t<div class=\"elementor-post__text\">\n\t\t\t\t<h3 class=\"elementor-post__title\">\n\t\t\t<a href=\"https:\/\/www.actionproject.es\/en_gb\/blog\/estrategias-ventaja-competitiva-negocio\/\" >\n\t\t\t\t3 estrategias para descubrir la ventaja competitiva de tu negocio\t\t\t<\/a>\n\t\t<\/h3>\n\t\t\n\t\t<a class=\"elementor-post__read-more\" href=\"https:\/\/www.actionproject.es\/en_gb\/blog\/estrategias-ventaja-competitiva-negocio\/\" aria-label=\"Read more about 3 estrategias para descubrir la ventaja competitiva de tu negocio\" tabindex=\"-1\" >\n\t\t\tRead more &#034;\t\t<\/a>\n\n\t\t\t\t<\/div>\n\t\t\t\t<div class=\"elementor-post__meta-data\">\n\t\t\t\t\t<span class=\"elementor-post-date\">\n\t\t\t23 de November de 2021\t\t<\/span>\n\t\t\t\t<\/div>\n\t\t\t\t\t<\/div>\n\t\t<\/article>\n\t\t\t\t<article class=\"elementor-post elementor-grid-item post-1322 post type-post status-publish format-standard has-post-thumbnail hentry category-estrategia-empresarial tag-consultor-de-empresas tag-consultor-de-negocios tag-lcider-empresarial tag-liderazgo-empresarial tag-ventajas-de-un-lider\" role=\"listitem\">\n\t\t\t<div class=\"elementor-post__card\">\n\t\t\t\t<a class=\"elementor-post__thumbnail__link\" href=\"https:\/\/www.actionproject.es\/en_gb\/blog\/liderazgo-empresarial-beneficios\/\" tabindex=\"-1\" ><div class=\"elementor-post__thumbnail\"><img decoding=\"async\" width=\"1200\" height=\"800\" data-src=\"https:\/\/www.actionproject.es\/wp-content\/uploads\/2025\/07\/liderazgo-empresarial.jpg\" class=\"attachment-full size-full wp-image-1479 lazyload\" alt=\"\" data-srcset=\"https:\/\/www.actionproject.es\/wp-content\/uploads\/2025\/07\/liderazgo-empresarial.jpg 1200w, https:\/\/www.actionproject.es\/wp-content\/uploads\/2025\/07\/liderazgo-empresarial-300x200.jpg 300w, https:\/\/www.actionproject.es\/wp-content\/uploads\/2025\/07\/liderazgo-empresarial-1024x683.jpg 1024w, https:\/\/www.actionproject.es\/wp-content\/uploads\/2025\/07\/liderazgo-empresarial-768x512.jpg 768w, https:\/\/www.actionproject.es\/wp-content\/uploads\/2025\/07\/liderazgo-empresarial-18x12.jpg 18w\" data-sizes=\"(max-width: 1200px) 100vw, 1200px\" src=\"data:image\/svg+xml;base64,PHN2ZyB3aWR0aD0iMSIgaGVpZ2h0PSIxIiB4bWxucz0iaHR0cDovL3d3dy53My5vcmcvMjAwMC9zdmciPjwvc3ZnPg==\" style=\"--smush-placeholder-width: 1200px; --smush-placeholder-aspect-ratio: 1200\/800;\" \/><\/div><\/a>\n\t\t\t\t<div class=\"elementor-post__badge\">Business strategy<\/div>\n\t\t\t\t<div class=\"elementor-post__text\">\n\t\t\t\t<h3 class=\"elementor-post__title\">\n\t\t\t<a href=\"https:\/\/www.actionproject.es\/en_gb\/blog\/liderazgo-empresarial-beneficios\/\" >\n\t\t\t\tQu\u00e9 es liderazgo empresarial y cu\u00e1les son sus beneficios\t\t\t<\/a>\n\t\t<\/h3>\n\t\t\n\t\t<a class=\"elementor-post__read-more\" href=\"https:\/\/www.actionproject.es\/en_gb\/blog\/liderazgo-empresarial-beneficios\/\" aria-label=\"Read more about Qu\u00e9 es liderazgo empresarial y cu\u00e1les son sus beneficios\" tabindex=\"-1\" >\n\t\t\tRead more &#034;\t\t<\/a>\n\n\t\t\t\t<\/div>\n\t\t\t\t<div class=\"elementor-post__meta-data\">\n\t\t\t\t\t<span class=\"elementor-post-date\">\n\t\t\t9 de November de 2021\t\t<\/span>\n\t\t\t\t<\/div>\n\t\t\t\t\t<\/div>\n\t\t<\/article>\n\t\t\t\t<article class=\"elementor-post elementor-grid-item post-1321 post type-post status-publish format-standard has-post-thumbnail hentry category-estrategia-empresarial tag-estrategia-de-negocios tag-ideas-de-negocio tag-metodologia tag-oceano-azul tag-propuesta-de-valor\" role=\"listitem\">\n\t\t\t<div class=\"elementor-post__card\">\n\t\t\t\t<a class=\"elementor-post__thumbnail__link\" href=\"https:\/\/www.actionproject.es\/en_gb\/blog\/lecciones-negocios-el-fundador\/\" tabindex=\"-1\" ><div class=\"elementor-post__thumbnail\"><img decoding=\"async\" width=\"1200\" height=\"801\" data-src=\"https:\/\/www.actionproject.es\/wp-content\/uploads\/2025\/07\/idea-negocio-el-fundado_20211102-112914_1.jpg\" class=\"attachment-full size-full wp-image-1461 lazyload\" alt=\"\" data-srcset=\"https:\/\/www.actionproject.es\/wp-content\/uploads\/2025\/07\/idea-negocio-el-fundado_20211102-112914_1.jpg 1200w, https:\/\/www.actionproject.es\/wp-content\/uploads\/2025\/07\/idea-negocio-el-fundado_20211102-112914_1-300x200.jpg 300w, https:\/\/www.actionproject.es\/wp-content\/uploads\/2025\/07\/idea-negocio-el-fundado_20211102-112914_1-1024x684.jpg 1024w, https:\/\/www.actionproject.es\/wp-content\/uploads\/2025\/07\/idea-negocio-el-fundado_20211102-112914_1-768x513.jpg 768w, https:\/\/www.actionproject.es\/wp-content\/uploads\/2025\/07\/idea-negocio-el-fundado_20211102-112914_1-18x12.jpg 18w\" data-sizes=\"(max-width: 1200px) 100vw, 1200px\" src=\"data:image\/svg+xml;base64,PHN2ZyB3aWR0aD0iMSIgaGVpZ2h0PSIxIiB4bWxucz0iaHR0cDovL3d3dy53My5vcmcvMjAwMC9zdmciPjwvc3ZnPg==\" style=\"--smush-placeholder-width: 1200px; --smush-placeholder-aspect-ratio: 1200\/801;\" \/><\/div><\/a>\n\t\t\t\t<div class=\"elementor-post__badge\">Business strategy<\/div>\n\t\t\t\t<div class=\"elementor-post__text\">\n\t\t\t\t<h3 class=\"elementor-post__title\">\n\t\t\t<a href=\"https:\/\/www.actionproject.es\/en_gb\/blog\/lecciones-negocios-el-fundador\/\" >\n\t\t\t\t5 lecciones del mundo de los negocios en \u2018El Fundador\u2019\t\t\t<\/a>\n\t\t<\/h3>\n\t\t\n\t\t<a class=\"elementor-post__read-more\" href=\"https:\/\/www.actionproject.es\/en_gb\/blog\/lecciones-negocios-el-fundador\/\" aria-label=\"Read more about 5 lecciones del mundo de los negocios en \u2018El Fundador\u2019\" tabindex=\"-1\" >\n\t\t\tRead more &#034;\t\t<\/a>\n\n\t\t\t\t<\/div>\n\t\t\t\t<div class=\"elementor-post__meta-data\">\n\t\t\t\t\t<span class=\"elementor-post-date\">\n\t\t\t2 de November de 2021\t\t<\/span>\n\t\t\t\t<\/div>\n\t\t\t\t\t<\/div>\n\t\t<\/article>\n\t\t\t\t<article class=\"elementor-post elementor-grid-item post-1320 post type-post status-publish format-standard has-post-thumbnail hentry category-estrategia-empresarial tag-gestion-de-proyectos tag-gestion-empresarial tag-gestor-de-proyectos tag-plan-de-proyectos tag-project-management\" role=\"listitem\">\n\t\t\t<div class=\"elementor-post__card\">\n\t\t\t\t<a class=\"elementor-post__thumbnail__link\" href=\"https:\/\/www.actionproject.es\/en_gb\/blog\/project-management-exito\/\" tabindex=\"-1\" ><div class=\"elementor-post__thumbnail\"><img decoding=\"async\" width=\"1200\" height=\"800\" data-src=\"https:\/\/www.actionproject.es\/wp-content\/uploads\/2025\/07\/project-management.jpg\" class=\"attachment-full size-full wp-image-1511 lazyload\" alt=\"\" data-srcset=\"https:\/\/www.actionproject.es\/wp-content\/uploads\/2025\/07\/project-management.jpg 1200w, https:\/\/www.actionproject.es\/wp-content\/uploads\/2025\/07\/project-management-300x200.jpg 300w, https:\/\/www.actionproject.es\/wp-content\/uploads\/2025\/07\/project-management-1024x683.jpg 1024w, https:\/\/www.actionproject.es\/wp-content\/uploads\/2025\/07\/project-management-768x512.jpg 768w, https:\/\/www.actionproject.es\/wp-content\/uploads\/2025\/07\/project-management-18x12.jpg 18w\" data-sizes=\"(max-width: 1200px) 100vw, 1200px\" src=\"data:image\/svg+xml;base64,PHN2ZyB3aWR0aD0iMSIgaGVpZ2h0PSIxIiB4bWxucz0iaHR0cDovL3d3dy53My5vcmcvMjAwMC9zdmciPjwvc3ZnPg==\" style=\"--smush-placeholder-width: 1200px; --smush-placeholder-aspect-ratio: 1200\/800;\" \/><\/div><\/a>\n\t\t\t\t<div class=\"elementor-post__badge\">Business strategy<\/div>\n\t\t\t\t<div class=\"elementor-post__text\">\n\t\t\t\t<h3 class=\"elementor-post__title\">\n\t\t\t<a href=\"https:\/\/www.actionproject.es\/en_gb\/blog\/project-management-exito\/\" >\n\t\t\t\tProject Management: el \u00e9xito no es un juego de azar\t\t\t<\/a>\n\t\t<\/h3>\n\t\t\n\t\t<a class=\"elementor-post__read-more\" href=\"https:\/\/www.actionproject.es\/en_gb\/blog\/project-management-exito\/\" aria-label=\"Read more about Project Management: el \u00e9xito no es un juego de azar\" tabindex=\"-1\" >\n\t\t\tRead more &#034;\t\t<\/a>\n\n\t\t\t\t<\/div>\n\t\t\t\t<div class=\"elementor-post__meta-data\">\n\t\t\t\t\t<span class=\"elementor-post-date\">\n\t\t\t19 de October de 2021\t\t<\/span>\n\t\t\t\t<\/div>\n\t\t\t\t\t<\/div>\n\t\t<\/article>\n\t\t\t\t<article class=\"elementor-post elementor-grid-item post-1319 post type-post status-publish format-standard has-post-thumbnail hentry category-estrategia-empresarial tag-desarrollo-directivo tag-liderar-un-equipo tag-liderazgo-directivo tag-objetivos-de-negocio tag-vision-empresarial\" role=\"listitem\">\n\t\t\t<div class=\"elementor-post__card\">\n\t\t\t\t<a class=\"elementor-post__thumbnail__link\" href=\"https:\/\/www.actionproject.es\/en_gb\/blog\/vision-empresarial-palanca-liderazgo-directivo\/\" tabindex=\"-1\" ><div class=\"elementor-post__thumbnail\"><img decoding=\"async\" width=\"1200\" height=\"800\" data-src=\"https:\/\/www.actionproject.es\/wp-content\/uploads\/2025\/07\/liderazgo-directivo.jpg\" class=\"attachment-full size-full wp-image-1478 lazyload\" alt=\"\" data-srcset=\"https:\/\/www.actionproject.es\/wp-content\/uploads\/2025\/07\/liderazgo-directivo.jpg 1200w, https:\/\/www.actionproject.es\/wp-content\/uploads\/2025\/07\/liderazgo-directivo-300x200.jpg 300w, https:\/\/www.actionproject.es\/wp-content\/uploads\/2025\/07\/liderazgo-directivo-1024x683.jpg 1024w, https:\/\/www.actionproject.es\/wp-content\/uploads\/2025\/07\/liderazgo-directivo-768x512.jpg 768w, https:\/\/www.actionproject.es\/wp-content\/uploads\/2025\/07\/liderazgo-directivo-18x12.jpg 18w\" data-sizes=\"(max-width: 1200px) 100vw, 1200px\" src=\"data:image\/svg+xml;base64,PHN2ZyB3aWR0aD0iMSIgaGVpZ2h0PSIxIiB4bWxucz0iaHR0cDovL3d3dy53My5vcmcvMjAwMC9zdmciPjwvc3ZnPg==\" style=\"--smush-placeholder-width: 1200px; --smush-placeholder-aspect-ratio: 1200\/800;\" \/><\/div><\/a>\n\t\t\t\t<div class=\"elementor-post__badge\">Business strategy<\/div>\n\t\t\t\t<div class=\"elementor-post__text\">\n\t\t\t\t<h3 class=\"elementor-post__title\">\n\t\t\t<a href=\"https:\/\/www.actionproject.es\/en_gb\/blog\/vision-empresarial-palanca-liderazgo-directivo\/\" >\n\t\t\t\tLa visi\u00f3n empresarial como palanca del liderazgo directivo\t\t\t<\/a>\n\t\t<\/h3>\n\t\t\n\t\t<a class=\"elementor-post__read-more\" href=\"https:\/\/www.actionproject.es\/en_gb\/blog\/vision-empresarial-palanca-liderazgo-directivo\/\" aria-label=\"Read more about La visi\u00f3n empresarial como palanca del liderazgo directivo\" tabindex=\"-1\" >\n\t\t\tRead more &#034;\t\t<\/a>\n\n\t\t\t\t<\/div>\n\t\t\t\t<div class=\"elementor-post__meta-data\">\n\t\t\t\t\t<span class=\"elementor-post-date\">\n\t\t\t28 de September de 2021\t\t<\/span>\n\t\t\t\t<\/div>\n\t\t\t\t\t<\/div>\n\t\t<\/article>\n\t\t\t\t<article class=\"elementor-post elementor-grid-item post-1318 post type-post status-publish format-standard has-post-thumbnail hentry category-estrategia-empresarial tag-analisis-dafo tag-analisis-del-negocio tag-empresas tag-factores-externos tag-factores-internos\" role=\"listitem\">\n\t\t\t<div class=\"elementor-post__card\">\n\t\t\t\t<a class=\"elementor-post__thumbnail__link\" href=\"https:\/\/www.actionproject.es\/en_gb\/blog\/que-es-el-analisis-dafo-y-como-influye-empresa\/\" tabindex=\"-1\" ><div class=\"elementor-post__thumbnail\"><img decoding=\"async\" width=\"1200\" height=\"801\" data-src=\"https:\/\/www.actionproject.es\/wp-content\/uploads\/2025\/07\/analisis-dafo-empresas.jpg\" class=\"attachment-full size-full wp-image-1401 lazyload\" alt=\"\" data-srcset=\"https:\/\/www.actionproject.es\/wp-content\/uploads\/2025\/07\/analisis-dafo-empresas.jpg 1200w, https:\/\/www.actionproject.es\/wp-content\/uploads\/2025\/07\/analisis-dafo-empresas-300x200.jpg 300w, https:\/\/www.actionproject.es\/wp-content\/uploads\/2025\/07\/analisis-dafo-empresas-1024x684.jpg 1024w, https:\/\/www.actionproject.es\/wp-content\/uploads\/2025\/07\/analisis-dafo-empresas-768x513.jpg 768w, https:\/\/www.actionproject.es\/wp-content\/uploads\/2025\/07\/analisis-dafo-empresas-18x12.jpg 18w\" data-sizes=\"(max-width: 1200px) 100vw, 1200px\" src=\"data:image\/svg+xml;base64,PHN2ZyB3aWR0aD0iMSIgaGVpZ2h0PSIxIiB4bWxucz0iaHR0cDovL3d3dy53My5vcmcvMjAwMC9zdmciPjwvc3ZnPg==\" style=\"--smush-placeholder-width: 1200px; --smush-placeholder-aspect-ratio: 1200\/801;\" \/><\/div><\/a>\n\t\t\t\t<div class=\"elementor-post__badge\">Business strategy<\/div>\n\t\t\t\t<div class=\"elementor-post__text\">\n\t\t\t\t<h3 class=\"elementor-post__title\">\n\t\t\t<a href=\"https:\/\/www.actionproject.es\/en_gb\/blog\/que-es-el-analisis-dafo-y-como-influye-empresa\/\" >\n\t\t\t\tQu\u00e9 es el an\u00e1lisis DAFO y c\u00f3mo influye en tu empresa\t\t\t<\/a>\n\t\t<\/h3>\n\t\t\n\t\t<a class=\"elementor-post__read-more\" href=\"https:\/\/www.actionproject.es\/en_gb\/blog\/que-es-el-analisis-dafo-y-como-influye-empresa\/\" aria-label=\"Read more about Qu\u00e9 es el an\u00e1lisis DAFO y c\u00f3mo influye en tu empresa\" tabindex=\"-1\" >\n\t\t\tRead more &#034;\t\t<\/a>\n\n\t\t\t\t<\/div>\n\t\t\t\t<div class=\"elementor-post__meta-data\">\n\t\t\t\t\t<span class=\"elementor-post-date\">\n\t\t\t7 de September de 2021\t\t<\/span>\n\t\t\t\t<\/div>\n\t\t\t\t\t<\/div>\n\t\t<\/article>\n\t\t\t\t<article class=\"elementor-post elementor-grid-item post-1317 post type-post status-publish format-standard has-post-thumbnail hentry category-estrategia-empresarial tag-analisis-estrategico tag-direccion-estrategica tag-estrategia-directiva tag-objetivos-de-negocio tag-planificacion\" role=\"listitem\">\n\t\t\t<div class=\"elementor-post__card\">\n\t\t\t\t<a class=\"elementor-post__thumbnail__link\" href=\"https:\/\/www.actionproject.es\/en_gb\/blog\/direccion-estrategica-clave-exito-empresa\/\" tabindex=\"-1\" ><div class=\"elementor-post__thumbnail\"><img decoding=\"async\" width=\"1200\" height=\"800\" data-src=\"https:\/\/www.actionproject.es\/wp-content\/uploads\/2025\/07\/direccion-estrategica.jpg\" class=\"attachment-full size-full wp-image-1432 lazyload\" alt=\"\" data-srcset=\"https:\/\/www.actionproject.es\/wp-content\/uploads\/2025\/07\/direccion-estrategica.jpg 1200w, https:\/\/www.actionproject.es\/wp-content\/uploads\/2025\/07\/direccion-estrategica-300x200.jpg 300w, https:\/\/www.actionproject.es\/wp-content\/uploads\/2025\/07\/direccion-estrategica-1024x683.jpg 1024w, https:\/\/www.actionproject.es\/wp-content\/uploads\/2025\/07\/direccion-estrategica-768x512.jpg 768w, https:\/\/www.actionproject.es\/wp-content\/uploads\/2025\/07\/direccion-estrategica-18x12.jpg 18w\" data-sizes=\"(max-width: 1200px) 100vw, 1200px\" src=\"data:image\/svg+xml;base64,PHN2ZyB3aWR0aD0iMSIgaGVpZ2h0PSIxIiB4bWxucz0iaHR0cDovL3d3dy53My5vcmcvMjAwMC9zdmciPjwvc3ZnPg==\" style=\"--smush-placeholder-width: 1200px; --smush-placeholder-aspect-ratio: 1200\/800;\" \/><\/div><\/a>\n\t\t\t\t<div class=\"elementor-post__badge\">Business strategy<\/div>\n\t\t\t\t<div class=\"elementor-post__text\">\n\t\t\t\t<h3 class=\"elementor-post__title\">\n\t\t\t<a href=\"https:\/\/www.actionproject.es\/en_gb\/blog\/direccion-estrategica-clave-exito-empresa\/\" >\n\t\t\t\tDirecci\u00f3n estrat\u00e9gica: la clave para el \u00e9xito de tu empresa\t\t\t<\/a>\n\t\t<\/h3>\n\t\t\n\t\t<a class=\"elementor-post__read-more\" href=\"https:\/\/www.actionproject.es\/en_gb\/blog\/direccion-estrategica-clave-exito-empresa\/\" aria-label=\"Read more about Direcci\u00f3n estrat\u00e9gica: la clave para el \u00e9xito de tu empresa\" tabindex=\"-1\" >\n\t\t\tRead more &#034;\t\t<\/a>\n\n\t\t\t\t<\/div>\n\t\t\t\t<div class=\"elementor-post__meta-data\">\n\t\t\t\t\t<span class=\"elementor-post-date\">\n\t\t\t31 de August de 2021\t\t<\/span>\n\t\t\t\t<\/div>\n\t\t\t\t\t<\/div>\n\t\t<\/article>\n\t\t\t\t<article class=\"elementor-post elementor-grid-item post-1316 post type-post status-publish format-standard has-post-thumbnail hentry category-estrategia-empresarial tag-analisis-dafo tag-beneficios-a-usuarios tag-clientes tag-propuesta-de-valor tag-propuesta-de-valor-de-tu-empresa\" role=\"listitem\">\n\t\t\t<div class=\"elementor-post__card\">\n\t\t\t\t<a class=\"elementor-post__thumbnail__link\" href=\"https:\/\/www.actionproject.es\/en_gb\/blog\/crear-propuesta-de-valor-empresa\/\" tabindex=\"-1\" ><div class=\"elementor-post__thumbnail\"><img decoding=\"async\" width=\"1200\" height=\"800\" data-src=\"https:\/\/www.actionproject.es\/wp-content\/uploads\/2025\/07\/propuesta-valor.jpg\" class=\"attachment-full size-full wp-image-1512 lazyload\" alt=\"\" data-srcset=\"https:\/\/www.actionproject.es\/wp-content\/uploads\/2025\/07\/propuesta-valor.jpg 1200w, https:\/\/www.actionproject.es\/wp-content\/uploads\/2025\/07\/propuesta-valor-300x200.jpg 300w, https:\/\/www.actionproject.es\/wp-content\/uploads\/2025\/07\/propuesta-valor-1024x683.jpg 1024w, https:\/\/www.actionproject.es\/wp-content\/uploads\/2025\/07\/propuesta-valor-768x512.jpg 768w, https:\/\/www.actionproject.es\/wp-content\/uploads\/2025\/07\/propuesta-valor-18x12.jpg 18w\" data-sizes=\"(max-width: 1200px) 100vw, 1200px\" src=\"data:image\/svg+xml;base64,PHN2ZyB3aWR0aD0iMSIgaGVpZ2h0PSIxIiB4bWxucz0iaHR0cDovL3d3dy53My5vcmcvMjAwMC9zdmciPjwvc3ZnPg==\" style=\"--smush-placeholder-width: 1200px; --smush-placeholder-aspect-ratio: 1200\/800;\" \/><\/div><\/a>\n\t\t\t\t<div class=\"elementor-post__badge\">Business strategy<\/div>\n\t\t\t\t<div class=\"elementor-post__text\">\n\t\t\t\t<h3 class=\"elementor-post__title\">\n\t\t\t<a href=\"https:\/\/www.actionproject.es\/en_gb\/blog\/crear-propuesta-de-valor-empresa\/\" >\n\t\t\t\t\u00bfC\u00f3mo crear una propuesta de valor para tu empresa?\t\t\t<\/a>\n\t\t<\/h3>\n\t\t\n\t\t<a class=\"elementor-post__read-more\" href=\"https:\/\/www.actionproject.es\/en_gb\/blog\/crear-propuesta-de-valor-empresa\/\" aria-label=\"Read more about \u00bfC\u00f3mo crear una propuesta de valor para tu empresa?\" tabindex=\"-1\" >\n\t\t\tRead more &#034;\t\t<\/a>\n\n\t\t\t\t<\/div>\n\t\t\t\t<div class=\"elementor-post__meta-data\">\n\t\t\t\t\t<span class=\"elementor-post-date\">\n\t\t\t10 de August de 2021\t\t<\/span>\n\t\t\t\t<\/div>\n\t\t\t\t\t<\/div>\n\t\t<\/article>\n\t\t\t\t<article class=\"elementor-post elementor-grid-item post-1315 post type-post status-publish format-standard has-post-thumbnail hentry category-estrategia-empresarial tag-competitividad-empresarial tag-desarrollo-de-proyectos tag-gestion-de-proyectos tag-ionproject tag-productividad\" role=\"listitem\">\n\t\t\t<div class=\"elementor-post__card\">\n\t\t\t\t<a class=\"elementor-post__thumbnail__link\" href=\"https:\/\/www.actionproject.es\/en_gb\/blog\/gestion-de-proyectos-mejorar-resultados-empresariales\/\" tabindex=\"-1\" ><div class=\"elementor-post__thumbnail\"><img decoding=\"async\" width=\"1200\" height=\"800\" data-src=\"https:\/\/www.actionproject.es\/wp-content\/uploads\/2025\/07\/gestion-proyectos.jpg\" class=\"attachment-full size-full wp-image-1456 lazyload\" alt=\"\" data-srcset=\"https:\/\/www.actionproject.es\/wp-content\/uploads\/2025\/07\/gestion-proyectos.jpg 1200w, https:\/\/www.actionproject.es\/wp-content\/uploads\/2025\/07\/gestion-proyectos-300x200.jpg 300w, https:\/\/www.actionproject.es\/wp-content\/uploads\/2025\/07\/gestion-proyectos-1024x683.jpg 1024w, https:\/\/www.actionproject.es\/wp-content\/uploads\/2025\/07\/gestion-proyectos-768x512.jpg 768w, https:\/\/www.actionproject.es\/wp-content\/uploads\/2025\/07\/gestion-proyectos-18x12.jpg 18w\" data-sizes=\"(max-width: 1200px) 100vw, 1200px\" src=\"data:image\/svg+xml;base64,PHN2ZyB3aWR0aD0iMSIgaGVpZ2h0PSIxIiB4bWxucz0iaHR0cDovL3d3dy53My5vcmcvMjAwMC9zdmciPjwvc3ZnPg==\" style=\"--smush-placeholder-width: 1200px; --smush-placeholder-aspect-ratio: 1200\/800;\" \/><\/div><\/a>\n\t\t\t\t<div class=\"elementor-post__badge\">Business strategy<\/div>\n\t\t\t\t<div class=\"elementor-post__text\">\n\t\t\t\t<h3 class=\"elementor-post__title\">\n\t\t\t<a href=\"https:\/\/www.actionproject.es\/en_gb\/blog\/gestion-de-proyectos-mejorar-resultados-empresariales\/\" >\n\t\t\t\tGesti\u00f3n de proyectos para mejorar los resultados empresariales\t\t\t<\/a>\n\t\t<\/h3>\n\t\t\n\t\t<a class=\"elementor-post__read-more\" href=\"https:\/\/www.actionproject.es\/en_gb\/blog\/gestion-de-proyectos-mejorar-resultados-empresariales\/\" aria-label=\"Read more about Gesti\u00f3n de proyectos para mejorar los resultados empresariales\" tabindex=\"-1\" >\n\t\t\tRead more &#034;\t\t<\/a>\n\n\t\t\t\t<\/div>\n\t\t\t\t<div class=\"elementor-post__meta-data\">\n\t\t\t\t\t<span class=\"elementor-post-date\">\n\t\t\t27 de July de 2021\t\t<\/span>\n\t\t\t\t<\/div>\n\t\t\t\t\t<\/div>\n\t\t<\/article>\n\t\t\t\t<article class=\"elementor-post elementor-grid-item post-1314 post type-post status-publish format-standard has-post-thumbnail hentry category-estrategia-empresarial tag-habilidades-directivas tag-la-casa-de-papel tag-lecciones-de-liderazgo tag-liderazgo-empresarial tag-metodologia-empresarial\" role=\"listitem\">\n\t\t\t<div class=\"elementor-post__card\">\n\t\t\t\t<a class=\"elementor-post__thumbnail__link\" href=\"https:\/\/www.actionproject.es\/en_gb\/blog\/lecciones-liderazgo-la-casa-de-papel\/\" tabindex=\"-1\" ><div class=\"elementor-post__thumbnail\"><img decoding=\"async\" width=\"1050\" height=\"700\" data-src=\"https:\/\/www.actionproject.es\/wp-content\/uploads\/2025\/07\/lecciones-liderazgo.jpg\" class=\"attachment-full size-full wp-image-1474 lazyload\" alt=\"\" data-srcset=\"https:\/\/www.actionproject.es\/wp-content\/uploads\/2025\/07\/lecciones-liderazgo.jpg 1050w, https:\/\/www.actionproject.es\/wp-content\/uploads\/2025\/07\/lecciones-liderazgo-300x200.jpg 300w, https:\/\/www.actionproject.es\/wp-content\/uploads\/2025\/07\/lecciones-liderazgo-1024x683.jpg 1024w, https:\/\/www.actionproject.es\/wp-content\/uploads\/2025\/07\/lecciones-liderazgo-768x512.jpg 768w, https:\/\/www.actionproject.es\/wp-content\/uploads\/2025\/07\/lecciones-liderazgo-18x12.jpg 18w\" data-sizes=\"(max-width: 1050px) 100vw, 1050px\" src=\"data:image\/svg+xml;base64,PHN2ZyB3aWR0aD0iMSIgaGVpZ2h0PSIxIiB4bWxucz0iaHR0cDovL3d3dy53My5vcmcvMjAwMC9zdmciPjwvc3ZnPg==\" style=\"--smush-placeholder-width: 1050px; --smush-placeholder-aspect-ratio: 1050\/700;\" \/><\/div><\/a>\n\t\t\t\t<div class=\"elementor-post__badge\">Business strategy<\/div>\n\t\t\t\t<div class=\"elementor-post__text\">\n\t\t\t\t<h3 class=\"elementor-post__title\">\n\t\t\t<a href=\"https:\/\/www.actionproject.es\/en_gb\/blog\/lecciones-liderazgo-la-casa-de-papel\/\" >\n\t\t\t\tLas 5 lecciones de liderazgo que nos deja &#8216;La casa de papel&#8217;\t\t\t<\/a>\n\t\t<\/h3>\n\t\t\n\t\t<a class=\"elementor-post__read-more\" href=\"https:\/\/www.actionproject.es\/en_gb\/blog\/lecciones-liderazgo-la-casa-de-papel\/\" aria-label=\"Read more about Las 5 lecciones de liderazgo que nos deja &#8216;La casa de papel&#8217;\" tabindex=\"-1\" >\n\t\t\tRead more &#034;\t\t<\/a>\n\n\t\t\t\t<\/div>\n\t\t\t\t<div class=\"elementor-post__meta-data\">\n\t\t\t\t\t<span class=\"elementor-post-date\">\n\t\t\t20 de July de 2021\t\t<\/span>\n\t\t\t\t<\/div>\n\t\t\t\t\t<\/div>\n\t\t<\/article>\n\t\t\t\t<article class=\"elementor-post elementor-grid-item post-1313 post type-post status-publish format-standard has-post-thumbnail hentry category-estrategia-empresarial tag-conectar-con-el-usuario tag-humanizacion-de-la-empresa tag-humanizar-tu-marca tag-marca-comercial tag-marca-personal\" role=\"listitem\">\n\t\t\t<div class=\"elementor-post__card\">\n\t\t\t\t<a class=\"elementor-post__thumbnail__link\" href=\"https:\/\/www.actionproject.es\/en_gb\/blog\/5-formas-para-humanizar-tu-marca\/\" tabindex=\"-1\" ><div class=\"elementor-post__thumbnail\"><img decoding=\"async\" width=\"1200\" height=\"800\" data-src=\"https:\/\/www.actionproject.es\/wp-content\/uploads\/2025\/07\/humanizar-la-marca.jpg\" class=\"attachment-full size-full wp-image-1460 lazyload\" alt=\"\" data-srcset=\"https:\/\/www.actionproject.es\/wp-content\/uploads\/2025\/07\/humanizar-la-marca.jpg 1200w, https:\/\/www.actionproject.es\/wp-content\/uploads\/2025\/07\/humanizar-la-marca-300x200.jpg 300w, https:\/\/www.actionproject.es\/wp-content\/uploads\/2025\/07\/humanizar-la-marca-1024x683.jpg 1024w, https:\/\/www.actionproject.es\/wp-content\/uploads\/2025\/07\/humanizar-la-marca-768x512.jpg 768w, https:\/\/www.actionproject.es\/wp-content\/uploads\/2025\/07\/humanizar-la-marca-18x12.jpg 18w\" data-sizes=\"(max-width: 1200px) 100vw, 1200px\" src=\"data:image\/svg+xml;base64,PHN2ZyB3aWR0aD0iMSIgaGVpZ2h0PSIxIiB4bWxucz0iaHR0cDovL3d3dy53My5vcmcvMjAwMC9zdmciPjwvc3ZnPg==\" style=\"--smush-placeholder-width: 1200px; --smush-placeholder-aspect-ratio: 1200\/800;\" \/><\/div><\/a>\n\t\t\t\t<div class=\"elementor-post__badge\">Business strategy<\/div>\n\t\t\t\t<div class=\"elementor-post__text\">\n\t\t\t\t<h3 class=\"elementor-post__title\">\n\t\t\t<a href=\"https:\/\/www.actionproject.es\/en_gb\/blog\/5-formas-para-humanizar-tu-marca\/\" >\n\t\t\t\tTe contamos 5 formas para humanizar tu marca\t\t\t<\/a>\n\t\t<\/h3>\n\t\t\n\t\t<a class=\"elementor-post__read-more\" href=\"https:\/\/www.actionproject.es\/en_gb\/blog\/5-formas-para-humanizar-tu-marca\/\" aria-label=\"Read more about Te contamos 5 formas para humanizar tu marca\" tabindex=\"-1\" >\n\t\t\tRead more &#034;\t\t<\/a>\n\n\t\t\t\t<\/div>\n\t\t\t\t<div class=\"elementor-post__meta-data\">\n\t\t\t\t\t<span class=\"elementor-post-date\">\n\t\t\t6 de July de 2021\t\t<\/span>\n\t\t\t\t<\/div>\n\t\t\t\t\t<\/div>\n\t\t<\/article>\n\t\t\t\t<article class=\"elementor-post elementor-grid-item post-1312 post type-post status-publish format-standard has-post-thumbnail hentry category-estrategia-empresarial tag-consultoria-de-empresa tag-crecimiento-de-negocio tag-hacer-crecer-tu-negocio tag-objetivos-de-negocio tag-plan-de-crecimiento\" role=\"listitem\">\n\t\t\t<div class=\"elementor-post__card\">\n\t\t\t\t<a class=\"elementor-post__thumbnail__link\" href=\"https:\/\/www.actionproject.es\/en_gb\/blog\/claves-hacer-crecer-negocio-plan-crecimiento\/\" tabindex=\"-1\" ><div class=\"elementor-post__thumbnail\"><img decoding=\"async\" width=\"1200\" height=\"800\" data-src=\"https:\/\/www.actionproject.es\/wp-content\/uploads\/2025\/07\/hacer-crecer-negocio.jpg\" class=\"attachment-full size-full wp-image-1458 lazyload\" alt=\"\" data-srcset=\"https:\/\/www.actionproject.es\/wp-content\/uploads\/2025\/07\/hacer-crecer-negocio.jpg 1200w, https:\/\/www.actionproject.es\/wp-content\/uploads\/2025\/07\/hacer-crecer-negocio-300x200.jpg 300w, https:\/\/www.actionproject.es\/wp-content\/uploads\/2025\/07\/hacer-crecer-negocio-1024x683.jpg 1024w, https:\/\/www.actionproject.es\/wp-content\/uploads\/2025\/07\/hacer-crecer-negocio-768x512.jpg 768w, https:\/\/www.actionproject.es\/wp-content\/uploads\/2025\/07\/hacer-crecer-negocio-18x12.jpg 18w\" data-sizes=\"(max-width: 1200px) 100vw, 1200px\" src=\"data:image\/svg+xml;base64,PHN2ZyB3aWR0aD0iMSIgaGVpZ2h0PSIxIiB4bWxucz0iaHR0cDovL3d3dy53My5vcmcvMjAwMC9zdmciPjwvc3ZnPg==\" style=\"--smush-placeholder-width: 1200px; --smush-placeholder-aspect-ratio: 1200\/800;\" \/><\/div><\/a>\n\t\t\t\t<div class=\"elementor-post__badge\">Business strategy<\/div>\n\t\t\t\t<div class=\"elementor-post__text\">\n\t\t\t\t<h3 class=\"elementor-post__title\">\n\t\t\t<a href=\"https:\/\/www.actionproject.es\/en_gb\/blog\/claves-hacer-crecer-negocio-plan-crecimiento\/\" >\n\t\t\t\tLas claves para hacer crecer tu negocio con un plan de crecimiento\t\t\t<\/a>\n\t\t<\/h3>\n\t\t\n\t\t<a class=\"elementor-post__read-more\" href=\"https:\/\/www.actionproject.es\/en_gb\/blog\/claves-hacer-crecer-negocio-plan-crecimiento\/\" aria-label=\"Read more about Las claves para hacer crecer tu negocio con un plan de crecimiento\" tabindex=\"-1\" >\n\t\t\tRead more &#034;\t\t<\/a>\n\n\t\t\t\t<\/div>\n\t\t\t\t<div class=\"elementor-post__meta-data\">\n\t\t\t\t\t<span class=\"elementor-post-date\">\n\t\t\t29 de June de 2021\t\t<\/span>\n\t\t\t\t<\/div>\n\t\t\t\t\t<\/div>\n\t\t<\/article>\n\t\t\t\t<article class=\"elementor-post elementor-grid-item post-1311 post type-post status-publish format-standard has-post-thumbnail hentry category-estrategia-empresarial tag-analisis-de-empresa tag-gestion-de-proyectos-empresariales tag-herramientas-de-analisis tag-mejora-empresarial tag-optimizar-objetivos\" role=\"listitem\">\n\t\t\t<div class=\"elementor-post__card\">\n\t\t\t\t<a class=\"elementor-post__thumbnail__link\" href=\"https:\/\/www.actionproject.es\/en_gb\/blog\/herramientas-analisis-para-mejora-empresarial\/\" tabindex=\"-1\" ><div class=\"elementor-post__thumbnail\"><img decoding=\"async\" width=\"1200\" height=\"800\" data-src=\"https:\/\/www.actionproject.es\/wp-content\/uploads\/2025\/07\/mejora-empresarial.jpg\" class=\"attachment-full size-full wp-image-1489 lazyload\" alt=\"\" data-srcset=\"https:\/\/www.actionproject.es\/wp-content\/uploads\/2025\/07\/mejora-empresarial.jpg 1200w, https:\/\/www.actionproject.es\/wp-content\/uploads\/2025\/07\/mejora-empresarial-300x200.jpg 300w, https:\/\/www.actionproject.es\/wp-content\/uploads\/2025\/07\/mejora-empresarial-1024x683.jpg 1024w, https:\/\/www.actionproject.es\/wp-content\/uploads\/2025\/07\/mejora-empresarial-768x512.jpg 768w, https:\/\/www.actionproject.es\/wp-content\/uploads\/2025\/07\/mejora-empresarial-18x12.jpg 18w\" data-sizes=\"(max-width: 1200px) 100vw, 1200px\" src=\"data:image\/svg+xml;base64,PHN2ZyB3aWR0aD0iMSIgaGVpZ2h0PSIxIiB4bWxucz0iaHR0cDovL3d3dy53My5vcmcvMjAwMC9zdmciPjwvc3ZnPg==\" style=\"--smush-placeholder-width: 1200px; --smush-placeholder-aspect-ratio: 1200\/800;\" \/><\/div><\/a>\n\t\t\t\t<div class=\"elementor-post__badge\">Business strategy<\/div>\n\t\t\t\t<div class=\"elementor-post__text\">\n\t\t\t\t<h3 class=\"elementor-post__title\">\n\t\t\t<a href=\"https:\/\/www.actionproject.es\/en_gb\/blog\/herramientas-analisis-para-mejora-empresarial\/\" >\n\t\t\t\tEl valor de las herramientas de an\u00e1lisis para la mejora empresarial\t\t\t<\/a>\n\t\t<\/h3>\n\t\t\n\t\t<a class=\"elementor-post__read-more\" href=\"https:\/\/www.actionproject.es\/en_gb\/blog\/herramientas-analisis-para-mejora-empresarial\/\" aria-label=\"Read more about El valor de las herramientas de an\u00e1lisis para la mejora empresarial\" tabindex=\"-1\" >\n\t\t\tRead more &#034;\t\t<\/a>\n\n\t\t\t\t<\/div>\n\t\t\t\t<div class=\"elementor-post__meta-data\">\n\t\t\t\t\t<span class=\"elementor-post-date\">\n\t\t\t9 de June de 2021\t\t<\/span>\n\t\t\t\t<\/div>\n\t\t\t\t\t<\/div>\n\t\t<\/article>\n\t\t\t\t<article class=\"elementor-post elementor-grid-item post-1310 post type-post status-publish format-standard has-post-thumbnail hentry category-estrategia-empresarial tag-estabilidad-del-negocio tag-productividad tag-productividad-de-empresa tag-productividad-empresarial tag-productividad-en-el-teletrabajo\" role=\"listitem\">\n\t\t\t<div class=\"elementor-post__card\">\n\t\t\t\t<a class=\"elementor-post__thumbnail__link\" href=\"https:\/\/www.actionproject.es\/en_gb\/blog\/productividad-empresarial-tiempos-dificiles\/\" tabindex=\"-1\" ><div class=\"elementor-post__thumbnail\"><img decoding=\"async\" width=\"1200\" height=\"800\" data-src=\"https:\/\/www.actionproject.es\/wp-content\/uploads\/2025\/07\/productividad-empresarial.jpg\" class=\"attachment-full size-full wp-image-1508 lazyload\" alt=\"\" data-srcset=\"https:\/\/www.actionproject.es\/wp-content\/uploads\/2025\/07\/productividad-empresarial.jpg 1200w, https:\/\/www.actionproject.es\/wp-content\/uploads\/2025\/07\/productividad-empresarial-300x200.jpg 300w, https:\/\/www.actionproject.es\/wp-content\/uploads\/2025\/07\/productividad-empresarial-1024x683.jpg 1024w, https:\/\/www.actionproject.es\/wp-content\/uploads\/2025\/07\/productividad-empresarial-768x512.jpg 768w, https:\/\/www.actionproject.es\/wp-content\/uploads\/2025\/07\/productividad-empresarial-18x12.jpg 18w\" data-sizes=\"(max-width: 1200px) 100vw, 1200px\" src=\"data:image\/svg+xml;base64,PHN2ZyB3aWR0aD0iMSIgaGVpZ2h0PSIxIiB4bWxucz0iaHR0cDovL3d3dy53My5vcmcvMjAwMC9zdmciPjwvc3ZnPg==\" style=\"--smush-placeholder-width: 1200px; --smush-placeholder-aspect-ratio: 1200\/800;\" \/><\/div><\/a>\n\t\t\t\t<div class=\"elementor-post__badge\">Business strategy<\/div>\n\t\t\t\t<div class=\"elementor-post__text\">\n\t\t\t\t<h3 class=\"elementor-post__title\">\n\t\t\t<a href=\"https:\/\/www.actionproject.es\/en_gb\/blog\/productividad-empresarial-tiempos-dificiles\/\" >\n\t\t\t\tQu\u00e9 influye en la productividad empresarial en tiempos dif\u00edciles\t\t\t<\/a>\n\t\t<\/h3>\n\t\t\n\t\t<a class=\"elementor-post__read-more\" href=\"https:\/\/www.actionproject.es\/en_gb\/blog\/productividad-empresarial-tiempos-dificiles\/\" aria-label=\"Read more about Qu\u00e9 influye en la productividad empresarial en tiempos dif\u00edciles\" tabindex=\"-1\" >\n\t\t\tRead more &#034;\t\t<\/a>\n\n\t\t\t\t<\/div>\n\t\t\t\t<div class=\"elementor-post__meta-data\">\n\t\t\t\t\t<span class=\"elementor-post-date\">\n\t\t\t11 de May de 2021\t\t<\/span>\n\t\t\t\t<\/div>\n\t\t\t\t\t<\/div>\n\t\t<\/article>\n\t\t\t\t<article class=\"elementor-post elementor-grid-item post-1309 post type-post status-publish format-standard has-post-thumbnail hentry category-estrategia-empresarial tag-comportamiento-social-responsable tag-empresa-socialmente-responsable tag-esr tag-gestion-de-empresas tag-responsabilidad-social-corporativa\" role=\"listitem\">\n\t\t\t<div class=\"elementor-post__card\">\n\t\t\t\t<a class=\"elementor-post__thumbnail__link\" href=\"https:\/\/www.actionproject.es\/en_gb\/blog\/acciones-empresa-socialmente-responsable\/\" tabindex=\"-1\" ><div class=\"elementor-post__thumbnail\"><img decoding=\"async\" width=\"1200\" height=\"800\" data-src=\"https:\/\/www.actionproject.es\/wp-content\/uploads\/2025\/07\/empresa-socialmente-responsable.jpg\" class=\"attachment-full size-full wp-image-1437 lazyload\" alt=\"\" data-srcset=\"https:\/\/www.actionproject.es\/wp-content\/uploads\/2025\/07\/empresa-socialmente-responsable.jpg 1200w, https:\/\/www.actionproject.es\/wp-content\/uploads\/2025\/07\/empresa-socialmente-responsable-300x200.jpg 300w, https:\/\/www.actionproject.es\/wp-content\/uploads\/2025\/07\/empresa-socialmente-responsable-1024x683.jpg 1024w, https:\/\/www.actionproject.es\/wp-content\/uploads\/2025\/07\/empresa-socialmente-responsable-768x512.jpg 768w, https:\/\/www.actionproject.es\/wp-content\/uploads\/2025\/07\/empresa-socialmente-responsable-18x12.jpg 18w\" data-sizes=\"(max-width: 1200px) 100vw, 1200px\" src=\"data:image\/svg+xml;base64,PHN2ZyB3aWR0aD0iMSIgaGVpZ2h0PSIxIiB4bWxucz0iaHR0cDovL3d3dy53My5vcmcvMjAwMC9zdmciPjwvc3ZnPg==\" style=\"--smush-placeholder-width: 1200px; --smush-placeholder-aspect-ratio: 1200\/800;\" \/><\/div><\/a>\n\t\t\t\t<div class=\"elementor-post__badge\">Business strategy<\/div>\n\t\t\t\t<div class=\"elementor-post__text\">\n\t\t\t\t<h3 class=\"elementor-post__title\">\n\t\t\t<a href=\"https:\/\/www.actionproject.es\/en_gb\/blog\/acciones-empresa-socialmente-responsable\/\" >\n\t\t\t\t5 acciones que debe acometer una empresa socialmente responsable\t\t\t<\/a>\n\t\t<\/h3>\n\t\t\n\t\t<a class=\"elementor-post__read-more\" href=\"https:\/\/www.actionproject.es\/en_gb\/blog\/acciones-empresa-socialmente-responsable\/\" aria-label=\"Read more about 5 acciones que debe acometer una empresa socialmente responsable\" tabindex=\"-1\" >\n\t\t\tRead more &#034;\t\t<\/a>\n\n\t\t\t\t<\/div>\n\t\t\t\t<div class=\"elementor-post__meta-data\">\n\t\t\t\t\t<span class=\"elementor-post-date\">\n\t\t\t27 de April de 2021\t\t<\/span>\n\t\t\t\t<\/div>\n\t\t\t\t\t<\/div>\n\t\t<\/article>\n\t\t\t\t<article class=\"elementor-post elementor-grid-item post-1308 post type-post status-publish format-standard has-post-thumbnail hentry category-estrategia-empresarial tag-emprendedor tag-lean-startup tag-metodo-lean-startup tag-metodologia-lean-startup tag-producto-minimo-viable\" role=\"listitem\">\n\t\t\t<div class=\"elementor-post__card\">\n\t\t\t\t<a class=\"elementor-post__thumbnail__link\" href=\"https:\/\/www.actionproject.es\/en_gb\/blog\/metodologia-lean-startup-exito-emprendedores\/\" tabindex=\"-1\" ><div class=\"elementor-post__thumbnail\"><img decoding=\"async\" width=\"1200\" height=\"800\" data-src=\"https:\/\/www.actionproject.es\/wp-content\/uploads\/2025\/07\/metodologia-lean-startup.jpg\" class=\"attachment-full size-full wp-image-1490 lazyload\" alt=\"\" data-srcset=\"https:\/\/www.actionproject.es\/wp-content\/uploads\/2025\/07\/metodologia-lean-startup.jpg 1200w, https:\/\/www.actionproject.es\/wp-content\/uploads\/2025\/07\/metodologia-lean-startup-300x200.jpg 300w, https:\/\/www.actionproject.es\/wp-content\/uploads\/2025\/07\/metodologia-lean-startup-1024x683.jpg 1024w, https:\/\/www.actionproject.es\/wp-content\/uploads\/2025\/07\/metodologia-lean-startup-768x512.jpg 768w, https:\/\/www.actionproject.es\/wp-content\/uploads\/2025\/07\/metodologia-lean-startup-18x12.jpg 18w\" data-sizes=\"(max-width: 1200px) 100vw, 1200px\" src=\"data:image\/svg+xml;base64,PHN2ZyB3aWR0aD0iMSIgaGVpZ2h0PSIxIiB4bWxucz0iaHR0cDovL3d3dy53My5vcmcvMjAwMC9zdmciPjwvc3ZnPg==\" style=\"--smush-placeholder-width: 1200px; --smush-placeholder-aspect-ratio: 1200\/800;\" \/><\/div><\/a>\n\t\t\t\t<div class=\"elementor-post__badge\">Business strategy<\/div>\n\t\t\t\t<div class=\"elementor-post__text\">\n\t\t\t\t<h3 class=\"elementor-post__title\">\n\t\t\t<a href=\"https:\/\/www.actionproject.es\/en_gb\/blog\/metodologia-lean-startup-exito-emprendedores\/\" >\n\t\t\t\tMetodolog\u00eda Lean Startup: el \u00e9xito para emprendedores\t\t\t<\/a>\n\t\t<\/h3>\n\t\t\n\t\t<a class=\"elementor-post__read-more\" href=\"https:\/\/www.actionproject.es\/en_gb\/blog\/metodologia-lean-startup-exito-emprendedores\/\" aria-label=\"Read more about Metodolog\u00eda Lean Startup: el \u00e9xito para emprendedores\" tabindex=\"-1\" >\n\t\t\tRead more &#034;\t\t<\/a>\n\n\t\t\t\t<\/div>\n\t\t\t\t<div class=\"elementor-post__meta-data\">\n\t\t\t\t\t<span class=\"elementor-post-date\">\n\t\t\t13 de April de 2021\t\t<\/span>\n\t\t\t\t<\/div>\n\t\t\t\t\t<\/div>\n\t\t<\/article>\n\t\t\t\t<article class=\"elementor-post elementor-grid-item post-1307 post type-post status-publish format-standard has-post-thumbnail hentry category-estrategia-empresarial tag-motivacion tag-recursos-humanos tag-rendimiento-laboral tag-satisfaccion-laboral tag-team-insights\" role=\"listitem\">\n\t\t\t<div class=\"elementor-post__card\">\n\t\t\t\t<a class=\"elementor-post__thumbnail__link\" href=\"https:\/\/www.actionproject.es\/en_gb\/blog\/satisfaccion-laboral-alcanzar-exito\/\" tabindex=\"-1\" ><div class=\"elementor-post__thumbnail\"><img decoding=\"async\" width=\"1200\" height=\"800\" data-src=\"https:\/\/www.actionproject.es\/wp-content\/uploads\/2025\/07\/satisfaccion-laboral.jpg\" class=\"attachment-full size-full wp-image-1517 lazyload\" alt=\"\" data-srcset=\"https:\/\/www.actionproject.es\/wp-content\/uploads\/2025\/07\/satisfaccion-laboral.jpg 1200w, https:\/\/www.actionproject.es\/wp-content\/uploads\/2025\/07\/satisfaccion-laboral-300x200.jpg 300w, https:\/\/www.actionproject.es\/wp-content\/uploads\/2025\/07\/satisfaccion-laboral-1024x683.jpg 1024w, https:\/\/www.actionproject.es\/wp-content\/uploads\/2025\/07\/satisfaccion-laboral-768x512.jpg 768w, https:\/\/www.actionproject.es\/wp-content\/uploads\/2025\/07\/satisfaccion-laboral-18x12.jpg 18w\" data-sizes=\"(max-width: 1200px) 100vw, 1200px\" src=\"data:image\/svg+xml;base64,PHN2ZyB3aWR0aD0iMSIgaGVpZ2h0PSIxIiB4bWxucz0iaHR0cDovL3d3dy53My5vcmcvMjAwMC9zdmciPjwvc3ZnPg==\" style=\"--smush-placeholder-width: 1200px; --smush-placeholder-aspect-ratio: 1200\/800;\" \/><\/div><\/a>\n\t\t\t\t<div class=\"elementor-post__badge\">Business strategy<\/div>\n\t\t\t\t<div class=\"elementor-post__text\">\n\t\t\t\t<h3 class=\"elementor-post__title\">\n\t\t\t<a href=\"https:\/\/www.actionproject.es\/en_gb\/blog\/satisfaccion-laboral-alcanzar-exito\/\" >\n\t\t\t\tLa importancia de la satisfacci\u00f3n laboral para alcanzar el \u00e9xito\t\t\t<\/a>\n\t\t<\/h3>\n\t\t\n\t\t<a class=\"elementor-post__read-more\" href=\"https:\/\/www.actionproject.es\/en_gb\/blog\/satisfaccion-laboral-alcanzar-exito\/\" aria-label=\"Read more about La importancia de la satisfacci\u00f3n laboral para alcanzar el \u00e9xito\" tabindex=\"-1\" >\n\t\t\tRead more &#034;\t\t<\/a>\n\n\t\t\t\t<\/div>\n\t\t\t\t<div class=\"elementor-post__meta-data\">\n\t\t\t\t\t<span class=\"elementor-post-date\">\n\t\t\t30 de March de 2021\t\t<\/span>\n\t\t\t\t<\/div>\n\t\t\t\t\t<\/div>\n\t\t<\/article>\n\t\t\t\t<article class=\"elementor-post elementor-grid-item post-1306 post type-post status-publish format-standard has-post-thumbnail hentry category-estrategia-empresarial tag-digitalizacion-empresas tag-digitalizacion-pymes tag-pymes tag-transformacion-digital tag-transformacion-digital-para-pymes\" role=\"listitem\">\n\t\t\t<div class=\"elementor-post__card\">\n\t\t\t\t<a class=\"elementor-post__thumbnail__link\" href=\"https:\/\/www.actionproject.es\/en_gb\/blog\/transformacion-digital-para-pymes\/\" tabindex=\"-1\" ><div class=\"elementor-post__thumbnail\"><img decoding=\"async\" width=\"1200\" height=\"800\" data-src=\"https:\/\/www.actionproject.es\/wp-content\/uploads\/2025\/07\/trasnformacion-digital-pymes.jpg\" class=\"attachment-full size-full wp-image-1528 lazyload\" alt=\"\" data-srcset=\"https:\/\/www.actionproject.es\/wp-content\/uploads\/2025\/07\/trasnformacion-digital-pymes.jpg 1200w, https:\/\/www.actionproject.es\/wp-content\/uploads\/2025\/07\/trasnformacion-digital-pymes-300x200.jpg 300w, https:\/\/www.actionproject.es\/wp-content\/uploads\/2025\/07\/trasnformacion-digital-pymes-1024x683.jpg 1024w, https:\/\/www.actionproject.es\/wp-content\/uploads\/2025\/07\/trasnformacion-digital-pymes-768x512.jpg 768w, https:\/\/www.actionproject.es\/wp-content\/uploads\/2025\/07\/trasnformacion-digital-pymes-18x12.jpg 18w\" data-sizes=\"(max-width: 1200px) 100vw, 1200px\" src=\"data:image\/svg+xml;base64,PHN2ZyB3aWR0aD0iMSIgaGVpZ2h0PSIxIiB4bWxucz0iaHR0cDovL3d3dy53My5vcmcvMjAwMC9zdmciPjwvc3ZnPg==\" style=\"--smush-placeholder-width: 1200px; --smush-placeholder-aspect-ratio: 1200\/800;\" \/><\/div><\/a>\n\t\t\t\t<div class=\"elementor-post__badge\">Business strategy<\/div>\n\t\t\t\t<div class=\"elementor-post__text\">\n\t\t\t\t<h3 class=\"elementor-post__title\">\n\t\t\t<a href=\"https:\/\/www.actionproject.es\/en_gb\/blog\/transformacion-digital-para-pymes\/\" >\n\t\t\t\tTransformaci\u00f3n digital para PYMES, el momento y el lugar\t\t\t<\/a>\n\t\t<\/h3>\n\t\t\n\t\t<a class=\"elementor-post__read-more\" href=\"https:\/\/www.actionproject.es\/en_gb\/blog\/transformacion-digital-para-pymes\/\" aria-label=\"Read more about Transformaci\u00f3n digital para PYMES, el momento y el lugar\" tabindex=\"-1\" >\n\t\t\tRead more &#034;\t\t<\/a>\n\n\t\t\t\t<\/div>\n\t\t\t\t<div class=\"elementor-post__meta-data\">\n\t\t\t\t\t<span class=\"elementor-post-date\">\n\t\t\t23 de March de 2021\t\t<\/span>\n\t\t\t\t<\/div>\n\t\t\t\t\t<\/div>\n\t\t<\/article>\n\t\t\t\t<article class=\"elementor-post elementor-grid-item post-1305 post type-post status-publish format-standard has-post-thumbnail hentry category-estrategia-empresarial tag-habilidades-directivas tag-habilidades-empresariales tag-liderazgo tag-liderazgo-de-equipo tag-liderazgo-empresarial\" role=\"listitem\">\n\t\t\t<div class=\"elementor-post__card\">\n\t\t\t\t<a class=\"elementor-post__thumbnail__link\" href=\"https:\/\/www.actionproject.es\/en_gb\/blog\/8-habilidades-directivas-ser-un-buen-lider\/\" tabindex=\"-1\" ><div class=\"elementor-post__thumbnail\"><img decoding=\"async\" width=\"1200\" height=\"800\" data-src=\"https:\/\/www.actionproject.es\/wp-content\/uploads\/2025\/07\/habilidades-directivas.jpg\" class=\"attachment-full size-full wp-image-1457 lazyload\" alt=\"\" data-srcset=\"https:\/\/www.actionproject.es\/wp-content\/uploads\/2025\/07\/habilidades-directivas.jpg 1200w, https:\/\/www.actionproject.es\/wp-content\/uploads\/2025\/07\/habilidades-directivas-300x200.jpg 300w, https:\/\/www.actionproject.es\/wp-content\/uploads\/2025\/07\/habilidades-directivas-1024x683.jpg 1024w, https:\/\/www.actionproject.es\/wp-content\/uploads\/2025\/07\/habilidades-directivas-768x512.jpg 768w, https:\/\/www.actionproject.es\/wp-content\/uploads\/2025\/07\/habilidades-directivas-18x12.jpg 18w\" data-sizes=\"(max-width: 1200px) 100vw, 1200px\" src=\"data:image\/svg+xml;base64,PHN2ZyB3aWR0aD0iMSIgaGVpZ2h0PSIxIiB4bWxucz0iaHR0cDovL3d3dy53My5vcmcvMjAwMC9zdmciPjwvc3ZnPg==\" style=\"--smush-placeholder-width: 1200px; --smush-placeholder-aspect-ratio: 1200\/800;\" \/><\/div><\/a>\n\t\t\t\t<div class=\"elementor-post__badge\">Business strategy<\/div>\n\t\t\t\t<div class=\"elementor-post__text\">\n\t\t\t\t<h3 class=\"elementor-post__title\">\n\t\t\t<a href=\"https:\/\/www.actionproject.es\/en_gb\/blog\/8-habilidades-directivas-ser-un-buen-lider\/\" >\n\t\t\t\t8 habilidades directivas necesarias para ser un buen l\u00edder\t\t\t<\/a>\n\t\t<\/h3>\n\t\t\n\t\t<a class=\"elementor-post__read-more\" href=\"https:\/\/www.actionproject.es\/en_gb\/blog\/8-habilidades-directivas-ser-un-buen-lider\/\" aria-label=\"Read more about 8 habilidades directivas necesarias para ser un buen l\u00edder\" tabindex=\"-1\" >\n\t\t\tRead more &#034;\t\t<\/a>\n\n\t\t\t\t<\/div>\n\t\t\t\t<div class=\"elementor-post__meta-data\">\n\t\t\t\t\t<span class=\"elementor-post-date\">\n\t\t\t2 de March de 2021\t\t<\/span>\n\t\t\t\t<\/div>\n\t\t\t\t\t<\/div>\n\t\t<\/article>\n\t\t\t\t<article class=\"elementor-post elementor-grid-item post-1275 post type-post status-publish format-standard has-post-thumbnail hentry category-estrategia-empresarial tag-chernobil tag-comunicacion-de-crisis tag-gestion-de-crisis tag-profesionalizacion-de-empresas tag-protocolo-de-crisis\" role=\"listitem\">\n\t\t\t<div class=\"elementor-post__card\">\n\t\t\t\t<a class=\"elementor-post__thumbnail__link\" href=\"https:\/\/www.actionproject.es\/en_gb\/blog\/lecciones-chernobil-gestion-crisis\/\" tabindex=\"-1\" ><div class=\"elementor-post__thumbnail\"><img decoding=\"async\" width=\"1200\" height=\"800\" data-src=\"https:\/\/www.actionproject.es\/wp-content\/uploads\/2025\/07\/lecciones-crisis-comunicacion-empresa.jpg\" class=\"attachment-full size-full wp-image-1471 lazyload\" alt=\"\" data-srcset=\"https:\/\/www.actionproject.es\/wp-content\/uploads\/2025\/07\/lecciones-crisis-comunicacion-empresa.jpg 1200w, https:\/\/www.actionproject.es\/wp-content\/uploads\/2025\/07\/lecciones-crisis-comunicacion-empresa-300x200.jpg 300w, https:\/\/www.actionproject.es\/wp-content\/uploads\/2025\/07\/lecciones-crisis-comunicacion-empresa-1024x683.jpg 1024w, https:\/\/www.actionproject.es\/wp-content\/uploads\/2025\/07\/lecciones-crisis-comunicacion-empresa-768x512.jpg 768w, https:\/\/www.actionproject.es\/wp-content\/uploads\/2025\/07\/lecciones-crisis-comunicacion-empresa-18x12.jpg 18w\" data-sizes=\"(max-width: 1200px) 100vw, 1200px\" src=\"data:image\/svg+xml;base64,PHN2ZyB3aWR0aD0iMSIgaGVpZ2h0PSIxIiB4bWxucz0iaHR0cDovL3d3dy53My5vcmcvMjAwMC9zdmciPjwvc3ZnPg==\" style=\"--smush-placeholder-width: 1200px; --smush-placeholder-aspect-ratio: 1200\/800;\" \/><\/div><\/a>\n\t\t\t\t<div class=\"elementor-post__badge\">Business strategy<\/div>\n\t\t\t\t<div class=\"elementor-post__text\">\n\t\t\t\t<h3 class=\"elementor-post__title\">\n\t\t\t<a href=\"https:\/\/www.actionproject.es\/en_gb\/blog\/lecciones-chernobil-gestion-crisis\/\" >\n\t\t\t\t10 lecciones de \u2018Chern\u00f3bil\u2019 sobre la gesti\u00f3n de crisis\t\t\t<\/a>\n\t\t<\/h3>\n\t\t\n\t\t<a class=\"elementor-post__read-more\" href=\"https:\/\/www.actionproject.es\/en_gb\/blog\/lecciones-chernobil-gestion-crisis\/\" aria-label=\"Read more about 10 lecciones de \u2018Chern\u00f3bil\u2019 sobre la gesti\u00f3n de crisis\" tabindex=\"-1\" >\n\t\t\tRead more &#034;\t\t<\/a>\n\n\t\t\t\t<\/div>\n\t\t\t\t<div class=\"elementor-post__meta-data\">\n\t\t\t\t\t<span class=\"elementor-post-date\">\n\t\t\t9 de February de 2021\t\t<\/span>\n\t\t\t\t<\/div>\n\t\t\t\t\t<\/div>\n\t\t<\/article>\n\t\t\t\t<article class=\"elementor-post elementor-grid-item post-1304 post type-post status-publish format-standard has-post-thumbnail hentry category-estrategia-empresarial tag-consultores-de-empresa tag-gestion-de-empresas tag-gestion-de-negocios tag-gestion-empresarial tag-ley-de-murphy\" role=\"listitem\">\n\t\t\t<div class=\"elementor-post__card\">\n\t\t\t\t<a class=\"elementor-post__thumbnail__link\" href=\"https:\/\/www.actionproject.es\/en_gb\/blog\/enseno-2020-ley-murphy-empresas\/\" tabindex=\"-1\" ><div class=\"elementor-post__thumbnail\"><img decoding=\"async\" width=\"1200\" height=\"800\" data-src=\"https:\/\/www.actionproject.es\/wp-content\/uploads\/2025\/07\/ley-murphy-leccion-empresas-2020.jpg\" class=\"attachment-full size-full wp-image-1477 lazyload\" alt=\"\" data-srcset=\"https:\/\/www.actionproject.es\/wp-content\/uploads\/2025\/07\/ley-murphy-leccion-empresas-2020.jpg 1200w, https:\/\/www.actionproject.es\/wp-content\/uploads\/2025\/07\/ley-murphy-leccion-empresas-2020-300x200.jpg 300w, https:\/\/www.actionproject.es\/wp-content\/uploads\/2025\/07\/ley-murphy-leccion-empresas-2020-1024x683.jpg 1024w, https:\/\/www.actionproject.es\/wp-content\/uploads\/2025\/07\/ley-murphy-leccion-empresas-2020-768x512.jpg 768w, https:\/\/www.actionproject.es\/wp-content\/uploads\/2025\/07\/ley-murphy-leccion-empresas-2020-18x12.jpg 18w\" data-sizes=\"(max-width: 1200px) 100vw, 1200px\" src=\"data:image\/svg+xml;base64,PHN2ZyB3aWR0aD0iMSIgaGVpZ2h0PSIxIiB4bWxucz0iaHR0cDovL3d3dy53My5vcmcvMjAwMC9zdmciPjwvc3ZnPg==\" style=\"--smush-placeholder-width: 1200px; --smush-placeholder-aspect-ratio: 1200\/800;\" \/><\/div><\/a>\n\t\t\t\t<div class=\"elementor-post__badge\">Business strategy<\/div>\n\t\t\t\t<div class=\"elementor-post__text\">\n\t\t\t\t<h3 class=\"elementor-post__title\">\n\t\t\t<a href=\"https:\/\/www.actionproject.es\/en_gb\/blog\/enseno-2020-ley-murphy-empresas\/\" >\n\t\t\t\tLo que nos ense\u00f1\u00f3 2020 sobre la ley de Murphy y las empresas\t\t\t<\/a>\n\t\t<\/h3>\n\t\t\n\t\t<a class=\"elementor-post__read-more\" href=\"https:\/\/www.actionproject.es\/en_gb\/blog\/enseno-2020-ley-murphy-empresas\/\" aria-label=\"Read more about Lo que nos ense\u00f1\u00f3 2020 sobre la ley de Murphy y las empresas\" tabindex=\"-1\" >\n\t\t\tRead more &#034;\t\t<\/a>\n\n\t\t\t\t<\/div>\n\t\t\t\t<div class=\"elementor-post__meta-data\">\n\t\t\t\t\t<span class=\"elementor-post-date\">\n\t\t\t19 de January de 2021\t\t<\/span>\n\t\t\t\t<\/div>\n\t\t\t\t\t<\/div>\n\t\t<\/article>\n\t\t\t\t<article class=\"elementor-post elementor-grid-item post-1303 post type-post status-publish format-standard has-post-thumbnail hentry category-estrategia-empresarial tag-estrategia-de-negocios tag-interim-manager tag-liderazgo-empresarial tag-transformacion-de-negocios\" role=\"listitem\">\n\t\t\t<div class=\"elementor-post__card\">\n\t\t\t\t<a class=\"elementor-post__thumbnail__link\" href=\"https:\/\/www.actionproject.es\/en_gb\/blog\/5-acciones-indispensables-para-afrontar-la-era-post-covid\/\" tabindex=\"-1\" ><div class=\"elementor-post__thumbnail\"><img decoding=\"async\" width=\"1200\" height=\"856\" data-src=\"https:\/\/www.actionproject.es\/wp-content\/uploads\/2025\/07\/estrategia-empresarial-post-covid.jpg\" class=\"attachment-full size-full wp-image-1444 lazyload\" alt=\"\" data-srcset=\"https:\/\/www.actionproject.es\/wp-content\/uploads\/2025\/07\/estrategia-empresarial-post-covid.jpg 1200w, https:\/\/www.actionproject.es\/wp-content\/uploads\/2025\/07\/estrategia-empresarial-post-covid-300x214.jpg 300w, https:\/\/www.actionproject.es\/wp-content\/uploads\/2025\/07\/estrategia-empresarial-post-covid-1024x730.jpg 1024w, https:\/\/www.actionproject.es\/wp-content\/uploads\/2025\/07\/estrategia-empresarial-post-covid-768x548.jpg 768w, https:\/\/www.actionproject.es\/wp-content\/uploads\/2025\/07\/estrategia-empresarial-post-covid-18x12.jpg 18w\" data-sizes=\"(max-width: 1200px) 100vw, 1200px\" src=\"data:image\/svg+xml;base64,PHN2ZyB3aWR0aD0iMSIgaGVpZ2h0PSIxIiB4bWxucz0iaHR0cDovL3d3dy53My5vcmcvMjAwMC9zdmciPjwvc3ZnPg==\" style=\"--smush-placeholder-width: 1200px; --smush-placeholder-aspect-ratio: 1200\/856;\" \/><\/div><\/a>\n\t\t\t\t<div class=\"elementor-post__badge\">Business strategy<\/div>\n\t\t\t\t<div class=\"elementor-post__text\">\n\t\t\t\t<h3 class=\"elementor-post__title\">\n\t\t\t<a href=\"https:\/\/www.actionproject.es\/en_gb\/blog\/5-acciones-indispensables-para-afrontar-la-era-post-covid\/\" >\n\t\t\t\t5 acciones indispensables para afrontar la era post COVID\t\t\t<\/a>\n\t\t<\/h3>\n\t\t\n\t\t<a class=\"elementor-post__read-more\" href=\"https:\/\/www.actionproject.es\/en_gb\/blog\/5-acciones-indispensables-para-afrontar-la-era-post-covid\/\" aria-label=\"Read more about 5 acciones indispensables para afrontar la era post COVID\" tabindex=\"-1\" >\n\t\t\tRead more &#034;\t\t<\/a>\n\n\t\t\t\t<\/div>\n\t\t\t\t<div class=\"elementor-post__meta-data\">\n\t\t\t\t\t<span class=\"elementor-post-date\">\n\t\t\t15 de December de 2020\t\t<\/span>\n\t\t\t\t<\/div>\n\t\t\t\t\t<\/div>\n\t\t<\/article>\n\t\t\t\t<article class=\"elementor-post elementor-grid-item post-1302 post type-post status-publish format-standard has-post-thumbnail hentry category-estrategia-empresarial tag-digitalizacion tag-gestion-del-cambio tag-interim-manager tag-transformacion-de-negocios tag-transformacion-digital\" role=\"listitem\">\n\t\t\t<div class=\"elementor-post__card\">\n\t\t\t\t<a class=\"elementor-post__thumbnail__link\" href=\"https:\/\/www.actionproject.es\/en_gb\/blog\/transformacion-negocios-facil-trampa-carton\/\" tabindex=\"-1\" ><div class=\"elementor-post__thumbnail\"><img decoding=\"async\" width=\"1200\" height=\"800\" data-src=\"https:\/\/www.actionproject.es\/wp-content\/uploads\/2025\/07\/transformacion-digital-negocios-facil.jpg\" class=\"attachment-full size-full wp-image-1527 lazyload\" alt=\"\" data-srcset=\"https:\/\/www.actionproject.es\/wp-content\/uploads\/2025\/07\/transformacion-digital-negocios-facil.jpg 1200w, https:\/\/www.actionproject.es\/wp-content\/uploads\/2025\/07\/transformacion-digital-negocios-facil-300x200.jpg 300w, https:\/\/www.actionproject.es\/wp-content\/uploads\/2025\/07\/transformacion-digital-negocios-facil-1024x683.jpg 1024w, https:\/\/www.actionproject.es\/wp-content\/uploads\/2025\/07\/transformacion-digital-negocios-facil-768x512.jpg 768w, https:\/\/www.actionproject.es\/wp-content\/uploads\/2025\/07\/transformacion-digital-negocios-facil-18x12.jpg 18w\" data-sizes=\"(max-width: 1200px) 100vw, 1200px\" src=\"data:image\/svg+xml;base64,PHN2ZyB3aWR0aD0iMSIgaGVpZ2h0PSIxIiB4bWxucz0iaHR0cDovL3d3dy53My5vcmcvMjAwMC9zdmciPjwvc3ZnPg==\" style=\"--smush-placeholder-width: 1200px; --smush-placeholder-aspect-ratio: 1200\/800;\" \/><\/div><\/a>\n\t\t\t\t<div class=\"elementor-post__badge\">Business strategy<\/div>\n\t\t\t\t<div class=\"elementor-post__text\">\n\t\t\t\t<h3 class=\"elementor-post__title\">\n\t\t\t<a href=\"https:\/\/www.actionproject.es\/en_gb\/blog\/transformacion-negocios-facil-trampa-carton\/\" >\n\t\t\t\tTransformaci\u00f3n de negocios f\u00e1cil, sin trampa ni cart\u00f3n\t\t\t<\/a>\n\t\t<\/h3>\n\t\t\n\t\t<a class=\"elementor-post__read-more\" href=\"https:\/\/www.actionproject.es\/en_gb\/blog\/transformacion-negocios-facil-trampa-carton\/\" aria-label=\"Read more about Transformaci\u00f3n de negocios f\u00e1cil, sin trampa ni cart\u00f3n\" tabindex=\"-1\" >\n\t\t\tRead more &#034;\t\t<\/a>\n\n\t\t\t\t<\/div>\n\t\t\t\t<div class=\"elementor-post__meta-data\">\n\t\t\t\t\t<span class=\"elementor-post-date\">\n\t\t\t1 de December de 2020\t\t<\/span>\n\t\t\t\t<\/div>\n\t\t\t\t\t<\/div>\n\t\t<\/article>\n\t\t\t\t<article class=\"elementor-post elementor-grid-item post-1301 post type-post status-publish format-standard has-post-thumbnail hentry category-estrategia-empresarial tag-consultor-de-negocios tag-digitalizacion tag-economia-digital tag-labor-directiva tag-transformacion-digital\" role=\"listitem\">\n\t\t\t<div class=\"elementor-post__card\">\n\t\t\t\t<a class=\"elementor-post__thumbnail__link\" href=\"https:\/\/www.actionproject.es\/en_gb\/blog\/digitalizacion-necesidad-oportunidad-partes-iguales\/\" tabindex=\"-1\" ><div class=\"elementor-post__thumbnail\"><img decoding=\"async\" width=\"1200\" height=\"800\" data-src=\"https:\/\/www.actionproject.es\/wp-content\/uploads\/2025\/07\/digitalizacion-transformacion-consultoria-empresas.jpg\" class=\"attachment-full size-full wp-image-1431 lazyload\" alt=\"\" data-srcset=\"https:\/\/www.actionproject.es\/wp-content\/uploads\/2025\/07\/digitalizacion-transformacion-consultoria-empresas.jpg 1200w, https:\/\/www.actionproject.es\/wp-content\/uploads\/2025\/07\/digitalizacion-transformacion-consultoria-empresas-300x200.jpg 300w, https:\/\/www.actionproject.es\/wp-content\/uploads\/2025\/07\/digitalizacion-transformacion-consultoria-empresas-1024x683.jpg 1024w, https:\/\/www.actionproject.es\/wp-content\/uploads\/2025\/07\/digitalizacion-transformacion-consultoria-empresas-768x512.jpg 768w, https:\/\/www.actionproject.es\/wp-content\/uploads\/2025\/07\/digitalizacion-transformacion-consultoria-empresas-18x12.jpg 18w\" data-sizes=\"(max-width: 1200px) 100vw, 1200px\" src=\"data:image\/svg+xml;base64,PHN2ZyB3aWR0aD0iMSIgaGVpZ2h0PSIxIiB4bWxucz0iaHR0cDovL3d3dy53My5vcmcvMjAwMC9zdmciPjwvc3ZnPg==\" style=\"--smush-placeholder-width: 1200px; --smush-placeholder-aspect-ratio: 1200\/800;\" \/><\/div><\/a>\n\t\t\t\t<div class=\"elementor-post__badge\">Business strategy<\/div>\n\t\t\t\t<div class=\"elementor-post__text\">\n\t\t\t\t<h3 class=\"elementor-post__title\">\n\t\t\t<a href=\"https:\/\/www.actionproject.es\/en_gb\/blog\/digitalizacion-necesidad-oportunidad-partes-iguales\/\" >\n\t\t\t\tLa digitalizaci\u00f3n, necesidad y oportunidad a partes iguales\t\t\t<\/a>\n\t\t<\/h3>\n\t\t\n\t\t<a class=\"elementor-post__read-more\" href=\"https:\/\/www.actionproject.es\/en_gb\/blog\/digitalizacion-necesidad-oportunidad-partes-iguales\/\" aria-label=\"Read more about La digitalizaci\u00f3n, necesidad y oportunidad a partes iguales\" tabindex=\"-1\" >\n\t\t\tRead more &#034;\t\t<\/a>\n\n\t\t\t\t<\/div>\n\t\t\t\t<div class=\"elementor-post__meta-data\">\n\t\t\t\t\t<span class=\"elementor-post-date\">\n\t\t\t24 de November de 2020\t\t<\/span>\n\t\t\t\t<\/div>\n\t\t\t\t\t<\/div>\n\t\t<\/article>\n\t\t\t\t<article class=\"elementor-post elementor-grid-item post-1300 post type-post status-publish format-standard has-post-thumbnail hentry category-estrategia-empresarial tag-emprendimiento tag-herramientas-digitales tag-herramientas-para-emprendedores tag-negocios-digitales tag-negocios-rentables\" role=\"listitem\">\n\t\t\t<div class=\"elementor-post__card\">\n\t\t\t\t<a class=\"elementor-post__thumbnail__link\" href=\"https:\/\/www.actionproject.es\/en_gb\/blog\/herramientas-gratuitas-puedo-vivir-version-emprendedor\/\" tabindex=\"-1\" ><div class=\"elementor-post__thumbnail\"><img decoding=\"async\" width=\"1200\" height=\"800\" data-src=\"https:\/\/www.actionproject.es\/wp-content\/uploads\/2025\/07\/herramientas-emprendedores-trello.jpg\" class=\"attachment-full size-full wp-image-1459 lazyload\" alt=\"\" data-srcset=\"https:\/\/www.actionproject.es\/wp-content\/uploads\/2025\/07\/herramientas-emprendedores-trello.jpg 1200w, https:\/\/www.actionproject.es\/wp-content\/uploads\/2025\/07\/herramientas-emprendedores-trello-300x200.jpg 300w, https:\/\/www.actionproject.es\/wp-content\/uploads\/2025\/07\/herramientas-emprendedores-trello-1024x683.jpg 1024w, https:\/\/www.actionproject.es\/wp-content\/uploads\/2025\/07\/herramientas-emprendedores-trello-768x512.jpg 768w, https:\/\/www.actionproject.es\/wp-content\/uploads\/2025\/07\/herramientas-emprendedores-trello-18x12.jpg 18w\" data-sizes=\"(max-width: 1200px) 100vw, 1200px\" src=\"data:image\/svg+xml;base64,PHN2ZyB3aWR0aD0iMSIgaGVpZ2h0PSIxIiB4bWxucz0iaHR0cDovL3d3dy53My5vcmcvMjAwMC9zdmciPjwvc3ZnPg==\" style=\"--smush-placeholder-width: 1200px; --smush-placeholder-aspect-ratio: 1200\/800;\" \/><\/div><\/a>\n\t\t\t\t<div class=\"elementor-post__badge\">Business strategy<\/div>\n\t\t\t\t<div class=\"elementor-post__text\">\n\t\t\t\t<h3 class=\"elementor-post__title\">\n\t\t\t<a href=\"https:\/\/www.actionproject.es\/en_gb\/blog\/herramientas-gratuitas-puedo-vivir-version-emprendedor\/\" >\n\t\t\t\t5 herramientas gratuitas sin las que no puedo vivir (versi\u00f3n emprendedor)\t\t\t<\/a>\n\t\t<\/h3>\n\t\t\n\t\t<a class=\"elementor-post__read-more\" href=\"https:\/\/www.actionproject.es\/en_gb\/blog\/herramientas-gratuitas-puedo-vivir-version-emprendedor\/\" aria-label=\"Read more about 5 herramientas gratuitas sin las que no puedo vivir (versi\u00f3n emprendedor)\" tabindex=\"-1\" >\n\t\t\tRead more &#034;\t\t<\/a>\n\n\t\t\t\t<\/div>\n\t\t\t\t<div class=\"elementor-post__meta-data\">\n\t\t\t\t\t<span class=\"elementor-post-date\">\n\t\t\t17 de November de 2020\t\t<\/span>\n\t\t\t\t<\/div>\n\t\t\t\t\t<\/div>\n\t\t<\/article>\n\t\t\t\t<article class=\"elementor-post elementor-grid-item post-1299 post type-post status-publish format-standard has-post-thumbnail hentry category-estrategia-empresarial tag-direccion tag-habilidades-directivas tag-interim-manager tag-liderazgo tag-transformacion\" role=\"listitem\">\n\t\t\t<div class=\"elementor-post__card\">\n\t\t\t\t<a class=\"elementor-post__thumbnail__link\" href=\"https:\/\/www.actionproject.es\/en_gb\/blog\/labor-directiva-epoca-transformacion\/\" tabindex=\"-1\" ><div class=\"elementor-post__thumbnail\"><img decoding=\"async\" width=\"1200\" height=\"800\" data-src=\"https:\/\/www.actionproject.es\/wp-content\/uploads\/2025\/07\/direccion-transformacion-crisis-consultoria.jpg\" class=\"attachment-full size-full wp-image-1434 lazyload\" alt=\"\" data-srcset=\"https:\/\/www.actionproject.es\/wp-content\/uploads\/2025\/07\/direccion-transformacion-crisis-consultoria.jpg 1200w, https:\/\/www.actionproject.es\/wp-content\/uploads\/2025\/07\/direccion-transformacion-crisis-consultoria-300x200.jpg 300w, https:\/\/www.actionproject.es\/wp-content\/uploads\/2025\/07\/direccion-transformacion-crisis-consultoria-1024x683.jpg 1024w, https:\/\/www.actionproject.es\/wp-content\/uploads\/2025\/07\/direccion-transformacion-crisis-consultoria-768x512.jpg 768w, https:\/\/www.actionproject.es\/wp-content\/uploads\/2025\/07\/direccion-transformacion-crisis-consultoria-18x12.jpg 18w\" data-sizes=\"(max-width: 1200px) 100vw, 1200px\" src=\"data:image\/svg+xml;base64,PHN2ZyB3aWR0aD0iMSIgaGVpZ2h0PSIxIiB4bWxucz0iaHR0cDovL3d3dy53My5vcmcvMjAwMC9zdmciPjwvc3ZnPg==\" style=\"--smush-placeholder-width: 1200px; --smush-placeholder-aspect-ratio: 1200\/800;\" \/><\/div><\/a>\n\t\t\t\t<div class=\"elementor-post__badge\">Business strategy<\/div>\n\t\t\t\t<div class=\"elementor-post__text\">\n\t\t\t\t<h3 class=\"elementor-post__title\">\n\t\t\t<a href=\"https:\/\/www.actionproject.es\/en_gb\/blog\/labor-directiva-epoca-transformacion\/\" >\n\t\t\t\tLa labor directiva en \u00e9poca de transformaci\u00f3n\t\t\t<\/a>\n\t\t<\/h3>\n\t\t\n\t\t<a class=\"elementor-post__read-more\" href=\"https:\/\/www.actionproject.es\/en_gb\/blog\/labor-directiva-epoca-transformacion\/\" aria-label=\"Read more about La labor directiva en \u00e9poca de transformaci\u00f3n\" tabindex=\"-1\" >\n\t\t\tRead more &#034;\t\t<\/a>\n\n\t\t\t\t<\/div>\n\t\t\t\t<div class=\"elementor-post__meta-data\">\n\t\t\t\t\t<span class=\"elementor-post-date\">\n\t\t\t10 de November de 2020\t\t<\/span>\n\t\t\t\t<\/div>\n\t\t\t\t\t<\/div>\n\t\t<\/article>\n\t\t\t\t<article class=\"elementor-post elementor-grid-item post-1298 post type-post status-publish format-standard has-post-thumbnail hentry category-estrategia-empresarial tag-formacion-directiva tag-formacion-ejecutiva tag-liderazgo-empresarial tag-liderazgo-transformador tag-oportunidades\" role=\"listitem\">\n\t\t\t<div class=\"elementor-post__card\">\n\t\t\t\t<a class=\"elementor-post__thumbnail__link\" href=\"https:\/\/www.actionproject.es\/en_gb\/blog\/cuando-aprender-rapido-hace-competir-mejor\/\" tabindex=\"-1\" ><div class=\"elementor-post__thumbnail\"><img decoding=\"async\" width=\"1200\" height=\"675\" data-src=\"https:\/\/www.actionproject.es\/wp-content\/uploads\/2025\/07\/formacion-ejecutiva-directiva-oportunidad.jpg\" class=\"attachment-full size-full wp-image-1450 lazyload\" alt=\"\" data-srcset=\"https:\/\/www.actionproject.es\/wp-content\/uploads\/2025\/07\/formacion-ejecutiva-directiva-oportunidad.jpg 1200w, https:\/\/www.actionproject.es\/wp-content\/uploads\/2025\/07\/formacion-ejecutiva-directiva-oportunidad-300x169.jpg 300w, https:\/\/www.actionproject.es\/wp-content\/uploads\/2025\/07\/formacion-ejecutiva-directiva-oportunidad-1024x576.jpg 1024w, https:\/\/www.actionproject.es\/wp-content\/uploads\/2025\/07\/formacion-ejecutiva-directiva-oportunidad-768x432.jpg 768w, https:\/\/www.actionproject.es\/wp-content\/uploads\/2025\/07\/formacion-ejecutiva-directiva-oportunidad-18x10.jpg 18w\" data-sizes=\"(max-width: 1200px) 100vw, 1200px\" src=\"data:image\/svg+xml;base64,PHN2ZyB3aWR0aD0iMSIgaGVpZ2h0PSIxIiB4bWxucz0iaHR0cDovL3d3dy53My5vcmcvMjAwMC9zdmciPjwvc3ZnPg==\" style=\"--smush-placeholder-width: 1200px; --smush-placeholder-aspect-ratio: 1200\/675;\" \/><\/div><\/a>\n\t\t\t\t<div class=\"elementor-post__badge\">Business strategy<\/div>\n\t\t\t\t<div class=\"elementor-post__text\">\n\t\t\t\t<h3 class=\"elementor-post__title\">\n\t\t\t<a href=\"https:\/\/www.actionproject.es\/en_gb\/blog\/cuando-aprender-rapido-hace-competir-mejor\/\" >\n\t\t\t\tCuando aprender r\u00e1pido te hace competir mejor\t\t\t<\/a>\n\t\t<\/h3>\n\t\t\n\t\t<a class=\"elementor-post__read-more\" href=\"https:\/\/www.actionproject.es\/en_gb\/blog\/cuando-aprender-rapido-hace-competir-mejor\/\" aria-label=\"Read more about Cuando aprender r\u00e1pido te hace competir mejor\" tabindex=\"-1\" >\n\t\t\tRead more &#034;\t\t<\/a>\n\n\t\t\t\t<\/div>\n\t\t\t\t<div class=\"elementor-post__meta-data\">\n\t\t\t\t\t<span class=\"elementor-post-date\">\n\t\t\t13 de October de 2020\t\t<\/span>\n\t\t\t\t<\/div>\n\t\t\t\t\t<\/div>\n\t\t<\/article>\n\t\t\t\t<article class=\"elementor-post elementor-grid-item post-1297 post type-post status-publish format-standard has-post-thumbnail hentry category-estrategia-empresarial tag-crisis-del-coronavirus tag-directivo-temporal tag-estructura-directiva tag-interim-manager tag-liderazgo\" role=\"listitem\">\n\t\t\t<div class=\"elementor-post__card\">\n\t\t\t\t<a class=\"elementor-post__thumbnail__link\" href=\"https:\/\/www.actionproject.es\/en_gb\/blog\/interim-manager-profeta-salud-empresa\/\" tabindex=\"-1\" ><div class=\"elementor-post__thumbnail\"><img decoding=\"async\" width=\"1200\" height=\"800\" data-src=\"https:\/\/www.actionproject.es\/wp-content\/uploads\/2025\/07\/interim-manager-crisis-empresas-pymes.jpg\" class=\"attachment-full size-full wp-image-1469 lazyload\" alt=\"\" data-srcset=\"https:\/\/www.actionproject.es\/wp-content\/uploads\/2025\/07\/interim-manager-crisis-empresas-pymes.jpg 1200w, https:\/\/www.actionproject.es\/wp-content\/uploads\/2025\/07\/interim-manager-crisis-empresas-pymes-300x200.jpg 300w, https:\/\/www.actionproject.es\/wp-content\/uploads\/2025\/07\/interim-manager-crisis-empresas-pymes-1024x683.jpg 1024w, https:\/\/www.actionproject.es\/wp-content\/uploads\/2025\/07\/interim-manager-crisis-empresas-pymes-768x512.jpg 768w, https:\/\/www.actionproject.es\/wp-content\/uploads\/2025\/07\/interim-manager-crisis-empresas-pymes-18x12.jpg 18w\" data-sizes=\"(max-width: 1200px) 100vw, 1200px\" src=\"data:image\/svg+xml;base64,PHN2ZyB3aWR0aD0iMSIgaGVpZ2h0PSIxIiB4bWxucz0iaHR0cDovL3d3dy53My5vcmcvMjAwMC9zdmciPjwvc3ZnPg==\" style=\"--smush-placeholder-width: 1200px; --smush-placeholder-aspect-ratio: 1200\/800;\" \/><\/div><\/a>\n\t\t\t\t<div class=\"elementor-post__badge\">Business strategy<\/div>\n\t\t\t\t<div class=\"elementor-post__text\">\n\t\t\t\t<h3 class=\"elementor-post__title\">\n\t\t\t<a href=\"https:\/\/www.actionproject.es\/en_gb\/blog\/interim-manager-profeta-salud-empresa\/\" >\n\t\t\t\tEl &#8216;interim manager&#8217;, el profeta de la salud de una empresa\t\t\t<\/a>\n\t\t<\/h3>\n\t\t\n\t\t<a class=\"elementor-post__read-more\" href=\"https:\/\/www.actionproject.es\/en_gb\/blog\/interim-manager-profeta-salud-empresa\/\" aria-label=\"Read more about El &#8216;interim manager&#8217;, el profeta de la salud de una empresa\" tabindex=\"-1\" >\n\t\t\tRead more &#034;\t\t<\/a>\n\n\t\t\t\t<\/div>\n\t\t\t\t<div class=\"elementor-post__meta-data\">\n\t\t\t\t\t<span class=\"elementor-post-date\">\n\t\t\t2 de October de 2020\t\t<\/span>\n\t\t\t\t<\/div>\n\t\t\t\t\t<\/div>\n\t\t<\/article>\n\t\t\t\t<article class=\"elementor-post elementor-grid-item post-1296 post type-post status-publish format-standard has-post-thumbnail hentry category-estrategia-empresarial tag-b-corp tag-empresas-sostenibles tag-objetivos-de-desarrollo tag-rsc tag-sostenibilidad-empresarial\" role=\"listitem\">\n\t\t\t<div class=\"elementor-post__card\">\n\t\t\t\t<a class=\"elementor-post__thumbnail__link\" href=\"https:\/\/www.actionproject.es\/en_gb\/blog\/3-objetivos-cumplir-ser-empresa-sostenible\/\" tabindex=\"-1\" ><div class=\"elementor-post__thumbnail\"><img decoding=\"async\" width=\"1200\" height=\"800\" data-src=\"https:\/\/www.actionproject.es\/wp-content\/uploads\/2025\/07\/empresa-sostenible-objetivos-consultores.jpg\" class=\"attachment-full size-full wp-image-1438 lazyload\" alt=\"\" data-srcset=\"https:\/\/www.actionproject.es\/wp-content\/uploads\/2025\/07\/empresa-sostenible-objetivos-consultores.jpg 1200w, https:\/\/www.actionproject.es\/wp-content\/uploads\/2025\/07\/empresa-sostenible-objetivos-consultores-300x200.jpg 300w, https:\/\/www.actionproject.es\/wp-content\/uploads\/2025\/07\/empresa-sostenible-objetivos-consultores-1024x683.jpg 1024w, https:\/\/www.actionproject.es\/wp-content\/uploads\/2025\/07\/empresa-sostenible-objetivos-consultores-768x512.jpg 768w, https:\/\/www.actionproject.es\/wp-content\/uploads\/2025\/07\/empresa-sostenible-objetivos-consultores-18x12.jpg 18w\" data-sizes=\"(max-width: 1200px) 100vw, 1200px\" src=\"data:image\/svg+xml;base64,PHN2ZyB3aWR0aD0iMSIgaGVpZ2h0PSIxIiB4bWxucz0iaHR0cDovL3d3dy53My5vcmcvMjAwMC9zdmciPjwvc3ZnPg==\" style=\"--smush-placeholder-width: 1200px; --smush-placeholder-aspect-ratio: 1200\/800;\" \/><\/div><\/a>\n\t\t\t\t<div class=\"elementor-post__badge\">Business strategy<\/div>\n\t\t\t\t<div class=\"elementor-post__text\">\n\t\t\t\t<h3 class=\"elementor-post__title\">\n\t\t\t<a href=\"https:\/\/www.actionproject.es\/en_gb\/blog\/3-objetivos-cumplir-ser-empresa-sostenible\/\" >\n\t\t\t\tLos 3 objetivos a cumplir para ser una empresa sostenible\t\t\t<\/a>\n\t\t<\/h3>\n\t\t\n\t\t<a class=\"elementor-post__read-more\" href=\"https:\/\/www.actionproject.es\/en_gb\/blog\/3-objetivos-cumplir-ser-empresa-sostenible\/\" aria-label=\"Read more about Los 3 objetivos a cumplir para ser una empresa sostenible\" tabindex=\"-1\" >\n\t\t\tRead more &#034;\t\t<\/a>\n\n\t\t\t\t<\/div>\n\t\t\t\t<div class=\"elementor-post__meta-data\">\n\t\t\t\t\t<span class=\"elementor-post-date\">\n\t\t\t17 de September de 2020\t\t<\/span>\n\t\t\t\t<\/div>\n\t\t\t\t\t<\/div>\n\t\t<\/article>\n\t\t\t\t<article class=\"elementor-post elementor-grid-item post-1295 post type-post status-publish format-standard has-post-thumbnail hentry category-estrategia-empresarial tag-desarrollo-directivo tag-interim-manager tag-liderazgo tag-liderazgo-empresarial\" role=\"listitem\">\n\t\t\t<div class=\"elementor-post__card\">\n\t\t\t\t<a class=\"elementor-post__thumbnail__link\" href=\"https:\/\/www.actionproject.es\/en_gb\/blog\/puede-haber-exito-buen-liderazgo-empresarial\/\" tabindex=\"-1\" ><div class=\"elementor-post__thumbnail\"><img decoding=\"async\" width=\"1200\" height=\"800\" data-src=\"https:\/\/www.actionproject.es\/wp-content\/uploads\/2025\/07\/liderazgo-empresarial-desarrollo-directivo.jpg\" class=\"attachment-full size-full wp-image-1480 lazyload\" alt=\"\" data-srcset=\"https:\/\/www.actionproject.es\/wp-content\/uploads\/2025\/07\/liderazgo-empresarial-desarrollo-directivo.jpg 1200w, https:\/\/www.actionproject.es\/wp-content\/uploads\/2025\/07\/liderazgo-empresarial-desarrollo-directivo-300x200.jpg 300w, https:\/\/www.actionproject.es\/wp-content\/uploads\/2025\/07\/liderazgo-empresarial-desarrollo-directivo-1024x683.jpg 1024w, https:\/\/www.actionproject.es\/wp-content\/uploads\/2025\/07\/liderazgo-empresarial-desarrollo-directivo-768x512.jpg 768w, https:\/\/www.actionproject.es\/wp-content\/uploads\/2025\/07\/liderazgo-empresarial-desarrollo-directivo-18x12.jpg 18w\" data-sizes=\"(max-width: 1200px) 100vw, 1200px\" src=\"data:image\/svg+xml;base64,PHN2ZyB3aWR0aD0iMSIgaGVpZ2h0PSIxIiB4bWxucz0iaHR0cDovL3d3dy53My5vcmcvMjAwMC9zdmciPjwvc3ZnPg==\" style=\"--smush-placeholder-width: 1200px; --smush-placeholder-aspect-ratio: 1200\/800;\" \/><\/div><\/a>\n\t\t\t\t<div class=\"elementor-post__badge\">Business strategy<\/div>\n\t\t\t\t<div class=\"elementor-post__text\">\n\t\t\t\t<h3 class=\"elementor-post__title\">\n\t\t\t<a href=\"https:\/\/www.actionproject.es\/en_gb\/blog\/puede-haber-exito-buen-liderazgo-empresarial\/\" >\n\t\t\t\t\u00bfPuede haber \u00e9xito sin un buen liderazgo empresarial?\t\t\t<\/a>\n\t\t<\/h3>\n\t\t\n\t\t<a class=\"elementor-post__read-more\" href=\"https:\/\/www.actionproject.es\/en_gb\/blog\/puede-haber-exito-buen-liderazgo-empresarial\/\" aria-label=\"Read more about \u00bfPuede haber \u00e9xito sin un buen liderazgo empresarial?\" tabindex=\"-1\" >\n\t\t\tRead more &#034;\t\t<\/a>\n\n\t\t\t\t<\/div>\n\t\t\t\t<div class=\"elementor-post__meta-data\">\n\t\t\t\t\t<span class=\"elementor-post-date\">\n\t\t\t15 de September de 2020\t\t<\/span>\n\t\t\t\t<\/div>\n\t\t\t\t\t<\/div>\n\t\t<\/article>\n\t\t\t\t<article class=\"elementor-post elementor-grid-item post-1294 post type-post status-publish format-standard has-post-thumbnail hentry category-estrategia-empresarial tag-conflictos tag-emociones tag-gestion-de-conflictos tag-gestion-emocional tag-resolucion-de-conflictos\" role=\"listitem\">\n\t\t\t<div class=\"elementor-post__card\">\n\t\t\t\t<a class=\"elementor-post__thumbnail__link\" href=\"https:\/\/www.actionproject.es\/en_gb\/blog\/gestion-emocional-resolucion-conflictos\/\" tabindex=\"-1\" ><div class=\"elementor-post__thumbnail\"><img decoding=\"async\" width=\"1200\" height=\"800\" data-src=\"https:\/\/www.actionproject.es\/wp-content\/uploads\/2025\/07\/gestion-emocional-conflictos.jpg\" class=\"attachment-full size-full wp-image-1454 lazyload\" alt=\"\" data-srcset=\"https:\/\/www.actionproject.es\/wp-content\/uploads\/2025\/07\/gestion-emocional-conflictos.jpg 1200w, https:\/\/www.actionproject.es\/wp-content\/uploads\/2025\/07\/gestion-emocional-conflictos-300x200.jpg 300w, https:\/\/www.actionproject.es\/wp-content\/uploads\/2025\/07\/gestion-emocional-conflictos-1024x683.jpg 1024w, https:\/\/www.actionproject.es\/wp-content\/uploads\/2025\/07\/gestion-emocional-conflictos-768x512.jpg 768w, https:\/\/www.actionproject.es\/wp-content\/uploads\/2025\/07\/gestion-emocional-conflictos-18x12.jpg 18w\" data-sizes=\"(max-width: 1200px) 100vw, 1200px\" src=\"data:image\/svg+xml;base64,PHN2ZyB3aWR0aD0iMSIgaGVpZ2h0PSIxIiB4bWxucz0iaHR0cDovL3d3dy53My5vcmcvMjAwMC9zdmciPjwvc3ZnPg==\" style=\"--smush-placeholder-width: 1200px; --smush-placeholder-aspect-ratio: 1200\/800;\" \/><\/div><\/a>\n\t\t\t\t<div class=\"elementor-post__badge\">Business strategy<\/div>\n\t\t\t\t<div class=\"elementor-post__text\">\n\t\t\t\t<h3 class=\"elementor-post__title\">\n\t\t\t<a href=\"https:\/\/www.actionproject.es\/en_gb\/blog\/gestion-emocional-resolucion-conflictos\/\" >\n\t\t\t\tGesti\u00f3n emocional en la resoluci\u00f3n de conflictos\t\t\t<\/a>\n\t\t<\/h3>\n\t\t\n\t\t<a class=\"elementor-post__read-more\" href=\"https:\/\/www.actionproject.es\/en_gb\/blog\/gestion-emocional-resolucion-conflictos\/\" aria-label=\"Read more about Gesti\u00f3n emocional en la resoluci\u00f3n de conflictos\" tabindex=\"-1\" >\n\t\t\tRead more &#034;\t\t<\/a>\n\n\t\t\t\t<\/div>\n\t\t\t\t<div class=\"elementor-post__meta-data\">\n\t\t\t\t\t<span class=\"elementor-post-date\">\n\t\t\t28 de August de 2020\t\t<\/span>\n\t\t\t\t<\/div>\n\t\t\t\t\t<\/div>\n\t\t<\/article>\n\t\t\t\t<article class=\"elementor-post elementor-grid-item post-1293 post type-post status-publish format-standard has-post-thumbnail hentry category-estrategia-empresarial tag-aprendizajes tag-consultoria-de-empresas tag-emprendimiento tag-hacer-negocios tag-miedos\" role=\"listitem\">\n\t\t\t<div class=\"elementor-post__card\">\n\t\t\t\t<a class=\"elementor-post__thumbnail__link\" href=\"https:\/\/www.actionproject.es\/en_gb\/blog\/miedo-convirtiera-oportunidad\/\" tabindex=\"-1\" ><div class=\"elementor-post__thumbnail\"><img decoding=\"async\" width=\"1200\" height=\"800\" data-src=\"https:\/\/www.actionproject.es\/wp-content\/uploads\/2025\/07\/miedo-oportunidades-crecimiento-profesional.jpg\" class=\"attachment-full size-full wp-image-1494 lazyload\" alt=\"\" data-srcset=\"https:\/\/www.actionproject.es\/wp-content\/uploads\/2025\/07\/miedo-oportunidades-crecimiento-profesional.jpg 1200w, https:\/\/www.actionproject.es\/wp-content\/uploads\/2025\/07\/miedo-oportunidades-crecimiento-profesional-300x200.jpg 300w, https:\/\/www.actionproject.es\/wp-content\/uploads\/2025\/07\/miedo-oportunidades-crecimiento-profesional-1024x683.jpg 1024w, https:\/\/www.actionproject.es\/wp-content\/uploads\/2025\/07\/miedo-oportunidades-crecimiento-profesional-768x512.jpg 768w, https:\/\/www.actionproject.es\/wp-content\/uploads\/2025\/07\/miedo-oportunidades-crecimiento-profesional-18x12.jpg 18w\" data-sizes=\"(max-width: 1200px) 100vw, 1200px\" src=\"data:image\/svg+xml;base64,PHN2ZyB3aWR0aD0iMSIgaGVpZ2h0PSIxIiB4bWxucz0iaHR0cDovL3d3dy53My5vcmcvMjAwMC9zdmciPjwvc3ZnPg==\" style=\"--smush-placeholder-width: 1200px; --smush-placeholder-aspect-ratio: 1200\/800;\" \/><\/div><\/a>\n\t\t\t\t<div class=\"elementor-post__badge\">Business strategy<\/div>\n\t\t\t\t<div class=\"elementor-post__text\">\n\t\t\t\t<h3 class=\"elementor-post__title\">\n\t\t\t<a href=\"https:\/\/www.actionproject.es\/en_gb\/blog\/miedo-convirtiera-oportunidad\/\" >\n\t\t\t\t\u00bfY si el miedo se convirtiera en una oportunidad?\t\t\t<\/a>\n\t\t<\/h3>\n\t\t\n\t\t<a class=\"elementor-post__read-more\" href=\"https:\/\/www.actionproject.es\/en_gb\/blog\/miedo-convirtiera-oportunidad\/\" aria-label=\"Read more about \u00bfY si el miedo se convirtiera en una oportunidad?\" tabindex=\"-1\" >\n\t\t\tRead more &#034;\t\t<\/a>\n\n\t\t\t\t<\/div>\n\t\t\t\t<div class=\"elementor-post__meta-data\">\n\t\t\t\t\t<span class=\"elementor-post-date\">\n\t\t\t21 de August de 2020\t\t<\/span>\n\t\t\t\t<\/div>\n\t\t\t\t\t<\/div>\n\t\t<\/article>\n\t\t\t\t<article class=\"elementor-post elementor-grid-item post-1292 post type-post status-publish format-standard has-post-thumbnail hentry category-estrategia-empresarial tag-desarrollo-de-proyectos tag-metodologia-agil tag-metodologia-scrum\" role=\"listitem\">\n\t\t\t<div class=\"elementor-post__card\">\n\t\t\t\t<a class=\"elementor-post__thumbnail__link\" href=\"https:\/\/www.actionproject.es\/en_gb\/blog\/scrum-una-metodologia-agil-para-el-desarrollo-de-proyectos\/\" tabindex=\"-1\" ><div class=\"elementor-post__thumbnail\"><img decoding=\"async\" width=\"1200\" height=\"800\" data-src=\"https:\/\/www.actionproject.es\/wp-content\/uploads\/2025\/07\/metodologia-scrum-gestion-proyectos.jpg\" class=\"attachment-full size-full wp-image-1492 lazyload\" alt=\"\" data-srcset=\"https:\/\/www.actionproject.es\/wp-content\/uploads\/2025\/07\/metodologia-scrum-gestion-proyectos.jpg 1200w, https:\/\/www.actionproject.es\/wp-content\/uploads\/2025\/07\/metodologia-scrum-gestion-proyectos-300x200.jpg 300w, https:\/\/www.actionproject.es\/wp-content\/uploads\/2025\/07\/metodologia-scrum-gestion-proyectos-1024x683.jpg 1024w, https:\/\/www.actionproject.es\/wp-content\/uploads\/2025\/07\/metodologia-scrum-gestion-proyectos-768x512.jpg 768w, https:\/\/www.actionproject.es\/wp-content\/uploads\/2025\/07\/metodologia-scrum-gestion-proyectos-18x12.jpg 18w\" data-sizes=\"(max-width: 1200px) 100vw, 1200px\" src=\"data:image\/svg+xml;base64,PHN2ZyB3aWR0aD0iMSIgaGVpZ2h0PSIxIiB4bWxucz0iaHR0cDovL3d3dy53My5vcmcvMjAwMC9zdmciPjwvc3ZnPg==\" style=\"--smush-placeholder-width: 1200px; --smush-placeholder-aspect-ratio: 1200\/800;\" \/><\/div><\/a>\n\t\t\t\t<div class=\"elementor-post__badge\">Business strategy<\/div>\n\t\t\t\t<div class=\"elementor-post__text\">\n\t\t\t\t<h3 class=\"elementor-post__title\">\n\t\t\t<a href=\"https:\/\/www.actionproject.es\/en_gb\/blog\/scrum-una-metodologia-agil-para-el-desarrollo-de-proyectos\/\" >\n\t\t\t\tScrum: una metodolog\u00eda \u00e1gil para el desarrollo de proyectos\t\t\t<\/a>\n\t\t<\/h3>\n\t\t\n\t\t<a class=\"elementor-post__read-more\" href=\"https:\/\/www.actionproject.es\/en_gb\/blog\/scrum-una-metodologia-agil-para-el-desarrollo-de-proyectos\/\" aria-label=\"Read more about Scrum: una metodolog\u00eda \u00e1gil para el desarrollo de proyectos\" tabindex=\"-1\" >\n\t\t\tRead more &#034;\t\t<\/a>\n\n\t\t\t\t<\/div>\n\t\t\t\t<div class=\"elementor-post__meta-data\">\n\t\t\t\t\t<span class=\"elementor-post-date\">\n\t\t\t11 de August de 2020\t\t<\/span>\n\t\t\t\t<\/div>\n\t\t\t\t\t<\/div>\n\t\t<\/article>\n\t\t\t\t<article class=\"elementor-post elementor-grid-item post-1291 post type-post status-publish format-standard has-post-thumbnail hentry category-estrategia-empresarial tag-comunicacion tag-gestion-de-equipos tag-liderazgo\" role=\"listitem\">\n\t\t\t<div class=\"elementor-post__card\">\n\t\t\t\t<a class=\"elementor-post__thumbnail__link\" href=\"https:\/\/www.actionproject.es\/en_gb\/blog\/comunica-bien-y-si-mira-con-quien\/\" tabindex=\"-1\" ><div class=\"elementor-post__thumbnail\"><img decoding=\"async\" width=\"1200\" height=\"658\" data-src=\"https:\/\/www.actionproject.es\/wp-content\/uploads\/2025\/07\/problemas-habilidades-comunicacion-empresas.jpg\" class=\"attachment-full size-full wp-image-1507 lazyload\" alt=\"\" data-srcset=\"https:\/\/www.actionproject.es\/wp-content\/uploads\/2025\/07\/problemas-habilidades-comunicacion-empresas.jpg 1200w, https:\/\/www.actionproject.es\/wp-content\/uploads\/2025\/07\/problemas-habilidades-comunicacion-empresas-300x165.jpg 300w, https:\/\/www.actionproject.es\/wp-content\/uploads\/2025\/07\/problemas-habilidades-comunicacion-empresas-1024x561.jpg 1024w, https:\/\/www.actionproject.es\/wp-content\/uploads\/2025\/07\/problemas-habilidades-comunicacion-empresas-768x421.jpg 768w, https:\/\/www.actionproject.es\/wp-content\/uploads\/2025\/07\/problemas-habilidades-comunicacion-empresas-18x10.jpg 18w\" data-sizes=\"(max-width: 1200px) 100vw, 1200px\" src=\"data:image\/svg+xml;base64,PHN2ZyB3aWR0aD0iMSIgaGVpZ2h0PSIxIiB4bWxucz0iaHR0cDovL3d3dy53My5vcmcvMjAwMC9zdmciPjwvc3ZnPg==\" style=\"--smush-placeholder-width: 1200px; --smush-placeholder-aspect-ratio: 1200\/658;\" \/><\/div><\/a>\n\t\t\t\t<div class=\"elementor-post__badge\">Business strategy<\/div>\n\t\t\t\t<div class=\"elementor-post__text\">\n\t\t\t\t<h3 class=\"elementor-post__title\">\n\t\t\t<a href=\"https:\/\/www.actionproject.es\/en_gb\/blog\/comunica-bien-y-si-mira-con-quien\/\" >\n\t\t\t\tComunica bien y s\u00ed mira con qui\u00e9n\t\t\t<\/a>\n\t\t<\/h3>\n\t\t\n\t\t<a class=\"elementor-post__read-more\" href=\"https:\/\/www.actionproject.es\/en_gb\/blog\/comunica-bien-y-si-mira-con-quien\/\" aria-label=\"Read more about Comunica bien y s\u00ed mira con qui\u00e9n\" tabindex=\"-1\" >\n\t\t\tRead more &#034;\t\t<\/a>\n\n\t\t\t\t<\/div>\n\t\t\t\t<div class=\"elementor-post__meta-data\">\n\t\t\t\t\t<span class=\"elementor-post-date\">\n\t\t\t4 de August de 2020\t\t<\/span>\n\t\t\t\t<\/div>\n\t\t\t\t\t<\/div>\n\t\t<\/article>\n\t\t\t\t<article class=\"elementor-post elementor-grid-item post-1290 post type-post status-publish format-standard has-post-thumbnail hentry category-estrategia-empresarial tag-consultoria-de-empresas tag-gestion-empresarial tag-identidad-corporativa tag-identidad-grafica tag-marca\" role=\"listitem\">\n\t\t\t<div class=\"elementor-post__card\">\n\t\t\t\t<a class=\"elementor-post__thumbnail__link\" href=\"https:\/\/www.actionproject.es\/en_gb\/blog\/20-claves-para-ver-si-tu-identidad-corporativa-va-con-tu-empresa-iii\/\" tabindex=\"-1\" ><div class=\"elementor-post__thumbnail\"><img decoding=\"async\" width=\"1200\" height=\"600\" data-src=\"https:\/\/www.actionproject.es\/wp-content\/uploads\/2025\/07\/identidad-corporativa-marca-consejos-empresa.jpg\" class=\"attachment-full size-full wp-image-1464 lazyload\" alt=\"\" data-srcset=\"https:\/\/www.actionproject.es\/wp-content\/uploads\/2025\/07\/identidad-corporativa-marca-consejos-empresa.jpg 1200w, https:\/\/www.actionproject.es\/wp-content\/uploads\/2025\/07\/identidad-corporativa-marca-consejos-empresa-300x150.jpg 300w, https:\/\/www.actionproject.es\/wp-content\/uploads\/2025\/07\/identidad-corporativa-marca-consejos-empresa-1024x512.jpg 1024w, https:\/\/www.actionproject.es\/wp-content\/uploads\/2025\/07\/identidad-corporativa-marca-consejos-empresa-768x384.jpg 768w, https:\/\/www.actionproject.es\/wp-content\/uploads\/2025\/07\/identidad-corporativa-marca-consejos-empresa-18x9.jpg 18w\" data-sizes=\"(max-width: 1200px) 100vw, 1200px\" src=\"data:image\/svg+xml;base64,PHN2ZyB3aWR0aD0iMSIgaGVpZ2h0PSIxIiB4bWxucz0iaHR0cDovL3d3dy53My5vcmcvMjAwMC9zdmciPjwvc3ZnPg==\" style=\"--smush-placeholder-width: 1200px; --smush-placeholder-aspect-ratio: 1200\/600;\" \/><\/div><\/a>\n\t\t\t\t<div class=\"elementor-post__badge\">Business strategy<\/div>\n\t\t\t\t<div class=\"elementor-post__text\">\n\t\t\t\t<h3 class=\"elementor-post__title\">\n\t\t\t<a href=\"https:\/\/www.actionproject.es\/en_gb\/blog\/20-claves-para-ver-si-tu-identidad-corporativa-va-con-tu-empresa-iii\/\" >\n\t\t\t\t20 claves para ver si tu identidad corporativa va con tu empresa (III)\t\t\t<\/a>\n\t\t<\/h3>\n\t\t\n\t\t<a class=\"elementor-post__read-more\" href=\"https:\/\/www.actionproject.es\/en_gb\/blog\/20-claves-para-ver-si-tu-identidad-corporativa-va-con-tu-empresa-iii\/\" aria-label=\"Read more about 20 claves para ver si tu identidad corporativa va con tu empresa (III)\" tabindex=\"-1\" >\n\t\t\tRead more &#034;\t\t<\/a>\n\n\t\t\t\t<\/div>\n\t\t\t\t<div class=\"elementor-post__meta-data\">\n\t\t\t\t\t<span class=\"elementor-post-date\">\n\t\t\t28 de July de 2020\t\t<\/span>\n\t\t\t\t<\/div>\n\t\t\t\t\t<\/div>\n\t\t<\/article>\n\t\t\t\t<article class=\"elementor-post elementor-grid-item post-1289 post type-post status-publish format-standard has-post-thumbnail hentry category-estrategia-empresarial tag-emprendimiento tag-ideas-de-negocio tag-negocios-rentables tag-profesionalizacion-de-empresas tag-start-up\" role=\"listitem\">\n\t\t\t<div class=\"elementor-post__card\">\n\t\t\t\t<a class=\"elementor-post__thumbnail__link\" href=\"https:\/\/www.actionproject.es\/en_gb\/blog\/cosas-nadie-dijo-antes-emprender-hubieran-ahorrado-muchos-disgustos\/\" tabindex=\"-1\" ><div class=\"elementor-post__thumbnail\"><img decoding=\"async\" width=\"1200\" height=\"800\" data-src=\"https:\/\/www.actionproject.es\/wp-content\/uploads\/2025\/07\/cosas-aprendizajes-antes-emprender.jpg\" class=\"attachment-full size-full wp-image-1423 lazyload\" alt=\"\" data-srcset=\"https:\/\/www.actionproject.es\/wp-content\/uploads\/2025\/07\/cosas-aprendizajes-antes-emprender.jpg 1200w, https:\/\/www.actionproject.es\/wp-content\/uploads\/2025\/07\/cosas-aprendizajes-antes-emprender-300x200.jpg 300w, https:\/\/www.actionproject.es\/wp-content\/uploads\/2025\/07\/cosas-aprendizajes-antes-emprender-1024x683.jpg 1024w, https:\/\/www.actionproject.es\/wp-content\/uploads\/2025\/07\/cosas-aprendizajes-antes-emprender-768x512.jpg 768w, https:\/\/www.actionproject.es\/wp-content\/uploads\/2025\/07\/cosas-aprendizajes-antes-emprender-18x12.jpg 18w\" data-sizes=\"(max-width: 1200px) 100vw, 1200px\" src=\"data:image\/svg+xml;base64,PHN2ZyB3aWR0aD0iMSIgaGVpZ2h0PSIxIiB4bWxucz0iaHR0cDovL3d3dy53My5vcmcvMjAwMC9zdmciPjwvc3ZnPg==\" style=\"--smush-placeholder-width: 1200px; --smush-placeholder-aspect-ratio: 1200\/800;\" \/><\/div><\/a>\n\t\t\t\t<div class=\"elementor-post__badge\">Business strategy<\/div>\n\t\t\t\t<div class=\"elementor-post__text\">\n\t\t\t\t<h3 class=\"elementor-post__title\">\n\t\t\t<a href=\"https:\/\/www.actionproject.es\/en_gb\/blog\/cosas-nadie-dijo-antes-emprender-hubieran-ahorrado-muchos-disgustos\/\" >\n\t\t\t\t5 cosas que nadie me dijo antes de emprender (y que me hubieran ahorrado muchos disgustos)\t\t\t<\/a>\n\t\t<\/h3>\n\t\t\n\t\t<a class=\"elementor-post__read-more\" href=\"https:\/\/www.actionproject.es\/en_gb\/blog\/cosas-nadie-dijo-antes-emprender-hubieran-ahorrado-muchos-disgustos\/\" aria-label=\"Read more about 5 cosas que nadie me dijo antes de emprender (y que me hubieran ahorrado muchos disgustos)\" tabindex=\"-1\" >\n\t\t\tRead more &#034;\t\t<\/a>\n\n\t\t\t\t<\/div>\n\t\t\t\t<div class=\"elementor-post__meta-data\">\n\t\t\t\t\t<span class=\"elementor-post-date\">\n\t\t\t17 de July de 2020\t\t<\/span>\n\t\t\t\t<\/div>\n\t\t\t\t\t<\/div>\n\t\t<\/article>\n\t\t\t\t<article class=\"elementor-post elementor-grid-item post-1288 post type-post status-publish format-standard has-post-thumbnail hentry category-estrategia-empresarial tag-colores-corporativos tag-decisiones-estrategicas tag-identidad-corporativa tag-identidad-grafica tag-manual-corporativo-de-marca\" role=\"listitem\">\n\t\t\t<div class=\"elementor-post__card\">\n\t\t\t\t<a class=\"elementor-post__thumbnail__link\" href=\"https:\/\/www.actionproject.es\/en_gb\/blog\/claves-ver-identidad-corporativa-va-empresa-ii\/\" tabindex=\"-1\" ><div class=\"elementor-post__thumbnail\"><img decoding=\"async\" width=\"1200\" height=\"800\" data-src=\"https:\/\/www.actionproject.es\/wp-content\/uploads\/2025\/07\/identidad-corporativa-colores-direccion-empresa.jpg\" class=\"attachment-full size-full wp-image-1462 lazyload\" alt=\"\" data-srcset=\"https:\/\/www.actionproject.es\/wp-content\/uploads\/2025\/07\/identidad-corporativa-colores-direccion-empresa.jpg 1200w, https:\/\/www.actionproject.es\/wp-content\/uploads\/2025\/07\/identidad-corporativa-colores-direccion-empresa-300x200.jpg 300w, https:\/\/www.actionproject.es\/wp-content\/uploads\/2025\/07\/identidad-corporativa-colores-direccion-empresa-1024x683.jpg 1024w, https:\/\/www.actionproject.es\/wp-content\/uploads\/2025\/07\/identidad-corporativa-colores-direccion-empresa-768x512.jpg 768w, https:\/\/www.actionproject.es\/wp-content\/uploads\/2025\/07\/identidad-corporativa-colores-direccion-empresa-18x12.jpg 18w\" data-sizes=\"(max-width: 1200px) 100vw, 1200px\" src=\"data:image\/svg+xml;base64,PHN2ZyB3aWR0aD0iMSIgaGVpZ2h0PSIxIiB4bWxucz0iaHR0cDovL3d3dy53My5vcmcvMjAwMC9zdmciPjwvc3ZnPg==\" style=\"--smush-placeholder-width: 1200px; --smush-placeholder-aspect-ratio: 1200\/800;\" \/><\/div><\/a>\n\t\t\t\t<div class=\"elementor-post__badge\">Business strategy<\/div>\n\t\t\t\t<div class=\"elementor-post__text\">\n\t\t\t\t<h3 class=\"elementor-post__title\">\n\t\t\t<a href=\"https:\/\/www.actionproject.es\/en_gb\/blog\/claves-ver-identidad-corporativa-va-empresa-ii\/\" >\n\t\t\t\t20 claves para ver si tu identidad corporativa va con tu empresa (II)\t\t\t<\/a>\n\t\t<\/h3>\n\t\t\n\t\t<a class=\"elementor-post__read-more\" href=\"https:\/\/www.actionproject.es\/en_gb\/blog\/claves-ver-identidad-corporativa-va-empresa-ii\/\" aria-label=\"Read more about 20 claves para ver si tu identidad corporativa va con tu empresa (II)\" tabindex=\"-1\" >\n\t\t\tRead more &#034;\t\t<\/a>\n\n\t\t\t\t<\/div>\n\t\t\t\t<div class=\"elementor-post__meta-data\">\n\t\t\t\t\t<span class=\"elementor-post-date\">\n\t\t\t10 de July de 2020\t\t<\/span>\n\t\t\t\t<\/div>\n\t\t\t\t\t<\/div>\n\t\t<\/article>\n\t\t\t\t<article class=\"elementor-post elementor-grid-item post-1287 post type-post status-publish format-standard has-post-thumbnail hentry category-estrategia-empresarial tag-consultoria-de-negocios tag-consultoria-de-pymes tag-consultoria-estrategica tag-desarrollo-directivo tag-interim-manager\" role=\"listitem\">\n\t\t\t<div class=\"elementor-post__card\">\n\t\t\t\t<a class=\"elementor-post__thumbnail__link\" href=\"https:\/\/www.actionproject.es\/en_gb\/blog\/freno-impide-avanzar-empresa\/\" tabindex=\"-1\" ><div class=\"elementor-post__thumbnail\"><img decoding=\"async\" width=\"1200\" height=\"800\" data-src=\"https:\/\/www.actionproject.es\/wp-content\/uploads\/2025\/07\/consultoria-empresas-pymes-sevilla.jpg\" class=\"attachment-full size-full wp-image-1419 lazyload\" alt=\"\" data-srcset=\"https:\/\/www.actionproject.es\/wp-content\/uploads\/2025\/07\/consultoria-empresas-pymes-sevilla.jpg 1200w, https:\/\/www.actionproject.es\/wp-content\/uploads\/2025\/07\/consultoria-empresas-pymes-sevilla-300x200.jpg 300w, https:\/\/www.actionproject.es\/wp-content\/uploads\/2025\/07\/consultoria-empresas-pymes-sevilla-1024x683.jpg 1024w, https:\/\/www.actionproject.es\/wp-content\/uploads\/2025\/07\/consultoria-empresas-pymes-sevilla-768x512.jpg 768w, https:\/\/www.actionproject.es\/wp-content\/uploads\/2025\/07\/consultoria-empresas-pymes-sevilla-18x12.jpg 18w\" data-sizes=\"(max-width: 1200px) 100vw, 1200px\" src=\"data:image\/svg+xml;base64,PHN2ZyB3aWR0aD0iMSIgaGVpZ2h0PSIxIiB4bWxucz0iaHR0cDovL3d3dy53My5vcmcvMjAwMC9zdmciPjwvc3ZnPg==\" style=\"--smush-placeholder-width: 1200px; --smush-placeholder-aspect-ratio: 1200\/800;\" \/><\/div><\/a>\n\t\t\t\t<div class=\"elementor-post__badge\">Business strategy<\/div>\n\t\t\t\t<div class=\"elementor-post__text\">\n\t\t\t\t<h3 class=\"elementor-post__title\">\n\t\t\t<a href=\"https:\/\/www.actionproject.es\/en_gb\/blog\/freno-impide-avanzar-empresa\/\" >\n\t\t\t\tEl freno que te impide avanzar en tu empresa\t\t\t<\/a>\n\t\t<\/h3>\n\t\t\n\t\t<a class=\"elementor-post__read-more\" href=\"https:\/\/www.actionproject.es\/en_gb\/blog\/freno-impide-avanzar-empresa\/\" aria-label=\"Read more about El freno que te impide avanzar en tu empresa\" tabindex=\"-1\" >\n\t\t\tRead more &#034;\t\t<\/a>\n\n\t\t\t\t<\/div>\n\t\t\t\t<div class=\"elementor-post__meta-data\">\n\t\t\t\t\t<span class=\"elementor-post-date\">\n\t\t\t26 de June de 2020\t\t<\/span>\n\t\t\t\t<\/div>\n\t\t\t\t\t<\/div>\n\t\t<\/article>\n\t\t\t\t<article class=\"elementor-post elementor-grid-item post-1286 post type-post status-publish format-standard has-post-thumbnail hentry category-estrategia-empresarial tag-consultoria-de-empresas tag-gestion-empresarial tag-identidad-corporativa tag-identidad-grafica tag-marca\" role=\"listitem\">\n\t\t\t<div class=\"elementor-post__card\">\n\t\t\t\t<a class=\"elementor-post__thumbnail__link\" href=\"https:\/\/www.actionproject.es\/en_gb\/blog\/claves-ver-identidad-corporativa-va-empresa-i\/\" tabindex=\"-1\" ><div class=\"elementor-post__thumbnail\"><img decoding=\"async\" width=\"1200\" height=\"675\" data-src=\"https:\/\/www.actionproject.es\/wp-content\/uploads\/2025\/07\/identidad-corporativa-empresa.jpg\" class=\"attachment-full size-full wp-image-1463 lazyload\" alt=\"\" data-srcset=\"https:\/\/www.actionproject.es\/wp-content\/uploads\/2025\/07\/identidad-corporativa-empresa.jpg 1200w, https:\/\/www.actionproject.es\/wp-content\/uploads\/2025\/07\/identidad-corporativa-empresa-300x169.jpg 300w, https:\/\/www.actionproject.es\/wp-content\/uploads\/2025\/07\/identidad-corporativa-empresa-1024x576.jpg 1024w, https:\/\/www.actionproject.es\/wp-content\/uploads\/2025\/07\/identidad-corporativa-empresa-768x432.jpg 768w, https:\/\/www.actionproject.es\/wp-content\/uploads\/2025\/07\/identidad-corporativa-empresa-18x10.jpg 18w\" data-sizes=\"(max-width: 1200px) 100vw, 1200px\" src=\"data:image\/svg+xml;base64,PHN2ZyB3aWR0aD0iMSIgaGVpZ2h0PSIxIiB4bWxucz0iaHR0cDovL3d3dy53My5vcmcvMjAwMC9zdmciPjwvc3ZnPg==\" style=\"--smush-placeholder-width: 1200px; --smush-placeholder-aspect-ratio: 1200\/675;\" \/><\/div><\/a>\n\t\t\t\t<div class=\"elementor-post__badge\">Business strategy<\/div>\n\t\t\t\t<div class=\"elementor-post__text\">\n\t\t\t\t<h3 class=\"elementor-post__title\">\n\t\t\t<a href=\"https:\/\/www.actionproject.es\/en_gb\/blog\/claves-ver-identidad-corporativa-va-empresa-i\/\" >\n\t\t\t\t20 claves para ver si tu identidad corporativa va con tu empresa (I)\t\t\t<\/a>\n\t\t<\/h3>\n\t\t\n\t\t<a class=\"elementor-post__read-more\" href=\"https:\/\/www.actionproject.es\/en_gb\/blog\/claves-ver-identidad-corporativa-va-empresa-i\/\" aria-label=\"Read more about 20 claves para ver si tu identidad corporativa va con tu empresa (I)\" tabindex=\"-1\" >\n\t\t\tRead more &#034;\t\t<\/a>\n\n\t\t\t\t<\/div>\n\t\t\t\t<div class=\"elementor-post__meta-data\">\n\t\t\t\t\t<span class=\"elementor-post-date\">\n\t\t\t23 de June de 2020\t\t<\/span>\n\t\t\t\t<\/div>\n\t\t\t\t\t<\/div>\n\t\t<\/article>\n\t\t\t\t<article class=\"elementor-post elementor-grid-item post-1285 post type-post status-publish format-standard has-post-thumbnail hentry category-estrategia-empresarial tag-consultorias-de-negocio tag-emprendimiento-femenino tag-liderazgo-femenino tag-mujeres-emprendedoras tag-mujeres-lideres\" role=\"listitem\">\n\t\t\t<div class=\"elementor-post__card\">\n\t\t\t\t<a class=\"elementor-post__thumbnail__link\" href=\"https:\/\/www.actionproject.es\/en_gb\/blog\/ellas-rompen-techo-cristal-series\/\" tabindex=\"-1\" ><div class=\"elementor-post__thumbnail\"><img decoding=\"async\" width=\"1200\" height=\"675\" data-src=\"https:\/\/www.actionproject.es\/wp-content\/uploads\/2025\/07\/mujeres-emprendedoras-liderazgo-femenino-series.jpg\" class=\"attachment-full size-full wp-image-1498 lazyload\" alt=\"\" data-srcset=\"https:\/\/www.actionproject.es\/wp-content\/uploads\/2025\/07\/mujeres-emprendedoras-liderazgo-femenino-series.jpg 1200w, https:\/\/www.actionproject.es\/wp-content\/uploads\/2025\/07\/mujeres-emprendedoras-liderazgo-femenino-series-300x169.jpg 300w, https:\/\/www.actionproject.es\/wp-content\/uploads\/2025\/07\/mujeres-emprendedoras-liderazgo-femenino-series-1024x576.jpg 1024w, https:\/\/www.actionproject.es\/wp-content\/uploads\/2025\/07\/mujeres-emprendedoras-liderazgo-femenino-series-768x432.jpg 768w, https:\/\/www.actionproject.es\/wp-content\/uploads\/2025\/07\/mujeres-emprendedoras-liderazgo-femenino-series-18x10.jpg 18w\" data-sizes=\"(max-width: 1200px) 100vw, 1200px\" src=\"data:image\/svg+xml;base64,PHN2ZyB3aWR0aD0iMSIgaGVpZ2h0PSIxIiB4bWxucz0iaHR0cDovL3d3dy53My5vcmcvMjAwMC9zdmciPjwvc3ZnPg==\" style=\"--smush-placeholder-width: 1200px; --smush-placeholder-aspect-ratio: 1200\/675;\" \/><\/div><\/a>\n\t\t\t\t<div class=\"elementor-post__badge\">Business strategy<\/div>\n\t\t\t\t<div class=\"elementor-post__text\">\n\t\t\t\t<h3 class=\"elementor-post__title\">\n\t\t\t<a href=\"https:\/\/www.actionproject.es\/en_gb\/blog\/ellas-rompen-techo-cristal-series\/\" >\n\t\t\t\tEllas rompen el techo de cristal en las series\t\t\t<\/a>\n\t\t<\/h3>\n\t\t\n\t\t<a class=\"elementor-post__read-more\" href=\"https:\/\/www.actionproject.es\/en_gb\/blog\/ellas-rompen-techo-cristal-series\/\" aria-label=\"Read more about Ellas rompen el techo de cristal en las series\" tabindex=\"-1\" >\n\t\t\tRead more &#034;\t\t<\/a>\n\n\t\t\t\t<\/div>\n\t\t\t\t<div class=\"elementor-post__meta-data\">\n\t\t\t\t\t<span class=\"elementor-post-date\">\n\t\t\t12 de June de 2020\t\t<\/span>\n\t\t\t\t<\/div>\n\t\t\t\t\t<\/div>\n\t\t<\/article>\n\t\t\t\t<article class=\"elementor-post elementor-grid-item post-1284 post type-post status-publish format-standard has-post-thumbnail hentry category-estrategia-empresarial tag-cash-flow tag-consultores-de-empresa tag-contabilidad-analitica tag-contabilidad-tecnica tag-gestion-empresarial\" role=\"listitem\">\n\t\t\t<div class=\"elementor-post__card\">\n\t\t\t\t<a class=\"elementor-post__thumbnail__link\" href=\"https:\/\/www.actionproject.es\/en_gb\/blog\/gano-verdad-dinero-empresa-negocio\/\" tabindex=\"-1\" ><div class=\"elementor-post__thumbnail\"><img decoding=\"async\" width=\"1200\" height=\"800\" data-src=\"https:\/\/www.actionproject.es\/wp-content\/uploads\/2025\/07\/consultoria-empresa-control-economico-estrategica.jpg\" class=\"attachment-full size-full wp-image-1415 lazyload\" alt=\"\" data-srcset=\"https:\/\/www.actionproject.es\/wp-content\/uploads\/2025\/07\/consultoria-empresa-control-economico-estrategica.jpg 1200w, https:\/\/www.actionproject.es\/wp-content\/uploads\/2025\/07\/consultoria-empresa-control-economico-estrategica-300x200.jpg 300w, https:\/\/www.actionproject.es\/wp-content\/uploads\/2025\/07\/consultoria-empresa-control-economico-estrategica-1024x683.jpg 1024w, https:\/\/www.actionproject.es\/wp-content\/uploads\/2025\/07\/consultoria-empresa-control-economico-estrategica-768x512.jpg 768w, https:\/\/www.actionproject.es\/wp-content\/uploads\/2025\/07\/consultoria-empresa-control-economico-estrategica-18x12.jpg 18w\" data-sizes=\"(max-width: 1200px) 100vw, 1200px\" src=\"data:image\/svg+xml;base64,PHN2ZyB3aWR0aD0iMSIgaGVpZ2h0PSIxIiB4bWxucz0iaHR0cDovL3d3dy53My5vcmcvMjAwMC9zdmciPjwvc3ZnPg==\" style=\"--smush-placeholder-width: 1200px; --smush-placeholder-aspect-ratio: 1200\/800;\" \/><\/div><\/a>\n\t\t\t\t<div class=\"elementor-post__badge\">Business strategy<\/div>\n\t\t\t\t<div class=\"elementor-post__text\">\n\t\t\t\t<h3 class=\"elementor-post__title\">\n\t\t\t<a href=\"https:\/\/www.actionproject.es\/en_gb\/blog\/gano-verdad-dinero-empresa-negocio\/\" >\n\t\t\t\t\u00bfGano de verdad dinero con mi empresa o negocio?\t\t\t<\/a>\n\t\t<\/h3>\n\t\t\n\t\t<a class=\"elementor-post__read-more\" href=\"https:\/\/www.actionproject.es\/en_gb\/blog\/gano-verdad-dinero-empresa-negocio\/\" aria-label=\"Read more about \u00bfGano de verdad dinero con mi empresa o negocio?\" tabindex=\"-1\" >\n\t\t\tRead more &#034;\t\t<\/a>\n\n\t\t\t\t<\/div>\n\t\t\t\t<div class=\"elementor-post__meta-data\">\n\t\t\t\t\t<span class=\"elementor-post-date\">\n\t\t\t26 de May de 2020\t\t<\/span>\n\t\t\t\t<\/div>\n\t\t\t\t\t<\/div>\n\t\t<\/article>\n\t\t\t\t<article class=\"elementor-post elementor-grid-item post-1283 post type-post status-publish format-standard has-post-thumbnail hentry category-estrategia-empresarial tag-consultor-de-empresas tag-consultor-de-pymes tag-consultoria-de-empresas tag-distribucion tag-logistica\" role=\"listitem\">\n\t\t\t<div class=\"elementor-post__card\">\n\t\t\t\t<a class=\"elementor-post__thumbnail__link\" href=\"https:\/\/www.actionproject.es\/en_gb\/blog\/logistica-maltratado-factor-estrategico-clave-nuestros-negocios\/\" tabindex=\"-1\" ><div class=\"elementor-post__thumbnail\"><img decoding=\"async\" width=\"1200\" height=\"800\" data-src=\"https:\/\/www.actionproject.es\/wp-content\/uploads\/2025\/07\/logistica-estrategia-consultoria-empresas.jpg\" class=\"attachment-full size-full wp-image-1485 lazyload\" alt=\"\" data-srcset=\"https:\/\/www.actionproject.es\/wp-content\/uploads\/2025\/07\/logistica-estrategia-consultoria-empresas.jpg 1200w, https:\/\/www.actionproject.es\/wp-content\/uploads\/2025\/07\/logistica-estrategia-consultoria-empresas-300x200.jpg 300w, https:\/\/www.actionproject.es\/wp-content\/uploads\/2025\/07\/logistica-estrategia-consultoria-empresas-1024x683.jpg 1024w, https:\/\/www.actionproject.es\/wp-content\/uploads\/2025\/07\/logistica-estrategia-consultoria-empresas-768x512.jpg 768w, https:\/\/www.actionproject.es\/wp-content\/uploads\/2025\/07\/logistica-estrategia-consultoria-empresas-18x12.jpg 18w\" data-sizes=\"(max-width: 1200px) 100vw, 1200px\" src=\"data:image\/svg+xml;base64,PHN2ZyB3aWR0aD0iMSIgaGVpZ2h0PSIxIiB4bWxucz0iaHR0cDovL3d3dy53My5vcmcvMjAwMC9zdmciPjwvc3ZnPg==\" style=\"--smush-placeholder-width: 1200px; --smush-placeholder-aspect-ratio: 1200\/800;\" \/><\/div><\/a>\n\t\t\t\t<div class=\"elementor-post__badge\">Business strategy<\/div>\n\t\t\t\t<div class=\"elementor-post__text\">\n\t\t\t\t<h3 class=\"elementor-post__title\">\n\t\t\t<a href=\"https:\/\/www.actionproject.es\/en_gb\/blog\/logistica-maltratado-factor-estrategico-clave-nuestros-negocios\/\" >\n\t\t\t\tLog\u00edstica, el \u00abmaltratado\u00bb factor estrat\u00e9gico, clave de nuestros negocios\t\t\t<\/a>\n\t\t<\/h3>\n\t\t\n\t\t<a class=\"elementor-post__read-more\" href=\"https:\/\/www.actionproject.es\/en_gb\/blog\/logistica-maltratado-factor-estrategico-clave-nuestros-negocios\/\" aria-label=\"Read more about Log\u00edstica, el \u00abmaltratado\u00bb factor estrat\u00e9gico, clave de nuestros negocios\" tabindex=\"-1\" >\n\t\t\tRead more &#034;\t\t<\/a>\n\n\t\t\t\t<\/div>\n\t\t\t\t<div class=\"elementor-post__meta-data\">\n\t\t\t\t\t<span class=\"elementor-post-date\">\n\t\t\t12 de May de 2020\t\t<\/span>\n\t\t\t\t<\/div>\n\t\t\t\t\t<\/div>\n\t\t<\/article>\n\t\t\t\t<article class=\"elementor-post elementor-grid-item post-1282 post type-post status-publish format-standard has-post-thumbnail hentry category-estrategia-empresarial tag-consultoria-de-empresas tag-consultoria-de-negocios tag-marketing tag-responsabilidad-social-corporativa tag-valores-corporativos\" role=\"listitem\">\n\t\t\t<div class=\"elementor-post__card\">\n\t\t\t\t<a class=\"elementor-post__thumbnail__link\" href=\"https:\/\/www.actionproject.es\/en_gb\/blog\/evolucion-marketing-consumismo-rsc\/\" tabindex=\"-1\" ><div class=\"elementor-post__thumbnail\"><img decoding=\"async\" width=\"1200\" height=\"837\" data-src=\"https:\/\/www.actionproject.es\/wp-content\/uploads\/2025\/07\/consultoria-empresas-marketing-responsabilidad-social.jpg\" class=\"attachment-full size-full wp-image-1417 lazyload\" alt=\"\" data-srcset=\"https:\/\/www.actionproject.es\/wp-content\/uploads\/2025\/07\/consultoria-empresas-marketing-responsabilidad-social.jpg 1200w, https:\/\/www.actionproject.es\/wp-content\/uploads\/2025\/07\/consultoria-empresas-marketing-responsabilidad-social-300x209.jpg 300w, https:\/\/www.actionproject.es\/wp-content\/uploads\/2025\/07\/consultoria-empresas-marketing-responsabilidad-social-1024x714.jpg 1024w, https:\/\/www.actionproject.es\/wp-content\/uploads\/2025\/07\/consultoria-empresas-marketing-responsabilidad-social-768x536.jpg 768w, https:\/\/www.actionproject.es\/wp-content\/uploads\/2025\/07\/consultoria-empresas-marketing-responsabilidad-social-18x12.jpg 18w\" data-sizes=\"(max-width: 1200px) 100vw, 1200px\" src=\"data:image\/svg+xml;base64,PHN2ZyB3aWR0aD0iMSIgaGVpZ2h0PSIxIiB4bWxucz0iaHR0cDovL3d3dy53My5vcmcvMjAwMC9zdmciPjwvc3ZnPg==\" style=\"--smush-placeholder-width: 1200px; --smush-placeholder-aspect-ratio: 1200\/837;\" \/><\/div><\/a>\n\t\t\t\t<div class=\"elementor-post__badge\">Business strategy<\/div>\n\t\t\t\t<div class=\"elementor-post__text\">\n\t\t\t\t<h3 class=\"elementor-post__title\">\n\t\t\t<a href=\"https:\/\/www.actionproject.es\/en_gb\/blog\/evolucion-marketing-consumismo-rsc\/\" >\n\t\t\t\tEvoluci\u00f3n del marketing: del consumismo a la RSC\t\t\t<\/a>\n\t\t<\/h3>\n\t\t\n\t\t<a class=\"elementor-post__read-more\" href=\"https:\/\/www.actionproject.es\/en_gb\/blog\/evolucion-marketing-consumismo-rsc\/\" aria-label=\"Read more about Evoluci\u00f3n del marketing: del consumismo a la RSC\" tabindex=\"-1\" >\n\t\t\tRead more &#034;\t\t<\/a>\n\n\t\t\t\t<\/div>\n\t\t\t\t<div class=\"elementor-post__meta-data\">\n\t\t\t\t\t<span class=\"elementor-post-date\">\n\t\t\t7 de May de 2020\t\t<\/span>\n\t\t\t\t<\/div>\n\t\t\t\t\t<\/div>\n\t\t<\/article>\n\t\t\t\t<article class=\"elementor-post elementor-grid-item post-1281 post type-post status-publish format-standard has-post-thumbnail hentry category-estrategia-empresarial tag-confinamiento tag-consultores-de-empresa tag-consultoria-de-empresa tag-consultoria-para-startup tag-teletrabajo\" role=\"listitem\">\n\t\t\t<div class=\"elementor-post__card\">\n\t\t\t\t<a class=\"elementor-post__thumbnail__link\" href=\"https:\/\/www.actionproject.es\/en_gb\/blog\/que-podemos-aprender-silicon-valley-pleno-confinamiento\/\" tabindex=\"-1\" ><div class=\"elementor-post__thumbnail\"><img decoding=\"async\" width=\"1200\" height=\"674\" data-src=\"https:\/\/www.actionproject.es\/wp-content\/uploads\/2025\/07\/silicon-valley-serie-consultoria-startups-empresas.jpg\" class=\"attachment-full size-full wp-image-1520 lazyload\" alt=\"\" data-srcset=\"https:\/\/www.actionproject.es\/wp-content\/uploads\/2025\/07\/silicon-valley-serie-consultoria-startups-empresas.jpg 1200w, https:\/\/www.actionproject.es\/wp-content\/uploads\/2025\/07\/silicon-valley-serie-consultoria-startups-empresas-300x169.jpg 300w, https:\/\/www.actionproject.es\/wp-content\/uploads\/2025\/07\/silicon-valley-serie-consultoria-startups-empresas-1024x575.jpg 1024w, https:\/\/www.actionproject.es\/wp-content\/uploads\/2025\/07\/silicon-valley-serie-consultoria-startups-empresas-768x431.jpg 768w, https:\/\/www.actionproject.es\/wp-content\/uploads\/2025\/07\/silicon-valley-serie-consultoria-startups-empresas-18x10.jpg 18w\" data-sizes=\"(max-width: 1200px) 100vw, 1200px\" src=\"data:image\/svg+xml;base64,PHN2ZyB3aWR0aD0iMSIgaGVpZ2h0PSIxIiB4bWxucz0iaHR0cDovL3d3dy53My5vcmcvMjAwMC9zdmciPjwvc3ZnPg==\" style=\"--smush-placeholder-width: 1200px; --smush-placeholder-aspect-ratio: 1200\/674;\" \/><\/div><\/a>\n\t\t\t\t<div class=\"elementor-post__badge\">Business strategy<\/div>\n\t\t\t\t<div class=\"elementor-post__text\">\n\t\t\t\t<h3 class=\"elementor-post__title\">\n\t\t\t<a href=\"https:\/\/www.actionproject.es\/en_gb\/blog\/que-podemos-aprender-silicon-valley-pleno-confinamiento\/\" >\n\t\t\t\t\u00bfQu\u00e9 podemos aprender de \u2018Silicon Valley\u2019 en pleno confinamiento?\t\t\t<\/a>\n\t\t<\/h3>\n\t\t\n\t\t<a class=\"elementor-post__read-more\" href=\"https:\/\/www.actionproject.es\/en_gb\/blog\/que-podemos-aprender-silicon-valley-pleno-confinamiento\/\" aria-label=\"Read more about \u00bfQu\u00e9 podemos aprender de \u2018Silicon Valley\u2019 en pleno confinamiento?\" tabindex=\"-1\" >\n\t\t\tRead more &#034;\t\t<\/a>\n\n\t\t\t\t<\/div>\n\t\t\t\t<div class=\"elementor-post__meta-data\">\n\t\t\t\t\t<span class=\"elementor-post-date\">\n\t\t\t28 de April de 2020\t\t<\/span>\n\t\t\t\t<\/div>\n\t\t\t\t\t<\/div>\n\t\t<\/article>\n\t\t\t\t<article class=\"elementor-post elementor-grid-item post-1280 post type-post status-publish format-standard has-post-thumbnail hentry category-estrategia-empresarial tag-consultoria-de-empresas tag-ladrones-de-tiempo tag-prioridades tag-productividad tag-teletrabajo\" role=\"listitem\">\n\t\t\t<div class=\"elementor-post__card\">\n\t\t\t\t<a class=\"elementor-post__thumbnail__link\" href=\"https:\/\/www.actionproject.es\/en_gb\/blog\/como-mantener-buena-productividad-teletrabajo\/\" tabindex=\"-1\" ><div class=\"elementor-post__thumbnail\"><img decoding=\"async\" width=\"1200\" height=\"801\" data-src=\"https:\/\/www.actionproject.es\/wp-content\/uploads\/2025\/07\/teletrabajo-productividad-aumentar-consultoria-empresas.jpg\" class=\"attachment-full size-full wp-image-1524 lazyload\" alt=\"\" data-srcset=\"https:\/\/www.actionproject.es\/wp-content\/uploads\/2025\/07\/teletrabajo-productividad-aumentar-consultoria-empresas.jpg 1200w, https:\/\/www.actionproject.es\/wp-content\/uploads\/2025\/07\/teletrabajo-productividad-aumentar-consultoria-empresas-300x200.jpg 300w, https:\/\/www.actionproject.es\/wp-content\/uploads\/2025\/07\/teletrabajo-productividad-aumentar-consultoria-empresas-1024x684.jpg 1024w, https:\/\/www.actionproject.es\/wp-content\/uploads\/2025\/07\/teletrabajo-productividad-aumentar-consultoria-empresas-768x513.jpg 768w, https:\/\/www.actionproject.es\/wp-content\/uploads\/2025\/07\/teletrabajo-productividad-aumentar-consultoria-empresas-18x12.jpg 18w\" data-sizes=\"(max-width: 1200px) 100vw, 1200px\" src=\"data:image\/svg+xml;base64,PHN2ZyB3aWR0aD0iMSIgaGVpZ2h0PSIxIiB4bWxucz0iaHR0cDovL3d3dy53My5vcmcvMjAwMC9zdmciPjwvc3ZnPg==\" style=\"--smush-placeholder-width: 1200px; --smush-placeholder-aspect-ratio: 1200\/801;\" \/><\/div><\/a>\n\t\t\t\t<div class=\"elementor-post__badge\">Business strategy<\/div>\n\t\t\t\t<div class=\"elementor-post__text\">\n\t\t\t\t<h3 class=\"elementor-post__title\">\n\t\t\t<a href=\"https:\/\/www.actionproject.es\/en_gb\/blog\/como-mantener-buena-productividad-teletrabajo\/\" >\n\t\t\t\tC\u00f3mo mantener una buena productividad mientras teletrabajo\t\t\t<\/a>\n\t\t<\/h3>\n\t\t\n\t\t<a class=\"elementor-post__read-more\" href=\"https:\/\/www.actionproject.es\/en_gb\/blog\/como-mantener-buena-productividad-teletrabajo\/\" aria-label=\"Read more about C\u00f3mo mantener una buena productividad mientras teletrabajo\" tabindex=\"-1\" >\n\t\t\tRead more &#034;\t\t<\/a>\n\n\t\t\t\t<\/div>\n\t\t\t\t<div class=\"elementor-post__meta-data\">\n\t\t\t\t\t<span class=\"elementor-post-date\">\n\t\t\t15 de April de 2020\t\t<\/span>\n\t\t\t\t<\/div>\n\t\t\t\t\t<\/div>\n\t\t<\/article>\n\t\t\t\t<article class=\"elementor-post elementor-grid-item post-1279 post type-post status-publish format-standard has-post-thumbnail hentry category-estrategia-empresarial tag-consultores-de-empresas tag-consultores-de-pymes tag-crisis-del-coronavirus tag-planes-de-contingencias tag-tesoreria\" role=\"listitem\">\n\t\t\t<div class=\"elementor-post__card\">\n\t\t\t\t<a class=\"elementor-post__thumbnail__link\" href=\"https:\/\/www.actionproject.es\/en_gb\/blog\/covid-19-caos-crisis-tesoreria-pymes\/\" tabindex=\"-1\" ><div class=\"elementor-post__thumbnail\"><img decoding=\"async\" width=\"1200\" height=\"600\" data-src=\"https:\/\/www.actionproject.es\/wp-content\/uploads\/2025\/07\/crisis-coronavirus-pymes-caos-tesoreria-consultores.jpg\" class=\"attachment-full size-full wp-image-1425 lazyload\" alt=\"\" data-srcset=\"https:\/\/www.actionproject.es\/wp-content\/uploads\/2025\/07\/crisis-coronavirus-pymes-caos-tesoreria-consultores.jpg 1200w, https:\/\/www.actionproject.es\/wp-content\/uploads\/2025\/07\/crisis-coronavirus-pymes-caos-tesoreria-consultores-300x150.jpg 300w, https:\/\/www.actionproject.es\/wp-content\/uploads\/2025\/07\/crisis-coronavirus-pymes-caos-tesoreria-consultores-1024x512.jpg 1024w, https:\/\/www.actionproject.es\/wp-content\/uploads\/2025\/07\/crisis-coronavirus-pymes-caos-tesoreria-consultores-768x384.jpg 768w, https:\/\/www.actionproject.es\/wp-content\/uploads\/2025\/07\/crisis-coronavirus-pymes-caos-tesoreria-consultores-18x9.jpg 18w\" data-sizes=\"(max-width: 1200px) 100vw, 1200px\" src=\"data:image\/svg+xml;base64,PHN2ZyB3aWR0aD0iMSIgaGVpZ2h0PSIxIiB4bWxucz0iaHR0cDovL3d3dy53My5vcmcvMjAwMC9zdmciPjwvc3ZnPg==\" style=\"--smush-placeholder-width: 1200px; --smush-placeholder-aspect-ratio: 1200\/600;\" \/><\/div><\/a>\n\t\t\t\t<div class=\"elementor-post__badge\">Business strategy<\/div>\n\t\t\t\t<div class=\"elementor-post__text\">\n\t\t\t\t<h3 class=\"elementor-post__title\">\n\t\t\t<a href=\"https:\/\/www.actionproject.es\/en_gb\/blog\/covid-19-caos-crisis-tesoreria-pymes\/\" >\n\t\t\t\tCOVID-19: caos, crisis y tesorer\u00eda en pymes\t\t\t<\/a>\n\t\t<\/h3>\n\t\t\n\t\t<a class=\"elementor-post__read-more\" href=\"https:\/\/www.actionproject.es\/en_gb\/blog\/covid-19-caos-crisis-tesoreria-pymes\/\" aria-label=\"Read more about COVID-19: caos, crisis y tesorer\u00eda en pymes\" tabindex=\"-1\" >\n\t\t\tRead more &#034;\t\t<\/a>\n\n\t\t\t\t<\/div>\n\t\t\t\t<div class=\"elementor-post__meta-data\">\n\t\t\t\t\t<span class=\"elementor-post-date\">\n\t\t\t14 de April de 2020\t\t<\/span>\n\t\t\t\t<\/div>\n\t\t\t\t\t<\/div>\n\t\t<\/article>\n\t\t\t\t<article class=\"elementor-post elementor-grid-item post-1278 post type-post status-publish format-standard has-post-thumbnail hentry category-estrategia-empresarial tag-consultoria-de-empresas tag-consultoria-para-pymes tag-liderazgo tag-liderazgo-de-equipo tag-liderazgo-empresarial\" role=\"listitem\">\n\t\t\t<div class=\"elementor-post__card\">\n\t\t\t\t<a class=\"elementor-post__thumbnail__link\" href=\"https:\/\/www.actionproject.es\/en_gb\/blog\/claves-liderazgo-empresas-enseno-mad-men\/\" tabindex=\"-1\" ><div class=\"elementor-post__thumbnail\"><img decoding=\"async\" width=\"1200\" height=\"800\" data-src=\"https:\/\/www.actionproject.es\/wp-content\/uploads\/2025\/07\/mad-men-lecciones-liderazgo-empresas.jpg\" class=\"attachment-full size-full wp-image-1486 lazyload\" alt=\"\" data-srcset=\"https:\/\/www.actionproject.es\/wp-content\/uploads\/2025\/07\/mad-men-lecciones-liderazgo-empresas.jpg 1200w, https:\/\/www.actionproject.es\/wp-content\/uploads\/2025\/07\/mad-men-lecciones-liderazgo-empresas-300x200.jpg 300w, https:\/\/www.actionproject.es\/wp-content\/uploads\/2025\/07\/mad-men-lecciones-liderazgo-empresas-1024x683.jpg 1024w, https:\/\/www.actionproject.es\/wp-content\/uploads\/2025\/07\/mad-men-lecciones-liderazgo-empresas-768x512.jpg 768w, https:\/\/www.actionproject.es\/wp-content\/uploads\/2025\/07\/mad-men-lecciones-liderazgo-empresas-18x12.jpg 18w\" data-sizes=\"(max-width: 1200px) 100vw, 1200px\" src=\"data:image\/svg+xml;base64,PHN2ZyB3aWR0aD0iMSIgaGVpZ2h0PSIxIiB4bWxucz0iaHR0cDovL3d3dy53My5vcmcvMjAwMC9zdmciPjwvc3ZnPg==\" style=\"--smush-placeholder-width: 1200px; --smush-placeholder-aspect-ratio: 1200\/800;\" \/><\/div><\/a>\n\t\t\t\t<div class=\"elementor-post__badge\">Business strategy<\/div>\n\t\t\t\t<div class=\"elementor-post__text\">\n\t\t\t\t<h3 class=\"elementor-post__title\">\n\t\t\t<a href=\"https:\/\/www.actionproject.es\/en_gb\/blog\/claves-liderazgo-empresas-enseno-mad-men\/\" >\n\t\t\t\t5 claves del liderazgo de empresas que nos ense\u00f1\u00f3 \u2018Mad Men\u2019\t\t\t<\/a>\n\t\t<\/h3>\n\t\t\n\t\t<a class=\"elementor-post__read-more\" href=\"https:\/\/www.actionproject.es\/en_gb\/blog\/claves-liderazgo-empresas-enseno-mad-men\/\" aria-label=\"Read more about 5 claves del liderazgo de empresas que nos ense\u00f1\u00f3 \u2018Mad Men\u2019\" tabindex=\"-1\" >\n\t\t\tRead more &#034;\t\t<\/a>\n\n\t\t\t\t<\/div>\n\t\t\t\t<div class=\"elementor-post__meta-data\">\n\t\t\t\t\t<span class=\"elementor-post-date\">\n\t\t\t2 de April de 2020\t\t<\/span>\n\t\t\t\t<\/div>\n\t\t\t\t\t<\/div>\n\t\t<\/article>\n\t\t\t\t<article class=\"elementor-post elementor-grid-item post-1277 post type-post status-publish format-standard has-post-thumbnail hentry category-estrategia-empresarial tag-bienestar-laboral tag-consultoria-de-empresas tag-consultoria-de-negocios tag-consultoria-estrategica tag-satisfaccion-laboral\" role=\"listitem\">\n\t\t\t<div class=\"elementor-post__card\">\n\t\t\t\t<a class=\"elementor-post__thumbnail__link\" href=\"https:\/\/www.actionproject.es\/en_gb\/blog\/areas-mejorar-satisfaccion-empleados\/\" tabindex=\"-1\" ><div class=\"elementor-post__thumbnail\"><img decoding=\"async\" width=\"1200\" height=\"800\" data-src=\"https:\/\/www.actionproject.es\/wp-content\/uploads\/2025\/07\/consultoria-empresas-satisfaccion-trabajadores.jpg\" class=\"attachment-full size-full wp-image-1420 lazyload\" alt=\"\" data-srcset=\"https:\/\/www.actionproject.es\/wp-content\/uploads\/2025\/07\/consultoria-empresas-satisfaccion-trabajadores.jpg 1200w, https:\/\/www.actionproject.es\/wp-content\/uploads\/2025\/07\/consultoria-empresas-satisfaccion-trabajadores-300x200.jpg 300w, https:\/\/www.actionproject.es\/wp-content\/uploads\/2025\/07\/consultoria-empresas-satisfaccion-trabajadores-1024x683.jpg 1024w, https:\/\/www.actionproject.es\/wp-content\/uploads\/2025\/07\/consultoria-empresas-satisfaccion-trabajadores-768x512.jpg 768w, https:\/\/www.actionproject.es\/wp-content\/uploads\/2025\/07\/consultoria-empresas-satisfaccion-trabajadores-18x12.jpg 18w\" data-sizes=\"(max-width: 1200px) 100vw, 1200px\" src=\"data:image\/svg+xml;base64,PHN2ZyB3aWR0aD0iMSIgaGVpZ2h0PSIxIiB4bWxucz0iaHR0cDovL3d3dy53My5vcmcvMjAwMC9zdmciPjwvc3ZnPg==\" style=\"--smush-placeholder-width: 1200px; --smush-placeholder-aspect-ratio: 1200\/800;\" \/><\/div><\/a>\n\t\t\t\t<div class=\"elementor-post__badge\">Business strategy<\/div>\n\t\t\t\t<div class=\"elementor-post__text\">\n\t\t\t\t<h3 class=\"elementor-post__title\">\n\t\t\t<a href=\"https:\/\/www.actionproject.es\/en_gb\/blog\/areas-mejorar-satisfaccion-empleados\/\" >\n\t\t\t\t5 \u00e1reas para mejorar la satisfacci\u00f3n de tus empleados\t\t\t<\/a>\n\t\t<\/h3>\n\t\t\n\t\t<a class=\"elementor-post__read-more\" href=\"https:\/\/www.actionproject.es\/en_gb\/blog\/areas-mejorar-satisfaccion-empleados\/\" aria-label=\"Read more about 5 \u00e1reas para mejorar la satisfacci\u00f3n de tus empleados\" tabindex=\"-1\" >\n\t\t\tRead more &#034;\t\t<\/a>\n\n\t\t\t\t<\/div>\n\t\t\t\t<div class=\"elementor-post__meta-data\">\n\t\t\t\t\t<span class=\"elementor-post-date\">\n\t\t\t19 de March de 2020\t\t<\/span>\n\t\t\t\t<\/div>\n\t\t\t\t\t<\/div>\n\t\t<\/article>\n\t\t\t\t<article class=\"elementor-post elementor-grid-item post-1276 post type-post status-publish format-standard has-post-thumbnail hentry category-estrategia-empresarial tag-contabilidad tag-control-financiero tag-gastos tag-planificacion-financiera tag-pymes\" role=\"listitem\">\n\t\t\t<div class=\"elementor-post__card\">\n\t\t\t\t<a class=\"elementor-post__thumbnail__link\" href=\"https:\/\/www.actionproject.es\/en_gb\/blog\/evitar-descontrol-financiero-pymes\/\" tabindex=\"-1\" ><div class=\"elementor-post__thumbnail\"><img decoding=\"async\" width=\"1200\" height=\"800\" data-src=\"https:\/\/www.actionproject.es\/wp-content\/uploads\/2025\/07\/descontrol-financiero-empresas-consultoria.jpg\" class=\"attachment-full size-full wp-image-1430 lazyload\" alt=\"\" data-srcset=\"https:\/\/www.actionproject.es\/wp-content\/uploads\/2025\/07\/descontrol-financiero-empresas-consultoria.jpg 1200w, https:\/\/www.actionproject.es\/wp-content\/uploads\/2025\/07\/descontrol-financiero-empresas-consultoria-300x200.jpg 300w, https:\/\/www.actionproject.es\/wp-content\/uploads\/2025\/07\/descontrol-financiero-empresas-consultoria-1024x683.jpg 1024w, https:\/\/www.actionproject.es\/wp-content\/uploads\/2025\/07\/descontrol-financiero-empresas-consultoria-768x512.jpg 768w, https:\/\/www.actionproject.es\/wp-content\/uploads\/2025\/07\/descontrol-financiero-empresas-consultoria-18x12.jpg 18w\" data-sizes=\"(max-width: 1200px) 100vw, 1200px\" src=\"data:image\/svg+xml;base64,PHN2ZyB3aWR0aD0iMSIgaGVpZ2h0PSIxIiB4bWxucz0iaHR0cDovL3d3dy53My5vcmcvMjAwMC9zdmciPjwvc3ZnPg==\" style=\"--smush-placeholder-width: 1200px; --smush-placeholder-aspect-ratio: 1200\/800;\" \/><\/div><\/a>\n\t\t\t\t<div class=\"elementor-post__badge\">Business strategy<\/div>\n\t\t\t\t<div class=\"elementor-post__text\">\n\t\t\t\t<h3 class=\"elementor-post__title\">\n\t\t\t<a href=\"https:\/\/www.actionproject.es\/en_gb\/blog\/evitar-descontrol-financiero-pymes\/\" >\n\t\t\t\tC\u00f3mo evitar el descontrol financiero en las pymes\t\t\t<\/a>\n\t\t<\/h3>\n\t\t\n\t\t<a class=\"elementor-post__read-more\" href=\"https:\/\/www.actionproject.es\/en_gb\/blog\/evitar-descontrol-financiero-pymes\/\" aria-label=\"Read more about C\u00f3mo evitar el descontrol financiero en las pymes\" tabindex=\"-1\" >\n\t\t\tRead more &#034;\t\t<\/a>\n\n\t\t\t\t<\/div>\n\t\t\t\t<div class=\"elementor-post__meta-data\">\n\t\t\t\t\t<span class=\"elementor-post-date\">\n\t\t\t27 de February de 2020\t\t<\/span>\n\t\t\t\t<\/div>\n\t\t\t\t\t<\/div>\n\t\t<\/article>\n\t\t\t\t<article class=\"elementor-post elementor-grid-item post-1274 post type-post status-publish format-standard has-post-thumbnail hentry category-estrategia-empresarial tag-alta-direccion tag-branding tag-consultoria-estrategica tag-marketing-online tag-pymes\" role=\"listitem\">\n\t\t\t<div class=\"elementor-post__card\">\n\t\t\t\t<a class=\"elementor-post__thumbnail__link\" href=\"https:\/\/www.actionproject.es\/en_gb\/blog\/marketing-alta-direccion-empresarial\/\" tabindex=\"-1\" ><div class=\"elementor-post__thumbnail\"><img decoding=\"async\" width=\"1200\" height=\"800\" data-src=\"https:\/\/www.actionproject.es\/wp-content\/uploads\/2025\/07\/marketing-alta-direccion-empresarrial-pymes-sevilla.jpg\" class=\"attachment-full size-full wp-image-1488 lazyload\" alt=\"\" data-srcset=\"https:\/\/www.actionproject.es\/wp-content\/uploads\/2025\/07\/marketing-alta-direccion-empresarrial-pymes-sevilla.jpg 1200w, https:\/\/www.actionproject.es\/wp-content\/uploads\/2025\/07\/marketing-alta-direccion-empresarrial-pymes-sevilla-300x200.jpg 300w, https:\/\/www.actionproject.es\/wp-content\/uploads\/2025\/07\/marketing-alta-direccion-empresarrial-pymes-sevilla-1024x683.jpg 1024w, https:\/\/www.actionproject.es\/wp-content\/uploads\/2025\/07\/marketing-alta-direccion-empresarrial-pymes-sevilla-768x512.jpg 768w, https:\/\/www.actionproject.es\/wp-content\/uploads\/2025\/07\/marketing-alta-direccion-empresarrial-pymes-sevilla-18x12.jpg 18w\" data-sizes=\"(max-width: 1200px) 100vw, 1200px\" src=\"data:image\/svg+xml;base64,PHN2ZyB3aWR0aD0iMSIgaGVpZ2h0PSIxIiB4bWxucz0iaHR0cDovL3d3dy53My5vcmcvMjAwMC9zdmciPjwvc3ZnPg==\" style=\"--smush-placeholder-width: 1200px; --smush-placeholder-aspect-ratio: 1200\/800;\" \/><\/div><\/a>\n\t\t\t\t<div class=\"elementor-post__badge\">Business strategy<\/div>\n\t\t\t\t<div class=\"elementor-post__text\">\n\t\t\t\t<h3 class=\"elementor-post__title\">\n\t\t\t<a href=\"https:\/\/www.actionproject.es\/en_gb\/blog\/marketing-alta-direccion-empresarial\/\" >\n\t\t\t\tEl marketing, en la alta direcci\u00f3n empresarial\t\t\t<\/a>\n\t\t<\/h3>\n\t\t\n\t\t<a class=\"elementor-post__read-more\" href=\"https:\/\/www.actionproject.es\/en_gb\/blog\/marketing-alta-direccion-empresarial\/\" aria-label=\"Read more about El marketing, en la alta direcci\u00f3n empresarial\" tabindex=\"-1\" >\n\t\t\tRead more &#034;\t\t<\/a>\n\n\t\t\t\t<\/div>\n\t\t\t\t<div class=\"elementor-post__meta-data\">\n\t\t\t\t\t<span class=\"elementor-post-date\">\n\t\t\t10 de February de 2020\t\t<\/span>\n\t\t\t\t<\/div>\n\t\t\t\t\t<\/div>\n\t\t<\/article>\n\t\t\t\t<article class=\"elementor-post elementor-grid-item post-1273 post type-post status-publish format-standard has-post-thumbnail hentry category-estrategia-empresarial tag-consultoria-estrategica tag-empresas-sostenibles tag-responsabilidad-social-corporativa tag-rsc tag-valores-corporativos\" role=\"listitem\">\n\t\t\t<div class=\"elementor-post__card\">\n\t\t\t\t<a class=\"elementor-post__thumbnail__link\" href=\"https:\/\/www.actionproject.es\/en_gb\/blog\/valores-alla-resultados-economicos-empresas\/\" tabindex=\"-1\" ><div class=\"elementor-post__thumbnail\"><img decoding=\"async\" width=\"1200\" height=\"800\" data-src=\"https:\/\/www.actionproject.es\/wp-content\/uploads\/2025\/07\/empresas-valores-consultoria-estrategica.jpg\" class=\"attachment-full size-full wp-image-1439 lazyload\" alt=\"\" data-srcset=\"https:\/\/www.actionproject.es\/wp-content\/uploads\/2025\/07\/empresas-valores-consultoria-estrategica.jpg 1200w, https:\/\/www.actionproject.es\/wp-content\/uploads\/2025\/07\/empresas-valores-consultoria-estrategica-300x200.jpg 300w, https:\/\/www.actionproject.es\/wp-content\/uploads\/2025\/07\/empresas-valores-consultoria-estrategica-1024x683.jpg 1024w, https:\/\/www.actionproject.es\/wp-content\/uploads\/2025\/07\/empresas-valores-consultoria-estrategica-768x512.jpg 768w, https:\/\/www.actionproject.es\/wp-content\/uploads\/2025\/07\/empresas-valores-consultoria-estrategica-18x12.jpg 18w\" data-sizes=\"(max-width: 1200px) 100vw, 1200px\" src=\"data:image\/svg+xml;base64,PHN2ZyB3aWR0aD0iMSIgaGVpZ2h0PSIxIiB4bWxucz0iaHR0cDovL3d3dy53My5vcmcvMjAwMC9zdmciPjwvc3ZnPg==\" style=\"--smush-placeholder-width: 1200px; --smush-placeholder-aspect-ratio: 1200\/800;\" \/><\/div><\/a>\n\t\t\t\t<div class=\"elementor-post__badge\">Business strategy<\/div>\n\t\t\t\t<div class=\"elementor-post__text\">\n\t\t\t\t<h3 class=\"elementor-post__title\">\n\t\t\t<a href=\"https:\/\/www.actionproject.es\/en_gb\/blog\/valores-alla-resultados-economicos-empresas\/\" >\n\t\t\t\tValores: m\u00e1s all\u00e1 de los resultados econ\u00f3micos en las empresas\t\t\t<\/a>\n\t\t<\/h3>\n\t\t\n\t\t<a class=\"elementor-post__read-more\" href=\"https:\/\/www.actionproject.es\/en_gb\/blog\/valores-alla-resultados-economicos-empresas\/\" aria-label=\"Read more about Valores: m\u00e1s all\u00e1 de los resultados econ\u00f3micos en las empresas\" tabindex=\"-1\" >\n\t\t\tRead more &#034;\t\t<\/a>\n\n\t\t\t\t<\/div>\n\t\t\t\t<div class=\"elementor-post__meta-data\">\n\t\t\t\t\t<span class=\"elementor-post-date\">\n\t\t\t31 de January de 2020\t\t<\/span>\n\t\t\t\t<\/div>\n\t\t\t\t\t<\/div>\n\t\t<\/article>\n\t\t\t\t<article class=\"elementor-post elementor-grid-item post-148 post type-post status-publish format-standard has-post-thumbnail hentry category-estrategia-empresarial tag-consultoria-de-empresas tag-empresas tag-finanzas tag-pymes tag-tesoreria\" role=\"listitem\">\n\t\t\t<div class=\"elementor-post__card\">\n\t\t\t\t<a class=\"elementor-post__thumbnail__link\" href=\"https:\/\/www.actionproject.es\/en_gb\/blog\/tesoreria-monstruo-aterra-empresarios\/\" tabindex=\"-1\" ><div class=\"elementor-post__thumbnail\"><img decoding=\"async\" width=\"1200\" height=\"800\" data-src=\"https:\/\/www.actionproject.es\/wp-content\/uploads\/2025\/07\/monstruo-tesoteria-pymes-finanzas.jpg\" class=\"attachment-full size-full wp-image-1496 lazyload\" alt=\"\" data-srcset=\"https:\/\/www.actionproject.es\/wp-content\/uploads\/2025\/07\/monstruo-tesoteria-pymes-finanzas.jpg 1200w, https:\/\/www.actionproject.es\/wp-content\/uploads\/2025\/07\/monstruo-tesoteria-pymes-finanzas-300x200.jpg 300w, https:\/\/www.actionproject.es\/wp-content\/uploads\/2025\/07\/monstruo-tesoteria-pymes-finanzas-1024x683.jpg 1024w, https:\/\/www.actionproject.es\/wp-content\/uploads\/2025\/07\/monstruo-tesoteria-pymes-finanzas-768x512.jpg 768w, https:\/\/www.actionproject.es\/wp-content\/uploads\/2025\/07\/monstruo-tesoteria-pymes-finanzas-18x12.jpg 18w\" data-sizes=\"(max-width: 1200px) 100vw, 1200px\" src=\"data:image\/svg+xml;base64,PHN2ZyB3aWR0aD0iMSIgaGVpZ2h0PSIxIiB4bWxucz0iaHR0cDovL3d3dy53My5vcmcvMjAwMC9zdmciPjwvc3ZnPg==\" style=\"--smush-placeholder-width: 1200px; --smush-placeholder-aspect-ratio: 1200\/800;\" \/><\/div><\/a>\n\t\t\t\t<div class=\"elementor-post__badge\">Business strategy<\/div>\n\t\t\t\t<div class=\"elementor-post__text\">\n\t\t\t\t<h3 class=\"elementor-post__title\">\n\t\t\t<a href=\"https:\/\/www.actionproject.es\/en_gb\/blog\/tesoreria-monstruo-aterra-empresarios\/\" >\n\t\t\t\tThe treasury, the monster that terrifies the entrepreneurs\t\t\t<\/a>\n\t\t<\/h3>\n\t\t\n\t\t<a class=\"elementor-post__read-more\" href=\"https:\/\/www.actionproject.es\/en_gb\/blog\/tesoreria-monstruo-aterra-empresarios\/\" aria-label=\"Read more about La tesorer\u00eda, el monstruo que aterra a los empresarios\" tabindex=\"-1\" >\n\t\t\tRead more &#034;\t\t<\/a>\n\n\t\t\t\t<\/div>\n\t\t\t\t<div class=\"elementor-post__meta-data\">\n\t\t\t\t\t<span class=\"elementor-post-date\">\n\t\t\t22 January 2020\t\t<\/span>\n\t\t\t\t<\/div>\n\t\t\t\t\t<\/div>\n\t\t<\/article>\n\t\t\t\t<article class=\"elementor-post elementor-grid-item post-1271 post type-post status-publish format-standard has-post-thumbnail hentry category-estrategia-empresarial\" role=\"listitem\">\n\t\t\t<div class=\"elementor-post__card\">\n\t\t\t\t<a class=\"elementor-post__thumbnail__link\" href=\"https:\/\/www.actionproject.es\/en_gb\/blog\/5-cosas-sin-las-que-no-deberia-empezar-el-ano-tu-empresa\/\" tabindex=\"-1\" ><div class=\"elementor-post__thumbnail\"><img decoding=\"async\" width=\"606\" height=\"362\" data-src=\"https:\/\/www.actionproject.es\/wp-content\/uploads\/2025\/07\/3.jpg\" class=\"attachment-full size-full wp-image-1397 lazyload\" alt=\"\" data-srcset=\"https:\/\/www.actionproject.es\/wp-content\/uploads\/2025\/07\/3.jpg 606w, https:\/\/www.actionproject.es\/wp-content\/uploads\/2025\/07\/3-300x179.jpg 300w, https:\/\/www.actionproject.es\/wp-content\/uploads\/2025\/07\/3-18x12.jpg 18w\" data-sizes=\"(max-width: 606px) 100vw, 606px\" src=\"data:image\/svg+xml;base64,PHN2ZyB3aWR0aD0iMSIgaGVpZ2h0PSIxIiB4bWxucz0iaHR0cDovL3d3dy53My5vcmcvMjAwMC9zdmciPjwvc3ZnPg==\" style=\"--smush-placeholder-width: 606px; --smush-placeholder-aspect-ratio: 606\/362;\" \/><\/div><\/a>\n\t\t\t\t<div class=\"elementor-post__badge\">Business strategy<\/div>\n\t\t\t\t<div class=\"elementor-post__text\">\n\t\t\t\t<h3 class=\"elementor-post__title\">\n\t\t\t<a href=\"https:\/\/www.actionproject.es\/en_gb\/blog\/5-cosas-sin-las-que-no-deberia-empezar-el-ano-tu-empresa\/\" >\n\t\t\t\t5 cosas sin las que tu empresa no deber\u00eda empezar el a\u00f1o.\t\t\t<\/a>\n\t\t<\/h3>\n\t\t\n\t\t<a class=\"elementor-post__read-more\" href=\"https:\/\/www.actionproject.es\/en_gb\/blog\/5-cosas-sin-las-que-no-deberia-empezar-el-ano-tu-empresa\/\" aria-label=\"Read more about 5 cosas sin las que tu empresa no deber\u00eda empezar el a\u00f1o.\" tabindex=\"-1\" >\n\t\t\tRead more &#034;\t\t<\/a>\n\n\t\t\t\t<\/div>\n\t\t\t\t<div class=\"elementor-post__meta-data\">\n\t\t\t\t\t<span class=\"elementor-post-date\">\n\t\t\t7 de January de 2020\t\t<\/span>\n\t\t\t\t<\/div>\n\t\t\t\t\t<\/div>\n\t\t<\/article>\n\t\t\t\t<article class=\"elementor-post elementor-grid-item post-1270 post type-post status-publish format-standard has-post-thumbnail hentry category-estrategia-empresarial tag-empresas-sostenibles tag-interim-manager tag-liderazgo tag-planificacion tag-pymes\" role=\"listitem\">\n\t\t\t<div class=\"elementor-post__card\">\n\t\t\t\t<a class=\"elementor-post__thumbnail__link\" href=\"https:\/\/www.actionproject.es\/en_gb\/blog\/problemas-frecuentes-detectan-pymes\/\" tabindex=\"-1\" ><div class=\"elementor-post__thumbnail\"><img decoding=\"async\" width=\"1200\" height=\"876\" data-src=\"https:\/\/www.actionproject.es\/wp-content\/uploads\/2025\/07\/problemas-empresas-medianas-pymes.jpg\" class=\"attachment-full size-full wp-image-1506 lazyload\" alt=\"\" data-srcset=\"https:\/\/www.actionproject.es\/wp-content\/uploads\/2025\/07\/problemas-empresas-medianas-pymes.jpg 1200w, https:\/\/www.actionproject.es\/wp-content\/uploads\/2025\/07\/problemas-empresas-medianas-pymes-300x219.jpg 300w, https:\/\/www.actionproject.es\/wp-content\/uploads\/2025\/07\/problemas-empresas-medianas-pymes-1024x748.jpg 1024w, https:\/\/www.actionproject.es\/wp-content\/uploads\/2025\/07\/problemas-empresas-medianas-pymes-768x561.jpg 768w, https:\/\/www.actionproject.es\/wp-content\/uploads\/2025\/07\/problemas-empresas-medianas-pymes-16x12.jpg 16w\" data-sizes=\"(max-width: 1200px) 100vw, 1200px\" src=\"data:image\/svg+xml;base64,PHN2ZyB3aWR0aD0iMSIgaGVpZ2h0PSIxIiB4bWxucz0iaHR0cDovL3d3dy53My5vcmcvMjAwMC9zdmciPjwvc3ZnPg==\" style=\"--smush-placeholder-width: 1200px; --smush-placeholder-aspect-ratio: 1200\/876;\" \/><\/div><\/a>\n\t\t\t\t<div class=\"elementor-post__badge\">Business strategy<\/div>\n\t\t\t\t<div class=\"elementor-post__text\">\n\t\t\t\t<h3 class=\"elementor-post__title\">\n\t\t\t<a href=\"https:\/\/www.actionproject.es\/en_gb\/blog\/problemas-frecuentes-detectan-pymes\/\" >\n\t\t\t\tLos 10 problemas m\u00e1s frecuentes que se detectan en las pymes\t\t\t<\/a>\n\t\t<\/h3>\n\t\t\n\t\t<a class=\"elementor-post__read-more\" href=\"https:\/\/www.actionproject.es\/en_gb\/blog\/problemas-frecuentes-detectan-pymes\/\" aria-label=\"Read more about Los 10 problemas m\u00e1s frecuentes que se detectan en las pymes\" tabindex=\"-1\" >\n\t\t\tRead more &#034;\t\t<\/a>\n\n\t\t\t\t<\/div>\n\t\t\t\t<div class=\"elementor-post__meta-data\">\n\t\t\t\t\t<span class=\"elementor-post-date\">\n\t\t\t13 de December de 2019\t\t<\/span>\n\t\t\t\t<\/div>\n\t\t\t\t\t<\/div>\n\t\t<\/article>\n\t\t\t\t<article class=\"elementor-post elementor-grid-item post-109 post type-post status-publish format-standard has-post-thumbnail hentry category-estrategia-empresarial tag-empresa-social tag-empresas-sostenibles tag-impacto-social tag-responsabilidad-social-corporativa tag-valores-corporativos\" role=\"listitem\">\n\t\t\t<div class=\"elementor-post__card\">\n\t\t\t\t<a class=\"elementor-post__thumbnail__link\" href=\"https:\/\/www.actionproject.es\/en_gb\/blog\/empresas-proposito-valores-corporativos-definen\/\" tabindex=\"-1\" ><div class=\"elementor-post__thumbnail\"><img decoding=\"async\" width=\"1200\" height=\"811\" data-src=\"https:\/\/www.actionproject.es\/wp-content\/uploads\/2025\/07\/valores-corporativos-empresas-consultor.jpg\" class=\"attachment-full size-full wp-image-1529 lazyload\" alt=\"\" data-srcset=\"https:\/\/www.actionproject.es\/wp-content\/uploads\/2025\/07\/valores-corporativos-empresas-consultor.jpg 1200w, https:\/\/www.actionproject.es\/wp-content\/uploads\/2025\/07\/valores-corporativos-empresas-consultor-300x203.jpg 300w, https:\/\/www.actionproject.es\/wp-content\/uploads\/2025\/07\/valores-corporativos-empresas-consultor-1024x692.jpg 1024w, https:\/\/www.actionproject.es\/wp-content\/uploads\/2025\/07\/valores-corporativos-empresas-consultor-768x519.jpg 768w, https:\/\/www.actionproject.es\/wp-content\/uploads\/2025\/07\/valores-corporativos-empresas-consultor-18x12.jpg 18w\" data-sizes=\"(max-width: 1200px) 100vw, 1200px\" src=\"data:image\/svg+xml;base64,PHN2ZyB3aWR0aD0iMSIgaGVpZ2h0PSIxIiB4bWxucz0iaHR0cDovL3d3dy53My5vcmcvMjAwMC9zdmciPjwvc3ZnPg==\" style=\"--smush-placeholder-width: 1200px; --smush-placeholder-aspect-ratio: 1200\/811;\" \/><\/div><\/a>\n\t\t\t\t<div class=\"elementor-post__badge\">Business strategy<\/div>\n\t\t\t\t<div class=\"elementor-post__text\">\n\t\t\t\t<h3 class=\"elementor-post__title\">\n\t\t\t<a href=\"https:\/\/www.actionproject.es\/en_gb\/blog\/empresas-proposito-valores-corporativos-definen\/\" >\n\t\t\t\tCompanies with a purpose: the corporate values that define you\t\t\t<\/a>\n\t\t<\/h3>\n\t\t\n\t\t<a class=\"elementor-post__read-more\" href=\"https:\/\/www.actionproject.es\/en_gb\/blog\/empresas-proposito-valores-corporativos-definen\/\" aria-label=\"Read more about Empresas con prop\u00f3sito: los valores corporativos te definen\" tabindex=\"-1\" >\n\t\t\tRead more &#034;\t\t<\/a>\n\n\t\t\t\t<\/div>\n\t\t\t\t<div class=\"elementor-post__meta-data\">\n\t\t\t\t\t<span class=\"elementor-post-date\">\n\t\t\t2 December 2019\t\t<\/span>\n\t\t\t\t<\/div>\n\t\t\t\t\t<\/div>\n\t\t<\/article>\n\t\t\t\t<article class=\"elementor-post elementor-grid-item post-107 post type-post status-publish format-standard has-post-thumbnail hentry category-estrategia-empresarial tag-flujos-de-trabajo tag-gestion-directiva tag-inversion-estrategica tag-liderazgo tag-pymes\" role=\"listitem\">\n\t\t\t<div class=\"elementor-post__card\">\n\t\t\t\t<a class=\"elementor-post__thumbnail__link\" href=\"https:\/\/www.actionproject.es\/en_gb\/blog\/7-secretos-de-la-sostenibilidad-de-la-pequena-y-mediana-empresa\/\" tabindex=\"-1\" ><div class=\"elementor-post__thumbnail\"><img decoding=\"async\" width=\"1200\" height=\"800\" data-src=\"https:\/\/www.actionproject.es\/wp-content\/uploads\/2025\/07\/sostenibilidad-pymes.jpg\" class=\"attachment-full size-full wp-image-1521 lazyload\" alt=\"\" data-srcset=\"https:\/\/www.actionproject.es\/wp-content\/uploads\/2025\/07\/sostenibilidad-pymes.jpg 1200w, https:\/\/www.actionproject.es\/wp-content\/uploads\/2025\/07\/sostenibilidad-pymes-300x200.jpg 300w, https:\/\/www.actionproject.es\/wp-content\/uploads\/2025\/07\/sostenibilidad-pymes-1024x683.jpg 1024w, https:\/\/www.actionproject.es\/wp-content\/uploads\/2025\/07\/sostenibilidad-pymes-768x512.jpg 768w, https:\/\/www.actionproject.es\/wp-content\/uploads\/2025\/07\/sostenibilidad-pymes-18x12.jpg 18w\" data-sizes=\"(max-width: 1200px) 100vw, 1200px\" src=\"data:image\/svg+xml;base64,PHN2ZyB3aWR0aD0iMSIgaGVpZ2h0PSIxIiB4bWxucz0iaHR0cDovL3d3dy53My5vcmcvMjAwMC9zdmciPjwvc3ZnPg==\" style=\"--smush-placeholder-width: 1200px; --smush-placeholder-aspect-ratio: 1200\/800;\" \/><\/div><\/a>\n\t\t\t\t<div class=\"elementor-post__badge\">Business strategy<\/div>\n\t\t\t\t<div class=\"elementor-post__text\">\n\t\t\t\t<h3 class=\"elementor-post__title\">\n\t\t\t<a href=\"https:\/\/www.actionproject.es\/en_gb\/blog\/7-secretos-de-la-sostenibilidad-de-la-pequena-y-mediana-empresa\/\" >\n\t\t\t\t7 secrets of the sustainability of the small and medium-sized enterprise\t\t\t<\/a>\n\t\t<\/h3>\n\t\t\n\t\t<a class=\"elementor-post__read-more\" href=\"https:\/\/www.actionproject.es\/en_gb\/blog\/7-secretos-de-la-sostenibilidad-de-la-pequena-y-mediana-empresa\/\" aria-label=\"Read more about 7 secretos de la sostenibilidad de la peque\u00f1a y mediana empresa\" tabindex=\"-1\" >\n\t\t\tRead more &#034;\t\t<\/a>\n\n\t\t\t\t<\/div>\n\t\t\t\t<div class=\"elementor-post__meta-data\">\n\t\t\t\t\t<span class=\"elementor-post-date\">\n\t\t\t8 November 2019\t\t<\/span>\n\t\t\t\t<\/div>\n\t\t\t\t\t<\/div>\n\t\t<\/article>\n\t\t\t\t<article class=\"elementor-post elementor-grid-item post-104 post type-post status-publish format-standard has-post-thumbnail hentry category-estrategia-empresarial tag-alta-direccion tag-cargos-directivos tag-empresario tag-interim-manager tag-pymes\" role=\"listitem\">\n\t\t\t<div class=\"elementor-post__card\">\n\t\t\t\t<a class=\"elementor-post__thumbnail__link\" href=\"https:\/\/www.actionproject.es\/en_gb\/blog\/el-interim-manager-una-solucion-adaptada-a-la-pyme\/\" tabindex=\"-1\" ><div class=\"elementor-post__thumbnail\"><img decoding=\"async\" width=\"1200\" height=\"927\" data-src=\"https:\/\/www.actionproject.es\/wp-content\/uploads\/2025\/07\/interim-manage_20201209-090116_1.jpg\" class=\"attachment-full size-full wp-image-1466 lazyload\" alt=\"\" data-srcset=\"https:\/\/www.actionproject.es\/wp-content\/uploads\/2025\/07\/interim-manage_20201209-090116_1.jpg 1200w, https:\/\/www.actionproject.es\/wp-content\/uploads\/2025\/07\/interim-manage_20201209-090116_1-300x232.jpg 300w, https:\/\/www.actionproject.es\/wp-content\/uploads\/2025\/07\/interim-manage_20201209-090116_1-1024x791.jpg 1024w, https:\/\/www.actionproject.es\/wp-content\/uploads\/2025\/07\/interim-manage_20201209-090116_1-768x593.jpg 768w, https:\/\/www.actionproject.es\/wp-content\/uploads\/2025\/07\/interim-manage_20201209-090116_1-16x12.jpg 16w\" data-sizes=\"(max-width: 1200px) 100vw, 1200px\" src=\"data:image\/svg+xml;base64,PHN2ZyB3aWR0aD0iMSIgaGVpZ2h0PSIxIiB4bWxucz0iaHR0cDovL3d3dy53My5vcmcvMjAwMC9zdmciPjwvc3ZnPg==\" style=\"--smush-placeholder-width: 1200px; --smush-placeholder-aspect-ratio: 1200\/927;\" \/><\/div><\/a>\n\t\t\t\t<div class=\"elementor-post__badge\">Business strategy<\/div>\n\t\t\t\t<div class=\"elementor-post__text\">\n\t\t\t\t<h3 class=\"elementor-post__title\">\n\t\t\t<a href=\"https:\/\/www.actionproject.es\/en_gb\/blog\/el-interim-manager-una-solucion-adaptada-a-la-pyme\/\" >\n\t\t\t\tThe \u2018interim manager\u2019: a solution adapted to the sme\t\t\t<\/a>\n\t\t<\/h3>\n\t\t\n\t\t<a class=\"elementor-post__read-more\" href=\"https:\/\/www.actionproject.es\/en_gb\/blog\/el-interim-manager-una-solucion-adaptada-a-la-pyme\/\" aria-label=\"Read more about El \u2018interim manager\u2019: una soluci\u00f3n adaptada a la pyme\" tabindex=\"-1\" >\n\t\t\tRead more &#034;\t\t<\/a>\n\n\t\t\t\t<\/div>\n\t\t\t\t<div class=\"elementor-post__meta-data\">\n\t\t\t\t\t<span class=\"elementor-post-date\">\n\t\t\t29 October 2019\t\t<\/span>\n\t\t\t\t<\/div>\n\t\t\t\t\t<\/div>\n\t\t<\/article>\n\t\t\t\t<\/div>\n\t\t\n\t\t\t\t\t\t<\/div>\n\t\t\t\t<\/div>\n\t\t\t\t<\/div>\n\t\t\t\t<\/div>","protected":false},"excerpt":{"rendered":"<p>Blog Busca lo que te interesa Search Busca lo que te interesa Search<\/p>","protected":false},"author":1,"featured_media":0,"parent":0,"menu_order":0,"comment_status":"closed","ping_status":"closed","template":"","meta":{"_acf_changed":false,"_joinchat":[],"footnotes":""},"class_list":["post-153","page","type-page","status-publish","hentry"],"acf":[],"aioseo_notices":[],"yoast_head":"<!-- This site is optimized with the Yoast SEO plugin v27.3 - https:\/\/yoast.com\/product\/yoast-seo-wordpress\/ -->\n<title>Blog - Action Project<\/title>\n<meta name=\"robots\" content=\"index, follow, max-snippet:-1, max-image-preview:large, max-video-preview:-1\" \/>\n<link rel=\"canonical\" href=\"https:\/\/www.actionproject.es\/en_gb\/blog\/\" \/>\n<meta property=\"og:locale\" content=\"en_GB\" \/>\n<meta property=\"og:type\" content=\"article\" \/>\n<meta property=\"og:title\" content=\"Blog - Action Project\" \/>\n<meta property=\"og:description\" content=\"Blog Busca lo que te interesa Search Busca lo que te interesa Search\" \/>\n<meta property=\"og:url\" content=\"https:\/\/www.actionproject.es\/en_gb\/blog\/\" \/>\n<meta property=\"og:site_name\" content=\"Action Project\" \/>\n<meta property=\"article:modified_time\" content=\"2026-04-01T07:01:19+00:00\" \/>\n<meta name=\"twitter:card\" content=\"summary_large_image\" \/>\n<meta name=\"twitter:label1\" content=\"Estimated reading time\" \/>\n\t<meta name=\"twitter:data1\" content=\"84 minutes\" \/>\n<script type=\"application\/ld+json\" class=\"yoast-schema-graph\">{\"@context\":\"https:\\\/\\\/schema.org\",\"@graph\":[{\"@type\":\"WebPage\",\"@id\":\"https:\\\/\\\/www.actionproject.es\\\/blog\\\/\",\"url\":\"https:\\\/\\\/www.actionproject.es\\\/blog\\\/\",\"name\":\"Blog - Action Project\",\"isPartOf\":{\"@id\":\"https:\\\/\\\/www.actionproject.es\\\/#website\"},\"datePublished\":\"2025-01-29T08:36:57+00:00\",\"dateModified\":\"2026-04-01T07:01:19+00:00\",\"breadcrumb\":{\"@id\":\"https:\\\/\\\/www.actionproject.es\\\/blog\\\/#breadcrumb\"},\"inLanguage\":\"en-GB\",\"potentialAction\":[{\"@type\":\"ReadAction\",\"target\":[\"https:\\\/\\\/www.actionproject.es\\\/blog\\\/\"]}]},{\"@type\":\"BreadcrumbList\",\"@id\":\"https:\\\/\\\/www.actionproject.es\\\/blog\\\/#breadcrumb\",\"itemListElement\":[{\"@type\":\"ListItem\",\"position\":1,\"name\":\"Portada\",\"item\":\"https:\\\/\\\/www.actionproject.es\\\/\"},{\"@type\":\"ListItem\",\"position\":2,\"name\":\"Blog\"}]},{\"@type\":\"WebSite\",\"@id\":\"https:\\\/\\\/www.actionproject.es\\\/#website\",\"url\":\"https:\\\/\\\/www.actionproject.es\\\/\",\"name\":\"Action Project\",\"description\":\"\",\"publisher\":{\"@id\":\"https:\\\/\\\/www.actionproject.es\\\/#organization\"},\"potentialAction\":[{\"@type\":\"SearchAction\",\"target\":{\"@type\":\"EntryPoint\",\"urlTemplate\":\"https:\\\/\\\/www.actionproject.es\\\/?s={search_term_string}\"},\"query-input\":{\"@type\":\"PropertyValueSpecification\",\"valueRequired\":true,\"valueName\":\"search_term_string\"}}],\"inLanguage\":\"en-GB\"},{\"@type\":\"Organization\",\"@id\":\"https:\\\/\\\/www.actionproject.es\\\/#organization\",\"name\":\"Action Project\",\"url\":\"https:\\\/\\\/www.actionproject.es\\\/\",\"logo\":{\"@type\":\"ImageObject\",\"inLanguage\":\"en-GB\",\"@id\":\"https:\\\/\\\/www.actionproject.es\\\/#\\\/schema\\\/logo\\\/image\\\/\",\"url\":\"https:\\\/\\\/www.actionproject.es\\\/wp-content\\\/uploads\\\/2025\\\/02\\\/favicon-action.png\",\"contentUrl\":\"https:\\\/\\\/www.actionproject.es\\\/wp-content\\\/uploads\\\/2025\\\/02\\\/favicon-action.png\",\"width\":512,\"height\":512,\"caption\":\"Action Project\"},\"image\":{\"@id\":\"https:\\\/\\\/www.actionproject.es\\\/#\\\/schema\\\/logo\\\/image\\\/\"}}]}<\/script>\n<!-- \/ Yoast SEO plugin. -->","yoast_head_json":{"title":"Blog - Action Project","robots":{"index":"index","follow":"follow","max-snippet":"max-snippet:-1","max-image-preview":"max-image-preview:large","max-video-preview":"max-video-preview:-1"},"canonical":"https:\/\/www.actionproject.es\/en_gb\/blog\/","og_locale":"en_GB","og_type":"article","og_title":"Blog - Action Project","og_description":"Blog Busca lo que te interesa Search Busca lo que te interesa Search","og_url":"https:\/\/www.actionproject.es\/en_gb\/blog\/","og_site_name":"Action Project","article_modified_time":"2026-04-01T07:01:19+00:00","twitter_card":"summary_large_image","twitter_misc":{"Estimated reading time":"84 minutes"},"schema":{"@context":"https:\/\/schema.org","@graph":[{"@type":"WebPage","@id":"https:\/\/www.actionproject.es\/blog\/","url":"https:\/\/www.actionproject.es\/blog\/","name":"Blog - Action Project","isPartOf":{"@id":"https:\/\/www.actionproject.es\/#website"},"datePublished":"2025-01-29T08:36:57+00:00","dateModified":"2026-04-01T07:01:19+00:00","breadcrumb":{"@id":"https:\/\/www.actionproject.es\/blog\/#breadcrumb"},"inLanguage":"en-GB","potentialAction":[{"@type":"ReadAction","target":["https:\/\/www.actionproject.es\/blog\/"]}]},{"@type":"BreadcrumbList","@id":"https:\/\/www.actionproject.es\/blog\/#breadcrumb","itemListElement":[{"@type":"ListItem","position":1,"name":"Portada","item":"https:\/\/www.actionproject.es\/"},{"@type":"ListItem","position":2,"name":"Blog"}]},{"@type":"WebSite","@id":"https:\/\/www.actionproject.es\/#website","url":"https:\/\/www.actionproject.es\/","name":"Action Project","description":"","publisher":{"@id":"https:\/\/www.actionproject.es\/#organization"},"potentialAction":[{"@type":"SearchAction","target":{"@type":"EntryPoint","urlTemplate":"https:\/\/www.actionproject.es\/?s={search_term_string}"},"query-input":{"@type":"PropertyValueSpecification","valueRequired":true,"valueName":"search_term_string"}}],"inLanguage":"en-GB"},{"@type":"Organization","@id":"https:\/\/www.actionproject.es\/#organization","name":"Action Project","url":"https:\/\/www.actionproject.es\/","logo":{"@type":"ImageObject","inLanguage":"en-GB","@id":"https:\/\/www.actionproject.es\/#\/schema\/logo\/image\/","url":"https:\/\/www.actionproject.es\/wp-content\/uploads\/2025\/02\/favicon-action.png","contentUrl":"https:\/\/www.actionproject.es\/wp-content\/uploads\/2025\/02\/favicon-action.png","width":512,"height":512,"caption":"Action Project"},"image":{"@id":"https:\/\/www.actionproject.es\/#\/schema\/logo\/image\/"}}]}},"_links":{"self":[{"href":"https:\/\/www.actionproject.es\/en_gb\/wp-json\/wp\/v2\/pages\/153","targetHints":{"allow":["GET"]}}],"collection":[{"href":"https:\/\/www.actionproject.es\/en_gb\/wp-json\/wp\/v2\/pages"}],"about":[{"href":"https:\/\/www.actionproject.es\/en_gb\/wp-json\/wp\/v2\/types\/page"}],"author":[{"embeddable":true,"href":"https:\/\/www.actionproject.es\/en_gb\/wp-json\/wp\/v2\/users\/1"}],"replies":[{"embeddable":true,"href":"https:\/\/www.actionproject.es\/en_gb\/wp-json\/wp\/v2\/comments?post=153"}],"version-history":[{"count":55,"href":"https:\/\/www.actionproject.es\/en_gb\/wp-json\/wp\/v2\/pages\/153\/revisions"}],"predecessor-version":[{"id":2477,"href":"https:\/\/www.actionproject.es\/en_gb\/wp-json\/wp\/v2\/pages\/153\/revisions\/2477"}],"wp:attachment":[{"href":"https:\/\/www.actionproject.es\/en_gb\/wp-json\/wp\/v2\/media?parent=153"}],"curies":[{"name":"wp","href":"https:\/\/api.w.org\/{rel}","templated":true}]}}