{"id":866,"date":"2025-02-18T12:52:10","date_gmt":"2025-02-18T11:52:10","guid":{"rendered":"https:\/\/jumpers.work\/actionproject\/?page_id=866"},"modified":"2025-03-18T09:54:43","modified_gmt":"2025-03-18T08:54:43","slug":"politica-de-privacidad","status":"publish","type":"page","link":"https:\/\/www.actionproject.es\/en_gb\/politica-de-privacidad\/","title":{"rendered":"Privacy policy"},"content":{"rendered":"<div data-elementor-type=\"wp-page\" data-elementor-id=\"866\" class=\"elementor elementor-866\" data-elementor-post-type=\"page\">\n\t\t\t\t<div class=\"elementor-element elementor-element-57c6e3c e-con-full e-flex e-con e-parent\" data-id=\"57c6e3c\" data-element_type=\"container\" data-e-type=\"container\">\n\t\t\t\t<div class=\"elementor-element elementor-element-086991a elementor-widget elementor-widget-heading\" data-id=\"086991a\" data-element_type=\"widget\" data-e-type=\"widget\" data-widget_type=\"heading.default\">\n\t\t\t\t<div class=\"elementor-widget-container\">\n\t\t\t\t\t<h2 class=\"elementor-heading-title elementor-size-default\">Privacy policy<\/h2>\t\t\t\t<\/div>\n\t\t\t\t<\/div>\n\t\t\t\t<div class=\"elementor-element elementor-element-3b582e3 elementor-widget elementor-widget-text-editor\" data-id=\"3b582e3\" data-element_type=\"widget\" data-e-type=\"widget\" data-widget_type=\"text-editor.default\">\n\t\t\t\t<div class=\"elementor-widget-container\">\n\t\t\t\t\t\t\t\t\t<p>By means of this notice of ACTIONPROJECT CONSULTING COMPANY, ltd. (hereinafter ActionProject) with registered office at Avda. of the Republic of Argentina, 25, from its 8th-floor \u2013 41011 Sevilla and e-mail address <span id=\"cloaka65e025975779812aad1ddd0f2b52a11\"><a href=\"mailto:info@actionproject.es\">info@actionproject.es<\/a><\/span>\u00a0informs the users of its website about its policy of protection of personal data so that the Users determine freely and voluntarily if they wish to provide ActionProject the Personal Data that they may require or that may be obtained from the Users during the subscription or high in some of the services offered by ActionProject.<br \/>ActionProject reserves the right to modify this policy to adapt it to new legislation or jurisprudence as well as industry practices. In such cases, ActionProject will announce on this page changes with reasonable notice before its implementation.<br \/>ActionProject provides users with the appropriate technical resources so that, prior to be able to access this notice about our Privacy Policy, or any other relevant information, and can give their consent in order that ActionProject proceed with the automated processing of your Personal Data. Except in fields where otherwise stated, answers to questions about Personal Data are voluntary, but the lack of response implies a decline in the quality or quantity of the corresponding services, unless otherwise indicated.<\/p><p><strong>ADDITIONAL INFORMATION ON DATA PROTECTION<\/strong><\/p><p><strong>RESPONSIBLE FOR THE TREATMENT<\/strong><\/p><table width=\"1049\"><tbody><tr><td><p>Identity: ACTIONPROJECT CONSULTING COMPANY, SL<br \/>CIF: B01913839<br \/>Dir. postal: Avda. of the Rep\u00fablica Argentina 25, from its 8th-floor \u2013 41011 Seville<br \/>E-mail: <span id=\"cloak982d567f709615ac8f1ea036c4b83394\"><a href=\"mailto:info@actionproject.es\">info@actionproject.es<\/a><\/span><\/p><p>Phone:<strong>+34 618 292 232<\/strong><\/p><\/td><\/tr><\/tbody><\/table><table width=\"1062\"><tbody><tr><td><strong>PURPOSE<\/strong><\/td><td><strong>LEGITIMATION\u00a0\u00a0\u00a0<\/strong><\/td><td><strong>RECIPIENT<\/strong><\/td><\/tr><tr><td>We treat your data\u00a0<strong>CONTACT<\/strong>\u00a0to respond to your inquiry, request, suggestion, and manage the type of relationship that it maintains with us and send you commercial information in the case as authorized by you.<\/td><td>Legitimate interest to identify the interested and informed consent to the sending of commercial information.<\/td><td>Will not be disclosed to third parties except to Public Authorities at their request, in virtue of a legal requirement. The company uses the services of external housing, with Citrix Podio, which entails the international transfer of data.<\/td><\/tr><tr><td>We treat your data in order to manage your subscription to the\u00a0<strong>BLOG<\/strong>\u00a0identified on the registration form. Manage your registration and comments you provide in the blog<\/td><td>Consent, which may be revoked at any time, but this will not affect the lawfulness of the data processing carried out earlier.<\/td><td>Will not be disclosed to third parties except to Public Authorities at their request, in virtue of a legal requirement. The company uses the services of external housing, with Citrix Podio, which entails the international transfer of data.<\/td><\/tr><tr><td>We treat your data to perform the necessary management to present to you our\u00a0<strong>PROPOSAL<\/strong>, as well as the efforts for the commercial follow-up and to get in touch with you by any means, including electronic means.<\/td><td>Legitimate interest for the presentation of the proposed service. Once the proposal is accepted, the basis of legitimation will be found in the contractual relationship between the parties.<\/td><td>Will not be disclosed to third parties except to Public Authorities at their request, in virtue of a legal requirement. The company uses the services of external housing, with Citrix Podio, which entails the international transfer of data.<\/td><\/tr><tr><td>We treat your data for the management of the commercial relationship between the parties and the fiscal management and administrative of our\u00a0<strong>CUSTOMERS<\/strong>.<\/td><td>Contractual relationship between the parties.<\/td><td>Will not be disclosed to third parties except to Public Authorities at their request, in virtue of a legal requirement. The company uses the services of external housing, with Citrix Podio, which entails the international transfer of data.<\/td><\/tr><\/tbody><\/table><p><strong>TIME OF CONSERVATION<\/strong><\/p><p>The personal data will be kept for the time necessary to fulfill the purpose for which it was collected and to determine the possible responsibilities that may arise from said purpose and the treatment of the data. Fulfilled that period shall be the destruction of the information.<\/p><p><strong>RIGHTS<\/strong><\/p><p>Interested persons have the right to obtain confirmation about whether we are treating personal data that concern them or not. Interested persons have the right to access their personal data, as well as to request the rectification of inaccurate data or, where appropriate, request its deletion when, among other reasons, data are no longer necessary for the purposes for which they were collected.<br \/>Interested persons have the right to revoke or withdraw the consent given for the processing of your data for specific purposes at any time. In certain circumstances and for reasons related to your particular situation, interested parties may oppose to the processing of your data, or part thereof, in which case we will no longer process the data, except for the fulfillment of any legal obligations. In certain circumstances, interested parties may request the limitation of the processing of their data, in which case only retain it for the exercise or defense of claims and for the fulfillment of any legal obligations. In certain circumstances (when the treatment is performed by automated means and this is based on the consent of the persons concerned), interested persons may request the portability of your data to be transferred to another responsible. The persons concerned may exercise their rights by writing to the data controller at the address Avda. of the Republic of Argentina, 25, from its 8th-floor \u2013 41011 Sevilla and in the e-mail <span id=\"cloaka68d75c60749ef57ffd6a74018a02242\"><a href=\"mailto:info@actionproject.es\">info@actionproject.es<\/a><\/span>can obtain models for this exercise in the same email.<br \/>Interested persons have the possibility to file a claim when you have not obtained satisfaction in the exercise of their rights before the Spanish Agency of Protection of Data (<a href=\"https:\/\/www.agpd.es\/\">www.agpd.es<\/a>). Likewise, the interested persons may obtain additional information regarding your rights by writing to the Spanish Agency of Protection of Data (<a href=\"https:\/\/www.agpd.es\/\">www.agpd.es<\/a>).<\/p>\t\t\t\t\t\t\t\t<\/div>\n\t\t\t\t<\/div>\n\t\t\t\t<\/div>\n\t\t\t\t<\/div>","protected":false},"excerpt":{"rendered":"<p>Pol\u00edtica de Privacidad Mediante este aviso de ACTIONPROJECT CONSULTOR\u00cdA DE EMPRESA, S.L. (en adelante, ActionProject) con domicilio social en Avda. de la Rep\u00fablica Argentina, 25, planta 8\u00aa &#8211; 41011\u00a0 Sevilla y direcci\u00f3n de correo electr\u00f3nico info@actionproject.es\u00a0informa a los usuarios de su portal acerca de su pol\u00edtica de protecci\u00f3n de datos de car\u00e1cter personal para que [&hellip;]<\/p>\n","protected":false},"author":1,"featured_media":0,"parent":0,"menu_order":0,"comment_status":"closed","ping_status":"closed","template":"","meta":{"_acf_changed":false,"_joinchat":[],"footnotes":""},"class_list":["post-866","page","type-page","status-publish","hentry"],"acf":[],"aioseo_notices":[],"yoast_head":"<!-- This site is optimized with the Yoast SEO plugin v27.3 - https:\/\/yoast.com\/product\/yoast-seo-wordpress\/ -->\n<title>Pol\u00edtica de Privacidad - Action Project<\/title>\n<meta name=\"robots\" content=\"index, follow, max-snippet:-1, max-image-preview:large, max-video-preview:-1\" \/>\n<link rel=\"canonical\" href=\"https:\/\/www.actionproject.es\/en_gb\/politica-de-privacidad\/\" \/>\n<meta property=\"og:locale\" content=\"en_GB\" \/>\n<meta property=\"og:type\" content=\"article\" \/>\n<meta property=\"og:title\" content=\"Pol\u00edtica de Privacidad - Action Project\" \/>\n<meta property=\"og:description\" content=\"Pol\u00edtica de Privacidad Mediante este aviso de ACTIONPROJECT CONSULTOR\u00cdA DE EMPRESA, S.L. (en adelante, ActionProject) con domicilio social en Avda. de la Rep\u00fablica Argentina, 25, planta 8\u00aa &#8211; 41011\u00a0 Sevilla y direcci\u00f3n de correo electr\u00f3nico info@actionproject.es\u00a0informa a los usuarios de su portal acerca de su pol\u00edtica de protecci\u00f3n de datos de car\u00e1cter personal para que [&hellip;]\" \/>\n<meta property=\"og:url\" content=\"https:\/\/www.actionproject.es\/en_gb\/politica-de-privacidad\/\" \/>\n<meta property=\"og:site_name\" content=\"Action Project\" \/>\n<meta property=\"article:modified_time\" content=\"2025-03-18T08:54:43+00:00\" \/>\n<meta name=\"twitter:card\" content=\"summary_large_image\" \/>\n<meta name=\"twitter:label1\" content=\"Estimated reading time\" \/>\n\t<meta name=\"twitter:data1\" content=\"5 minutes\" \/>\n<script type=\"application\/ld+json\" class=\"yoast-schema-graph\">{\"@context\":\"https:\\\/\\\/schema.org\",\"@graph\":[{\"@type\":\"WebPage\",\"@id\":\"https:\\\/\\\/www.actionproject.es\\\/politica-de-privacidad\\\/\",\"url\":\"https:\\\/\\\/www.actionproject.es\\\/politica-de-privacidad\\\/\",\"name\":\"Pol\u00edtica de Privacidad - Action Project\",\"isPartOf\":{\"@id\":\"https:\\\/\\\/www.actionproject.es\\\/#website\"},\"datePublished\":\"2025-02-18T11:52:10+00:00\",\"dateModified\":\"2025-03-18T08:54:43+00:00\",\"breadcrumb\":{\"@id\":\"https:\\\/\\\/www.actionproject.es\\\/politica-de-privacidad\\\/#breadcrumb\"},\"inLanguage\":\"en-GB\",\"potentialAction\":[{\"@type\":\"ReadAction\",\"target\":[\"https:\\\/\\\/www.actionproject.es\\\/politica-de-privacidad\\\/\"]}]},{\"@type\":\"BreadcrumbList\",\"@id\":\"https:\\\/\\\/www.actionproject.es\\\/politica-de-privacidad\\\/#breadcrumb\",\"itemListElement\":[{\"@type\":\"ListItem\",\"position\":1,\"name\":\"Portada\",\"item\":\"https:\\\/\\\/www.actionproject.es\\\/\"},{\"@type\":\"ListItem\",\"position\":2,\"name\":\"Pol\u00edtica de Privacidad\"}]},{\"@type\":\"WebSite\",\"@id\":\"https:\\\/\\\/www.actionproject.es\\\/#website\",\"url\":\"https:\\\/\\\/www.actionproject.es\\\/\",\"name\":\"Action Project\",\"description\":\"\",\"publisher\":{\"@id\":\"https:\\\/\\\/www.actionproject.es\\\/#organization\"},\"potentialAction\":[{\"@type\":\"SearchAction\",\"target\":{\"@type\":\"EntryPoint\",\"urlTemplate\":\"https:\\\/\\\/www.actionproject.es\\\/?s={search_term_string}\"},\"query-input\":{\"@type\":\"PropertyValueSpecification\",\"valueRequired\":true,\"valueName\":\"search_term_string\"}}],\"inLanguage\":\"en-GB\"},{\"@type\":\"Organization\",\"@id\":\"https:\\\/\\\/www.actionproject.es\\\/#organization\",\"name\":\"Action Project\",\"url\":\"https:\\\/\\\/www.actionproject.es\\\/\",\"logo\":{\"@type\":\"ImageObject\",\"inLanguage\":\"en-GB\",\"@id\":\"https:\\\/\\\/www.actionproject.es\\\/#\\\/schema\\\/logo\\\/image\\\/\",\"url\":\"https:\\\/\\\/www.actionproject.es\\\/wp-content\\\/uploads\\\/2025\\\/02\\\/favicon-action.png\",\"contentUrl\":\"https:\\\/\\\/www.actionproject.es\\\/wp-content\\\/uploads\\\/2025\\\/02\\\/favicon-action.png\",\"width\":512,\"height\":512,\"caption\":\"Action Project\"},\"image\":{\"@id\":\"https:\\\/\\\/www.actionproject.es\\\/#\\\/schema\\\/logo\\\/image\\\/\"}}]}<\/script>\n<!-- \/ Yoast SEO plugin. -->","yoast_head_json":{"title":"Pol\u00edtica de Privacidad - Action Project","robots":{"index":"index","follow":"follow","max-snippet":"max-snippet:-1","max-image-preview":"max-image-preview:large","max-video-preview":"max-video-preview:-1"},"canonical":"https:\/\/www.actionproject.es\/en_gb\/politica-de-privacidad\/","og_locale":"en_GB","og_type":"article","og_title":"Pol\u00edtica de Privacidad - Action Project","og_description":"Pol\u00edtica de Privacidad Mediante este aviso de ACTIONPROJECT CONSULTOR\u00cdA DE EMPRESA, S.L. (en adelante, ActionProject) con domicilio social en Avda. de la Rep\u00fablica Argentina, 25, planta 8\u00aa &#8211; 41011\u00a0 Sevilla y direcci\u00f3n de correo electr\u00f3nico info@actionproject.es\u00a0informa a los usuarios de su portal acerca de su pol\u00edtica de protecci\u00f3n de datos de car\u00e1cter personal para que [&hellip;]","og_url":"https:\/\/www.actionproject.es\/en_gb\/politica-de-privacidad\/","og_site_name":"Action Project","article_modified_time":"2025-03-18T08:54:43+00:00","twitter_card":"summary_large_image","twitter_misc":{"Estimated reading time":"5 minutes"},"schema":{"@context":"https:\/\/schema.org","@graph":[{"@type":"WebPage","@id":"https:\/\/www.actionproject.es\/politica-de-privacidad\/","url":"https:\/\/www.actionproject.es\/politica-de-privacidad\/","name":"Pol\u00edtica de Privacidad - Action Project","isPartOf":{"@id":"https:\/\/www.actionproject.es\/#website"},"datePublished":"2025-02-18T11:52:10+00:00","dateModified":"2025-03-18T08:54:43+00:00","breadcrumb":{"@id":"https:\/\/www.actionproject.es\/politica-de-privacidad\/#breadcrumb"},"inLanguage":"en-GB","potentialAction":[{"@type":"ReadAction","target":["https:\/\/www.actionproject.es\/politica-de-privacidad\/"]}]},{"@type":"BreadcrumbList","@id":"https:\/\/www.actionproject.es\/politica-de-privacidad\/#breadcrumb","itemListElement":[{"@type":"ListItem","position":1,"name":"Portada","item":"https:\/\/www.actionproject.es\/"},{"@type":"ListItem","position":2,"name":"Pol\u00edtica de Privacidad"}]},{"@type":"WebSite","@id":"https:\/\/www.actionproject.es\/#website","url":"https:\/\/www.actionproject.es\/","name":"Action Project","description":"","publisher":{"@id":"https:\/\/www.actionproject.es\/#organization"},"potentialAction":[{"@type":"SearchAction","target":{"@type":"EntryPoint","urlTemplate":"https:\/\/www.actionproject.es\/?s={search_term_string}"},"query-input":{"@type":"PropertyValueSpecification","valueRequired":true,"valueName":"search_term_string"}}],"inLanguage":"en-GB"},{"@type":"Organization","@id":"https:\/\/www.actionproject.es\/#organization","name":"Action Project","url":"https:\/\/www.actionproject.es\/","logo":{"@type":"ImageObject","inLanguage":"en-GB","@id":"https:\/\/www.actionproject.es\/#\/schema\/logo\/image\/","url":"https:\/\/www.actionproject.es\/wp-content\/uploads\/2025\/02\/favicon-action.png","contentUrl":"https:\/\/www.actionproject.es\/wp-content\/uploads\/2025\/02\/favicon-action.png","width":512,"height":512,"caption":"Action Project"},"image":{"@id":"https:\/\/www.actionproject.es\/#\/schema\/logo\/image\/"}}]}},"_links":{"self":[{"href":"https:\/\/www.actionproject.es\/en_gb\/wp-json\/wp\/v2\/pages\/866","targetHints":{"allow":["GET"]}}],"collection":[{"href":"https:\/\/www.actionproject.es\/en_gb\/wp-json\/wp\/v2\/pages"}],"about":[{"href":"https:\/\/www.actionproject.es\/en_gb\/wp-json\/wp\/v2\/types\/page"}],"author":[{"embeddable":true,"href":"https:\/\/www.actionproject.es\/en_gb\/wp-json\/wp\/v2\/users\/1"}],"replies":[{"embeddable":true,"href":"https:\/\/www.actionproject.es\/en_gb\/wp-json\/wp\/v2\/comments?post=866"}],"version-history":[{"count":8,"href":"https:\/\/www.actionproject.es\/en_gb\/wp-json\/wp\/v2\/pages\/866\/revisions"}],"predecessor-version":[{"id":970,"href":"https:\/\/www.actionproject.es\/en_gb\/wp-json\/wp\/v2\/pages\/866\/revisions\/970"}],"wp:attachment":[{"href":"https:\/\/www.actionproject.es\/en_gb\/wp-json\/wp\/v2\/media?parent=866"}],"curies":[{"name":"wp","href":"https:\/\/api.w.org\/{rel}","templated":true}]}}